{"id":5005,"date":"2023-07-13T09:19:13","date_gmt":"2023-07-13T07:19:13","guid":{"rendered":"http:\/\/www.campingkims.com\/preus-i-ofertes\/preus-camping\/"},"modified":"2026-03-02T17:12:59","modified_gmt":"2026-03-02T16:12:59","slug":"preus-camping","status":"publish","type":"page","link":"https:\/\/www.campingkims.com\/ca\/preus-i-ofertes\/preus-camping\/","title":{"rendered":"Preus C\u00e0mping"},"content":{"rendered":"\n<div class=\"wp-block-group alignfull cover-page booking-article has-theme-orange-background-color has-background is-layout-constrained wp-block-group-is-layout-constrained\" style=\"margin-top:0px;margin-bottom:10vh\">\n<div class=\"wp-block-group alignwide animation--init--once pop-up is-vertical is-content-justification-center is-layout-flex wp-container-core-group-is-layout-1 wp-block-group-is-layout-flex\">\n<h1 class=\"wp-block-heading alignwide has-text-align-center has-theme-white-color has-text-color\">Preus i ofertes C\u00e0mping<\/h1>\n\n\n\n<p class=\"has-text-align-center has-theme-white-color has-text-color has-roboto-slab-font-family has-h-5-font-size\" style=\"text-transform:uppercase\">2026<\/p>\n<\/div>\n\n\n\n<div class=\"wp-block-group alignwide animation--init--once booking-container has-theme-orange-background-color has-background is-vertical is-content-justification-center is-layout-flex wp-container-core-group-is-layout-3 wp-block-group-is-layout-flex\" style=\"border-radius:2rem;margin-top:0px;margin-bottom:0px;padding-top:3rem;padding-right:3rem;padding-bottom:3rem;padding-left:3rem\">\n<div class=\"wp-block-group animation--init--once alignwide booking-title is-vertical is-content-justification-center is-layout-flex wp-container-core-group-is-layout-2 wp-block-group-is-layout-flex\">\n<p class=\"has-theme-dark-purple-color has-text-color has-roboto-slab-font-family has-h-6-font-size\">RESERVES ONLINE<\/p>\n\n\n\n<h4 class=\"wp-block-heading has-text-align-center has-theme-white-color has-text-color has-h-4-font-size\">Reserva les teves vacances de c\u00e0mping a la Costa Brava<\/h4>\n\n\n\n<figure class=\"wp-block-image size-large is-resized wp-duotone-221b40-221b40-1\"><img decoding=\"async\" src=\"http:\/\/www.campingkims.com\/wp-content\/uploads\/ola-separadora.svg\" alt=\"\" class=\"wp-image-921\" width=\"70\"\/><\/figure>\n<\/div>\n\n\n<script>\n            document.addEventListener('DOMContentLoaded', function () {\n\n                var widget = new MasterWidget('widgetBookingContainer7516', {\n                    lang: 'ca',idProperty: '61',class: 'widget_columns',categoryIds: [1],target: '_blank',dropdown: true,\n                    url: 'https:\/\/booking.campingkims.com'\n                });\n\n\n            });\n\n            <\/script><div id=\"widgetBookingContainer7516\"> <\/div>\n<\/div>\n<\/div>\n\n<div class=\"wp-block-group alignwide is-layout-constrained wp-block-group-is-layout-constrained\" style=\"margin-bottom:8vh\">\n<h2 class=\"wp-block-heading has-text-align-center animation--init--once slide-up has-theme-dark-purple-color has-text-color has-link-color wp-elements-9dd8d857326944c68761a352f57159c9\">Forfait Maig<\/h2>\n\n\n\n<div class=\"wp-block-columns animation--init--once slide-up is-layout-flex wp-container-core-columns-is-layout-1 wp-block-columns-is-layout-flex\">\n<div class=\"wp-block-column has-theme-grey-background-color has-background is-layout-flow wp-block-column-is-layout-flow\">\n<p class=\"has-text-align-center has-theme-dark-purple-color has-text-color has-link-color has-h-6-font-size wp-elements-8cc69279b84285138094d75f26e8a8af\"><strong>7 Nits<\/strong><\/p>\n\n\n\n<div class=\"wp-block-group is-vertical is-content-justification-center is-layout-flex wp-container-core-group-is-layout-5 wp-block-group-is-layout-flex\">\n<p class=\"has-theme-purple-color has-text-color has-link-color has-h-4-font-size wp-elements-22c16878c6342e1eed4cd07717c2f1a8\"><strong>189\u20ac<\/strong><\/p>\n\n\n\n<p class=\"has-text-align-left has-theme-purple-color has-text-color has-link-color has-h-6-font-size wp-elements-4dc218882dc007aad96db33b6fde6413\"><strong>27\u20ac\/nit<\/strong><\/p>\n<\/div>\n<\/div>\n\n\n\n<div class=\"wp-block-column has-theme-grey-background-color has-background is-layout-flow wp-block-column-is-layout-flow\">\n<p class=\"has-text-align-center has-theme-dark-purple-color has-text-color has-link-color has-h-6-font-size wp-elements-4c3d68625c1a10a43206802c0527a2b3\"><strong>14 Nits <\/strong><\/p>\n\n\n\n<div class=\"wp-block-group is-vertical is-content-justification-center is-layout-flex wp-container-core-group-is-layout-6 wp-block-group-is-layout-flex\">\n<p class=\"has-theme-purple-color has-text-color has-link-color has-h-4-font-size wp-elements-646af933ed3c847ca849617bdaaa237b\"><strong>350\u20ac<\/strong><\/p>\n\n\n\n<p class=\"has-text-align-left has-theme-purple-color has-text-color has-link-color has-h-6-font-size wp-elements-30d7667f32ed14414a6c79abece853fd\"><strong>25\u20ac\/nit<\/strong><\/p>\n<\/div>\n<\/div>\n\n\n\n<div class=\"wp-block-column has-theme-grey-background-color has-background is-layout-flow wp-block-column-is-layout-flow\">\n<p class=\"has-text-align-center has-theme-dark-purple-color has-text-color has-link-color has-h-6-font-size wp-elements-3e4df06c6f90b488a06815684f823d60\"><strong>21 Nits <\/strong><\/p>\n\n\n\n<div class=\"wp-block-group is-vertical is-content-justification-center is-layout-flex wp-container-core-group-is-layout-7 wp-block-group-is-layout-flex\">\n<p class=\"has-theme-purple-color has-text-color has-link-color has-h-4-font-size wp-elements-6ec8db418e4152f30a3019f6e7b05f63\"><strong>462\u20ac<\/strong><\/p>\n\n\n\n<p class=\"has-text-align-left has-theme-purple-color has-text-color has-link-color has-h-6-font-size wp-elements-8c0140bf6d3971911896cf9b3a9ff00f\"><strong>22\u20ac\/nit<\/strong><\/p>\n<\/div>\n<\/div>\n\n\n\n<div class=\"wp-block-column has-theme-grey-background-color has-background is-layout-flow wp-block-column-is-layout-flow\">\n<p class=\"has-text-align-center has-theme-dark-purple-color has-text-color has-link-color has-h-6-font-size wp-elements-c3661dc81fbc0da27617a0b25815772a\"><strong>30 Nits <\/strong><\/p>\n\n\n\n<div class=\"wp-block-group is-vertical is-content-justification-center is-layout-flex wp-container-core-group-is-layout-8 wp-block-group-is-layout-flex\">\n<p class=\"has-theme-purple-color has-text-color has-link-color has-h-4-font-size wp-elements-fd259460769b90c489822f0340419101\"><strong>570\u20ac<\/strong><\/p>\n\n\n\n<p class=\"has-text-align-left has-theme-purple-color has-text-color has-link-color has-h-6-font-size wp-elements-1401d8ce1b57d281050c071137795459\"><strong>19\u20ac\/nit<\/strong><\/p>\n<\/div>\n<\/div>\n<\/div>\n\n\n\n<p class=\"has-text-align-center animation--init--once slide-up has-h-5-font-size\">Parcel\u00b7la + 2 persones<\/p>\n\n\n\n<p class=\"has-text-align-center animation--init--once slide-up has-text-small-font-size\">Preus per nit. 10% IVA incl\u00f2s.<br\/>Taxa Tur\u00edstica no inclosa: 0,66\u20ac\/nit per persona (+17 anys) per un m\u00e0xim de 7 nits. <\/p>\n<\/div>\n\n<h2 class=\"wp-block-heading alignwide animation--init--once slide-right has-theme-dark-purple-color has-text-color\">Tarifes Parcel\u00b7les<\/h2>\n\n<div class=\"wp-block-group alignfull camping-table-container is-layout-constrained wp-block-group-is-layout-constrained\">\n<figure class=\"wp-block-table alignwide styled-table camping-table is-style-stripes animation--init--once slide-up\" style=\"margin-bottom:10vh\"><table><thead><tr><th>Preus per nit<\/th><th class=\"has-text-align-center\" data-align=\"center\">Adult<\/th><th class=\"has-text-align-center\" data-align=\"center\">Nen 3-10 anys<\/th><th class=\"has-text-align-center\" data-align=\"center\">Parcel\u00b7la<\/th><th class=\"has-text-align-center\" data-align=\"center\">Visita adult<\/th><th class=\"has-text-align-center\" data-align=\"center\">Visita nen<\/th><\/tr><\/thead><tbody><tr><td><strong>30\/04 &#8211; 31\/05<\/strong> | <strong>14\/09 &#8211; 27\/09<\/strong><br>TEMPORADA BAIXA<\/td><td class=\"has-text-align-center\" data-align=\"center\"><strong>6<sup>&#8217;50\u20ac<\/sup><\/strong><\/td><td class=\"has-text-align-center\" data-align=\"center\"><strong>3<sup>,20\u20ac<\/sup><\/strong><\/td><td class=\"has-text-align-center\" data-align=\"center\"><strong>14<sup>,00\u20ac<\/sup><\/strong><\/td><td class=\"has-text-align-center\" data-align=\"center\"><strong>8<sup>,00\u20ac<\/sup><\/strong><\/td><td class=\"has-text-align-center\" data-align=\"center\"><strong>5<sup>,00\u20ac<\/sup><\/strong><\/td><\/tr><tr><td><strong>01\/06 &#8211; 21\/06 | 01\/09 &#8211; 13\/09 <\/strong><br>TEMPORADA MITJA 1<\/td><td class=\"has-text-align-center\" data-align=\"center\"><strong>8<sup>&#8217;50\u20ac<\/sup><\/strong><\/td><td class=\"has-text-align-center\" data-align=\"center\"><strong>4<sup>,80\u20ac<\/sup><\/strong><\/td><td class=\"has-text-align-center\" data-align=\"center\"><strong>17<sup>,00\u20ac<\/sup><\/strong><\/td><td class=\"has-text-align-center\" data-align=\"center\"><strong>10<sup>,00\u20ac<\/sup><\/strong><\/td><td class=\"has-text-align-center\" data-align=\"center\"><strong>6<sup>,00\u20ac<\/sup><\/strong><\/td><\/tr><tr><td><strong>22\/06 &#8211; 16\/07 | 24\/08 &#8211; 31\/08<\/strong><br>TEMPORADA MITJA 2<\/td><td class=\"has-text-align-center\" data-align=\"center\"><strong>9<sup>&#8217;50\u20ac<\/sup><\/strong><\/td><td class=\"has-text-align-center\" data-align=\"center\"><strong>5<sup>&#8217;80\u20ac<\/sup><\/strong><\/td><td class=\"has-text-align-center\" data-align=\"center\"><strong>29<sup>&#8217;00\u20ac<\/sup><\/strong><\/td><td class=\"has-text-align-center\" data-align=\"center\"><strong>11<sup>&#8217;00\u20ac<\/sup><\/strong><\/td><td class=\"has-text-align-center\" data-align=\"center\"><strong>8<sup>&#8217;00\u20ac<\/sup><\/strong><\/td><\/tr><tr><td><strong>17\/07 &#8211; 23\/08<\/strong><br>TEMPORADA ALTA<\/td><td class=\"has-text-align-center\" data-align=\"center\"><strong>10<sup>,90\u20ac<\/sup><\/strong><\/td><td class=\"has-text-align-center\" data-align=\"center\"><strong>6<sup>,40\u20ac<\/sup><\/strong><\/td><td class=\"has-text-align-center\" data-align=\"center\"><strong>45<sup>,20\u20ac<\/sup><\/strong><\/td><td class=\"has-text-align-center\" data-align=\"center\"><strong>12<sup>,00\u20ac<\/sup><\/strong><\/td><td class=\"has-text-align-center\" data-align=\"center\"><strong>9<sup>,00\u20ac<\/sup><\/strong><\/td><\/tr><\/tbody><\/table><\/figure>\n<\/div>\n\n<div class=\"wp-block-auto-tabs accommodation-tabs alignfull has-custom-margin animation--init--once\" style=\"margin-bottom:14vh;\" data-selector=\"h3\">\n  <div class=\"acf-innerblocks-container\">\n\n<div class=\"wp-block-group auto-tabs-wrapper is-layout-flow wp-block-group-is-layout-flow\">\n<p class=\"has-text-align-center\"><strong>Aqu\u00ed se mostrar\u00e1n las pesta\u00f1as.<\/strong><br\/> El primer <strong>h3<\/strong> de cada contenido se usar\u00e1 como t\u00edtulo de su pesta\u00f1a. Puedes cambiarlo por otro tag o una clase en el panel lateral<\/p>\n<\/div>\n\n\n\n<div class=\"wp-block-group auto-content-wrapper has-theme-soft-blue-background-color has-background is-layout-flow wp-block-group-is-layout-flow\">\n<div class=\"wp-block-group is-layout-flow wp-block-group-is-layout-flow\">\n<h3 class=\"wp-block-heading has-text-align-center\">Informaci\u00f3<\/h3>\n\n\n\n<ul class=\"styled-list has-theme-purple-color has-text-color wp-block-list\">\n<li><strong>Preus en Euros (EUR \u20ac).<\/strong><br\/>IVA 10% incl\u00f2s. En cas de variaci\u00f3 oficial del IVA, els preus poden variar.<\/li>\n\n\n\n<li><strong>Taxa tur\u00edstica no inclosa<\/strong>: 0,66\u20ac\/nit per persona (+17 anys) per un m\u00e0xim de 7 nits..<\/li>\n\n\n\n<li><strong>Entrada:<\/strong> les parcel\u00b7les estaran disponibles a partir de les 12:00h.<\/li>\n\n\n\n<li><strong>Sortida:<\/strong> las parcel\u00b7les han de ser lliberades abans de les 12:00h.<\/li>\n\n\n\n<li><\/li>\n<\/ul>\n<\/div>\n\n\n\n<div class=\"wp-block-group is-layout-flow wp-block-group-is-layout-flow\">\n<h3 class=\"wp-block-heading has-text-align-center\">Condicions<\/h3>\n\n\n\n<ul class=\"styled-list has-theme-purple-color has-text-color wp-block-list\">\n<li>L&#8217;import de la reserva \u00e9s de 60\u20ac per parcel\u00b7la. Aquesta quantitat ser\u00e0 dedu\u00efda de l&#8217;import total de la factura de la seva estada.<\/li>\n\n\n\n<li>Aquest pagament no otorga cap dret a escollir una parcela determinada. Una vegada rebuda la paga i senyal es confirmar\u00e0 la reserva.<\/li>\n\n\n\n<li>CANCEL\u00b7LACIONS\n<ul class=\"wp-block-list\">\n<li>Cancel\u00b7laci\u00f3 5 a 3 setmanes abans del dia d&#8217;arribada: retenci\u00f3 del 60% de la paga i senyal.<\/li>\n\n\n\n<li>Cancel\u00b7laci\u00f3 2 setmanes abans del dia d&#8217;arribada: retenci\u00f3 del 100% de la paga i senyal.<\/li>\n\n\n\n<li>(Retenci\u00f3 m\u00ednima per despeses de cancel\u00b7laci\u00f3 35\u20ac)<\/li>\n<\/ul>\n<\/li>\n<\/ul>\n<\/div>\n<\/div>\n\n<\/div><\/div>\n<figure class=\"wp-block-image size-large is-style-icon-row animation--init--once slide-left discount-icon wp-duotone-ffb434-ffb434-2\"><img loading=\"lazy\" decoding=\"async\" width=\"25\" height=\"25\" src=\"http:\/\/www.campingkims.com\/wp-content\/uploads\/descuento.svg\" alt=\"\" class=\"wp-image-1492\"\/><figcaption class=\"wp-element-caption\"><strong>Ofertas Parcel\u00b7les C\u00e0mping<\/strong><\/figcaption><\/figure>\n\n\n\n<div class=\"wp-block-columns alignwide is-layout-flex wp-container-core-columns-is-layout-2 wp-block-columns-is-layout-flex\">\n<div class=\"wp-block-column price-col animation--init--once slide-up has-theme-white-color has-theme-orange-background-color has-text-color has-background is-layout-flow wp-block-column-is-layout-flow\">\n<p class=\"large-font has-h-2-font-size\" style=\"margin-bottom:0px\"><strong><em>10% + 7 nits<\/em><\/strong><\/p>\n\n\n\n<p class=\"large-font has-h-2-font-size\" style=\"margin-top:0px\"><em><strong>13% + 14 nits<\/strong><\/em><\/p>\n\n\n\n<p class=\"large-font has-h-2-font-size\" style=\"margin-top:0px\"><strong><em>20% + 30 nits<\/em><\/strong><\/p>\n\n\n\n<p class=\"large-font has-h-2-font-size\" style=\"margin-top:0px\"><strong><em>15% + 20 nits<\/em><\/strong><\/p>\n\n\n\n<p class=\"is-style-default has-roboto-slab-font-family has-text-small-font-size\" style=\"margin-top:0px;text-transform:uppercase\"><strong><strong>30\/04 \u2013 16\/07 \u00a0|\u00a024\/08 \u2013 27\/0<\/strong>9<\/strong><\/p>\n\n\n\n<p class=\"is-style-default has-roboto-slab-font-family has-text-small-font-size\" style=\"margin-top:0px;text-transform:uppercase\"><strong>TEMPORADA BAIXA I MITJA<\/strong><\/p>\n\n\n\n<p class=\"is-style-default\" style=\"margin-top:0px\">1 parcel\u00b7la + 2 persones + cotxe + presa el\u00e8ctrica<\/p>\n<\/div>\n\n\n\n<div class=\"wp-block-column price-col animation--init--once slide-up delay-1 has-theme-white-color has-theme-blue-background-color has-text-color has-background is-layout-flow wp-block-column-is-layout-flow\">\n<p class=\"large-font has-h-2-font-size\"><strong><em>5% + 7 nits<\/em><\/strong><\/p>\n\n\n\n<p class=\"is-style-default has-roboto-slab-font-family has-text-small-font-size\" style=\"margin-top:0px;text-transform:uppercase\"><strong>17\/07-23\/08<\/strong><\/p>\n\n\n\n<p class=\"is-style-default has-roboto-slab-font-family has-text-small-font-size\" style=\"margin-top:0px;text-transform:uppercase\"><strong>TEMPORADA ALTA<\/strong><\/p>\n\n\n\n<p class=\"is-style-default\" style=\"margin-top:0px\">1 parcel\u00b7la + 2 persones + cotxe + presa el\u00e8ctrica<\/p>\n<\/div>\n<\/div>\n\n\n\n<p class=\"animation--init--once slide-left alignwide has-theme-purple-color has-text-color has-text-small-font-size\" style=\"margin-bottom:10vh\">* Estada m\u00ednima 7 nits.<br>* Descomptes no acumulables ja aplicats en fer la reserva<\/p>\n\n<div class=\"wp-block-buttons animation--init--once slide-up is-content-justification-center is-layout-flex wp-container-core-buttons-is-layout-1 wp-block-buttons-is-layout-flex\" style=\"margin-bottom:18vh\">\n<div class=\"wp-block-button invert-icon\"><a class=\"wp-block-button__link has-theme-green-background-color has-background wp-element-button\" href=\"https:\/\/booking.campingkims.com\/search?categoryIds=1&amp;lang=es\" style=\"border-radius:8px\" target=\"_blank\" rel=\"noreferrer noopener\"><img loading=\"lazy\" decoding=\"async\" width=\"25\" height=\"24\" class=\"wp-image-1321\" style=\"width: 25px;\" src=\"http:\/\/www.campingkims.com\/wp-content\/uploads\/reservar.svg\" alt=\"\"\/><strong>CONSULTAR DISPONIBILITAT<\/strong><\/a><\/div>\n<\/div>\n","protected":false},"excerpt":{"rendered":"<p>Preus i ofertes C\u00e0mping 2026 Forfait Maig 7 Nits 189\u20ac 27\u20ac\/nit 14 Nits 350\u20ac 25\u20ac\/nit 21 Nits 462\u20ac 22\u20ac\/nit 30 Nits 570\u20ac 19\u20ac\/nit Parcel\u00b7la +&#8230;<\/p>\n","protected":false},"author":2,"featured_media":0,"parent":4999,"menu_order":0,"comment_status":"closed","ping_status":"closed","template":"","meta":{"_acf_changed":false,"inline_featured_image":false,"footnotes":""},"class_list":["post-5005","page","type-page","status-publish","hentry"],"acf":[],"yoast_head":"<!-- This site is optimized with the Yoast SEO plugin v23.5 - https:\/\/yoast.com\/wordpress\/plugins\/seo\/ -->\n<title>Preus C\u00e0mping - Camping Kim&#039;s Llafranc<\/title>\n<meta name=\"description\" content=\"Preus i ofertes C\u00e0mping 2026 Forfait Maig 7 Nits 189\u20ac 27\u20ac\/nit 14 Nits 350\u20ac 25\u20ac\/nit 21 Nits 462\u20ac 22\u20ac\/nit 30 Nits 570\u20ac 19\u20ac\/nit Parcel\u00b7la + 2 persones Preus\" \/>\n<meta name=\"robots\" content=\"index, follow, max-snippet:-1, max-image-preview:large, max-video-preview:-1\" \/>\n<link rel=\"canonical\" href=\"https:\/\/www.campingkims.com\/ca\/preus-i-ofertes\/preus-camping\/\" \/>\n<meta property=\"og:locale\" content=\"ca_ES\" \/>\n<meta property=\"og:type\" content=\"article\" \/>\n<meta property=\"og:title\" content=\"Preus C\u00e0mping - Camping Kim&#039;s Llafranc\" \/>\n<meta property=\"og:description\" content=\"Preus i ofertes C\u00e0mping 2026 Forfait Maig 7 Nits 189\u20ac 27\u20ac\/nit 14 Nits 350\u20ac 25\u20ac\/nit 21 Nits 462\u20ac 22\u20ac\/nit 30 Nits 570\u20ac 19\u20ac\/nit Parcel\u00b7la + 2 persones Preus\" \/>\n<meta property=\"og:url\" content=\"https:\/\/www.campingkims.com\/ca\/preus-i-ofertes\/preus-camping\/\" \/>\n<meta property=\"og:site_name\" content=\"Camping Kim&#039;s Llafranc\" \/>\n<meta property=\"article:modified_time\" content=\"2026-03-02T16:12:59+00:00\" \/>\n<meta property=\"og:image\" content=\"http:\/\/www.campingkims.com\/wp-content\/uploads\/reservar.svg\" \/>\n<meta name=\"twitter:card\" content=\"summary_large_image\" \/>\n<meta name=\"twitter:label1\" content=\"Temps estimat de lectura\" \/>\n\t<meta name=\"twitter:data1\" content=\"2 minuts\" \/>\n<script type=\"application\/ld+json\" class=\"yoast-schema-graph\">{\"@context\":\"https:\/\/schema.org\",\"@graph\":[{\"@type\":\"WebPage\",\"@id\":\"https:\/\/www.campingkims.com\/ca\/preus-i-ofertes\/preus-camping\/\",\"url\":\"https:\/\/www.campingkims.com\/ca\/preus-i-ofertes\/preus-camping\/\",\"name\":\"Preus C\u00e0mping - Camping Kim&#039;s Llafranc\",\"isPartOf\":{\"@id\":\"https:\/\/www.campingkims.com\/ca\/#website\"},\"primaryImageOfPage\":{\"@id\":\"https:\/\/www.campingkims.com\/ca\/preus-i-ofertes\/preus-camping\/#primaryimage\"},\"image\":{\"@id\":\"https:\/\/www.campingkims.com\/ca\/preus-i-ofertes\/preus-camping\/#primaryimage\"},\"thumbnailUrl\":\"http:\/\/www.campingkims.com\/wp-content\/uploads\/reservar.svg\",\"datePublished\":\"2023-07-13T07:19:13+00:00\",\"dateModified\":\"2026-03-02T16:12:59+00:00\",\"description\":\"Preus i ofertes C\u00e0mping 2026 Forfait Maig 7 Nits 189\u20ac 27\u20ac\/nit 14 Nits 350\u20ac 25\u20ac\/nit 21 Nits 462\u20ac 22\u20ac\/nit 30 Nits 570\u20ac 19\u20ac\/nit Parcel\u00b7la + 2 persones Preus\",\"breadcrumb\":{\"@id\":\"https:\/\/www.campingkims.com\/ca\/preus-i-ofertes\/preus-camping\/#breadcrumb\"},\"inLanguage\":\"ca\",\"potentialAction\":[{\"@type\":\"ReadAction\",\"target\":[\"https:\/\/www.campingkims.com\/ca\/preus-i-ofertes\/preus-camping\/\"]}]},{\"@type\":\"ImageObject\",\"inLanguage\":\"ca\",\"@id\":\"https:\/\/www.campingkims.com\/ca\/preus-i-ofertes\/preus-camping\/#primaryimage\",\"url\":\"http:\/\/www.campingkims.com\/wp-content\/uploads\/reservar.svg\",\"contentUrl\":\"http:\/\/www.campingkims.com\/wp-content\/uploads\/reservar.svg\"},{\"@type\":\"BreadcrumbList\",\"@id\":\"https:\/\/www.campingkims.com\/ca\/preus-i-ofertes\/preus-camping\/#breadcrumb\",\"itemListElement\":[{\"@type\":\"ListItem\",\"position\":1,\"name\":\"Portada\",\"item\":\"https:\/\/www.campingkims.com\/ca\/\"},{\"@type\":\"ListItem\",\"position\":2,\"name\":\"Preus i ofertes\",\"item\":\"https:\/\/www.campingkims.com\/ca\/preus-i-ofertes\/\"},{\"@type\":\"ListItem\",\"position\":3,\"name\":\"Preus C\u00e0mping\"}]},{\"@type\":\"WebSite\",\"@id\":\"https:\/\/www.campingkims.com\/ca\/#website\",\"url\":\"https:\/\/www.campingkims.com\/ca\/\",\"name\":\"Camping Kim's Llafranc\",\"description\":\"Kim&#039;s Camping Caravaning &amp; Bungalow Park\",\"publisher\":{\"@id\":\"https:\/\/www.campingkims.com\/ca\/#organization\"},\"potentialAction\":[{\"@type\":\"SearchAction\",\"target\":{\"@type\":\"EntryPoint\",\"urlTemplate\":\"https:\/\/www.campingkims.com\/ca\/?s={search_term_string}\"},\"query-input\":{\"@type\":\"PropertyValueSpecification\",\"valueRequired\":true,\"valueName\":\"search_term_string\"}}],\"inLanguage\":\"ca\"},{\"@type\":\"Organization\",\"@id\":\"https:\/\/www.campingkims.com\/ca\/#organization\",\"name\":\"Camping Kim's Llafranc\",\"url\":\"https:\/\/www.campingkims.com\/ca\/\",\"logo\":{\"@type\":\"ImageObject\",\"inLanguage\":\"ca\",\"@id\":\"https:\/\/www.campingkims.com\/ca\/#\/schema\/logo\/image\/\",\"url\":\"https:\/\/www.campingkims.com\/wp-content\/uploads\/logo-camping-kims-llafranc-costa-brava.png\",\"contentUrl\":\"https:\/\/www.campingkims.com\/wp-content\/uploads\/logo-camping-kims-llafranc-costa-brava.png\",\"width\":537,\"height\":257,\"caption\":\"Camping Kim's Llafranc\"},\"image\":{\"@id\":\"https:\/\/www.campingkims.com\/ca\/#\/schema\/logo\/image\/\"}}]}<\/script>\n<!-- \/ Yoast SEO plugin. -->","yoast_head_json":{"title":"Preus C\u00e0mping - Camping Kim&#039;s Llafranc","description":"Preus i ofertes C\u00e0mping 2026 Forfait Maig 7 Nits 189\u20ac 27\u20ac\/nit 14 Nits 350\u20ac 25\u20ac\/nit 21 Nits 462\u20ac 22\u20ac\/nit 30 Nits 570\u20ac 19\u20ac\/nit Parcel\u00b7la + 2 persones Preus","robots":{"index":"index","follow":"follow","max-snippet":"max-snippet:-1","max-image-preview":"max-image-preview:large","max-video-preview":"max-video-preview:-1"},"canonical":"https:\/\/www.campingkims.com\/ca\/preus-i-ofertes\/preus-camping\/","og_locale":"ca_ES","og_type":"article","og_title":"Preus C\u00e0mping - Camping Kim&#039;s Llafranc","og_description":"Preus i ofertes C\u00e0mping 2026 Forfait Maig 7 Nits 189\u20ac 27\u20ac\/nit 14 Nits 350\u20ac 25\u20ac\/nit 21 Nits 462\u20ac 22\u20ac\/nit 30 Nits 570\u20ac 19\u20ac\/nit Parcel\u00b7la + 2 persones Preus","og_url":"https:\/\/www.campingkims.com\/ca\/preus-i-ofertes\/preus-camping\/","og_site_name":"Camping Kim&#039;s Llafranc","article_modified_time":"2026-03-02T16:12:59+00:00","og_image":[{"url":"http:\/\/www.campingkims.com\/wp-content\/uploads\/reservar.svg"}],"twitter_card":"summary_large_image","twitter_misc":{"Temps estimat de lectura":"2 minuts"},"schema":{"@context":"https:\/\/schema.org","@graph":[{"@type":"WebPage","@id":"https:\/\/www.campingkims.com\/ca\/preus-i-ofertes\/preus-camping\/","url":"https:\/\/www.campingkims.com\/ca\/preus-i-ofertes\/preus-camping\/","name":"Preus C\u00e0mping - Camping Kim&#039;s Llafranc","isPartOf":{"@id":"https:\/\/www.campingkims.com\/ca\/#website"},"primaryImageOfPage":{"@id":"https:\/\/www.campingkims.com\/ca\/preus-i-ofertes\/preus-camping\/#primaryimage"},"image":{"@id":"https:\/\/www.campingkims.com\/ca\/preus-i-ofertes\/preus-camping\/#primaryimage"},"thumbnailUrl":"http:\/\/www.campingkims.com\/wp-content\/uploads\/reservar.svg","datePublished":"2023-07-13T07:19:13+00:00","dateModified":"2026-03-02T16:12:59+00:00","description":"Preus i ofertes C\u00e0mping 2026 Forfait Maig 7 Nits 189\u20ac 27\u20ac\/nit 14 Nits 350\u20ac 25\u20ac\/nit 21 Nits 462\u20ac 22\u20ac\/nit 30 Nits 570\u20ac 19\u20ac\/nit Parcel\u00b7la + 2 persones Preus","breadcrumb":{"@id":"https:\/\/www.campingkims.com\/ca\/preus-i-ofertes\/preus-camping\/#breadcrumb"},"inLanguage":"ca","potentialAction":[{"@type":"ReadAction","target":["https:\/\/www.campingkims.com\/ca\/preus-i-ofertes\/preus-camping\/"]}]},{"@type":"ImageObject","inLanguage":"ca","@id":"https:\/\/www.campingkims.com\/ca\/preus-i-ofertes\/preus-camping\/#primaryimage","url":"http:\/\/www.campingkims.com\/wp-content\/uploads\/reservar.svg","contentUrl":"http:\/\/www.campingkims.com\/wp-content\/uploads\/reservar.svg"},{"@type":"BreadcrumbList","@id":"https:\/\/www.campingkims.com\/ca\/preus-i-ofertes\/preus-camping\/#breadcrumb","itemListElement":[{"@type":"ListItem","position":1,"name":"Portada","item":"https:\/\/www.campingkims.com\/ca\/"},{"@type":"ListItem","position":2,"name":"Preus i ofertes","item":"https:\/\/www.campingkims.com\/ca\/preus-i-ofertes\/"},{"@type":"ListItem","position":3,"name":"Preus C\u00e0mping"}]},{"@type":"WebSite","@id":"https:\/\/www.campingkims.com\/ca\/#website","url":"https:\/\/www.campingkims.com\/ca\/","name":"Camping Kim's Llafranc","description":"Kim&#039;s Camping Caravaning &amp; Bungalow Park","publisher":{"@id":"https:\/\/www.campingkims.com\/ca\/#organization"},"potentialAction":[{"@type":"SearchAction","target":{"@type":"EntryPoint","urlTemplate":"https:\/\/www.campingkims.com\/ca\/?s={search_term_string}"},"query-input":{"@type":"PropertyValueSpecification","valueRequired":true,"valueName":"search_term_string"}}],"inLanguage":"ca"},{"@type":"Organization","@id":"https:\/\/www.campingkims.com\/ca\/#organization","name":"Camping Kim's Llafranc","url":"https:\/\/www.campingkims.com\/ca\/","logo":{"@type":"ImageObject","inLanguage":"ca","@id":"https:\/\/www.campingkims.com\/ca\/#\/schema\/logo\/image\/","url":"https:\/\/www.campingkims.com\/wp-content\/uploads\/logo-camping-kims-llafranc-costa-brava.png","contentUrl":"https:\/\/www.campingkims.com\/wp-content\/uploads\/logo-camping-kims-llafranc-costa-brava.png","width":537,"height":257,"caption":"Camping Kim's Llafranc"},"image":{"@id":"https:\/\/www.campingkims.com\/ca\/#\/schema\/logo\/image\/"}}]}},"_links":{"self":[{"href":"https:\/\/www.campingkims.com\/ca\/wp-json\/wp\/v2\/pages\/5005"}],"collection":[{"href":"https:\/\/www.campingkims.com\/ca\/wp-json\/wp\/v2\/pages"}],"about":[{"href":"https:\/\/www.campingkims.com\/ca\/wp-json\/wp\/v2\/types\/page"}],"author":[{"embeddable":true,"href":"https:\/\/www.campingkims.com\/ca\/wp-json\/wp\/v2\/users\/2"}],"replies":[{"embeddable":true,"href":"https:\/\/www.campingkims.com\/ca\/wp-json\/wp\/v2\/comments?post=5005"}],"version-history":[{"count":15,"href":"https:\/\/www.campingkims.com\/ca\/wp-json\/wp\/v2\/pages\/5005\/revisions"}],"predecessor-version":[{"id":9477,"href":"https:\/\/www.campingkims.com\/ca\/wp-json\/wp\/v2\/pages\/5005\/revisions\/9477"}],"up":[{"embeddable":true,"href":"https:\/\/www.campingkims.com\/ca\/wp-json\/wp\/v2\/pages\/4999"}],"wp:attachment":[{"href":"https:\/\/www.campingkims.com\/ca\/wp-json\/wp\/v2\/media?parent=5005"}],"curies":[{"name":"wp","href":"https:\/\/api.w.org\/{rel}","templated":true}]}}