{"id":5038,"date":"2023-07-13T10:36:52","date_gmt":"2023-07-13T08:36:52","guid":{"rendered":"http:\/\/www.campingkims.com\/preus-i-ofertes\/preus-allotjaments\/"},"modified":"2025-10-21T17:23:11","modified_gmt":"2025-10-21T15:23:11","slug":"preus-allotjaments","status":"publish","type":"page","link":"https:\/\/www.campingkims.com\/ca\/preus-i-ofertes\/preus-allotjaments\/","title":{"rendered":"Preus Allotjaments"},"content":{"rendered":"\n<div class=\"wp-block-group alignfull cover-page booking-article has-theme-orange-background-color has-background is-layout-constrained wp-block-group-is-layout-constrained\" style=\"margin-top:0px;margin-bottom:10vh\">\n<div class=\"wp-block-group alignwide animation--init--once pop-up is-vertical is-content-justification-center is-layout-flex wp-container-core-group-is-layout-1 wp-block-group-is-layout-flex\">\n<h1 class=\"wp-block-heading alignwide has-text-align-center has-theme-white-color has-text-color\">Preus i Ofertes Allotjaments<\/h1>\n\n\n\n<p class=\"has-text-align-center has-theme-white-color has-text-color has-roboto-slab-font-family has-h-5-font-size\" style=\"text-transform:uppercase\">2026<\/p>\n<\/div>\n\n\n\n<div class=\"wp-block-group alignwide animation--init--once booking-container has-theme-orange-background-color has-background is-vertical is-content-justification-center is-layout-flex wp-container-core-group-is-layout-3 wp-block-group-is-layout-flex\" style=\"border-radius:2rem;margin-top:0px;margin-bottom:0px;padding-top:3rem;padding-right:3rem;padding-bottom:3rem;padding-left:3rem\">\n<div class=\"wp-block-group animation--init--once alignwide booking-title is-vertical is-content-justification-center is-layout-flex wp-container-core-group-is-layout-2 wp-block-group-is-layout-flex\">\n<p class=\"has-theme-dark-purple-color has-text-color has-roboto-slab-font-family has-h-6-font-size\">RESERVES ONLINE<\/p>\n\n\n\n<h4 class=\"wp-block-heading has-text-align-center has-theme-white-color has-text-color has-h-4-font-size\">Reserva les teves vacances de c\u00e0mping a la Costa Brava<\/h4>\n\n\n\n<figure class=\"wp-block-image size-large is-resized wp-duotone-221b40-221b40-1\"><img loading=\"lazy\" decoding=\"async\" width=\"25\" height=\"9\" src=\"http:\/\/www.campingkims.com\/wp-content\/uploads\/ola-separadora.svg\" alt=\"\" class=\"wp-image-921\" style=\"width:70px;height:undefinedpx\"\/><\/figure>\n<\/div>\n\n\n<script>\n            document.addEventListener('DOMContentLoaded', function () {\n\n                var widget = new MasterWidget('widgetBookingContainer6392', {\n                    lang: 'ca',idProperty: '61',class: 'widget_columns',categoryIds: [2,5,7,8,9,10,11,12,13,14,15,16,17,18,21,22,23],target: '_blank',dropdown: true,\n                    url: 'https:\/\/booking.campingkims.com'\n                });\n\n\n            });\n\n            <\/script><div id=\"widgetBookingContainer6392\"> <\/div>\n<\/div>\n<\/div>\n\n\n\n<h2 class=\"wp-block-heading alignwide animation--init--once slide-right has-theme-dark-purple-color has-text-color\">Tarifes Allotjaments<\/h2>\n\n\n\n<div class=\"wp-block-group alignfull accommodation-table-container is-layout-constrained wp-block-group-is-layout-constrained\">\n<figure class=\"wp-block-table alignwide accommodation-table styled-table is-style-stripes animation--init--once slide-up\" style=\"margin-bottom:10vh\"><table><thead><tr><th>Preus per nit<\/th><th class=\"has-text-align-center\" data-align=\"center\">Bungalow Sun-Roller (4 pers.)<\/th><th class=\"has-text-align-center\" data-align=\"center\">Bungalow Mediterran\u00e9e (4 pers.)<\/th><th class=\"has-text-align-center\" data-align=\"center\">Bungalow Bravo (4 pers.)<\/th><th class=\"has-text-align-center\" data-align=\"center\">Bungalow Caprice (4 pers.)<\/th><th class=\"has-text-align-center\" data-align=\"center\">Bungalow Garb\u00ed (6 pers.)<\/th><th class=\"has-text-align-center\" data-align=\"center\">Mobile-Home Sun-Roller (5 pers.)<\/th><th class=\"has-text-align-center\" data-align=\"center\">Mobile-Home Mistral (6 pers.)<\/th><th class=\"has-text-align-center\" data-align=\"center\">Mobile-Home Brisa (8 pers.)<\/th><th class=\"has-text-align-center\" data-align=\"center\">Mobile-Home Clam (2 pers.)<\/th><th class=\"has-text-align-center\" data-align=\"center\">Apartament C3 (4 pers.)<\/th><th class=\"has-text-align-center\" data-align=\"center\">Apartament Villa Marieta (4 pers.)<\/th><th class=\"has-text-align-center\" data-align=\"center\">Apartament Villa Anita (6 pers.)<\/th><th class=\"has-text-align-center\" data-align=\"center\">Apartament Villa Carmen (8 pers.)<\/th><th class=\"has-text-align-center\" data-align=\"center\">Estudi A4 A5 A6 (2 per.)<\/th><th class=\"has-text-align-center\" data-align=\"center\">Estudi B1 (2 pers.)<\/th><th class=\"has-text-align-center\" data-align=\"center\">Chal\u00e9 Villa Kima (6 pers.)<\/th><th class=\"has-text-align-center\" data-align=\"center\">Chal\u00e9 Villa Coral (8 pers.)<\/th><\/tr><\/thead><tbody><tr><td><strong>30\/04 &#8211; 31\/05 <br>14\/09 &#8211; 27\/09<\/strong><br>TEMPORADA BAIXA<\/td><td class=\"has-text-align-center\" data-align=\"center\"><strong>65<sup>&#8217;00\u20ac<\/sup><\/strong><\/td><td class=\"has-text-align-center\" data-align=\"center\"><strong>75<sup>,00\u20ac<\/sup><\/strong><\/td><td class=\"has-text-align-center\" data-align=\"center\"><strong>87<sup>,00\u20ac<\/sup><\/strong><\/td><td class=\"has-text-align-center\" data-align=\"center\"><strong>102<sup>,00\u20ac<\/sup><\/strong><\/td><td class=\"has-text-align-center\" data-align=\"center\"><strong>107<sup>,00\u20ac<\/sup><\/strong><\/td><td class=\"has-text-align-center\" data-align=\"center\"><strong>80<sup>,00\u20ac<\/sup><\/strong><\/td><td class=\"has-text-align-center\" data-align=\"center\"><strong>123<sup>,00\u20ac<\/sup><\/strong><\/td><td class=\"has-text-align-center\" data-align=\"center\"><strong>130<sup>,00\u20ac<\/sup><\/strong><\/td><td class=\"has-text-align-center\" data-align=\"center\"><strong>60<sup>,50\u20ac<\/sup><\/strong><\/td><td class=\"has-text-align-center\" data-align=\"center\"><strong>81<sup>,00\u20ac<\/sup><\/strong><\/td><td class=\"has-text-align-center\" data-align=\"center\"><strong>84<sup>,00\u20ac<\/sup><\/strong><\/td><td class=\"has-text-align-center\" data-align=\"center\"><strong>91<sup>,50\u20ac<\/sup><\/strong><\/td><td class=\"has-text-align-center\" data-align=\"center\"><strong>102<sup>,00\u20ac<\/sup><\/strong><\/td><td class=\"has-text-align-center\" data-align=\"center\"><strong>45<sup>,50\u20ac<\/sup><\/strong><\/td><td class=\"has-text-align-center\" data-align=\"center\"><strong>55<sup>,00\u20ac<\/sup><\/strong><\/td><td class=\"has-text-align-center\" data-align=\"center\"><strong>130<sup>,00\u20ac<\/sup><\/strong><\/td><td class=\"has-text-align-center\" data-align=\"center\"><strong>140<sup>,00\u20ac<\/sup><\/strong><\/td><\/tr><tr><td><strong>01\/06 &#8211; 16\/07 <br>24\/08 &#8211; 13\/09<\/strong><br>TEMPORADA|MITJA<\/td><td class=\"has-text-align-center\" data-align=\"center\"><strong>91<sup>&#8217;50\u20ac<\/sup><\/strong><\/td><td class=\"has-text-align-center\" data-align=\"center\"><strong>102<sup>,00\u20ac<\/sup><\/strong><\/td><td class=\"has-text-align-center\" data-align=\"center\"><strong>118<sup>,00\u20ac<\/sup><\/strong><\/td><td class=\"has-text-align-center\" data-align=\"center\"><strong>129<sup>,00\u20ac<\/sup><\/strong><\/td><td class=\"has-text-align-center\" data-align=\"center\"><strong>140<sup>,00\u20ac<\/sup><\/strong><\/td><td class=\"has-text-align-center\" data-align=\"center\"><strong>108<sup>,00\u20ac<\/sup><\/strong><\/td><td class=\"has-text-align-center\" data-align=\"center\"><strong>156<sup>,00\u20ac<\/sup><\/strong><\/td><td class=\"has-text-align-center\" data-align=\"center\"><strong>162<sup>,00\u20ac<\/sup><\/strong><\/td><td class=\"has-text-align-center\" data-align=\"center\"><strong>82<sup>,00\u20ac<\/sup><\/strong><\/td><td class=\"has-text-align-center\" data-align=\"center\"><strong>100<sup>,00\u20ac<\/sup><\/strong><\/td><td class=\"has-text-align-center\" data-align=\"center\"><strong>102<sup>,00\u20ac<\/sup><\/strong><\/td><td class=\"has-text-align-center\" data-align=\"center\"><strong>118<sup>,50\u20ac<\/sup><\/strong><\/td><td class=\"has-text-align-center\" data-align=\"center\"><strong>129<sup>,00\u20ac<\/sup><\/strong><\/td><td class=\"has-text-align-center\" data-align=\"center\"><strong>65<sup>,50\u20ac<\/sup><\/strong><\/td><td class=\"has-text-align-center\" data-align=\"center\"><strong>77<sup>,00\u20ac<\/sup><\/strong><\/td><td class=\"has-text-align-center\" data-align=\"center\"><strong>160<sup>,00\u20ac<\/sup><\/strong><\/td><td class=\"has-text-align-center\" data-align=\"center\"><strong>177<sup>,50\u20ac<\/sup><\/strong><\/td><\/tr><tr><td><strong>17\/07 &#8211; 23\/08<\/strong><br>TEMPORADA ALTA<\/td><td class=\"has-text-align-center\" data-align=\"center\"><strong>138<sup>,00\u20ac<\/sup><\/strong><\/td><td class=\"has-text-align-center\" data-align=\"center\"><strong>154<sup>,00\u20ac<\/sup><\/strong><\/td><td class=\"has-text-align-center\" data-align=\"center\"><strong>169<sup>,00\u20ac<\/sup><\/strong><\/td><td class=\"has-text-align-center\" data-align=\"center\"><strong>184<sup>,00\u20ac<\/sup><\/strong><\/td><td class=\"has-text-align-center\" data-align=\"center\"><strong>189<sup>,00\u20ac<\/sup><\/strong><\/td><td class=\"has-text-align-center\" data-align=\"center\"><strong>161<sup>,00\u20ac<\/sup><\/strong><\/td><td class=\"has-text-align-center\" data-align=\"center\"><strong>200<sup>,00\u20ac<\/sup><\/strong><\/td><td class=\"has-text-align-center\" data-align=\"center\"><strong>220<sup>,00\u20ac<\/sup><\/strong><\/td><td class=\"has-text-align-center\" data-align=\"center\"><strong>114<sup>,00\u20ac<\/sup><\/strong><\/td><td class=\"has-text-align-center\" data-align=\"center\"><strong>164<sup>,00\u20ac<\/sup><\/strong><\/td><td class=\"has-text-align-center\" data-align=\"center\"><strong>167<sup>,00\u20ac<\/sup><\/strong><\/td><td class=\"has-text-align-center\" data-align=\"center\"><strong>180<sup>,00\u20ac<\/sup><\/strong><\/td><td class=\"has-text-align-center\" data-align=\"center\"><strong>188<sup>,00\u20ac<\/sup><\/strong><\/td><td class=\"has-text-align-center\" data-align=\"center\"><strong>86<sup>,00\u20ac<\/sup><\/strong><\/td><td class=\"has-text-align-center\" data-align=\"center\"><strong>109<sup>,00\u20ac<\/sup><\/strong><\/td><td class=\"has-text-align-center\" data-align=\"center\"><strong>220<sup>,00\u20ac<\/sup><\/strong><\/td><td class=\"has-text-align-center\" data-align=\"center\"><strong>242<sup>,00\u20ac<\/sup><\/strong><\/td><\/tr><\/tbody><\/table><\/figure>\n<\/div>\n\n\n\n<div class=\"wp-block-auto-tabs accommodation-tabs alignfull has-custom-margin animation--init--once\" style=\"margin-bottom:14vh;\" data-selector=\"h3\">\n  <div class=\"acf-innerblocks-container\">\n\n<div class=\"wp-block-group auto-tabs-wrapper is-layout-flow wp-block-group-is-layout-flow\">\n<p class=\"has-text-align-center\"><strong>Aqu\u00ed se mostrar\u00e1n las pesta\u00f1as.<\/strong><br\/> El primer <strong>h3<\/strong> de cada contenido se usar\u00e1 como t\u00edtulo de su pesta\u00f1a. Puedes cambiarlo por otro tag o una clase en el panel lateral<\/p>\n<\/div>\n\n\n\n<div class=\"wp-block-group auto-content-wrapper has-theme-soft-blue-background-color has-background is-layout-flow wp-block-group-is-layout-flow\">\n<div class=\"wp-block-group is-layout-flow wp-block-group-is-layout-flow\">\n<h3 class=\"wp-block-heading has-text-align-center\">Informaci\u00f3<\/h3>\n\n\n\n<ul class=\"styled-list has-theme-purple-color has-text-color wp-block-list\">\n<li><strong>Preus en Euros (EUR \u20ac).<\/strong><br\/>IVA 10% incl\u00f2s. En cas de variaci\u00f3 oficial del IVA, els preus poden variar.<\/li>\n\n\n\n<li><strong>Taxa tur\u00edstica no inclosa<\/strong>: 0,66\u20ac\/nit per persona (+17 anys) per un m\u00e0xim de 7 nits..<\/li>\n\n\n\n<li><strong>Arribada:<\/strong> l &#8216;allotjament estar\u00e0 disponible a partir de les 16:00h<\/li>\n\n\n\n<li><strong>Sortida:<\/strong> l&#8217;allotjament haur\u00e0 de desallotjar-se abans de les 11:00h.<\/li>\n\n\n\n<li><strong>Late Checkout<\/strong><br\/>Durant les Temporades Baixa i Mitja es pot deixar l&#8217;allotjament m\u00e9s tard (late checkout) m\u00e0x. a les 17:00. Depen de la disponibilitat i requereix consulta pr\u00e8via a Recepci\u00f3.<\/li>\n<\/ul>\n<\/div>\n\n\n\n<div class=\"wp-block-group is-layout-flow wp-block-group-is-layout-flow\">\n<h3 class=\"wp-block-heading has-text-align-center\">Condicions<\/h3>\n\n\n\n<ul class=\"styled-list has-theme-purple-color has-text-color wp-block-list\">\n<li>La reserva ser\u00e0 definitiva despr\u00e9s d&#8217;haver rebut la corresponent paga i senyal (40% del total contractat).<\/li>\n\n\n\n<li>La resta del total del lloguer s&#8217;abonar\u00e0 el dia d&#8217;arribada juntament amb una fian\u00e7a (130\u20ac en concepte de trencaments, p\u00e8rdues, etc. + 50\u20ac en concepte de neteja) que es retornaran el dia de sortida si tot est\u00e0 correcte.<\/li>\n\n\n\n<li>A l&#8217;arribada li demanarem que ens faciliti un n\u00famero de tarja de cr\u00e8dit, Servir\u00e0 \u00fanicament per cobrir els possibles desperfectes durant l&#8217;estada.<\/li>\n\n\n\n<li>L&#8217;allotjament es deixar\u00e0 net i recollit tal com va ser lliurat.<\/li>\n<\/ul>\n<\/div>\n\n\n\n<div class=\"wp-block-group is-layout-flow wp-block-group-is-layout-flow\">\n<h3 class=\"wp-block-heading has-text-align-center\">Cancel\u00b7laci\u00f3<\/h3>\n\n\n\n<ul class=\"styled-list has-theme-purple-color has-text-color wp-block-list\">\n<li>Cancel\u00b7laci\u00f3 entre 8 i 7 setmanes abans del dia d\u2019arribada, retenci\u00f3 del 30%.<\/li>\n\n\n\n<li>Cancel\u00b7laci\u00f3 6 setmanes abans del dia d\u2019arribada, retenci\u00f3 del 45%.<\/li>\n\n\n\n<li>Cancel\u00b7laci\u00f3 de 5 a 3 setmanes abans del dia d\u2019arribada, retenci\u00f3 del 60%<\/li>\n\n\n\n<li>Cancel\u00b7laci\u00f3 2 setmanes abans del dia d\u2019arribada, retenci\u00f3 del 100%<\/li>\n\n\n\n<li><strong>Despeses m\u00ednimes de cancel.laci\u00f3: 35,00 \u20ac<\/strong><\/li>\n<\/ul>\n<\/div>\n<\/div>\n\n<\/div><\/div>\n\n\n<figure class=\"wp-block-image size-large is-style-icon-row animation--init--once slide-left discount-icon wp-duotone-ffb434-ffb434-2\"><img loading=\"lazy\" decoding=\"async\" width=\"25\" height=\"25\" src=\"http:\/\/www.campingkims.com\/wp-content\/uploads\/descuento.svg\" alt=\"\" class=\"wp-image-1492\"\/><figcaption class=\"wp-element-caption\"><strong><mark style=\"background-color:rgba(0, 0, 0, 0)\" class=\"has-inline-color has-theme-dark-purple-color\">Ofertes Allotjaments<\/mark><\/strong><\/figcaption><\/figure>\n\n\n\n<div class=\"wp-block-columns alignwide is-layout-flex wp-container-core-columns-is-layout-1 wp-block-columns-is-layout-flex\">\n<div class=\"wp-block-column price-col animation--init--once slide-up has-theme-white-color has-theme-orange-background-color has-text-color has-background is-layout-flow wp-block-column-is-layout-flow\">\n<p class=\"large-font has-h-2-font-size\"><em><strong>20%<\/strong><\/em><\/p>\n\n\n\n<p class=\"is-style-default has-roboto-slab-font-family has-text-small-font-size\" style=\"margin-top:0px;text-transform:uppercase\"><strong><strong>30\/04 \u2013 16\/07 \/ 24\/08 \u2013 27\/09<\/strong><\/strong><\/p>\n\n\n\n<p class=\"is-style-default has-roboto-slab-font-family has-text-small-font-size\" style=\"margin-top:0px;text-transform:uppercase\"><strong>TEMPORADA BAIXA I MITJA<\/strong><\/p>\n<\/div>\n\n\n\n<div class=\"wp-block-column price-col animation--init--once slide-up delay-1 has-theme-white-color has-theme-blue-background-color has-text-color has-background is-layout-flow wp-block-column-is-layout-flow\">\n<p class=\"large-font has-h-2-font-size\"><em><strong>5%<\/strong><\/em><\/p>\n\n\n\n<p class=\"is-style-default has-roboto-slab-font-family has-text-small-font-size\" style=\"margin-top:0px;text-transform:uppercase\"><strong>17\/07- 23\/08<\/strong><\/p>\n\n\n\n<p class=\"is-style-default has-roboto-slab-font-family has-text-small-font-size\" style=\"margin-top:0px;text-transform:uppercase\"><strong>TEMPORADA ALTA<\/strong><\/p>\n<\/div>\n<\/div>\n\n\n\n<p class=\"animation--init--once slide-left alignwide has-theme-purple-color has-text-color has-text-small-font-size\" style=\"margin-bottom:10vh\">* Estada m\u00ednima 7 nits.<br>* Descomptes no acumulables ja aplicats en fer la reserva<\/p>\n\n\n\n<div class=\"wp-block-buttons animation--init--once slide-up is-content-justification-center is-layout-flex wp-container-core-buttons-is-layout-1 wp-block-buttons-is-layout-flex\" style=\"margin-bottom:18vh\">\n<div class=\"wp-block-button invert-icon\"><a class=\"wp-block-button__link has-theme-green-background-color has-background wp-element-button\" href=\"https:\/\/booking.campingkims.com\/search?categoryIds=2,5,7,8,9,10,11,12,13,14,15,16,17,18,21,22,23&amp;lang=ca\" style=\"border-radius:8px\" target=\"_blank\" rel=\"noreferrer noopener\"><img loading=\"lazy\" decoding=\"async\" width=\"25\" height=\"24\" class=\"wp-image-1321\" style=\"width: 25px;\" src=\"http:\/\/www.campingkims.com\/wp-content\/uploads\/reservar.svg\" alt=\"\"><strong>CONSULTAR DISPONIBILITAT<\/strong><\/a><\/div>\n<\/div>\n","protected":false},"excerpt":{"rendered":"<p>Preus i Ofertes Allotjaments 2026 RESERVES ONLINE Reserva les teves vacances de c\u00e0mping a la Costa Brava Tarifes Allotjaments Preus per nit Bungalow Sun-Roller (4&#8230;<\/p>\n","protected":false},"author":1,"featured_media":0,"parent":4999,"menu_order":1,"comment_status":"closed","ping_status":"closed","template":"","meta":{"_acf_changed":false,"inline_featured_image":false,"footnotes":""},"class_list":["post-5038","page","type-page","status-publish","hentry"],"acf":[],"yoast_head":"<!-- This site is optimized with the Yoast SEO plugin v23.5 - https:\/\/yoast.com\/wordpress\/plugins\/seo\/ -->\n<title>Preus Allotjaments - Camping Kim&#039;s Llafranc<\/title>\n<meta name=\"description\" content=\"Preus i Ofertes Allotjaments 2026 RESERVES ONLINE Reserva les teves vacances de c\u00e0mping a la Costa Brava Tarifes Allotjaments Preus per nitBungalow\" \/>\n<meta name=\"robots\" content=\"index, follow, max-snippet:-1, max-image-preview:large, max-video-preview:-1\" \/>\n<link rel=\"canonical\" href=\"https:\/\/www.campingkims.com\/ca\/preus-i-ofertes\/preus-allotjaments\/\" \/>\n<meta property=\"og:locale\" content=\"ca_ES\" \/>\n<meta property=\"og:type\" content=\"article\" \/>\n<meta property=\"og:title\" content=\"Preus Allotjaments - Camping Kim&#039;s Llafranc\" \/>\n<meta property=\"og:description\" content=\"Preus i Ofertes Allotjaments 2026 RESERVES ONLINE Reserva les teves vacances de c\u00e0mping a la Costa Brava Tarifes Allotjaments Preus per nitBungalow\" \/>\n<meta property=\"og:url\" content=\"https:\/\/www.campingkims.com\/ca\/preus-i-ofertes\/preus-allotjaments\/\" \/>\n<meta property=\"og:site_name\" content=\"Camping Kim&#039;s Llafranc\" \/>\n<meta property=\"article:modified_time\" content=\"2025-10-21T15:23:11+00:00\" \/>\n<meta property=\"og:image\" content=\"http:\/\/www.campingkims.com\/wp-content\/uploads\/ola-separadora.svg\" \/>\n<meta name=\"twitter:card\" content=\"summary_large_image\" \/>\n<script type=\"application\/ld+json\" class=\"yoast-schema-graph\">{\"@context\":\"https:\/\/schema.org\",\"@graph\":[{\"@type\":\"WebPage\",\"@id\":\"https:\/\/www.campingkims.com\/ca\/preus-i-ofertes\/preus-allotjaments\/\",\"url\":\"https:\/\/www.campingkims.com\/ca\/preus-i-ofertes\/preus-allotjaments\/\",\"name\":\"Preus Allotjaments - Camping Kim&#039;s Llafranc\",\"isPartOf\":{\"@id\":\"https:\/\/www.campingkims.com\/ca\/#website\"},\"primaryImageOfPage\":{\"@id\":\"https:\/\/www.campingkims.com\/ca\/preus-i-ofertes\/preus-allotjaments\/#primaryimage\"},\"image\":{\"@id\":\"https:\/\/www.campingkims.com\/ca\/preus-i-ofertes\/preus-allotjaments\/#primaryimage\"},\"thumbnailUrl\":\"http:\/\/www.campingkims.com\/wp-content\/uploads\/ola-separadora.svg\",\"datePublished\":\"2023-07-13T08:36:52+00:00\",\"dateModified\":\"2025-10-21T15:23:11+00:00\",\"description\":\"Preus i Ofertes Allotjaments 2026 RESERVES ONLINE Reserva les teves vacances de c\u00e0mping a la Costa Brava Tarifes Allotjaments Preus per nitBungalow\",\"breadcrumb\":{\"@id\":\"https:\/\/www.campingkims.com\/ca\/preus-i-ofertes\/preus-allotjaments\/#breadcrumb\"},\"inLanguage\":\"ca\",\"potentialAction\":[{\"@type\":\"ReadAction\",\"target\":[\"https:\/\/www.campingkims.com\/ca\/preus-i-ofertes\/preus-allotjaments\/\"]}]},{\"@type\":\"ImageObject\",\"inLanguage\":\"ca\",\"@id\":\"https:\/\/www.campingkims.com\/ca\/preus-i-ofertes\/preus-allotjaments\/#primaryimage\",\"url\":\"http:\/\/www.campingkims.com\/wp-content\/uploads\/ola-separadora.svg\",\"contentUrl\":\"http:\/\/www.campingkims.com\/wp-content\/uploads\/ola-separadora.svg\"},{\"@type\":\"BreadcrumbList\",\"@id\":\"https:\/\/www.campingkims.com\/ca\/preus-i-ofertes\/preus-allotjaments\/#breadcrumb\",\"itemListElement\":[{\"@type\":\"ListItem\",\"position\":1,\"name\":\"Portada\",\"item\":\"https:\/\/www.campingkims.com\/ca\/\"},{\"@type\":\"ListItem\",\"position\":2,\"name\":\"Preus i ofertes\",\"item\":\"https:\/\/www.campingkims.com\/ca\/preus-i-ofertes\/\"},{\"@type\":\"ListItem\",\"position\":3,\"name\":\"Preus Allotjaments\"}]},{\"@type\":\"WebSite\",\"@id\":\"https:\/\/www.campingkims.com\/ca\/#website\",\"url\":\"https:\/\/www.campingkims.com\/ca\/\",\"name\":\"Camping Kim's Llafranc\",\"description\":\"Kim&#039;s Camping Caravaning &amp; Bungalow Park\",\"publisher\":{\"@id\":\"https:\/\/www.campingkims.com\/ca\/#organization\"},\"potentialAction\":[{\"@type\":\"SearchAction\",\"target\":{\"@type\":\"EntryPoint\",\"urlTemplate\":\"https:\/\/www.campingkims.com\/ca\/?s={search_term_string}\"},\"query-input\":{\"@type\":\"PropertyValueSpecification\",\"valueRequired\":true,\"valueName\":\"search_term_string\"}}],\"inLanguage\":\"ca\"},{\"@type\":\"Organization\",\"@id\":\"https:\/\/www.campingkims.com\/ca\/#organization\",\"name\":\"Camping Kim's Llafranc\",\"url\":\"https:\/\/www.campingkims.com\/ca\/\",\"logo\":{\"@type\":\"ImageObject\",\"inLanguage\":\"ca\",\"@id\":\"https:\/\/www.campingkims.com\/ca\/#\/schema\/logo\/image\/\",\"url\":\"https:\/\/www.campingkims.com\/wp-content\/uploads\/logo-camping-kims-llafranc-costa-brava.png\",\"contentUrl\":\"https:\/\/www.campingkims.com\/wp-content\/uploads\/logo-camping-kims-llafranc-costa-brava.png\",\"width\":537,\"height\":257,\"caption\":\"Camping Kim's Llafranc\"},\"image\":{\"@id\":\"https:\/\/www.campingkims.com\/ca\/#\/schema\/logo\/image\/\"}}]}<\/script>\n<!-- \/ Yoast SEO plugin. -->","yoast_head_json":{"title":"Preus Allotjaments - Camping Kim&#039;s Llafranc","description":"Preus i Ofertes Allotjaments 2026 RESERVES ONLINE Reserva les teves vacances de c\u00e0mping a la Costa Brava Tarifes Allotjaments Preus per nitBungalow","robots":{"index":"index","follow":"follow","max-snippet":"max-snippet:-1","max-image-preview":"max-image-preview:large","max-video-preview":"max-video-preview:-1"},"canonical":"https:\/\/www.campingkims.com\/ca\/preus-i-ofertes\/preus-allotjaments\/","og_locale":"ca_ES","og_type":"article","og_title":"Preus Allotjaments - Camping Kim&#039;s Llafranc","og_description":"Preus i Ofertes Allotjaments 2026 RESERVES ONLINE Reserva les teves vacances de c\u00e0mping a la Costa Brava Tarifes Allotjaments Preus per nitBungalow","og_url":"https:\/\/www.campingkims.com\/ca\/preus-i-ofertes\/preus-allotjaments\/","og_site_name":"Camping Kim&#039;s Llafranc","article_modified_time":"2025-10-21T15:23:11+00:00","og_image":[{"url":"http:\/\/www.campingkims.com\/wp-content\/uploads\/ola-separadora.svg"}],"twitter_card":"summary_large_image","schema":{"@context":"https:\/\/schema.org","@graph":[{"@type":"WebPage","@id":"https:\/\/www.campingkims.com\/ca\/preus-i-ofertes\/preus-allotjaments\/","url":"https:\/\/www.campingkims.com\/ca\/preus-i-ofertes\/preus-allotjaments\/","name":"Preus Allotjaments - Camping Kim&#039;s Llafranc","isPartOf":{"@id":"https:\/\/www.campingkims.com\/ca\/#website"},"primaryImageOfPage":{"@id":"https:\/\/www.campingkims.com\/ca\/preus-i-ofertes\/preus-allotjaments\/#primaryimage"},"image":{"@id":"https:\/\/www.campingkims.com\/ca\/preus-i-ofertes\/preus-allotjaments\/#primaryimage"},"thumbnailUrl":"http:\/\/www.campingkims.com\/wp-content\/uploads\/ola-separadora.svg","datePublished":"2023-07-13T08:36:52+00:00","dateModified":"2025-10-21T15:23:11+00:00","description":"Preus i Ofertes Allotjaments 2026 RESERVES ONLINE Reserva les teves vacances de c\u00e0mping a la Costa Brava Tarifes Allotjaments Preus per nitBungalow","breadcrumb":{"@id":"https:\/\/www.campingkims.com\/ca\/preus-i-ofertes\/preus-allotjaments\/#breadcrumb"},"inLanguage":"ca","potentialAction":[{"@type":"ReadAction","target":["https:\/\/www.campingkims.com\/ca\/preus-i-ofertes\/preus-allotjaments\/"]}]},{"@type":"ImageObject","inLanguage":"ca","@id":"https:\/\/www.campingkims.com\/ca\/preus-i-ofertes\/preus-allotjaments\/#primaryimage","url":"http:\/\/www.campingkims.com\/wp-content\/uploads\/ola-separadora.svg","contentUrl":"http:\/\/www.campingkims.com\/wp-content\/uploads\/ola-separadora.svg"},{"@type":"BreadcrumbList","@id":"https:\/\/www.campingkims.com\/ca\/preus-i-ofertes\/preus-allotjaments\/#breadcrumb","itemListElement":[{"@type":"ListItem","position":1,"name":"Portada","item":"https:\/\/www.campingkims.com\/ca\/"},{"@type":"ListItem","position":2,"name":"Preus i ofertes","item":"https:\/\/www.campingkims.com\/ca\/preus-i-ofertes\/"},{"@type":"ListItem","position":3,"name":"Preus Allotjaments"}]},{"@type":"WebSite","@id":"https:\/\/www.campingkims.com\/ca\/#website","url":"https:\/\/www.campingkims.com\/ca\/","name":"Camping Kim's Llafranc","description":"Kim&#039;s Camping Caravaning &amp; Bungalow Park","publisher":{"@id":"https:\/\/www.campingkims.com\/ca\/#organization"},"potentialAction":[{"@type":"SearchAction","target":{"@type":"EntryPoint","urlTemplate":"https:\/\/www.campingkims.com\/ca\/?s={search_term_string}"},"query-input":{"@type":"PropertyValueSpecification","valueRequired":true,"valueName":"search_term_string"}}],"inLanguage":"ca"},{"@type":"Organization","@id":"https:\/\/www.campingkims.com\/ca\/#organization","name":"Camping Kim's Llafranc","url":"https:\/\/www.campingkims.com\/ca\/","logo":{"@type":"ImageObject","inLanguage":"ca","@id":"https:\/\/www.campingkims.com\/ca\/#\/schema\/logo\/image\/","url":"https:\/\/www.campingkims.com\/wp-content\/uploads\/logo-camping-kims-llafranc-costa-brava.png","contentUrl":"https:\/\/www.campingkims.com\/wp-content\/uploads\/logo-camping-kims-llafranc-costa-brava.png","width":537,"height":257,"caption":"Camping Kim's Llafranc"},"image":{"@id":"https:\/\/www.campingkims.com\/ca\/#\/schema\/logo\/image\/"}}]}},"_links":{"self":[{"href":"https:\/\/www.campingkims.com\/ca\/wp-json\/wp\/v2\/pages\/5038"}],"collection":[{"href":"https:\/\/www.campingkims.com\/ca\/wp-json\/wp\/v2\/pages"}],"about":[{"href":"https:\/\/www.campingkims.com\/ca\/wp-json\/wp\/v2\/types\/page"}],"author":[{"embeddable":true,"href":"https:\/\/www.campingkims.com\/ca\/wp-json\/wp\/v2\/users\/1"}],"replies":[{"embeddable":true,"href":"https:\/\/www.campingkims.com\/ca\/wp-json\/wp\/v2\/comments?post=5038"}],"version-history":[{"count":26,"href":"https:\/\/www.campingkims.com\/ca\/wp-json\/wp\/v2\/pages\/5038\/revisions"}],"predecessor-version":[{"id":8515,"href":"https:\/\/www.campingkims.com\/ca\/wp-json\/wp\/v2\/pages\/5038\/revisions\/8515"}],"up":[{"embeddable":true,"href":"https:\/\/www.campingkims.com\/ca\/wp-json\/wp\/v2\/pages\/4999"}],"wp:attachment":[{"href":"https:\/\/www.campingkims.com\/ca\/wp-json\/wp\/v2\/media?parent=5038"}],"curies":[{"name":"wp","href":"https:\/\/api.w.org\/{rel}","templated":true}]}}