{"id":5293,"date":"2022-10-10T13:42:36","date_gmt":"2022-10-10T11:42:36","guid":{"rendered":"http:\/\/www.campingkims.com\/allotjaments\/estudis\/b\/"},"modified":"2026-03-16T16:10:48","modified_gmt":"2026-03-16T15:10:48","slug":"b","status":"publish","type":"page","link":"https:\/\/www.campingkims.com\/ca\/allotjaments\/estudis\/b\/","title":{"rendered":"B"},"content":{"rendered":"\n<div class=\"wp-block-cover alignfull is-light cover-page animation--init--once is-style-no-margin\" style=\"margin-top:0px;margin-bottom:8vh;min-height:795px;aspect-ratio:unset;\"><span aria-hidden=\"true\" class=\"wp-block-cover__background has-background-dim-0 has-background-dim has-background-gradient has-theme-black-transparent-gradient-background\"><\/span><img loading=\"lazy\" decoding=\"async\" width=\"1920\" height=\"1280\" class=\"wp-block-cover__image-background wp-image-6443\" alt=\"\" src=\"https:\/\/www.campingkims.com\/wp-content\/uploads\/edtudio-b1-sala-terraza.webp\" data-object-fit=\"cover\" srcset=\"https:\/\/www.campingkims.com\/wp-content\/uploads\/edtudio-b1-sala-terraza.webp 1920w, https:\/\/www.campingkims.com\/wp-content\/uploads\/edtudio-b1-sala-terraza-1024x683.webp 1024w, https:\/\/www.campingkims.com\/wp-content\/uploads\/edtudio-b1-sala-terraza-768x512.webp 768w, https:\/\/www.campingkims.com\/wp-content\/uploads\/edtudio-b1-sala-terraza-1536x1024.webp 1536w, https:\/\/www.campingkims.com\/wp-content\/uploads\/edtudio-b1-sala-terraza-512x341.webp 512w, https:\/\/www.campingkims.com\/wp-content\/uploads\/edtudio-b1-sala-terraza-256x171.webp 256w\" sizes=\"(max-width: 1920px) 100vw, 1920px\" \/><div class=\"wp-block-cover__inner-container is-layout-flow wp-block-cover-is-layout-flow\">\n<figure class=\"wp-block-image alignfull size-large animation--init--once slide-up is-style-no-margin waves wp-duotone-ecf8fb-ecf8fb-1\"><img loading=\"lazy\" decoding=\"async\" width=\"1700\" height=\"104\" src=\"http:\/\/www.campingkims.com\/wp-content\/uploads\/waves.svg\" alt=\"\" class=\"wp-image-926\"\/><\/figure>\n<\/div><\/div>\n\n\n\n<div class=\"wp-block-group alignfull booking-group has-theme-soft-blue-background-color has-background is-vertical is-content-justification-center is-layout-flex wp-container-core-group-is-layout-5 wp-block-group-is-layout-flex\" style=\"margin-top:0px;margin-bottom:35vh;padding-bottom:0px\">\n<div class=\"wp-block-group animation--init--once slide-up is-vertical is-content-justification-center is-layout-flex wp-container-core-group-is-layout-1 wp-block-group-is-layout-flex\" style=\"margin-bottom:8vh\">\n<figure class=\"wp-block-image size-large is-resized wp-duotone-1ac6fe-1ac6fe-2\"><img loading=\"lazy\" decoding=\"async\" width=\"25\" height=\"25\" src=\"http:\/\/www.campingkims.com\/wp-content\/uploads\/estudio.svg\" alt=\"\" class=\"wp-image-1084\" style=\"width:60px;height:undefinedpx\"\/><\/figure>\n\n\n\n<h2 class=\"wp-block-heading has-text-align-center has-theme-dark-purple-color has-text-color\">Estudi B<\/h2>\n\n\n\n<p class=\"has-theme-blue-color has-text-color has-roboto-slab-font-family has-h-6-font-size\">Acollidor estudi 32m2 + Terrassa<\/p>\n\n\n\n<figure class=\"wp-block-image size-large is-resized wp-duotone-1ac6fe-fff-3\"><img loading=\"lazy\" decoding=\"async\" width=\"25\" height=\"9\" src=\"http:\/\/www.campingkims.com\/wp-content\/uploads\/ola-separadora.svg\" alt=\"\" class=\"wp-image-921\" style=\"width:70px;height:undefinedpx\"\/><\/figure>\n<\/div>\n\n\n        <div class=\"wp-block-custom-grid square-icon-row has-text-align-left has-custom-margin block-grid-responsive\" style=\"margin-bottom:240px; --wp--style--block-desktop-column:5;--wp--style--block-tablet-column:2;--wp--style--block-mobile-column:2;\">\n\n                <div class=\"acf-innerblocks-container\">\n\n<figure class=\"wp-block-image size-large is-resized is-style-no-margin animation--init--once slide-up wp-duotone-1ac6fe-1ac6fe-4\"><img loading=\"lazy\" decoding=\"async\" width=\"25\" height=\"25\" src=\"http:\/\/www.campingkims.com\/wp-content\/uploads\/familia-1.svg\" alt=\"\" class=\"wp-image-1343\" style=\"width:60px;height:60px\"\/><figcaption class=\"wp-element-caption\">\n          <strong>2 persones<\/strong>\n        <\/figcaption><\/figure>\n\n\n\n<figure class=\"wp-block-image size-large is-resized is-style-no-margin animation--init--once slide-up delay-1 wp-duotone-1ac6fe-1ac6fe-5\"><img loading=\"lazy\" decoding=\"async\" width=\"25\" height=\"25\" src=\"http:\/\/www.campingkims.com\/wp-content\/uploads\/habitacion-1.svg\" alt=\"\" class=\"wp-image-1344\" style=\"width:60px;height:60px\"\/><figcaption class=\"wp-element-caption\">\n          <strong>1 habitaci\u00f3<\/strong>\n        <\/figcaption><\/figure>\n\n\n\n<figure class=\"wp-block-image size-large is-resized is-style-no-margin animation--init--once slide-up delay-2 wp-duotone-1ac6fe-1ac6fe-6\"><img loading=\"lazy\" decoding=\"async\" width=\"25\" height=\"25\" src=\"http:\/\/www.campingkims.com\/wp-content\/uploads\/terraza-1.svg\" alt=\"\" class=\"wp-image-1345\" style=\"width:60px;height:60px\"\/><figcaption class=\"wp-element-caption\">\n          <strong>Terrassa<\/strong>\n        <\/figcaption><\/figure>\n\n\n\n<figure class=\"wp-block-image size-large is-resized is-style-no-margin animation--init--once slide-up delay-3 wp-duotone-1ac6fe-1ac6fe-7\"><img loading=\"lazy\" decoding=\"async\" width=\"25\" height=\"25\" src=\"http:\/\/www.campingkims.com\/wp-content\/uploads\/parking-1.svg\" alt=\"\" class=\"wp-image-1346\" style=\"width:60px;height:60px\"\/><figcaption class=\"wp-element-caption\">\n          <strong>P\u00e0rquing<\/strong>\n        <\/figcaption><\/figure>\n\n\n\n<figure class=\"wp-block-image size-large is-resized is-style-no-margin animation--init--once slide-up delay-4 wp-duotone-1ac6fe-1ac6fe-8\"><img loading=\"lazy\" decoding=\"async\" width=\"25\" height=\"25\" src=\"http:\/\/www.campingkims.com\/wp-content\/uploads\/prohibido-mascotas-1.svg\" alt=\"\" class=\"wp-image-1347\" style=\"width:60px;height:undefinedpx\"\/><figcaption class=\"wp-element-caption\">\n          <strong>Animals<br>no admesos<\/strong>\n        <\/figcaption><\/figure>\n\n<\/div>\n<\/div>\n\n\n<div class=\"wp-block-group alignfull booking-wrapper is-layout-constrained wp-block-group-is-layout-constrained\">\n<div class=\"wp-block-group alignwide animation--init--once slide-up booking-container has-theme-orange-background-color has-background is-vertical is-content-justification-center is-layout-flex wp-container-core-group-is-layout-3 wp-block-group-is-layout-flex\" style=\"border-radius:2rem;margin-top:0px;margin-bottom:0px;padding-top:3rem;padding-right:3rem;padding-bottom:3rem;padding-left:3rem\">\n<div class=\"wp-block-group animation--init--once alignwide booking-title is-vertical is-content-justification-center is-layout-flex wp-container-core-group-is-layout-2 wp-block-group-is-layout-flex\">\n<p class=\"has-theme-dark-purple-color has-text-color has-roboto-slab-font-family has-h-6-font-size\">RESERVES ONLINE<\/p>\n\n\n\n<h4 class=\"wp-block-heading has-text-align-center has-theme-white-color has-text-color has-h-4-font-size\">Reserva les teves vacances de c\u00e0mping a la Costa Brava<\/h4>\n\n\n\n<figure class=\"wp-block-image size-large is-resized wp-duotone-221b40-221b40-9\"><img loading=\"lazy\" decoding=\"async\" width=\"25\" height=\"9\" src=\"http:\/\/www.campingkims.com\/wp-content\/uploads\/ola-separadora.svg\" alt=\"\" class=\"wp-image-921\" style=\"width:70px;height:undefinedpx\"\/><\/figure>\n<\/div>\n\n\n<script>\n            document.addEventListener('DOMContentLoaded', function () {\n\n                var widget = new MasterWidget('widgetBookingContainer7718', {\n                    lang: 'ca',idProperty: '61',class: 'widget_columns',categoryIds: [17],target: '_blank',dropdown: true,\n                    url: 'https:\/\/booking.campingkims.com'\n                });\n\n\n            });\n\n            <\/script><div id=\"widgetBookingContainer7718\"> <\/div>\n<\/div>\n<\/div>\n<\/div>\n\n\n\n<div class=\"wp-block-columns alignwide are-vertically-aligned-bottom is-layout-flex wp-container-core-columns-is-layout-1 wp-block-columns-is-layout-flex\" style=\"margin-bottom:10vh\">\n<div class=\"wp-block-column is-vertically-aligned-bottom is-layout-flow wp-block-column-is-layout-flow\" style=\"flex-basis:40%\">\n<div class=\"wp-block-group animation--init--once slide-right is-vertical is-layout-flex wp-container-core-group-is-layout-6 wp-block-group-is-layout-flex\">\n<h3 class=\"wp-block-heading has-theme-dark-purple-color has-text-color has-h-4-font-size\">Apartament-estudi d&#8217;obra<br><mark style=\"background-color:rgba(0, 0, 0, 0)\" class=\"has-inline-color has-theme-blue-color\">(2 persones m\u00e0xim)<\/mark><\/h3>\n\n\n\n<figure class=\"wp-block-image size-large is-resized wp-duotone-1ac6fe-fff-10\"><img loading=\"lazy\" decoding=\"async\" width=\"25\" height=\"9\" src=\"http:\/\/www.campingkims.com\/wp-content\/uploads\/ola-separadora.svg\" alt=\"\" class=\"wp-image-921\" style=\"width:70px;height:undefinedpx\"\/><\/figure>\n<\/div>\n\n\n\n<ul class=\"wp-block-list styled-list has-theme-purple-color has-text-color\">\n<li class=\"animation--init--once slide-right\">Sal\u00f3-Menjador&nbsp;amb sof\u00e0 i cuina ben equipada.<\/li>\n\n\n\n<li><strong>1 Habitaci\u00f3:<\/strong>&nbsp;2 llits individuals<\/li>\n\n\n\n<li>Ventiladors \/ Calefacci\u00f3 central<\/li>\n\n\n\n<li>Bany amb lavabo, dutxa i w.c.<\/li>\n\n\n\n<li>Terrassa privada amb tendal, cadires i taula. P\u00e0rquing&nbsp;<\/li>\n\n\n\n<li>Roba de llit, una tovallola de m\u00e0 i una de dutxa per persona i draps de cuina de canvi setmanal<\/li>\n\n\n\n<li class=\"animation--init--once slide-right\">L&#8217;estudi B es troba en una zona tranquil\u00b7la i ombrejada en plena natura<\/li>\n<\/ul>\n<\/div>\n\n\n\n<div class=\"wp-block-column is-vertically-aligned-bottom is-layout-flow wp-block-column-is-layout-flow\" style=\"flex-basis:60%\">\n<div class=\"wp-image-slider slider-right animation--init--once slide-left has-text-align-left aspect-ratio-3_2\">\n\n                                        \n                    <script>\n                        'use strict';\n\n                        document.addEventListener('DOMContentLoaded', function () {\n\n                            (function() {\n                                const blockSlide = new Splide( '#slide_278', {\n                                    type : 'loop',\n                                    perPage: 1,\n                                                                        \n                                    breakpoints: {\n                                        800: {\n                                            perPage: 1,\n                                                                                    },\n                                        450: {\n                                            perPage: 1,\n                                            \n                                        },\n                                    },\n                                    pagination: false,\n                                    arrows: true,\n                                    gap: 'var(--wp--style--block-gap)',\n                                    i18n: {\n                                        slideLabel: '0%s \/ 0%s',\n                                    }\n                                } );\n                                \n\n                                \n                                blockSlide.mount();\n                                                                \n\n                            })();\n                        })\n                    <\/script>\n\n                    <div class=\"slider-container\"><div class=\"splide galeria-slider galeria-columnas-1\" id=\"slide_278\"><div class=\"splide__track\"><div class=\"splide__list\"><div id=\"thumb-6466\" class=\"splide__slide\" data-counter=\"01\/06\"><div class=\"image-wrapper\"><img loading=\"lazy\" decoding=\"async\" width=\"512\" height=\"341\" src=\"https:\/\/www.campingkims.com\/wp-content\/uploads\/edtudio-b1-salon-512x341.webp\" class=\"attachment-gallery-small size-gallery-small\" alt=\"\" srcset=\"https:\/\/www.campingkims.com\/wp-content\/uploads\/edtudio-b1-salon-512x341.webp 512w, https:\/\/www.campingkims.com\/wp-content\/uploads\/edtudio-b1-salon-1024x683.webp 1024w, https:\/\/www.campingkims.com\/wp-content\/uploads\/edtudio-b1-salon-768x512.webp 768w, https:\/\/www.campingkims.com\/wp-content\/uploads\/edtudio-b1-salon-1536x1024.webp 1536w, https:\/\/www.campingkims.com\/wp-content\/uploads\/edtudio-b1-salon-256x171.webp 256w, https:\/\/www.campingkims.com\/wp-content\/uploads\/edtudio-b1-salon.webp 1920w\" sizes=\"(max-width: 512px) 100vw, 512px\" \/><\/div><\/div><div id=\"thumb-6473\" class=\"splide__slide\" data-counter=\"02\/06\"><div class=\"image-wrapper\"><img loading=\"lazy\" decoding=\"async\" width=\"512\" height=\"341\" src=\"https:\/\/www.campingkims.com\/wp-content\/uploads\/edtudio-b1-salno-cocina-512x341.webp\" class=\"attachment-gallery-small size-gallery-small\" alt=\"\" srcset=\"https:\/\/www.campingkims.com\/wp-content\/uploads\/edtudio-b1-salno-cocina-512x341.webp 512w, https:\/\/www.campingkims.com\/wp-content\/uploads\/edtudio-b1-salno-cocina-1024x683.webp 1024w, https:\/\/www.campingkims.com\/wp-content\/uploads\/edtudio-b1-salno-cocina-768x512.webp 768w, https:\/\/www.campingkims.com\/wp-content\/uploads\/edtudio-b1-salno-cocina-1536x1024.webp 1536w, https:\/\/www.campingkims.com\/wp-content\/uploads\/edtudio-b1-salno-cocina-256x171.webp 256w, https:\/\/www.campingkims.com\/wp-content\/uploads\/edtudio-b1-salno-cocina.webp 1920w\" sizes=\"(max-width: 512px) 100vw, 512px\" \/><\/div><\/div><div id=\"thumb-6444\" class=\"splide__slide\" data-counter=\"03\/06\"><div class=\"image-wrapper\"><img loading=\"lazy\" decoding=\"async\" width=\"512\" height=\"341\" src=\"https:\/\/www.campingkims.com\/wp-content\/uploads\/edtudio-b1-sala-terraza-512x341.webp\" class=\"attachment-gallery-small size-gallery-small\" alt=\"\" srcset=\"https:\/\/www.campingkims.com\/wp-content\/uploads\/edtudio-b1-sala-terraza-512x341.webp 512w, https:\/\/www.campingkims.com\/wp-content\/uploads\/edtudio-b1-sala-terraza-1024x683.webp 1024w, https:\/\/www.campingkims.com\/wp-content\/uploads\/edtudio-b1-sala-terraza-768x512.webp 768w, https:\/\/www.campingkims.com\/wp-content\/uploads\/edtudio-b1-sala-terraza-1536x1024.webp 1536w, https:\/\/www.campingkims.com\/wp-content\/uploads\/edtudio-b1-sala-terraza-256x171.webp 256w, https:\/\/www.campingkims.com\/wp-content\/uploads\/edtudio-b1-sala-terraza.webp 1920w\" sizes=\"(max-width: 512px) 100vw, 512px\" \/><\/div><\/div><div id=\"thumb-6451\" class=\"splide__slide\" data-counter=\"04\/06\"><div class=\"image-wrapper\"><img loading=\"lazy\" decoding=\"async\" width=\"512\" height=\"341\" src=\"https:\/\/www.campingkims.com\/wp-content\/uploads\/edtudio-b1-habitacion-2-camas-512x341.webp\" class=\"attachment-gallery-small size-gallery-small\" alt=\"\" srcset=\"https:\/\/www.campingkims.com\/wp-content\/uploads\/edtudio-b1-habitacion-2-camas-512x341.webp 512w, https:\/\/www.campingkims.com\/wp-content\/uploads\/edtudio-b1-habitacion-2-camas-1024x683.webp 1024w, https:\/\/www.campingkims.com\/wp-content\/uploads\/edtudio-b1-habitacion-2-camas-768x512.webp 768w, https:\/\/www.campingkims.com\/wp-content\/uploads\/edtudio-b1-habitacion-2-camas-1536x1024.webp 1536w, https:\/\/www.campingkims.com\/wp-content\/uploads\/edtudio-b1-habitacion-2-camas-256x171.webp 256w, https:\/\/www.campingkims.com\/wp-content\/uploads\/edtudio-b1-habitacion-2-camas.webp 1920w\" sizes=\"(max-width: 512px) 100vw, 512px\" \/><\/div><\/div><div id=\"thumb-6459\" class=\"splide__slide\" data-counter=\"05\/06\"><div class=\"image-wrapper\"><img loading=\"lazy\" decoding=\"async\" width=\"512\" height=\"341\" src=\"https:\/\/www.campingkims.com\/wp-content\/uploads\/edtudio-b1-banyo-512x341.webp\" class=\"attachment-gallery-small size-gallery-small\" alt=\"\" srcset=\"https:\/\/www.campingkims.com\/wp-content\/uploads\/edtudio-b1-banyo-512x341.webp 512w, https:\/\/www.campingkims.com\/wp-content\/uploads\/edtudio-b1-banyo-1024x683.webp 1024w, https:\/\/www.campingkims.com\/wp-content\/uploads\/edtudio-b1-banyo-768x512.webp 768w, https:\/\/www.campingkims.com\/wp-content\/uploads\/edtudio-b1-banyo-1536x1024.webp 1536w, https:\/\/www.campingkims.com\/wp-content\/uploads\/edtudio-b1-banyo-256x171.webp 256w, https:\/\/www.campingkims.com\/wp-content\/uploads\/edtudio-b1-banyo.webp 1920w\" sizes=\"(max-width: 512px) 100vw, 512px\" \/><\/div><\/div><div id=\"thumb-6480\" class=\"splide__slide\" data-counter=\"06\/06\"><div class=\"image-wrapper\"><img loading=\"lazy\" decoding=\"async\" width=\"512\" height=\"341\" src=\"https:\/\/www.campingkims.com\/wp-content\/uploads\/edtudio-b1-terraza-512x341.webp\" class=\"attachment-gallery-small size-gallery-small\" alt=\"\" srcset=\"https:\/\/www.campingkims.com\/wp-content\/uploads\/edtudio-b1-terraza-512x341.webp 512w, https:\/\/www.campingkims.com\/wp-content\/uploads\/edtudio-b1-terraza-1024x683.webp 1024w, https:\/\/www.campingkims.com\/wp-content\/uploads\/edtudio-b1-terraza-768x512.webp 768w, https:\/\/www.campingkims.com\/wp-content\/uploads\/edtudio-b1-terraza-1536x1024.webp 1536w, https:\/\/www.campingkims.com\/wp-content\/uploads\/edtudio-b1-terraza-256x171.webp 256w, https:\/\/www.campingkims.com\/wp-content\/uploads\/edtudio-b1-terraza.webp 1920w\" sizes=\"(max-width: 512px) 100vw, 512px\" \/><\/div><\/div><\/div><\/div><\/div><\/div>\n                    \n<\/div><\/div>\n<\/div>\n\n\n\n<div class=\"wp-block-buttons buttons-direction is-content-justification-center is-layout-flex wp-container-core-buttons-is-layout-1 wp-block-buttons-is-layout-flex\" style=\"margin-bottom:14vh\">\n<div class=\"wp-block-button has-custom-width wp-block-button__width-50 animation--init--once slide-up delay-1 invert-icon\" style=\"text-transform:uppercase\"><a class=\"wp-block-button__link has-theme-green-background-color has-background wp-element-button\" href=\"http:\/\/www.campingkims.com\/wp-content\/uploads\/planell-estudi-b-web.webp\" style=\"border-radius:0.25rem\" target=\"_blank\" rel=\"noreferrer noopener\" class=\"image-link\">\n          <img loading=\"lazy\" decoding=\"async\" width=\"25\" height=\"24\" class=\"wp-image-1472\" style=\"width: 25px;\" src=\"http:\/\/www.campingkims.com\/wp-content\/uploads\/mapa-camping.svg\" alt=\"\">\n          <strong>Situats dins del c\u00e0mping<\/strong>\n        <\/a><\/div>\n<\/div>\n\n\n\n<div class=\"wp-block-auto-tabs accommodation-tabs alignfull has-custom-margin animation--init--once\" style=\"margin-bottom:14vh;\" data-selector=\"h3\">\n  <div class=\"acf-innerblocks-container\">\n\n<div class=\"wp-block-group auto-tabs-wrapper is-layout-flow wp-block-group-is-layout-flow\">\n<p class=\"has-text-align-center\"><strong>Aqu\u00ed se mostrar\u00e1n las pesta\u00f1as.<\/strong><br> El primer <strong>h3<\/strong> de cada contenido se usar\u00e1 como t\u00edtulo de su pesta\u00f1a. Puedes cambiarlo por otro tag o una clase en el panel lateral<\/p>\n<\/div>\n\n\n\n<div class=\"wp-block-group auto-content-wrapper has-theme-soft-blue-background-color has-background is-layout-flow wp-block-group-is-layout-flow\">\n<div class=\"wp-block-group is-layout-flow wp-block-group-is-layout-flow\">\n<h3 class=\"wp-block-heading has-text-align-center\">Inventari<\/h3>\n\n\n\n<div class=\"wp-block-group inventari-section background-color-color-1 is-layout-constrained wp-container-core-group-is-layout-8 wp-block-group-is-layout-constrained\" style=\"padding-top:var(--wp--preset--spacing--40);padding-right:var(--wp--preset--spacing--30);padding-bottom:var(--wp--preset--spacing--40);padding-left:var(--wp--preset--spacing--30)\">\n<h4 class=\"wp-block-heading heading has-icon has-icon-kitchen-pot\">Cuina<\/h4>\n\n\n\n<div class=\"wp-block-columns is-layout-flex wp-container-core-columns-is-layout-2 wp-block-columns-is-layout-flex\">\n<div class=\"wp-block-column is-layout-flow wp-block-column-is-layout-flow\">\n<h5 class=\"wp-block-heading heading\">Estris cuina<\/h5>\n\n\n\n<ul class=\"wp-block-list styled-list\">\n<li>Exprimidor (x1)<\/li>\n\n\n\n<li>Espumadera (x1)<\/li>\n\n\n\n<li>Esp\u00e0tula (x1)<\/li>\n\n\n\n<li>Escurridor (x1)<\/li>\n\n\n\n<li>Cullerot (x1)<\/li>\n\n\n\n<li>Colador (x1)<\/li>\n\n\n\n<li>Ganivet pa (x1)<\/li>\n\n\n\n<li>Obre-llaunes (x1)<\/li>\n\n\n\n<li>Safata (x1)<\/li>\n\n\n\n<li>Tisores (x1)<\/li>\n\n\n\n<li>Llevataps (x1)<\/li>\n\n\n\n<li>Taula de tallar (x1)<\/li>\n\n\n\n<li>Pinces grill (x1)<\/li>\n<\/ul>\n<\/div>\n\n\n\n<div class=\"wp-block-column is-layout-flow wp-block-column-is-layout-flow\">\n<h5 class=\"wp-block-heading heading\">Olles i Paelles<\/h5>\n\n\n\n<ul class=\"wp-block-list styled-list\">\n<li>Paelles (x2)<\/li>\n\n\n\n<li>Cass\u00f3 (x1)<\/li>\n\n\n\n<li>Olles (x1)<\/li>\n<\/ul>\n<\/div>\n\n\n\n<div class=\"wp-block-column is-layout-flow wp-block-column-is-layout-flow\">\n<h5 class=\"wp-block-heading heading\">Petits electrodom\u00e8stics<\/h5>\n\n\n\n<ul class=\"wp-block-list styled-list\">\n<li>Microones (x1)<\/li>\n\n\n\n<li>Minipimer (x1)<\/li>\n\n\n\n<li>Torradora (x1)<\/li>\n\n\n\n<li>Cafetera (x1)<\/li>\n<\/ul>\n<\/div>\n<\/div>\n<\/div>\n\n\n\n<div class=\"wp-block-group inventari-section background-color-color-2 is-layout-constrained wp-container-core-group-is-layout-9 wp-block-group-is-layout-constrained\" style=\"padding-top:var(--wp--preset--spacing--40);padding-right:var(--wp--preset--spacing--30);padding-bottom:var(--wp--preset--spacing--40);padding-left:var(--wp--preset--spacing--30)\">\n<h4 class=\"wp-block-heading heading has-icon has-icon-plate\">Menjador<\/h4>\n\n\n\n<div class=\"wp-block-columns is-layout-flex wp-container-core-columns-is-layout-3 wp-block-columns-is-layout-flex\">\n<div class=\"wp-block-column is-layout-flow wp-block-column-is-layout-flow\">\n<h5 class=\"wp-block-heading heading\">Vaixella<\/h5>\n\n\n\n<ul class=\"wp-block-list styled-list\">\n<li>Plats plans (x2)<\/li>\n\n\n\n<li>Plats sopers (x2)<\/li>\n\n\n\n<li>Plats postre (x2)<\/li>\n\n\n\n<li>Plats caf\u00e8 (x2)<\/li>\n\n\n\n<li>Tasses caf\u00e9 llet (x2)<\/li>\n\n\n\n<li>Bols (x2)<\/li>\n\n\n\n<li>Gots vi (x2)<\/li>\n\n\n\n<li>Gots aigua (x2)<\/li>\n\n\n\n<li>Gerra d\u2019aigua (x1)<\/li>\n<\/ul>\n<\/div>\n\n\n\n<div class=\"wp-block-column is-layout-flow wp-block-column-is-layout-flow\">\n<h5 class=\"wp-block-heading heading\">Coberts<\/h5>\n\n\n\n<ul class=\"wp-block-list styled-list\">\n<li>Ganivets (x2)<\/li>\n\n\n\n<li>Forquilles (x2)<\/li>\n\n\n\n<li>Culleres (x2)<\/li>\n\n\n\n<li>Culleretes (x2)<\/li>\n<\/ul>\n<\/div>\n\n\n\n<div class=\"wp-block-column is-layout-flow wp-block-column-is-layout-flow\">\n<h5 class=\"wp-block-heading heading\">Textil<\/h5>\n\n\n\n<ul class=\"wp-block-list styled-list\">\n<li>Estovalles Hule (x1)<\/li>\n\n\n\n<li>Draps cuina (x3)<\/li>\n<\/ul>\n<\/div>\n<\/div>\n<\/div>\n\n\n\n<div class=\"wp-block-group inventari-section background-color-color-3 is-layout-constrained wp-container-core-group-is-layout-10 wp-block-group-is-layout-constrained\" style=\"padding-top:var(--wp--preset--spacing--40);padding-right:var(--wp--preset--spacing--30);padding-bottom:var(--wp--preset--spacing--40);padding-left:var(--wp--preset--spacing--30)\">\n<h4 class=\"wp-block-heading heading has-icon has-icon-clean\">Neteja<\/h4>\n\n\n\n<div class=\"wp-block-columns is-layout-flex wp-container-core-columns-is-layout-4 wp-block-columns-is-layout-flex\">\n<div class=\"wp-block-column is-layout-flow wp-block-column-is-layout-flow\">\n<h5 class=\"wp-block-heading heading\">General<\/h5>\n\n\n\n<ul class=\"wp-block-list styled-list\">\n<li>Cubell brossa (x1)<\/li>\n\n\n\n<li>Escombra (x1)<\/li>\n\n\n\n<li>Recollidor (x1)<\/li>\n\n\n\n<li>Fregona (x1)<\/li>\n\n\n\n<li>Galleda (x1)<\/li>\n<\/ul>\n<\/div>\n\n\n\n<div class=\"wp-block-column is-layout-flow wp-block-column-is-layout-flow\">\n<h5 class=\"wp-block-heading heading\">Bany<\/h5>\n\n\n\n<ul class=\"wp-block-list styled-list\">\n<li>Escombreta WC (x1)<\/li>\n\n\n\n<li>Alfombra bany (x1)<\/li>\n\n\n\n<li>Cubell bany (x1)<\/li>\n<\/ul>\n<\/div>\n<\/div>\n<\/div>\n\n\n\n<div class=\"wp-block-group inventari-section background-color-color-4 is-layout-constrained wp-container-core-group-is-layout-11 wp-block-group-is-layout-constrained\" style=\"padding-top:var(--wp--preset--spacing--40);padding-right:var(--wp--preset--spacing--30);padding-bottom:var(--wp--preset--spacing--40);padding-left:var(--wp--preset--spacing--30)\">\n<h4 class=\"wp-block-heading heading has-icon has-icon-cama-doble\">Dormitori<\/h4>\n\n\n\n<div class=\"wp-block-columns is-layout-flex wp-container-core-columns-is-layout-5 wp-block-columns-is-layout-flex\">\n<div class=\"wp-block-column is-layout-flow wp-block-column-is-layout-flow\">\n<h5 class=\"wp-block-heading heading\">Roba de llit i bany<\/h5>\n\n\n\n<ul class=\"wp-block-list styled-list\">\n<li>Cobrellits (x2)<\/li>\n\n\n\n<li>Mantes (x2)<\/li>\n\n\n\n<li>Coixins (x2)<\/li>\n\n\n\n<li>Tovallola dutxa (x2)<\/li>\n\n\n\n<li>Tovallola m\u00e0 (x2)<\/li>\n<\/ul>\n<\/div>\n\n\n\n<div class=\"wp-block-column is-layout-flow wp-block-column-is-layout-flow\">\n<h5 class=\"wp-block-heading heading\">Altres<\/h5>\n\n\n\n<ul class=\"wp-block-list styled-list\">\n<li>Planxa (x1)<\/li>\n\n\n\n<li>Taula planxar (x1)<\/li>\n\n\n\n<li>Estenedor Sisi (x1)<\/li>\n<\/ul>\n<\/div>\n<\/div>\n<\/div>\n\n\n\n<div class=\"wp-block-group inventari-section background-color-color-1 is-layout-constrained wp-container-core-group-is-layout-12 wp-block-group-is-layout-constrained\" style=\"padding-top:var(--wp--preset--spacing--40);padding-right:var(--wp--preset--spacing--30);padding-bottom:var(--wp--preset--spacing--40);padding-left:var(--wp--preset--spacing--30)\">\n<h4 class=\"wp-block-heading heading has-icon has-icon-television\">Sala d&#8217;estar<\/h4>\n\n\n\n<div class=\"wp-block-columns is-layout-flex wp-container-core-columns-is-layout-6 wp-block-columns-is-layout-flex\">\n<div class=\"wp-block-column is-layout-flow wp-block-column-is-layout-flow\">\n<h5 class=\"wp-block-heading heading\">Electr\u00f2nica<\/h5>\n\n\n\n<ul class=\"wp-block-list styled-list\">\n<li>TV + Comandament (x1)<\/li>\n<\/ul>\n<\/div>\n\n\n\n<div class=\"wp-block-column is-layout-flow wp-block-column-is-layout-flow\">\n<h5 class=\"wp-block-heading heading\">Altres<\/h5>\n\n\n\n<ul class=\"wp-block-list styled-list\">\n<li>Cendrer (x1)<\/li>\n<\/ul>\n<\/div>\n<\/div>\n<\/div>\n<\/div>\n\n\n\n<div class=\"wp-block-group is-layout-flow wp-block-group-is-layout-flow\">\n<h3 class=\"wp-block-heading has-text-align-center\">Informaci\u00f3<\/h3>\n\n\n\n<ul class=\"wp-block-list styled-list has-theme-purple-color has-text-color\">\n<li><strong>Preus en Euros (EUR \u20ac).<\/strong><br>IVA 10% incl\u00f2s. En cas de variaci\u00f3 oficial del IVA, els preus poden variar.<\/li>\n\n\n\n<li><strong>Taxa tur\u00edstica no inclosa<\/strong>: 0,66\u20ac\/nit per persona (+17 anys) per un m\u00e0xim de 7 nits..<\/li>\n\n\n\n<li><strong>Arribada:<\/strong> l &#8216;allotjament estar\u00e0 disponible a partir de les 16:00h<\/li>\n\n\n\n<li><strong>Sortida:<\/strong> l&#8217;allotjament haur\u00e0 de desallotjar-se abans de les 11:00h.<\/li>\n\n\n\n<li><strong>Late Checkout<\/strong><br>Durant les Temporades Baixa i Mitja es pot deixar l&#8217;allotjament m\u00e9s tard (late checkout) m\u00e0x. a les 17:00. Depen de la disponibilitat i requereix consulta pr\u00e8via a Recepci\u00f3.<\/li>\n<\/ul>\n<\/div>\n\n\n\n<div class=\"wp-block-group is-layout-flow wp-block-group-is-layout-flow\">\n<h3 class=\"wp-block-heading has-text-align-center\">Condicions<\/h3>\n\n\n\n<ul class=\"wp-block-list styled-list has-theme-purple-color has-text-color\">\n<li>La reserva ser\u00e0 definitiva despr\u00e9s d&#8217;haver rebut la corresponent paga i senyal (40% del total contractat).<\/li>\n\n\n\n<li>La resta del total del lloguer s&#8217;abonar\u00e0 el dia d&#8217;arribada juntament amb una fian\u00e7a (130\u20ac en concepte de trencaments, p\u00e8rdues, etc. + 50\u20ac en concepte de neteja) que es retornaran el dia de sortida si tot est\u00e0 correcte.<\/li>\n\n\n\n<li>A l&#8217;arribada li demanarem que ens faciliti un n\u00famero de tarja de cr\u00e8dit, Servir\u00e0 \u00fanicament per cobrir els possibles desperfectes durant l&#8217;estada.<\/li>\n\n\n\n<li>L&#8217;allotjament es deixar\u00e0 net i recollit tal com va ser lliurat.<\/li>\n<\/ul>\n<\/div>\n\n\n\n<div class=\"wp-block-group is-layout-flow wp-block-group-is-layout-flow\">\n<div class=\"wp-block-group inventari-section has-theme-grey-background-color has-background is-layout-constrained wp-block-group-is-layout-constrained\">\n<h3 class=\"wp-block-heading has-text-align-center\">Normativa<\/h3>\n\n\n\n<div class=\"wp-block-columns is-layout-flex wp-container-core-columns-is-layout-7 wp-block-columns-is-layout-flex\">\n<div class=\"wp-block-column is-layout-flow wp-block-column-is-layout-flow\">\n<p class=\"styled-list\"><strong><u>DIA D\u2019ARRIBADA<\/u><\/strong><\/p>\n\n\n\n<ul class=\"wp-block-list styled-list\">\n<li>L\u2019allotjament estar\u00e0 disponible a partir de les <strong>16h.<\/strong><\/li>\n\n\n\n<li><strong>En per\u00edodes de m\u00e0xima ocupaci\u00f3, es podr\u00e0 retardar l&#8217;hora d&#8217;entrada als allotjaments.<\/strong><\/li>\n\n\n\n<li><strong>A l&#8217; arribada, <\/strong>aparquin a l&#8217;aparcament exterior reservat exclusivament per als nostres clients.<\/li>\n\n\n\n<li><strong>S\u2019ha de fer l\u2019 inscripci\u00f3 abans d\u2019entrar al c\u00e0mping amb el cotxe.<\/strong><\/li>\n\n\n\n<li><strong>Registre: <\/strong>El client i tots els seus acompanyants han d\u2019acreditar la seva identitat amb <strong>DNI <\/strong>o <strong>passaport.<\/strong><\/li>\n\n\n\n<li>El <strong>perm\u00eds de conduir<\/strong> no \u00e9s v\u00e0lid com a document d&#8217;identificaci\u00f3.<\/li>\n\n\n\n<li>Segons legislaci\u00f3 vigent a partir de 14 anys tenen l&#8217;obligaci\u00f3 de presentar el DNIo passaport.<\/li>\n\n\n\n<li><strong>Menors:<\/strong> No s&#8217;admetr\u00e0 l&#8217;entrada a menors de 18 anys que no vagin acompanyats del pare, mare o tutor legal durant tota l\u2019estada.<\/li>\n\n\n\n<li><strong>Capacitat m\u00e0xima de persones:<\/strong> Est\u00e0 totalment prohibit superar el nombre d\u2019ocupants previst per al tipus d\u2019allotjament reservat. Un nad\u00f3 o un nen compta com a persona i com a ocupant.<\/li>\n\n\n\n<li><strong>Pagament: <\/strong>L&#8217;import pendent de pagament, l&#8217;impost tur\u00edstic i la fian\u00e7a s&#8217;abonaran a l&#8217;arribada al c\u00e0mping.<\/li>\n\n\n\n<li><strong>L\u00edmit de pagament en efectiu<\/strong><\/li>\n\n\n\n<li>No podem acceptar pagaments en efectiu import total factura superior&nbsp; <strong>1.000 Euros<\/strong><\/li>\n\n\n\n<li>Tampoc pagaments parcials si el total de la factura supera els 1.000 euros.<\/li>\n\n\n\n<li><strong><u>Dip\u00f2sit de garantia de 180\u20ac en concepte de fian\u00e7a: <\/u><\/strong><\/li>\n\n\n\n<li><strong>180 \u20ac<\/strong> (<strong>130 \u20ac<\/strong> per a eventuals desperfectes o danys i <strong>50 \u20ac<\/strong> en concepte de neteja) <strong>40 \u20ac <\/strong>P\u00e8rdua de clau<\/li>\n\n\n\n<li>A l&#8217;arribada li demanarem que ens faciliti un n\u00famero de tarja de cr\u00e8dit que servir\u00e0 per cobrir els possibles desperfectes o desaparici\u00f3 d&#8217;objectes del seu allotjament durant l&#8217;estada.<\/li>\n\n\n\n<li><strong>Notificar a recepci\u00f3:<\/strong> Si observeu que alguna cosa no funciona en arribar, informeu-ne immediatament a la recepci\u00f3.<\/li>\n\n\n\n<li><strong>No es permet el canvi d&#8217;acompanyants durant l&#8217;estada.<\/strong><\/li>\n<\/ul>\n<\/div>\n\n\n\n<div class=\"wp-block-column is-layout-flow wp-block-column-is-layout-flow\">\n<p class=\"styled-list\"><strong><span style=\"text-decoration: underline;\">DIA DE SORTIDA<\/span><\/strong><\/p>\n\n\n\n<ul class=\"wp-block-list styled-list\">\n<li>L&#8217;allotjament quedar\u00e0 lliure <strong>abans de les<\/strong> <strong>11h<\/strong><strong>.<\/strong><\/li>\n\n\n\n<li><strong>L\u2019allotjament es deixar\u00e0 net i recollit tal com va ser lliurat, en \u00f2ptimes condicions.<\/strong><\/li>\n\n\n\n<li><strong>Late check out: &nbsp;<\/strong>En temporada baixa i mitjaamb cost addicional. Nom\u00e9s \u00e9s pot contractar el dia de sortida segons disponibilitat. Sortida a les 18h m\u00e0xim.<\/li>\n\n\n\n<li><strong>Material abandonat\/oblidat.&nbsp;T<\/strong>ot objecte que romangui en un allotjament despr\u00e9s de l\u2019hora de sortida estipulada ser\u00e0 considerat abandonat. El personal del c\u00e0mping el retirar\u00e0 sense assumir cap responsabilitat.<\/li>\n<\/ul>\n\n\n\n<p class=\"styled-list\"><strong><span style=\"text-decoration: underline;\">NORMES GENERALES<\/span><\/strong><\/p>\n\n\n\n<ul class=\"wp-block-list styled-list\">\n<li><strong>Animals dom\u00e8stics:<\/strong> Prohibits els animals dom\u00e8stics tant dels ocupants com visitants.<\/li>\n\n\n\n<li>No s\u2019admet cap mena d\u2019animal als allotjaments.<\/li>\n\n\n\n<li><strong>Barbacoes: <\/strong>Est\u00e0 prohibit fer barbacoes de llenya o carb\u00f3.<\/li>\n\n\n\n<li><strong>Nom\u00e9s les barbacoes de gas s\u00f3n permeses<\/strong>.<\/li>\n\n\n\n<li><strong>Piscina:<\/strong> \u00c9s obligatori l&#8217;estricte compliment de les instruccions del socorrista aix\u00ed com les normes de la piscina exposades a la seva entrada. Nom\u00e9s es permet l&#8217;\u00fas del vestit de bany tradicional, biquini i vestit de cavaller.<\/li>\n\n\n\n<li><strong>Visites:<\/strong> Han de pagar la tarifa corresponen. No podran pernoctar a l\u2019allotjament. <strong>Horari visites:<\/strong> de 10h a 19h<\/li>\n\n\n\n<li><strong>Espai sense fum: <\/strong>Es prohibeix fumar a totes les instal\u00b7lacions del c\u00e0mping, incloses les piscines.<\/li>\n\n\n\n<li><strong>Soroll:&nbsp;<\/strong>Tamb\u00e9 durant el dia, el nivell sonor produ\u00eft pels propis clients, els dispositius i aparells no hauran de causar mol\u00e8sties als ve\u00efns i a altres clients. Tamb\u00e9 \u00e9s aplicable a les zones comunes.<\/li>\n\n\n\n<li><strong>Civisme:<\/strong> Les conductes vand\u00e0liques i agressives aix\u00ed com els furts, no s\u00f3n admeses en aquest c\u00e0mping.<\/li>\n\n\n\n<li><strong>Robatoris, P\u00e8rdues:<\/strong> el c\u00e0mping declina tota responsabilitat.<\/li>\n\n\n\n<li><strong>Vehicle:<\/strong> Est\u00e0 perm\u00e8s un vehicle per cada allotjament, que quedar\u00e0 estacionat al lloc indicat.<\/li>\n\n\n\n<li>El vehicle mai no podr\u00e0 superar dins el recinte del c\u00e0mping la velocitat dels <strong>10 Km\/hora.<\/strong><\/li>\n\n\n\n<li><strong>Bicicletes\/Patinets<\/strong> i vehicles similars no podran circular a m\u00e9s de 10km\/h.<\/li>\n\n\n\n<li>A la nit cal portar la il\u00b7luminaci\u00f3 adequada per circular i estar ben identificats.<\/li>\n\n\n\n<li><strong>Els patinets el\u00e8ctrics no estan permesos<\/strong><\/li>\n\n\n\n<li><strong>Horari de silenci &nbsp;<\/strong>s&#8217;estableix entre<strong> 00:00hrs<\/strong> i les<strong> 8hrs<\/strong><\/li>\n\n\n\n<li>El client evitar\u00e0 tota mena de sorolls o veus per a no pertorbar el descans dels altres campistes.<\/li>\n\n\n\n<li><strong>Prohibida la circulaci\u00f3 de vehicles <\/strong>&nbsp;durant les hores de silenci de 0hrs a 8hrs. <strong>(a excepci\u00f3 d\u2019emerg\u00e8ncies)<\/strong><\/li>\n\n\n\n<li>La barrera es tanca de 00:00h a 8h. Qui arribi durant aquesta franja haur\u00e0 de deixar el cotxe\/moto al p\u00e0rquing exterior.<\/li>\n<\/ul>\n<\/div>\n<\/div>\n<\/div>\n<\/div>\n\n\n\n<div class=\"wp-block-group is-layout-flow wp-block-group-is-layout-flow\">\n<h3 class=\"wp-block-heading has-text-align-center\">Cancel\u00b7laci\u00f3<\/h3>\n\n\n\n<ul class=\"wp-block-list styled-list has-theme-purple-color has-text-color\">\n<li>Cancel\u00b7laci\u00f3 entre 8 i 7 setmanes abans del dia d\u2019arribada, retenci\u00f3 del 30%.<\/li>\n\n\n\n<li>Cancel\u00b7laci\u00f3 6 setmanes abans del dia d\u2019arribada, retenci\u00f3 del 45%.<\/li>\n\n\n\n<li>Cancel\u00b7laci\u00f3 de 5 a 3 setmanes abans del dia d\u2019arribada, retenci\u00f3 del 60%<\/li>\n\n\n\n<li>Cancel\u00b7laci\u00f3 2 setmanes abans del dia d\u2019arribada, retenci\u00f3 del 100%<\/li>\n\n\n\n<li><strong>Despeses m\u00ednimes de cancel.laci\u00f3: 20,00 \u20ac<\/strong><\/li>\n<\/ul>\n<\/div>\n<\/div>\n\n<\/div><\/div>\n\n\n<div class=\"wp-block-group animation--init--once slide-up is-vertical is-content-justification-center is-layout-flex wp-container-core-group-is-layout-20 wp-block-group-is-layout-flex\">\n<h2 class=\"wp-block-heading has-theme-dark-purple-color has-text-color\">Preus i descomptes<\/h2>\n\n\n\n<figure class=\"wp-block-image size-large is-resized wp-duotone-1ac6fe-fff-11\"><img loading=\"lazy\" decoding=\"async\" width=\"25\" height=\"9\" src=\"http:\/\/www.campingkims.com\/wp-content\/uploads\/ola-separadora.svg\" alt=\"\" class=\"wp-image-921\" style=\"width:70px;height:undefinedpx\"\/><\/figure>\n<\/div>\n\n\n\n<div class=\"wp-block-columns alignwide price-columns is-layout-flex wp-container-core-columns-is-layout-13 wp-block-columns-is-layout-flex\" style=\"margin-bottom:4vh\">\n<div class=\"wp-block-column is-layout-flow wp-block-column-is-layout-flow\" style=\"flex-basis:50%\">\n<figure class=\"wp-block-image size-large is-resized is-style-icon-row animation--init--once slide-right price-icon wp-duotone-1ac6fe-1ac6fe-12\"><img loading=\"lazy\" decoding=\"async\" width=\"25\" height=\"25\" src=\"http:\/\/www.campingkims.com\/wp-content\/uploads\/luna.svg\" alt=\"\" class=\"wp-image-1485\" style=\"width:32px;height:32px\"\/><figcaption class=\"wp-element-caption\">\n          <strong>Preus per nit<\/strong>\n        <\/figcaption><\/figure>\n\n\n\n<div class=\"wp-block-columns are-vertically-aligned-center is-not-stacked-on-mobile animation--init--once slide-right price-card has-theme-white-color has-theme-blue-background-color has-text-color has-background is-layout-flex wp-container-core-columns-is-layout-8 wp-block-columns-is-layout-flex\" style=\"border-radius:4px\">\n<div class=\"wp-block-column is-vertically-aligned-center is-layout-flow wp-block-column-is-layout-flow\" style=\"border-right-color:var(--wp--preset--color--theme-white);border-right-width:1px;padding-top:1rem;padding-right:1rem;padding-bottom:1rem;padding-left:1rem;flex-basis:60%\">\n<p class=\"large-font has-h-2-font-size\">\n          <em>\n            <strong>55<sup>,00 \u20ac<\/sup><\/strong>\n          <\/em>\n        <\/p>\n\n\n\n<p class=\"has-roboto-slab-font-family has-text-small-font-size\">\n          <strong>TEMPORADA BAIXA<\/strong>\n        <\/p>\n<\/div>\n\n\n\n<div class=\"wp-block-column is-vertically-aligned-center is-layout-flow wp-block-column-is-layout-flow\" style=\"padding-top:1rem;padding-right:1rem;padding-bottom:1rem;padding-left:1rem;flex-basis:40%\">\n<p><strong>30\/04 &#8211; 31\/05\n14\/09 &#8211; 27\/09<\/strong><\/p>\n<\/div>\n<\/div>\n\n\n\n<div class=\"wp-block-columns are-vertically-aligned-center is-not-stacked-on-mobile animation--init--once slide-right price-card has-theme-white-color has-text-color has-background is-layout-flex wp-container-core-columns-is-layout-9 wp-block-columns-is-layout-flex\" style=\"border-radius:4px;background-color:#0d71ce\">\n<div class=\"wp-block-column is-vertically-aligned-center is-layout-flow wp-block-column-is-layout-flow\" style=\"border-right-color:var(--wp--preset--color--theme-white);border-right-width:1px;padding-top:1rem;padding-right:1rem;padding-bottom:1rem;padding-left:1rem;flex-basis:60%\">\n<p class=\"large-font has-h-2-font-size\">\n          <em>\n            <strong>77<sup>,00 \u20ac<\/sup><\/strong>\n          <\/em>\n        <\/p>\n\n\n\n<p class=\"has-roboto-slab-font-family has-text-small-font-size\" style=\"text-transform:uppercase\">\n          <strong>TEMPORADA MITJA<\/strong>\n        <\/p>\n<\/div>\n\n\n\n<div class=\"wp-block-column is-vertically-aligned-center is-layout-flow wp-block-column-is-layout-flow\" style=\"padding-top:1rem;padding-right:1rem;padding-bottom:1rem;padding-left:1rem;flex-basis:40%\">\n<p><strong>01\/06 \u2013 16\/07 <br>24\/08 \u2013 13\/09<\/strong><\/p>\n<\/div>\n<\/div>\n\n\n\n<div class=\"wp-block-columns are-vertically-aligned-center is-not-stacked-on-mobile animation--init--once slide-right price-card has-theme-white-color has-text-color has-background is-layout-flex wp-container-core-columns-is-layout-10 wp-block-columns-is-layout-flex\" style=\"border-radius:4px;background-color:#221b40\">\n<div class=\"wp-block-column is-vertically-aligned-center is-layout-flow wp-block-column-is-layout-flow\" style=\"border-right-color:var(--wp--preset--color--theme-white);border-right-width:1px;padding-top:1rem;padding-right:1rem;padding-bottom:1rem;padding-left:1rem;flex-basis:60%\">\n<p class=\"large-font has-h-2-font-size\">\n          <em>\n            <strong>109<sup>,00 \u20ac<\/sup><\/strong>\n          <\/em>\n        <\/p>\n\n\n\n<p class=\"has-roboto-slab-font-family has-text-small-font-size\">\n          <strong>TEMPORADA ALTA<\/strong>\n        <\/p>\n<\/div>\n\n\n\n<div class=\"wp-block-column is-vertically-aligned-center is-layout-flow wp-block-column-is-layout-flow\" style=\"padding-top:1rem;padding-right:1rem;padding-bottom:1rem;padding-left:1rem;flex-basis:40%\">\n<p><strong>17\/07-23\/08<\/strong><\/p>\n<\/div>\n<\/div>\n\n\n\n<p class=\"animation--init--once slide-right has-theme-purple-color has-text-color has-text-small-font-size\">* Preus IVA incl\u00f2s.<br>* Taxa tur\u00edstica no inclosa: 0,66\u20ac\/nit per persona (+17 anys) per un m\u00e0xim de 7 nits.<\/p>\n<\/div>\n\n\n\n<div class=\"wp-block-column is-layout-flow wp-block-column-is-layout-flow\" style=\"flex-basis:50%\">\n<figure class=\"wp-block-image size-large is-resized is-style-icon-row animation--init--once slide-left discount-icon wp-duotone-ffb434-ffb434-13\"><img loading=\"lazy\" decoding=\"async\" width=\"25\" height=\"25\" src=\"http:\/\/www.campingkims.com\/wp-content\/uploads\/descuento.svg\" alt=\"\" class=\"wp-image-1492\" style=\"width:32px;height:32px\"\/><figcaption class=\"wp-element-caption\"><strong>Descomptes<\/strong><\/figcaption><\/figure>\n\n<div class=\"wp-block-columns are-vertically-aligned-center is-not-stacked-on-mobile animation--init--once slide-left price-card has-theme-white-color has-theme-orange-background-color has-text-color has-background is-layout-flex wp-container-core-columns-is-layout-11 wp-block-columns-is-layout-flex\" style=\"border-radius:4px\">\n<div class=\"wp-block-column is-vertically-aligned-center is-layout-flow wp-block-column-is-layout-flow\" style=\"border-right-color:var(--wp--preset--color--theme-white);border-right-width:1px;padding-top:1rem;padding-right:1rem;padding-bottom:1rem;padding-left:1rem;flex-basis:50%\">\n<p class=\"large-font has-h-2-font-size\"><em><strong>-20%<\/strong><\/em><\/p>\n\n\n\n<p class=\"has-roboto-slab-font-family has-text-small-font-size\"><strong><strong>TEMPORADA BAIXA I MITJA<\/strong><\/strong><\/p>\n<\/div>\n\n\n\n<div class=\"wp-block-column is-vertically-aligned-center is-layout-flow wp-block-column-is-layout-flow\" style=\"padding-top:1rem;padding-right:1rem;padding-bottom:1rem;padding-left:1rem;flex-basis:50%\">\n<p><strong>30\/04 \u2013 16\/07<br>24\/08 \u2013 27\/09<\/strong><\/p>\n<\/div>\n<\/div>\n\n<div class=\"wp-block-columns are-vertically-aligned-center is-not-stacked-on-mobile animation--init--once slide-left price-card has-theme-white-color has-theme-green-background-color has-text-color has-background is-layout-flex wp-container-core-columns-is-layout-12 wp-block-columns-is-layout-flex\" style=\"border-radius:4px\">\n<div class=\"wp-block-column is-vertically-aligned-center is-layout-flow wp-block-column-is-layout-flow\" style=\"border-right-color:var(--wp--preset--color--theme-white);border-right-width:1px;padding-top:1rem;padding-right:1rem;padding-bottom:1rem;padding-left:1rem;flex-basis:50%\">\n<p class=\"large-font has-h-2-font-size\"><em><strong>-5%<\/strong><\/em><\/p>\n\n\n\n<p class=\"has-roboto-slab-font-family has-text-small-font-size\" style=\"text-transform:uppercase\">TEMPORADA ALTA<\/p>\n<\/div>\n\n\n\n<div class=\"wp-block-column is-vertically-aligned-center is-layout-flow wp-block-column-is-layout-flow\" style=\"padding-top:1rem;padding-right:1rem;padding-bottom:1rem;padding-left:1rem;flex-basis:50%\">\n<p><strong>17\/07 &#8211; 23\/08<\/strong><\/p>\n<\/div>\n<\/div>\n\n<p class=\"animation--init--once slide-left has-theme-purple-color has-text-color has-text-small-font-size\">* Estada m\u00ednima 7 nits.<br\/>* Descomptes no acumulables ja aplicats en fer la reserva<\/p>\n<\/div>\n<\/div>\n\n\n\n<div class=\"wp-block-buttons alignwide animation--init--once slide-up is-content-justification-center is-layout-flex wp-container-core-buttons-is-layout-2 wp-block-buttons-is-layout-flex\" style=\"margin-bottom:18vh\"><\/div>\n\n\n\n<div class=\"wp-block-group alignfull other-accommodations-container animation--init--once has-theme-blue-background-color has-background is-layout-constrained wp-block-group-is-layout-constrained\">\n<div class=\"wp-block-group alignwide animation--init--once slide-right is-vertical is-content-justification-left is-layout-flex wp-container-core-group-is-layout-21 wp-block-group-is-layout-flex\">\n<p class=\"has-text-align-left has-theme-white-color has-text-color has-roboto-slab-font-family has-h-6-font-size\" style=\"text-transform:uppercase\">TAMB\u00c9 ET POT INTERESSAR<\/p>\n\n\n\n<h2 class=\"wp-block-heading has-text-align-left has-theme-dark-purple-color has-text-color has-h-3-font-size\">Altres estud\u00eds<\/h2>\n\n\n\n<figure class=\"wp-block-image size-large is-resized wp-duotone-fff-fff-14\"><img loading=\"lazy\" decoding=\"async\" width=\"25\" height=\"9\" src=\"http:\/\/www.campingkims.com\/wp-content\/uploads\/ola-separadora.svg\" alt=\"\" class=\"wp-image-921\" style=\"width:70px;height:undefinedpx\"\/><\/figure>\n<\/div>\n\n\n\n<p class=\"alignwide animation--init--once slide-right has-theme-dark-purple-color has-text-color\" style=\"margin-bottom:4vh\">Comfortables estudis per a 2 persones completament equipats, amb terrassa i aparcament a tocar.<\/p>\n\n\n        <div class=\"wp-block-locations-block alignwide has-text-align-left has-custom-margin\" style=\"margin-bottom:14vh;\">\n\n            <section class=\"splide\" id=\"slide_751\">\n            <div class=\"splide__track\">\n                <ul class=\"splide__list\">\n                                    <li class=\"animation--init--once slide-up splide__slide\">\n                        <a class=\"location-card\" href=\"https:\/\/www.campingkims.com\/ca\/allotjaments\/estudis\/a\/\">\n                            <img decoding=\"async\" src=\"https:\/\/www.campingkims.com\/wp-content\/uploads\/estudios-a-03.webp\">\n                        <\/a>\n                        <div class=\"info-container\">\n                            <a href=\"https:\/\/www.campingkims.com\/ca\/allotjaments\/estudis\/a\/\">\n                                <strong>A<\/strong>\n                            <\/a>    \n                            <p><em><strong>x 2 Persones<\/strong><\/em><\/italic><\/p>\n                        <\/div>\n                    <\/li>\n                                <\/ul>\n            <\/div>\n        <\/section>  \n    <\/div>\n<\/div>\n\n\n\n<p><\/p>\n","protected":false},"excerpt":{"rendered":"<p>Estudi B Acollidor estudi 32m2 + Terrassa RESERVES ONLINE Reserva les teves vacances de c\u00e0mping a la Costa Brava Apartament-estudi d&#8217;obra(2 persones m\u00e0xim) Preus i&#8230;<\/p>\n","protected":false},"author":2,"featured_media":6451,"parent":5277,"menu_order":1,"comment_status":"closed","ping_status":"closed","template":"","meta":{"_acf_changed":false,"inline_featured_image":false,"footnotes":""},"class_list":["post-5293","page","type-page","status-publish","has-post-thumbnail","hentry"],"acf":[],"yoast_head":"<!-- This site is optimized with the Yoast SEO plugin v23.5 - https:\/\/yoast.com\/wordpress\/plugins\/seo\/ -->\n<title>B - Camping Kim&#039;s Llafranc<\/title>\n<meta name=\"description\" content=\"Estudi B Acollidor estudi 32m2 + Terrassa 2 persones 1 habitaci\u00f3 Terrassa P\u00e0rquing Animalsno admesos RESERVES ONLINE Reserva les teves vacances de c\u00e0mping\" \/>\n<meta name=\"robots\" content=\"index, follow, max-snippet:-1, max-image-preview:large, max-video-preview:-1\" \/>\n<link rel=\"canonical\" href=\"https:\/\/www.campingkims.com\/ca\/allotjaments\/estudis\/b\/\" \/>\n<meta property=\"og:locale\" content=\"ca_ES\" \/>\n<meta property=\"og:type\" content=\"article\" \/>\n<meta property=\"og:title\" content=\"B - Camping Kim&#039;s Llafranc\" \/>\n<meta property=\"og:description\" content=\"Estudi B Acollidor estudi 32m2 + Terrassa 2 persones 1 habitaci\u00f3 Terrassa P\u00e0rquing Animalsno admesos RESERVES ONLINE Reserva les teves vacances de c\u00e0mping\" \/>\n<meta property=\"og:url\" content=\"https:\/\/www.campingkims.com\/ca\/allotjaments\/estudis\/b\/\" \/>\n<meta property=\"og:site_name\" content=\"Camping Kim&#039;s Llafranc\" \/>\n<meta property=\"article:modified_time\" content=\"2026-03-16T15:10:48+00:00\" \/>\n<meta property=\"og:image\" content=\"https:\/\/www.campingkims.com\/wp-content\/uploads\/edtudio-b1-habitacion-2-camas.webp\" \/>\n\t<meta property=\"og:image:width\" content=\"1920\" \/>\n\t<meta property=\"og:image:height\" content=\"1280\" \/>\n\t<meta property=\"og:image:type\" content=\"image\/webp\" \/>\n<meta name=\"twitter:card\" content=\"summary_large_image\" \/>\n<meta name=\"twitter:label1\" content=\"Temps estimat de lectura\" \/>\n\t<meta name=\"twitter:data1\" content=\"24 minuts\" \/>\n<script type=\"application\/ld+json\" class=\"yoast-schema-graph\">{\"@context\":\"https:\/\/schema.org\",\"@graph\":[{\"@type\":\"WebPage\",\"@id\":\"https:\/\/www.campingkims.com\/ca\/allotjaments\/estudis\/b\/\",\"url\":\"https:\/\/www.campingkims.com\/ca\/allotjaments\/estudis\/b\/\",\"name\":\"B - Camping Kim&#039;s Llafranc\",\"isPartOf\":{\"@id\":\"https:\/\/www.campingkims.com\/ca\/#website\"},\"primaryImageOfPage\":{\"@id\":\"https:\/\/www.campingkims.com\/ca\/allotjaments\/estudis\/b\/#primaryimage\"},\"image\":{\"@id\":\"https:\/\/www.campingkims.com\/ca\/allotjaments\/estudis\/b\/#primaryimage\"},\"thumbnailUrl\":\"https:\/\/www.campingkims.com\/wp-content\/uploads\/edtudio-b1-habitacion-2-camas.webp\",\"datePublished\":\"2022-10-10T11:42:36+00:00\",\"dateModified\":\"2026-03-16T15:10:48+00:00\",\"description\":\"Estudi B Acollidor estudi 32m2 + Terrassa 2 persones 1 habitaci\u00f3 Terrassa P\u00e0rquing Animalsno admesos RESERVES ONLINE Reserva les teves vacances de c\u00e0mping\",\"breadcrumb\":{\"@id\":\"https:\/\/www.campingkims.com\/ca\/allotjaments\/estudis\/b\/#breadcrumb\"},\"inLanguage\":\"ca\",\"potentialAction\":[{\"@type\":\"ReadAction\",\"target\":[\"https:\/\/www.campingkims.com\/ca\/allotjaments\/estudis\/b\/\"]}]},{\"@type\":\"ImageObject\",\"inLanguage\":\"ca\",\"@id\":\"https:\/\/www.campingkims.com\/ca\/allotjaments\/estudis\/b\/#primaryimage\",\"url\":\"https:\/\/www.campingkims.com\/wp-content\/uploads\/edtudio-b1-habitacion-2-camas.webp\",\"contentUrl\":\"https:\/\/www.campingkims.com\/wp-content\/uploads\/edtudio-b1-habitacion-2-camas.webp\",\"width\":1920,\"height\":1280},{\"@type\":\"BreadcrumbList\",\"@id\":\"https:\/\/www.campingkims.com\/ca\/allotjaments\/estudis\/b\/#breadcrumb\",\"itemListElement\":[{\"@type\":\"ListItem\",\"position\":1,\"name\":\"Portada\",\"item\":\"https:\/\/www.campingkims.com\/ca\/\"},{\"@type\":\"ListItem\",\"position\":2,\"name\":\"Allotjaments\",\"item\":\"https:\/\/www.campingkims.com\/ca\/allotjaments\/\"},{\"@type\":\"ListItem\",\"position\":3,\"name\":\"Estudis\",\"item\":\"https:\/\/www.campingkims.com\/ca\/allotjaments\/estudis\/\"},{\"@type\":\"ListItem\",\"position\":4,\"name\":\"B\"}]},{\"@type\":\"WebSite\",\"@id\":\"https:\/\/www.campingkims.com\/ca\/#website\",\"url\":\"https:\/\/www.campingkims.com\/ca\/\",\"name\":\"Camping Kim's Llafranc\",\"description\":\"Kim&#039;s Camping Caravaning &amp; Bungalow Park\",\"publisher\":{\"@id\":\"https:\/\/www.campingkims.com\/ca\/#organization\"},\"potentialAction\":[{\"@type\":\"SearchAction\",\"target\":{\"@type\":\"EntryPoint\",\"urlTemplate\":\"https:\/\/www.campingkims.com\/ca\/?s={search_term_string}\"},\"query-input\":{\"@type\":\"PropertyValueSpecification\",\"valueRequired\":true,\"valueName\":\"search_term_string\"}}],\"inLanguage\":\"ca\"},{\"@type\":\"Organization\",\"@id\":\"https:\/\/www.campingkims.com\/ca\/#organization\",\"name\":\"Camping Kim's Llafranc\",\"url\":\"https:\/\/www.campingkims.com\/ca\/\",\"logo\":{\"@type\":\"ImageObject\",\"inLanguage\":\"ca\",\"@id\":\"https:\/\/www.campingkims.com\/ca\/#\/schema\/logo\/image\/\",\"url\":\"https:\/\/www.campingkims.com\/wp-content\/uploads\/logo-camping-kims-llafranc-costa-brava.png\",\"contentUrl\":\"https:\/\/www.campingkims.com\/wp-content\/uploads\/logo-camping-kims-llafranc-costa-brava.png\",\"width\":537,\"height\":257,\"caption\":\"Camping Kim's Llafranc\"},\"image\":{\"@id\":\"https:\/\/www.campingkims.com\/ca\/#\/schema\/logo\/image\/\"}}]}<\/script>\n<!-- \/ Yoast SEO plugin. -->","yoast_head_json":{"title":"B - Camping Kim&#039;s Llafranc","description":"Estudi B Acollidor estudi 32m2 + Terrassa 2 persones 1 habitaci\u00f3 Terrassa P\u00e0rquing Animalsno admesos RESERVES ONLINE Reserva les teves vacances de c\u00e0mping","robots":{"index":"index","follow":"follow","max-snippet":"max-snippet:-1","max-image-preview":"max-image-preview:large","max-video-preview":"max-video-preview:-1"},"canonical":"https:\/\/www.campingkims.com\/ca\/allotjaments\/estudis\/b\/","og_locale":"ca_ES","og_type":"article","og_title":"B - Camping Kim&#039;s Llafranc","og_description":"Estudi B Acollidor estudi 32m2 + Terrassa 2 persones 1 habitaci\u00f3 Terrassa P\u00e0rquing Animalsno admesos RESERVES ONLINE Reserva les teves vacances de c\u00e0mping","og_url":"https:\/\/www.campingkims.com\/ca\/allotjaments\/estudis\/b\/","og_site_name":"Camping Kim&#039;s Llafranc","article_modified_time":"2026-03-16T15:10:48+00:00","og_image":[{"width":1920,"height":1280,"url":"https:\/\/www.campingkims.com\/wp-content\/uploads\/edtudio-b1-habitacion-2-camas.webp","type":"image\/webp"}],"twitter_card":"summary_large_image","twitter_misc":{"Temps estimat de lectura":"24 minuts"},"schema":{"@context":"https:\/\/schema.org","@graph":[{"@type":"WebPage","@id":"https:\/\/www.campingkims.com\/ca\/allotjaments\/estudis\/b\/","url":"https:\/\/www.campingkims.com\/ca\/allotjaments\/estudis\/b\/","name":"B - Camping Kim&#039;s Llafranc","isPartOf":{"@id":"https:\/\/www.campingkims.com\/ca\/#website"},"primaryImageOfPage":{"@id":"https:\/\/www.campingkims.com\/ca\/allotjaments\/estudis\/b\/#primaryimage"},"image":{"@id":"https:\/\/www.campingkims.com\/ca\/allotjaments\/estudis\/b\/#primaryimage"},"thumbnailUrl":"https:\/\/www.campingkims.com\/wp-content\/uploads\/edtudio-b1-habitacion-2-camas.webp","datePublished":"2022-10-10T11:42:36+00:00","dateModified":"2026-03-16T15:10:48+00:00","description":"Estudi B Acollidor estudi 32m2 + Terrassa 2 persones 1 habitaci\u00f3 Terrassa P\u00e0rquing Animalsno admesos RESERVES ONLINE Reserva les teves vacances de c\u00e0mping","breadcrumb":{"@id":"https:\/\/www.campingkims.com\/ca\/allotjaments\/estudis\/b\/#breadcrumb"},"inLanguage":"ca","potentialAction":[{"@type":"ReadAction","target":["https:\/\/www.campingkims.com\/ca\/allotjaments\/estudis\/b\/"]}]},{"@type":"ImageObject","inLanguage":"ca","@id":"https:\/\/www.campingkims.com\/ca\/allotjaments\/estudis\/b\/#primaryimage","url":"https:\/\/www.campingkims.com\/wp-content\/uploads\/edtudio-b1-habitacion-2-camas.webp","contentUrl":"https:\/\/www.campingkims.com\/wp-content\/uploads\/edtudio-b1-habitacion-2-camas.webp","width":1920,"height":1280},{"@type":"BreadcrumbList","@id":"https:\/\/www.campingkims.com\/ca\/allotjaments\/estudis\/b\/#breadcrumb","itemListElement":[{"@type":"ListItem","position":1,"name":"Portada","item":"https:\/\/www.campingkims.com\/ca\/"},{"@type":"ListItem","position":2,"name":"Allotjaments","item":"https:\/\/www.campingkims.com\/ca\/allotjaments\/"},{"@type":"ListItem","position":3,"name":"Estudis","item":"https:\/\/www.campingkims.com\/ca\/allotjaments\/estudis\/"},{"@type":"ListItem","position":4,"name":"B"}]},{"@type":"WebSite","@id":"https:\/\/www.campingkims.com\/ca\/#website","url":"https:\/\/www.campingkims.com\/ca\/","name":"Camping Kim's Llafranc","description":"Kim&#039;s Camping Caravaning &amp; Bungalow Park","publisher":{"@id":"https:\/\/www.campingkims.com\/ca\/#organization"},"potentialAction":[{"@type":"SearchAction","target":{"@type":"EntryPoint","urlTemplate":"https:\/\/www.campingkims.com\/ca\/?s={search_term_string}"},"query-input":{"@type":"PropertyValueSpecification","valueRequired":true,"valueName":"search_term_string"}}],"inLanguage":"ca"},{"@type":"Organization","@id":"https:\/\/www.campingkims.com\/ca\/#organization","name":"Camping Kim's Llafranc","url":"https:\/\/www.campingkims.com\/ca\/","logo":{"@type":"ImageObject","inLanguage":"ca","@id":"https:\/\/www.campingkims.com\/ca\/#\/schema\/logo\/image\/","url":"https:\/\/www.campingkims.com\/wp-content\/uploads\/logo-camping-kims-llafranc-costa-brava.png","contentUrl":"https:\/\/www.campingkims.com\/wp-content\/uploads\/logo-camping-kims-llafranc-costa-brava.png","width":537,"height":257,"caption":"Camping Kim's Llafranc"},"image":{"@id":"https:\/\/www.campingkims.com\/ca\/#\/schema\/logo\/image\/"}}]}},"_links":{"self":[{"href":"https:\/\/www.campingkims.com\/ca\/wp-json\/wp\/v2\/pages\/5293"}],"collection":[{"href":"https:\/\/www.campingkims.com\/ca\/wp-json\/wp\/v2\/pages"}],"about":[{"href":"https:\/\/www.campingkims.com\/ca\/wp-json\/wp\/v2\/types\/page"}],"author":[{"embeddable":true,"href":"https:\/\/www.campingkims.com\/ca\/wp-json\/wp\/v2\/users\/2"}],"replies":[{"embeddable":true,"href":"https:\/\/www.campingkims.com\/ca\/wp-json\/wp\/v2\/comments?post=5293"}],"version-history":[{"count":23,"href":"https:\/\/www.campingkims.com\/ca\/wp-json\/wp\/v2\/pages\/5293\/revisions"}],"predecessor-version":[{"id":9764,"href":"https:\/\/www.campingkims.com\/ca\/wp-json\/wp\/v2\/pages\/5293\/revisions\/9764"}],"up":[{"embeddable":true,"href":"https:\/\/www.campingkims.com\/ca\/wp-json\/wp\/v2\/pages\/5277"}],"wp:featuredmedia":[{"embeddable":true,"href":"https:\/\/www.campingkims.com\/ca\/wp-json\/wp\/v2\/media\/6451"}],"wp:attachment":[{"href":"https:\/\/www.campingkims.com\/ca\/wp-json\/wp\/v2\/media?parent=5293"}],"curies":[{"name":"wp","href":"https:\/\/api.w.org\/{rel}","templated":true}]}}