{"id":5415,"date":"2023-07-13T17:01:42","date_gmt":"2023-07-13T15:01:42","guid":{"rendered":"http:\/\/www.campingkims.com\/condicions-de-reserva\/"},"modified":"2023-08-14T15:20:54","modified_gmt":"2023-08-14T13:20:54","slug":"condicions-de-reserva","status":"publish","type":"page","link":"https:\/\/www.campingkims.com\/ca\/condicions-de-reserva\/","title":{"rendered":"Condicions de reserva"},"content":{"rendered":"\n<div class=\"wp-block-cover alignfull cover-page animation--init--once is-style-no-margin\" style=\"margin-top:0px;margin-bottom:8vh;min-height:795px;aspect-ratio:unset;\"><span aria-hidden=\"true\" class=\"wp-block-cover__background has-background-dim-0 has-background-dim has-background-gradient has-theme-black-transparent-gradient-background\"><\/span><img loading=\"lazy\" decoding=\"async\" width=\"1920\" height=\"1280\" class=\"wp-block-cover__image-background wp-image-1820\" alt=\"\" src=\"http:\/\/www.campingkims.com\/wp-content\/uploads\/parcelas-02.webp\" data-object-fit=\"cover\" srcset=\"https:\/\/www.campingkims.com\/wp-content\/uploads\/parcelas-02.webp 1920w, https:\/\/www.campingkims.com\/wp-content\/uploads\/parcelas-02-1024x683.webp 1024w, https:\/\/www.campingkims.com\/wp-content\/uploads\/parcelas-02-768x512.webp 768w, https:\/\/www.campingkims.com\/wp-content\/uploads\/parcelas-02-1536x1024.webp 1536w, https:\/\/www.campingkims.com\/wp-content\/uploads\/parcelas-02-512x341.webp 512w, https:\/\/www.campingkims.com\/wp-content\/uploads\/parcelas-02-256x171.webp 256w\" sizes=\"(max-width: 1920px) 100vw, 1920px\" \/><div class=\"wp-block-cover__inner-container is-layout-flow wp-block-cover-is-layout-flow\">\n<figure class=\"wp-block-image alignfull size-large animation--init--once slide-up is-style-no-margin waves\"><img loading=\"lazy\" decoding=\"async\" width=\"1700\" height=\"102\" src=\"http:\/\/www.campingkims.com\/wp-content\/uploads\/waves-orange-1.svg\" alt=\"\" class=\"wp-image-3751\"\/><\/figure>\n\n\n<div class=\"wp-block-group animation--init--once pop-up is-vertical is-content-justification-center is-layout-flex wp-container-core-group-is-layout-1 wp-block-group-is-layout-flex\">\n<h1 class=\"wp-block-heading has-text-align-center has-theme-white-color has-text-color\">Condicions de reserva<\/h1>\n\n\n\n<p class=\"has-text-align-center has-theme-white-color has-text-color has-roboto-slab-font-family has-h-5-font-size\" style=\"text-transform:uppercase\">pol\u00edtica de cancel\u00b7laci\u00f3<\/p>\n<\/div>\n<\/div><\/div>\n\n<div class=\"wp-block-group alignfull booking-section has-theme-orange-background-color has-background is-layout-constrained wp-block-group-is-layout-constrained\" style=\"margin-top:0px;margin-bottom:10vh\">\n<div class=\"wp-block-group alignwide animation--init--once booking-container has-theme-orange-background-color has-background is-vertical is-content-justification-center is-layout-flex wp-container-core-group-is-layout-3 wp-block-group-is-layout-flex\" style=\"border-radius:2rem;margin-top:0px;margin-bottom:0px;padding-top:3rem;padding-right:3rem;padding-bottom:3rem;padding-left:3rem\">\n<div class=\"wp-block-group animation--init--once alignwide booking-title is-vertical is-content-justification-center is-layout-flex wp-container-core-group-is-layout-2 wp-block-group-is-layout-flex\">\n<p class=\"has-theme-dark-purple-color has-text-color has-roboto-slab-font-family has-h-6-font-size\">RESERVES ONLINE<\/p>\n\n\n\n<h3 class=\"wp-block-heading has-text-align-center has-theme-white-color has-text-color has-h-4-font-size\">Reserva les teves vacances de c\u00e0mping a la Costa Brava<\/h3>\n\n\n\n<figure class=\"wp-block-image size-large is-resized wp-duotone-221b40-221b40-1\"><img loading=\"lazy\" decoding=\"async\" width=\"25\" height=\"9\" src=\"http:\/\/www.campingkims.com\/wp-content\/uploads\/ola-separadora.svg\" alt=\"\" class=\"wp-image-921\" style=\"width:70px\"\/><\/figure>\n<\/div>\n\n\n<script>\n            document.addEventListener('DOMContentLoaded', function () {\n\n                var widget = new MasterWidget('widgetBookingContainer718', {\n                    lang: 'ca',idProperty: '61',class: 'widget_columns',target: '_blank',dropdown: true,\n                    url: 'https:\/\/booking.campingkims.com'\n                });\n\n\n            });\n\n            <\/script><div id=\"widgetBookingContainer718\"> <\/div>\n<\/div>\n<\/div>\n\n<h2 class=\"wp-block-heading has-text-align-center has-theme-purple-color has-text-color\">Allotjaments<\/h2>\n\n<div class=\"wp-block-auto-tabs accommodation-tabs alignfull has-custom-margin animation--init--once\" style=\"margin-bottom:14vh;\" data-selector=\"h3\">\n  <div class=\"acf-innerblocks-container\">\n\n<div class=\"wp-block-group auto-tabs-wrapper is-layout-flow wp-block-group-is-layout-flow\">\n<p class=\"has-text-align-center\"><strong>Aqu\u00ed se mostrar\u00e1n las pesta\u00f1as.<\/strong><br\/> El primer <strong>h3<\/strong> de cada contenido se usar\u00e1 como t\u00edtulo de su pesta\u00f1a. Puedes cambiarlo por otro tag o una clase en el panel lateral<\/p>\n<\/div>\n\n\n\n<div class=\"wp-block-group auto-content-wrapper has-theme-soft-blue-background-color has-background is-layout-flow wp-block-group-is-layout-flow\">\n<div class=\"wp-block-group is-layout-flow wp-block-group-is-layout-flow\">\n<h3 class=\"wp-block-heading has-text-align-center\">Informaci\u00f3<\/h3>\n\n\n\n<ul class=\"styled-list has-theme-purple-color has-text-color wp-block-list\">\n<li><strong>Preus en Euros (EUR \u20ac).<\/strong><br\/>IVA 10% incl\u00f2s. En cas de variaci\u00f3 oficial del IVA, els preus poden variar.<\/li>\n\n\n\n<li><strong>Taxa tur\u00edstica no inclosa<\/strong>: 0,66\u20ac\/nit per persona (+17 anys) per un m\u00e0xim de 7 nits..<\/li>\n\n\n\n<li><strong>Arribada:<\/strong> l &#8216;allotjament estar\u00e0 disponible a partir de les 16:00h<\/li>\n\n\n\n<li><strong>Sortida:<\/strong> l&#8217;allotjament haur\u00e0 de desallotjar-se abans de les 11:00h.<\/li>\n\n\n\n<li><strong>Late Checkout<\/strong><br\/>Durant les Temporades Baixa i Mitja es pot deixar l&#8217;allotjament m\u00e9s tard (late checkout) m\u00e0x. a les 17:00. Depen de la disponibilitat i requereix consulta pr\u00e8via a Recepci\u00f3.<\/li>\n<\/ul>\n<\/div>\n\n\n\n<div class=\"wp-block-group is-layout-flow wp-block-group-is-layout-flow\">\n<h3 class=\"wp-block-heading has-text-align-center\">Condicions<\/h3>\n\n\n\n<ul class=\"styled-list has-theme-purple-color has-text-color wp-block-list\">\n<li>La reserva ser\u00e0 definitiva despr\u00e9s d&#8217;haver rebut la corresponent paga i senyal (40% del total contractat).<\/li>\n\n\n\n<li>La resta del total del lloguer s&#8217;abonar\u00e0 el dia d&#8217;arribada juntament amb una fian\u00e7a (130\u20ac en concepte de trencaments, p\u00e8rdues, etc. + 50\u20ac en concepte de neteja) que es retornaran el dia de sortida si tot est\u00e0 correcte.<\/li>\n\n\n\n<li>A l&#8217;arribada li demanarem que ens faciliti un n\u00famero de tarja de cr\u00e8dit, Servir\u00e0 \u00fanicament per cobrir els possibles desperfectes durant l&#8217;estada.<\/li>\n\n\n\n<li>L&#8217;allotjament es deixar\u00e0 net i recollit tal com va ser lliurat.<\/li>\n<\/ul>\n<\/div>\n\n\n\n<div class=\"wp-block-group is-layout-flow wp-block-group-is-layout-flow\">\n<h3 class=\"wp-block-heading has-text-align-center\">Cancel\u00b7laci\u00f3<\/h3>\n\n\n\n<ul class=\"styled-list has-theme-purple-color has-text-color wp-block-list\">\n<li>Cancel\u00b7laci\u00f3 entre 8 i 7 setmanes abans del dia d\u2019arribada, retenci\u00f3 del 30%.<\/li>\n\n\n\n<li>Cancel\u00b7laci\u00f3 6 setmanes abans del dia d\u2019arribada, retenci\u00f3 del 45%.<\/li>\n\n\n\n<li>Cancel\u00b7laci\u00f3 de 5 a 3 setmanes abans del dia d\u2019arribada, retenci\u00f3 del 60%<\/li>\n\n\n\n<li>Cancel\u00b7laci\u00f3 2 setmanes abans del dia d\u2019arribada, retenci\u00f3 del 100%<\/li>\n\n\n\n<li><strong>Despeses m\u00ednimes de cancel.laci\u00f3: 35,00 \u20ac<\/strong><\/li>\n<\/ul>\n<\/div>\n<\/div>\n\n<\/div><\/div>\n<h2 class=\"wp-block-heading has-text-align-center has-theme-purple-color has-text-color\">C\u00e0mping<\/h2>\n\n<div class=\"wp-block-auto-tabs accommodation-tabs alignfull has-custom-margin animation--init--once\" style=\"margin-bottom:14vh;\" data-selector=\"h3\">\n  <div class=\"acf-innerblocks-container\">\n\n<div class=\"wp-block-group auto-tabs-wrapper is-layout-flow wp-block-group-is-layout-flow\">\n<p class=\"has-text-align-center\"><strong>Aqu\u00ed se mostrar\u00e1n las pesta\u00f1as.<\/strong><br\/> El primer <strong>h3<\/strong> de cada contenido se usar\u00e1 como t\u00edtulo de su pesta\u00f1a. Puedes cambiarlo por otro tag o una clase en el panel lateral<\/p>\n<\/div>\n\n\n\n<div class=\"wp-block-group auto-content-wrapper has-theme-soft-blue-background-color has-background is-layout-flow wp-block-group-is-layout-flow\">\n<div class=\"wp-block-group is-layout-flow wp-block-group-is-layout-flow\">\n<h3 class=\"wp-block-heading has-text-align-center\">Informaci\u00f3<\/h3>\n\n\n\n<ul class=\"styled-list has-theme-purple-color has-text-color wp-block-list\">\n<li><strong>Preus en Euros (EUR \u20ac).<\/strong><br\/>IVA 10% incl\u00f2s. En cas de variaci\u00f3 oficial del IVA, els preus poden variar.<\/li>\n\n\n\n<li><strong>Taxa tur\u00edstica no inclosa<\/strong>: 0,66\u20ac\/nit per persona (+17 anys) per un m\u00e0xim de 7 nits..<\/li>\n\n\n\n<li><strong>Entrada:<\/strong> les parcel\u00b7les estaran disponibles a partir de les 12:00h.<\/li>\n\n\n\n<li><strong>Sortida:<\/strong> las parcel\u00b7les han de ser lliberades abans de les 12:00h.<\/li>\n\n\n\n<li><\/li>\n<\/ul>\n<\/div>\n\n\n\n<div class=\"wp-block-group is-layout-flow wp-block-group-is-layout-flow\">\n<h3 class=\"wp-block-heading has-text-align-center\">Condicions<\/h3>\n\n\n\n<ul class=\"styled-list has-theme-purple-color has-text-color wp-block-list\">\n<li>L&#8217;import de la reserva \u00e9s de 60\u20ac per parcel\u00b7la. Aquesta quantitat ser\u00e0 dedu\u00efda de l&#8217;import total de la factura de la seva estada.<\/li>\n\n\n\n<li>Aquest pagament no otorga cap dret a escollir una parcela determinada. Una vegada rebuda la paga i senyal es confirmar\u00e0 la reserva.<\/li>\n\n\n\n<li>CANCEL\u00b7LACIONS\n<ul class=\"wp-block-list\">\n<li>Cancel\u00b7laci\u00f3 5 a 3 setmanes abans del dia d&#8217;arribada: retenci\u00f3 del 60% de la paga i senyal.<\/li>\n\n\n\n<li>Cancel\u00b7laci\u00f3 2 setmanes abans del dia d&#8217;arribada: retenci\u00f3 del 100% de la paga i senyal.<\/li>\n\n\n\n<li>(Retenci\u00f3 m\u00ednima per despeses de cancel\u00b7laci\u00f3 35\u20ac)<\/li>\n<\/ul>\n<\/li>\n<\/ul>\n<\/div>\n<\/div>\n\n<\/div><\/div>\n<p><\/p>\n","protected":false},"excerpt":{"rendered":"<p>Allotjaments C\u00e0mping<\/p>\n","protected":false},"author":1,"featured_media":0,"parent":0,"menu_order":8,"comment_status":"closed","ping_status":"open","template":"","meta":{"_acf_changed":false,"inline_featured_image":false,"footnotes":""},"class_list":["post-5415","page","type-page","status-publish","hentry"],"acf":[],"yoast_head":"<!-- This site is optimized with the Yoast SEO plugin v23.5 - https:\/\/yoast.com\/wordpress\/plugins\/seo\/ -->\n<title>Condicions de reserva - Camping Kim&#039;s Llafranc<\/title>\n<meta name=\"description\" content=\"Condicions de reserva  pol\u00edtica de cancel\u00b7laci\u00f3   Allotjaments C\u00e0mping\" \/>\n<meta name=\"robots\" content=\"index, follow, max-snippet:-1, max-image-preview:large, max-video-preview:-1\" \/>\n<link rel=\"canonical\" href=\"https:\/\/www.campingkims.com\/ca\/condicions-de-reserva\/\" \/>\n<meta property=\"og:locale\" content=\"ca_ES\" \/>\n<meta property=\"og:type\" content=\"article\" \/>\n<meta property=\"og:title\" content=\"Condicions de reserva - Camping Kim&#039;s Llafranc\" \/>\n<meta property=\"og:description\" content=\"Condicions de reserva  pol\u00edtica de cancel\u00b7laci\u00f3   Allotjaments C\u00e0mping\" \/>\n<meta property=\"og:url\" content=\"https:\/\/www.campingkims.com\/ca\/condicions-de-reserva\/\" \/>\n<meta property=\"og:site_name\" content=\"Camping Kim&#039;s Llafranc\" \/>\n<meta property=\"article:modified_time\" content=\"2023-08-14T13:20:54+00:00\" \/>\n<meta property=\"og:image\" content=\"http:\/\/www.campingkims.com\/wp-content\/uploads\/parcelas-02.webp\" \/>\n<meta name=\"twitter:card\" content=\"summary_large_image\" \/>\n<script type=\"application\/ld+json\" class=\"yoast-schema-graph\">{\"@context\":\"https:\/\/schema.org\",\"@graph\":[{\"@type\":\"WebPage\",\"@id\":\"https:\/\/www.campingkims.com\/ca\/condicions-de-reserva\/\",\"url\":\"https:\/\/www.campingkims.com\/ca\/condicions-de-reserva\/\",\"name\":\"Condicions de reserva - Camping Kim&#039;s Llafranc\",\"isPartOf\":{\"@id\":\"https:\/\/www.campingkims.com\/ca\/#website\"},\"primaryImageOfPage\":{\"@id\":\"https:\/\/www.campingkims.com\/ca\/condicions-de-reserva\/#primaryimage\"},\"image\":{\"@id\":\"https:\/\/www.campingkims.com\/ca\/condicions-de-reserva\/#primaryimage\"},\"thumbnailUrl\":\"http:\/\/www.campingkims.com\/wp-content\/uploads\/parcelas-02.webp\",\"datePublished\":\"2023-07-13T15:01:42+00:00\",\"dateModified\":\"2023-08-14T13:20:54+00:00\",\"description\":\"Condicions de reserva pol\u00edtica de cancel\u00b7laci\u00f3 Allotjaments C\u00e0mping\",\"breadcrumb\":{\"@id\":\"https:\/\/www.campingkims.com\/ca\/condicions-de-reserva\/#breadcrumb\"},\"inLanguage\":\"ca\",\"potentialAction\":[{\"@type\":\"ReadAction\",\"target\":[\"https:\/\/www.campingkims.com\/ca\/condicions-de-reserva\/\"]}]},{\"@type\":\"ImageObject\",\"inLanguage\":\"ca\",\"@id\":\"https:\/\/www.campingkims.com\/ca\/condicions-de-reserva\/#primaryimage\",\"url\":\"http:\/\/www.campingkims.com\/wp-content\/uploads\/parcelas-02.webp\",\"contentUrl\":\"http:\/\/www.campingkims.com\/wp-content\/uploads\/parcelas-02.webp\"},{\"@type\":\"BreadcrumbList\",\"@id\":\"https:\/\/www.campingkims.com\/ca\/condicions-de-reserva\/#breadcrumb\",\"itemListElement\":[{\"@type\":\"ListItem\",\"position\":1,\"name\":\"Portada\",\"item\":\"https:\/\/www.campingkims.com\/ca\/\"},{\"@type\":\"ListItem\",\"position\":2,\"name\":\"Condicions de reserva\"}]},{\"@type\":\"WebSite\",\"@id\":\"https:\/\/www.campingkims.com\/ca\/#website\",\"url\":\"https:\/\/www.campingkims.com\/ca\/\",\"name\":\"Camping Kim's Llafranc\",\"description\":\"Kim&#039;s Camping Caravaning &amp; Bungalow Park\",\"publisher\":{\"@id\":\"https:\/\/www.campingkims.com\/ca\/#organization\"},\"potentialAction\":[{\"@type\":\"SearchAction\",\"target\":{\"@type\":\"EntryPoint\",\"urlTemplate\":\"https:\/\/www.campingkims.com\/ca\/?s={search_term_string}\"},\"query-input\":{\"@type\":\"PropertyValueSpecification\",\"valueRequired\":true,\"valueName\":\"search_term_string\"}}],\"inLanguage\":\"ca\"},{\"@type\":\"Organization\",\"@id\":\"https:\/\/www.campingkims.com\/ca\/#organization\",\"name\":\"Camping Kim's Llafranc\",\"url\":\"https:\/\/www.campingkims.com\/ca\/\",\"logo\":{\"@type\":\"ImageObject\",\"inLanguage\":\"ca\",\"@id\":\"https:\/\/www.campingkims.com\/ca\/#\/schema\/logo\/image\/\",\"url\":\"https:\/\/www.campingkims.com\/wp-content\/uploads\/logo-camping-kims-llafranc-costa-brava.png\",\"contentUrl\":\"https:\/\/www.campingkims.com\/wp-content\/uploads\/logo-camping-kims-llafranc-costa-brava.png\",\"width\":537,\"height\":257,\"caption\":\"Camping Kim's Llafranc\"},\"image\":{\"@id\":\"https:\/\/www.campingkims.com\/ca\/#\/schema\/logo\/image\/\"}}]}<\/script>\n<!-- \/ Yoast SEO plugin. -->","yoast_head_json":{"title":"Condicions de reserva - Camping Kim&#039;s Llafranc","description":"Condicions de reserva  pol\u00edtica de cancel\u00b7laci\u00f3   Allotjaments C\u00e0mping","robots":{"index":"index","follow":"follow","max-snippet":"max-snippet:-1","max-image-preview":"max-image-preview:large","max-video-preview":"max-video-preview:-1"},"canonical":"https:\/\/www.campingkims.com\/ca\/condicions-de-reserva\/","og_locale":"ca_ES","og_type":"article","og_title":"Condicions de reserva - Camping Kim&#039;s Llafranc","og_description":"Condicions de reserva  pol\u00edtica de cancel\u00b7laci\u00f3   Allotjaments C\u00e0mping","og_url":"https:\/\/www.campingkims.com\/ca\/condicions-de-reserva\/","og_site_name":"Camping Kim&#039;s Llafranc","article_modified_time":"2023-08-14T13:20:54+00:00","og_image":[{"url":"http:\/\/www.campingkims.com\/wp-content\/uploads\/parcelas-02.webp"}],"twitter_card":"summary_large_image","schema":{"@context":"https:\/\/schema.org","@graph":[{"@type":"WebPage","@id":"https:\/\/www.campingkims.com\/ca\/condicions-de-reserva\/","url":"https:\/\/www.campingkims.com\/ca\/condicions-de-reserva\/","name":"Condicions de reserva - Camping Kim&#039;s Llafranc","isPartOf":{"@id":"https:\/\/www.campingkims.com\/ca\/#website"},"primaryImageOfPage":{"@id":"https:\/\/www.campingkims.com\/ca\/condicions-de-reserva\/#primaryimage"},"image":{"@id":"https:\/\/www.campingkims.com\/ca\/condicions-de-reserva\/#primaryimage"},"thumbnailUrl":"http:\/\/www.campingkims.com\/wp-content\/uploads\/parcelas-02.webp","datePublished":"2023-07-13T15:01:42+00:00","dateModified":"2023-08-14T13:20:54+00:00","description":"Condicions de reserva pol\u00edtica de cancel\u00b7laci\u00f3 Allotjaments C\u00e0mping","breadcrumb":{"@id":"https:\/\/www.campingkims.com\/ca\/condicions-de-reserva\/#breadcrumb"},"inLanguage":"ca","potentialAction":[{"@type":"ReadAction","target":["https:\/\/www.campingkims.com\/ca\/condicions-de-reserva\/"]}]},{"@type":"ImageObject","inLanguage":"ca","@id":"https:\/\/www.campingkims.com\/ca\/condicions-de-reserva\/#primaryimage","url":"http:\/\/www.campingkims.com\/wp-content\/uploads\/parcelas-02.webp","contentUrl":"http:\/\/www.campingkims.com\/wp-content\/uploads\/parcelas-02.webp"},{"@type":"BreadcrumbList","@id":"https:\/\/www.campingkims.com\/ca\/condicions-de-reserva\/#breadcrumb","itemListElement":[{"@type":"ListItem","position":1,"name":"Portada","item":"https:\/\/www.campingkims.com\/ca\/"},{"@type":"ListItem","position":2,"name":"Condicions de reserva"}]},{"@type":"WebSite","@id":"https:\/\/www.campingkims.com\/ca\/#website","url":"https:\/\/www.campingkims.com\/ca\/","name":"Camping Kim's Llafranc","description":"Kim&#039;s Camping Caravaning &amp; Bungalow Park","publisher":{"@id":"https:\/\/www.campingkims.com\/ca\/#organization"},"potentialAction":[{"@type":"SearchAction","target":{"@type":"EntryPoint","urlTemplate":"https:\/\/www.campingkims.com\/ca\/?s={search_term_string}"},"query-input":{"@type":"PropertyValueSpecification","valueRequired":true,"valueName":"search_term_string"}}],"inLanguage":"ca"},{"@type":"Organization","@id":"https:\/\/www.campingkims.com\/ca\/#organization","name":"Camping Kim's Llafranc","url":"https:\/\/www.campingkims.com\/ca\/","logo":{"@type":"ImageObject","inLanguage":"ca","@id":"https:\/\/www.campingkims.com\/ca\/#\/schema\/logo\/image\/","url":"https:\/\/www.campingkims.com\/wp-content\/uploads\/logo-camping-kims-llafranc-costa-brava.png","contentUrl":"https:\/\/www.campingkims.com\/wp-content\/uploads\/logo-camping-kims-llafranc-costa-brava.png","width":537,"height":257,"caption":"Camping Kim's Llafranc"},"image":{"@id":"https:\/\/www.campingkims.com\/ca\/#\/schema\/logo\/image\/"}}]}},"_links":{"self":[{"href":"https:\/\/www.campingkims.com\/ca\/wp-json\/wp\/v2\/pages\/5415"}],"collection":[{"href":"https:\/\/www.campingkims.com\/ca\/wp-json\/wp\/v2\/pages"}],"about":[{"href":"https:\/\/www.campingkims.com\/ca\/wp-json\/wp\/v2\/types\/page"}],"author":[{"embeddable":true,"href":"https:\/\/www.campingkims.com\/ca\/wp-json\/wp\/v2\/users\/1"}],"replies":[{"embeddable":true,"href":"https:\/\/www.campingkims.com\/ca\/wp-json\/wp\/v2\/comments?post=5415"}],"version-history":[{"count":1,"href":"https:\/\/www.campingkims.com\/ca\/wp-json\/wp\/v2\/pages\/5415\/revisions"}],"predecessor-version":[{"id":5416,"href":"https:\/\/www.campingkims.com\/ca\/wp-json\/wp\/v2\/pages\/5415\/revisions\/5416"}],"wp:attachment":[{"href":"https:\/\/www.campingkims.com\/ca\/wp-json\/wp\/v2\/media?parent=5415"}],"curies":[{"name":"wp","href":"https:\/\/api.w.org\/{rel}","templated":true}]}}