{"id":5942,"date":"2022-10-10T13:42:36","date_gmt":"2022-10-10T11:42:36","guid":{"rendered":"http:\/\/www.campingkims.com\/politica-privacidad\/"},"modified":"2023-08-18T16:19:38","modified_gmt":"2023-08-18T14:19:38","slug":"politica-privacitat","status":"publish","type":"page","link":"https:\/\/www.campingkims.com\/ca\/politica-privacitat\/","title":{"rendered":"Pol\u00edtica de privacitat"},"content":{"rendered":"\n<div class=\"wp-block-cover alignfull is-light cover-page animation--init--once is-style-no-margin\" style=\"margin-top:0px;margin-bottom:8vh;min-height:795px;aspect-ratio:unset;\"><span aria-hidden=\"true\" class=\"wp-block-cover__background has-background-dim-0 has-background-dim has-background-gradient has-theme-black-transparent-gradient-background\"><\/span><img loading=\"lazy\" decoding=\"async\" width=\"1920\" height=\"1280\" class=\"wp-block-cover__image-background wp-image-1225\" alt=\"\" src=\"http:\/\/www.campingkims.com\/wp-content\/uploads\/kids-club-08.webp\" data-object-fit=\"cover\" srcset=\"https:\/\/www.campingkims.com\/wp-content\/uploads\/kids-club-08.webp 1920w, https:\/\/www.campingkims.com\/wp-content\/uploads\/kids-club-08-1024x683.webp 1024w, https:\/\/www.campingkims.com\/wp-content\/uploads\/kids-club-08-768x512.webp 768w, https:\/\/www.campingkims.com\/wp-content\/uploads\/kids-club-08-1536x1024.webp 1536w, https:\/\/www.campingkims.com\/wp-content\/uploads\/kids-club-08-512x341.webp 512w, https:\/\/www.campingkims.com\/wp-content\/uploads\/kids-club-08-256x171.webp 256w\" sizes=\"(max-width: 1920px) 100vw, 1920px\" \/><div class=\"wp-block-cover__inner-container is-layout-flow wp-block-cover-is-layout-flow\">\n<figure class=\"wp-block-image alignfull size-large animation--init--once slide-up is-style-no-margin waves\"><img loading=\"lazy\" decoding=\"async\" width=\"1700\" height=\"102\" src=\"http:\/\/www.campingkims.com\/wp-content\/uploads\/waves-orange-1.svg\" alt=\"\" class=\"wp-image-3751\"\/><\/figure>\n\n\n\n<div class=\"wp-block-group animation--init--once pop-up is-vertical is-content-justification-center is-layout-flex wp-container-core-group-is-layout-1 wp-block-group-is-layout-flex\">\n<h1 class=\"wp-block-heading has-text-align-center has-theme-white-color has-text-color\">Pol\u00edtica de privacitat<\/h1>\n<\/div>\n<\/div><\/div>\n\n\n\n<div class=\"wp-block-group alignfull booking-section has-theme-orange-background-color has-background is-layout-constrained wp-block-group-is-layout-constrained\" style=\"margin-top:0px;margin-bottom:10vh\">\n<div class=\"wp-block-group alignwide animation--init--once booking-container has-theme-orange-background-color has-background is-vertical is-content-justification-center is-layout-flex wp-container-core-group-is-layout-3 wp-block-group-is-layout-flex\" style=\"border-radius:2rem;margin-top:0px;margin-bottom:0px;padding-top:3rem;padding-right:3rem;padding-bottom:3rem;padding-left:3rem\">\n<div class=\"wp-block-group animation--init--once alignwide booking-title is-vertical is-content-justification-center is-layout-flex wp-container-core-group-is-layout-2 wp-block-group-is-layout-flex\">\n<p class=\"has-theme-dark-purple-color has-text-color has-roboto-slab-font-family has-h-6-font-size\">RESERVES ONLINE<\/p>\n\n\n\n<h3 class=\"wp-block-heading has-text-align-center has-theme-white-color has-text-color has-h-4-font-size\">Reserva les teves vacances de c\u00e0mping a la Costa Brava<\/h3>\n\n\n\n<figure class=\"wp-block-image size-large is-resized wp-duotone-221b40-221b40-1\"><img loading=\"lazy\" decoding=\"async\" width=\"25\" height=\"9\" src=\"http:\/\/www.campingkims.com\/wp-content\/uploads\/ola-separadora.svg\" alt=\"\" class=\"wp-image-921\" style=\"width:70px\"\/><\/figure>\n<\/div>\n\n\n<script>\n            document.addEventListener('DOMContentLoaded', function () {\n\n                var widget = new MasterWidget('widgetBookingContainer3204', {\n                    lang: 'ca',idProperty: '61',class: 'widget_columns',target: '_blank',dropdown: true,\n                    url: 'https:\/\/booking.campingkims.com'\n                });\n\n\n            });\n\n            <\/script><div id=\"widgetBookingContainer3204\"> <\/div>\n<\/div>\n<\/div>\n\n\n\n<p><strong>Kim\u2019s Camping SL,<\/strong>\u00a0en compliment amb el Reglament Europeu de protecci\u00f3 de dades 679\/2016, garanteix la protecci\u00f3 i la confidencialitat de les dades personals de tot tipus, que ens proporcionin els nostres clients, \u201cusuaris\u201d, en la web.<\/p>\n\n\n\n<h4 class=\"wp-block-heading\"><strong>Informaci\u00f3 b\u00e0sica<\/strong><\/h4>\n\n\n\n<p>En virtut de l\u2019article 13 del Reglament Europeu de Protecci\u00f3 de Dades (RGPD),<strong>Kim\u2019s Camping SL<\/strong>, com a responsable del tractament, l\u2019informa dels seg\u00fcents aspectes rellevants:<\/p>\n\n\n\n<figure class=\"wp-block-table\"><table><tbody><tr><td><strong><strong>Responsable del Tractament<\/strong><br><\/strong><\/td><td><strong><strong>Kim\u2019s Camping SL, domiciliada a Llafranc a Font d\u2019en Xeco, 1 de Llafranc, (Palafrugell, Girona \u2013 Espanya)<\/strong><br><br><\/strong><\/td><\/tr><tr><td><strong><strong>Finalitat<\/strong><\/strong><\/td><td>La informaci\u00f3 que ens faciliten les persones interessades les tractem amb la finalitat de gestionar l\u2019enviament de la informaci\u00f3 que ens sol\u00b7licitin, i facilitar als interessats ofertes de productes i serveis del seu inter\u00e8s.<br>Les dades proporcionades es conservaran mentre es mantingui una relaci\u00f3 mercantil i no se sol\u00b7liciti la seva supressi\u00f3.<\/td><\/tr><tr><td><strong><strong>Exercici de Drets<\/strong><\/strong><\/td><td>Dirigir-se a:\u00a0<strong><u>info@campingkims.com<\/u><\/strong><\/td><\/tr><tr><td><strong><strong>Desistiment<\/strong><\/strong><\/td><td>Gratu\u00eft<\/td><\/tr><tr><td><strong>Destinataris<\/strong><\/td><td>No es cediran dades a tercers excepte obligaci\u00f3 legal.<\/td><\/tr><tr><td><strong>Reclamaci\u00f3<\/strong><\/td><td>Autoritat de Control Espanyola<\/td><\/tr><tr><td><strong>Informaci\u00f3 Addicional<\/strong><\/td><td>Podeu consultar informaci\u00f3 addicional i detallada sobre protecci\u00f3 de dades i privacitat a\u00a0<strong><u>www.campingkims.com\/ca\/legal\/<\/u><\/strong><\/td><\/tr><\/tbody><\/table><\/figure>\n\n\n\n<h4 class=\"wp-block-heading\">Informaci\u00f3 Addicional<\/h4>\n\n\n\n<p><strong>Kim\u2019s Camping SL<\/strong>&nbsp;\u00e9s el responsable del tractament de dades personals que recull i tracta, posant a la seva disposici\u00f3 els seg\u00fcents mitjans de comunicaci\u00f3 per a la seva posada en contacte a:<\/p>\n\n\n\n<p><strong>Kim\u2019s Camping SL<\/strong>&nbsp;amb NIF&nbsp;<strong>B17083353<\/strong>&nbsp;amb Domicili Font d\u2019en Xeco, n\u00ba 1 17211 Llafranc (Palafrugell, Girona) Espanya i correu electr\u00f2nic:&nbsp;<a href=\"mailto:info@campingkims.com\">info@campingkims.com<\/a><\/p>\n\n\n\n<h4 class=\"wp-block-heading\">Abast de la Pol\u00edtica<\/h4>\n\n\n\n<p>Quan accedeix i utilitza la nostra p\u00e0gina web&nbsp;<a href=\"https:\/\/staging.campingkims.com\/ca\/\">www.campingkims.com&nbsp;<\/a>es compromet a acceptar aquesta pol\u00edtica de privacitat, aix\u00ed com les disposicions que cont\u00e9 l\u2019Av\u00eds Legal i pol\u00edtica de galetes.<\/p>\n\n\n\n<p>Li proporcionem la informaci\u00f3 perqu\u00e8 amb car\u00e0cter previ a la documentaci\u00f3 de les seves dades personals pugui accedir a la Pol\u00edtica de Privadesa i a qualsevol altra informaci\u00f3 rellevant en mat\u00e8ria de protecci\u00f3 de dades.<\/p>\n\n\n\n<p>Aix\u00ed mateix, la present pol\u00edtica serveix per facilitar informaci\u00f3 addicional de segon nivell, d\u2019aquelles cl\u00e0usules informatives que redirigeixen a aquesta, amb tal finalitat.<\/p>\n\n\n\n<h4 class=\"wp-block-heading\">Finalitat del tractament<\/h4>\n\n\n\n<p>El C\u00e0mping tractar\u00e0 la informaci\u00f3 que ens proporcioni amb les seg\u00fcents finalitats:<\/p>\n\n\n\n<ul class=\"wp-block-list\">\n<li>Gestiona qualsevol tipus de sol\u00b7licitud, suggeriment o petici\u00f3 sobre els nostres serveis professionals que ens formuli.<\/li>\n\n\n\n<li>Comunicacions comercials: Tractament de les seves dades amb la finalitat d\u2019informar d\u2019articles d\u2019inter\u00e8s i informaci\u00f3 general sobre els nostres serveis via correu electr\u00f2nic.<\/li>\n\n\n\n<li>Gestions administratives, comptables i fiscals.<\/li>\n\n\n\n<li>Gestionar dades aportades pels candidats a un lloc de treball a trav\u00e9s de Curr\u00edculum vitae (CV), amb la finalitat del proc\u00e9s de selecci\u00f3. Vost\u00e8 autoritza expressament al C\u00e0mping perqu\u00e8 procedeixi al tractament de les seves dades per la finalitat indicada.<\/li>\n<\/ul>\n\n\n\n<p>El C\u00e0mping tractar\u00e0 les seves dades i informaci\u00f3 aportada per als processos de selecci\u00f3 amb la m\u00e9s estricta confidencialitat, adoptant per a aix\u00f2 les mesures t\u00e8cniques i organitzatives necess\u00e0ries per evitar la p\u00e8rdua, mal \u00fas, alteraci\u00f3 i \/ o acc\u00e9s no autoritzat.<\/p>\n\n\n\n<h4 class=\"wp-block-heading\">Termini de conservaci\u00f3 de les seves dades<\/h4>\n\n\n\n<p>El per\u00edode de conservaci\u00f3 de les dades personals variar\u00e0 en funci\u00f3 del servei que pugui arribar a contractar o prestar.<\/p>\n\n\n\n<p>En qualsevol cas, ser\u00e0 el m\u00ednim necessari, i pot mantenir-se segons les circumst\u00e0ncies que s\u2019apliquin en cada cas, i la legislaci\u00f3 vigent actual.<\/p>\n\n\n\n<h4 class=\"wp-block-heading\">Legitimaci\u00f3<\/h4>\n\n\n\n<p>La base legal per al tractament de les dades \u00e9s el consentiment de les persones interessades per a la tramitaci\u00f3 i gesti\u00f3 de qualsevol sol\u00b7licitud d\u2019informaci\u00f3 o consulta sobre els nostres serveis professionals, aix\u00ed com per a l\u2019enviament de comunicacions comercials dutes a terme pel C\u00e0mping quan el tractament sigui necessari per a l\u2019execuci\u00f3 d\u2019un contracte.<\/p>\n\n\n\n<h4 class=\"wp-block-heading\">Proced\u00e8ncia de les dades<\/h4>\n\n\n\n<p>Totes les dades personals que tractem mitjan\u00e7ant la nostra p\u00e0gina web procedeixen directament del propi interessat.<\/p>\n\n\n\n<h4 class=\"wp-block-heading\">Drets<\/h4>\n\n\n\n<p>En compliment amb la normativa europea de protecci\u00f3 de dades-comunament denominat RGPD-, l\u2019informa dels drets que ostenta com a titular i afectat de les dades personals que recaptem i tractem, incloent-se els seg\u00fcents drets:<\/p>\n\n\n\n<ul class=\"wp-block-list\">\n<li>T\u00e9 dret a desistir de forma gratu\u00efta i en qualsevol moment del consentiment atorgat pel tractament de les seves dades personals.<\/li>\n\n\n\n<li>T\u00e9 reconegut el dret d\u2019acc\u00e9s a les seves dades personals aix\u00ed com el dret a rectificaci\u00f3 d\u2019aquells.<\/li>\n\n\n\n<li>T\u00e9 dret a oposar-se al processament de les seves dades personals, aix\u00ed com el dret a supressi\u00f3, comunament denominat, dret a l\u2019oblit. De la mateixa manera, t\u00e9 dret a oposar-se al tractament per decisions individuals automatitzades.<\/li>\n\n\n\n<li>T\u00e9 dret a obtenir la limitaci\u00f3 del tractament de dades personals.<\/li>\n\n\n\n<li>T\u00e9 dret a sol\u00b7licitar la portabilitat de les seves dades personals.<\/li>\n\n\n\n<li>T\u00e9 dret a presentar una queixa a l\u2019Autoritat de control en de protecci\u00f3 de dades que correspongui, sent l\u2019Ag\u00e8ncia Espanyola de Protecci\u00f3 de Dades (<a href=\"http:\/\/www.agpd.es\/\" rel=\"noreferrer noopener\" target=\"_blank\">www.agpd.es<\/a>).<\/li>\n<\/ul>\n\n\n\n<p>Els precedents drets reconeguts els podr\u00e0 exercitar mitjan\u00e7ant sol\u00b7licitud dirigida a trav\u00e9s de correu electr\u00f2nic&nbsp;info@campingkims.com&nbsp;oa trav\u00e9s dels mitjans de contacte que posem a la seva disposici\u00f3 indicant en l\u2019assumpte del missatge o comunicaci\u00f3 la refer\u00e8ncia: drets GDPR. Aix\u00ed mateix, en cas que per poder fer aquesta sol\u00b7licitud precisem d\u2019informaci\u00f3 addicional que permeti acreditar la identitat de la persona exercent i vinculada al tractament de dades personals, es requerir\u00e0 l\u2019aportaci\u00f3 d\u2019informaci\u00f3 addicional o documental que acrediti aquesta identitat de l\u2019afectat o interessat que exerceixi el dret en q\u00fcesti\u00f3.<\/p>\n\n\n\n<h4 class=\"wp-block-heading\">Desistiment<\/h4>\n\n\n\n<p>En virtut de la Directiva 2002\/58 \/ CE en relaci\u00f3 amb els serveis de la societat de la informaci\u00f3 i la possibilitat de remetre comunicacions promocionals o publicit\u00e0ries per mitjans electr\u00f2nics, incorpora o facilita als destinataris d\u2019aquestes comunicacions mecanismes, senzills i gratu\u00efts, per desistir del consentiment atorgat per a la finalitat de l\u2019enviament d\u2019aquelles, complint \u00edntegrament amb la normativa europea i nacional sobre la mat\u00e8ria esmentada.<\/p>\n\n\n\n<h4 class=\"wp-block-heading\">Pol\u00edtica de Galetes<\/h4>\n\n\n\n<p>Una \u201cCookie\u201d \u00e9s un petit arxiu que s\u2019emmagatzema a l\u2019ordinador de l\u2019usuari i ens permet recon\u00e8ixer-lo. El conjunt de \u201ccookies\u201d ens ajuda a millorar la qualitat de la nostra web, permetent-nos controlar quines p\u00e0gines troben els nostres usuaris \u00fatils i quins no.<\/p>\n\n\n\n<p>Les cookies s\u00f3n essencials per al funcionament d\u2019internet, aportant innombrables avantatges en la prestaci\u00f3 de serveis interactius, facilitant la navegaci\u00f3 i usabilitat de la nostra web. Recordeu que les galetes no poden danyar el seu equip i el que estiguin activades ens ajuden a identificar i resoldre els errors.<\/p>\n\n\n\n<h4 class=\"wp-block-heading\">Av\u00eds de violaci\u00f3 de dades personals<\/h4>\n\n\n\n<p>En el cas que les seves dades es vegin compromesos, el C\u00e0mping li notificar\u00e0 a vost\u00e8 ia les autoritats supervisores competents en un termini de 72 hores per correu electr\u00f2nic amb informaci\u00f3 sobre l\u2019abast de la violaci\u00f3, les dades afectades, qualsevol impacte en el servei i el pla d\u2019acci\u00f3 del C\u00e0mping amb les mesures per protegir les dades i limitar qualsevol possible efecte negatiu en els interessats.<\/p>\n\n\n\n<p>La \u201cinfracci\u00f3 de dades personals\u201d fa refer\u00e8ncia a una violaci\u00f3 de la seguretat que condueix a la destrucci\u00f3, p\u00e8rdua, alteraci\u00f3, divulgaci\u00f3 no autoritzada o acc\u00e9s, accidental o il\u00b7legal, a les dades personals transmeses, emmagatzemades o processats relacionats amb la prestaci\u00f3 del servei .<\/p>\n\n\n\n<h4 class=\"wp-block-heading\">Dubtes i Modificacions<\/h4>\n\n\n\n<p>Si t\u00e9 alguna pregunta sobre aquesta Pol\u00edtica de Privacitat, li preguem que es posi en contacte amb nosaltres enviant un correu electr\u00f2nic a l\u2019adre\u00e7a info@campingkims.com<\/p>\n\n\n\n<p class=\"has-theme-purple-color has-text-color\"><\/p>\n","protected":false},"excerpt":{"rendered":"<p>Kim\u2019s Camping SL,\u00a0en compliment amb el Reglament Europeu de protecci\u00f3 de dades 679\/2016, garanteix la protecci\u00f3 i la confidencialitat de les dades personals de tot&#8230;<\/p>\n","protected":false},"author":1,"featured_media":0,"parent":0,"menu_order":6,"comment_status":"closed","ping_status":"open","template":"","meta":{"_acf_changed":false,"inline_featured_image":false,"footnotes":""},"class_list":["post-5942","page","type-page","status-publish","hentry"],"acf":[],"yoast_head":"<!-- This site is optimized with the Yoast SEO plugin v23.5 - https:\/\/yoast.com\/wordpress\/plugins\/seo\/ -->\n<title>Pol\u00edtica de privacitat - Camping Kim&#039;s Llafranc<\/title>\n<meta name=\"description\" content=\"Pol\u00edtica de privacitat Kim\u2019s Camping SL,\u00a0en compliment amb el Reglament Europeu de protecci\u00f3 de dades 679\/2016, garanteix la protecci\u00f3 i la\" \/>\n<meta name=\"robots\" content=\"index, follow, max-snippet:-1, max-image-preview:large, max-video-preview:-1\" \/>\n<link rel=\"canonical\" href=\"https:\/\/www.campingkims.com\/ca\/politica-privacitat\/\" \/>\n<meta property=\"og:locale\" content=\"ca_ES\" \/>\n<meta property=\"og:type\" content=\"article\" \/>\n<meta property=\"og:title\" content=\"Pol\u00edtica de privacitat - Camping Kim&#039;s Llafranc\" \/>\n<meta property=\"og:description\" content=\"Pol\u00edtica de privacitat Kim\u2019s Camping SL,\u00a0en compliment amb el Reglament Europeu de protecci\u00f3 de dades 679\/2016, garanteix la protecci\u00f3 i la\" \/>\n<meta property=\"og:url\" content=\"https:\/\/www.campingkims.com\/ca\/politica-privacitat\/\" \/>\n<meta property=\"og:site_name\" content=\"Camping Kim&#039;s Llafranc\" \/>\n<meta property=\"article:modified_time\" content=\"2023-08-18T14:19:38+00:00\" \/>\n<meta property=\"og:image\" content=\"http:\/\/www.campingkims.com\/wp-content\/uploads\/kids-club-08.webp\" \/>\n<meta name=\"twitter:card\" content=\"summary_large_image\" \/>\n<meta name=\"twitter:label1\" content=\"Temps estimat de lectura\" \/>\n\t<meta name=\"twitter:data1\" content=\"6 minuts\" \/>\n<script type=\"application\/ld+json\" class=\"yoast-schema-graph\">{\"@context\":\"https:\/\/schema.org\",\"@graph\":[{\"@type\":\"WebPage\",\"@id\":\"https:\/\/www.campingkims.com\/ca\/politica-privacitat\/\",\"url\":\"https:\/\/www.campingkims.com\/ca\/politica-privacitat\/\",\"name\":\"Pol\u00edtica de privacitat - Camping Kim&#039;s Llafranc\",\"isPartOf\":{\"@id\":\"https:\/\/www.campingkims.com\/ca\/#website\"},\"primaryImageOfPage\":{\"@id\":\"https:\/\/www.campingkims.com\/ca\/politica-privacitat\/#primaryimage\"},\"image\":{\"@id\":\"https:\/\/www.campingkims.com\/ca\/politica-privacitat\/#primaryimage\"},\"thumbnailUrl\":\"http:\/\/www.campingkims.com\/wp-content\/uploads\/kids-club-08.webp\",\"datePublished\":\"2022-10-10T11:42:36+00:00\",\"dateModified\":\"2023-08-18T14:19:38+00:00\",\"description\":\"Pol\u00edtica de privacitat Kim\u2019s Camping SL,\u00a0en compliment amb el Reglament Europeu de protecci\u00f3 de dades 679\/2016, garanteix la protecci\u00f3 i la\",\"breadcrumb\":{\"@id\":\"https:\/\/www.campingkims.com\/ca\/politica-privacitat\/#breadcrumb\"},\"inLanguage\":\"ca\",\"potentialAction\":[{\"@type\":\"ReadAction\",\"target\":[\"https:\/\/www.campingkims.com\/ca\/politica-privacitat\/\"]}]},{\"@type\":\"ImageObject\",\"inLanguage\":\"ca\",\"@id\":\"https:\/\/www.campingkims.com\/ca\/politica-privacitat\/#primaryimage\",\"url\":\"http:\/\/www.campingkims.com\/wp-content\/uploads\/kids-club-08.webp\",\"contentUrl\":\"http:\/\/www.campingkims.com\/wp-content\/uploads\/kids-club-08.webp\"},{\"@type\":\"BreadcrumbList\",\"@id\":\"https:\/\/www.campingkims.com\/ca\/politica-privacitat\/#breadcrumb\",\"itemListElement\":[{\"@type\":\"ListItem\",\"position\":1,\"name\":\"Portada\",\"item\":\"https:\/\/www.campingkims.com\/ca\/\"},{\"@type\":\"ListItem\",\"position\":2,\"name\":\"Pol\u00edtica de privacitat\"}]},{\"@type\":\"WebSite\",\"@id\":\"https:\/\/www.campingkims.com\/ca\/#website\",\"url\":\"https:\/\/www.campingkims.com\/ca\/\",\"name\":\"Camping Kim's Llafranc\",\"description\":\"Kim&#039;s Camping Caravaning &amp; Bungalow Park\",\"publisher\":{\"@id\":\"https:\/\/www.campingkims.com\/ca\/#organization\"},\"potentialAction\":[{\"@type\":\"SearchAction\",\"target\":{\"@type\":\"EntryPoint\",\"urlTemplate\":\"https:\/\/www.campingkims.com\/ca\/?s={search_term_string}\"},\"query-input\":{\"@type\":\"PropertyValueSpecification\",\"valueRequired\":true,\"valueName\":\"search_term_string\"}}],\"inLanguage\":\"ca\"},{\"@type\":\"Organization\",\"@id\":\"https:\/\/www.campingkims.com\/ca\/#organization\",\"name\":\"Camping Kim's Llafranc\",\"url\":\"https:\/\/www.campingkims.com\/ca\/\",\"logo\":{\"@type\":\"ImageObject\",\"inLanguage\":\"ca\",\"@id\":\"https:\/\/www.campingkims.com\/ca\/#\/schema\/logo\/image\/\",\"url\":\"https:\/\/www.campingkims.com\/wp-content\/uploads\/logo-camping-kims-llafranc-costa-brava.png\",\"contentUrl\":\"https:\/\/www.campingkims.com\/wp-content\/uploads\/logo-camping-kims-llafranc-costa-brava.png\",\"width\":537,\"height\":257,\"caption\":\"Camping Kim's Llafranc\"},\"image\":{\"@id\":\"https:\/\/www.campingkims.com\/ca\/#\/schema\/logo\/image\/\"}}]}<\/script>\n<!-- \/ Yoast SEO plugin. -->","yoast_head_json":{"title":"Pol\u00edtica de privacitat - Camping Kim&#039;s Llafranc","description":"Pol\u00edtica de privacitat Kim\u2019s Camping SL,\u00a0en compliment amb el Reglament Europeu de protecci\u00f3 de dades 679\/2016, garanteix la protecci\u00f3 i la","robots":{"index":"index","follow":"follow","max-snippet":"max-snippet:-1","max-image-preview":"max-image-preview:large","max-video-preview":"max-video-preview:-1"},"canonical":"https:\/\/www.campingkims.com\/ca\/politica-privacitat\/","og_locale":"ca_ES","og_type":"article","og_title":"Pol\u00edtica de privacitat - Camping Kim&#039;s Llafranc","og_description":"Pol\u00edtica de privacitat Kim\u2019s Camping SL,\u00a0en compliment amb el Reglament Europeu de protecci\u00f3 de dades 679\/2016, garanteix la protecci\u00f3 i la","og_url":"https:\/\/www.campingkims.com\/ca\/politica-privacitat\/","og_site_name":"Camping Kim&#039;s Llafranc","article_modified_time":"2023-08-18T14:19:38+00:00","og_image":[{"url":"http:\/\/www.campingkims.com\/wp-content\/uploads\/kids-club-08.webp"}],"twitter_card":"summary_large_image","twitter_misc":{"Temps estimat de lectura":"6 minuts"},"schema":{"@context":"https:\/\/schema.org","@graph":[{"@type":"WebPage","@id":"https:\/\/www.campingkims.com\/ca\/politica-privacitat\/","url":"https:\/\/www.campingkims.com\/ca\/politica-privacitat\/","name":"Pol\u00edtica de privacitat - Camping Kim&#039;s Llafranc","isPartOf":{"@id":"https:\/\/www.campingkims.com\/ca\/#website"},"primaryImageOfPage":{"@id":"https:\/\/www.campingkims.com\/ca\/politica-privacitat\/#primaryimage"},"image":{"@id":"https:\/\/www.campingkims.com\/ca\/politica-privacitat\/#primaryimage"},"thumbnailUrl":"http:\/\/www.campingkims.com\/wp-content\/uploads\/kids-club-08.webp","datePublished":"2022-10-10T11:42:36+00:00","dateModified":"2023-08-18T14:19:38+00:00","description":"Pol\u00edtica de privacitat Kim\u2019s Camping SL,\u00a0en compliment amb el Reglament Europeu de protecci\u00f3 de dades 679\/2016, garanteix la protecci\u00f3 i la","breadcrumb":{"@id":"https:\/\/www.campingkims.com\/ca\/politica-privacitat\/#breadcrumb"},"inLanguage":"ca","potentialAction":[{"@type":"ReadAction","target":["https:\/\/www.campingkims.com\/ca\/politica-privacitat\/"]}]},{"@type":"ImageObject","inLanguage":"ca","@id":"https:\/\/www.campingkims.com\/ca\/politica-privacitat\/#primaryimage","url":"http:\/\/www.campingkims.com\/wp-content\/uploads\/kids-club-08.webp","contentUrl":"http:\/\/www.campingkims.com\/wp-content\/uploads\/kids-club-08.webp"},{"@type":"BreadcrumbList","@id":"https:\/\/www.campingkims.com\/ca\/politica-privacitat\/#breadcrumb","itemListElement":[{"@type":"ListItem","position":1,"name":"Portada","item":"https:\/\/www.campingkims.com\/ca\/"},{"@type":"ListItem","position":2,"name":"Pol\u00edtica de privacitat"}]},{"@type":"WebSite","@id":"https:\/\/www.campingkims.com\/ca\/#website","url":"https:\/\/www.campingkims.com\/ca\/","name":"Camping Kim's Llafranc","description":"Kim&#039;s Camping Caravaning &amp; Bungalow Park","publisher":{"@id":"https:\/\/www.campingkims.com\/ca\/#organization"},"potentialAction":[{"@type":"SearchAction","target":{"@type":"EntryPoint","urlTemplate":"https:\/\/www.campingkims.com\/ca\/?s={search_term_string}"},"query-input":{"@type":"PropertyValueSpecification","valueRequired":true,"valueName":"search_term_string"}}],"inLanguage":"ca"},{"@type":"Organization","@id":"https:\/\/www.campingkims.com\/ca\/#organization","name":"Camping Kim's Llafranc","url":"https:\/\/www.campingkims.com\/ca\/","logo":{"@type":"ImageObject","inLanguage":"ca","@id":"https:\/\/www.campingkims.com\/ca\/#\/schema\/logo\/image\/","url":"https:\/\/www.campingkims.com\/wp-content\/uploads\/logo-camping-kims-llafranc-costa-brava.png","contentUrl":"https:\/\/www.campingkims.com\/wp-content\/uploads\/logo-camping-kims-llafranc-costa-brava.png","width":537,"height":257,"caption":"Camping Kim's Llafranc"},"image":{"@id":"https:\/\/www.campingkims.com\/ca\/#\/schema\/logo\/image\/"}}]}},"_links":{"self":[{"href":"https:\/\/www.campingkims.com\/ca\/wp-json\/wp\/v2\/pages\/5942"}],"collection":[{"href":"https:\/\/www.campingkims.com\/ca\/wp-json\/wp\/v2\/pages"}],"about":[{"href":"https:\/\/www.campingkims.com\/ca\/wp-json\/wp\/v2\/types\/page"}],"author":[{"embeddable":true,"href":"https:\/\/www.campingkims.com\/ca\/wp-json\/wp\/v2\/users\/1"}],"replies":[{"embeddable":true,"href":"https:\/\/www.campingkims.com\/ca\/wp-json\/wp\/v2\/comments?post=5942"}],"version-history":[{"count":6,"href":"https:\/\/www.campingkims.com\/ca\/wp-json\/wp\/v2\/pages\/5942\/revisions"}],"predecessor-version":[{"id":5953,"href":"https:\/\/www.campingkims.com\/ca\/wp-json\/wp\/v2\/pages\/5942\/revisions\/5953"}],"wp:attachment":[{"href":"https:\/\/www.campingkims.com\/ca\/wp-json\/wp\/v2\/media?parent=5942"}],"curies":[{"name":"wp","href":"https:\/\/api.w.org\/{rel}","templated":true}]}}