{"id":6739,"date":"2023-08-21T16:02:03","date_gmt":"2023-08-21T14:02:03","guid":{"rendered":"https:\/\/www.campingkims.com\/faqs\/"},"modified":"2026-03-13T12:22:35","modified_gmt":"2026-03-13T11:22:35","slug":"faqs","status":"publish","type":"page","link":"https:\/\/www.campingkims.com\/ca\/faqs\/","title":{"rendered":"FAQ&#8217;S"},"content":{"rendered":"\n<div class=\"wp-block-cover alignfull cover-page animation--init--once is-style-no-margin\" style=\"margin-top:0px;margin-bottom:8vh;min-height:795px;aspect-ratio:unset;\"><span aria-hidden=\"true\" class=\"wp-block-cover__background has-background-dim-0 has-background-dim has-background-gradient has-theme-black-transparent-gradient-background\"><\/span><img loading=\"lazy\" decoding=\"async\" width=\"2048\" height=\"1536\" class=\"wp-block-cover__image-background wp-image-3716\" alt=\"\" src=\"http:\/\/www.campingkims.com\/wp-content\/uploads\/serveis-19.webp\" data-object-fit=\"cover\" srcset=\"https:\/\/www.campingkims.com\/wp-content\/uploads\/serveis-19.webp 2048w, https:\/\/www.campingkims.com\/wp-content\/uploads\/serveis-19-1024x768.webp 1024w, https:\/\/www.campingkims.com\/wp-content\/uploads\/serveis-19-768x576.webp 768w, https:\/\/www.campingkims.com\/wp-content\/uploads\/serveis-19-1536x1152.webp 1536w, https:\/\/www.campingkims.com\/wp-content\/uploads\/serveis-19-512x384.webp 512w, https:\/\/www.campingkims.com\/wp-content\/uploads\/serveis-19-256x192.webp 256w\" sizes=\"(max-width: 2048px) 100vw, 2048px\" \/><div class=\"wp-block-cover__inner-container is-layout-flow wp-block-cover-is-layout-flow\">\n<figure class=\"wp-block-image alignfull size-large animation--init--once slide-up is-style-no-margin waves\"><img loading=\"lazy\" decoding=\"async\" width=\"1700\" height=\"102\" src=\"http:\/\/www.campingkims.com\/wp-content\/uploads\/waves-orange-1.svg\" alt=\"\" class=\"wp-image-3751\"\/><\/figure>\n\n\n\n<div class=\"wp-block-group animation--init--once pop-up is-vertical is-content-justification-center is-layout-flex wp-container-core-group-is-layout-1 wp-block-group-is-layout-flex\">\n<h1 class=\"wp-block-heading has-text-align-center\">FAQ&#8217;S<\/h1>\n\n\n\n<p class=\"has-text-align-center has-roboto-slab-font-family has-h-5-font-size\" style=\"text-transform:uppercase\">PREGUNTES FREQ\u00dcENTS<\/p>\n<\/div>\n<\/div><\/div>\n\n\n\n<div class=\"wp-block-group alignfull booking-section has-theme-orange-background-color has-background is-layout-constrained wp-block-group-is-layout-constrained\" style=\"margin-top:0px;margin-bottom:10vh\">\n<div class=\"wp-block-group alignwide animation--init--once booking-container has-theme-orange-background-color has-background is-vertical is-content-justification-center is-layout-flex wp-container-core-group-is-layout-3 wp-block-group-is-layout-flex\" style=\"border-radius:2rem;margin-top:0px;margin-bottom:0px;padding-top:3rem;padding-right:3rem;padding-bottom:3rem;padding-left:3rem\">\n<div class=\"wp-block-group animation--init--once alignwide booking-title is-vertical is-content-justification-center is-layout-flex wp-container-core-group-is-layout-2 wp-block-group-is-layout-flex\">\n<p class=\"has-theme-dark-purple-color has-text-color has-roboto-slab-font-family has-h-6-font-size\">RESERVES ONLINE<\/p>\n\n\n\n<h3 class=\"wp-block-heading has-text-align-center has-theme-white-color has-text-color has-h-4-font-size\">Reserva les teves vacances de c\u00e0mping a la Costa Brava<\/h3>\n\n\n\n<figure class=\"wp-block-image size-large is-resized wp-duotone-221b40-221b40-1\"><img loading=\"lazy\" decoding=\"async\" width=\"25\" height=\"9\" src=\"http:\/\/www.campingkims.com\/wp-content\/uploads\/ola-separadora.svg\" alt=\"\" class=\"wp-image-921\" style=\"width:70px\"\/><\/figure>\n<\/div>\n\n\n<script>\n            document.addEventListener('DOMContentLoaded', function () {\n\n                var widget = new MasterWidget('widgetBookingContainer899', {\n                    lang: 'ca',idProperty: '61',class: 'widget_columns',target: '_blank',dropdown: true,\n                    url: 'https:\/\/booking.campingkims.com'\n                });\n\n\n            });\n\n            <\/script><div id=\"widgetBookingContainer899\"> <\/div>\n<\/div>\n<\/div>\n\n\n\n<h2 class=\"wp-block-heading alignwide has-text-align-center has-h-5-font-size\">RESPOSTES A LES VOSTRES PREGUNTES DEL CAMPING EN GENERAL<\/h2>\n\n\n\n<div class=\"wp-block-columns alignwide is-layout-flex wp-container-core-columns-is-layout-1 wp-block-columns-is-layout-flex\">\n<div class=\"wp-block-column is-layout-flow wp-block-column-is-layout-flow\">  \n<div class=\"wp-block-dropdown animation--init--once slide-up alignwide has-text-align-left align-content-top\" >  \n    <div class=\"dropdown-list-item\">\n        <input type=\"checkbox\" id=\"wp-block-dropdown-block_bd10c65138a246c0cf0440104fdd8ec6\">\n        <label for=\"wp-block-dropdown-block_bd10c65138a246c0cf0440104fdd8ec6\" class=\"dropdown-title\">\n                            <p>Quina \u00e9s l\u2019adre\u00e7a del Camping? <\/p>\n                <i class=\"fa-solid fa-plus\"><\/i>\n                \n        <\/label>\n        <div class=\"dropdown-content\">\n            <div class=\"acf-innerblocks-container\">\n\n<p>Avinguda del Mar Km2 17211 LLAFRANC<\/p>\n\n<\/div>    \n        <\/div>\n    <\/div>\n<\/div>\n\n  \n<div class=\"wp-block-dropdown animation--init--once slide-up alignwide has-text-align-left align-content-top\" >  \n    <div class=\"dropdown-list-item\">\n        <input type=\"checkbox\" id=\"wp-block-dropdown-block_4386ce84f6a4747c99f532952e961047\">\n        <label for=\"wp-block-dropdown-block_4386ce84f6a4747c99f532952e961047\" class=\"dropdown-title\">\n                            <p>I les coordenades GPS?<\/p>\n                <i class=\"fa-solid fa-plus\"><\/i>\n                \n        <\/label>\n        <div class=\"dropdown-content\">\n            <div class=\"acf-innerblocks-container\">\n\n<p>GPS: N 41\u00ba 53.55\u2019 6\u2019\u2019 \u2013 E 3\u00ba 11.08\u2019 09\u2019\u2019<\/p>\n\n<\/div>    \n        <\/div>\n    <\/div>\n<\/div>\n\n  \n<div class=\"wp-block-dropdown animation--init--once slide-up alignwide has-text-align-left align-content-top\" >  \n    <div class=\"dropdown-list-item\">\n        <input type=\"checkbox\" id=\"wp-block-dropdown-block_09b95ff5346038cd9b49ec4b21dbb76c\">\n        <label for=\"wp-block-dropdown-block_09b95ff5346038cd9b49ec4b21dbb76c\" class=\"dropdown-title\">\n                            <p>Quin \u00e9s l\u2019horari de recepci\u00f3?<\/p>\n                <i class=\"fa-solid fa-plus\"><\/i>\n                \n        <\/label>\n        <div class=\"dropdown-content\">\n            <div class=\"acf-innerblocks-container\">\n\n<p>De 8h del mat\u00ed a 10h del vespre.<\/p>\n\n<\/div>    \n        <\/div>\n    <\/div>\n<\/div>\n\n  \n<div class=\"wp-block-dropdown animation--init--once slide-up alignwide has-text-align-left align-content-top\" >  \n    <div class=\"dropdown-list-item\">\n        <input type=\"checkbox\" id=\"wp-block-dropdown-block_025cb0dceb3a8710b4ec0fe84f7a5ec2\">\n        <label for=\"wp-block-dropdown-block_025cb0dceb3a8710b4ec0fe84f7a5ec2\" class=\"dropdown-title\">\n                            <p>Com puc arribar al c\u00e0mping?<\/p>\n                <i class=\"fa-solid fa-plus\"><\/i>\n                \n        <\/label>\n        <div class=\"dropdown-content\">\n            <div class=\"acf-innerblocks-container\">\n\n<p><a href=\"https:\/\/visitpalafrugell.cat\/es\/que-encontrara\/como-llegar\/\" target=\"_blank\" rel=\"noreferrer noopener\">https:\/\/visitpalafrugell.cat\/es\/que-encontrara\/como-llegar\/<\/a><\/p>\n\n<\/div>    \n        <\/div>\n    <\/div>\n<\/div>\n\n  \n<div class=\"wp-block-dropdown alignwide has-text-align-left align-content-top\" >  \n    <div class=\"dropdown-list-item\">\n        <input type=\"checkbox\" id=\"wp-block-dropdown-block_35322a840c0f11690383d44d16d6a341\">\n        <label for=\"wp-block-dropdown-block_35322a840c0f11690383d44d16d6a341\" class=\"dropdown-title\">\n                            <p>Qu\u00e8 necessito quan arribi al c\u00e0mping per fer l\u2019entrada?<\/p>\n                <i class=\"fa-solid fa-plus\"><\/i>\n                \n        <\/label>\n        <div class=\"dropdown-content\">\n            <div class=\"acf-innerblocks-container\">\n\n<p>DNI o passaport de totes les persones que s\u2019allotjaran al c\u00e0mping.<\/p>\n\n\n\n<p>Segons legislaci\u00f3 vigent els majors de 14 anys tenen l\u2019obligaci\u00f3 de presentar el DNI o passaport.<\/p>\n\n<\/div>    \n        <\/div>\n    <\/div>\n<\/div>\n\n  \n<div class=\"wp-block-dropdown alignwide has-text-align-left align-content-top\" >  \n    <div class=\"dropdown-list-item\">\n        <input type=\"checkbox\" id=\"wp-block-dropdown-block_eaeba9d723b97e04053d5c92cc3687d5\">\n        <label for=\"wp-block-dropdown-block_eaeba9d723b97e04053d5c92cc3687d5\" class=\"dropdown-title\">\n                            <p>Hi ha una edat m\u00ednima per accedir al c\u00e0mping?<\/p>\n                <i class=\"fa-solid fa-plus\"><\/i>\n                \n        <\/label>\n        <div class=\"dropdown-content\">\n            <div class=\"acf-innerblocks-container\">\n\n<p>Per accedir al camping no per\u00f2 NO s\u2019admet l\u2019entrada a menors de 18 anys que no vagin acompanyats del pare, mare o tutor legal durant tota l\u2019estada.<\/p>\n\n\n\n<p>Per allotjar-se al c\u00e0mping sense els seus pares o tutors legals, l\u2019edat m\u00ednima \u00e9s de 21 anys.<\/p>\n\n\n\n<p>Es procedir\u00e0 a anul\u00b7lar qualsevol reserva que no compleixi amb aquest requisit.<\/p>\n\n<\/div>    \n        <\/div>\n    <\/div>\n<\/div>\n\n  \n<div class=\"wp-block-dropdown alignwide has-text-align-left align-content-top\" >  \n    <div class=\"dropdown-list-item\">\n        <input type=\"checkbox\" id=\"wp-block-dropdown-block_029233dfb367f769a6dac37a4b825f5d\">\n        <label for=\"wp-block-dropdown-block_029233dfb367f769a6dac37a4b825f5d\" class=\"dropdown-title\">\n                            <p>Quan s\u2019obren les piscines?<\/p>\n                <i class=\"fa-solid fa-plus\"><\/i>\n                \n        <\/label>\n        <div class=\"dropdown-content\">\n            <div class=\"acf-innerblocks-container\">\n\n<p>El mateix dia que obre el camping el divendres 3 de maig totes les instal\u00b7lacions estan obertes i accessibles.<\/p>\n\n\n\n<p>Es obligatori el compliment de les normes aix\u00ed com les instruccions del socorrista.<\/p>\n\n\n\n<p>Nom\u00e9s es permet l\u2019\u00fas del banyador tradicional, biquini, banyador de cavaller o bermudes. Queda prohibit banyar-se amb roba de carrer o amb Burkini.<\/p>\n\n<\/div>    \n        <\/div>\n    <\/div>\n<\/div>\n\n  \n<div class=\"wp-block-dropdown alignwide has-text-align-left align-content-top\" >  \n    <div class=\"dropdown-list-item\">\n        <input type=\"checkbox\" id=\"wp-block-dropdown-block_6a04df3d688546e09e0773744f44eccd\">\n        <label for=\"wp-block-dropdown-block_6a04df3d688546e09e0773744f44eccd\" class=\"dropdown-title\">\n                            <p>Es accesible la piscina per a persones amb mobilitat redu\u00efda?<\/p>\n                <i class=\"fa-solid fa-plus\"><\/i>\n                \n        <\/label>\n        <div class=\"dropdown-content\">\n            <div class=\"acf-innerblocks-container\">\n\n<p>Si, hi ha rampes d\u2019acc\u00e9s a la piscina i cadira elevadora per a entrar-hi.<\/p>\n\n\n\n<p>Tamb\u00e9 tenim un sanitari adaptat (en el bloc N\u00ba 5)<\/p>\n\n<\/div>    \n        <\/div>\n    <\/div>\n<\/div>\n\n  \n<div class=\"wp-block-dropdown alignwide has-text-align-left align-content-top\" >  \n    <div class=\"dropdown-list-item\">\n        <input type=\"checkbox\" id=\"wp-block-dropdown-block_2e8e29290abb74d9fe5431a949e6f703\">\n        <label for=\"wp-block-dropdown-block_2e8e29290abb74d9fe5431a949e6f703\" class=\"dropdown-title\">\n                            <p>Quins s\u00f3n els preus?<\/p>\n                <i class=\"fa-solid fa-plus\"><\/i>\n                \n        <\/label>\n        <div class=\"dropdown-content\">\n            <div class=\"acf-innerblocks-container\">\n\n<p>Podeu consultar els preus a la nostra web <a href=\"http:\/\/www.campingkims.com\">www.campingkims.com<\/a>  <\/p>\n\n\n\n<p>o b\u00e9 fent una simulaci\u00f3 de reserva <a href=\"https:\/\/booking.campingkims.com\/search?lang=es\">https:\/\/booking.campingkims.com\/search?lang=ca<\/a><\/p>\n\n\n\n<p>En fer la reserva online podeu veure el cost de l&#8217;estada detallat.<\/p>\n\n\n\n<p>Tamb\u00e9 contactant amb nosaltres via email. <a href=\"mailto:info@campingkims.com\">info@campingkims.com<\/a><\/p>\n\n<\/div>    \n        <\/div>\n    <\/div>\n<\/div>\n\n  \n<div class=\"wp-block-dropdown alignwide has-text-align-left align-content-top\" >  \n    <div class=\"dropdown-list-item\">\n        <input type=\"checkbox\" id=\"wp-block-dropdown-block_57060da4157c9c3cf295444e25eb371b\">\n        <label for=\"wp-block-dropdown-block_57060da4157c9c3cf295444e25eb371b\" class=\"dropdown-title\">\n                            <p>Quina distancia hi ha fins a la platja?<\/p>\n                <i class=\"fa-solid fa-plus\"><\/i>\n                \n        <\/label>\n        <div class=\"dropdown-content\">\n            <div class=\"acf-innerblocks-container\">\n\n<p>Des de l\u2019entrada del c\u00e0mping (Avinguda del mar, Km2) fins a la platja de Llafranc hi ha 800 metres aproximadament.<\/p>\n\n\n\n<p>S\u2019hi pot anar tranquil.lament a peu (uns 10 minuts) i un xic m\u00e9s per a la tornada que es de pujada.<\/p>\n\n\n\n<p>Tamb\u00e9 hi ha servei de bus regular desde el c\u00e0mping fins a Llafranc o Calella.<\/p>\n\n\n\n<p> <a href=\"http:\/\/www.moventia.net\">www.moventia.net<\/a> <a href=\"mailto:sarfa@moventia.net\">sarfa@moventia.net<\/a><\/p>\n\n\n\n<p>A partir de mitjans de juliol podeu gaudir de la julia Bus,<\/p>\n\n\n\n<p>una ruta per recorrer f\u00e0cilment les cales sense necessitat d\u2019agafar cotxe gaudint del paissatge. <a href=\"https:\/\/visitpalafrugell.cat\/es\/propuestas\/primavera-verano\/julivia-bus-2\/\">https:\/\/visitpalafrugell.cat\/es\/propuestas\/primavera-verano\/julivia-bus-2\/<\/a><\/p>\n\n<\/div>    \n        <\/div>\n    <\/div>\n<\/div>\n\n  \n<div class=\"wp-block-dropdown alignwide has-text-align-left align-content-top\" >  \n    <div class=\"dropdown-list-item\">\n        <input type=\"checkbox\" id=\"wp-block-dropdown-block_b2b330e4af4695272314ff18487216e0\">\n        <label for=\"wp-block-dropdown-block_b2b330e4af4695272314ff18487216e0\" class=\"dropdown-title\">\n                            <p>S\u2019admeten gossos a les platges?<\/p>\n                <i class=\"fa-solid fa-plus\"><\/i>\n                \n        <\/label>\n        <div class=\"dropdown-content\">\n            <div class=\"acf-innerblocks-container\">\n\n<p>No, a les platges de Llafranc, Calella, Tamariu i voltans no s\u2019admenten gossos.<\/p>\n\n<\/div>    \n        <\/div>\n    <\/div>\n<\/div>\n\n  \n<div class=\"wp-block-dropdown alignwide has-text-align-left align-content-top\" >  \n    <div class=\"dropdown-list-item\">\n        <input type=\"checkbox\" id=\"wp-block-dropdown-block_dff77d354a39b758aa34b7f74bdd05a4\">\n        <label for=\"wp-block-dropdown-block_dff77d354a39b758aa34b7f74bdd05a4\" class=\"dropdown-title\">\n                            <p>S\u2019admeten gossos al camping \/ Puc portar la meva mascota?<\/p>\n                <i class=\"fa-solid fa-plus\"><\/i>\n                \n        <\/label>\n        <div class=\"dropdown-content\">\n            <div class=\"acf-innerblocks-container\">\n\n<p>Els animals de companyia s\u00f3n admesos NOMES a la zona d\u2019acampada en parcel.la sempre que NO molestin amb el seu comportament ni siguin de ra\u00e7a perillosa.<\/p>\n\n\n\n<p>L\u2019ANIMAL HA D\u2019ESTAR LLIGAT EN TOT MOMENT I NO POT ESTAR MAI SOL.<\/p>\n\n\n\n<p>Es imprescindible presentar la cartilla de vacunaci\u00f3 actualitzada en el moment de fer l\u2019entrada.<\/p>\n\n\n\n<p>NO ESTAN AUTORITZATS SOTA CAP CONCEPTE NI ADINS NI AFORA DELS ALLOTJAMENTS, NI EST\u00c0 PERM\u00c9S DEIXAR-LOS AL COTXE.<\/p>\n\n\n\n<p><strong>Per raons sanit\u00e0ries<\/strong> no es permet l&#8217;entrada de gossos ni animals de companyia a les instal.lacions del c\u00e0mping.<\/p>\n\n<\/div>    \n        <\/div>\n    <\/div>\n<\/div>\n\n  \n<div class=\"wp-block-dropdown alignwide has-text-align-left align-content-top\" >  \n    <div class=\"dropdown-list-item\">\n        <input type=\"checkbox\" id=\"wp-block-dropdown-block_02995e900b17d2ab82181ca1fd978da0\">\n        <label for=\"wp-block-dropdown-block_02995e900b17d2ab82181ca1fd978da0\" class=\"dropdown-title\">\n                            <p>Es poden fer barbacoes?<\/p>\n                <i class=\"fa-solid fa-plus\"><\/i>\n                \n        <\/label>\n        <div class=\"dropdown-content\">\n            <div class=\"acf-innerblocks-container\">\n\n<p>NOM\u00c9S ES PERMETEN LES BARBACOES DE GAS. La resta estan prohibides.<\/p>\n\n\n\n<p>Totalment prohibit utilitzar carb\u00f3 o llenya, ja que estem ubicats en una zona de pineda de gran risc. Les normes s\u00f3n molt estrictes al respecte.<\/p>\n\n<\/div>    \n        <\/div>\n    <\/div>\n<\/div><\/div>\n\n\n\n<div class=\"wp-block-column is-layout-flow wp-block-column-is-layout-flow\">  \n<div class=\"wp-block-dropdown alignwide has-text-align-left align-content-top\" >  \n    <div class=\"dropdown-list-item\">\n        <input type=\"checkbox\" id=\"wp-block-dropdown-block_259fcd2ec8130b3ae2c600a6189dc002\">\n        <label for=\"wp-block-dropdown-block_259fcd2ec8130b3ae2c600a6189dc002\" class=\"dropdown-title\">\n                            <p>S\u2019admeten visites?<\/p>\n                <i class=\"fa-solid fa-plus\"><\/i>\n                \n        <\/label>\n        <div class=\"dropdown-content\">\n            <div class=\"acf-innerblocks-container\">\n\n<p>Si. Les visites han de passar per recepci\u00f3 per identificar-se amb el DNI o passaport i pagar la tarifa corresponent. El titular de la parcel.la o allotjament ha d\u2019acompanyar els seus visitants a l\u2019hora de registrar-se.<\/p>\n\n<\/div>    \n        <\/div>\n    <\/div>\n<\/div>\n\n  \n<div class=\"wp-block-dropdown alignwide has-text-align-left align-content-top\" >  \n    <div class=\"dropdown-list-item\">\n        <input type=\"checkbox\" id=\"wp-block-dropdown-block_de442dc0a53f605f68ab6699e6777a76\">\n        <label for=\"wp-block-dropdown-block_de442dc0a53f605f68ab6699e6777a76\" class=\"dropdown-title\">\n                            <p>Hi ha animaci\u00f3? <\/p>\n                <i class=\"fa-solid fa-plus\"><\/i>\n                \n        <\/label>\n        <div class=\"dropdown-content\">\n            <div class=\"acf-innerblocks-container\">\n\n<p>Si, els mesos de Juliol i Agost hi ha diversos tipus d\u2019activitats i espectacles, tant per a nens com per a adults.<\/p>\n\n<\/div>    \n        <\/div>\n    <\/div>\n<\/div>\n\n  \n<div class=\"wp-block-dropdown alignwide has-text-align-left align-content-top\" >  \n    <div class=\"dropdown-list-item\">\n        <input type=\"checkbox\" id=\"wp-block-dropdown-block_028a8f5431a21b5fbe71a1486f586a92\">\n        <label for=\"wp-block-dropdown-block_028a8f5431a21b5fbe71a1486f586a92\" class=\"dropdown-title\">\n                            <p>Hi ha supermercat?<\/p>\n                <i class=\"fa-solid fa-plus\"><\/i>\n                \n        <\/label>\n        <div class=\"dropdown-content\">\n            <div class=\"acf-innerblocks-container\">\n\n<p>Si. tenim un magatzem de queviures en el que podeu trobar un xic de tot el que podeu necessitar per al dia a dia.<\/p>\n\n<\/div>    \n        <\/div>\n    <\/div>\n<\/div>\n\n  \n<div class=\"wp-block-dropdown alignwide has-text-align-left align-content-top\" >  \n    <div class=\"dropdown-list-item\">\n        <input type=\"checkbox\" id=\"wp-block-dropdown-block_97cc0371f8445495111618789dbb9c33\">\n        <label for=\"wp-block-dropdown-block_97cc0371f8445495111618789dbb9c33\" class=\"dropdown-title\">\n                            <p>Hi ha restaurant? <\/p>\n                <i class=\"fa-solid fa-plus\"><\/i>\n                \n        <\/label>\n        <div class=\"dropdown-content\">\n            <div class=\"acf-innerblocks-container\">\n\n<p> Si<\/p>\n\n<\/div>    \n        <\/div>\n    <\/div>\n<\/div>\n\n  \n<div class=\"wp-block-dropdown alignwide has-text-align-left align-content-top\" >  \n    <div class=\"dropdown-list-item\">\n        <input type=\"checkbox\" id=\"wp-block-dropdown-block_e7c950c9c967503e841fe36c69766a87\">\n        <label for=\"wp-block-dropdown-block_e7c950c9c967503e841fe36c69766a87\" class=\"dropdown-title\">\n                            <p>Fan menjar per emportar?<\/p>\n                <i class=\"fa-solid fa-plus\"><\/i>\n                \n        <\/label>\n        <div class=\"dropdown-content\">\n            <div class=\"acf-innerblocks-container\">\n\n<p>Si, durant l\u2019horari d\u2019obertura de la cuina.<\/p>\n\n<\/div>    \n        <\/div>\n    <\/div>\n<\/div>\n\n  \n<div class=\"wp-block-dropdown alignwide has-text-align-left align-content-top\" >  \n    <div class=\"dropdown-list-item\">\n        <input type=\"checkbox\" id=\"wp-block-dropdown-block_af66c121cdbfe458926408c8f6dd8615\">\n        <label for=\"wp-block-dropdown-block_af66c121cdbfe458926408c8f6dd8615\" class=\"dropdown-title\">\n                            <p>Ofereixen mitja pensi\u00f3 o pensi\u00f3 completa?<\/p>\n                <i class=\"fa-solid fa-plus\"><\/i>\n                \n        <\/label>\n        <div class=\"dropdown-content\">\n            <div class=\"acf-innerblocks-container\">\n\n<p>NO<\/p>\n\n<\/div>    \n        <\/div>\n    <\/div>\n<\/div>\n\n  \n<div class=\"wp-block-dropdown alignwide has-text-align-left align-content-top\" >  \n    <div class=\"dropdown-list-item\">\n        <input type=\"checkbox\" id=\"wp-block-dropdown-block_59a702b021066fd44c14213b0b77c200\">\n        <label for=\"wp-block-dropdown-block_59a702b021066fd44c14213b0b77c200\" class=\"dropdown-title\">\n                            <p>Hi ha menjar per a cel\u00edacs?<\/p>\n                <i class=\"fa-solid fa-plus\"><\/i>\n                \n        <\/label>\n        <div class=\"dropdown-content\">\n            <div class=\"acf-innerblocks-container\">\n\n<p>No tenim una carta espec\u00edfica per\u00f2 hi ha plats respectant qualsevol intoler\u00e0ncia aliment\u00e0ria.<\/p>\n\n<\/div>    \n        <\/div>\n    <\/div>\n<\/div>\n\n  \n<div class=\"wp-block-dropdown alignwide has-text-align-left align-content-top\" >  \n    <div class=\"dropdown-list-item\">\n        <input type=\"checkbox\" id=\"wp-block-dropdown-block_c5631c7eaef6974534dfed32509ac925\">\n        <label for=\"wp-block-dropdown-block_c5631c7eaef6974534dfed32509ac925\" class=\"dropdown-title\">\n                            <p>Hi ha bugaderia? <\/p>\n                <i class=\"fa-solid fa-plus\"><\/i>\n                \n        <\/label>\n        <div class=\"dropdown-content\">\n            <div class=\"acf-innerblocks-container\">\n\n<p> Si, el c\u00e0mping disposa d\u2019una bugaderia amb rentadores i assecadores a la seva disposici\u00f3.<\/p>\n\n<\/div>    \n        <\/div>\n    <\/div>\n<\/div>\n\n  \n<div class=\"wp-block-dropdown alignwide has-text-align-left align-content-top\" >  \n    <div class=\"dropdown-list-item\">\n        <input type=\"checkbox\" id=\"wp-block-dropdown-block_ce74fc41e3344978a098a8c89ab6ad24\">\n        <label for=\"wp-block-dropdown-block_ce74fc41e3344978a098a8c89ab6ad24\" class=\"dropdown-title\">\n                            <p>Hi ha wifi?<\/p>\n                <i class=\"fa-solid fa-plus\"><\/i>\n                \n        <\/label>\n        <div class=\"dropdown-content\">\n            <div class=\"acf-innerblocks-container\">\n\n<p> Si, hi ha connexi\u00f3 wifi.<\/p>\n\n<\/div>    \n        <\/div>\n    <\/div>\n<\/div>\n\n  \n<div class=\"wp-block-dropdown alignwide has-text-align-left align-content-top\" >  \n    <div class=\"dropdown-list-item\">\n        <input type=\"checkbox\" id=\"wp-block-dropdown-block_a193e8582a82cfc1f59baedf8ba50134\">\n        <label for=\"wp-block-dropdown-block_a193e8582a82cfc1f59baedf8ba50134\" class=\"dropdown-title\">\n                            <p>Llogueu bicicletes?<\/p>\n                <i class=\"fa-solid fa-plus\"><\/i>\n                \n        <\/label>\n        <div class=\"dropdown-content\">\n            <div class=\"acf-innerblocks-container\">\n\n<p>Si, al camping lloguem bicicletes.<\/p>\n\n<\/div>    \n        <\/div>\n    <\/div>\n<\/div>\n\n  \n<div class=\"wp-block-dropdown alignwide has-text-align-left align-content-top\" >  \n    <div class=\"dropdown-list-item\">\n        <input type=\"checkbox\" id=\"wp-block-dropdown-block_d76e0187a974d966a1ad023c6d4e3e04\">\n        <label for=\"wp-block-dropdown-block_d76e0187a974d966a1ad023c6d4e3e04\" class=\"dropdown-title\">\n                            <p>Llogueu neveres al camping?<\/p>\n                <i class=\"fa-solid fa-plus\"><\/i>\n                \n        <\/label>\n        <div class=\"dropdown-content\">\n            <div class=\"acf-innerblocks-container\">\n\n<p>Nosaltres no en lloguem directament per\u00f2 hi ha una empresa Rentit.es que ofereix aquest servei.<\/p>\n\n\n\n<p> Cal reservar directament a trav\u00e9s de la seva web <a href=\"http:\/\/www.rentit.es\/\">www.rentit.es\/<\/a> <a href=\"https:\/\/www.rentit.es\/es\/\">https:\/\/www.rentit.es\/ca\/<\/a><\/p>\n\n<\/div>    \n        <\/div>\n    <\/div>\n<\/div>\n\n  \n<div class=\"wp-block-dropdown alignwide has-text-align-left align-content-top\" >  \n    <div class=\"dropdown-list-item\">\n        <input type=\"checkbox\" id=\"wp-block-dropdown-block_e37cfe40ba8a86a8dab5b91ea8238e48\">\n        <label for=\"wp-block-dropdown-block_e37cfe40ba8a86a8dab5b91ea8238e48\" class=\"dropdown-title\">\n                            <p>Horari de silenci<\/p>\n                <i class=\"fa-solid fa-plus\"><\/i>\n                \n        <\/label>\n        <div class=\"dropdown-content\">\n            <div class=\"acf-innerblocks-container\">\n\n<p>S\u2019estableix entre 24h i les 8hrs del mat\u00ed. El client evitar\u00e0 tota mena de sorolls o veus per a no pertorbar el descans dels altres campistes. Totes les persones allotjades al c\u00e0mping han de poder descansar durant les seves vacances. Us demanem que tots respecteu l\u2019horari de silenci de les 24h a les 8h del mat\u00ed.<\/p>\n\n<\/div>    \n        <\/div>\n    <\/div>\n<\/div>\n\n  \n<div class=\"wp-block-dropdown alignwide has-text-align-left align-content-top\" >  \n    <div class=\"dropdown-list-item\">\n        <input type=\"checkbox\" id=\"wp-block-dropdown-block_5faa298a6a5d0b34adf8b87ddebcd318\">\n        <label for=\"wp-block-dropdown-block_5faa298a6a5d0b34adf8b87ddebcd318\" class=\"dropdown-title\">\n                            <p>Circulaci\u00f3 de vehicles.<\/p>\n                <i class=\"fa-solid fa-plus\"><\/i>\n                \n        <\/label>\n        <div class=\"dropdown-content\">\n            <div class=\"acf-innerblocks-container\">\n\n<p>La velocitat m\u00e0xima permesa \u00e9s de 10km\/h.<\/p>\n\n\n\n<p>Queda prohibida la circulaci\u00f3 al c\u00e0mping durant les hores de silenci (24h a 8h). (excepte emerg\u00e8ncies)<\/p>\n\n\n\n<p>Les barreres d\u2019acc\u00e9s per a vehicles estan tancades de 24h a 8h. Qui arribi durant aquesta franja haur\u00e0 de deixar el cotxe al p\u00e0rquing exterior. No obstant aix\u00f2, podran accedir al c\u00e0mping a peu sempre vigilant de no fer soroll per no destorbar el descans dels clients.<\/p>\n\n<\/div>    \n        <\/div>\n    <\/div>\n<\/div>\n\n  \n<div class=\"wp-block-dropdown alignwide has-text-align-left align-content-top\" >  \n    <div class=\"dropdown-list-item\">\n        <input type=\"checkbox\" id=\"wp-block-dropdown-block_fbb4d7397766f7b99cb0191ee938da3b\">\n        <label for=\"wp-block-dropdown-block_fbb4d7397766f7b99cb0191ee938da3b\" class=\"dropdown-title\">\n                            <p>Estacionament de vehicles<\/p>\n                <i class=\"fa-solid fa-plus\"><\/i>\n                \n        <\/label>\n        <div class=\"dropdown-content\">\n            <div class=\"acf-innerblocks-container\">\n\n<p>Est\u00e0 perm\u00e9s nom\u00e9s un vehicle per a cada parcel.la\/allotjament que quedar\u00e0 estacionat al lloc indicat. El vehicle nom\u00e9s es podr\u00e0 estacionar a la pr\u00f2pia parcel\u00b7la o al p\u00e0rquing habilitat.<\/p>\n\n\n\n<p>Queda terminantment prohibit estacionar als carrers, en parcel\u00b7les desocupades o dificultant la circulaci\u00f3 als altres vehicles. Si un vehicle impedeix ocupar una parcel\u00b7la, al titular del mateix se li exigir\u00e0 l\u2019abonament \u00edntegre d\u2019una pernoctaci\u00f3.<\/p>\n\n<\/div>    \n        <\/div>\n    <\/div>\n<\/div>\n\n  \n<div class=\"wp-block-dropdown alignwide has-text-align-left align-content-top\" >  \n    <div class=\"dropdown-list-item\">\n        <input type=\"checkbox\" id=\"wp-block-dropdown-block_5de6c102cf35e02d60a6be60f905a8b8\">\n        <label for=\"wp-block-dropdown-block_5de6c102cf35e02d60a6be60f905a8b8\" class=\"dropdown-title\">\n                            <p>Bicicletes\/Patinets<\/p>\n                <i class=\"fa-solid fa-plus\"><\/i>\n                \n        <\/label>\n        <div class=\"dropdown-content\">\n            <div class=\"acf-innerblocks-container\">\n\n<p>Bicicletes, patinets i vehicles semblants no podran circular a m\u00e9s de 10km\/h.<\/p>\n\n\n\n<p>Durant el vespre cal portar la il\u00b7luminaci\u00f3 adequada per circular i per ser ben identificats pels altres vehicles<\/p>\n\n\n\n<p>No deixar les bicicletes, patinets, etc&#8230; tirats per terra de qualsevol manera, causant mol\u00e8sties i entrebancs als vianants i\/o als cotxes.<\/p>\n\n\n\n<p>A partir de les 22h no es pot circular amb bicicleta i\/o similars per motius de seguretat.<\/p>\n\n\n\n<p class=\"has-theme-green-color has-text-color has-link-color wp-elements-13ad8b63461b45a5475a6c714f615ed8\"><strong>ELS PATINETS EL\u00c8CTRICS<\/strong> <strong>NO<\/strong> ESTAN PERMESOS EN EL C\u00c0MPING DEGUT ALS ACCIDENTS CAUSATS PEL MAL \u00daS I L\u2019INCIVISME.<\/p>\n\n<\/div>    \n        <\/div>\n    <\/div>\n<\/div><\/div>\n<\/div>\n\n\n\n<div class=\"wp-block-columns alignwide is-layout-flex wp-container-core-columns-is-layout-2 wp-block-columns-is-layout-flex\">\n<div class=\"wp-block-column is-layout-flow wp-block-column-is-layout-flow\">\n<h3 class=\"wp-block-heading has-h-5-font-size\">RESPOSTES A LES VOSTRES PREGUNTES ESTADES DE CAMPING EN PARCEL\u00b7LA<\/h3>\n\n\n  \n<div class=\"wp-block-dropdown has-text-align-left align-content-top\" >  \n    <div class=\"dropdown-list-item\">\n        <input type=\"checkbox\" id=\"wp-block-dropdown-block_e5f64b7e3abf05d8f27af07f881bdd32\">\n        <label for=\"wp-block-dropdown-block_e5f64b7e3abf05d8f27af07f881bdd32\" class=\"dropdown-title\">\n                            <p>Cal fer reserva de parcel\u00b7la?<\/p>\n                <i class=\"fa-solid fa-plus\"><\/i>\n                \n        <\/label>\n        <div class=\"dropdown-content\">\n            <div class=\"acf-innerblocks-container\">\n\n<p>Si, reserves online <a href=\"http:\/\/www.campingkims.com\">www.campingkims.com<\/a> <a href=\"https:\/\/booking.campingkims.com\/search?lang=es\">https:\/\/booking.campingkims.com\/search?lang=ca<\/a><\/p>\n\n\n\n<p>En fer la reserva online podeu veure el cost de l&#8217;estada detallat.<\/p>\n\n\n\n<p>En temporada mitja i alta demanem una paga i senyal de 60\u20ac per parcel.la.<\/p>\n\n\n\n<p>Tan aviat rebem la sol.licitud us enviem una pre-reserva i com procedir per confirmar-la.<\/p>\n\n<\/div>    \n        <\/div>\n    <\/div>\n<\/div>\n\n  \n<div class=\"wp-block-dropdown has-text-align-left align-content-top\" >  \n    <div class=\"dropdown-list-item\">\n        <input type=\"checkbox\" id=\"wp-block-dropdown-block_c931e8a9c0a86dd1c12a203ee1a575a5\">\n        <label for=\"wp-block-dropdown-block_c931e8a9c0a86dd1c12a203ee1a575a5\" class=\"dropdown-title\">\n                            <p>Quins s\u00f3n els horaris d\u2019entrada i sortida de la parcel.la?<\/p>\n                <i class=\"fa-solid fa-plus\"><\/i>\n                \n        <\/label>\n        <div class=\"dropdown-content\">\n            <div class=\"acf-innerblocks-container\">\n\n<p>L\u2019hora d\u2019entrada en parcel.les \u00e9s a partir de les 12 del migdia.<\/p>\n\n\n\n<p>La sortida \u00e9s abans de les 12h del migdia. Les estades es calculen per nits.<\/p>\n\n<\/div>    \n        <\/div>\n    <\/div>\n<\/div>\n\n  \n<div class=\"wp-block-dropdown has-text-align-left align-content-top\" >  \n    <div class=\"dropdown-list-item\">\n        <input type=\"checkbox\" id=\"wp-block-dropdown-block_b79abfc144aedbfb25bffad761ba76de\">\n        <label for=\"wp-block-dropdown-block_b79abfc144aedbfb25bffad761ba76de\" class=\"dropdown-title\">\n                            <p>Quantes persones pot haver-hi en una parcel.la?<\/p>\n                <i class=\"fa-solid fa-plus\"><\/i>\n                \n        <\/label>\n        <div class=\"dropdown-content\">\n            <div class=\"acf-innerblocks-container\">\n\n<p>El nombre de persones per parcel.la \u00e9s de m\u00e0xim 5.<\/p>\n\n<\/div>    \n        <\/div>\n    <\/div>\n<\/div>\n\n  \n<div class=\"wp-block-dropdown has-text-align-left align-content-top\" >  \n    <div class=\"dropdown-list-item\">\n        <input type=\"checkbox\" id=\"wp-block-dropdown-block_6c9dd3ece4c1807edab671b416bc195f\">\n        <label for=\"wp-block-dropdown-block_6c9dd3ece4c1807edab671b416bc195f\" class=\"dropdown-title\">\n                            <p>Disposen les parcel\u00b7les de presa d\u2019aigua directa?<\/p>\n                <i class=\"fa-solid fa-plus\"><\/i>\n                \n        <\/label>\n        <div class=\"dropdown-content\">\n            <div class=\"acf-innerblocks-container\">\n\n<p>No, tenim fonts i punts d\u2019aigua distribu\u00efts pel subministrament d\u2019aigua per tot el c\u00e0mping. Sota cap concepte es podr\u00e0n utilizar per rentar roba o netejar plats.<\/p>\n\n\n\n<p>Hi ha piques en els blocs sanitaris de cada zona destinats a aquest fi.<\/p>\n\n\n\n<p>En els blocs sanitaris disposen d&#8217;aigua freda i calenta (24h) i abocadors especials pels lavabos qu\u00edmics quedant totalment prohibit abocar-ne el contingut en qualsevol altre lloc.<\/p>\n\n<\/div>    \n        <\/div>\n    <\/div>\n<\/div>\n\n  \n<div class=\"wp-block-dropdown has-text-align-left align-content-top\" >  \n    <div class=\"dropdown-list-item\">\n        <input type=\"checkbox\" id=\"wp-block-dropdown-block_bf2e343fb59c3d2918a715b401e2c155\">\n        <label for=\"wp-block-dropdown-block_bf2e343fb59c3d2918a715b401e2c155\" class=\"dropdown-title\">\n                            <p>Quin tipus de connexi\u00f3 el\u00e8ctrica hi ha? Quina pot\u00e8ncia de llum tenen les parcel\u00b7les?<\/p>\n                <i class=\"fa-solid fa-plus\"><\/i>\n                \n        <\/label>\n        <div class=\"dropdown-content\">\n            <div class=\"acf-innerblocks-container\">\n\n<p>El subministrament el\u00e8ctric en tot el c\u00e0mping \u00e9s de 220V majorit\u00e0riament 5 Ampers 1.100 Watts.<span style=\"font-size: 10pt; font-family: Arial, sans-serif;\"><\/span><\/p>\n\n<\/div>    \n        <\/div>\n    <\/div>\n<\/div>\n\n  \n<div class=\"wp-block-dropdown has-text-align-left align-content-top\" >  \n    <div class=\"dropdown-list-item\">\n        <input type=\"checkbox\" id=\"wp-block-dropdown-block_d19e54ed16e88069291d65d0c214d3b7\">\n        <label for=\"wp-block-dropdown-block_d19e54ed16e88069291d65d0c214d3b7\" class=\"dropdown-title\">\n                            <p>Quin tipus d\u2019endolls hi ha?<\/p>\n                <i class=\"fa-solid fa-plus\"><\/i>\n                \n        <\/label>\n        <div class=\"dropdown-content\">\n            <div class=\"acf-innerblocks-container\">\n\n<p>Els endolls s\u00f3n est\u00e0ndar de dues pues. Us recomanem dur un adaptador europeu CEE ja que el c\u00e0mping no en disposa.<\/p>\n\n<\/div>    \n        <\/div>\n    <\/div>\n<\/div>\n\n  \n<div class=\"wp-block-dropdown has-text-align-left align-content-top\" >  \n    <div class=\"dropdown-list-item\">\n        <input type=\"checkbox\" id=\"wp-block-dropdown-block_7164aeedf12fe77256d3ad8b7424b4d3\">\n        <label for=\"wp-block-dropdown-block_7164aeedf12fe77256d3ad8b7424b4d3\" class=\"dropdown-title\">\n                            <p>Es pot reservar una parcel.la especifica?<\/p>\n                <i class=\"fa-solid fa-plus\"><\/i>\n                \n        <\/label>\n        <div class=\"dropdown-content\">\n            <div class=\"acf-innerblocks-container\">\n\n<p>No reservem mai parcel.les especifiques.<\/p>\n\n\n\n<p>La parcel\u00b7la assignada dependr\u00e0 de les parcel\u00b7les que quedin lliures el dia d\u2019arribada. No obstant aix\u00f2, si teniu alguna prefer\u00e8ncia, la podeu notificar al fer la reserva i es tindr\u00e0 en compte per\u00f2 no us podem garantir al 100% la una zona o parcel.la.<\/p>\n\n<\/div>    \n        <\/div>\n    <\/div>\n<\/div>\n\n  \n<div class=\"wp-block-dropdown has-text-align-left align-content-top\" >  \n    <div class=\"dropdown-list-item\">\n        <input type=\"checkbox\" id=\"wp-block-dropdown-block_878208b6707c44017fe0d39d75225a34\">\n        <label for=\"wp-block-dropdown-block_878208b6707c44017fe0d39d75225a34\" class=\"dropdown-title\">\n                            <p>Quant medeixen les parcel.les?<\/p>\n                <i class=\"fa-solid fa-plus\"><\/i>\n                \n        <\/label>\n        <div class=\"dropdown-content\">\n            <div class=\"acf-innerblocks-container\">\n\n<p> La gran majoria 70m2 (7 m x 10 m) i algunes 100m2.<\/p>\n\n<\/div>    \n        <\/div>\n    <\/div>\n<\/div>\n\n  \n<div class=\"wp-block-dropdown has-text-align-left align-content-top\" >  \n    <div class=\"dropdown-list-item\">\n        <input type=\"checkbox\" id=\"wp-block-dropdown-block_6d5aa6c03b41fcbd11ba062ec189a3d8\">\n        <label for=\"wp-block-dropdown-block_6d5aa6c03b41fcbd11ba062ec189a3d8\" class=\"dropdown-title\">\n                            <p>Tenen ombra les parcel\u00b7les?<\/p>\n                <i class=\"fa-solid fa-plus\"><\/i>\n                \n        <\/label>\n        <div class=\"dropdown-content\">\n            <div class=\"acf-innerblocks-container\">\n\n<p>Si, gran part de les nostres parcel.les tenen ombra.<\/p>\n\n<\/div>    \n        <\/div>\n    <\/div>\n<\/div>\n\n  \n<div class=\"wp-block-dropdown has-text-align-left align-content-top\" >  \n    <div class=\"dropdown-list-item\">\n        <input type=\"checkbox\" id=\"wp-block-dropdown-block_e89b2d5d1a12aa4a9d02b9f89462a7c0\">\n        <label for=\"wp-block-dropdown-block_e89b2d5d1a12aa4a9d02b9f89462a7c0\" class=\"dropdown-title\">\n                            <p>Hi ha desnivells al c\u00e0mping?<\/p>\n                <i class=\"fa-solid fa-plus\"><\/i>\n                \n        <\/label>\n        <div class=\"dropdown-content\">\n            <div class=\"acf-innerblocks-container\">\n\n<p>La zona B&amp;C \u00e9s completament planera.<\/p>\n\n\n\n<p>La zona A t\u00e9 desnivell, \u00e9s una zona de terrasses ideal per a tendes o petits campers.<\/p>\n\n<\/div>    \n        <\/div>\n    <\/div>\n<\/div>\n\n  \n<div class=\"wp-block-dropdown has-text-align-left align-content-top\" >  \n    <div class=\"dropdown-list-item\">\n        <input type=\"checkbox\" id=\"wp-block-dropdown-block_cc32ec4d5e9c8bf439a10277afa5caad\">\n        <label for=\"wp-block-dropdown-block_cc32ec4d5e9c8bf439a10277afa5caad\" class=\"dropdown-title\">\n                            <p>Quina \u00e9s la pol\u00edtica de cancel.laci\u00f3 si reservo una parcel.la?<\/p>\n                <i class=\"fa-solid fa-plus\"><\/i>\n                \n        <\/label>\n        <div class=\"dropdown-content\">\n            <div class=\"acf-innerblocks-container\">\n\n<p>Cancel\u00b7laci\u00f3 5 a 3 setmanes abans del dia d&#8217;arribada: retenci\u00f3 del 60% de la paga i senyal.<\/p>\n\n\n\n<p>Cancel\u00b7laci\u00f3 2 setmanes abans del dia d&#8217;arribada: retenci\u00f3 del 100% de la paga i senyal.<\/p>\n\n\n\n<p>(Retenci\u00f3 m\u00ednima per despeses de cancel\u00b7laci\u00f3 20,00\u20ac)<\/p>\n\n<\/div>    \n        <\/div>\n    <\/div>\n<\/div>\n\n  \n<div class=\"wp-block-dropdown has-text-align-left align-content-top\" >  \n    <div class=\"dropdown-list-item\">\n        <input type=\"checkbox\" id=\"wp-block-dropdown-block_d2a5f77053dc30859aa745d1b0a044c3\">\n        <label for=\"wp-block-dropdown-block_d2a5f77053dc30859aa745d1b0a044c3\" class=\"dropdown-title\">\n                            <p>Com puc anul.lar una reserva?<\/p>\n                <i class=\"fa-solid fa-plus\"><\/i>\n                \n        <\/label>\n        <div class=\"dropdown-content\">\n            <div class=\"acf-innerblocks-container\">\n\n<p>Les anul.lacions sempre per escrit a i<a href=\"mailto:info@campingkims.com\">nfo@campingkims.com<\/a><\/p>\n\n\n\n<p>En funci\u00f3 de la data de cancel\u00b7laci\u00f3 aplicarem les condicions de devoluci\u00f3.<\/p>\n\n<\/div>    \n        <\/div>\n    <\/div>\n<\/div><\/div>\n\n\n\n<div class=\"wp-block-column is-layout-flow wp-block-column-is-layout-flow\">\n<h3 class=\"wp-block-heading has-h-5-font-size\">RESPOSTES A LES VOSTRES PREGUNTES ESTADES EN ALLOTJAMENTS<\/h3>\n\n\n  \n<div class=\"wp-block-dropdown has-text-align-left align-content-top\" >  \n    <div class=\"dropdown-list-item\">\n        <input type=\"checkbox\" id=\"wp-block-dropdown-block_9f0c8cf54d4a399d0a31ec2ea3769afe\">\n        <label for=\"wp-block-dropdown-block_9f0c8cf54d4a399d0a31ec2ea3769afe\" class=\"dropdown-title\">\n                            <p>Cal fer reserva d\u2019allotjament?<\/p>\n                <i class=\"fa-solid fa-plus\"><\/i>\n                \n        <\/label>\n        <div class=\"dropdown-content\">\n            <div class=\"acf-innerblocks-container\">\n\n<p>Si, sempre. \u00c9s necessari fer reserves pels allotjaments.<\/p>\n\n\n\n<p>Reserves online <a href=\"http:\/\/www.campingkims.com\">www.campingkims.com<\/a> <a href=\"https:\/\/booking.campingkims.com\/search?lang=es\">https:\/\/booking.campingkims.com\/search?lang=ca<\/a><\/p>\n\n\n\n<p>En fer la reserva online podeu veure el cost de l&#8217;estada detallat.<\/p>\n\n\n\n<p>Demanem una paga i senyal del 40% del total de l\u2019estada.<\/p>\n\n\n\n<p>Tan aviat rebem la sol.licitud us enviem una pre-reserva i com procedir per confirmar-la.<\/p>\n\n<\/div>    \n        <\/div>\n    <\/div>\n<\/div>\n\n  \n<div class=\"wp-block-dropdown has-text-align-left align-content-top\" >  \n    <div class=\"dropdown-list-item\">\n        <input type=\"checkbox\" id=\"wp-block-dropdown-block_9fdf0285d7acaa3fb19896a3de21c6bf\">\n        <label for=\"wp-block-dropdown-block_9fdf0285d7acaa3fb19896a3de21c6bf\" class=\"dropdown-title\">\n                            <p>Demaneu fian\u00e7a?<\/p>\n                <i class=\"fa-solid fa-plus\"><\/i>\n                \n        <\/label>\n        <div class=\"dropdown-content\">\n            <div class=\"acf-innerblocks-container\">\n\n<p>130\u20ac per a eventuals desperfectes o danys, 50\u20ac en concepte de neteja en cas que no es torni net i recollit com va ser lliurat i 40\u20ac per p\u00e8rdua de claui clauer.<\/p>\n\n\n\n<p>A l\u2019arribada demanem que ens faciliteu un n\u00famero de tarja de cr\u00e8dit que servir\u00e1 nom\u00e9s per cobrir els possibles desperfectes o desaparici\u00f3 d\u2019objectes del vostre allotjament durant l\u2019estada. Al nostre c\u00e0mping no li debitem l&#8217;import, nom\u00e9s retenim el n\u00famero de targeta.<\/p>\n\n\n\n<p>Al final de l\u2019estada, quan resvisem l\u2019allotjament si tot est\u00e0 net i recollit, en bon estat i no falta res no us debitem cap import.<\/p>\n\n\n\n<p>Hi ha l\u2019opci\u00f3 de demanar el servei de neteja final de 50\u20ac si ho preferiu.<\/p>\n\n<\/div>    \n        <\/div>\n    <\/div>\n<\/div>\n\n  \n<div class=\"wp-block-dropdown has-text-align-left align-content-top\" >  \n    <div class=\"dropdown-list-item\">\n        <input type=\"checkbox\" id=\"wp-block-dropdown-block_ea78a2e766d0ab35ff78a36fb19c56f0\">\n        <label for=\"wp-block-dropdown-block_ea78a2e766d0ab35ff78a36fb19c56f0\" class=\"dropdown-title\">\n                            <p>Quina \u00e9s la pol\u00edtica de pagament?<\/p>\n                <i class=\"fa-solid fa-plus\"><\/i>\n                \n        <\/label>\n        <div class=\"dropdown-content\">\n            <div class=\"acf-innerblocks-container\">\n\n<p>Un cop confirmada la reserva amb el pagament del 40% de l\u2019import total, el 60% restant s\u2019abona a l\u2019arribada.<\/p>\n\n<\/div>    \n        <\/div>\n    <\/div>\n<\/div>\n\n  \n<div class=\"wp-block-dropdown has-text-align-left align-content-top\" >  \n    <div class=\"dropdown-list-item\">\n        <input type=\"checkbox\" id=\"wp-block-dropdown-block_34370ef3af82a2421720359ec229cf3a\">\n        <label for=\"wp-block-dropdown-block_34370ef3af82a2421720359ec229cf3a\" class=\"dropdown-title\">\n                            <p>Quins s\u00f3n els horaris d\u2019entrada i sortida a l\u2019allotjament?<\/p>\n                <i class=\"fa-solid fa-plus\"><\/i>\n                \n        <\/label>\n        <div class=\"dropdown-content\">\n            <div class=\"acf-innerblocks-container\">\n\n<p>L\u2019hora d\u2019entrada \u00e9s a partir de les 16h.<\/p>\n\n\n\n<p>La sortida \u00e9s abans de les 11h del mat\u00ed.<\/p>\n\n<\/div>    \n        <\/div>\n    <\/div>\n<\/div>\n\n  \n<div class=\"wp-block-dropdown has-text-align-left align-content-top\" >  \n    <div class=\"dropdown-list-item\">\n        <input type=\"checkbox\" id=\"wp-block-dropdown-block_3654dd8a400b0c674bca54c00a37cf15\">\n        <label for=\"wp-block-dropdown-block_3654dd8a400b0c674bca54c00a37cf15\" class=\"dropdown-title\">\n                            <p>Tinc previst arribar despr\u00e9s de les 22h, qu\u00e8 he de fer?<\/p>\n                <i class=\"fa-solid fa-plus\"><\/i>\n                \n        <\/label>\n        <div class=\"dropdown-content\">\n            <div class=\"acf-innerblocks-container\">\n\n<p>Per a qualsevol arribada despr\u00e9s de les 22h, si us plau, aviseu-nos per tel\u00e8fon o per email amb anterioritat. Deixarem preparades les vostres claus al vigilant de nit, a qui li haureu d\u2019entregar els vostres documents i us acompanyar\u00e0 al vostre allotjament. Al dia seg\u00fcent al mat\u00ed haureu de passar per la recepci\u00f3 per recollir els documents i fer el check-in.<\/p>\n\n<\/div>    \n        <\/div>\n    <\/div>\n<\/div>\n\n  \n<div class=\"wp-block-dropdown has-text-align-left align-content-top\" >  \n    <div class=\"dropdown-list-item\">\n        <input type=\"checkbox\" id=\"wp-block-dropdown-block_f1c887add764b5c7b9e05d0c00e8eb06\">\n        <label for=\"wp-block-dropdown-block_f1c887add764b5c7b9e05d0c00e8eb06\" class=\"dropdown-title\">\n                            <p>Es pot arribar abans de l\u2019hora prevista als allotjaments?<\/p>\n                <i class=\"fa-solid fa-plus\"><\/i>\n                \n        <\/label>\n        <div class=\"dropdown-content\">\n            <div class=\"acf-innerblocks-container\">\n\n<p>L\u2019hora d\u2019entrada \u00e9s a partir de les 16h. No obstant aix\u00f2, si voleu aprofitar el dia podeu arribar abans, fer l\u2019entrada i utilizar les instal.lacions del c\u00e0mping per\u00f2 l\u2019allotjament estar\u00e0 igualment disponible a partir de les 4 de la tarda.<\/p>\n\n<\/div>    \n        <\/div>\n    <\/div>\n<\/div>\n\n  \n<div class=\"wp-block-dropdown has-text-align-left align-content-top\" >  \n    <div class=\"dropdown-list-item\">\n        <input type=\"checkbox\" id=\"wp-block-dropdown-block_64cbe59c133f5a9439f36611f42dc365\">\n        <label for=\"wp-block-dropdown-block_64cbe59c133f5a9439f36611f42dc365\" class=\"dropdown-title\">\n                            <p>Es pot sortir m\u00e9s tard de l\u2019hora prevista dels allotjaments? Es pot contractar un late check-out?<\/p>\n                <i class=\"fa-solid fa-plus\"><\/i>\n                \n        <\/label>\n        <div class=\"dropdown-content\">\n            <div class=\"acf-innerblocks-container\">\n\n<p>L\u2019hora de sortida es abans de les 11h.<\/p>\n\n\n\n<p>En temporada baixa i mitja podem ser m\u00e9s flexibles i si el vostre allotjament no s&#8217;ocupa de nou, \u00e9s possible contractar el servei de Late Check Out i deixar l&#8217;allotjament fins m\u00e0xim les 18h.<\/p>\n\n\n\n<p>Consultar a recepci\u00f3 les tarifes i si hi ha disponibilitat el dia de la vostra sortida.<\/p>\n\n\n\n<p>En temporada alta no oferim el servei de late check-out.<\/p>\n\n<\/div>    \n        <\/div>\n    <\/div>\n<\/div>\n\n  \n<div class=\"wp-block-dropdown has-text-align-left align-content-top\" >  \n    <div class=\"dropdown-list-item\">\n        <input type=\"checkbox\" id=\"wp-block-dropdown-block_09ff154a626c27952fa215de83403f64\">\n        <label for=\"wp-block-dropdown-block_09ff154a626c27952fa215de83403f64\" class=\"dropdown-title\">\n                            <p>Quina \u00e9s la pol\u00edtica de cancel.laci\u00f3 si reservo un allotjament?<\/p>\n                <i class=\"fa-solid fa-plus\"><\/i>\n                \n        <\/label>\n        <div class=\"dropdown-content\">\n            <div class=\"acf-innerblocks-container\">\n\n<p>Retenci\u00f3 del dip\u00f2sit:<\/p>\n\n\n\n<p>&#8211; 8 &#8211; 7 setmanes abans del dia d&#8217;arribada\u202630%<\/p>\n\n\n\n<p>&#8211; 6 setmanes abans del dia d&#8217;arribada\u202645%<\/p>\n\n\n\n<p>&#8211; 5 &#8211; 3 setmanes abans del dia d&#8217;arribada\u202660%<\/p>\n\n\n\n<p>&#8211; 2 setmanes abans del dia d&#8217;arribada\u2026100%<\/p>\n\n\n\n<p>(Retenci\u00f3 m\u00ednima despeses de cancel\u00b7laci\u00f3 20,00\u20ac)<\/p>\n\n<\/div>    \n        <\/div>\n    <\/div>\n<\/div>\n\n  \n<div class=\"wp-block-dropdown has-text-align-left align-content-top\" >  \n    <div class=\"dropdown-list-item\">\n        <input type=\"checkbox\" id=\"wp-block-dropdown-block_d2a5f77053dc30859aa745d1b0a044c3\">\n        <label for=\"wp-block-dropdown-block_d2a5f77053dc30859aa745d1b0a044c3\" class=\"dropdown-title\">\n                            <p>Com puc anul.lar una reserva?<\/p>\n                <i class=\"fa-solid fa-plus\"><\/i>\n                \n        <\/label>\n        <div class=\"dropdown-content\">\n            <div class=\"acf-innerblocks-container\">\n\n<p>Les anul.lacions sempre per escrit a i<a href=\"mailto:info@campingkims.com\">nfo@campingkims.com<\/a><\/p>\n\n\n\n<p>En funci\u00f3 de la data de cancel\u00b7laci\u00f3 aplicarem les condicions de devoluci\u00f3.<\/p>\n\n<\/div>    \n        <\/div>\n    <\/div>\n<\/div>\n\n  \n<div class=\"wp-block-dropdown has-text-align-left align-content-top\" >  \n    <div class=\"dropdown-list-item\">\n        <input type=\"checkbox\" id=\"wp-block-dropdown-block_dc925c8cf2c48f946926534d0d28e7a7\">\n        <label for=\"wp-block-dropdown-block_dc925c8cf2c48f946926534d0d28e7a7\" class=\"dropdown-title\">\n                            <p>Que hi ha als allotjaments?<\/p>\n                <i class=\"fa-solid fa-plus\"><\/i>\n                \n        <\/label>\n        <div class=\"dropdown-content\">\n            <div class=\"acf-innerblocks-container\">\n\n<p>Els nostres allotjaments estan equipats amb tots els estris de cuina necessaris, televisor, aire condicionat o ventiladors, calefacci\u00f3.<\/p>\n\n<\/div>    \n        <\/div>\n    <\/div>\n<\/div>\n\n  \n<div class=\"wp-block-dropdown has-text-align-left align-content-top\" >  \n    <div class=\"dropdown-list-item\">\n        <input type=\"checkbox\" id=\"wp-block-dropdown-block_511640fabc8c4deaed4eea53577029e0\">\n        <label for=\"wp-block-dropdown-block_511640fabc8c4deaed4eea53577029e0\" class=\"dropdown-title\">\n                            <p>Els allotjaments disposen de llen\u00e7ols i tovalloles? <\/p>\n                <i class=\"fa-solid fa-plus\"><\/i>\n                \n        <\/label>\n        <div class=\"dropdown-content\">\n            <div class=\"acf-innerblocks-container\">\n\n<p>Si. Roba de llit i tovalloles. (de canvi setmanal).<\/p>\n\n<\/div>    \n        <\/div>\n    <\/div>\n<\/div>\n\n  \n<div class=\"wp-block-dropdown has-text-align-left align-content-top\" >  \n    <div class=\"dropdown-list-item\">\n        <input type=\"checkbox\" id=\"wp-block-dropdown-block_57f502f792af8d9d0b854d4f45f6d8db\">\n        <label for=\"wp-block-dropdown-block_57f502f792af8d9d0b854d4f45f6d8db\" class=\"dropdown-title\">\n                            <p>Podem portar una persona m\u00e9s, encara que si sigui un beb\u00e9 si supera la capacitat m\u00e0xima de l\u2019allotjament?<\/p>\n                <i class=\"fa-solid fa-plus\"><\/i>\n                \n        <\/label>\n        <div class=\"dropdown-content\">\n            <div class=\"acf-innerblocks-container\">\n\n<p>NO. Est\u00e0 totalment prohibit superar la capacitat m\u00e1xima de l\u2019allotjament.<\/p>\n\n<\/div>    \n        <\/div>\n    <\/div>\n<\/div>\n\n  \n<div class=\"wp-block-dropdown has-text-align-left align-content-top\" >  \n    <div class=\"dropdown-list-item\">\n        <input type=\"checkbox\" id=\"wp-block-dropdown-block_68b0fda1440d5ef4d4cd033fb9c09c06\">\n        <label for=\"wp-block-dropdown-block_68b0fda1440d5ef4d4cd033fb9c09c06\" class=\"dropdown-title\">\n                            <p>Es pot llogar un bressol i una trona?<\/p>\n                <i class=\"fa-solid fa-plus\"><\/i>\n                \n        <\/label>\n        <div class=\"dropdown-content\">\n            <div class=\"acf-innerblocks-container\">\n\n<p>Si, heu de fer la reserva enviant un email a <a href=\"mailto:info@campingkims.com\">info@campingkims.com<\/a> Confirmarem la reserva tamb\u00e9 per email.<\/p>\n\n<\/div>    \n        <\/div>\n    <\/div>\n<\/div>\n\n  \n<div class=\"wp-block-dropdown has-text-align-left align-content-top\" >  \n    <div class=\"dropdown-list-item\">\n        <input type=\"checkbox\" id=\"wp-block-dropdown-block_a99206387f4d3a9169b7987a53d81eb3\">\n        <label for=\"wp-block-dropdown-block_a99206387f4d3a9169b7987a53d81eb3\" class=\"dropdown-title\">\n                            <p>Que he de fer si vull fer la sortida de l\u2019allotjament fora de l\u2019horari de recepci\u00f3?<\/p>\n                <i class=\"fa-solid fa-plus\"><\/i>\n                \n        <\/label>\n        <div class=\"dropdown-content\">\n            <div class=\"acf-innerblocks-container\">\n\n<p>Avisar a recepci\u00f3 amb antel.laci\u00f3 de l\u2019intenci\u00f3 de sortir abans de les 8h.<\/p>\n\n\n\n<p>El nostres recepcionistes us donar\u00e0n les indicacions necess\u00e0ries.<\/p>\n\n\n\n<p>Tingueu en compte que fins les 8h no es pot sortir en cotxe i per tant si necessiteu sortir abans, haureu de deixar el cotxe fora el dia anterior abans de les 24h.<\/p>\n\n<\/div>    \n        <\/div>\n    <\/div>\n<\/div><\/div>\n<\/div>\n","protected":false},"excerpt":{"rendered":"<p>RESPOSTES A LES VOSTRES PREGUNTES DEL CAMPING EN GENERAL RESPOSTES A LES VOSTRES PREGUNTES ESTADES DE CAMPING EN PARCEL\u00b7LA RESPOSTES A LES VOSTRES PREGUNTES ESTADES&#8230;<\/p>\n","protected":false},"author":2,"featured_media":0,"parent":0,"menu_order":11,"comment_status":"closed","ping_status":"closed","template":"","meta":{"_acf_changed":false,"inline_featured_image":false,"footnotes":""},"class_list":["post-6739","page","type-page","status-publish","hentry"],"acf":[],"yoast_head":"<!-- This site is optimized with the Yoast SEO plugin v23.5 - https:\/\/yoast.com\/wordpress\/plugins\/seo\/ -->\n<title>FAQ&#039;S - Camping Kim&#039;s Llafranc<\/title>\n<meta name=\"description\" content=\"FAQ&#039;S PREGUNTES FREQ\u00dcENTS RESPOSTES A LES VOSTRES PREGUNTES DEL CAMPING EN GENERAL Avinguda del Mar Km2 17211 LLAFRANC GPS: N 41\u00ba 53.55\u2019 6\u2019\u2019 \u2013 E 3\u00ba 11.08\u2019\" \/>\n<meta name=\"robots\" content=\"index, follow, max-snippet:-1, max-image-preview:large, max-video-preview:-1\" \/>\n<link rel=\"canonical\" href=\"https:\/\/www.campingkims.com\/ca\/faqs\/\" \/>\n<meta property=\"og:locale\" content=\"ca_ES\" \/>\n<meta property=\"og:type\" content=\"article\" \/>\n<meta property=\"og:title\" content=\"FAQ&#039;S - Camping Kim&#039;s Llafranc\" \/>\n<meta property=\"og:description\" content=\"FAQ&#039;S PREGUNTES FREQ\u00dcENTS RESPOSTES A LES VOSTRES PREGUNTES DEL CAMPING EN GENERAL Avinguda del Mar Km2 17211 LLAFRANC GPS: N 41\u00ba 53.55\u2019 6\u2019\u2019 \u2013 E 3\u00ba 11.08\u2019\" \/>\n<meta property=\"og:url\" content=\"https:\/\/www.campingkims.com\/ca\/faqs\/\" \/>\n<meta property=\"og:site_name\" content=\"Camping Kim&#039;s Llafranc\" \/>\n<meta property=\"article:modified_time\" content=\"2026-03-13T11:22:35+00:00\" \/>\n<meta property=\"og:image\" content=\"http:\/\/www.campingkims.com\/wp-content\/uploads\/serveis-19.webp\" \/>\n<meta name=\"twitter:card\" content=\"summary_large_image\" \/>\n<meta name=\"twitter:label1\" content=\"Temps estimat de lectura\" \/>\n\t<meta name=\"twitter:data1\" content=\"18 minuts\" \/>\n<script type=\"application\/ld+json\" class=\"yoast-schema-graph\">{\"@context\":\"https:\/\/schema.org\",\"@graph\":[{\"@type\":\"WebPage\",\"@id\":\"https:\/\/www.campingkims.com\/ca\/faqs\/\",\"url\":\"https:\/\/www.campingkims.com\/ca\/faqs\/\",\"name\":\"FAQ'S - Camping Kim&#039;s Llafranc\",\"isPartOf\":{\"@id\":\"https:\/\/www.campingkims.com\/ca\/#website\"},\"primaryImageOfPage\":{\"@id\":\"https:\/\/www.campingkims.com\/ca\/faqs\/#primaryimage\"},\"image\":{\"@id\":\"https:\/\/www.campingkims.com\/ca\/faqs\/#primaryimage\"},\"thumbnailUrl\":\"http:\/\/www.campingkims.com\/wp-content\/uploads\/serveis-19.webp\",\"datePublished\":\"2023-08-21T14:02:03+00:00\",\"dateModified\":\"2026-03-13T11:22:35+00:00\",\"description\":\"FAQ'S PREGUNTES FREQ\u00dcENTS RESPOSTES A LES VOSTRES PREGUNTES DEL CAMPING EN GENERAL Avinguda del Mar Km2 17211 LLAFRANC GPS: N 41\u00ba 53.55\u2019 6\u2019\u2019 \u2013 E 3\u00ba 11.08\u2019\",\"breadcrumb\":{\"@id\":\"https:\/\/www.campingkims.com\/ca\/faqs\/#breadcrumb\"},\"inLanguage\":\"ca\",\"potentialAction\":[{\"@type\":\"ReadAction\",\"target\":[\"https:\/\/www.campingkims.com\/ca\/faqs\/\"]}]},{\"@type\":\"ImageObject\",\"inLanguage\":\"ca\",\"@id\":\"https:\/\/www.campingkims.com\/ca\/faqs\/#primaryimage\",\"url\":\"http:\/\/www.campingkims.com\/wp-content\/uploads\/serveis-19.webp\",\"contentUrl\":\"http:\/\/www.campingkims.com\/wp-content\/uploads\/serveis-19.webp\"},{\"@type\":\"BreadcrumbList\",\"@id\":\"https:\/\/www.campingkims.com\/ca\/faqs\/#breadcrumb\",\"itemListElement\":[{\"@type\":\"ListItem\",\"position\":1,\"name\":\"Portada\",\"item\":\"https:\/\/www.campingkims.com\/ca\/\"},{\"@type\":\"ListItem\",\"position\":2,\"name\":\"FAQ&#8217;S\"}]},{\"@type\":\"WebSite\",\"@id\":\"https:\/\/www.campingkims.com\/ca\/#website\",\"url\":\"https:\/\/www.campingkims.com\/ca\/\",\"name\":\"Camping Kim's Llafranc\",\"description\":\"Kim&#039;s Camping Caravaning &amp; Bungalow Park\",\"publisher\":{\"@id\":\"https:\/\/www.campingkims.com\/ca\/#organization\"},\"potentialAction\":[{\"@type\":\"SearchAction\",\"target\":{\"@type\":\"EntryPoint\",\"urlTemplate\":\"https:\/\/www.campingkims.com\/ca\/?s={search_term_string}\"},\"query-input\":{\"@type\":\"PropertyValueSpecification\",\"valueRequired\":true,\"valueName\":\"search_term_string\"}}],\"inLanguage\":\"ca\"},{\"@type\":\"Organization\",\"@id\":\"https:\/\/www.campingkims.com\/ca\/#organization\",\"name\":\"Camping Kim's Llafranc\",\"url\":\"https:\/\/www.campingkims.com\/ca\/\",\"logo\":{\"@type\":\"ImageObject\",\"inLanguage\":\"ca\",\"@id\":\"https:\/\/www.campingkims.com\/ca\/#\/schema\/logo\/image\/\",\"url\":\"https:\/\/www.campingkims.com\/wp-content\/uploads\/logo-camping-kims-llafranc-costa-brava.png\",\"contentUrl\":\"https:\/\/www.campingkims.com\/wp-content\/uploads\/logo-camping-kims-llafranc-costa-brava.png\",\"width\":537,\"height\":257,\"caption\":\"Camping Kim's Llafranc\"},\"image\":{\"@id\":\"https:\/\/www.campingkims.com\/ca\/#\/schema\/logo\/image\/\"}}]}<\/script>\n<!-- \/ Yoast SEO plugin. -->","yoast_head_json":{"title":"FAQ'S - Camping Kim&#039;s Llafranc","description":"FAQ'S PREGUNTES FREQ\u00dcENTS RESPOSTES A LES VOSTRES PREGUNTES DEL CAMPING EN GENERAL Avinguda del Mar Km2 17211 LLAFRANC GPS: N 41\u00ba 53.55\u2019 6\u2019\u2019 \u2013 E 3\u00ba 11.08\u2019","robots":{"index":"index","follow":"follow","max-snippet":"max-snippet:-1","max-image-preview":"max-image-preview:large","max-video-preview":"max-video-preview:-1"},"canonical":"https:\/\/www.campingkims.com\/ca\/faqs\/","og_locale":"ca_ES","og_type":"article","og_title":"FAQ'S - Camping Kim&#039;s Llafranc","og_description":"FAQ'S PREGUNTES FREQ\u00dcENTS RESPOSTES A LES VOSTRES PREGUNTES DEL CAMPING EN GENERAL Avinguda del Mar Km2 17211 LLAFRANC GPS: N 41\u00ba 53.55\u2019 6\u2019\u2019 \u2013 E 3\u00ba 11.08\u2019","og_url":"https:\/\/www.campingkims.com\/ca\/faqs\/","og_site_name":"Camping Kim&#039;s Llafranc","article_modified_time":"2026-03-13T11:22:35+00:00","og_image":[{"url":"http:\/\/www.campingkims.com\/wp-content\/uploads\/serveis-19.webp"}],"twitter_card":"summary_large_image","twitter_misc":{"Temps estimat de lectura":"18 minuts"},"schema":{"@context":"https:\/\/schema.org","@graph":[{"@type":"WebPage","@id":"https:\/\/www.campingkims.com\/ca\/faqs\/","url":"https:\/\/www.campingkims.com\/ca\/faqs\/","name":"FAQ'S - Camping Kim&#039;s Llafranc","isPartOf":{"@id":"https:\/\/www.campingkims.com\/ca\/#website"},"primaryImageOfPage":{"@id":"https:\/\/www.campingkims.com\/ca\/faqs\/#primaryimage"},"image":{"@id":"https:\/\/www.campingkims.com\/ca\/faqs\/#primaryimage"},"thumbnailUrl":"http:\/\/www.campingkims.com\/wp-content\/uploads\/serveis-19.webp","datePublished":"2023-08-21T14:02:03+00:00","dateModified":"2026-03-13T11:22:35+00:00","description":"FAQ'S PREGUNTES FREQ\u00dcENTS RESPOSTES A LES VOSTRES PREGUNTES DEL CAMPING EN GENERAL Avinguda del Mar Km2 17211 LLAFRANC GPS: N 41\u00ba 53.55\u2019 6\u2019\u2019 \u2013 E 3\u00ba 11.08\u2019","breadcrumb":{"@id":"https:\/\/www.campingkims.com\/ca\/faqs\/#breadcrumb"},"inLanguage":"ca","potentialAction":[{"@type":"ReadAction","target":["https:\/\/www.campingkims.com\/ca\/faqs\/"]}]},{"@type":"ImageObject","inLanguage":"ca","@id":"https:\/\/www.campingkims.com\/ca\/faqs\/#primaryimage","url":"http:\/\/www.campingkims.com\/wp-content\/uploads\/serveis-19.webp","contentUrl":"http:\/\/www.campingkims.com\/wp-content\/uploads\/serveis-19.webp"},{"@type":"BreadcrumbList","@id":"https:\/\/www.campingkims.com\/ca\/faqs\/#breadcrumb","itemListElement":[{"@type":"ListItem","position":1,"name":"Portada","item":"https:\/\/www.campingkims.com\/ca\/"},{"@type":"ListItem","position":2,"name":"FAQ&#8217;S"}]},{"@type":"WebSite","@id":"https:\/\/www.campingkims.com\/ca\/#website","url":"https:\/\/www.campingkims.com\/ca\/","name":"Camping Kim's Llafranc","description":"Kim&#039;s Camping Caravaning &amp; Bungalow Park","publisher":{"@id":"https:\/\/www.campingkims.com\/ca\/#organization"},"potentialAction":[{"@type":"SearchAction","target":{"@type":"EntryPoint","urlTemplate":"https:\/\/www.campingkims.com\/ca\/?s={search_term_string}"},"query-input":{"@type":"PropertyValueSpecification","valueRequired":true,"valueName":"search_term_string"}}],"inLanguage":"ca"},{"@type":"Organization","@id":"https:\/\/www.campingkims.com\/ca\/#organization","name":"Camping Kim's Llafranc","url":"https:\/\/www.campingkims.com\/ca\/","logo":{"@type":"ImageObject","inLanguage":"ca","@id":"https:\/\/www.campingkims.com\/ca\/#\/schema\/logo\/image\/","url":"https:\/\/www.campingkims.com\/wp-content\/uploads\/logo-camping-kims-llafranc-costa-brava.png","contentUrl":"https:\/\/www.campingkims.com\/wp-content\/uploads\/logo-camping-kims-llafranc-costa-brava.png","width":537,"height":257,"caption":"Camping Kim's Llafranc"},"image":{"@id":"https:\/\/www.campingkims.com\/ca\/#\/schema\/logo\/image\/"}}]}},"_links":{"self":[{"href":"https:\/\/www.campingkims.com\/ca\/wp-json\/wp\/v2\/pages\/6739"}],"collection":[{"href":"https:\/\/www.campingkims.com\/ca\/wp-json\/wp\/v2\/pages"}],"about":[{"href":"https:\/\/www.campingkims.com\/ca\/wp-json\/wp\/v2\/types\/page"}],"author":[{"embeddable":true,"href":"https:\/\/www.campingkims.com\/ca\/wp-json\/wp\/v2\/users\/2"}],"replies":[{"embeddable":true,"href":"https:\/\/www.campingkims.com\/ca\/wp-json\/wp\/v2\/comments?post=6739"}],"version-history":[{"count":12,"href":"https:\/\/www.campingkims.com\/ca\/wp-json\/wp\/v2\/pages\/6739\/revisions"}],"predecessor-version":[{"id":9512,"href":"https:\/\/www.campingkims.com\/ca\/wp-json\/wp\/v2\/pages\/6739\/revisions\/9512"}],"wp:attachment":[{"href":"https:\/\/www.campingkims.com\/ca\/wp-json\/wp\/v2\/media?parent=6739"}],"curies":[{"name":"wp","href":"https:\/\/api.w.org\/{rel}","templated":true}]}}