{"id":5027,"date":"2023-07-13T09:19:13","date_gmt":"2023-07-13T07:19:13","guid":{"rendered":"http:\/\/www.campingkims.com\/preise-und-angebote\/camping-preise\/"},"modified":"2026-03-02T15:32:42","modified_gmt":"2026-03-02T14:32:42","slug":"camping-preise","status":"publish","type":"page","link":"https:\/\/www.campingkims.com\/de\/preise-und-angebote\/camping-preise\/","title":{"rendered":"Camping Preise"},"content":{"rendered":"\n<div class=\"wp-block-group alignfull cover-page booking-article has-theme-orange-background-color has-background is-layout-constrained wp-block-group-is-layout-constrained\" style=\"margin-top:0px;margin-bottom:10vh\">\n<div class=\"wp-block-group alignwide animation--init--once pop-up is-vertical is-content-justification-center is-layout-flex wp-container-core-group-is-layout-1 wp-block-group-is-layout-flex\">\n<h1 class=\"wp-block-heading alignwide has-text-align-center has-theme-white-color has-text-color\">Stellpl\u00e4tze Preise und Angebote<\/h1>\n\n\n\n<p class=\"has-text-align-center has-theme-white-color has-text-color has-roboto-slab-font-family has-h-5-font-size\" style=\"text-transform:uppercase\">2026<\/p>\n<\/div>\n\n\n\n<div class=\"wp-block-group alignwide animation--init--once booking-container has-theme-orange-background-color has-background is-vertical is-content-justification-center is-layout-flex wp-container-core-group-is-layout-3 wp-block-group-is-layout-flex\" style=\"border-radius:2rem;margin-top:0px;margin-bottom:0px;padding-top:3rem;padding-right:3rem;padding-bottom:3rem;padding-left:3rem\">\n<div class=\"wp-block-group animation--init--once alignwide booking-title is-vertical is-content-justification-center is-layout-flex wp-container-core-group-is-layout-2 wp-block-group-is-layout-flex\">\n<p class=\"has-theme-dark-purple-color has-text-color has-roboto-slab-font-family has-h-6-font-size\">ONLINE-BUCHUNG<\/p>\n\n\n\n<h4 class=\"wp-block-heading has-text-align-center has-theme-white-color has-text-color has-h-4-font-size\">Buchen Sie Ihren Urlaub in der Costa Brava<\/h4>\n\n\n\n<figure class=\"wp-block-image size-large is-resized wp-duotone-221b40-221b40-1\"><img decoding=\"async\" src=\"http:\/\/www.campingkims.com\/wp-content\/uploads\/ola-separadora.svg\" alt=\"\" class=\"wp-image-921\" width=\"70\"\/><\/figure>\n<\/div>\n\n\n<script>\n            document.addEventListener('DOMContentLoaded', function () {\n\n                var widget = new MasterWidget('widgetBookingContainer8598', {\n                    lang: 'de',idProperty: '61',class: 'widget_columns',categoryIds: [1],target: '_blank',dropdown: true,\n                    url: 'https:\/\/booking.campingkims.com'\n                });\n\n\n            });\n\n            <\/script><div id=\"widgetBookingContainer8598\"> <\/div>\n<\/div>\n<\/div>\n\n<div class=\"wp-block-group alignwide is-layout-constrained wp-block-group-is-layout-constrained\" style=\"margin-bottom:8vh\">\n<h2 class=\"wp-block-heading has-text-align-center animation--init--once slide-up has-theme-dark-purple-color has-text-color has-link-color wp-elements-c325187b60447668485343a6172a79ac\">Forfait Mai<\/h2>\n\n\n\n<div class=\"wp-block-columns animation--init--once slide-up is-layout-flex wp-container-core-columns-is-layout-1 wp-block-columns-is-layout-flex\">\n<div class=\"wp-block-column has-theme-grey-background-color has-background is-layout-flow wp-block-column-is-layout-flow\">\n<p class=\"has-text-align-center has-theme-dark-purple-color has-text-color has-link-color has-h-6-font-size wp-elements-7bc0a5ef10b31a61c6f0b5369fe859a1\"><strong>7 N\u00e4chte<\/strong><\/p>\n\n\n\n<div class=\"wp-block-group is-vertical is-content-justification-center is-layout-flex wp-container-core-group-is-layout-5 wp-block-group-is-layout-flex\">\n<p class=\"has-theme-purple-color has-text-color has-link-color has-h-4-font-size wp-elements-22c16878c6342e1eed4cd07717c2f1a8\"><strong>189\u20ac<\/strong><\/p>\n\n\n\n<p class=\"has-text-align-left has-theme-purple-color has-text-color has-link-color has-h-6-font-size wp-elements-98d4fd37e07dcbc661b5103c955dfc95\"><strong>27\u20ac\/Nacht<\/strong><\/p>\n<\/div>\n<\/div>\n\n\n\n<div class=\"wp-block-column has-theme-grey-background-color has-background is-layout-flow wp-block-column-is-layout-flow\">\n<p class=\"has-text-align-center has-theme-dark-purple-color has-text-color has-link-color has-h-6-font-size wp-elements-08ee3d8e5a40255a5ace8a28c92769f1\"><strong>14 N\u00e4chte <\/strong><\/p>\n\n\n\n<div class=\"wp-block-group is-vertical is-content-justification-center is-layout-flex wp-container-core-group-is-layout-6 wp-block-group-is-layout-flex\">\n<p class=\"has-theme-purple-color has-text-color has-link-color has-h-4-font-size wp-elements-646af933ed3c847ca849617bdaaa237b\"><strong>350\u20ac<\/strong><\/p>\n\n\n\n<p class=\"has-text-align-left has-theme-purple-color has-text-color has-link-color has-h-6-font-size wp-elements-e529403477a0d4244093ddc0d849237c\"><strong>25\u20ac\/Nacht<\/strong><\/p>\n<\/div>\n<\/div>\n\n\n\n<div class=\"wp-block-column has-theme-grey-background-color has-background is-layout-flow wp-block-column-is-layout-flow\">\n<p class=\"has-text-align-center has-theme-dark-purple-color has-text-color has-link-color has-h-6-font-size wp-elements-508d5eb2b30300a916bb6469e77f40a6\"><strong>21 N\u00e4chte <\/strong><\/p>\n\n\n\n<div class=\"wp-block-group is-vertical is-content-justification-center is-layout-flex wp-container-core-group-is-layout-7 wp-block-group-is-layout-flex\">\n<p class=\"has-theme-purple-color has-text-color has-link-color has-h-4-font-size wp-elements-6ec8db418e4152f30a3019f6e7b05f63\"><strong>462\u20ac<\/strong><\/p>\n\n\n\n<p class=\"has-text-align-left has-theme-purple-color has-text-color has-link-color has-h-6-font-size wp-elements-a6406fec40d8e438cefb665254c5ae60\"><strong>22\u20ac\/Nacht<\/strong><\/p>\n<\/div>\n<\/div>\n\n\n\n<div class=\"wp-block-column has-theme-grey-background-color has-background is-layout-flow wp-block-column-is-layout-flow\">\n<p class=\"has-text-align-center has-theme-dark-purple-color has-text-color has-link-color has-h-6-font-size wp-elements-3717afcde863b9cbaa42c1778d3b32a0\"><strong>30 N\u00e4chte <\/strong><\/p>\n\n\n\n<div class=\"wp-block-group is-vertical is-content-justification-center is-layout-flex wp-container-core-group-is-layout-8 wp-block-group-is-layout-flex\">\n<p class=\"has-theme-purple-color has-text-color has-link-color has-h-4-font-size wp-elements-fd259460769b90c489822f0340419101\"><strong>570\u20ac<\/strong><\/p>\n\n\n\n<p class=\"has-text-align-left has-theme-purple-color has-text-color has-link-color has-h-6-font-size wp-elements-6f3f64bba7e25826e48f55fb8262d86a\"><strong>19\u20ac\/Nacht<\/strong><\/p>\n<\/div>\n<\/div>\n<\/div>\n\n\n\n<p class=\"has-text-align-center animation--init--once slide-up has-h-5-font-size\">Stellplatz + 2 Personen<\/p>\n\n\n\n<p class=\"has-text-align-center animation--init--once slide-up has-text-small-font-size\">Preise pro Nacht. 10 % MwSt. inbegriffen.<br\/>Kurtaxe nicht inbegriffen: 0,66 \u20ac pro Nacht und Person (\u00fcber 17 Jahre) f\u00fcr maximal 7 N\u00e4chte. <\/p>\n<\/div>\n\n<h2 class=\"wp-block-heading alignwide animation--init--once slide-right has-theme-dark-purple-color has-text-color\">Preise Stellpl\u00e4tze<\/h2>\n\n<div class=\"wp-block-group alignfull camping-table-container is-layout-constrained wp-block-group-is-layout-constrained\">\n<figure class=\"wp-block-table alignwide styled-table camping-table is-style-stripes animation--init--once slide-up\" style=\"margin-bottom:10vh\"><table><thead><tr><th>Preis pro Nacht<\/th><th class=\"has-text-align-center\" data-align=\"center\">Erwachsener<\/th><th class=\"has-text-align-center\" data-align=\"center\">Kind (3 \u2013 10 y.)<\/th><th class=\"has-text-align-center\" data-align=\"center\">Stellplatz<\/th><th class=\"has-text-align-center\" data-align=\"center\">Visit Erwachsener<\/th><th class=\"has-text-align-center\" data-align=\"center\">Visit Kind<\/th><\/tr><\/thead><tbody><tr><td><strong>30\/04 &#8211; 31\/05<\/strong> | <strong>14\/09 &#8211; 27\/09<\/strong><br>NEBENSEISON<\/td><td class=\"has-text-align-center\" data-align=\"center\"><strong>6<sup>&#8217;50\u20ac<\/sup><\/strong><\/td><td class=\"has-text-align-center\" data-align=\"center\"><strong>3<sup>,20\u20ac<\/sup><\/strong><\/td><td class=\"has-text-align-center\" data-align=\"center\"><strong>14<sup>,00\u20ac<\/sup><\/strong><\/td><td class=\"has-text-align-center\" data-align=\"center\"><strong>8<sup>,00\u20ac<\/sup><\/strong><\/td><td class=\"has-text-align-center\" data-align=\"center\"><strong>5<sup>,00\u20ac<\/sup><\/strong><\/td><\/tr><tr><td><strong>01\/06 &#8211; 21\/06 | 01\/09 &#8211; 13\/09 <\/strong><br>ZWISCHENSEISON 1<\/td><td class=\"has-text-align-center\" data-align=\"center\"><strong>8<sup>&#8217;50\u20ac<\/sup><\/strong><\/td><td class=\"has-text-align-center\" data-align=\"center\"><strong>4<sup>,80\u20ac<\/sup><\/strong><\/td><td class=\"has-text-align-center\" data-align=\"center\"><strong>17<sup>,00\u20ac<\/sup><\/strong><\/td><td class=\"has-text-align-center\" data-align=\"center\"><strong>10<sup>,00\u20ac<\/sup><\/strong><\/td><td class=\"has-text-align-center\" data-align=\"center\"><strong>6<sup>,00\u20ac<\/sup><\/strong><\/td><\/tr><tr><td><strong>22\/06 &#8211; 16\/07 | 24\/08 &#8211; 31\/08<\/strong><br>ZWISCHENSEISON 2<\/td><td class=\"has-text-align-center\" data-align=\"center\"><strong>9<sup>&#8217;50\u20ac<\/sup><\/strong><\/td><td class=\"has-text-align-center\" data-align=\"center\"><strong>5<sup>&#8217;80\u20ac<\/sup><\/strong><\/td><td class=\"has-text-align-center\" data-align=\"center\"><strong>29<sup>&#8217;00\u20ac<\/sup><\/strong><\/td><td class=\"has-text-align-center\" data-align=\"center\"><strong>11<sup>&#8217;00\u20ac<\/sup><\/strong><\/td><td class=\"has-text-align-center\" data-align=\"center\"><strong>8<sup>&#8217;00\u20ac<\/sup><\/strong><\/td><\/tr><tr><td><strong>17\/07 &#8211; 23\/08<\/strong><br>HOCHSEISON<\/td><td class=\"has-text-align-center\" data-align=\"center\"><strong>10<sup>,90\u20ac<\/sup><\/strong><\/td><td class=\"has-text-align-center\" data-align=\"center\"><strong>6<sup>,40\u20ac<\/sup><\/strong><\/td><td class=\"has-text-align-center\" data-align=\"center\"><strong>45<sup>,20\u20ac<\/sup><\/strong><\/td><td class=\"has-text-align-center\" data-align=\"center\"><strong>12<sup>,00\u20ac<\/sup><\/strong><\/td><td class=\"has-text-align-center\" data-align=\"center\"><strong>9<sup>,00\u20ac<\/sup><\/strong><\/td><\/tr><\/tbody><\/table><\/figure>\n<\/div>\n\n<div class=\"wp-block-auto-tabs accommodation-tabs alignfull has-custom-margin animation--init--once\" style=\"margin-bottom:14vh;\" data-selector=\"h3\">\n  <div class=\"acf-innerblocks-container\">\n\n<div class=\"wp-block-group auto-tabs-wrapper is-layout-flow wp-block-group-is-layout-flow\">\n<p class=\"has-text-align-center\"><strong>Aqu\u00ed se mostrar\u00e1n las pesta\u00f1as.<\/strong><br\/> El primer <strong>h3<\/strong> de cada contenido se usar\u00e1 como t\u00edtulo de su pesta\u00f1a. Puedes cambiarlo por otro tag o una clase en el panel lateral<\/p>\n<\/div>\n\n\n\n<div class=\"wp-block-group auto-content-wrapper has-theme-soft-blue-background-color has-background is-layout-flow wp-block-group-is-layout-flow\">\n<div class=\"wp-block-group is-layout-flow wp-block-group-is-layout-flow\">\n<h3 class=\"wp-block-heading has-text-align-center\">Informationen<\/h3>\n\n\n\n<ul class=\"styled-list has-theme-purple-color has-text-color wp-block-list\">\n<li><strong>Preise in Euro (EUR \u20ac).<\/strong><br\/>Inkl. 10% MwSt. Bei offiziellen MwSt-Abweichungen k\u00f6nnen die Preise variieren.<\/li>\n\n\n\n<li><strong>Kurtaxe nicht inbegriffen:<\/strong> 0,66\u20ac\/Nacht pro Person (+17 Jahre) f\u00fcr maximal 7 N\u00e4chte.<\/li>\n\n\n\n<li><strong>Anreise:<\/strong> Die Stellpl\u00e4tze sind ab 12:00 Uhr verf\u00fcgbar.<\/li>\n\n\n\n<li><strong>Abfahrt:<\/strong> Die Parzellen m\u00fcssen vor 12:00 Uhr ger\u00e4umt sein.<\/li>\n\n\n\n<li><\/li>\n<\/ul>\n<\/div>\n\n\n\n<div class=\"wp-block-group is-layout-flow wp-block-group-is-layout-flow\">\n<h3 class=\"wp-block-heading has-text-align-center\">Bedingungen<\/h3>\n\n\n\n<ul class=\"styled-list has-theme-purple-color has-text-color wp-block-list\">\n<li>Der zu reservierende Betrag betr\u00e4gt 60 \u20ac pro Stellplatz. Dieser Betrag wird vom Gesamtbetrag der Rechnung Ihres Aufenthalts abgezogen.<\/li>\n\n\n\n<li>Diese Zahlung berechtigt nicht zur Auswahl einer bestimmten Paketnummer. Sobald die Zahlung und das Signal eingegangen sind, wird die Reservierung best\u00e4tigt.<\/li>\n\n\n\n<li>STORNIERUNGEN\n<ul class=\"wp-block-list\">\n<li>Stornierung 5 bis 3 Wochen vor dem Anreisetag: Einbehaltung von 60% der Anzahlung.<\/li>\n\n\n\n<li>Stornierung 2 Wochen vor dem Anreisetag: Einbehaltung von 100% der Anzahlung.<\/li>\n\n\n\n<li>Mindesteinbehalt f\u00fcr Stornogeb\u00fchren: 35\u20ac.<\/li>\n<\/ul>\n<\/li>\n<\/ul>\n<\/div>\n<\/div>\n\n<\/div><\/div>\n<figure class=\"wp-block-image size-large is-style-icon-row animation--init--once slide-left discount-icon wp-duotone-ffb434-ffb434-2\"><img loading=\"lazy\" decoding=\"async\" width=\"25\" height=\"25\" src=\"http:\/\/www.campingkims.com\/wp-content\/uploads\/descuento.svg\" alt=\"\" class=\"wp-image-1492\"\/><figcaption class=\"wp-element-caption\"><strong>Camping Stellpl\u00e4tze Angebote<\/strong><\/figcaption><\/figure>\n\n\n\n<div class=\"wp-block-columns alignwide is-layout-flex wp-container-core-columns-is-layout-2 wp-block-columns-is-layout-flex\">\n<div class=\"wp-block-column price-col animation--init--once slide-up has-theme-white-color has-theme-orange-background-color has-text-color has-background is-layout-flow wp-block-column-is-layout-flow\">\n<p class=\"large-font has-h-2-font-size\" style=\"margin-bottom:0px\"><strong><em>10% + 7 N\u00e4chte<\/em><\/strong><\/p>\n\n\n\n<p class=\"large-font has-h-2-font-size\" style=\"margin-top:0px\"><em><strong>13% + 14 N\u00e4chte<\/strong><\/em><\/p>\n\n\n\n<p class=\"large-font has-h-2-font-size\" style=\"margin-top:0px\"><strong><em>15% + 20 N\u00e4chte<\/em><\/strong><\/p>\n\n\n\n<p class=\"large-font has-h-2-font-size\" style=\"margin-top:0px\"><strong><em>20% + 30 N\u00e4chte<\/em><\/strong><\/p>\n\n\n\n<p class=\"is-style-default has-roboto-slab-font-family has-text-small-font-size\" style=\"margin-top:0px;text-transform:uppercase\"><strong><strong>30\/04 \u2013 16\/07 \u00a0|\u00a024\/08 \u2013 27\/09<\/strong><\/strong><\/p>\n\n\n\n<p class=\"is-style-default has-roboto-slab-font-family has-text-small-font-size\" style=\"margin-top:0px;text-transform:uppercase\"><strong>NEBENSEISON UND ZWISCHENSEISON<\/strong><\/p>\n\n\n\n<p class=\"is-style-default\" style=\"margin-top:0px\">1 Stellplatz + 2 Personen + Auto + Steckdose<\/p>\n<\/div>\n\n\n\n<div class=\"wp-block-column price-col animation--init--once slide-up delay-1 has-theme-white-color has-theme-blue-background-color has-text-color has-background is-layout-flow wp-block-column-is-layout-flow\">\n<p class=\"large-font has-h-2-font-size\"><strong><em>5% + 7 N\u00e4chte<\/em><\/strong><\/p>\n\n\n\n<p class=\"is-style-default has-roboto-slab-font-family has-text-small-font-size\" style=\"margin-top:0px;text-transform:uppercase\"><strong>17\/07-23\/08<\/strong><\/p>\n\n\n\n<p class=\"is-style-default has-roboto-slab-font-family has-text-small-font-size\" style=\"margin-top:0px;text-transform:uppercase\"><strong>HOCHSEISON<\/strong><\/p>\n\n\n\n<p class=\"is-style-default\" style=\"margin-top:0px\">1 Stellplatz + 2 Personen + Auto + Steckdose<\/p>\n<\/div>\n<\/div>\n\n\n\n<p class=\"animation--init--once slide-left alignwide has-theme-purple-color has-text-color has-text-small-font-size\" style=\"margin-bottom:10vh\">* Rabbat f\u00fcr Aufenthalte ab 7 N\u00e4chten<br>* NICHT KUMULIERBARE RABATTE, DIE BEREITS BEI DER RESERVIERUNG ANGEWENDET WERDEN<\/p>\n\n<div class=\"wp-block-buttons animation--init--once slide-up is-content-justification-center is-layout-flex wp-container-core-buttons-is-layout-1 wp-block-buttons-is-layout-flex\" style=\"margin-bottom:18vh\">\n<div class=\"wp-block-button invert-icon\"><a class=\"wp-block-button__link has-theme-green-background-color has-background wp-element-button\" href=\"https:\/\/booking.campingkims.com\/search?categoryIds=1&amp;lang=es\" style=\"border-radius:8px\" target=\"_blank\" rel=\"noreferrer noopener\"><img loading=\"lazy\" decoding=\"async\" width=\"25\" height=\"24\" class=\"wp-image-1321\" style=\"width: 25px;\" src=\"http:\/\/www.campingkims.com\/wp-content\/uploads\/reservar.svg\" alt=\"\"\/><strong>VERF\u00dcGBARKEIT ANZEIGEN<\/strong><\/a><\/div>\n<\/div>\n","protected":false},"excerpt":{"rendered":"<p>Stellpl\u00e4tze Preise und Angebote 2026 Forfait Mai 7 N\u00e4chte 189\u20ac 27\u20ac\/Nacht 14 N\u00e4chte 350\u20ac 25\u20ac\/Nacht 21 N\u00e4chte 462\u20ac 22\u20ac\/Nacht 30 N\u00e4chte 570\u20ac 19\u20ac\/Nacht Stellplatz +&#8230;<\/p>\n","protected":false},"author":2,"featured_media":0,"parent":5003,"menu_order":0,"comment_status":"closed","ping_status":"closed","template":"","meta":{"_acf_changed":false,"inline_featured_image":false,"footnotes":""},"class_list":["post-5027","page","type-page","status-publish","hentry"],"acf":[],"yoast_head":"<!-- This site is optimized with the Yoast SEO plugin v23.5 - https:\/\/yoast.com\/wordpress\/plugins\/seo\/ -->\n<title>Camping Preise - Camping Kim&#039;s Llafranc<\/title>\n<meta name=\"description\" content=\"Stellpl\u00e4tze Preise und Angebote 2026 Forfait Mai 7 N\u00e4chte 189\u20ac 27\u20ac\/Nacht 14 N\u00e4chte 350\u20ac 25\u20ac\/Nacht 21 N\u00e4chte 462\u20ac 22\u20ac\/Nacht 30 N\u00e4chte 570\u20ac 19\u20ac\/Nacht\" \/>\n<meta name=\"robots\" content=\"index, follow, max-snippet:-1, max-image-preview:large, max-video-preview:-1\" \/>\n<link rel=\"canonical\" href=\"https:\/\/www.campingkims.com\/de\/preise-und-angebote\/camping-preise\/\" \/>\n<meta property=\"og:locale\" content=\"de_DE\" \/>\n<meta property=\"og:type\" content=\"article\" \/>\n<meta property=\"og:title\" content=\"Camping Preise - Camping Kim&#039;s Llafranc\" \/>\n<meta property=\"og:description\" content=\"Stellpl\u00e4tze Preise und Angebote 2026 Forfait Mai 7 N\u00e4chte 189\u20ac 27\u20ac\/Nacht 14 N\u00e4chte 350\u20ac 25\u20ac\/Nacht 21 N\u00e4chte 462\u20ac 22\u20ac\/Nacht 30 N\u00e4chte 570\u20ac 19\u20ac\/Nacht\" \/>\n<meta property=\"og:url\" content=\"https:\/\/www.campingkims.com\/de\/preise-und-angebote\/camping-preise\/\" \/>\n<meta property=\"og:site_name\" content=\"Camping Kim&#039;s Llafranc\" \/>\n<meta property=\"article:modified_time\" content=\"2026-03-02T14:32:42+00:00\" \/>\n<meta property=\"og:image\" content=\"http:\/\/www.campingkims.com\/wp-content\/uploads\/reservar.svg\" \/>\n<meta name=\"twitter:card\" content=\"summary_large_image\" \/>\n<meta name=\"twitter:label1\" content=\"Gesch\u00e4tzte Lesezeit\" \/>\n\t<meta name=\"twitter:data1\" content=\"2\u00a0Minuten\" \/>\n<script type=\"application\/ld+json\" class=\"yoast-schema-graph\">{\"@context\":\"https:\/\/schema.org\",\"@graph\":[{\"@type\":\"WebPage\",\"@id\":\"https:\/\/www.campingkims.com\/de\/preise-und-angebote\/camping-preise\/\",\"url\":\"https:\/\/www.campingkims.com\/de\/preise-und-angebote\/camping-preise\/\",\"name\":\"Camping Preise - Camping Kim&#039;s Llafranc\",\"isPartOf\":{\"@id\":\"https:\/\/www.campingkims.com\/de\/#website\"},\"primaryImageOfPage\":{\"@id\":\"https:\/\/www.campingkims.com\/de\/preise-und-angebote\/camping-preise\/#primaryimage\"},\"image\":{\"@id\":\"https:\/\/www.campingkims.com\/de\/preise-und-angebote\/camping-preise\/#primaryimage\"},\"thumbnailUrl\":\"http:\/\/www.campingkims.com\/wp-content\/uploads\/reservar.svg\",\"datePublished\":\"2023-07-13T07:19:13+00:00\",\"dateModified\":\"2026-03-02T14:32:42+00:00\",\"description\":\"Stellpl\u00e4tze Preise und Angebote 2026 Forfait Mai 7 N\u00e4chte 189\u20ac 27\u20ac\/Nacht 14 N\u00e4chte 350\u20ac 25\u20ac\/Nacht 21 N\u00e4chte 462\u20ac 22\u20ac\/Nacht 30 N\u00e4chte 570\u20ac 19\u20ac\/Nacht\",\"breadcrumb\":{\"@id\":\"https:\/\/www.campingkims.com\/de\/preise-und-angebote\/camping-preise\/#breadcrumb\"},\"inLanguage\":\"de\",\"potentialAction\":[{\"@type\":\"ReadAction\",\"target\":[\"https:\/\/www.campingkims.com\/de\/preise-und-angebote\/camping-preise\/\"]}]},{\"@type\":\"ImageObject\",\"inLanguage\":\"de\",\"@id\":\"https:\/\/www.campingkims.com\/de\/preise-und-angebote\/camping-preise\/#primaryimage\",\"url\":\"http:\/\/www.campingkims.com\/wp-content\/uploads\/reservar.svg\",\"contentUrl\":\"http:\/\/www.campingkims.com\/wp-content\/uploads\/reservar.svg\"},{\"@type\":\"BreadcrumbList\",\"@id\":\"https:\/\/www.campingkims.com\/de\/preise-und-angebote\/camping-preise\/#breadcrumb\",\"itemListElement\":[{\"@type\":\"ListItem\",\"position\":1,\"name\":\"Portada\",\"item\":\"https:\/\/www.campingkims.com\/de\/\"},{\"@type\":\"ListItem\",\"position\":2,\"name\":\"Preise und Angebote\",\"item\":\"https:\/\/www.campingkims.com\/de\/preise-und-angebote\/\"},{\"@type\":\"ListItem\",\"position\":3,\"name\":\"Camping Preise\"}]},{\"@type\":\"WebSite\",\"@id\":\"https:\/\/www.campingkims.com\/de\/#website\",\"url\":\"https:\/\/www.campingkims.com\/de\/\",\"name\":\"Camping Kim's Llafranc\",\"description\":\"Kim&#039;s Camping Caravaning &amp; Bungalow Park\",\"publisher\":{\"@id\":\"https:\/\/www.campingkims.com\/de\/#organization\"},\"potentialAction\":[{\"@type\":\"SearchAction\",\"target\":{\"@type\":\"EntryPoint\",\"urlTemplate\":\"https:\/\/www.campingkims.com\/de\/?s={search_term_string}\"},\"query-input\":{\"@type\":\"PropertyValueSpecification\",\"valueRequired\":true,\"valueName\":\"search_term_string\"}}],\"inLanguage\":\"de\"},{\"@type\":\"Organization\",\"@id\":\"https:\/\/www.campingkims.com\/de\/#organization\",\"name\":\"Camping Kim's Llafranc\",\"url\":\"https:\/\/www.campingkims.com\/de\/\",\"logo\":{\"@type\":\"ImageObject\",\"inLanguage\":\"de\",\"@id\":\"https:\/\/www.campingkims.com\/de\/#\/schema\/logo\/image\/\",\"url\":\"https:\/\/www.campingkims.com\/wp-content\/uploads\/logo-camping-kims-llafranc-costa-brava.png\",\"contentUrl\":\"https:\/\/www.campingkims.com\/wp-content\/uploads\/logo-camping-kims-llafranc-costa-brava.png\",\"width\":537,\"height\":257,\"caption\":\"Camping Kim's Llafranc\"},\"image\":{\"@id\":\"https:\/\/www.campingkims.com\/de\/#\/schema\/logo\/image\/\"}}]}<\/script>\n<!-- \/ Yoast SEO plugin. -->","yoast_head_json":{"title":"Camping Preise - Camping Kim&#039;s Llafranc","description":"Stellpl\u00e4tze Preise und Angebote 2026 Forfait Mai 7 N\u00e4chte 189\u20ac 27\u20ac\/Nacht 14 N\u00e4chte 350\u20ac 25\u20ac\/Nacht 21 N\u00e4chte 462\u20ac 22\u20ac\/Nacht 30 N\u00e4chte 570\u20ac 19\u20ac\/Nacht","robots":{"index":"index","follow":"follow","max-snippet":"max-snippet:-1","max-image-preview":"max-image-preview:large","max-video-preview":"max-video-preview:-1"},"canonical":"https:\/\/www.campingkims.com\/de\/preise-und-angebote\/camping-preise\/","og_locale":"de_DE","og_type":"article","og_title":"Camping Preise - Camping Kim&#039;s Llafranc","og_description":"Stellpl\u00e4tze Preise und Angebote 2026 Forfait Mai 7 N\u00e4chte 189\u20ac 27\u20ac\/Nacht 14 N\u00e4chte 350\u20ac 25\u20ac\/Nacht 21 N\u00e4chte 462\u20ac 22\u20ac\/Nacht 30 N\u00e4chte 570\u20ac 19\u20ac\/Nacht","og_url":"https:\/\/www.campingkims.com\/de\/preise-und-angebote\/camping-preise\/","og_site_name":"Camping Kim&#039;s Llafranc","article_modified_time":"2026-03-02T14:32:42+00:00","og_image":[{"url":"http:\/\/www.campingkims.com\/wp-content\/uploads\/reservar.svg"}],"twitter_card":"summary_large_image","twitter_misc":{"Gesch\u00e4tzte Lesezeit":"2\u00a0Minuten"},"schema":{"@context":"https:\/\/schema.org","@graph":[{"@type":"WebPage","@id":"https:\/\/www.campingkims.com\/de\/preise-und-angebote\/camping-preise\/","url":"https:\/\/www.campingkims.com\/de\/preise-und-angebote\/camping-preise\/","name":"Camping Preise - Camping Kim&#039;s Llafranc","isPartOf":{"@id":"https:\/\/www.campingkims.com\/de\/#website"},"primaryImageOfPage":{"@id":"https:\/\/www.campingkims.com\/de\/preise-und-angebote\/camping-preise\/#primaryimage"},"image":{"@id":"https:\/\/www.campingkims.com\/de\/preise-und-angebote\/camping-preise\/#primaryimage"},"thumbnailUrl":"http:\/\/www.campingkims.com\/wp-content\/uploads\/reservar.svg","datePublished":"2023-07-13T07:19:13+00:00","dateModified":"2026-03-02T14:32:42+00:00","description":"Stellpl\u00e4tze Preise und Angebote 2026 Forfait Mai 7 N\u00e4chte 189\u20ac 27\u20ac\/Nacht 14 N\u00e4chte 350\u20ac 25\u20ac\/Nacht 21 N\u00e4chte 462\u20ac 22\u20ac\/Nacht 30 N\u00e4chte 570\u20ac 19\u20ac\/Nacht","breadcrumb":{"@id":"https:\/\/www.campingkims.com\/de\/preise-und-angebote\/camping-preise\/#breadcrumb"},"inLanguage":"de","potentialAction":[{"@type":"ReadAction","target":["https:\/\/www.campingkims.com\/de\/preise-und-angebote\/camping-preise\/"]}]},{"@type":"ImageObject","inLanguage":"de","@id":"https:\/\/www.campingkims.com\/de\/preise-und-angebote\/camping-preise\/#primaryimage","url":"http:\/\/www.campingkims.com\/wp-content\/uploads\/reservar.svg","contentUrl":"http:\/\/www.campingkims.com\/wp-content\/uploads\/reservar.svg"},{"@type":"BreadcrumbList","@id":"https:\/\/www.campingkims.com\/de\/preise-und-angebote\/camping-preise\/#breadcrumb","itemListElement":[{"@type":"ListItem","position":1,"name":"Portada","item":"https:\/\/www.campingkims.com\/de\/"},{"@type":"ListItem","position":2,"name":"Preise und Angebote","item":"https:\/\/www.campingkims.com\/de\/preise-und-angebote\/"},{"@type":"ListItem","position":3,"name":"Camping Preise"}]},{"@type":"WebSite","@id":"https:\/\/www.campingkims.com\/de\/#website","url":"https:\/\/www.campingkims.com\/de\/","name":"Camping Kim's Llafranc","description":"Kim&#039;s Camping Caravaning &amp; Bungalow Park","publisher":{"@id":"https:\/\/www.campingkims.com\/de\/#organization"},"potentialAction":[{"@type":"SearchAction","target":{"@type":"EntryPoint","urlTemplate":"https:\/\/www.campingkims.com\/de\/?s={search_term_string}"},"query-input":{"@type":"PropertyValueSpecification","valueRequired":true,"valueName":"search_term_string"}}],"inLanguage":"de"},{"@type":"Organization","@id":"https:\/\/www.campingkims.com\/de\/#organization","name":"Camping Kim's Llafranc","url":"https:\/\/www.campingkims.com\/de\/","logo":{"@type":"ImageObject","inLanguage":"de","@id":"https:\/\/www.campingkims.com\/de\/#\/schema\/logo\/image\/","url":"https:\/\/www.campingkims.com\/wp-content\/uploads\/logo-camping-kims-llafranc-costa-brava.png","contentUrl":"https:\/\/www.campingkims.com\/wp-content\/uploads\/logo-camping-kims-llafranc-costa-brava.png","width":537,"height":257,"caption":"Camping Kim's Llafranc"},"image":{"@id":"https:\/\/www.campingkims.com\/de\/#\/schema\/logo\/image\/"}}]}},"_links":{"self":[{"href":"https:\/\/www.campingkims.com\/de\/wp-json\/wp\/v2\/pages\/5027"}],"collection":[{"href":"https:\/\/www.campingkims.com\/de\/wp-json\/wp\/v2\/pages"}],"about":[{"href":"https:\/\/www.campingkims.com\/de\/wp-json\/wp\/v2\/types\/page"}],"author":[{"embeddable":true,"href":"https:\/\/www.campingkims.com\/de\/wp-json\/wp\/v2\/users\/2"}],"replies":[{"embeddable":true,"href":"https:\/\/www.campingkims.com\/de\/wp-json\/wp\/v2\/comments?post=5027"}],"version-history":[{"count":14,"href":"https:\/\/www.campingkims.com\/de\/wp-json\/wp\/v2\/pages\/5027\/revisions"}],"predecessor-version":[{"id":9471,"href":"https:\/\/www.campingkims.com\/de\/wp-json\/wp\/v2\/pages\/5027\/revisions\/9471"}],"up":[{"embeddable":true,"href":"https:\/\/www.campingkims.com\/de\/wp-json\/wp\/v2\/pages\/5003"}],"wp:attachment":[{"href":"https:\/\/www.campingkims.com\/de\/wp-json\/wp\/v2\/media?parent=5027"}],"curies":[{"name":"wp","href":"https:\/\/api.w.org\/{rel}","templated":true}]}}