{"id":5561,"date":"2023-06-30T17:48:02","date_gmt":"2023-06-30T15:48:02","guid":{"rendered":"http:\/\/www.campingkims.com\/unterkuenfte\/appartements\/villa-anita\/"},"modified":"2026-03-19T14:10:37","modified_gmt":"2026-03-19T13:10:37","slug":"villa-anita","status":"publish","type":"page","link":"https:\/\/www.campingkims.com\/de\/unterkuenfte\/appartements\/villa-anita\/","title":{"rendered":"Villa Anita"},"content":{"rendered":"\n<div class=\"wp-block-cover alignfull cover-accommodation cover-page animation--init--once is-style-no-margin\" style=\"margin-top:0px;margin-bottom:8vh;min-height:795px;aspect-ratio:unset;\"><span aria-hidden=\"true\" class=\"wp-block-cover__background has-background-dim-0 has-background-dim has-background-gradient has-theme-black-transparent-gradient-background\"><\/span><img loading=\"lazy\" decoding=\"async\" width=\"1920\" height=\"1280\" class=\"wp-block-cover__image-background wp-image-1392\" alt=\"\" src=\"http:\/\/www.campingkims.com\/wp-content\/uploads\/villa-anita-08.webp\" data-object-fit=\"cover\" srcset=\"https:\/\/www.campingkims.com\/wp-content\/uploads\/villa-anita-08.webp 1920w, https:\/\/www.campingkims.com\/wp-content\/uploads\/villa-anita-08-1024x683.webp 1024w, https:\/\/www.campingkims.com\/wp-content\/uploads\/villa-anita-08-768x512.webp 768w, https:\/\/www.campingkims.com\/wp-content\/uploads\/villa-anita-08-1536x1024.webp 1536w, https:\/\/www.campingkims.com\/wp-content\/uploads\/villa-anita-08-512x341.webp 512w, https:\/\/www.campingkims.com\/wp-content\/uploads\/villa-anita-08-256x171.webp 256w\" sizes=\"(max-width: 1920px) 100vw, 1920px\" \/><div class=\"wp-block-cover__inner-container is-layout-flow wp-block-cover-is-layout-flow\">\n<figure class=\"wp-block-image alignfull size-large animation--init--once slide-up is-style-no-margin waves wp-duotone-ecf8fb-ecf8fb-1\"><img loading=\"lazy\" decoding=\"async\" width=\"1700\" height=\"104\" src=\"http:\/\/www.campingkims.com\/wp-content\/uploads\/waves.svg\" alt=\"\" class=\"wp-image-926\"\/><\/figure>\n<\/div><\/div>\n\n\n\n<div class=\"wp-block-group alignfull booking-group has-theme-soft-blue-background-color has-background is-vertical is-content-justification-center is-layout-flex wp-container-core-group-is-layout-5 wp-block-group-is-layout-flex\" style=\"margin-top:0px;margin-bottom:35vh;padding-bottom:0px\">\n<div class=\"wp-block-group animation--init--once slide-up is-vertical is-content-justification-center is-layout-flex wp-container-core-group-is-layout-1 wp-block-group-is-layout-flex\" style=\"margin-bottom:8vh\">\n<figure class=\"wp-block-image size-large is-resized wp-duotone-1ac6fe-1ac6fe-2\"><img loading=\"lazy\" decoding=\"async\" width=\"25\" height=\"25\" src=\"http:\/\/www.campingkims.com\/wp-content\/uploads\/aparatmento.svg\" alt=\"\" class=\"wp-image-1315\" style=\"width:60px;height:60px\"\/><\/figure>\n\n\n\n<h2 class=\"wp-block-heading has-text-align-center has-theme-dark-purple-color has-text-color\">Villa Anita<\/h2>\n\n\n\n<p class=\"has-theme-blue-color has-text-color has-roboto-slab-font-family has-h-6-font-size\">Sh\u00f6ne und Grosse Appartement Bauwohnung von 52 m\u00b2 + Terrasse<\/p>\n\n\n\n<figure class=\"wp-block-image size-large is-resized wp-duotone-1ac6fe-fff-3\"><img loading=\"lazy\" decoding=\"async\" width=\"25\" height=\"9\" src=\"http:\/\/www.campingkims.com\/wp-content\/uploads\/ola-separadora.svg\" alt=\"\" class=\"wp-image-921\" style=\"width:70px;height:undefinedpx\"\/><\/figure>\n<\/div>\n\n\n        <div class=\"wp-block-custom-grid square-icon-row has-text-align-left has-custom-margin block-grid-responsive\" style=\"margin-bottom:240px; --wp--style--block-desktop-column:5;--wp--style--block-tablet-column:2;--wp--style--block-mobile-column:2;\">\n\n                <div class=\"acf-innerblocks-container\">\n\n<figure class=\"wp-block-image size-large is-resized is-style-no-margin animation--init--once slide-up wp-duotone-1ac6fe-1ac6fe-4\"><img loading=\"lazy\" decoding=\"async\" width=\"25\" height=\"25\" src=\"http:\/\/www.campingkims.com\/wp-content\/uploads\/familia-1.svg\" alt=\"\" class=\"wp-image-1343\" style=\"width:60px;height:60px\"\/><figcaption class=\"wp-element-caption\">\n          <strong>6 Personen<\/strong>\n        <\/figcaption><\/figure>\n\n\n\n<figure class=\"wp-block-image size-large is-resized is-style-no-margin animation--init--once slide-up delay-1 wp-duotone-1ac6fe-1ac6fe-5\"><img loading=\"lazy\" decoding=\"async\" width=\"25\" height=\"25\" src=\"http:\/\/www.campingkims.com\/wp-content\/uploads\/habitacion-1.svg\" alt=\"\" class=\"wp-image-1344\" style=\"width:60px;height:60px\"\/><figcaption class=\"wp-element-caption\">\n          <strong>2 Schlafzimmer<\/strong>\n        <\/figcaption><\/figure>\n\n\n\n<figure class=\"wp-block-image size-large is-resized is-style-no-margin animation--init--once slide-up delay-2 wp-duotone-1ac6fe-1ac6fe-6\"><img loading=\"lazy\" decoding=\"async\" width=\"25\" height=\"25\" src=\"http:\/\/www.campingkims.com\/wp-content\/uploads\/terraza-1.svg\" alt=\"\" class=\"wp-image-1345\" style=\"width:60px;height:60px\"\/><figcaption class=\"wp-element-caption\">\n          <strong>Terrasse<\/strong>\n        <\/figcaption><\/figure>\n\n\n\n<figure class=\"wp-block-image size-large is-resized is-style-no-margin animation--init--once slide-up delay-3 wp-duotone-1ac6fe-1ac6fe-7\"><img loading=\"lazy\" decoding=\"async\" width=\"25\" height=\"25\" src=\"http:\/\/www.campingkims.com\/wp-content\/uploads\/parking-1.svg\" alt=\"\" class=\"wp-image-1346\" style=\"width:60px;height:60px\"\/><figcaption class=\"wp-element-caption\">\n          <strong>Parking<\/strong>\n        <\/figcaption><\/figure>\n\n\n\n<figure class=\"wp-block-image size-large is-resized is-style-no-margin animation--init--once slide-up delay-4 wp-duotone-1ac6fe-1ac6fe-8\"><img loading=\"lazy\" decoding=\"async\" width=\"25\" height=\"25\" src=\"http:\/\/www.campingkims.com\/wp-content\/uploads\/prohibido-mascotas-1.svg\" alt=\"\" class=\"wp-image-1347\" style=\"width:60px;height:undefinedpx\"\/><figcaption class=\"wp-element-caption\">\n          <strong>Tiere<br>nicht zugelassen<\/strong>\n        <\/figcaption><\/figure>\n\n<\/div>\n<\/div>\n\n\n<div class=\"wp-block-group alignfull booking-wrapper is-layout-constrained wp-block-group-is-layout-constrained\">\n<div class=\"wp-block-group alignwide animation--init--once slide-up booking-container has-theme-orange-background-color has-background is-vertical is-content-justification-center is-layout-flex wp-container-core-group-is-layout-3 wp-block-group-is-layout-flex\" style=\"border-radius:2rem;margin-top:0px;margin-bottom:0px;padding-top:3rem;padding-right:3rem;padding-bottom:3rem;padding-left:3rem\">\n<div class=\"wp-block-group animation--init--once alignwide booking-title is-vertical is-content-justification-center is-layout-flex wp-container-core-group-is-layout-2 wp-block-group-is-layout-flex\">\n<p class=\"has-theme-dark-purple-color has-text-color has-roboto-slab-font-family has-h-6-font-size\">ONLINE-BUCHUNG<\/p>\n\n\n\n<h4 class=\"wp-block-heading has-text-align-center has-theme-white-color has-text-color has-h-4-font-size\">Buchen Sie Ihren Urlaub in der Costa Brava<\/h4>\n\n\n\n<figure class=\"wp-block-image size-large is-resized wp-duotone-221b40-221b40-9\"><img loading=\"lazy\" decoding=\"async\" width=\"25\" height=\"9\" src=\"http:\/\/www.campingkims.com\/wp-content\/uploads\/ola-separadora.svg\" alt=\"\" class=\"wp-image-921\" style=\"width:70px;height:undefinedpx\"\/><\/figure>\n<\/div>\n\n\n<script>\n            document.addEventListener('DOMContentLoaded', function () {\n\n                var widget = new MasterWidget('widgetBookingContainer6413', {\n                    lang: 'de',idProperty: '61',class: 'widget_columns',categoryIds: [15],target: '_blank',dropdown: true,\n                    url: 'https:\/\/booking.campingkims.com'\n                });\n\n\n            });\n\n            <\/script><div id=\"widgetBookingContainer6413\"> <\/div>\n<\/div>\n<\/div>\n<\/div>\n\n\n\n<div class=\"wp-block-columns alignwide are-vertically-aligned-bottom is-layout-flex wp-container-core-columns-is-layout-1 wp-block-columns-is-layout-flex\" style=\"margin-bottom:10vh\">\n<div class=\"wp-block-column is-vertically-aligned-bottom is-layout-flow wp-block-column-is-layout-flow\" style=\"flex-basis:40%\">\n<div class=\"wp-block-group animation--init--once slide-right is-vertical is-layout-flex wp-container-core-group-is-layout-6 wp-block-group-is-layout-flex\">\n<h3 class=\"wp-block-heading has-theme-dark-purple-color has-text-color has-h-4-font-size\">Bauwohnung<br><mark style=\"background-color:rgba(0, 0, 0, 0)\" class=\"has-inline-color has-theme-blue-color\">(maximal 6 Personen)<\/mark><\/h3>\n\n\n\n<figure class=\"wp-block-image size-large is-resized wp-duotone-1ac6fe-fff-10\"><img loading=\"lazy\" decoding=\"async\" width=\"25\" height=\"9\" src=\"http:\/\/www.campingkims.com\/wp-content\/uploads\/ola-separadora.svg\" alt=\"\" class=\"wp-image-921\" style=\"width:70px;height:undefinedpx\"\/><\/figure>\n<\/div>\n\n\n\n<ul class=\"wp-block-list styled-list has-theme-purple-color has-text-color\">\n<li>Es verf\u00fcgt \u00fcber 2 Schlafzimmer: eines mit einem Doppelbett, das andere mit zwei Etagenbetten.<\/li>\n\n\n\n<li>Esszimmer mit Sofa und gut ausgestatteter K\u00fcche.<\/li>\n\n\n\n<li>L\u00fcfter, zentralheizung, Badezimmer mit Dusche, Waschbecken und WC.<\/li>\n\n\n\n<li>Private Terrasse mit Markise, St\u00fchlen und Tisch und guter Aussicht. Parkplatz f\u00fcr das Auto neben der Unterkunft.<\/li>\n\n\n\n<li>Parkplatz f\u00fcr das Auto neben der Unterkunft.<\/li>\n\n\n\n<li>Eingeschlossen Bettw\u00e4sche, Decken, ein Handtuch und ein Duschetuch pro Person und K\u00fcchent\u00fccher mit w\u00f6chentlichem Wechsel.<\/li>\n\n\n\n<li>Villa Anita liegt in einer ruhigen und schattigen Gegend mitten in der Natur.<\/li>\n<\/ul>\n<\/div>\n\n\n\n<div class=\"wp-block-column is-vertically-aligned-bottom is-layout-flow wp-block-column-is-layout-flow\" style=\"flex-basis:60%\">\n<div class=\"wp-image-slider slider-right animation--init--once slide-left has-text-align-left aspect-ratio-3_2\">\n\n                                        \n                    <script>\n                        'use strict';\n\n                        document.addEventListener('DOMContentLoaded', function () {\n\n                            (function() {\n                                const blockSlide = new Splide( '#slide_847', {\n                                    type : 'loop',\n                                    perPage: 1,\n                                                                        \n                                    breakpoints: {\n                                        800: {\n                                            perPage: 1,\n                                                                                    },\n                                        450: {\n                                            perPage: 1,\n                                            \n                                        },\n                                    },\n                                    pagination: false,\n                                    arrows: true,\n                                    gap: 'var(--wp--style--block-gap)',\n                                    i18n: {\n                                        slideLabel: '0%s \/ 0%s',\n                                    }\n                                } );\n                                \n\n                                \n                                blockSlide.mount();\n                                                                \n\n                            })();\n                        })\n                    <\/script>\n\n                    <div class=\"slider-container\"><div class=\"splide galeria-slider galeria-columnas-1\" id=\"slide_847\"><div class=\"splide__track\"><div class=\"splide__list\"><div id=\"thumb-2873\" class=\"splide__slide\" data-counter=\"01\/08\"><div class=\"image-wrapper\"><img loading=\"lazy\" decoding=\"async\" width=\"512\" height=\"341\" src=\"https:\/\/www.campingkims.com\/wp-content\/uploads\/villa-anita-01-512x341.webp\" class=\"attachment-gallery-small size-gallery-small\" alt=\"\" srcset=\"https:\/\/www.campingkims.com\/wp-content\/uploads\/villa-anita-01-512x341.webp 512w, https:\/\/www.campingkims.com\/wp-content\/uploads\/villa-anita-01-1024x683.webp 1024w, https:\/\/www.campingkims.com\/wp-content\/uploads\/villa-anita-01-768x512.webp 768w, https:\/\/www.campingkims.com\/wp-content\/uploads\/villa-anita-01-1536x1024.webp 1536w, https:\/\/www.campingkims.com\/wp-content\/uploads\/villa-anita-01-256x171.webp 256w, https:\/\/www.campingkims.com\/wp-content\/uploads\/villa-anita-01.webp 1920w\" sizes=\"(max-width: 512px) 100vw, 512px\" \/><\/div><\/div><div id=\"thumb-2879\" class=\"splide__slide\" data-counter=\"02\/08\"><div class=\"image-wrapper\"><img loading=\"lazy\" decoding=\"async\" width=\"512\" height=\"341\" src=\"https:\/\/www.campingkims.com\/wp-content\/uploads\/villa-anita-02-512x341.webp\" class=\"attachment-gallery-small size-gallery-small\" alt=\"\" srcset=\"https:\/\/www.campingkims.com\/wp-content\/uploads\/villa-anita-02-512x341.webp 512w, https:\/\/www.campingkims.com\/wp-content\/uploads\/villa-anita-02-1024x683.webp 1024w, https:\/\/www.campingkims.com\/wp-content\/uploads\/villa-anita-02-768x512.webp 768w, https:\/\/www.campingkims.com\/wp-content\/uploads\/villa-anita-02-1536x1024.webp 1536w, https:\/\/www.campingkims.com\/wp-content\/uploads\/villa-anita-02-256x171.webp 256w, https:\/\/www.campingkims.com\/wp-content\/uploads\/villa-anita-02.webp 1920w\" sizes=\"(max-width: 512px) 100vw, 512px\" \/><\/div><\/div><div id=\"thumb-2885\" class=\"splide__slide\" data-counter=\"03\/08\"><div class=\"image-wrapper\"><img loading=\"lazy\" decoding=\"async\" width=\"512\" height=\"341\" src=\"https:\/\/www.campingkims.com\/wp-content\/uploads\/villa-anita-03-512x341.webp\" class=\"attachment-gallery-small size-gallery-small\" alt=\"\" srcset=\"https:\/\/www.campingkims.com\/wp-content\/uploads\/villa-anita-03-512x341.webp 512w, https:\/\/www.campingkims.com\/wp-content\/uploads\/villa-anita-03-1024x683.webp 1024w, https:\/\/www.campingkims.com\/wp-content\/uploads\/villa-anita-03-768x512.webp 768w, https:\/\/www.campingkims.com\/wp-content\/uploads\/villa-anita-03-1536x1024.webp 1536w, https:\/\/www.campingkims.com\/wp-content\/uploads\/villa-anita-03-256x171.webp 256w, https:\/\/www.campingkims.com\/wp-content\/uploads\/villa-anita-03.webp 1920w\" sizes=\"(max-width: 512px) 100vw, 512px\" \/><\/div><\/div><div id=\"thumb-2891\" class=\"splide__slide\" data-counter=\"04\/08\"><div class=\"image-wrapper\"><img loading=\"lazy\" decoding=\"async\" width=\"512\" height=\"341\" src=\"https:\/\/www.campingkims.com\/wp-content\/uploads\/villa-anita-04-512x341.webp\" class=\"attachment-gallery-small size-gallery-small\" alt=\"\" srcset=\"https:\/\/www.campingkims.com\/wp-content\/uploads\/villa-anita-04-512x341.webp 512w, https:\/\/www.campingkims.com\/wp-content\/uploads\/villa-anita-04-1024x683.webp 1024w, https:\/\/www.campingkims.com\/wp-content\/uploads\/villa-anita-04-768x512.webp 768w, https:\/\/www.campingkims.com\/wp-content\/uploads\/villa-anita-04-1536x1024.webp 1536w, https:\/\/www.campingkims.com\/wp-content\/uploads\/villa-anita-04-256x171.webp 256w, https:\/\/www.campingkims.com\/wp-content\/uploads\/villa-anita-04.webp 1920w\" sizes=\"(max-width: 512px) 100vw, 512px\" \/><\/div><\/div><div id=\"thumb-2897\" class=\"splide__slide\" data-counter=\"05\/08\"><div class=\"image-wrapper\"><img loading=\"lazy\" decoding=\"async\" width=\"512\" height=\"341\" src=\"https:\/\/www.campingkims.com\/wp-content\/uploads\/villa-anita-05-512x341.webp\" class=\"attachment-gallery-small size-gallery-small\" alt=\"\" srcset=\"https:\/\/www.campingkims.com\/wp-content\/uploads\/villa-anita-05-512x341.webp 512w, https:\/\/www.campingkims.com\/wp-content\/uploads\/villa-anita-05-1024x683.webp 1024w, https:\/\/www.campingkims.com\/wp-content\/uploads\/villa-anita-05-768x512.webp 768w, https:\/\/www.campingkims.com\/wp-content\/uploads\/villa-anita-05-1536x1024.webp 1536w, https:\/\/www.campingkims.com\/wp-content\/uploads\/villa-anita-05-256x171.webp 256w, https:\/\/www.campingkims.com\/wp-content\/uploads\/villa-anita-05.webp 1920w\" sizes=\"(max-width: 512px) 100vw, 512px\" \/><\/div><\/div><div id=\"thumb-2903\" class=\"splide__slide\" data-counter=\"06\/08\"><div class=\"image-wrapper\"><img loading=\"lazy\" decoding=\"async\" width=\"512\" height=\"341\" src=\"https:\/\/www.campingkims.com\/wp-content\/uploads\/villa-anita-06-512x341.webp\" class=\"attachment-gallery-small size-gallery-small\" alt=\"\" srcset=\"https:\/\/www.campingkims.com\/wp-content\/uploads\/villa-anita-06-512x341.webp 512w, https:\/\/www.campingkims.com\/wp-content\/uploads\/villa-anita-06-1024x683.webp 1024w, https:\/\/www.campingkims.com\/wp-content\/uploads\/villa-anita-06-768x512.webp 768w, https:\/\/www.campingkims.com\/wp-content\/uploads\/villa-anita-06-1536x1024.webp 1536w, https:\/\/www.campingkims.com\/wp-content\/uploads\/villa-anita-06-256x171.webp 256w, https:\/\/www.campingkims.com\/wp-content\/uploads\/villa-anita-06.webp 1920w\" sizes=\"(max-width: 512px) 100vw, 512px\" \/><\/div><\/div><div id=\"thumb-2909\" class=\"splide__slide\" data-counter=\"07\/08\"><div class=\"image-wrapper\"><img loading=\"lazy\" decoding=\"async\" width=\"512\" height=\"341\" src=\"https:\/\/www.campingkims.com\/wp-content\/uploads\/villa-anita-07-512x341.webp\" class=\"attachment-gallery-small size-gallery-small\" alt=\"\" srcset=\"https:\/\/www.campingkims.com\/wp-content\/uploads\/villa-anita-07-512x341.webp 512w, https:\/\/www.campingkims.com\/wp-content\/uploads\/villa-anita-07-1024x683.webp 1024w, https:\/\/www.campingkims.com\/wp-content\/uploads\/villa-anita-07-768x512.webp 768w, https:\/\/www.campingkims.com\/wp-content\/uploads\/villa-anita-07-1536x1024.webp 1536w, https:\/\/www.campingkims.com\/wp-content\/uploads\/villa-anita-07-256x171.webp 256w, https:\/\/www.campingkims.com\/wp-content\/uploads\/villa-anita-07.webp 1920w\" sizes=\"(max-width: 512px) 100vw, 512px\" \/><\/div><\/div><div id=\"thumb-2915\" class=\"splide__slide\" data-counter=\"08\/08\"><div class=\"image-wrapper\"><img loading=\"lazy\" decoding=\"async\" width=\"512\" height=\"341\" src=\"https:\/\/www.campingkims.com\/wp-content\/uploads\/villa-anita-08-512x341.webp\" class=\"attachment-gallery-small size-gallery-small\" alt=\"\" srcset=\"https:\/\/www.campingkims.com\/wp-content\/uploads\/villa-anita-08-512x341.webp 512w, https:\/\/www.campingkims.com\/wp-content\/uploads\/villa-anita-08-1024x683.webp 1024w, https:\/\/www.campingkims.com\/wp-content\/uploads\/villa-anita-08-768x512.webp 768w, https:\/\/www.campingkims.com\/wp-content\/uploads\/villa-anita-08-1536x1024.webp 1536w, https:\/\/www.campingkims.com\/wp-content\/uploads\/villa-anita-08-256x171.webp 256w, https:\/\/www.campingkims.com\/wp-content\/uploads\/villa-anita-08.webp 1920w\" sizes=\"(max-width: 512px) 100vw, 512px\" \/><\/div><\/div><\/div><\/div><\/div><\/div>\n                    \n<\/div><\/div>\n<\/div>\n\n\n\n<div class=\"wp-block-buttons buttons-direction is-content-justification-center is-layout-flex wp-container-core-buttons-is-layout-1 wp-block-buttons-is-layout-flex\" style=\"margin-bottom:14vh\">\n<div class=\"wp-block-button has-custom-width wp-block-button__width-50 animation--init--once slide-up delay-1 invert-icon\" style=\"text-transform:uppercase\"><a class=\"wp-block-button__link has-theme-green-background-color has-background wp-element-button\" href=\"https:\/\/www.campingkims.com\/wp-content\/uploads\/planell-villa-anita-web.webp\" style=\"border-radius:0.25rem\" target=\"_blank\" rel=\"noreferrer noopener\" class=\"image-link\">\n          <img loading=\"lazy\" decoding=\"async\" width=\"25\" height=\"24\" class=\"wp-image-1472\" style=\"width: 25px;\" src=\"http:\/\/www.campingkims.com\/wp-content\/uploads\/mapa-camping.svg\" alt=\"\">\n          <strong>Lageplan<\/strong>\n        <\/a><\/div>\n<\/div>\n\n\n\n<div class=\"wp-block-auto-tabs accommodation-tabs alignfull has-custom-margin animation--init--once\" style=\"margin-bottom:14vh;\" data-selector=\"h3\">\n  <div class=\"acf-innerblocks-container\">\n\n<div class=\"wp-block-group auto-tabs-wrapper is-layout-flow wp-block-group-is-layout-flow\">\n<p class=\"has-text-align-center\"><strong>Aqu\u00ed se mostrar\u00e1n las pesta\u00f1as.<\/strong><br> El primer <strong>h3<\/strong> de cada contenido se usar\u00e1 como t\u00edtulo de su pesta\u00f1a. Puedes cambiarlo por otro tag o una clase en el panel lateral<\/p>\n<\/div>\n\n\n\n<div class=\"wp-block-group auto-content-wrapper has-theme-soft-blue-background-color has-background is-layout-flow wp-block-group-is-layout-flow\">\n<div class=\"wp-block-group is-layout-flow wp-block-group-is-layout-flow\">\n<h3 class=\"wp-block-heading has-text-align-center\">Inventar<\/h3>\n\n\n\n<div class=\"wp-block-group inventari-section background-color-color-1 is-layout-constrained wp-container-core-group-is-layout-8 wp-block-group-is-layout-constrained\" style=\"padding-top:var(--wp--preset--spacing--40);padding-right:var(--wp--preset--spacing--30);padding-bottom:var(--wp--preset--spacing--40);padding-left:var(--wp--preset--spacing--30)\">\n<h4 class=\"wp-block-heading heading has-icon has-icon-kitchen-pot\">K\u00fcche<\/h4>\n\n\n\n<div class=\"wp-block-columns is-layout-flex wp-container-core-columns-is-layout-2 wp-block-columns-is-layout-flex\">\n<div class=\"wp-block-column is-layout-flow wp-block-column-is-layout-flow\">\n<h5 class=\"wp-block-heading heading\">K\u00fcchenutensilien<\/h5>\n\n\n\n<ul class=\"wp-block-list styled-list\">\n<li>Zitruspresse (x1)<\/li>\n\n\n\n<li>Schaumkelle (x1)<\/li>\n\n\n\n<li>Pfannenwender (x1)<\/li>\n\n\n\n<li>Abtropfsieb (x1)<\/li>\n\n\n\n<li>Sch\u00f6pfl\u00f6ffel (x1)<\/li>\n\n\n\n<li>Sieb (x1)<\/li>\n\n\n\n<li>Brotmesser (x1)<\/li>\n\n\n\n<li>Dosen\u00f6ffner (x1)<\/li>\n\n\n\n<li>Tablett (x1)<\/li>\n\n\n\n<li>Schere (x1)<\/li>\n\n\n\n<li>Korkenzieher (x1)<\/li>\n\n\n\n<li>Schneidebrett (x1)<\/li>\n\n\n\n<li>Grillzange (x1)<\/li>\n<\/ul>\n<\/div>\n\n\n\n<div class=\"wp-block-column is-layout-flow wp-block-column-is-layout-flow\">\n<h5 class=\"wp-block-heading heading\">T\u00f6pfe und Pfannen<\/h5>\n\n\n\n<ul class=\"wp-block-list styled-list\">\n<li>Pfannen (x2)<\/li>\n\n\n\n<li>Stielpfanne (x1)<\/li>\n\n\n\n<li>T\u00f6pfe (x1)<\/li>\n<\/ul>\n<\/div>\n\n\n\n<div class=\"wp-block-column is-layout-flow wp-block-column-is-layout-flow\">\n<h5 class=\"wp-block-heading heading\">Kleine Haushaltsger\u00e4te<\/h5>\n\n\n\n<ul class=\"wp-block-list styled-list\">\n<li>Mikrowellenofen (x1)<\/li>\n\n\n\n<li>Stabmixer (x1)<\/li>\n\n\n\n<li>Toaster (x1)<\/li>\n\n\n\n<li>Kaffeekanne (x1)<\/li>\n<\/ul>\n<\/div>\n<\/div>\n<\/div>\n\n\n\n<div class=\"wp-block-group inventari-section background-color-color-2 is-layout-constrained wp-container-core-group-is-layout-9 wp-block-group-is-layout-constrained\" style=\"padding-top:var(--wp--preset--spacing--40);padding-right:var(--wp--preset--spacing--30);padding-bottom:var(--wp--preset--spacing--40);padding-left:var(--wp--preset--spacing--30)\">\n<h4 class=\"wp-block-heading heading has-icon has-icon-plate\">Esszimmer<\/h4>\n\n\n\n<div class=\"wp-block-columns is-layout-flex wp-container-core-columns-is-layout-3 wp-block-columns-is-layout-flex\">\n<div class=\"wp-block-column is-layout-flow wp-block-column-is-layout-flow\">\n<h5 class=\"wp-block-heading heading\">Geschirr<\/h5>\n\n\n\n<ul class=\"wp-block-list styled-list\">\n<li>Teller (x6)<\/li>\n\n\n\n<li>Suppenteller (x6)<\/li>\n\n\n\n<li>Nachtischteller (x6)<\/li>\n\n\n\n<li>Untertassen (x6)<\/li>\n\n\n\n<li>Teetassen (x6)<\/li>\n\n\n\n<li>Kleine Sch\u00fcssel (x6)<\/li>\n\n\n\n<li>Weingl\u00e4ser (x6)<\/li>\n\n\n\n<li>Grosse Gl\u00e4ser (x6)<\/li>\n\n\n\n<li>Wasserkrug (x1)<\/li>\n<\/ul>\n<\/div>\n\n\n\n<div class=\"wp-block-column is-layout-flow wp-block-column-is-layout-flow\">\n<h5 class=\"wp-block-heading heading\">Bedeckt<\/h5>\n\n\n\n<ul class=\"wp-block-list styled-list\">\n<li>Messer (x6)<\/li>\n\n\n\n<li>Gabel (x6)<\/li>\n\n\n\n<li>L\u00f6ffel (x6)<\/li>\n\n\n\n<li>Dessertl\u00f6ffel (x6)<\/li>\n<\/ul>\n<\/div>\n\n\n\n<div class=\"wp-block-column is-layout-flow wp-block-column-is-layout-flow\">\n<h5 class=\"wp-block-heading heading\">Textil<\/h5>\n\n\n\n<ul class=\"wp-block-list styled-list\">\n<li>Tischdecke (x1)<\/li>\n\n\n\n<li>K\u00fcchent\u00fccher (x3)<\/li>\n<\/ul>\n<\/div>\n<\/div>\n<\/div>\n\n\n\n<div class=\"wp-block-group inventari-section background-color-color-3 is-layout-constrained wp-container-core-group-is-layout-10 wp-block-group-is-layout-constrained\" style=\"padding-top:var(--wp--preset--spacing--40);padding-right:var(--wp--preset--spacing--30);padding-bottom:var(--wp--preset--spacing--40);padding-left:var(--wp--preset--spacing--30)\">\n<h4 class=\"wp-block-heading heading has-icon has-icon-clean\">Reinigung<\/h4>\n\n\n\n<div class=\"wp-block-columns is-layout-flex wp-container-core-columns-is-layout-4 wp-block-columns-is-layout-flex\">\n<div class=\"wp-block-column is-layout-flow wp-block-column-is-layout-flow\">\n<h5 class=\"wp-block-heading heading\">Allgemein<\/h5>\n\n\n\n<ul class=\"wp-block-list styled-list\">\n<li>M\u00fclleimer (x1)<\/li>\n\n\n\n<li>Besen (x1)<\/li>\n\n\n\n<li>Kehrschaufel (x1)<\/li>\n\n\n\n<li>Mop (x1)<\/li>\n\n\n\n<li>Putzeimer (x1)<\/li>\n<\/ul>\n<\/div>\n\n\n\n<div class=\"wp-block-column is-layout-flow wp-block-column-is-layout-flow\">\n<h5 class=\"wp-block-heading heading\">Badezimmer<\/h5>\n\n\n\n<ul class=\"wp-block-list styled-list\">\n<li>Klob\u00fcrste (x1)<\/li>\n\n\n\n<li>Badematte (x1)<\/li>\n\n\n\n<li>Badezimmereimer (x1)<\/li>\n<\/ul>\n<\/div>\n<\/div>\n<\/div>\n\n\n\n<div class=\"wp-block-group inventari-section background-color-color-4 is-layout-constrained wp-container-core-group-is-layout-11 wp-block-group-is-layout-constrained\" style=\"padding-top:var(--wp--preset--spacing--40);padding-right:var(--wp--preset--spacing--30);padding-bottom:var(--wp--preset--spacing--40);padding-left:var(--wp--preset--spacing--30)\">\n<h4 class=\"wp-block-heading heading has-icon has-icon-cama-doble\">Schlafzimmer<\/h4>\n\n\n\n<div class=\"wp-block-columns is-layout-flex wp-container-core-columns-is-layout-5 wp-block-columns-is-layout-flex\">\n<div class=\"wp-block-column is-layout-flow wp-block-column-is-layout-flow\">\n<h5 class=\"wp-block-heading heading\">Bettw\u00e4sche und Badw\u00e4sche<\/h5>\n\n\n\n<ul class=\"wp-block-list styled-list\">\n<li>Tagesdecken (x5)<\/li>\n\n\n\n<li>Dekens (x5)<\/li>\n\n\n\n<li>Kissen (x6)<\/li>\n\n\n\n<li>Duscht\u00fccher (x6)<\/li>\n\n\n\n<li>Handt\u00fccher (x6)<\/li>\n<\/ul>\n<\/div>\n\n\n\n<div class=\"wp-block-column is-layout-flow wp-block-column-is-layout-flow\">\n<h5 class=\"wp-block-heading heading\">Andere<\/h5>\n\n\n\n<ul class=\"wp-block-list styled-list\">\n<li>Strijk (x1)<\/li>\n\n\n\n<li>Strijkplank &nbsp; B\u00fcgelbrett (x1)<\/li>\n\n\n\n<li>Droogrek (x1)<\/li>\n<\/ul>\n<\/div>\n<\/div>\n<\/div>\n\n\n\n<div class=\"wp-block-group inventari-section background-color-color-1 is-layout-constrained wp-container-core-group-is-layout-12 wp-block-group-is-layout-constrained\" style=\"padding-top:var(--wp--preset--spacing--40);padding-right:var(--wp--preset--spacing--30);padding-bottom:var(--wp--preset--spacing--40);padding-left:var(--wp--preset--spacing--30)\">\n<h4 class=\"wp-block-heading heading has-icon has-icon-television\">Wohnzimmer<\/h4>\n\n\n\n<div class=\"wp-block-columns is-layout-flex wp-container-core-columns-is-layout-6 wp-block-columns-is-layout-flex\">\n<div class=\"wp-block-column is-layout-flow wp-block-column-is-layout-flow\">\n<h5 class=\"wp-block-heading heading\">Elektronik<\/h5>\n\n\n\n<ul class=\"wp-block-list styled-list\">\n<li>TV + Fernsehen Fernbedienung (x1)<\/li>\n<\/ul>\n<\/div>\n\n\n\n<div class=\"wp-block-column is-layout-flow wp-block-column-is-layout-flow\">\n<h5 class=\"wp-block-heading heading\">Andere<\/h5>\n\n\n\n<ul class=\"wp-block-list styled-list\">\n<li>Aschenbecher (x1)<\/li>\n<\/ul>\n<\/div>\n<\/div>\n<\/div>\n<\/div>\n\n\n\n<div class=\"wp-block-group is-layout-flow wp-block-group-is-layout-flow\">\n<h3 class=\"wp-block-heading has-text-align-center\">Informationen<\/h3>\n\n\n\n<ul class=\"wp-block-list styled-list has-theme-purple-color has-text-color\">\n<li><strong>Preise in Euro (EUR \u20ac).<\/strong><br>Inkl. 10% MwSt. Bei offiziellen MwSt-Abweichungen k\u00f6nnen die Preise variieren.<\/li>\n\n\n\n<li><strong>Kurtaxe nicht inbegriffen:<\/strong> 0,66\u20ac\/Nacht pro Person (+17 Jahre) f\u00fcr maximal 7 N\u00e4chte.<\/li>\n\n\n\n<li><strong>Anreisetag:<\/strong> Unterk\u00fcnfte Verf\u00fcgbar von 16 Uhr.<\/li>\n\n\n\n<li><strong>Abfahrtstag:<\/strong> Unterk\u00fcnfte m\u00fcssen freigelassen vor 11 Uhr.<\/li>\n\n\n\n<li><strong>Late Checkout<\/strong><br>W\u00e4hrend der Nebensaison und der Zwischensaison k\u00f6nnen Sie die Unterkunft sp\u00e4ter verlassen (late checkout), maximal bis 17:00 Uhr. Je nach Verf\u00fcgbarkeit und nach vorheriger Absprache mit der Rezeption.<\/li>\n<\/ul>\n<\/div>\n\n\n\n<div class=\"wp-block-group is-layout-flow wp-block-group-is-layout-flow\">\n<h3 class=\"wp-block-heading has-text-align-center\">Bedingungen<\/h3>\n\n\n\n<ul class=\"wp-block-list styled-list has-theme-purple-color has-text-color\">\n<li>Die Reservierung wird endg\u00fcltig sein bei Erhalt im voraus von der (40% der Gesamtsumme).<\/li>\n\n\n\n<li>Der Rest der Summe die Miete sollte am Tag der Ankunft zusammen mit einer Anzahlung bezahlt werden (oder bond) zum Zeitpunkt des Eintrags werden (130 \u20ac f\u00fcr Br\u00fcche, Verluste, usw.. + 50 \u20ac Endreinigung) die am Abreisetag zur\u00fcckgegeben wird, wenn alles in Ordnung ist.<\/li>\n\n\n\n<li>Upon arrival you will be asked to provide a credit card number. It will be held only to be used in case of damages occurred during your stay.<\/li>\n\n\n\n<li>The accommodation will be left clean and picked up as delivered.<\/li>\n<\/ul>\n<\/div>\n\n\n\n<div class=\"wp-block-group is-layout-flow wp-block-group-is-layout-flow\">\n<div class=\"wp-block-group inventari-section has-theme-grey-background-color has-background is-layout-constrained wp-block-group-is-layout-constrained\">\n<h3 class=\"wp-block-heading has-text-align-center\">Vorschriften<\/h3>\n\n\n\n<div class=\"wp-block-columns is-layout-flex wp-container-core-columns-is-layout-7 wp-block-columns-is-layout-flex\">\n<div class=\"wp-block-column is-layout-flow wp-block-column-is-layout-flow\">\n<p class=\"styled-list\"><strong><u>CHECK-IN ZEITEN<\/u><\/strong><\/p>\n\n\n\n<ul class=\"wp-block-list styled-list\">\n<li><strong>Am Anreisetag<\/strong> steht die Unterkunft <strong>ab 16:00 Uhr<\/strong> zur Verf\u00fcgung.<\/li>\n\n\n\n<li>Bei maximaler Belegung kann sich der Zugang zu den Unterk\u00fcnften verz\u00f6gern.<\/li>\n\n\n\n<li>Bitte parken Sie bei Ihrer Ankunft auf dem f\u00fcr unsere Kunden reservierten Au\u00dfenparkplatz und melden Sie sich anschlie\u00dfend an der Rezeption zum Check-in an.<\/li>\n\n\n\n<li><strong>Anmeldung:<\/strong> Sie m\u00fcssen sich vor der Zufahrt mit dem Auto auf den Campingplatz anmelden.<\/li>\n\n\n\n<li>Die Rezeption befindet sich nach den Schranken.<\/li>\n\n\n\n<li>Alle Personen ben\u00f6tigen einen Personalausweis oder Reisepass.<\/li>\n\n\n\n<li><strong>Ein F\u00fchrerschein gilt nicht als Ausweis.<\/strong><\/li>\n\n\n\n<li>Das Betreten des Campingplatzes durch nicht angemeldete Personen ist verboten.<\/li>\n\n\n\n<li><strong>Maximale Personenzahl:<\/strong><\/li>\n\n\n\n<li>Es ist strengstens untersagt, die f\u00fcr die gebuchte Unterkunftsart vorgesehene Personenzahl zu \u00fcberschreiten.<\/li>\n\n\n\n<li>Ein Baby oder Kind z\u00e4hlt als ganze Person.<\/li>\n\n\n\n<li><strong>Resbretag:<\/strong> Muss bei Ankunft per Kreditkarte (Visa, Maestro oder Mastercard) oder in bar bezahlt werden.<\/li>\n\n\n\n<li><strong>Barzahlung Limits in Spanien.<\/strong><\/li>\n\n\n\n<li>Barzahlungen in Spanien: H\u00f6chstgrenze von noch 1.000 Euro.<\/li>\n\n\n\n<li>Barzahlungen \u00fcber 1.000 Euro sind verboten. Auch Teilzahlungen in bar sind verboten, wenn der Gesamtbetrag der Rechnung 1.000 Euro \u00fcbersteigt.<\/li>\n\n\n\n<li><strong>Kaution <\/strong>am Tag der Anreise.<\/li>\n\n\n\n<li>Wird beim Check-in verlangt. Sie werden gebeten, Ihre Kreditkartennummer anzugeben.<\/li>\n\n\n\n<li><strong>180\u20ac<\/strong> (<strong>130\u20ac<\/strong> f\u00fcr m\u00f6gliche Br\u00fcche und Besch\u00e4digungen, in <strong>50\u20ac<\/strong> f\u00fcr Reinigung) <strong>40\u20ac<\/strong> Schl\u00fcsselverlust.<\/li>\n\n\n\n<li>Die Kaution wird ausschlie\u00dflich f\u00fcr Sch\u00e4den w\u00e4hrend Ihres Aufenthalts einbehalten.<\/li>\n\n\n\n<li><strong>Fehler bei der ankunft:<\/strong> Sollten Sie bei Ihrer Ankunft einen Defekt feststellen, melden Sie dies bitte umgehend an der Rezeption.<\/li>\n<\/ul>\n<\/div>\n\n\n\n<div class=\"wp-block-column is-layout-flow wp-block-column-is-layout-flow\">\n<p class=\"styled-list\"><strong><span style=\"text-decoration: underline;\"><strong><u>CHECK-OUT ZEITEN<\/u><\/strong><\/span><\/strong><\/p>\n\n\n\n<ul class=\"wp-block-list styled-list\">\n<li><strong>Am Abreisetag<\/strong>&nbsp;muss die Unterkunft vor&nbsp;<strong>11:00 Uhr<\/strong>&nbsp;ger\u00e4umt werden.<\/li>\n\n\n\n<li><strong>ABREISE:<\/strong> Die Unterkunft muss sauber und in einwandfreiem Zustand hinterlassen werden.<\/li>\n\n\n\n<li><strong>Sp\u00e4terer Check-out<\/strong> bis maximal 18:00 Uhr ist in der Nebensaison und Zwischensaison m\u00f6glich abh\u00e4ngig von der Verf\u00fcgbarkeit. Eine zus\u00e4tzliche Geb\u00fchr<\/li>\n\n\n\n<li><strong>Zur\u00fcckgelassene gegenst\u00e4nde<\/strong><\/li>\n\n\n\n<li>Vergessene oder zur\u00fcckgelassene Gegenst\u00e4nde, die nach dem Check-out in der Unterkunft gefunden werden, gelten als zur\u00fcckgelassen.Das Personal wird diese ohne Haftung f\u00fcr Verlust oder Besch\u00e4digung entfernen.<\/li>\n<\/ul>\n\n\n\n<p class=\"styled-list\"><strong><span style=\"text-decoration: underline;\">ALLGEMEINE REGELN<\/span><\/strong><\/p>\n\n\n\n<ul class=\"wp-block-list styled-list\">\n<li><strong>Haustiere:<\/strong> Keine Haustiere in oder au\u00dferhalb der Unterk\u00fcnfte. Haustiere sind nicht erlaubt.<\/li>\n\n\n\n<li><strong>Grillen:<\/strong> Nur Gasgrills sind erlaubt.<\/li>\n\n\n\n<li><strong>Besucher:<\/strong> Besuche sind nicht erlaubt in Unterk\u00fcnfte zu \u00fcbernachten und haben die entsprechende Besucher Geb\u00fchr bezahlen. Besuchszeiten: 10:00 bis 19:00 Uhr.<\/li>\n\n\n\n<li><strong>Schwimmbad:<\/strong> Die Anweisungen des Bademeisters sowie die am Eingang ausgeh\u00e4ngte Poolordnung sind zu befolgen.<\/li>\n\n\n\n<li><strong>L\u00e4rm:<\/strong> Um den Rest aller G\u00e4ste zu gew\u00e4hrleisten, bitten wir Sie, w\u00e4hrend Ihres Aufenthalts &nbsp;&nbsp;die Lautst\u00e4rke aller von Ihnen verwendeten Fernseher, Radios, Handys oder Tablets. Muss immer in einer solchen H\u00f6he, dass es nicht von au\u00dferhalb der Wohnung zu h\u00f6ren sein.<\/li>\n\n\n\n<li><strong>Verlorene oder gestohlene sachen<\/strong><\/li>\n\n\n\n<li>Die Verwaltung \u00fcbernimmt keine Haftung f\u00fcr verlorene oder gestohlene Gegenst\u00e4nde.<\/li>\n\n\n\n<li><strong>Fahrzeuge:<\/strong><\/li>\n\n\n\n<li>Pro Unterkunft ist 1 Auto erlaubt und muss Parken Sie auf dem zugewiesenen Parkplatz.<\/li>\n\n\n\n<li>H\u00f6chstgeschwindigkeit auf dem Campingplatz: 10 km\/h.<\/li>\n\n\n\n<li><strong>Fahrr\u00e4der, Rollschuhe usw.:<\/strong><\/li>\n\n\n\n<li>Nachts ist ausreichende Beleuchtung erforderlich, um sich zu bewegen und von anderen Fahrzeugen gut erkannt zu werden.<\/li>\n\n\n\n<li><strong>Elektroroller sind verboten<\/strong><\/li>\n\n\n\n<li><strong>Ruhestunden<\/strong><\/li>\n\n\n\n<li>Die Ruhezeiten (von 00:00 Uhr bis 8:00 Uhr) d\u00fcrfen keine Ger\u00e4usche gemacht werden das st\u00f6ren k\u00f6nnten.<\/li>\n\n\n\n<li>Es ist nicht erlaubt, den Camping mit Auto zwischen 00.00 Uhr und 08.00 Uhr ein.<\/li>\n\n\n\n<li>(au\u00dfer im Notfall)<\/li>\n\n\n\n<li>Das Tor ist von 00:00 Uhr bis 8:00 Uhr geschlossen.<\/li>\n\n\n\n<li>Wer w\u00e4hrend dieser Zeit anreist, muss sein Auto\/Motorrad auf dem bewachten Au\u00dfenparkplatz abstellen.<\/li>\n<\/ul>\n<\/div>\n<\/div>\n<\/div>\n<\/div>\n\n\n\n<div class=\"wp-block-group is-layout-flow wp-block-group-is-layout-flow\">\n<h3 class=\"wp-block-heading has-text-align-center\">Cancellation<\/h3>\n\n\n\n<ul class=\"wp-block-list styled-list has-theme-purple-color has-text-color\">\n<li>8 bis 7 Wochen vor Ankunftstag: Zur\u00fcckbehaltung: 30% der Vorzahlung<\/li>\n\n\n\n<li>6 Wochen vor Ankunftstag: Zur\u00fcckbehaltung: 45% der Vorzahlung<\/li>\n\n\n\n<li>5 bis 3 Wochen vor Ankunftstag: Zur\u00fcckbehaltung: 60% der Vorzahlung<\/li>\n\n\n\n<li>2 Wochen vor Ankunftstag: 100% der Vorzahlung<\/li>\n\n\n\n<li><strong>Minimum Stornierungskosten: 20,00 \u20ac<\/strong><\/li>\n<\/ul>\n<\/div>\n<\/div>\n\n<\/div><\/div>\n\n\n<div class=\"wp-block-group animation--init--once slide-up is-vertical is-content-justification-center is-layout-flex wp-container-core-group-is-layout-20 wp-block-group-is-layout-flex\">\n<h2 class=\"wp-block-heading has-theme-dark-purple-color has-text-color\">Preise und Angebote<\/h2>\n\n\n\n<figure class=\"wp-block-image size-large is-resized wp-duotone-1ac6fe-fff-11\"><img loading=\"lazy\" decoding=\"async\" width=\"25\" height=\"9\" src=\"http:\/\/www.campingkims.com\/wp-content\/uploads\/ola-separadora.svg\" alt=\"\" class=\"wp-image-921\" style=\"width:70px;height:undefinedpx\"\/><\/figure>\n<\/div>\n\n\n\n<div class=\"wp-block-columns alignwide price-columns is-layout-flex wp-container-core-columns-is-layout-13 wp-block-columns-is-layout-flex\" style=\"margin-bottom:4vh\">\n<div class=\"wp-block-column is-layout-flow wp-block-column-is-layout-flow\" style=\"flex-basis:50%\">\n<figure class=\"wp-block-image size-large is-resized is-style-icon-row animation--init--once slide-right price-icon wp-duotone-1ac6fe-1ac6fe-12\"><img loading=\"lazy\" decoding=\"async\" width=\"25\" height=\"25\" src=\"http:\/\/www.campingkims.com\/wp-content\/uploads\/luna.svg\" alt=\"\" class=\"wp-image-1485\" style=\"width:32px;height:32px\"\/><figcaption class=\"wp-element-caption\">\n          <strong>Preis pro Nacht<\/strong>\n        <\/figcaption><\/figure>\n\n\n\n<div class=\"wp-block-columns are-vertically-aligned-center is-not-stacked-on-mobile animation--init--once slide-right price-card has-theme-white-color has-theme-blue-background-color has-text-color has-background is-layout-flex wp-container-core-columns-is-layout-8 wp-block-columns-is-layout-flex\" style=\"border-radius:4px\">\n<div class=\"wp-block-column is-vertically-aligned-center is-layout-flow wp-block-column-is-layout-flow\" style=\"border-right-color:var(--wp--preset--color--theme-white);border-right-width:1px;padding-top:1rem;padding-right:1rem;padding-bottom:1rem;padding-left:1rem;flex-basis:60%\">\n<p class=\"large-font has-h-2-font-size\">\n          <em>\n            <strong>91<sup>,50\u20ac<\/sup><\/strong>\n          <\/em>\n        <\/p>\n\n\n\n<p class=\"has-roboto-slab-font-family has-text-small-font-size\" style=\"text-transform:uppercase\">\n          <strong>\n            <strong>NEBENSEISON<\/strong>\n          <\/strong>\n        <\/p>\n<\/div>\n\n\n\n<div class=\"wp-block-column is-vertically-aligned-center is-layout-flow wp-block-column-is-layout-flow\" style=\"padding-top:1rem;padding-right:1rem;padding-bottom:1rem;padding-left:1rem;flex-basis:40%\">\n<p><strong>30\/04 &#8211; 31\/05\n14\/09 &#8211; 27\/09<\/strong><\/p>\n<\/div>\n<\/div>\n\n\n\n<div class=\"wp-block-columns are-vertically-aligned-center is-not-stacked-on-mobile animation--init--once slide-right price-card has-theme-white-color has-text-color has-background is-layout-flex wp-container-core-columns-is-layout-9 wp-block-columns-is-layout-flex\" style=\"border-radius:4px;background-color:#0d71ce\">\n<div class=\"wp-block-column is-vertically-aligned-center is-layout-flow wp-block-column-is-layout-flow\" style=\"border-right-color:var(--wp--preset--color--theme-white);border-right-width:1px;padding-top:1rem;padding-right:1rem;padding-bottom:1rem;padding-left:1rem;flex-basis:60%\">\n<p class=\"large-font has-h-2-font-size\">\n          <em>\n            <strong>118<sup>,50 \u20ac<\/sup><\/strong>\n          <\/em>\n        <\/p>\n\n\n\n<p class=\"has-roboto-slab-font-family has-text-small-font-size\" style=\"text-transform:uppercase\">\n          <strong>ZWISCHENSEISON<\/strong>\n        <\/p>\n<\/div>\n\n\n\n<div class=\"wp-block-column is-vertically-aligned-center is-layout-flow wp-block-column-is-layout-flow\" style=\"padding-top:1rem;padding-right:1rem;padding-bottom:1rem;padding-left:1rem;flex-basis:40%\">\n<p><strong>01\/06 \u2013 16\/07 <br>24\/08 \u2013 13\/09<\/strong><\/p>\n<\/div>\n<\/div>\n\n\n\n<div class=\"wp-block-columns are-vertically-aligned-center is-not-stacked-on-mobile animation--init--once slide-right price-card has-theme-white-color has-text-color has-background is-layout-flex wp-container-core-columns-is-layout-10 wp-block-columns-is-layout-flex\" style=\"border-radius:4px;background-color:#221b40\">\n<div class=\"wp-block-column is-vertically-aligned-center is-layout-flow wp-block-column-is-layout-flow\" style=\"border-right-color:var(--wp--preset--color--theme-white);border-right-width:1px;padding-top:1rem;padding-right:1rem;padding-bottom:1rem;padding-left:1rem;flex-basis:60%\">\n<p class=\"large-font has-h-2-font-size\">\n          <em>\n            <strong>180<sup>,00 \u20ac<\/sup><\/strong>\n          <\/em>\n        <\/p>\n\n\n\n<p class=\"has-roboto-slab-font-family has-text-small-font-size\" style=\"text-transform:uppercase\">\n          <strong>HOCHSEISON<\/strong>\n        <\/p>\n<\/div>\n\n\n\n<div class=\"wp-block-column is-vertically-aligned-center is-layout-flow wp-block-column-is-layout-flow\" style=\"padding-top:1rem;padding-right:1rem;padding-bottom:1rem;padding-left:1rem;flex-basis:40%\">\n<p><strong>17\/07-23\/08<\/strong><\/p>\n<\/div>\n<\/div>\n\n\n\n<p class=\"animation--init--once slide-right has-theme-purple-color has-text-color has-text-small-font-size\">* Inkl. MwSt<br>* Kurtaxe nicht inbegriffen: 0,66\u20ac\/Nacht pro Person (+17 Jahre) f\u00fcr maximal 7 N\u00e4chte.<\/p>\n<\/div>\n\n\n\n<div class=\"wp-block-column is-layout-flow wp-block-column-is-layout-flow\" style=\"flex-basis:50%\">\n<figure class=\"wp-block-image size-large is-resized is-style-icon-row animation--init--once slide-left discount-icon wp-duotone-ffb434-ffb434-13\"><img loading=\"lazy\" decoding=\"async\" width=\"25\" height=\"25\" src=\"http:\/\/www.campingkims.com\/wp-content\/uploads\/descuento.svg\" alt=\"\" class=\"wp-image-1492\" style=\"width:32px;height:32px\"\/><figcaption class=\"wp-element-caption\"><strong>Angebote<\/strong><\/figcaption><\/figure>\n\n<div class=\"wp-block-columns are-vertically-aligned-center is-not-stacked-on-mobile animation--init--once slide-left price-card has-theme-white-color has-theme-orange-background-color has-text-color has-background is-layout-flex wp-container-core-columns-is-layout-11 wp-block-columns-is-layout-flex\" style=\"border-radius:4px\">\n<div class=\"wp-block-column is-vertically-aligned-center is-layout-flow wp-block-column-is-layout-flow\" style=\"border-right-color:var(--wp--preset--color--theme-white);border-right-width:1px;padding-top:1rem;padding-right:1rem;padding-bottom:1rem;padding-left:1rem;flex-basis:50%\">\n<p class=\"large-font has-h-2-font-size\"><em><strong>-20%<\/strong><\/em><\/p>\n\n\n\n<p class=\"has-roboto-slab-font-family has-text-small-font-size\"><strong><strong>NEBENSEISON UND ZWISCHENSEISON<\/strong><\/strong><\/p>\n<\/div>\n\n\n\n<div class=\"wp-block-column is-vertically-aligned-center is-layout-flow wp-block-column-is-layout-flow\" style=\"padding-top:1rem;padding-right:1rem;padding-bottom:1rem;padding-left:1rem;flex-basis:50%\">\n<p><strong>30\/04 \u2013 16\/07<br>24\/08 \u2013 27\/09<\/strong><\/p>\n<\/div>\n<\/div>\n\n<div class=\"wp-block-columns are-vertically-aligned-center is-not-stacked-on-mobile animation--init--once slide-left price-card has-theme-white-color has-theme-green-background-color has-text-color has-background is-layout-flex wp-container-core-columns-is-layout-12 wp-block-columns-is-layout-flex\" style=\"border-radius:4px\">\n<div class=\"wp-block-column is-vertically-aligned-center is-layout-flow wp-block-column-is-layout-flow\" style=\"border-right-color:var(--wp--preset--color--theme-white);border-right-width:1px;padding-top:1rem;padding-right:1rem;padding-bottom:1rem;padding-left:1rem;flex-basis:50%\">\n<p class=\"large-font has-h-2-font-size\"><em><strong>-5%<\/strong><\/em><\/p>\n\n\n\n<p class=\"has-roboto-slab-font-family has-text-small-font-size\" style=\"text-transform:uppercase\">HOCHSEISON<\/p>\n<\/div>\n\n\n\n<div class=\"wp-block-column is-vertically-aligned-center is-layout-flow wp-block-column-is-layout-flow\" style=\"padding-top:1rem;padding-right:1rem;padding-bottom:1rem;padding-left:1rem;flex-basis:50%\">\n<p><strong>17\/07 &#8211; 23\/08<\/strong><\/p>\n<\/div>\n<\/div>\n\n<p class=\"animation--init--once slide-left has-theme-purple-color has-text-color has-text-small-font-size\">* Rabbat f\u00fcr Aufenthalte ab 7 N\u00e4chten<br\/>* NICHT KUMULIERBARE RABATTE, DIE BEREITS BEI DER RESERVIERUNG ANGEWENDET WERDEN<\/p>\n<\/div>\n<\/div>\n\n\n\n<div class=\"wp-block-buttons alignwide animation--init--once slide-up is-content-justification-center is-layout-flex wp-container-core-buttons-is-layout-2 wp-block-buttons-is-layout-flex\" style=\"margin-bottom:8vh\">\n<div class=\"wp-block-button invert-icon\"><a class=\"wp-block-button__link has-theme-green-background-color has-background wp-element-button\" href=\"https:\/\/booking.campingkims.com\/search?categoryIds=15&amp;lang=de\" style=\"border-radius:8px\" target=\"_blank\" rel=\"noreferrer noopener\">\n          <img loading=\"lazy\" decoding=\"async\" width=\"25\" height=\"24\" class=\"wp-image-1321\" style=\"width: 25px;\" src=\"http:\/\/www.campingkims.com\/wp-content\/uploads\/reservar.svg\" alt=\"\">\n          <strong>VERF\u00dcGBARKEIT ANZEIGEN<\/strong>\n        <\/a><\/div>\n<\/div>\n\n\n\n<div class=\"wp-block-group alignfull other-accommodations-container animation--init--once has-theme-blue-background-color has-background is-layout-constrained wp-block-group-is-layout-constrained\">\n<figure class=\"wp-block-image alignfull size-large blue-wave animation--init--once slide-up wp-duotone-1ac6fe-1ac6fe-14\"><img loading=\"lazy\" decoding=\"async\" width=\"1700\" height=\"126\" src=\"http:\/\/www.campingkims.com\/wp-content\/uploads\/waves-1.svg\" alt=\"\" class=\"wp-image-1293\"\/><\/figure>\n\n\n\n<div class=\"wp-block-group alignwide animation--init--once slide-right is-vertical is-content-justification-left is-layout-flex wp-container-core-group-is-layout-21 wp-block-group-is-layout-flex\">\n<p class=\"has-text-align-left has-theme-white-color has-text-color has-roboto-slab-font-family has-h-6-font-size\" style=\"text-transform:uppercase\">UNTERK\u00dcNFTE<\/p>\n\n\n\n<h2 class=\"wp-block-heading has-text-align-left has-theme-dark-purple-color has-text-color has-h-3-font-size\">Wohnungen<\/h2>\n\n\n\n<figure class=\"wp-block-image size-large is-resized wp-duotone-fff-fff-15\"><img loading=\"lazy\" decoding=\"async\" width=\"25\" height=\"9\" src=\"http:\/\/www.campingkims.com\/wp-content\/uploads\/ola-separadora.svg\" alt=\"\" class=\"wp-image-921\" style=\"width:70px;height:undefinedpx\"\/><\/figure>\n<\/div>\n\n\n\n<p class=\"alignwide animation--init--once slide-right has-theme-dark-purple-color has-text-color\" style=\"margin-bottom:4vh\">Die Appartements befinden innerhalb des Kampingplatzes bieten Unterkunft f\u00fcr 4 bis 8 Personen. Komplett ausgestattet und renoviert.<\/p>\n\n\n        <div class=\"wp-block-locations-block alignwide has-text-align-left has-custom-margin\" style=\"margin-bottom:14vh;\">\n\n            <section class=\"splide\" id=\"slide_560\">\n            <div class=\"splide__track\">\n                <ul class=\"splide__list\">\n                                    <li class=\"animation--init--once slide-up splide__slide\">\n                        <a class=\"location-card\" href=\"https:\/\/www.campingkims.com\/de\/unterkuenfte\/appartements\/c3\/\">\n                            <img decoding=\"async\" src=\"https:\/\/www.campingkims.com\/wp-content\/uploads\/c-3-01.webp\">\n                        <\/a>\n                        <div class=\"info-container\">\n                            <a href=\"https:\/\/www.campingkims.com\/de\/unterkuenfte\/appartements\/c3\/\">\n                                <strong>C3<\/strong>\n                            <\/a>    \n                            <p><em><strong>x 4 Personen<\/strong><\/em><\/italic><\/p>\n                        <\/div>\n                    <\/li>\n                                    <li class=\"animation--init--once slide-up splide__slide\">\n                        <a class=\"location-card\" href=\"https:\/\/www.campingkims.com\/de\/unterkuenfte\/appartements\/villa-marieta\/\">\n                            <img decoding=\"async\" src=\"https:\/\/www.campingkims.com\/wp-content\/uploads\/villa-marieta-03.webp\">\n                        <\/a>\n                        <div class=\"info-container\">\n                            <a href=\"https:\/\/www.campingkims.com\/de\/unterkuenfte\/appartements\/villa-marieta\/\">\n                                <strong>Villa Marieta<\/strong>\n                            <\/a>    \n                            <p><em><strong>x 4 Personen<\/strong><\/em><\/italic><\/p>\n                        <\/div>\n                    <\/li>\n                                    <li class=\"animation--init--once slide-up splide__slide\">\n                        <a class=\"location-card\" href=\"https:\/\/www.campingkims.com\/de\/unterkuenfte\/appartements\/villa-carmen\/\">\n                            <img decoding=\"async\" src=\"https:\/\/www.campingkims.com\/wp-content\/uploads\/villa-carmen-06.webp\">\n                        <\/a>\n                        <div class=\"info-container\">\n                            <a href=\"https:\/\/www.campingkims.com\/de\/unterkuenfte\/appartements\/villa-carmen\/\">\n                                <strong>Villa Carmen<\/strong>\n                            <\/a>    \n                            <p><em><strong>x 8 Personen<\/strong><\/em><\/italic><\/p>\n                        <\/div>\n                    <\/li>\n                                <\/ul>\n            <\/div>\n        <\/section>  \n    <\/div>\n<\/div>\n","protected":false},"excerpt":{"rendered":"<p>Villa Anita Sh\u00f6ne und Grosse Appartement Bauwohnung von 52 m\u00b2 + Terrasse ONLINE-BUCHUNG Buchen Sie Ihren Urlaub in der Costa Brava Bauwohnung(maximal 6 Personen) Preise&#8230;<\/p>\n","protected":false},"author":2,"featured_media":2915,"parent":5551,"menu_order":2,"comment_status":"closed","ping_status":"closed","template":"","meta":{"_acf_changed":false,"inline_featured_image":false,"footnotes":""},"class_list":["post-5561","page","type-page","status-publish","has-post-thumbnail","hentry"],"acf":[],"yoast_head":"<!-- This site is optimized with the Yoast SEO plugin v23.5 - https:\/\/yoast.com\/wordpress\/plugins\/seo\/ -->\n<title>Villa Anita - Camping Kim&#039;s Llafranc<\/title>\n<meta name=\"description\" content=\"Villa Anita Sh\u00f6ne und Grosse Appartement Bauwohnung von 52 m\u00b2 + Terrasse 6 Personen 2 Schlafzimmer Terrasse Parking Tierenicht zugelassen ONLINE-BUCHUNG\" \/>\n<meta name=\"robots\" content=\"index, follow, max-snippet:-1, max-image-preview:large, max-video-preview:-1\" \/>\n<link rel=\"canonical\" href=\"https:\/\/www.campingkims.com\/de\/unterkuenfte\/appartements\/villa-anita\/\" \/>\n<meta property=\"og:locale\" content=\"de_DE\" \/>\n<meta property=\"og:type\" content=\"article\" \/>\n<meta property=\"og:title\" content=\"Villa Anita - Camping Kim&#039;s Llafranc\" \/>\n<meta property=\"og:description\" content=\"Villa Anita Sh\u00f6ne und Grosse Appartement Bauwohnung von 52 m\u00b2 + Terrasse 6 Personen 2 Schlafzimmer Terrasse Parking Tierenicht zugelassen ONLINE-BUCHUNG\" \/>\n<meta property=\"og:url\" content=\"https:\/\/www.campingkims.com\/de\/unterkuenfte\/appartements\/villa-anita\/\" \/>\n<meta property=\"og:site_name\" content=\"Camping Kim&#039;s Llafranc\" \/>\n<meta property=\"article:modified_time\" content=\"2026-03-19T13:10:37+00:00\" \/>\n<meta property=\"og:image\" content=\"https:\/\/www.campingkims.com\/wp-content\/uploads\/villa-anita-08.webp\" \/>\n\t<meta property=\"og:image:width\" content=\"1920\" \/>\n\t<meta property=\"og:image:height\" content=\"1280\" \/>\n\t<meta property=\"og:image:type\" content=\"image\/webp\" \/>\n<meta name=\"twitter:card\" content=\"summary_large_image\" \/>\n<meta name=\"twitter:label1\" content=\"Gesch\u00e4tzte Lesezeit\" \/>\n\t<meta name=\"twitter:data1\" content=\"27\u00a0Minuten\" \/>\n<script type=\"application\/ld+json\" class=\"yoast-schema-graph\">{\"@context\":\"https:\/\/schema.org\",\"@graph\":[{\"@type\":\"WebPage\",\"@id\":\"https:\/\/www.campingkims.com\/de\/unterkuenfte\/appartements\/villa-anita\/\",\"url\":\"https:\/\/www.campingkims.com\/de\/unterkuenfte\/appartements\/villa-anita\/\",\"name\":\"Villa Anita - Camping Kim&#039;s Llafranc\",\"isPartOf\":{\"@id\":\"https:\/\/www.campingkims.com\/de\/#website\"},\"primaryImageOfPage\":{\"@id\":\"https:\/\/www.campingkims.com\/de\/unterkuenfte\/appartements\/villa-anita\/#primaryimage\"},\"image\":{\"@id\":\"https:\/\/www.campingkims.com\/de\/unterkuenfte\/appartements\/villa-anita\/#primaryimage\"},\"thumbnailUrl\":\"https:\/\/www.campingkims.com\/wp-content\/uploads\/villa-anita-08.webp\",\"datePublished\":\"2023-06-30T15:48:02+00:00\",\"dateModified\":\"2026-03-19T13:10:37+00:00\",\"description\":\"Villa Anita Sh\u00f6ne und Grosse Appartement Bauwohnung von 52 m\u00b2 + Terrasse 6 Personen 2 Schlafzimmer Terrasse Parking Tierenicht zugelassen ONLINE-BUCHUNG\",\"breadcrumb\":{\"@id\":\"https:\/\/www.campingkims.com\/de\/unterkuenfte\/appartements\/villa-anita\/#breadcrumb\"},\"inLanguage\":\"de\",\"potentialAction\":[{\"@type\":\"ReadAction\",\"target\":[\"https:\/\/www.campingkims.com\/de\/unterkuenfte\/appartements\/villa-anita\/\"]}]},{\"@type\":\"ImageObject\",\"inLanguage\":\"de\",\"@id\":\"https:\/\/www.campingkims.com\/de\/unterkuenfte\/appartements\/villa-anita\/#primaryimage\",\"url\":\"https:\/\/www.campingkims.com\/wp-content\/uploads\/villa-anita-08.webp\",\"contentUrl\":\"https:\/\/www.campingkims.com\/wp-content\/uploads\/villa-anita-08.webp\",\"width\":1920,\"height\":1280},{\"@type\":\"BreadcrumbList\",\"@id\":\"https:\/\/www.campingkims.com\/de\/unterkuenfte\/appartements\/villa-anita\/#breadcrumb\",\"itemListElement\":[{\"@type\":\"ListItem\",\"position\":1,\"name\":\"Portada\",\"item\":\"https:\/\/www.campingkims.com\/de\/\"},{\"@type\":\"ListItem\",\"position\":2,\"name\":\"Unterk\u00fcnfte\",\"item\":\"https:\/\/www.campingkims.com\/de\/unterkuenfte\/\"},{\"@type\":\"ListItem\",\"position\":3,\"name\":\"Appartements\",\"item\":\"https:\/\/www.campingkims.com\/de\/unterkuenfte\/appartements\/\"},{\"@type\":\"ListItem\",\"position\":4,\"name\":\"Villa Anita\"}]},{\"@type\":\"WebSite\",\"@id\":\"https:\/\/www.campingkims.com\/de\/#website\",\"url\":\"https:\/\/www.campingkims.com\/de\/\",\"name\":\"Camping Kim's Llafranc\",\"description\":\"Kim&#039;s Camping Caravaning &amp; Bungalow Park\",\"publisher\":{\"@id\":\"https:\/\/www.campingkims.com\/de\/#organization\"},\"potentialAction\":[{\"@type\":\"SearchAction\",\"target\":{\"@type\":\"EntryPoint\",\"urlTemplate\":\"https:\/\/www.campingkims.com\/de\/?s={search_term_string}\"},\"query-input\":{\"@type\":\"PropertyValueSpecification\",\"valueRequired\":true,\"valueName\":\"search_term_string\"}}],\"inLanguage\":\"de\"},{\"@type\":\"Organization\",\"@id\":\"https:\/\/www.campingkims.com\/de\/#organization\",\"name\":\"Camping Kim's Llafranc\",\"url\":\"https:\/\/www.campingkims.com\/de\/\",\"logo\":{\"@type\":\"ImageObject\",\"inLanguage\":\"de\",\"@id\":\"https:\/\/www.campingkims.com\/de\/#\/schema\/logo\/image\/\",\"url\":\"https:\/\/www.campingkims.com\/wp-content\/uploads\/logo-camping-kims-llafranc-costa-brava.png\",\"contentUrl\":\"https:\/\/www.campingkims.com\/wp-content\/uploads\/logo-camping-kims-llafranc-costa-brava.png\",\"width\":537,\"height\":257,\"caption\":\"Camping Kim's Llafranc\"},\"image\":{\"@id\":\"https:\/\/www.campingkims.com\/de\/#\/schema\/logo\/image\/\"}}]}<\/script>\n<!-- \/ Yoast SEO plugin. -->","yoast_head_json":{"title":"Villa Anita - Camping Kim&#039;s Llafranc","description":"Villa Anita Sh\u00f6ne und Grosse Appartement Bauwohnung von 52 m\u00b2 + Terrasse 6 Personen 2 Schlafzimmer Terrasse Parking Tierenicht zugelassen ONLINE-BUCHUNG","robots":{"index":"index","follow":"follow","max-snippet":"max-snippet:-1","max-image-preview":"max-image-preview:large","max-video-preview":"max-video-preview:-1"},"canonical":"https:\/\/www.campingkims.com\/de\/unterkuenfte\/appartements\/villa-anita\/","og_locale":"de_DE","og_type":"article","og_title":"Villa Anita - Camping Kim&#039;s Llafranc","og_description":"Villa Anita Sh\u00f6ne und Grosse Appartement Bauwohnung von 52 m\u00b2 + Terrasse 6 Personen 2 Schlafzimmer Terrasse Parking Tierenicht zugelassen ONLINE-BUCHUNG","og_url":"https:\/\/www.campingkims.com\/de\/unterkuenfte\/appartements\/villa-anita\/","og_site_name":"Camping Kim&#039;s Llafranc","article_modified_time":"2026-03-19T13:10:37+00:00","og_image":[{"width":1920,"height":1280,"url":"https:\/\/www.campingkims.com\/wp-content\/uploads\/villa-anita-08.webp","type":"image\/webp"}],"twitter_card":"summary_large_image","twitter_misc":{"Gesch\u00e4tzte Lesezeit":"27\u00a0Minuten"},"schema":{"@context":"https:\/\/schema.org","@graph":[{"@type":"WebPage","@id":"https:\/\/www.campingkims.com\/de\/unterkuenfte\/appartements\/villa-anita\/","url":"https:\/\/www.campingkims.com\/de\/unterkuenfte\/appartements\/villa-anita\/","name":"Villa Anita - Camping Kim&#039;s Llafranc","isPartOf":{"@id":"https:\/\/www.campingkims.com\/de\/#website"},"primaryImageOfPage":{"@id":"https:\/\/www.campingkims.com\/de\/unterkuenfte\/appartements\/villa-anita\/#primaryimage"},"image":{"@id":"https:\/\/www.campingkims.com\/de\/unterkuenfte\/appartements\/villa-anita\/#primaryimage"},"thumbnailUrl":"https:\/\/www.campingkims.com\/wp-content\/uploads\/villa-anita-08.webp","datePublished":"2023-06-30T15:48:02+00:00","dateModified":"2026-03-19T13:10:37+00:00","description":"Villa Anita Sh\u00f6ne und Grosse Appartement Bauwohnung von 52 m\u00b2 + Terrasse 6 Personen 2 Schlafzimmer Terrasse Parking Tierenicht zugelassen ONLINE-BUCHUNG","breadcrumb":{"@id":"https:\/\/www.campingkims.com\/de\/unterkuenfte\/appartements\/villa-anita\/#breadcrumb"},"inLanguage":"de","potentialAction":[{"@type":"ReadAction","target":["https:\/\/www.campingkims.com\/de\/unterkuenfte\/appartements\/villa-anita\/"]}]},{"@type":"ImageObject","inLanguage":"de","@id":"https:\/\/www.campingkims.com\/de\/unterkuenfte\/appartements\/villa-anita\/#primaryimage","url":"https:\/\/www.campingkims.com\/wp-content\/uploads\/villa-anita-08.webp","contentUrl":"https:\/\/www.campingkims.com\/wp-content\/uploads\/villa-anita-08.webp","width":1920,"height":1280},{"@type":"BreadcrumbList","@id":"https:\/\/www.campingkims.com\/de\/unterkuenfte\/appartements\/villa-anita\/#breadcrumb","itemListElement":[{"@type":"ListItem","position":1,"name":"Portada","item":"https:\/\/www.campingkims.com\/de\/"},{"@type":"ListItem","position":2,"name":"Unterk\u00fcnfte","item":"https:\/\/www.campingkims.com\/de\/unterkuenfte\/"},{"@type":"ListItem","position":3,"name":"Appartements","item":"https:\/\/www.campingkims.com\/de\/unterkuenfte\/appartements\/"},{"@type":"ListItem","position":4,"name":"Villa Anita"}]},{"@type":"WebSite","@id":"https:\/\/www.campingkims.com\/de\/#website","url":"https:\/\/www.campingkims.com\/de\/","name":"Camping Kim's Llafranc","description":"Kim&#039;s Camping Caravaning &amp; Bungalow Park","publisher":{"@id":"https:\/\/www.campingkims.com\/de\/#organization"},"potentialAction":[{"@type":"SearchAction","target":{"@type":"EntryPoint","urlTemplate":"https:\/\/www.campingkims.com\/de\/?s={search_term_string}"},"query-input":{"@type":"PropertyValueSpecification","valueRequired":true,"valueName":"search_term_string"}}],"inLanguage":"de"},{"@type":"Organization","@id":"https:\/\/www.campingkims.com\/de\/#organization","name":"Camping Kim's Llafranc","url":"https:\/\/www.campingkims.com\/de\/","logo":{"@type":"ImageObject","inLanguage":"de","@id":"https:\/\/www.campingkims.com\/de\/#\/schema\/logo\/image\/","url":"https:\/\/www.campingkims.com\/wp-content\/uploads\/logo-camping-kims-llafranc-costa-brava.png","contentUrl":"https:\/\/www.campingkims.com\/wp-content\/uploads\/logo-camping-kims-llafranc-costa-brava.png","width":537,"height":257,"caption":"Camping Kim's Llafranc"},"image":{"@id":"https:\/\/www.campingkims.com\/de\/#\/schema\/logo\/image\/"}}]}},"_links":{"self":[{"href":"https:\/\/www.campingkims.com\/de\/wp-json\/wp\/v2\/pages\/5561"}],"collection":[{"href":"https:\/\/www.campingkims.com\/de\/wp-json\/wp\/v2\/pages"}],"about":[{"href":"https:\/\/www.campingkims.com\/de\/wp-json\/wp\/v2\/types\/page"}],"author":[{"embeddable":true,"href":"https:\/\/www.campingkims.com\/de\/wp-json\/wp\/v2\/users\/2"}],"replies":[{"embeddable":true,"href":"https:\/\/www.campingkims.com\/de\/wp-json\/wp\/v2\/comments?post=5561"}],"version-history":[{"count":12,"href":"https:\/\/www.campingkims.com\/de\/wp-json\/wp\/v2\/pages\/5561\/revisions"}],"predecessor-version":[{"id":9829,"href":"https:\/\/www.campingkims.com\/de\/wp-json\/wp\/v2\/pages\/5561\/revisions\/9829"}],"up":[{"embeddable":true,"href":"https:\/\/www.campingkims.com\/de\/wp-json\/wp\/v2\/pages\/5551"}],"wp:featuredmedia":[{"embeddable":true,"href":"https:\/\/www.campingkims.com\/de\/wp-json\/wp\/v2\/media\/2915"}],"wp:attachment":[{"href":"https:\/\/www.campingkims.com\/de\/wp-json\/wp\/v2\/media?parent=5561"}],"curies":[{"name":"wp","href":"https:\/\/api.w.org\/{rel}","templated":true}]}}