{"id":5602,"date":"2023-07-13T17:01:42","date_gmt":"2023-07-13T15:01:42","guid":{"rendered":"http:\/\/www.campingkims.com\/konditionen-reservierung\/"},"modified":"2023-08-16T12:43:19","modified_gmt":"2023-08-16T10:43:19","slug":"konditionen-reservierung","status":"publish","type":"page","link":"https:\/\/www.campingkims.com\/de\/konditionen-reservierung\/","title":{"rendered":"Konditionen Reservierung"},"content":{"rendered":"\n<div class=\"wp-block-cover alignfull cover-page animation--init--once is-style-no-margin\" style=\"margin-top:0px;margin-bottom:8vh;min-height:795px;aspect-ratio:unset;\"><span aria-hidden=\"true\" class=\"wp-block-cover__background has-background-dim-0 has-background-dim has-background-gradient has-theme-black-transparent-gradient-background\"><\/span><img loading=\"lazy\" decoding=\"async\" width=\"1920\" height=\"1280\" class=\"wp-block-cover__image-background wp-image-1820\" alt=\"\" src=\"http:\/\/www.campingkims.com\/wp-content\/uploads\/parcelas-02.webp\" data-object-fit=\"cover\" srcset=\"https:\/\/www.campingkims.com\/wp-content\/uploads\/parcelas-02.webp 1920w, https:\/\/www.campingkims.com\/wp-content\/uploads\/parcelas-02-1024x683.webp 1024w, https:\/\/www.campingkims.com\/wp-content\/uploads\/parcelas-02-768x512.webp 768w, https:\/\/www.campingkims.com\/wp-content\/uploads\/parcelas-02-1536x1024.webp 1536w, https:\/\/www.campingkims.com\/wp-content\/uploads\/parcelas-02-512x341.webp 512w, https:\/\/www.campingkims.com\/wp-content\/uploads\/parcelas-02-256x171.webp 256w\" sizes=\"(max-width: 1920px) 100vw, 1920px\" \/><div class=\"wp-block-cover__inner-container is-layout-flow wp-block-cover-is-layout-flow\">\n<figure class=\"wp-block-image alignfull size-large animation--init--once slide-up is-style-no-margin waves\"><img loading=\"lazy\" decoding=\"async\" width=\"1700\" height=\"102\" src=\"http:\/\/www.campingkims.com\/wp-content\/uploads\/waves-orange-1.svg\" alt=\"\" class=\"wp-image-3751\"\/><\/figure>\n\n\n<div class=\"wp-block-group animation--init--once pop-up is-vertical is-content-justification-center is-layout-flex wp-container-core-group-is-layout-1 wp-block-group-is-layout-flex\">\n<h1 class=\"wp-block-heading has-text-align-center has-theme-white-color has-text-color\">Konditionen Reservierung<\/h1>\n\n\n\n<p class=\"has-text-align-center has-theme-white-color has-text-color has-roboto-slab-font-family has-h-5-font-size\" style=\"text-transform:uppercase\">Stornobedingungen<\/p>\n<\/div>\n<\/div><\/div>\n\n<div class=\"wp-block-group alignfull booking-section has-theme-orange-background-color has-background is-layout-constrained wp-block-group-is-layout-constrained\" style=\"margin-top:0px;margin-bottom:10vh\">\n<div class=\"wp-block-group alignwide animation--init--once booking-container has-theme-orange-background-color has-background is-vertical is-content-justification-center is-layout-flex wp-container-core-group-is-layout-3 wp-block-group-is-layout-flex\" style=\"border-radius:2rem;margin-top:0px;margin-bottom:0px;padding-top:3rem;padding-right:3rem;padding-bottom:3rem;padding-left:3rem\">\n<div class=\"wp-block-group animation--init--once alignwide booking-title is-vertical is-content-justification-center is-layout-flex wp-container-core-group-is-layout-2 wp-block-group-is-layout-flex\">\n<p class=\"has-theme-dark-purple-color has-text-color has-roboto-slab-font-family has-h-6-font-size\">ONLINE-BUCHUNG<\/p>\n\n\n\n<h3 class=\"wp-block-heading has-text-align-center has-theme-white-color has-text-color has-h-4-font-size\">Buchen Sie Ihren Urlaub in der Costa Brava<\/h3>\n\n\n\n<figure class=\"wp-block-image size-large is-resized wp-duotone-221b40-221b40-1\"><img loading=\"lazy\" decoding=\"async\" width=\"25\" height=\"9\" src=\"http:\/\/www.campingkims.com\/wp-content\/uploads\/ola-separadora.svg\" alt=\"\" class=\"wp-image-921\" style=\"width:70px\"\/><\/figure>\n<\/div>\n\n\n<script>\n            document.addEventListener('DOMContentLoaded', function () {\n\n                var widget = new MasterWidget('widgetBookingContainer2260', {\n                    lang: 'de',idProperty: '61',class: 'widget_columns',target: '_blank',dropdown: true,\n                    url: 'https:\/\/booking.campingkims.com'\n                });\n\n\n            });\n\n            <\/script><div id=\"widgetBookingContainer2260\"> <\/div>\n<\/div>\n<\/div>\n\n<h2 class=\"wp-block-heading has-text-align-center has-theme-purple-color has-text-color\">Unterk\u00fcnfte<\/h2>\n\n<div class=\"wp-block-auto-tabs accommodation-tabs alignfull has-custom-margin animation--init--once\" style=\"margin-bottom:14vh;\" data-selector=\"h3\">\n  <div class=\"acf-innerblocks-container\">\n\n<div class=\"wp-block-group auto-tabs-wrapper is-layout-flow wp-block-group-is-layout-flow\">\n<p class=\"has-text-align-center\"><strong>Aqu\u00ed se mostrar\u00e1n las pesta\u00f1as.<\/strong><br\/> El primer <strong>h3<\/strong> de cada contenido se usar\u00e1 como t\u00edtulo de su pesta\u00f1a. Puedes cambiarlo por otro tag o una clase en el panel lateral<\/p>\n<\/div>\n\n\n\n<div class=\"wp-block-group auto-content-wrapper has-theme-soft-blue-background-color has-background is-layout-flow wp-block-group-is-layout-flow\">\n<div class=\"wp-block-group is-layout-flow wp-block-group-is-layout-flow\">\n<h3 class=\"wp-block-heading has-text-align-center\">Informationen<\/h3>\n\n\n\n<ul class=\"styled-list has-theme-purple-color has-text-color wp-block-list\">\n<li><strong>Preise in Euro (EUR \u20ac).<\/strong><br\/>Inkl. 10% MwSt. Bei offiziellen MwSt-Abweichungen k\u00f6nnen die Preise variieren.<\/li>\n\n\n\n<li><strong>Kurtaxe nicht inbegriffen:<\/strong> 0,66\u20ac\/Nacht pro Person (+17 Jahre) f\u00fcr maximal 7 N\u00e4chte.<\/li>\n\n\n\n<li><strong>Anreisetag:<\/strong> Unterk\u00fcnfte Verf\u00fcgbar von 16 Uhr.<\/li>\n\n\n\n<li><strong>Abfahrtstag:<\/strong> Unterk\u00fcnfte m\u00fcssen freigelassen vor 11 Uhr.<\/li>\n\n\n\n<li><strong>Late Checkout<\/strong><br\/>W\u00e4hrend der Nebensaison und der Zwischensaison k\u00f6nnen Sie die Unterkunft sp\u00e4ter verlassen (late checkout), maximal bis 17:00 Uhr. Je nach Verf\u00fcgbarkeit und nach vorheriger Absprache mit der Rezeption.<\/li>\n<\/ul>\n<\/div>\n\n\n\n<div class=\"wp-block-group is-layout-flow wp-block-group-is-layout-flow\">\n<h3 class=\"wp-block-heading has-text-align-center\">Bedingungen<\/h3>\n\n\n\n<ul class=\"styled-list has-theme-purple-color has-text-color wp-block-list\">\n<li>Die Reservierung wird endg\u00fcltig sein bei Erhalt im voraus von der (40% der Gesamtsumme).<\/li>\n\n\n\n<li>Der Rest der Summe die Miete sollte am Tag der Ankunft zusammen mit einer Anzahlung bezahlt werden (oder bond) zum Zeitpunkt des Eintrags werden (130 \u20ac f\u00fcr Br\u00fcche, Verluste, usw.. + 50 \u20ac Endreinigung) die am Abreisetag zur\u00fcckgegeben wird, wenn alles in Ordnung ist.<\/li>\n\n\n\n<li>Upon arrival you will be asked to provide a credit card number. It will be held only to be used in case of damages occurred during your stay.<\/li>\n\n\n\n<li>The accommodation will be left clean and picked up as delivered.<\/li>\n<\/ul>\n<\/div>\n\n\n\n<div class=\"wp-block-group is-layout-flow wp-block-group-is-layout-flow\">\n<h3 class=\"wp-block-heading has-text-align-center\">Cancellation<\/h3>\n\n\n\n<ul class=\"styled-list has-theme-purple-color has-text-color wp-block-list\">\n<li>8 &#8211; 7 weeks before the day of arrival: Withholding of 30% from the deposit.<\/li>\n\n\n\n<li>6 weeks before the day of arrival: Withholding of 45% from the deposit.<\/li>\n\n\n\n<li>5 \u2013 3 weeks before the day of arrival: Withholding of 60 % from the deposit .<\/li>\n\n\n\n<li>2 weeks before the day of arrival: Withholding 100% from the deposit.<\/li>\n\n\n\n<li><strong>Minimum cancellation charges: 35\u20ac<\/strong><\/li>\n<\/ul>\n<\/div>\n<\/div>\n\n<\/div><\/div>\n<h2 class=\"wp-block-heading has-text-align-center has-theme-purple-color has-text-color\">Camping<\/h2>\n\n<div class=\"wp-block-auto-tabs accommodation-tabs alignfull has-custom-margin animation--init--once\" style=\"margin-bottom:14vh;\" data-selector=\"h3\">\n  <div class=\"acf-innerblocks-container\">\n\n<div class=\"wp-block-group auto-tabs-wrapper is-layout-flow wp-block-group-is-layout-flow\">\n<p class=\"has-text-align-center\"><strong>Aqu\u00ed se mostrar\u00e1n las pesta\u00f1as.<\/strong><br\/> El primer <strong>h3<\/strong> de cada contenido se usar\u00e1 como t\u00edtulo de su pesta\u00f1a. Puedes cambiarlo por otro tag o una clase en el panel lateral<\/p>\n<\/div>\n\n\n\n<div class=\"wp-block-group auto-content-wrapper has-theme-soft-blue-background-color has-background is-layout-flow wp-block-group-is-layout-flow\">\n<div class=\"wp-block-group is-layout-flow wp-block-group-is-layout-flow\">\n<h3 class=\"wp-block-heading has-text-align-center\">Informationen<\/h3>\n\n\n\n<ul class=\"styled-list has-theme-purple-color has-text-color wp-block-list\">\n<li><strong>Preise in Euro (EUR \u20ac).<\/strong><br\/>Inkl. 10% MwSt. Bei offiziellen MwSt-Abweichungen k\u00f6nnen die Preise variieren.<\/li>\n\n\n\n<li><strong>Kurtaxe nicht inbegriffen:<\/strong> 0,66\u20ac\/Nacht pro Person (+17 Jahre) f\u00fcr maximal 7 N\u00e4chte.<\/li>\n\n\n\n<li><strong>Anreise:<\/strong> Die Stellpl\u00e4tze sind ab 12:00 Uhr verf\u00fcgbar.<\/li>\n\n\n\n<li><strong>Abfahrt:<\/strong> Die Parzellen m\u00fcssen vor 12:00 Uhr ger\u00e4umt sein.<\/li>\n\n\n\n<li><\/li>\n<\/ul>\n<\/div>\n\n\n\n<div class=\"wp-block-group is-layout-flow wp-block-group-is-layout-flow\">\n<h3 class=\"wp-block-heading has-text-align-center\">Bedingungen<\/h3>\n\n\n\n<ul class=\"styled-list has-theme-purple-color has-text-color wp-block-list\">\n<li>Der zu reservierende Betrag betr\u00e4gt 60 \u20ac pro Stellplatz. Dieser Betrag wird vom Gesamtbetrag der Rechnung Ihres Aufenthalts abgezogen.<\/li>\n\n\n\n<li>Diese Zahlung berechtigt nicht zur Auswahl einer bestimmten Paketnummer. Sobald die Zahlung und das Signal eingegangen sind, wird die Reservierung best\u00e4tigt.<\/li>\n\n\n\n<li>STORNIERUNGEN\n<ul class=\"wp-block-list\">\n<li>Stornierung 5 bis 3 Wochen vor dem Anreisetag: Einbehaltung von 60% der Anzahlung.<\/li>\n\n\n\n<li>Stornierung 2 Wochen vor dem Anreisetag: Einbehaltung von 100% der Anzahlung.<\/li>\n\n\n\n<li>Mindesteinbehalt f\u00fcr Stornogeb\u00fchren: 35\u20ac.<\/li>\n<\/ul>\n<\/li>\n<\/ul>\n<\/div>\n<\/div>\n\n<\/div><\/div>\n<p><\/p>\n","protected":false},"excerpt":{"rendered":"<p>Unterk\u00fcnfte Camping<\/p>\n","protected":false},"author":1,"featured_media":0,"parent":0,"menu_order":8,"comment_status":"closed","ping_status":"open","template":"","meta":{"_acf_changed":false,"inline_featured_image":false,"footnotes":""},"class_list":["post-5602","page","type-page","status-publish","hentry"],"acf":[],"yoast_head":"<!-- This site is optimized with the Yoast SEO plugin v23.5 - https:\/\/yoast.com\/wordpress\/plugins\/seo\/ -->\n<title>Konditionen Reservierung - Camping Kim&#039;s Llafranc<\/title>\n<meta name=\"description\" content=\"Konditionen Reservierung  Stornobedingungen   Unterk\u00fcnfte Camping\" \/>\n<meta name=\"robots\" content=\"index, follow, max-snippet:-1, max-image-preview:large, max-video-preview:-1\" \/>\n<link rel=\"canonical\" href=\"https:\/\/www.campingkims.com\/de\/konditionen-reservierung\/\" \/>\n<meta property=\"og:locale\" content=\"de_DE\" \/>\n<meta property=\"og:type\" content=\"article\" \/>\n<meta property=\"og:title\" content=\"Konditionen Reservierung - Camping Kim&#039;s Llafranc\" \/>\n<meta property=\"og:description\" content=\"Konditionen Reservierung  Stornobedingungen   Unterk\u00fcnfte Camping\" \/>\n<meta property=\"og:url\" content=\"https:\/\/www.campingkims.com\/de\/konditionen-reservierung\/\" \/>\n<meta property=\"og:site_name\" content=\"Camping Kim&#039;s Llafranc\" \/>\n<meta property=\"article:modified_time\" content=\"2023-08-16T10:43:19+00:00\" \/>\n<meta property=\"og:image\" content=\"http:\/\/www.campingkims.com\/wp-content\/uploads\/parcelas-02.webp\" \/>\n<meta name=\"twitter:card\" content=\"summary_large_image\" \/>\n<script type=\"application\/ld+json\" class=\"yoast-schema-graph\">{\"@context\":\"https:\/\/schema.org\",\"@graph\":[{\"@type\":\"WebPage\",\"@id\":\"https:\/\/www.campingkims.com\/de\/konditionen-reservierung\/\",\"url\":\"https:\/\/www.campingkims.com\/de\/konditionen-reservierung\/\",\"name\":\"Konditionen Reservierung - Camping Kim&#039;s Llafranc\",\"isPartOf\":{\"@id\":\"https:\/\/www.campingkims.com\/de\/#website\"},\"primaryImageOfPage\":{\"@id\":\"https:\/\/www.campingkims.com\/de\/konditionen-reservierung\/#primaryimage\"},\"image\":{\"@id\":\"https:\/\/www.campingkims.com\/de\/konditionen-reservierung\/#primaryimage\"},\"thumbnailUrl\":\"http:\/\/www.campingkims.com\/wp-content\/uploads\/parcelas-02.webp\",\"datePublished\":\"2023-07-13T15:01:42+00:00\",\"dateModified\":\"2023-08-16T10:43:19+00:00\",\"description\":\"Konditionen Reservierung Stornobedingungen Unterk\u00fcnfte Camping\",\"breadcrumb\":{\"@id\":\"https:\/\/www.campingkims.com\/de\/konditionen-reservierung\/#breadcrumb\"},\"inLanguage\":\"de\",\"potentialAction\":[{\"@type\":\"ReadAction\",\"target\":[\"https:\/\/www.campingkims.com\/de\/konditionen-reservierung\/\"]}]},{\"@type\":\"ImageObject\",\"inLanguage\":\"de\",\"@id\":\"https:\/\/www.campingkims.com\/de\/konditionen-reservierung\/#primaryimage\",\"url\":\"http:\/\/www.campingkims.com\/wp-content\/uploads\/parcelas-02.webp\",\"contentUrl\":\"http:\/\/www.campingkims.com\/wp-content\/uploads\/parcelas-02.webp\"},{\"@type\":\"BreadcrumbList\",\"@id\":\"https:\/\/www.campingkims.com\/de\/konditionen-reservierung\/#breadcrumb\",\"itemListElement\":[{\"@type\":\"ListItem\",\"position\":1,\"name\":\"Portada\",\"item\":\"https:\/\/www.campingkims.com\/de\/\"},{\"@type\":\"ListItem\",\"position\":2,\"name\":\"Konditionen Reservierung\"}]},{\"@type\":\"WebSite\",\"@id\":\"https:\/\/www.campingkims.com\/de\/#website\",\"url\":\"https:\/\/www.campingkims.com\/de\/\",\"name\":\"Camping Kim's Llafranc\",\"description\":\"Kim&#039;s Camping Caravaning &amp; Bungalow Park\",\"publisher\":{\"@id\":\"https:\/\/www.campingkims.com\/de\/#organization\"},\"potentialAction\":[{\"@type\":\"SearchAction\",\"target\":{\"@type\":\"EntryPoint\",\"urlTemplate\":\"https:\/\/www.campingkims.com\/de\/?s={search_term_string}\"},\"query-input\":{\"@type\":\"PropertyValueSpecification\",\"valueRequired\":true,\"valueName\":\"search_term_string\"}}],\"inLanguage\":\"de\"},{\"@type\":\"Organization\",\"@id\":\"https:\/\/www.campingkims.com\/de\/#organization\",\"name\":\"Camping Kim's Llafranc\",\"url\":\"https:\/\/www.campingkims.com\/de\/\",\"logo\":{\"@type\":\"ImageObject\",\"inLanguage\":\"de\",\"@id\":\"https:\/\/www.campingkims.com\/de\/#\/schema\/logo\/image\/\",\"url\":\"https:\/\/www.campingkims.com\/wp-content\/uploads\/logo-camping-kims-llafranc-costa-brava.png\",\"contentUrl\":\"https:\/\/www.campingkims.com\/wp-content\/uploads\/logo-camping-kims-llafranc-costa-brava.png\",\"width\":537,\"height\":257,\"caption\":\"Camping Kim's Llafranc\"},\"image\":{\"@id\":\"https:\/\/www.campingkims.com\/de\/#\/schema\/logo\/image\/\"}}]}<\/script>\n<!-- \/ Yoast SEO plugin. -->","yoast_head_json":{"title":"Konditionen Reservierung - Camping Kim&#039;s Llafranc","description":"Konditionen Reservierung  Stornobedingungen   Unterk\u00fcnfte Camping","robots":{"index":"index","follow":"follow","max-snippet":"max-snippet:-1","max-image-preview":"max-image-preview:large","max-video-preview":"max-video-preview:-1"},"canonical":"https:\/\/www.campingkims.com\/de\/konditionen-reservierung\/","og_locale":"de_DE","og_type":"article","og_title":"Konditionen Reservierung - Camping Kim&#039;s Llafranc","og_description":"Konditionen Reservierung  Stornobedingungen   Unterk\u00fcnfte Camping","og_url":"https:\/\/www.campingkims.com\/de\/konditionen-reservierung\/","og_site_name":"Camping Kim&#039;s Llafranc","article_modified_time":"2023-08-16T10:43:19+00:00","og_image":[{"url":"http:\/\/www.campingkims.com\/wp-content\/uploads\/parcelas-02.webp"}],"twitter_card":"summary_large_image","schema":{"@context":"https:\/\/schema.org","@graph":[{"@type":"WebPage","@id":"https:\/\/www.campingkims.com\/de\/konditionen-reservierung\/","url":"https:\/\/www.campingkims.com\/de\/konditionen-reservierung\/","name":"Konditionen Reservierung - Camping Kim&#039;s Llafranc","isPartOf":{"@id":"https:\/\/www.campingkims.com\/de\/#website"},"primaryImageOfPage":{"@id":"https:\/\/www.campingkims.com\/de\/konditionen-reservierung\/#primaryimage"},"image":{"@id":"https:\/\/www.campingkims.com\/de\/konditionen-reservierung\/#primaryimage"},"thumbnailUrl":"http:\/\/www.campingkims.com\/wp-content\/uploads\/parcelas-02.webp","datePublished":"2023-07-13T15:01:42+00:00","dateModified":"2023-08-16T10:43:19+00:00","description":"Konditionen Reservierung Stornobedingungen Unterk\u00fcnfte Camping","breadcrumb":{"@id":"https:\/\/www.campingkims.com\/de\/konditionen-reservierung\/#breadcrumb"},"inLanguage":"de","potentialAction":[{"@type":"ReadAction","target":["https:\/\/www.campingkims.com\/de\/konditionen-reservierung\/"]}]},{"@type":"ImageObject","inLanguage":"de","@id":"https:\/\/www.campingkims.com\/de\/konditionen-reservierung\/#primaryimage","url":"http:\/\/www.campingkims.com\/wp-content\/uploads\/parcelas-02.webp","contentUrl":"http:\/\/www.campingkims.com\/wp-content\/uploads\/parcelas-02.webp"},{"@type":"BreadcrumbList","@id":"https:\/\/www.campingkims.com\/de\/konditionen-reservierung\/#breadcrumb","itemListElement":[{"@type":"ListItem","position":1,"name":"Portada","item":"https:\/\/www.campingkims.com\/de\/"},{"@type":"ListItem","position":2,"name":"Konditionen Reservierung"}]},{"@type":"WebSite","@id":"https:\/\/www.campingkims.com\/de\/#website","url":"https:\/\/www.campingkims.com\/de\/","name":"Camping Kim's Llafranc","description":"Kim&#039;s Camping Caravaning &amp; Bungalow Park","publisher":{"@id":"https:\/\/www.campingkims.com\/de\/#organization"},"potentialAction":[{"@type":"SearchAction","target":{"@type":"EntryPoint","urlTemplate":"https:\/\/www.campingkims.com\/de\/?s={search_term_string}"},"query-input":{"@type":"PropertyValueSpecification","valueRequired":true,"valueName":"search_term_string"}}],"inLanguage":"de"},{"@type":"Organization","@id":"https:\/\/www.campingkims.com\/de\/#organization","name":"Camping Kim's Llafranc","url":"https:\/\/www.campingkims.com\/de\/","logo":{"@type":"ImageObject","inLanguage":"de","@id":"https:\/\/www.campingkims.com\/de\/#\/schema\/logo\/image\/","url":"https:\/\/www.campingkims.com\/wp-content\/uploads\/logo-camping-kims-llafranc-costa-brava.png","contentUrl":"https:\/\/www.campingkims.com\/wp-content\/uploads\/logo-camping-kims-llafranc-costa-brava.png","width":537,"height":257,"caption":"Camping Kim's Llafranc"},"image":{"@id":"https:\/\/www.campingkims.com\/de\/#\/schema\/logo\/image\/"}}]}},"_links":{"self":[{"href":"https:\/\/www.campingkims.com\/de\/wp-json\/wp\/v2\/pages\/5602"}],"collection":[{"href":"https:\/\/www.campingkims.com\/de\/wp-json\/wp\/v2\/pages"}],"about":[{"href":"https:\/\/www.campingkims.com\/de\/wp-json\/wp\/v2\/types\/page"}],"author":[{"embeddable":true,"href":"https:\/\/www.campingkims.com\/de\/wp-json\/wp\/v2\/users\/1"}],"replies":[{"embeddable":true,"href":"https:\/\/www.campingkims.com\/de\/wp-json\/wp\/v2\/comments?post=5602"}],"version-history":[{"count":1,"href":"https:\/\/www.campingkims.com\/de\/wp-json\/wp\/v2\/pages\/5602\/revisions"}],"predecessor-version":[{"id":5603,"href":"https:\/\/www.campingkims.com\/de\/wp-json\/wp\/v2\/pages\/5602\/revisions\/5603"}],"wp:attachment":[{"href":"https:\/\/www.campingkims.com\/de\/wp-json\/wp\/v2\/media?parent=5602"}],"curies":[{"name":"wp","href":"https:\/\/api.w.org\/{rel}","templated":true}]}}