{"id":5029,"date":"2023-07-13T09:19:13","date_gmt":"2023-07-13T07:19:13","guid":{"rendered":"http:\/\/www.campingkims.com\/prix-et-promotions\/prix-du-camping\/"},"modified":"2026-03-02T13:53:50","modified_gmt":"2026-03-02T12:53:50","slug":"prix-du-camping","status":"publish","type":"page","link":"https:\/\/www.campingkims.com\/fr\/prix-et-promotions\/prix-du-camping\/","title":{"rendered":"Prix du camping"},"content":{"rendered":"\n<div class=\"wp-block-group alignfull cover-page booking-article has-theme-orange-background-color has-background is-layout-constrained wp-block-group-is-layout-constrained\" style=\"margin-top:0px;margin-bottom:10vh\">\n<div class=\"wp-block-group alignwide animation--init--once pop-up is-vertical is-content-justification-center is-layout-flex wp-container-core-group-is-layout-1 wp-block-group-is-layout-flex\">\n<h1 class=\"wp-block-heading alignwide has-text-align-center has-theme-white-color has-text-color\">Prix et Offres des emplacements de camping<\/h1>\n\n\n\n<p class=\"has-text-align-center has-theme-white-color has-text-color has-roboto-slab-font-family has-h-5-font-size\" style=\"text-transform:uppercase\">2026<\/p>\n<\/div>\n\n\n\n<div class=\"wp-block-group alignwide animation--init--once booking-container has-theme-orange-background-color has-background is-vertical is-content-justification-center is-layout-flex wp-container-core-group-is-layout-3 wp-block-group-is-layout-flex\" style=\"border-radius:2rem;margin-top:0px;margin-bottom:0px;padding-top:3rem;padding-right:3rem;padding-bottom:3rem;padding-left:3rem\">\n<div class=\"wp-block-group animation--init--once alignwide booking-title is-vertical is-content-justification-center is-layout-flex wp-container-core-group-is-layout-2 wp-block-group-is-layout-flex\">\n<p class=\"has-theme-dark-purple-color has-text-color has-roboto-slab-font-family has-h-6-font-size\">RESERVATION EN LIGNE<\/p>\n\n\n\n<h4 class=\"wp-block-heading has-text-align-center has-theme-white-color has-text-color has-h-4-font-size\">R\u00e9servez vos vacances sur la Costa Brava<\/h4>\n\n\n\n<figure class=\"wp-block-image size-large is-resized wp-duotone-221b40-221b40-1\"><img decoding=\"async\" src=\"http:\/\/www.campingkims.com\/wp-content\/uploads\/ola-separadora.svg\" alt=\"\" class=\"wp-image-921\" width=\"70\"\/><\/figure>\n<\/div>\n\n\n<script>\n            document.addEventListener('DOMContentLoaded', function () {\n\n                var widget = new MasterWidget('widgetBookingContainer9228', {\n                    lang: 'fr',idProperty: '61',class: 'widget_columns',categoryIds: [1],target: '_blank',dropdown: true,\n                    url: 'https:\/\/booking.campingkims.com'\n                });\n\n\n            });\n\n            <\/script><div id=\"widgetBookingContainer9228\"> <\/div>\n<\/div>\n<\/div>\n\n<div class=\"wp-block-group alignwide is-layout-constrained wp-block-group-is-layout-constrained\" style=\"margin-bottom:8vh\">\n<h2 class=\"wp-block-heading has-text-align-center animation--init--once slide-up has-theme-dark-purple-color has-text-color has-link-color wp-elements-c325187b60447668485343a6172a79ac\">Forfait Mai<\/h2>\n\n\n\n<div class=\"wp-block-columns animation--init--once slide-up is-layout-flex wp-container-core-columns-is-layout-1 wp-block-columns-is-layout-flex\">\n<div class=\"wp-block-column has-theme-grey-background-color has-background is-layout-flow wp-block-column-is-layout-flow\">\n<p class=\"has-text-align-center has-theme-dark-purple-color has-text-color has-link-color has-h-6-font-size wp-elements-e3d86c2c7bd33b0eebf5578792d2efe1\"><strong>7 Nuits<\/strong><\/p>\n\n\n\n<div class=\"wp-block-group is-vertical is-content-justification-center is-layout-flex wp-container-core-group-is-layout-5 wp-block-group-is-layout-flex\">\n<p class=\"has-theme-purple-color has-text-color has-link-color has-h-4-font-size wp-elements-22c16878c6342e1eed4cd07717c2f1a8\"><strong>189\u20ac<\/strong><\/p>\n\n\n\n<p class=\"has-text-align-left has-theme-purple-color has-text-color has-link-color has-h-6-font-size wp-elements-8c83c28d60f25b29a51c73a94d1e5ebe\"><strong>27\u20ac\/nuit<\/strong><\/p>\n<\/div>\n<\/div>\n\n\n\n<div class=\"wp-block-column has-theme-grey-background-color has-background is-layout-flow wp-block-column-is-layout-flow\">\n<p class=\"has-text-align-center has-theme-dark-purple-color has-text-color has-link-color has-h-6-font-size wp-elements-7b66c981683ab7cbfcf5642587bd1dac\"><strong>14 Nuits <\/strong><\/p>\n\n\n\n<div class=\"wp-block-group is-vertical is-content-justification-center is-layout-flex wp-container-core-group-is-layout-6 wp-block-group-is-layout-flex\">\n<p class=\"has-theme-purple-color has-text-color has-link-color has-h-4-font-size wp-elements-646af933ed3c847ca849617bdaaa237b\"><strong>350\u20ac<\/strong><\/p>\n\n\n\n<p class=\"has-text-align-left has-theme-purple-color has-text-color has-link-color has-h-6-font-size wp-elements-008cbd3e88ce31e37756691d4a4989dc\"><strong>25\u20ac\/nuit<\/strong><\/p>\n<\/div>\n<\/div>\n\n\n\n<div class=\"wp-block-column has-theme-grey-background-color has-background is-layout-flow wp-block-column-is-layout-flow\">\n<p class=\"has-text-align-center has-theme-dark-purple-color has-text-color has-link-color has-h-6-font-size wp-elements-2496dfe16bbfbbef71471bb044e641ab\"><strong>21 Nuits <\/strong><\/p>\n\n\n\n<div class=\"wp-block-group is-vertical is-content-justification-center is-layout-flex wp-container-core-group-is-layout-7 wp-block-group-is-layout-flex\">\n<p class=\"has-theme-purple-color has-text-color has-link-color has-h-4-font-size wp-elements-6ec8db418e4152f30a3019f6e7b05f63\"><strong>462\u20ac<\/strong><\/p>\n\n\n\n<p class=\"has-text-align-left has-theme-purple-color has-text-color has-link-color has-h-6-font-size wp-elements-7abf1934842e4f20ca7778a96d864ef5\"><strong>22\u20ac\/nuit<\/strong><\/p>\n<\/div>\n<\/div>\n\n\n\n<div class=\"wp-block-column has-theme-grey-background-color has-background is-layout-flow wp-block-column-is-layout-flow\">\n<p class=\"has-text-align-center has-theme-dark-purple-color has-text-color has-link-color has-h-6-font-size wp-elements-e441bb08fe210fb6f0cba292c9a3df91\"><strong>30 Nuits <\/strong><\/p>\n\n\n\n<div class=\"wp-block-group is-vertical is-content-justification-center is-layout-flex wp-container-core-group-is-layout-8 wp-block-group-is-layout-flex\">\n<p class=\"has-theme-purple-color has-text-color has-link-color has-h-4-font-size wp-elements-fd259460769b90c489822f0340419101\"><strong>570\u20ac<\/strong><\/p>\n\n\n\n<p class=\"has-text-align-left has-theme-purple-color has-text-color has-link-color has-h-6-font-size wp-elements-b6aa30bf00a08e004caf24dac3a92e2d\"><strong>19\u20ac\/nuit<\/strong><\/p>\n<\/div>\n<\/div>\n<\/div>\n\n\n\n<p class=\"has-text-align-center animation--init--once slide-up has-h-5-font-size\">Emplacement + 2 personnes<\/p>\n\n\n\n<p class=\"has-text-align-center animation--init--once slide-up has-text-small-font-size\">Prix par nuit. 10 % TVA comprise.<br\/>Taxe touristique non comprise : 0,66 \u20ac \/ nuit par personne (+17 ans) pour un maximum de 7 nuits.<\/p>\n<\/div>\n\n<h2 class=\"wp-block-heading alignwide animation--init--once slide-right has-theme-dark-purple-color has-text-color\">Prix des emplacements de camping<\/h2>\n\n<div class=\"wp-block-group alignfull camping-table-container is-layout-constrained wp-block-group-is-layout-constrained\">\n<figure class=\"wp-block-table alignwide styled-table camping-table is-style-stripes animation--init--once slide-up\" style=\"margin-bottom:10vh\"><table><thead><tr><th>Prix par nuit<\/th><th class=\"has-text-align-center\" data-align=\"center\">Adulte<\/th><th class=\"has-text-align-center\" data-align=\"center\">Enfants (3 \u2013 10 a.)<\/th><th class=\"has-text-align-center\" data-align=\"center\">Parcelle<\/th><th class=\"has-text-align-center\" data-align=\"center\">Visit adulte<\/th><th class=\"has-text-align-center\" data-align=\"center\">Visit enfant<\/th><\/tr><\/thead><tbody><tr><td><strong>30\/04 &#8211; 31\/05<\/strong> | <strong>14\/09 &#8211; 27\/09<\/strong><br>BASSE SAISON<\/td><td class=\"has-text-align-center\" data-align=\"center\"><strong>6<sup>&rsquo;50\u20ac<\/sup><\/strong><\/td><td class=\"has-text-align-center\" data-align=\"center\"><strong>3<sup>,20\u20ac<\/sup><\/strong><\/td><td class=\"has-text-align-center\" data-align=\"center\"><strong>14<sup>,00\u20ac<\/sup><\/strong><\/td><td class=\"has-text-align-center\" data-align=\"center\"><strong>8<sup>,00\u20ac<\/sup><\/strong><\/td><td class=\"has-text-align-center\" data-align=\"center\"><strong>5<sup>,00\u20ac<\/sup><\/strong><\/td><\/tr><tr><td><strong>01\/06 &#8211; 21\/06 | 01\/09 &#8211; 13\/09 <\/strong><br>MOYENNE SAISON 1<\/td><td class=\"has-text-align-center\" data-align=\"center\"><strong>8<sup>&rsquo;50\u20ac<\/sup><\/strong><\/td><td class=\"has-text-align-center\" data-align=\"center\"><strong>4<sup>,80\u20ac<\/sup><\/strong><\/td><td class=\"has-text-align-center\" data-align=\"center\"><strong>17<sup>,00\u20ac<\/sup><\/strong><\/td><td class=\"has-text-align-center\" data-align=\"center\"><strong>10<sup>,00\u20ac<\/sup><\/strong><\/td><td class=\"has-text-align-center\" data-align=\"center\"><strong>6<sup>,00\u20ac<\/sup><\/strong><\/td><\/tr><tr><td><strong>22\/06 &#8211; 16\/07 | 24\/08 &#8211; 31\/08<\/strong><br>MOYENNE SAISON 2<\/td><td class=\"has-text-align-center\" data-align=\"center\"><strong>9<sup>&rsquo;50\u20ac<\/sup><\/strong><\/td><td class=\"has-text-align-center\" data-align=\"center\"><strong>5<sup>&rsquo;80\u20ac<\/sup><\/strong><\/td><td class=\"has-text-align-center\" data-align=\"center\"><strong>29<sup>&rsquo;00\u20ac<\/sup><\/strong><\/td><td class=\"has-text-align-center\" data-align=\"center\"><strong>11<sup>&rsquo;00\u20ac<\/sup><\/strong><\/td><td class=\"has-text-align-center\" data-align=\"center\"><strong>8<sup>&rsquo;00\u20ac<\/sup><\/strong><\/td><\/tr><tr><td><strong>17\/07 &#8211; 23\/08<\/strong><br>HAUTE SAISON<\/td><td class=\"has-text-align-center\" data-align=\"center\"><strong>10<sup>,90\u20ac<\/sup><\/strong><\/td><td class=\"has-text-align-center\" data-align=\"center\"><strong>6<sup>,40\u20ac<\/sup><\/strong><\/td><td class=\"has-text-align-center\" data-align=\"center\"><strong>45<sup>,20\u20ac<\/sup><\/strong><\/td><td class=\"has-text-align-center\" data-align=\"center\"><strong>12<sup>,00\u20ac<\/sup><\/strong><\/td><td class=\"has-text-align-center\" data-align=\"center\"><strong>9<sup>,00\u20ac<\/sup><\/strong><\/td><\/tr><\/tbody><\/table><\/figure>\n<\/div>\n\n<div class=\"wp-block-auto-tabs accommodation-tabs alignfull has-custom-margin animation--init--once\" style=\"margin-bottom:14vh;\" data-selector=\"h3\">\n  <div class=\"acf-innerblocks-container\">\n\n<div class=\"wp-block-group auto-tabs-wrapper is-layout-flow wp-block-group-is-layout-flow\">\n<p class=\"has-text-align-center\"><strong>Aqu\u00ed se mostrar\u00e1n las pesta\u00f1as.<\/strong><br> El primer <strong>h3<\/strong> de cada contenido se usar\u00e1 como t\u00edtulo de su pesta\u00f1a. Puedes cambiarlo por otro tag o una clase en el panel lateral<\/p>\n<\/div>\n\n\n\n<div class=\"wp-block-group auto-content-wrapper has-theme-soft-blue-background-color has-background is-layout-flow wp-block-group-is-layout-flow\">\n<div class=\"wp-block-group is-layout-flow wp-block-group-is-layout-flow\">\n<h3 class=\"wp-block-heading has-text-align-center\">Informations<\/h3>\n\n\n\n<ul class=\"wp-block-list styled-list has-theme-purple-color has-text-color\">\n<li><strong>Prix en euros (EUR \u20ac).<\/strong><br>10% de TVA inclus. En cas de variation officielle de la TVA, les prix peuvent varier.<\/li>\n\n\n\n<li><strong>Taxe de s\u00e9jour non incluse:<\/strong> 0,66\u20ac\/nuit par personne (+17 ans) pour un maximum de 7 nuits.<\/li>\n\n\n\n<li><strong>Arriv\u00e9e:<\/strong> Les emplacements sont disponibles \u00e0 partir de 16h.<\/li>\n\n\n\n<li><strong>D\u00e9part:<\/strong> les parcelles doivent \u00eatre nettoy\u00e9es avant 11h.<\/li>\n\n\n\n<li><\/li>\n<\/ul>\n<\/div>\n\n\n\n<div class=\"wp-block-group is-layout-flow wp-block-group-is-layout-flow\">\n<h3 class=\"wp-block-heading has-text-align-center\">Conditions<\/h3>\n\n\n\n<ul class=\"wp-block-list styled-list has-theme-purple-color has-text-color\">\n<li>Le montant \u00e0 r\u00e9server est de 60 \u20ac par emplacement. Ce montant sera d\u00e9duit du montant total de votre facture de s\u00e9jour.<\/li>\n\n\n\n<li>Ce paiement ne conf\u00e8re aucun droit de choisir un num\u00e9ro de colis sp\u00e9cifique. Apr\u00e8s r\u00e9ception de l&rsquo;acompte, la r\u00e9servation sera envoy\u00e9e par email.<\/li>\n\n\n\n<li>ANNULATIONS\n<ul class=\"wp-block-list\">\n<li>Annulation 5 \u00e0 3 semaines avant le jour d&rsquo;arriv\u00e9e: R\u00e9tention de 60% de l&rsquo;acompte.<\/li>\n\n\n\n<li>Annulation 2 semaines avant le jour d&rsquo;arriv\u00e9e: R\u00e9tention de 100% de l&rsquo;acompte.<\/li>\n\n\n\n<li>(R\u00e9tention minimale pour les frais d&rsquo;annulation: 35\u20ac)<\/li>\n<\/ul>\n<\/li>\n<\/ul>\n<\/div>\n<\/div>\n\n<\/div><\/div>\n<figure class=\"wp-block-image size-large is-style-icon-row animation--init--once slide-left discount-icon wp-duotone-ffb434-ffb434-2\"><img loading=\"lazy\" decoding=\"async\" width=\"25\" height=\"25\" src=\"http:\/\/www.campingkims.com\/wp-content\/uploads\/descuento.svg\" alt=\"\" class=\"wp-image-1492\"\/><figcaption class=\"wp-element-caption\"><strong>Offres emplacements camping<\/strong><\/figcaption><\/figure>\n\n\n\n<div class=\"wp-block-columns alignwide is-layout-flex wp-container-core-columns-is-layout-2 wp-block-columns-is-layout-flex\">\n<div class=\"wp-block-column price-col animation--init--once slide-up has-theme-white-color has-theme-orange-background-color has-text-color has-background is-layout-flow wp-block-column-is-layout-flow\">\n<p class=\"large-font has-h-2-font-size\" style=\"margin-bottom:0px\"><strong><em>10% + 7 nuits<\/em><\/strong><\/p>\n\n\n\n<p class=\"large-font has-h-2-font-size\" style=\"margin-top:0px\"><em><strong>13% + 14 nuits<\/strong><\/em><\/p>\n\n\n\n<p class=\"large-font has-h-2-font-size\" style=\"margin-top:0px\"><strong><em>15% + 20 nuits<\/em><\/strong><\/p>\n\n\n\n<p class=\"large-font has-h-2-font-size\" style=\"margin-top:0px\"><strong><em>20% + 30 nuits<\/em><\/strong><\/p>\n\n\n\n<p class=\"is-style-default has-roboto-slab-font-family has-text-small-font-size\" style=\"margin-top:0px;text-transform:uppercase\"><strong><strong>30\/04 \u2013 16\/07 \u00a0|\u00a024\/08 \u2013 27\/09<\/strong><\/strong><\/p>\n\n\n\n<p class=\"is-style-default has-roboto-slab-font-family has-text-small-font-size\" style=\"margin-top:0px;text-transform:uppercase\"><strong>BASSE ET MOYENNE SAISON<\/strong><\/p>\n\n\n\n<p class=\"is-style-default\" style=\"margin-top:0px\">1 parcelle + 2 personnes + voiture + prise \u00e9lectrique<\/p>\n<\/div>\n\n\n\n<div class=\"wp-block-column price-col animation--init--once slide-up delay-1 has-theme-white-color has-theme-blue-background-color has-text-color has-background is-layout-flow wp-block-column-is-layout-flow\">\n<p class=\"large-font has-h-2-font-size\"><strong><em>5% + 7 nuits<\/em><\/strong><\/p>\n\n\n\n<p class=\"is-style-default has-roboto-slab-font-family has-text-small-font-size\" style=\"margin-top:0px;text-transform:uppercase\"><strong>17\/07-23\/08<\/strong><\/p>\n\n\n\n<p class=\"is-style-default has-roboto-slab-font-family has-text-small-font-size\" style=\"margin-top:0px;text-transform:uppercase\"><strong>HAUTE SAISON<\/strong><\/p>\n\n\n\n<p class=\"is-style-default\" style=\"margin-top:0px\">1 parcelle + 2 personnes + voiture + prise \u00e9lectrique<\/p>\n<\/div>\n<\/div>\n\n\n\n<p class=\"animation--init--once slide-left alignwide has-theme-purple-color has-text-color has-text-small-font-size\" style=\"margin-bottom:10vh\">* S\u00e9jours \u00e0 partir de 7 nuits.<br>* Remises non cumulatives, d\u00e9j\u00e0 appliqu\u00e9es lors de la r\u00e9servation<\/p>\n\n<div class=\"wp-block-buttons animation--init--once slide-up is-content-justification-center is-layout-flex wp-container-core-buttons-is-layout-1 wp-block-buttons-is-layout-flex\" style=\"margin-bottom:18vh\">\n<div class=\"wp-block-button invert-icon\"><a class=\"wp-block-button__link has-theme-green-background-color has-background wp-element-button\" href=\"https:\/\/booking.campingkims.com\/search?categoryIds=1&amp;lang=es\" style=\"border-radius:8px\" target=\"_blank\" rel=\"noreferrer noopener\"><img loading=\"lazy\" decoding=\"async\" width=\"25\" height=\"24\" class=\"wp-image-1321\" style=\"width: 25px;\" src=\"http:\/\/www.campingkims.com\/wp-content\/uploads\/reservar.svg\" alt=\"\"\/><strong>VOIR LES DISPONIBILIT\u00c9S<\/strong><\/a><\/div>\n<\/div>\n","protected":false},"excerpt":{"rendered":"<p>Prix et Offres des emplacements de camping 2026 Forfait Mai 7 Nuits 189\u20ac 27\u20ac\/nuit 14 Nuits 350\u20ac 25\u20ac\/nuit 21 Nuits 462\u20ac 22\u20ac\/nuit 30 Nuits 570\u20ac&#8230;<\/p>\n","protected":false},"author":2,"featured_media":0,"parent":5001,"menu_order":0,"comment_status":"closed","ping_status":"closed","template":"","meta":{"_acf_changed":false,"inline_featured_image":false,"footnotes":""},"class_list":["post-5029","page","type-page","status-publish","hentry"],"acf":[],"yoast_head":"<!-- This site is optimized with the Yoast SEO plugin v23.5 - https:\/\/yoast.com\/wordpress\/plugins\/seo\/ -->\n<title>Prix du camping - Camping Kim&#039;s Llafranc<\/title>\n<meta name=\"description\" content=\"Prix et Offres des emplacements de camping 2026 Forfait Mai 7 Nuits 189\u20ac 27\u20ac\/nuit 14 Nuits 350\u20ac 25\u20ac\/nuit 21 Nuits 462\u20ac 22\u20ac\/nuit 30 Nuits 570\u20ac 19\u20ac\/nuit\" \/>\n<meta name=\"robots\" content=\"index, follow, max-snippet:-1, max-image-preview:large, max-video-preview:-1\" \/>\n<link rel=\"canonical\" href=\"https:\/\/www.campingkims.com\/fr\/prix-et-promotions\/prix-du-camping\/\" \/>\n<meta property=\"og:locale\" content=\"fr_FR\" \/>\n<meta property=\"og:type\" content=\"article\" \/>\n<meta property=\"og:title\" content=\"Prix du camping - Camping Kim&#039;s Llafranc\" \/>\n<meta property=\"og:description\" content=\"Prix et Offres des emplacements de camping 2026 Forfait Mai 7 Nuits 189\u20ac 27\u20ac\/nuit 14 Nuits 350\u20ac 25\u20ac\/nuit 21 Nuits 462\u20ac 22\u20ac\/nuit 30 Nuits 570\u20ac 19\u20ac\/nuit\" \/>\n<meta property=\"og:url\" content=\"https:\/\/www.campingkims.com\/fr\/prix-et-promotions\/prix-du-camping\/\" \/>\n<meta property=\"og:site_name\" content=\"Camping Kim&#039;s Llafranc\" \/>\n<meta property=\"article:modified_time\" content=\"2026-03-02T12:53:50+00:00\" \/>\n<meta property=\"og:image\" content=\"http:\/\/www.campingkims.com\/wp-content\/uploads\/reservar.svg\" \/>\n<meta name=\"twitter:card\" content=\"summary_large_image\" \/>\n<script type=\"application\/ld+json\" class=\"yoast-schema-graph\">{\"@context\":\"https:\/\/schema.org\",\"@graph\":[{\"@type\":\"WebPage\",\"@id\":\"https:\/\/www.campingkims.com\/fr\/prix-et-promotions\/prix-du-camping\/\",\"url\":\"https:\/\/www.campingkims.com\/fr\/prix-et-promotions\/prix-du-camping\/\",\"name\":\"Prix du camping - Camping Kim&#039;s Llafranc\",\"isPartOf\":{\"@id\":\"https:\/\/www.campingkims.com\/fr\/#website\"},\"primaryImageOfPage\":{\"@id\":\"https:\/\/www.campingkims.com\/fr\/prix-et-promotions\/prix-du-camping\/#primaryimage\"},\"image\":{\"@id\":\"https:\/\/www.campingkims.com\/fr\/prix-et-promotions\/prix-du-camping\/#primaryimage\"},\"thumbnailUrl\":\"http:\/\/www.campingkims.com\/wp-content\/uploads\/reservar.svg\",\"datePublished\":\"2023-07-13T07:19:13+00:00\",\"dateModified\":\"2026-03-02T12:53:50+00:00\",\"description\":\"Prix et Offres des emplacements de camping 2026 Forfait Mai 7 Nuits 189\u20ac 27\u20ac\/nuit 14 Nuits 350\u20ac 25\u20ac\/nuit 21 Nuits 462\u20ac 22\u20ac\/nuit 30 Nuits 570\u20ac 19\u20ac\/nuit\",\"breadcrumb\":{\"@id\":\"https:\/\/www.campingkims.com\/fr\/prix-et-promotions\/prix-du-camping\/#breadcrumb\"},\"inLanguage\":\"fr-FR\",\"potentialAction\":[{\"@type\":\"ReadAction\",\"target\":[\"https:\/\/www.campingkims.com\/fr\/prix-et-promotions\/prix-du-camping\/\"]}]},{\"@type\":\"ImageObject\",\"inLanguage\":\"fr-FR\",\"@id\":\"https:\/\/www.campingkims.com\/fr\/prix-et-promotions\/prix-du-camping\/#primaryimage\",\"url\":\"http:\/\/www.campingkims.com\/wp-content\/uploads\/reservar.svg\",\"contentUrl\":\"http:\/\/www.campingkims.com\/wp-content\/uploads\/reservar.svg\"},{\"@type\":\"BreadcrumbList\",\"@id\":\"https:\/\/www.campingkims.com\/fr\/prix-et-promotions\/prix-du-camping\/#breadcrumb\",\"itemListElement\":[{\"@type\":\"ListItem\",\"position\":1,\"name\":\"Portada\",\"item\":\"https:\/\/www.campingkims.com\/fr\/\"},{\"@type\":\"ListItem\",\"position\":2,\"name\":\"Prix et promotions\",\"item\":\"https:\/\/www.campingkims.com\/fr\/prix-et-promotions\/\"},{\"@type\":\"ListItem\",\"position\":3,\"name\":\"Prix du camping\"}]},{\"@type\":\"WebSite\",\"@id\":\"https:\/\/www.campingkims.com\/fr\/#website\",\"url\":\"https:\/\/www.campingkims.com\/fr\/\",\"name\":\"Camping Kim's Llafranc\",\"description\":\"Kim&#039;s Camping Caravaning &amp; Bungalow Park\",\"publisher\":{\"@id\":\"https:\/\/www.campingkims.com\/fr\/#organization\"},\"potentialAction\":[{\"@type\":\"SearchAction\",\"target\":{\"@type\":\"EntryPoint\",\"urlTemplate\":\"https:\/\/www.campingkims.com\/fr\/?s={search_term_string}\"},\"query-input\":{\"@type\":\"PropertyValueSpecification\",\"valueRequired\":true,\"valueName\":\"search_term_string\"}}],\"inLanguage\":\"fr-FR\"},{\"@type\":\"Organization\",\"@id\":\"https:\/\/www.campingkims.com\/fr\/#organization\",\"name\":\"Camping Kim's Llafranc\",\"url\":\"https:\/\/www.campingkims.com\/fr\/\",\"logo\":{\"@type\":\"ImageObject\",\"inLanguage\":\"fr-FR\",\"@id\":\"https:\/\/www.campingkims.com\/fr\/#\/schema\/logo\/image\/\",\"url\":\"https:\/\/www.campingkims.com\/wp-content\/uploads\/logo-camping-kims-llafranc-costa-brava.png\",\"contentUrl\":\"https:\/\/www.campingkims.com\/wp-content\/uploads\/logo-camping-kims-llafranc-costa-brava.png\",\"width\":537,\"height\":257,\"caption\":\"Camping Kim's Llafranc\"},\"image\":{\"@id\":\"https:\/\/www.campingkims.com\/fr\/#\/schema\/logo\/image\/\"}}]}<\/script>\n<!-- \/ Yoast SEO plugin. -->","yoast_head_json":{"title":"Prix du camping - Camping Kim&#039;s Llafranc","description":"Prix et Offres des emplacements de camping 2026 Forfait Mai 7 Nuits 189\u20ac 27\u20ac\/nuit 14 Nuits 350\u20ac 25\u20ac\/nuit 21 Nuits 462\u20ac 22\u20ac\/nuit 30 Nuits 570\u20ac 19\u20ac\/nuit","robots":{"index":"index","follow":"follow","max-snippet":"max-snippet:-1","max-image-preview":"max-image-preview:large","max-video-preview":"max-video-preview:-1"},"canonical":"https:\/\/www.campingkims.com\/fr\/prix-et-promotions\/prix-du-camping\/","og_locale":"fr_FR","og_type":"article","og_title":"Prix du camping - Camping Kim&#039;s Llafranc","og_description":"Prix et Offres des emplacements de camping 2026 Forfait Mai 7 Nuits 189\u20ac 27\u20ac\/nuit 14 Nuits 350\u20ac 25\u20ac\/nuit 21 Nuits 462\u20ac 22\u20ac\/nuit 30 Nuits 570\u20ac 19\u20ac\/nuit","og_url":"https:\/\/www.campingkims.com\/fr\/prix-et-promotions\/prix-du-camping\/","og_site_name":"Camping Kim&#039;s Llafranc","article_modified_time":"2026-03-02T12:53:50+00:00","og_image":[{"url":"http:\/\/www.campingkims.com\/wp-content\/uploads\/reservar.svg"}],"twitter_card":"summary_large_image","schema":{"@context":"https:\/\/schema.org","@graph":[{"@type":"WebPage","@id":"https:\/\/www.campingkims.com\/fr\/prix-et-promotions\/prix-du-camping\/","url":"https:\/\/www.campingkims.com\/fr\/prix-et-promotions\/prix-du-camping\/","name":"Prix du camping - Camping Kim&#039;s Llafranc","isPartOf":{"@id":"https:\/\/www.campingkims.com\/fr\/#website"},"primaryImageOfPage":{"@id":"https:\/\/www.campingkims.com\/fr\/prix-et-promotions\/prix-du-camping\/#primaryimage"},"image":{"@id":"https:\/\/www.campingkims.com\/fr\/prix-et-promotions\/prix-du-camping\/#primaryimage"},"thumbnailUrl":"http:\/\/www.campingkims.com\/wp-content\/uploads\/reservar.svg","datePublished":"2023-07-13T07:19:13+00:00","dateModified":"2026-03-02T12:53:50+00:00","description":"Prix et Offres des emplacements de camping 2026 Forfait Mai 7 Nuits 189\u20ac 27\u20ac\/nuit 14 Nuits 350\u20ac 25\u20ac\/nuit 21 Nuits 462\u20ac 22\u20ac\/nuit 30 Nuits 570\u20ac 19\u20ac\/nuit","breadcrumb":{"@id":"https:\/\/www.campingkims.com\/fr\/prix-et-promotions\/prix-du-camping\/#breadcrumb"},"inLanguage":"fr-FR","potentialAction":[{"@type":"ReadAction","target":["https:\/\/www.campingkims.com\/fr\/prix-et-promotions\/prix-du-camping\/"]}]},{"@type":"ImageObject","inLanguage":"fr-FR","@id":"https:\/\/www.campingkims.com\/fr\/prix-et-promotions\/prix-du-camping\/#primaryimage","url":"http:\/\/www.campingkims.com\/wp-content\/uploads\/reservar.svg","contentUrl":"http:\/\/www.campingkims.com\/wp-content\/uploads\/reservar.svg"},{"@type":"BreadcrumbList","@id":"https:\/\/www.campingkims.com\/fr\/prix-et-promotions\/prix-du-camping\/#breadcrumb","itemListElement":[{"@type":"ListItem","position":1,"name":"Portada","item":"https:\/\/www.campingkims.com\/fr\/"},{"@type":"ListItem","position":2,"name":"Prix et promotions","item":"https:\/\/www.campingkims.com\/fr\/prix-et-promotions\/"},{"@type":"ListItem","position":3,"name":"Prix du camping"}]},{"@type":"WebSite","@id":"https:\/\/www.campingkims.com\/fr\/#website","url":"https:\/\/www.campingkims.com\/fr\/","name":"Camping Kim's Llafranc","description":"Kim&#039;s Camping Caravaning &amp; Bungalow Park","publisher":{"@id":"https:\/\/www.campingkims.com\/fr\/#organization"},"potentialAction":[{"@type":"SearchAction","target":{"@type":"EntryPoint","urlTemplate":"https:\/\/www.campingkims.com\/fr\/?s={search_term_string}"},"query-input":{"@type":"PropertyValueSpecification","valueRequired":true,"valueName":"search_term_string"}}],"inLanguage":"fr-FR"},{"@type":"Organization","@id":"https:\/\/www.campingkims.com\/fr\/#organization","name":"Camping Kim's Llafranc","url":"https:\/\/www.campingkims.com\/fr\/","logo":{"@type":"ImageObject","inLanguage":"fr-FR","@id":"https:\/\/www.campingkims.com\/fr\/#\/schema\/logo\/image\/","url":"https:\/\/www.campingkims.com\/wp-content\/uploads\/logo-camping-kims-llafranc-costa-brava.png","contentUrl":"https:\/\/www.campingkims.com\/wp-content\/uploads\/logo-camping-kims-llafranc-costa-brava.png","width":537,"height":257,"caption":"Camping Kim's Llafranc"},"image":{"@id":"https:\/\/www.campingkims.com\/fr\/#\/schema\/logo\/image\/"}}]}},"_links":{"self":[{"href":"https:\/\/www.campingkims.com\/fr\/wp-json\/wp\/v2\/pages\/5029"}],"collection":[{"href":"https:\/\/www.campingkims.com\/fr\/wp-json\/wp\/v2\/pages"}],"about":[{"href":"https:\/\/www.campingkims.com\/fr\/wp-json\/wp\/v2\/types\/page"}],"author":[{"embeddable":true,"href":"https:\/\/www.campingkims.com\/fr\/wp-json\/wp\/v2\/users\/2"}],"replies":[{"embeddable":true,"href":"https:\/\/www.campingkims.com\/fr\/wp-json\/wp\/v2\/comments?post=5029"}],"version-history":[{"count":11,"href":"https:\/\/www.campingkims.com\/fr\/wp-json\/wp\/v2\/pages\/5029\/revisions"}],"predecessor-version":[{"id":9466,"href":"https:\/\/www.campingkims.com\/fr\/wp-json\/wp\/v2\/pages\/5029\/revisions\/9466"}],"up":[{"embeddable":true,"href":"https:\/\/www.campingkims.com\/fr\/wp-json\/wp\/v2\/pages\/5001"}],"wp:attachment":[{"href":"https:\/\/www.campingkims.com\/fr\/wp-json\/wp\/v2\/media?parent=5029"}],"curies":[{"name":"wp","href":"https:\/\/api.w.org\/{rel}","templated":true}]}}