{"id":5076,"date":"2023-07-10T13:41:22","date_gmt":"2023-07-10T11:41:22","guid":{"rendered":"http:\/\/www.campingkims.com\/hebergement\/"},"modified":"2025-08-28T13:14:57","modified_gmt":"2025-08-28T11:14:57","slug":"hebergement","status":"publish","type":"page","link":"https:\/\/www.campingkims.com\/fr\/hebergement\/","title":{"rendered":"H\u00e9bergement"},"content":{"rendered":"\n<div class=\"wp-block-cover alignfull is-light cover-page animation--init--once is-style-no-margin\" style=\"margin-top:0px;margin-bottom:0vh;min-height:795px;aspect-ratio:unset;\"><span aria-hidden=\"true\" class=\"wp-block-cover__background has-background-dim-0 has-background-dim has-background-gradient has-theme-black-transparent-gradient-background\"><\/span><img loading=\"lazy\" decoding=\"async\" width=\"1920\" height=\"1280\" class=\"wp-block-cover__image-background wp-image-1387\" alt=\"\" src=\"http:\/\/www.campingkims.com\/wp-content\/uploads\/villa-anita-03.webp\" data-object-fit=\"cover\" srcset=\"https:\/\/www.campingkims.com\/wp-content\/uploads\/villa-anita-03.webp 1920w, https:\/\/www.campingkims.com\/wp-content\/uploads\/villa-anita-03-1024x683.webp 1024w, https:\/\/www.campingkims.com\/wp-content\/uploads\/villa-anita-03-768x512.webp 768w, https:\/\/www.campingkims.com\/wp-content\/uploads\/villa-anita-03-1536x1024.webp 1536w, https:\/\/www.campingkims.com\/wp-content\/uploads\/villa-anita-03-512x341.webp 512w, https:\/\/www.campingkims.com\/wp-content\/uploads\/villa-anita-03-256x171.webp 256w\" sizes=\"(max-width: 1920px) 100vw, 1920px\" \/><div class=\"wp-block-cover__inner-container is-layout-flow wp-block-cover-is-layout-flow\">\n<figure class=\"wp-block-image alignfull size-large animation--init--once slide-up is-style-no-margin waves wp-duotone-ecf8fb-ecf8fb-1\"><img loading=\"lazy\" decoding=\"async\" width=\"1700\" height=\"104\" src=\"http:\/\/www.campingkims.com\/wp-content\/uploads\/waves.svg\" alt=\"\" class=\"wp-image-926\"\/><\/figure>\n<\/div><\/div>\n\n\n\n<div class=\"wp-block-group alignfull booking-group booking-module animation--init--once has-theme-soft-blue-background-color has-background is-layout-constrained wp-block-group-is-layout-constrained\" style=\"margin-top:0px;margin-bottom:35vh\">\n<div class=\"wp-block-group animation--init--once slide-up is-vertical is-content-justification-center is-layout-flex wp-container-core-group-is-layout-1 wp-block-group-is-layout-flex\" style=\"margin-bottom:10vh\">\n<h1 class=\"wp-block-heading has-text-align-center has-theme-dark-purple-color has-text-color has-h-2-font-size\">H\u00e9bergement<\/h1>\n\n\n\n<p class=\"has-theme-dark-purple-color has-text-color has-roboto-slab-font-family has-h-5-font-size\" style=\"text-transform:uppercase\"><strong>H\u00e9bergement au Camping Kim\u2019s, partez en vacances au c\u0153ur de la Costa Brava<\/strong><\/p>\n\n\n\n<figure class=\"wp-block-image size-large is-resized wp-duotone-1ac6fe-fff-2\"><img loading=\"lazy\" decoding=\"async\" width=\"25\" height=\"9\" src=\"http:\/\/www.campingkims.com\/wp-content\/uploads\/ola-separadora.svg\" alt=\"\" class=\"wp-image-921\" style=\"width:70px;height:undefinedpx\"\/><\/figure>\n<\/div>\n\n\n\n<div class=\"wp-block-columns alignwide are-vertically-aligned-center is-layout-flex wp-container-core-columns-is-layout-1 wp-block-columns-is-layout-flex\" style=\"margin-bottom:240px\">\n<div class=\"wp-block-column is-vertically-aligned-center is-layout-flow wp-block-column-is-layout-flow\" style=\"flex-basis:40%\">\n<figure class=\"wp-block-image size-full has-custom-border animation--init--once slide-right dots-shadow is-style-aspect-ratio-1_1\"><img loading=\"lazy\" decoding=\"async\" width=\"1920\" height=\"1280\" src=\"http:\/\/www.campingkims.com\/wp-content\/uploads\/bungalow-caprice-08.webp\" alt=\"\" class=\"wp-image-1707\" style=\"border-radius:2rem\" srcset=\"https:\/\/www.campingkims.com\/wp-content\/uploads\/bungalow-caprice-08.webp 1920w, https:\/\/www.campingkims.com\/wp-content\/uploads\/bungalow-caprice-08-1024x683.webp 1024w, https:\/\/www.campingkims.com\/wp-content\/uploads\/bungalow-caprice-08-768x512.webp 768w, https:\/\/www.campingkims.com\/wp-content\/uploads\/bungalow-caprice-08-1536x1024.webp 1536w, https:\/\/www.campingkims.com\/wp-content\/uploads\/bungalow-caprice-08-512x341.webp 512w, https:\/\/www.campingkims.com\/wp-content\/uploads\/bungalow-caprice-08-256x171.webp 256w\" sizes=\"(max-width: 1920px) 100vw, 1920px\" \/><\/figure><\/div>\n\n\n\n<div class=\"wp-block-column is-vertically-aligned-center is-layout-flow wp-block-column-is-layout-flow\" style=\"flex-basis:60%\">\n<p class=\"animation--init--once slide-left has-theme-purple-color has-text-color\">C&rsquo;est un endroit id\u00e9al pour venir en vacances et d\u00e9couvrir les nombreux coins que cache la Costa Brava. <strong>Kim&rsquo;s Camping<\/strong> sera la base de vos aventures et exp\u00e9riences: <strong>bungalows, appartements, villas, chalets, studios et mobil-homes<\/strong> au service de vos meilleures vacances en groupe, en famille ou en couple. En plus des grands <strong>emplacements<\/strong> pour tente, caravane et camping-car!<\/p>\n\n\n\n<p class=\"animation--init--once slide-left has-theme-purple-color has-text-color\">Ne le manquez pas! Il y a beaucoup de Costa Brava et d&rsquo;Empord\u00e0 \u00e0 port\u00e9e de main. rofitez des week-ends et des escapades occasionnelles pour s\u00e9journer \u00e0 Llafranc \u00e0 des prix tr\u00e8s attractifs. Un h\u00e9bergement de qualit\u00e9 \u00e0 un bon prix, rappelez-vous qu&rsquo;en basse et moyenne saison c&rsquo;est plus facile!<\/p>\n<\/div>\n<\/div>\n\n\n\n<div class=\"wp-block-group alignwide animation--init--once booking-container has-theme-orange-background-color has-background is-vertical is-content-justification-center is-layout-flex wp-container-core-group-is-layout-3 wp-block-group-is-layout-flex\" style=\"border-radius:2rem;margin-top:0px;margin-bottom:0px;padding-top:3rem;padding-right:3rem;padding-bottom:3rem;padding-left:3rem\">\n<div class=\"wp-block-group animation--init--once alignwide booking-title is-vertical is-content-justification-center is-layout-flex wp-container-core-group-is-layout-2 wp-block-group-is-layout-flex\">\n<p class=\"has-theme-dark-purple-color has-text-color has-roboto-slab-font-family has-h-6-font-size\">RESERVATION EN LIGNE<\/p>\n\n\n\n<h3 class=\"wp-block-heading has-text-align-center has-theme-white-color has-text-color has-h-4-font-size\">R\u00e9servez vos vacances sur la Costa Brava<\/h3>\n\n\n\n<figure class=\"wp-block-image size-large is-resized wp-duotone-221b40-221b40-3\"><img loading=\"lazy\" decoding=\"async\" width=\"25\" height=\"9\" src=\"http:\/\/www.campingkims.com\/wp-content\/uploads\/ola-separadora.svg\" alt=\"\" class=\"wp-image-921\" style=\"width:70px\"\/><\/figure>\n<\/div>\n\n\n<script>\n            document.addEventListener('DOMContentLoaded', function () {\n\n                var widget = new MasterWidget('widgetBookingContainer2837', {\n                    lang: 'fr',idProperty: '61',class: 'widget_columns',target: '_blank',dropdown: true,\n                    url: 'https:\/\/booking.campingkims.com'\n                });\n\n\n            });\n\n            <\/script><div id=\"widgetBookingContainer2837\"> <\/div>\n<\/div>\n<\/div>\n\n\n\n<h2 class=\"wp-block-heading alignwide has-text-align-left animation--init--once slide-right has-theme-dark-purple-color has-text-color\">Bungalows<\/h2>\n\n\n\n<p class=\"alignwide animation--init--once slide-right has-theme-purple-color has-text-color\">Bungalows pr\u00e8s de la piscine et services pour 4 personnes: id\u00e9al pour les familles ou les amis.<\/p>\n\n\n        <div class=\"wp-block-locations-block alignwide has-text-align-left has-custom-margin\" style=\"margin-bottom:10vh;\">\n\n            <section class=\"splide\" id=\"slide_936\">\n            <div class=\"splide__track\">\n                <ul class=\"splide__list\">\n                                    <li class=\"animation--init--once slide-up splide__slide\">\n                        <a class=\"location-card\" href=\"https:\/\/www.campingkims.com\/fr\/hebergement\/bungalows\/sun-roller\/\">\n                            <img decoding=\"async\" src=\"https:\/\/www.campingkims.com\/wp-content\/uploads\/bungalow-sun-roller-07.webp\">\n                        <\/a>\n                        <div class=\"info-container\">\n                            <a href=\"https:\/\/www.campingkims.com\/fr\/hebergement\/bungalows\/sun-roller\/\">\n                                <strong>Sun-Roller<\/strong>\n                            <\/a>    \n                            <p><em><strong>x 4 Personnes<\/strong><\/em><\/italic><\/p>\n                        <\/div>\n                    <\/li>\n                                    <li class=\"animation--init--once slide-up splide__slide\">\n                        <a class=\"location-card\" href=\"https:\/\/www.campingkims.com\/fr\/hebergement\/bungalows\/mediterranee\/\">\n                            <img decoding=\"async\" src=\"https:\/\/www.campingkims.com\/wp-content\/uploads\/bungalow-mediterranee-06.webp\">\n                        <\/a>\n                        <div class=\"info-container\">\n                            <a href=\"https:\/\/www.campingkims.com\/fr\/hebergement\/bungalows\/mediterranee\/\">\n                                <strong>Mediterran\u00e9e<\/strong>\n                            <\/a>    \n                            <p><em><strong>x 4 Personnes<\/strong><\/em><\/italic><\/p>\n                        <\/div>\n                    <\/li>\n                                    <li class=\"animation--init--once slide-up splide__slide\">\n                        <a class=\"location-card\" href=\"https:\/\/www.campingkims.com\/fr\/hebergement\/bungalows\/bravo\/\">\n                            <img decoding=\"async\" src=\"https:\/\/www.campingkims.com\/wp-content\/uploads\/bungalow-bravo-07.webp\">\n                        <\/a>\n                        <div class=\"info-container\">\n                            <a href=\"https:\/\/www.campingkims.com\/fr\/hebergement\/bungalows\/bravo\/\">\n                                <strong>Bravo<\/strong>\n                            <\/a>    \n                            <p><em><strong>x 4 Personnes<\/strong><\/em><\/italic><\/p>\n                        <\/div>\n                    <\/li>\n                                    <li class=\"animation--init--once slide-up splide__slide\">\n                        <a class=\"location-card\" href=\"https:\/\/www.campingkims.com\/fr\/hebergement\/bungalows\/caprice\/\">\n                            <img decoding=\"async\" src=\"https:\/\/www.campingkims.com\/wp-content\/uploads\/bungalow-caprice-08.webp\">\n                        <\/a>\n                        <div class=\"info-container\">\n                            <a href=\"https:\/\/www.campingkims.com\/fr\/hebergement\/bungalows\/caprice\/\">\n                                <strong>Caprice<\/strong>\n                            <\/a>    \n                            <p><em><strong>x 4 Personnes<\/strong><\/em><\/italic><\/p>\n                        <\/div>\n                    <\/li>\n                                    <li class=\"animation--init--once slide-up splide__slide\">\n                        <a class=\"location-card\" href=\"https:\/\/www.campingkims.com\/fr\/hebergement\/bungalows\/garbi\/\">\n                            <img decoding=\"async\" src=\"https:\/\/www.campingkims.com\/wp-content\/uploads\/bungalow-garbi-01.webp\">\n                        <\/a>\n                        <div class=\"info-container\">\n                            <a href=\"https:\/\/www.campingkims.com\/fr\/hebergement\/bungalows\/garbi\/\">\n                                <strong>Garb\u00ed<\/strong>\n                            <\/a>    \n                            <p><em><strong>x 6 Personnes<\/strong><\/em><\/italic><\/p>\n                        <\/div>\n                    <\/li>\n                                    <li class=\"animation--init--once slide-up splide__slide\">\n                        <a class=\"location-card\" href=\"https:\/\/www.campingkims.com\/fr\/hebergement\/bungalows\/garbi-pmr\/\">\n                            <img decoding=\"async\" src=\"https:\/\/www.campingkims.com\/wp-content\/uploads\/bungalow-garbi-01.webp\">\n                        <\/a>\n                        <div class=\"info-container\">\n                            <a href=\"https:\/\/www.campingkims.com\/fr\/hebergement\/bungalows\/garbi-pmr\/\">\n                                <strong>Garb\u00ed PMR<\/strong>\n                            <\/a>    \n                            <p><em><strong>x 6 Personnes<\/strong><\/em><\/italic><\/p>\n                        <\/div>\n                    <\/li>\n                                <\/ul>\n            <\/div>\n        <\/section>  \n    <\/div>\n\n\n\n<h2 class=\"wp-block-heading alignwide has-text-align-left animation--init--once slide-right has-theme-dark-purple-color has-text-color\">Appartements<\/h2>\n\n\n\n<p class=\"alignwide animation--init--once slide-right has-theme-purple-color has-text-color\">Appartements situ\u00e9s dans le camping avec une capacit\u00e9 de 4 \u00e0 8 personnes. Enti\u00e8rement \u00e9quip\u00e9 et r\u00e9nov\u00e9.<\/p>\n\n\n        <div class=\"wp-block-locations-block alignwide has-text-align-left has-custom-margin\" style=\"margin-bottom:10vh;\">\n\n            <section class=\"splide\" id=\"slide_320\">\n            <div class=\"splide__track\">\n                <ul class=\"splide__list\">\n                                    <li class=\"animation--init--once slide-up splide__slide\">\n                        <a class=\"location-card\" href=\"https:\/\/www.campingkims.com\/fr\/hebergement\/appartements\/c3\/\">\n                            <img decoding=\"async\" src=\"https:\/\/www.campingkims.com\/wp-content\/uploads\/c-3-01.webp\">\n                        <\/a>\n                        <div class=\"info-container\">\n                            <a href=\"https:\/\/www.campingkims.com\/fr\/hebergement\/appartements\/c3\/\">\n                                <strong>C3<\/strong>\n                            <\/a>    \n                            <p><em><strong>x 4 Personnes<\/strong><\/em><\/italic><\/p>\n                        <\/div>\n                    <\/li>\n                                    <li class=\"animation--init--once slide-up splide__slide\">\n                        <a class=\"location-card\" href=\"https:\/\/www.campingkims.com\/fr\/hebergement\/appartements\/villa-marieta\/\">\n                            <img decoding=\"async\" src=\"https:\/\/www.campingkims.com\/wp-content\/uploads\/villa-marieta-03.webp\">\n                        <\/a>\n                        <div class=\"info-container\">\n                            <a href=\"https:\/\/www.campingkims.com\/fr\/hebergement\/appartements\/villa-marieta\/\">\n                                <strong>Villa Marieta<\/strong>\n                            <\/a>    \n                            <p><em><strong>x 4 Personnes<\/strong><\/em><\/italic><\/p>\n                        <\/div>\n                    <\/li>\n                                    <li class=\"animation--init--once slide-up splide__slide\">\n                        <a class=\"location-card\" href=\"https:\/\/www.campingkims.com\/fr\/hebergement\/appartements\/villa-anita\/\">\n                            <img decoding=\"async\" src=\"https:\/\/www.campingkims.com\/wp-content\/uploads\/villa-anita-08.webp\">\n                        <\/a>\n                        <div class=\"info-container\">\n                            <a href=\"https:\/\/www.campingkims.com\/fr\/hebergement\/appartements\/villa-anita\/\">\n                                <strong>Villa Anita<\/strong>\n                            <\/a>    \n                            <p><em><strong>x 6 Personnes<\/strong><\/em><\/italic><\/p>\n                        <\/div>\n                    <\/li>\n                                    <li class=\"animation--init--once slide-up splide__slide\">\n                        <a class=\"location-card\" href=\"https:\/\/www.campingkims.com\/fr\/hebergement\/appartements\/villa-carmen\/\">\n                            <img decoding=\"async\" src=\"https:\/\/www.campingkims.com\/wp-content\/uploads\/villa-carmen-06.webp\">\n                        <\/a>\n                        <div class=\"info-container\">\n                            <a href=\"https:\/\/www.campingkims.com\/fr\/hebergement\/appartements\/villa-carmen\/\">\n                                <strong>Villa Carmen<\/strong>\n                            <\/a>    \n                            <p><em><strong>x 8 Personnes<\/strong><\/em><\/italic><\/p>\n                        <\/div>\n                    <\/li>\n                                <\/ul>\n            <\/div>\n        <\/section>  \n    <\/div>\n\n\n\n<h2 class=\"wp-block-heading alignwide has-text-align-left animation--init--once slide-right has-theme-dark-purple-color has-text-color\">Studios<\/h2>\n\n\n\n<p class=\"alignwide animation--init--once slide-right has-theme-purple-color has-text-color\">Studios confortables pour 2 et 4 personnes enti\u00e8rement \u00e9quip\u00e9s, avec terrasse et parking priv\u00e9.<\/p>\n\n\n        <div class=\"wp-block-locations-block alignwide has-text-align-left has-custom-margin\" style=\"margin-bottom:10vh;\">\n\n            <section class=\"splide\" id=\"slide_386\">\n            <div class=\"splide__track\">\n                <ul class=\"splide__list\">\n                                    <li class=\"animation--init--once slide-up splide__slide\">\n                        <a class=\"location-card\" href=\"https:\/\/www.campingkims.com\/fr\/hebergement\/studios\/a\/\">\n                            <img decoding=\"async\" src=\"https:\/\/www.campingkims.com\/wp-content\/uploads\/estudios-a-03.webp\">\n                        <\/a>\n                        <div class=\"info-container\">\n                            <a href=\"https:\/\/www.campingkims.com\/fr\/hebergement\/studios\/a\/\">\n                                <strong>A<\/strong>\n                            <\/a>    \n                            <p><em><strong>x 2 Personnes<\/strong><\/em><\/italic><\/p>\n                        <\/div>\n                    <\/li>\n                                    <li class=\"animation--init--once slide-up splide__slide\">\n                        <a class=\"location-card\" href=\"https:\/\/www.campingkims.com\/fr\/hebergement\/studios\/b\/\">\n                            <img decoding=\"async\" src=\"https:\/\/www.campingkims.com\/wp-content\/uploads\/edtudio-b1-habitacion-2-camas.webp\">\n                        <\/a>\n                        <div class=\"info-container\">\n                            <a href=\"https:\/\/www.campingkims.com\/fr\/hebergement\/studios\/b\/\">\n                                <strong>B<\/strong>\n                            <\/a>    \n                            <p><em><strong>x 2 Personnes<\/strong><\/em><\/italic><\/p>\n                        <\/div>\n                    <\/li>\n                                <\/ul>\n            <\/div>\n        <\/section>  \n    <\/div>\n\n\n\n<h2 class=\"wp-block-heading alignwide has-text-align-left animation--init--once slide-right has-theme-dark-purple-color has-text-color\">Chalets<\/h2>\n\n\n\n<p class=\"alignwide animation--init--once slide-right has-theme-purple-color has-text-color\">Grands chalets en brique \u00e0 l\u2019int\u00e9rieur du camping pouvant accueillir jusqu\u2019\u00e0 8 personnes, id\u00e9aux pour des r\u00e9unions avec des amis ou des proches.<\/p>\n\n\n        <div class=\"wp-block-locations-block alignwide has-text-align-left has-custom-margin\" style=\"margin-bottom:10vh;\">\n\n            <section class=\"splide\" id=\"slide_506\">\n            <div class=\"splide__track\">\n                <ul class=\"splide__list\">\n                                    <li class=\"animation--init--once slide-up splide__slide\">\n                        <a class=\"location-card\" href=\"https:\/\/www.campingkims.com\/fr\/hebergement\/chalets\/villa-kima\/\">\n                            <img decoding=\"async\" src=\"https:\/\/www.campingkims.com\/wp-content\/uploads\/chalet-villa-kima-01.webp\">\n                        <\/a>\n                        <div class=\"info-container\">\n                            <a href=\"https:\/\/www.campingkims.com\/fr\/hebergement\/chalets\/villa-kima\/\">\n                                <strong>Villa Kima<\/strong>\n                            <\/a>    \n                            <p><em><strong>x 6 Personnes<\/strong><\/em><\/italic><\/p>\n                        <\/div>\n                    <\/li>\n                                    <li class=\"animation--init--once slide-up splide__slide\">\n                        <a class=\"location-card\" href=\"https:\/\/www.campingkims.com\/fr\/hebergement\/chalets\/villa-coral\/\">\n                            <img decoding=\"async\" src=\"https:\/\/www.campingkims.com\/wp-content\/uploads\/bungalow-coral-09.webp\">\n                        <\/a>\n                        <div class=\"info-container\">\n                            <a href=\"https:\/\/www.campingkims.com\/fr\/hebergement\/chalets\/villa-coral\/\">\n                                <strong>Villa Coral<\/strong>\n                            <\/a>    \n                            <p><em><strong>x 8 Personnes<\/strong><\/em><\/italic><\/p>\n                        <\/div>\n                    <\/li>\n                                <\/ul>\n            <\/div>\n        <\/section>  \n    <\/div>\n\n\n\n<h2 class=\"wp-block-heading alignwide has-text-align-left animation--init--once slide-right has-theme-dark-purple-color has-text-color\">Mobilhomes<\/h2>\n\n\n\n<p class=\"alignwide animation--init--once slide-right has-theme-purple-color has-text-color\">Situ\u00e9 pr\u00e8s de la piscine et d\u2019autres services. H\u00e9bergement \u00e9quip\u00e9 d\u2019une capacit\u00e9 de 4 \u00e0 8 personnes.<\/p>\n\n\n        <div class=\"wp-block-locations-block alignwide has-text-align-left has-custom-margin\" style=\"margin-bottom:10vh;\">\n\n            <section class=\"splide\" id=\"slide_818\">\n            <div class=\"splide__track\">\n                <ul class=\"splide__list\">\n                                    <li class=\"animation--init--once slide-up splide__slide\">\n                        <a class=\"location-card\" href=\"https:\/\/www.campingkims.com\/fr\/hebergement\/mobilehome\/sun-roller\/\">\n                            <img decoding=\"async\" src=\"https:\/\/www.campingkims.com\/wp-content\/uploads\/bungalow-sun-roller-01.webp\">\n                        <\/a>\n                        <div class=\"info-container\">\n                            <a href=\"https:\/\/www.campingkims.com\/fr\/hebergement\/mobilehome\/sun-roller\/\">\n                                <strong>Sun-Roller<\/strong>\n                            <\/a>    \n                            <p><em><strong>x 5 Personnes<\/strong><\/em><\/italic><\/p>\n                        <\/div>\n                    <\/li>\n                                    <li class=\"animation--init--once slide-up splide__slide\">\n                        <a class=\"location-card\" href=\"https:\/\/www.campingkims.com\/fr\/hebergement\/mobilehome\/suite-clam\/\">\n                            <img decoding=\"async\" src=\"https:\/\/www.campingkims.com\/wp-content\/uploads\/mh-clam-001.webp\">\n                        <\/a>\n                        <div class=\"info-container\">\n                            <a href=\"https:\/\/www.campingkims.com\/fr\/hebergement\/mobilehome\/suite-clam\/\">\n                                <strong>Suite Clam<\/strong>\n                            <\/a>    \n                            <p><em><strong>x 2 Personnes<\/strong><\/em><\/italic><\/p>\n                        <\/div>\n                    <\/li>\n                                    <li class=\"animation--init--once slide-up splide__slide\">\n                        <a class=\"location-card\" href=\"https:\/\/www.campingkims.com\/fr\/hebergement\/mobilehome\/mistral\/\">\n                            <img decoding=\"async\" src=\"https:\/\/www.campingkims.com\/wp-content\/uploads\/mistral-001.webp\">\n                        <\/a>\n                        <div class=\"info-container\">\n                            <a href=\"https:\/\/www.campingkims.com\/fr\/hebergement\/mobilehome\/mistral\/\">\n                                <strong>Mistral<\/strong>\n                            <\/a>    \n                            <p><em><strong>x 6 Personnes<\/strong><\/em><\/italic><\/p>\n                        <\/div>\n                    <\/li>\n                                    <li class=\"animation--init--once slide-up splide__slide\">\n                        <a class=\"location-card\" href=\"https:\/\/www.campingkims.com\/fr\/hebergement\/mobilehome\/brisa\/\">\n                            <img decoding=\"async\" src=\"https:\/\/www.campingkims.com\/wp-content\/uploads\/brisa-001.webp\">\n                        <\/a>\n                        <div class=\"info-container\">\n                            <a href=\"https:\/\/www.campingkims.com\/fr\/hebergement\/mobilehome\/brisa\/\">\n                                <strong>Brisa<\/strong>\n                            <\/a>    \n                            <p><em><strong>x 8 Personnes<\/strong><\/em><\/italic><\/p>\n                        <\/div>\n                    <\/li>\n                                <\/ul>\n            <\/div>\n        <\/section>  \n    <\/div>\n\n\n\n<h2 class=\"wp-block-heading alignwide has-text-align-left animation--init--once slide-left has-theme-dark-purple-color has-text-color\">Camping<\/h2>\n\n\n\n<p class=\"alignwide animation--init--once slide-left has-theme-purple-color has-text-color\">Nous proposons des emplacements de camping de 70m2 \u00e0 100m2 avec une connexion \u00e9lectrique de 220V et 6-10A dans une grande pin\u00e8de et une zone en pleine nature.<\/p>\n\n\n        <div class=\"wp-block-locations-block alignwide has-text-align-left has-custom-margin\" style=\"margin-bottom:10vh;\">\n\n            <section class=\"splide\" id=\"slide_65\">\n            <div class=\"splide__track\">\n                <ul class=\"splide__list\">\n                                    <li class=\"animation--init--once slide-up splide__slide\">\n                        <a class=\"location-card\" href=\"https:\/\/www.campingkims.com\/fr\/hebergement\/camping\/emplacements-de-camping\/\">\n                            <img decoding=\"async\" src=\"https:\/\/www.campingkims.com\/wp-content\/uploads\/parcelas-01.webp\">\n                        <\/a>\n                        <div class=\"info-container\">\n                            <a href=\"https:\/\/www.campingkims.com\/fr\/hebergement\/camping\/emplacements-de-camping\/\">\n                                <strong>Emplacements de camping<\/strong>\n                            <\/a>    \n                            <p><em><strong>x 4\/5 Personnes<\/strong><\/em><\/italic><\/p>\n                        <\/div>\n                    <\/li>\n                                <\/ul>\n            <\/div>\n        <\/section>  \n    <\/div>\n\n\n\n<div style=\"height:100px\" aria-hidden=\"true\" class=\"wp-block-spacer\"><\/div>\n\n\n\n<div class=\"wp-block-columns alignwide is-layout-flex wp-container-core-columns-is-layout-2 wp-block-columns-is-layout-flex\">\n<div class=\"wp-block-column is-layout-flow wp-block-column-is-layout-flow\"><\/div>\n\n\n\n<div class=\"wp-block-column is-layout-flow wp-block-column-is-layout-flow\"><\/div>\n<\/div>\n","protected":false},"excerpt":{"rendered":"<p>H\u00e9bergement H\u00e9bergement au Camping Kim\u2019s, partez en vacances au c\u0153ur de la Costa Brava Bungalows Bungalows pr\u00e8s de la piscine et services pour 4 personnes:&#8230;<\/p>\n","protected":false},"author":2,"featured_media":0,"parent":0,"menu_order":1,"comment_status":"closed","ping_status":"closed","template":"","meta":{"_acf_changed":false,"inline_featured_image":false,"footnotes":""},"class_list":["post-5076","page","type-page","status-publish","hentry"],"acf":[],"yoast_head":"<!-- This site is optimized with the Yoast SEO plugin v23.5 - https:\/\/yoast.com\/wordpress\/plugins\/seo\/ -->\n<title>H\u00e9bergement - Camping Kim&#039;s Llafranc<\/title>\n<meta name=\"description\" content=\"H\u00e9bergement H\u00e9bergement au Camping Kim\u2019s, partez en vacances au c\u0153ur de la Costa Brava Bungalows Bungalows pr\u00e8s de la piscine et services pour 4\" \/>\n<meta name=\"robots\" content=\"index, follow, max-snippet:-1, max-image-preview:large, max-video-preview:-1\" \/>\n<link rel=\"canonical\" href=\"https:\/\/www.campingkims.com\/fr\/hebergement\/\" \/>\n<meta property=\"og:locale\" content=\"fr_FR\" \/>\n<meta property=\"og:type\" content=\"article\" \/>\n<meta property=\"og:title\" content=\"H\u00e9bergement - Camping Kim&#039;s Llafranc\" \/>\n<meta property=\"og:description\" content=\"H\u00e9bergement H\u00e9bergement au Camping Kim\u2019s, partez en vacances au c\u0153ur de la Costa Brava Bungalows Bungalows pr\u00e8s de la piscine et services pour 4\" \/>\n<meta property=\"og:url\" content=\"https:\/\/www.campingkims.com\/fr\/hebergement\/\" \/>\n<meta property=\"og:site_name\" content=\"Camping Kim&#039;s Llafranc\" \/>\n<meta property=\"article:modified_time\" content=\"2025-08-28T11:14:57+00:00\" \/>\n<meta property=\"og:image\" content=\"http:\/\/www.campingkims.com\/wp-content\/uploads\/villa-anita-03.webp\" \/>\n<meta name=\"twitter:card\" content=\"summary_large_image\" \/>\n<meta name=\"twitter:label1\" content=\"Dur\u00e9e de lecture estim\u00e9e\" \/>\n\t<meta name=\"twitter:data1\" content=\"4 minutes\" \/>\n<script type=\"application\/ld+json\" class=\"yoast-schema-graph\">{\"@context\":\"https:\/\/schema.org\",\"@graph\":[{\"@type\":\"WebPage\",\"@id\":\"https:\/\/www.campingkims.com\/fr\/hebergement\/\",\"url\":\"https:\/\/www.campingkims.com\/fr\/hebergement\/\",\"name\":\"H\u00e9bergement - Camping Kim&#039;s Llafranc\",\"isPartOf\":{\"@id\":\"https:\/\/www.campingkims.com\/fr\/#website\"},\"primaryImageOfPage\":{\"@id\":\"https:\/\/www.campingkims.com\/fr\/hebergement\/#primaryimage\"},\"image\":{\"@id\":\"https:\/\/www.campingkims.com\/fr\/hebergement\/#primaryimage\"},\"thumbnailUrl\":\"http:\/\/www.campingkims.com\/wp-content\/uploads\/villa-anita-03.webp\",\"datePublished\":\"2023-07-10T11:41:22+00:00\",\"dateModified\":\"2025-08-28T11:14:57+00:00\",\"description\":\"H\u00e9bergement H\u00e9bergement au Camping Kim\u2019s, partez en vacances au c\u0153ur de la Costa Brava Bungalows Bungalows pr\u00e8s de la piscine et services pour 4\",\"breadcrumb\":{\"@id\":\"https:\/\/www.campingkims.com\/fr\/hebergement\/#breadcrumb\"},\"inLanguage\":\"fr-FR\",\"potentialAction\":[{\"@type\":\"ReadAction\",\"target\":[\"https:\/\/www.campingkims.com\/fr\/hebergement\/\"]}]},{\"@type\":\"ImageObject\",\"inLanguage\":\"fr-FR\",\"@id\":\"https:\/\/www.campingkims.com\/fr\/hebergement\/#primaryimage\",\"url\":\"http:\/\/www.campingkims.com\/wp-content\/uploads\/villa-anita-03.webp\",\"contentUrl\":\"http:\/\/www.campingkims.com\/wp-content\/uploads\/villa-anita-03.webp\"},{\"@type\":\"BreadcrumbList\",\"@id\":\"https:\/\/www.campingkims.com\/fr\/hebergement\/#breadcrumb\",\"itemListElement\":[{\"@type\":\"ListItem\",\"position\":1,\"name\":\"Portada\",\"item\":\"https:\/\/www.campingkims.com\/fr\/\"},{\"@type\":\"ListItem\",\"position\":2,\"name\":\"H\u00e9bergement\"}]},{\"@type\":\"WebSite\",\"@id\":\"https:\/\/www.campingkims.com\/fr\/#website\",\"url\":\"https:\/\/www.campingkims.com\/fr\/\",\"name\":\"Camping Kim's Llafranc\",\"description\":\"Kim&#039;s Camping Caravaning &amp; Bungalow Park\",\"publisher\":{\"@id\":\"https:\/\/www.campingkims.com\/fr\/#organization\"},\"potentialAction\":[{\"@type\":\"SearchAction\",\"target\":{\"@type\":\"EntryPoint\",\"urlTemplate\":\"https:\/\/www.campingkims.com\/fr\/?s={search_term_string}\"},\"query-input\":{\"@type\":\"PropertyValueSpecification\",\"valueRequired\":true,\"valueName\":\"search_term_string\"}}],\"inLanguage\":\"fr-FR\"},{\"@type\":\"Organization\",\"@id\":\"https:\/\/www.campingkims.com\/fr\/#organization\",\"name\":\"Camping Kim's Llafranc\",\"url\":\"https:\/\/www.campingkims.com\/fr\/\",\"logo\":{\"@type\":\"ImageObject\",\"inLanguage\":\"fr-FR\",\"@id\":\"https:\/\/www.campingkims.com\/fr\/#\/schema\/logo\/image\/\",\"url\":\"https:\/\/www.campingkims.com\/wp-content\/uploads\/logo-camping-kims-llafranc-costa-brava.png\",\"contentUrl\":\"https:\/\/www.campingkims.com\/wp-content\/uploads\/logo-camping-kims-llafranc-costa-brava.png\",\"width\":537,\"height\":257,\"caption\":\"Camping Kim's Llafranc\"},\"image\":{\"@id\":\"https:\/\/www.campingkims.com\/fr\/#\/schema\/logo\/image\/\"}}]}<\/script>\n<!-- \/ Yoast SEO plugin. -->","yoast_head_json":{"title":"H\u00e9bergement - Camping Kim&#039;s Llafranc","description":"H\u00e9bergement H\u00e9bergement au Camping Kim\u2019s, partez en vacances au c\u0153ur de la Costa Brava Bungalows Bungalows pr\u00e8s de la piscine et services pour 4","robots":{"index":"index","follow":"follow","max-snippet":"max-snippet:-1","max-image-preview":"max-image-preview:large","max-video-preview":"max-video-preview:-1"},"canonical":"https:\/\/www.campingkims.com\/fr\/hebergement\/","og_locale":"fr_FR","og_type":"article","og_title":"H\u00e9bergement - Camping Kim&#039;s Llafranc","og_description":"H\u00e9bergement H\u00e9bergement au Camping Kim\u2019s, partez en vacances au c\u0153ur de la Costa Brava Bungalows Bungalows pr\u00e8s de la piscine et services pour 4","og_url":"https:\/\/www.campingkims.com\/fr\/hebergement\/","og_site_name":"Camping Kim&#039;s Llafranc","article_modified_time":"2025-08-28T11:14:57+00:00","og_image":[{"url":"http:\/\/www.campingkims.com\/wp-content\/uploads\/villa-anita-03.webp"}],"twitter_card":"summary_large_image","twitter_misc":{"Dur\u00e9e de lecture estim\u00e9e":"4 minutes"},"schema":{"@context":"https:\/\/schema.org","@graph":[{"@type":"WebPage","@id":"https:\/\/www.campingkims.com\/fr\/hebergement\/","url":"https:\/\/www.campingkims.com\/fr\/hebergement\/","name":"H\u00e9bergement - Camping Kim&#039;s Llafranc","isPartOf":{"@id":"https:\/\/www.campingkims.com\/fr\/#website"},"primaryImageOfPage":{"@id":"https:\/\/www.campingkims.com\/fr\/hebergement\/#primaryimage"},"image":{"@id":"https:\/\/www.campingkims.com\/fr\/hebergement\/#primaryimage"},"thumbnailUrl":"http:\/\/www.campingkims.com\/wp-content\/uploads\/villa-anita-03.webp","datePublished":"2023-07-10T11:41:22+00:00","dateModified":"2025-08-28T11:14:57+00:00","description":"H\u00e9bergement H\u00e9bergement au Camping Kim\u2019s, partez en vacances au c\u0153ur de la Costa Brava Bungalows Bungalows pr\u00e8s de la piscine et services pour 4","breadcrumb":{"@id":"https:\/\/www.campingkims.com\/fr\/hebergement\/#breadcrumb"},"inLanguage":"fr-FR","potentialAction":[{"@type":"ReadAction","target":["https:\/\/www.campingkims.com\/fr\/hebergement\/"]}]},{"@type":"ImageObject","inLanguage":"fr-FR","@id":"https:\/\/www.campingkims.com\/fr\/hebergement\/#primaryimage","url":"http:\/\/www.campingkims.com\/wp-content\/uploads\/villa-anita-03.webp","contentUrl":"http:\/\/www.campingkims.com\/wp-content\/uploads\/villa-anita-03.webp"},{"@type":"BreadcrumbList","@id":"https:\/\/www.campingkims.com\/fr\/hebergement\/#breadcrumb","itemListElement":[{"@type":"ListItem","position":1,"name":"Portada","item":"https:\/\/www.campingkims.com\/fr\/"},{"@type":"ListItem","position":2,"name":"H\u00e9bergement"}]},{"@type":"WebSite","@id":"https:\/\/www.campingkims.com\/fr\/#website","url":"https:\/\/www.campingkims.com\/fr\/","name":"Camping Kim's Llafranc","description":"Kim&#039;s Camping Caravaning &amp; Bungalow Park","publisher":{"@id":"https:\/\/www.campingkims.com\/fr\/#organization"},"potentialAction":[{"@type":"SearchAction","target":{"@type":"EntryPoint","urlTemplate":"https:\/\/www.campingkims.com\/fr\/?s={search_term_string}"},"query-input":{"@type":"PropertyValueSpecification","valueRequired":true,"valueName":"search_term_string"}}],"inLanguage":"fr-FR"},{"@type":"Organization","@id":"https:\/\/www.campingkims.com\/fr\/#organization","name":"Camping Kim's Llafranc","url":"https:\/\/www.campingkims.com\/fr\/","logo":{"@type":"ImageObject","inLanguage":"fr-FR","@id":"https:\/\/www.campingkims.com\/fr\/#\/schema\/logo\/image\/","url":"https:\/\/www.campingkims.com\/wp-content\/uploads\/logo-camping-kims-llafranc-costa-brava.png","contentUrl":"https:\/\/www.campingkims.com\/wp-content\/uploads\/logo-camping-kims-llafranc-costa-brava.png","width":537,"height":257,"caption":"Camping Kim's Llafranc"},"image":{"@id":"https:\/\/www.campingkims.com\/fr\/#\/schema\/logo\/image\/"}}]}},"_links":{"self":[{"href":"https:\/\/www.campingkims.com\/fr\/wp-json\/wp\/v2\/pages\/5076"}],"collection":[{"href":"https:\/\/www.campingkims.com\/fr\/wp-json\/wp\/v2\/pages"}],"about":[{"href":"https:\/\/www.campingkims.com\/fr\/wp-json\/wp\/v2\/types\/page"}],"author":[{"embeddable":true,"href":"https:\/\/www.campingkims.com\/fr\/wp-json\/wp\/v2\/users\/2"}],"replies":[{"embeddable":true,"href":"https:\/\/www.campingkims.com\/fr\/wp-json\/wp\/v2\/comments?post=5076"}],"version-history":[{"count":4,"href":"https:\/\/www.campingkims.com\/fr\/wp-json\/wp\/v2\/pages\/5076\/revisions"}],"predecessor-version":[{"id":8166,"href":"https:\/\/www.campingkims.com\/fr\/wp-json\/wp\/v2\/pages\/5076\/revisions\/8166"}],"wp:attachment":[{"href":"https:\/\/www.campingkims.com\/fr\/wp-json\/wp\/v2\/media?parent=5076"}],"curies":[{"name":"wp","href":"https:\/\/api.w.org\/{rel}","templated":true}]}}