{"id":5649,"date":"2023-05-16T17:32:37","date_gmt":"2023-05-16T15:32:37","guid":{"rendered":"http:\/\/www.campingkims.com\/hebergement\/appartements\/"},"modified":"2023-08-16T15:48:29","modified_gmt":"2023-08-16T13:48:29","slug":"appartements","status":"publish","type":"page","link":"https:\/\/www.campingkims.com\/fr\/hebergement\/appartements\/","title":{"rendered":"Appartements"},"content":{"rendered":"\n<div class=\"wp-block-cover alignfull is-light cover-page animation--init--once is-style-no-margin\" style=\"margin-top:0px;margin-bottom:0vh;min-height:795px;aspect-ratio:unset;\"><span aria-hidden=\"true\" class=\"wp-block-cover__background has-background-dim-0 has-background-dim has-background-gradient has-theme-black-transparent-gradient-background\"><\/span><img loading=\"lazy\" decoding=\"async\" width=\"1920\" height=\"1280\" class=\"wp-block-cover__image-background wp-image-1385\" alt=\"\" src=\"http:\/\/www.campingkims.com\/wp-content\/uploads\/villa-anita-01.webp\" data-object-fit=\"cover\" srcset=\"https:\/\/www.campingkims.com\/wp-content\/uploads\/villa-anita-01.webp 1920w, https:\/\/www.campingkims.com\/wp-content\/uploads\/villa-anita-01-1024x683.webp 1024w, https:\/\/www.campingkims.com\/wp-content\/uploads\/villa-anita-01-768x512.webp 768w, https:\/\/www.campingkims.com\/wp-content\/uploads\/villa-anita-01-1536x1024.webp 1536w, https:\/\/www.campingkims.com\/wp-content\/uploads\/villa-anita-01-512x341.webp 512w, https:\/\/www.campingkims.com\/wp-content\/uploads\/villa-anita-01-256x171.webp 256w\" sizes=\"(max-width: 1920px) 100vw, 1920px\" \/><div class=\"wp-block-cover__inner-container is-layout-flow wp-block-cover-is-layout-flow\">\n<figure class=\"wp-block-image alignfull size-large animation--init--once slide-up is-style-no-margin waves wp-duotone-ecf8fb-ecf8fb-1\"><img loading=\"lazy\" decoding=\"async\" width=\"1700\" height=\"104\" src=\"http:\/\/www.campingkims.com\/wp-content\/uploads\/waves.svg\" alt=\"\" class=\"wp-image-926\"\/><\/figure><\/div><\/div>\n\n<div class=\"wp-block-group alignfull booking-div animation--init--once has-theme-soft-blue-background-color has-background is-layout-constrained wp-block-group-is-layout-constrained\" style=\"margin-top:0px;margin-bottom:35vh\">\n<div class=\"wp-block-group animation--init--once slide-up is-vertical is-content-justification-center is-layout-flex wp-container-core-group-is-layout-1 wp-block-group-is-layout-flex\">\n<h1 class=\"wp-block-heading has-text-align-center has-theme-dark-purple-color has-text-color has-h-2-font-size\">Appartements<\/h1>\n\n\n\n<figure class=\"wp-block-image size-large is-resized wp-duotone-1ac6fe-fff-2\"><img decoding=\"async\" src=\"http:\/\/www.campingkims.com\/wp-content\/uploads\/ola-separadora.svg\" alt=\"\" class=\"wp-image-921\" width=\"70\"\/><\/figure><\/div>\n\n\n\n<p class=\"has-text-align-center animation--init--once slide-up has-theme-purple-color has-text-color\" style=\"margin-bottom:240px\">Appartements situ\u00e9s dans le camping avec une capacit\u00e9 de 4 \u00e0 8 personnes. Enti\u00e8rement \u00e9quip\u00e9 et r\u00e9nov\u00e9.<\/p>\n\n\n\n<div class=\"wp-block-group alignwide animation--init--once booking-container has-theme-orange-background-color has-background is-vertical is-content-justification-center is-layout-flex wp-container-core-group-is-layout-3 wp-block-group-is-layout-flex\" style=\"border-radius:2rem;margin-top:0px;margin-bottom:0px;padding-top:3rem;padding-right:3rem;padding-bottom:3rem;padding-left:3rem\">\n<div class=\"wp-block-group animation--init--once alignwide booking-title is-vertical is-content-justification-center is-layout-flex wp-container-core-group-is-layout-2 wp-block-group-is-layout-flex\">\n<p class=\"has-theme-dark-purple-color has-text-color has-roboto-slab-font-family has-h-6-font-size\">RESERVATION EN LIGNE<\/p>\n\n\n\n<h4 class=\"wp-block-heading has-text-align-center has-theme-white-color has-text-color has-h-4-font-size\">R\u00e9servez vos vacances sur la Costa Brava<\/h4>\n\n\n\n<figure class=\"wp-block-image size-large is-resized wp-duotone-221b40-221b40-3\"><img decoding=\"async\" src=\"http:\/\/www.campingkims.com\/wp-content\/uploads\/ola-separadora.svg\" alt=\"\" class=\"wp-image-921\" width=\"70\"\/><\/figure><\/div>\n\n\n<script>\n            document.addEventListener('DOMContentLoaded', function () {\n\n                var widget = new MasterWidget('widgetBookingContainer4308', {\n                    lang: 'fr',idProperty: '61',class: 'widget_columns alignwide',categoryIds: [13,14,15,16],target: '_blank',dropdown: true,\n                    url: 'https:\/\/booking.campingkims.com'\n                });\n\n\n            });\n\n            <\/script><div id=\"widgetBookingContainer4308\"> <\/div>\n<\/div>\n<\/div>\n        <div class=\"wp-block-locations-block alignwide has-text-align-left has-custom-margin\" style=\"margin-bottom:20vh;\">\n\n            <section class=\"splide\" id=\"slide_479\">\n            <div class=\"splide__track\">\n                <ul class=\"splide__list\">\n                                    <li class=\"animation--init--once slide-up splide__slide\">\n                        <a class=\"location-card\" href=\"https:\/\/www.campingkims.com\/fr\/hebergement\/appartements\/c3\/\">\n                            <img decoding=\"async\" src=\"https:\/\/www.campingkims.com\/wp-content\/uploads\/c-3-01.webp\">\n                        <\/a>\n                        <div class=\"info-container\">\n                            <a href=\"https:\/\/www.campingkims.com\/fr\/hebergement\/appartements\/c3\/\">\n                                <strong>C3<\/strong>\n                            <\/a>    \n                            <p><em><strong>x 4 Personnes<\/strong><\/em><\/italic><\/p>\n                        <\/div>\n                    <\/li>\n                                    <li class=\"animation--init--once slide-up splide__slide\">\n                        <a class=\"location-card\" href=\"https:\/\/www.campingkims.com\/fr\/hebergement\/appartements\/villa-marieta\/\">\n                            <img decoding=\"async\" src=\"https:\/\/www.campingkims.com\/wp-content\/uploads\/villa-marieta-03.webp\">\n                        <\/a>\n                        <div class=\"info-container\">\n                            <a href=\"https:\/\/www.campingkims.com\/fr\/hebergement\/appartements\/villa-marieta\/\">\n                                <strong>Villa Marieta<\/strong>\n                            <\/a>    \n                            <p><em><strong>x 4 Personnes<\/strong><\/em><\/italic><\/p>\n                        <\/div>\n                    <\/li>\n                                    <li class=\"animation--init--once slide-up splide__slide\">\n                        <a class=\"location-card\" href=\"https:\/\/www.campingkims.com\/fr\/hebergement\/appartements\/villa-anita\/\">\n                            <img decoding=\"async\" src=\"https:\/\/www.campingkims.com\/wp-content\/uploads\/villa-anita-08.webp\">\n                        <\/a>\n                        <div class=\"info-container\">\n                            <a href=\"https:\/\/www.campingkims.com\/fr\/hebergement\/appartements\/villa-anita\/\">\n                                <strong>Villa Anita<\/strong>\n                            <\/a>    \n                            <p><em><strong>x 6 Personnes<\/strong><\/em><\/italic><\/p>\n                        <\/div>\n                    <\/li>\n                                    <li class=\"animation--init--once slide-up splide__slide\">\n                        <a class=\"location-card\" href=\"https:\/\/www.campingkims.com\/fr\/hebergement\/appartements\/villa-carmen\/\">\n                            <img decoding=\"async\" src=\"https:\/\/www.campingkims.com\/wp-content\/uploads\/villa-carmen-06.webp\">\n                        <\/a>\n                        <div class=\"info-container\">\n                            <a href=\"https:\/\/www.campingkims.com\/fr\/hebergement\/appartements\/villa-carmen\/\">\n                                <strong>Villa Carmen<\/strong>\n                            <\/a>    \n                            <p><em><strong>x 8 Personnes<\/strong><\/em><\/italic><\/p>\n                        <\/div>\n                    <\/li>\n                                <\/ul>\n            <\/div>\n        <\/section>  \n    <\/div>\n","protected":false},"excerpt":{"rendered":"<p>Appartements Appartements situ\u00e9s dans le camping avec une capacit\u00e9 de 4 \u00e0 8 personnes. Enti\u00e8rement \u00e9quip\u00e9 et r\u00e9nov\u00e9. RESERVATION EN LIGNE R\u00e9servez vos vacances sur&#8230;<\/p>\n","protected":false},"author":2,"featured_media":0,"parent":5076,"menu_order":3,"comment_status":"closed","ping_status":"closed","template":"","meta":{"_acf_changed":false,"inline_featured_image":false,"footnotes":""},"class_list":["post-5649","page","type-page","status-publish","hentry"],"acf":[],"yoast_head":"<!-- This site is optimized with the Yoast SEO plugin v23.5 - https:\/\/yoast.com\/wordpress\/plugins\/seo\/ -->\n<title>Appartements - Camping Kim&#039;s Llafranc<\/title>\n<meta name=\"description\" content=\"Appartements Appartements situ\u00e9s dans le camping avec une capacit\u00e9 de 4 \u00e0 8 personnes. Enti\u00e8rement \u00e9quip\u00e9 et r\u00e9nov\u00e9. RESERVATION EN LIGNE R\u00e9servez vos\" \/>\n<meta name=\"robots\" content=\"index, follow, max-snippet:-1, max-image-preview:large, max-video-preview:-1\" \/>\n<link rel=\"canonical\" href=\"https:\/\/www.campingkims.com\/fr\/hebergement\/appartements\/\" \/>\n<meta property=\"og:locale\" content=\"fr_FR\" \/>\n<meta property=\"og:type\" content=\"article\" \/>\n<meta property=\"og:title\" content=\"Appartements - Camping Kim&#039;s Llafranc\" \/>\n<meta property=\"og:description\" content=\"Appartements Appartements situ\u00e9s dans le camping avec une capacit\u00e9 de 4 \u00e0 8 personnes. Enti\u00e8rement \u00e9quip\u00e9 et r\u00e9nov\u00e9. RESERVATION EN LIGNE R\u00e9servez vos\" \/>\n<meta property=\"og:url\" content=\"https:\/\/www.campingkims.com\/fr\/hebergement\/appartements\/\" \/>\n<meta property=\"og:site_name\" content=\"Camping Kim&#039;s Llafranc\" \/>\n<meta property=\"article:modified_time\" content=\"2023-08-16T13:48:29+00:00\" \/>\n<meta property=\"og:image\" content=\"http:\/\/www.campingkims.com\/wp-content\/uploads\/villa-anita-01.webp\" \/>\n<meta name=\"twitter:card\" content=\"summary_large_image\" \/>\n<script type=\"application\/ld+json\" class=\"yoast-schema-graph\">{\"@context\":\"https:\/\/schema.org\",\"@graph\":[{\"@type\":\"WebPage\",\"@id\":\"https:\/\/www.campingkims.com\/fr\/hebergement\/appartements\/\",\"url\":\"https:\/\/www.campingkims.com\/fr\/hebergement\/appartements\/\",\"name\":\"Appartements - Camping Kim&#039;s Llafranc\",\"isPartOf\":{\"@id\":\"https:\/\/www.campingkims.com\/fr\/#website\"},\"primaryImageOfPage\":{\"@id\":\"https:\/\/www.campingkims.com\/fr\/hebergement\/appartements\/#primaryimage\"},\"image\":{\"@id\":\"https:\/\/www.campingkims.com\/fr\/hebergement\/appartements\/#primaryimage\"},\"thumbnailUrl\":\"http:\/\/www.campingkims.com\/wp-content\/uploads\/villa-anita-01.webp\",\"datePublished\":\"2023-05-16T15:32:37+00:00\",\"dateModified\":\"2023-08-16T13:48:29+00:00\",\"description\":\"Appartements Appartements situ\u00e9s dans le camping avec une capacit\u00e9 de 4 \u00e0 8 personnes. Enti\u00e8rement \u00e9quip\u00e9 et r\u00e9nov\u00e9. RESERVATION EN LIGNE R\u00e9servez vos\",\"breadcrumb\":{\"@id\":\"https:\/\/www.campingkims.com\/fr\/hebergement\/appartements\/#breadcrumb\"},\"inLanguage\":\"fr-FR\",\"potentialAction\":[{\"@type\":\"ReadAction\",\"target\":[\"https:\/\/www.campingkims.com\/fr\/hebergement\/appartements\/\"]}]},{\"@type\":\"ImageObject\",\"inLanguage\":\"fr-FR\",\"@id\":\"https:\/\/www.campingkims.com\/fr\/hebergement\/appartements\/#primaryimage\",\"url\":\"http:\/\/www.campingkims.com\/wp-content\/uploads\/villa-anita-01.webp\",\"contentUrl\":\"http:\/\/www.campingkims.com\/wp-content\/uploads\/villa-anita-01.webp\"},{\"@type\":\"BreadcrumbList\",\"@id\":\"https:\/\/www.campingkims.com\/fr\/hebergement\/appartements\/#breadcrumb\",\"itemListElement\":[{\"@type\":\"ListItem\",\"position\":1,\"name\":\"Portada\",\"item\":\"https:\/\/www.campingkims.com\/fr\/\"},{\"@type\":\"ListItem\",\"position\":2,\"name\":\"H\u00e9bergement\",\"item\":\"https:\/\/www.campingkims.com\/fr\/hebergement\/\"},{\"@type\":\"ListItem\",\"position\":3,\"name\":\"Appartements\"}]},{\"@type\":\"WebSite\",\"@id\":\"https:\/\/www.campingkims.com\/fr\/#website\",\"url\":\"https:\/\/www.campingkims.com\/fr\/\",\"name\":\"Camping Kim's Llafranc\",\"description\":\"Kim&#039;s Camping Caravaning &amp; Bungalow Park\",\"publisher\":{\"@id\":\"https:\/\/www.campingkims.com\/fr\/#organization\"},\"potentialAction\":[{\"@type\":\"SearchAction\",\"target\":{\"@type\":\"EntryPoint\",\"urlTemplate\":\"https:\/\/www.campingkims.com\/fr\/?s={search_term_string}\"},\"query-input\":{\"@type\":\"PropertyValueSpecification\",\"valueRequired\":true,\"valueName\":\"search_term_string\"}}],\"inLanguage\":\"fr-FR\"},{\"@type\":\"Organization\",\"@id\":\"https:\/\/www.campingkims.com\/fr\/#organization\",\"name\":\"Camping Kim's Llafranc\",\"url\":\"https:\/\/www.campingkims.com\/fr\/\",\"logo\":{\"@type\":\"ImageObject\",\"inLanguage\":\"fr-FR\",\"@id\":\"https:\/\/www.campingkims.com\/fr\/#\/schema\/logo\/image\/\",\"url\":\"https:\/\/www.campingkims.com\/wp-content\/uploads\/logo-camping-kims-llafranc-costa-brava.png\",\"contentUrl\":\"https:\/\/www.campingkims.com\/wp-content\/uploads\/logo-camping-kims-llafranc-costa-brava.png\",\"width\":537,\"height\":257,\"caption\":\"Camping Kim's Llafranc\"},\"image\":{\"@id\":\"https:\/\/www.campingkims.com\/fr\/#\/schema\/logo\/image\/\"}}]}<\/script>\n<!-- \/ Yoast SEO plugin. -->","yoast_head_json":{"title":"Appartements - Camping Kim&#039;s Llafranc","description":"Appartements Appartements situ\u00e9s dans le camping avec une capacit\u00e9 de 4 \u00e0 8 personnes. Enti\u00e8rement \u00e9quip\u00e9 et r\u00e9nov\u00e9. RESERVATION EN LIGNE R\u00e9servez vos","robots":{"index":"index","follow":"follow","max-snippet":"max-snippet:-1","max-image-preview":"max-image-preview:large","max-video-preview":"max-video-preview:-1"},"canonical":"https:\/\/www.campingkims.com\/fr\/hebergement\/appartements\/","og_locale":"fr_FR","og_type":"article","og_title":"Appartements - Camping Kim&#039;s Llafranc","og_description":"Appartements Appartements situ\u00e9s dans le camping avec une capacit\u00e9 de 4 \u00e0 8 personnes. Enti\u00e8rement \u00e9quip\u00e9 et r\u00e9nov\u00e9. RESERVATION EN LIGNE R\u00e9servez vos","og_url":"https:\/\/www.campingkims.com\/fr\/hebergement\/appartements\/","og_site_name":"Camping Kim&#039;s Llafranc","article_modified_time":"2023-08-16T13:48:29+00:00","og_image":[{"url":"http:\/\/www.campingkims.com\/wp-content\/uploads\/villa-anita-01.webp"}],"twitter_card":"summary_large_image","schema":{"@context":"https:\/\/schema.org","@graph":[{"@type":"WebPage","@id":"https:\/\/www.campingkims.com\/fr\/hebergement\/appartements\/","url":"https:\/\/www.campingkims.com\/fr\/hebergement\/appartements\/","name":"Appartements - Camping Kim&#039;s Llafranc","isPartOf":{"@id":"https:\/\/www.campingkims.com\/fr\/#website"},"primaryImageOfPage":{"@id":"https:\/\/www.campingkims.com\/fr\/hebergement\/appartements\/#primaryimage"},"image":{"@id":"https:\/\/www.campingkims.com\/fr\/hebergement\/appartements\/#primaryimage"},"thumbnailUrl":"http:\/\/www.campingkims.com\/wp-content\/uploads\/villa-anita-01.webp","datePublished":"2023-05-16T15:32:37+00:00","dateModified":"2023-08-16T13:48:29+00:00","description":"Appartements Appartements situ\u00e9s dans le camping avec une capacit\u00e9 de 4 \u00e0 8 personnes. Enti\u00e8rement \u00e9quip\u00e9 et r\u00e9nov\u00e9. RESERVATION EN LIGNE R\u00e9servez vos","breadcrumb":{"@id":"https:\/\/www.campingkims.com\/fr\/hebergement\/appartements\/#breadcrumb"},"inLanguage":"fr-FR","potentialAction":[{"@type":"ReadAction","target":["https:\/\/www.campingkims.com\/fr\/hebergement\/appartements\/"]}]},{"@type":"ImageObject","inLanguage":"fr-FR","@id":"https:\/\/www.campingkims.com\/fr\/hebergement\/appartements\/#primaryimage","url":"http:\/\/www.campingkims.com\/wp-content\/uploads\/villa-anita-01.webp","contentUrl":"http:\/\/www.campingkims.com\/wp-content\/uploads\/villa-anita-01.webp"},{"@type":"BreadcrumbList","@id":"https:\/\/www.campingkims.com\/fr\/hebergement\/appartements\/#breadcrumb","itemListElement":[{"@type":"ListItem","position":1,"name":"Portada","item":"https:\/\/www.campingkims.com\/fr\/"},{"@type":"ListItem","position":2,"name":"H\u00e9bergement","item":"https:\/\/www.campingkims.com\/fr\/hebergement\/"},{"@type":"ListItem","position":3,"name":"Appartements"}]},{"@type":"WebSite","@id":"https:\/\/www.campingkims.com\/fr\/#website","url":"https:\/\/www.campingkims.com\/fr\/","name":"Camping Kim's Llafranc","description":"Kim&#039;s Camping Caravaning &amp; Bungalow Park","publisher":{"@id":"https:\/\/www.campingkims.com\/fr\/#organization"},"potentialAction":[{"@type":"SearchAction","target":{"@type":"EntryPoint","urlTemplate":"https:\/\/www.campingkims.com\/fr\/?s={search_term_string}"},"query-input":{"@type":"PropertyValueSpecification","valueRequired":true,"valueName":"search_term_string"}}],"inLanguage":"fr-FR"},{"@type":"Organization","@id":"https:\/\/www.campingkims.com\/fr\/#organization","name":"Camping Kim's Llafranc","url":"https:\/\/www.campingkims.com\/fr\/","logo":{"@type":"ImageObject","inLanguage":"fr-FR","@id":"https:\/\/www.campingkims.com\/fr\/#\/schema\/logo\/image\/","url":"https:\/\/www.campingkims.com\/wp-content\/uploads\/logo-camping-kims-llafranc-costa-brava.png","contentUrl":"https:\/\/www.campingkims.com\/wp-content\/uploads\/logo-camping-kims-llafranc-costa-brava.png","width":537,"height":257,"caption":"Camping Kim's Llafranc"},"image":{"@id":"https:\/\/www.campingkims.com\/fr\/#\/schema\/logo\/image\/"}}]}},"_links":{"self":[{"href":"https:\/\/www.campingkims.com\/fr\/wp-json\/wp\/v2\/pages\/5649"}],"collection":[{"href":"https:\/\/www.campingkims.com\/fr\/wp-json\/wp\/v2\/pages"}],"about":[{"href":"https:\/\/www.campingkims.com\/fr\/wp-json\/wp\/v2\/types\/page"}],"author":[{"embeddable":true,"href":"https:\/\/www.campingkims.com\/fr\/wp-json\/wp\/v2\/users\/2"}],"replies":[{"embeddable":true,"href":"https:\/\/www.campingkims.com\/fr\/wp-json\/wp\/v2\/comments?post=5649"}],"version-history":[{"count":3,"href":"https:\/\/www.campingkims.com\/fr\/wp-json\/wp\/v2\/pages\/5649\/revisions"}],"predecessor-version":[{"id":5652,"href":"https:\/\/www.campingkims.com\/fr\/wp-json\/wp\/v2\/pages\/5649\/revisions\/5652"}],"up":[{"embeddable":true,"href":"https:\/\/www.campingkims.com\/fr\/wp-json\/wp\/v2\/pages\/5076"}],"wp:attachment":[{"href":"https:\/\/www.campingkims.com\/fr\/wp-json\/wp\/v2\/media?parent=5649"}],"curies":[{"name":"wp","href":"https:\/\/api.w.org\/{rel}","templated":true}]}}