{"id":5688,"date":"2022-10-10T13:42:36","date_gmt":"2022-10-10T11:42:36","guid":{"rendered":"http:\/\/www.campingkims.com\/plages-et-environnement\/"},"modified":"2025-04-02T11:40:43","modified_gmt":"2025-04-02T09:40:43","slug":"plages-et-environnement","status":"publish","type":"page","link":"https:\/\/www.campingkims.com\/fr\/plages-et-environnement\/","title":{"rendered":"Plages et Environnement"},"content":{"rendered":"\n<div class=\"wp-block-cover alignfull is-light cover-page animation--init--once is-style-no-margin\" style=\"margin-top:0px;margin-bottom:8vh;min-height:795px;aspect-ratio:unset;\"><span aria-hidden=\"true\" class=\"wp-block-cover__background has-background-dim-0 has-background-dim has-background-gradient has-theme-black-transparent-gradient-background\"><\/span><img loading=\"lazy\" decoding=\"async\" width=\"2048\" height=\"1536\" class=\"wp-block-cover__image-background wp-image-894\" alt=\"\" src=\"http:\/\/www.campingkims.com\/wp-content\/uploads\/kims-20.webp\" data-object-fit=\"cover\" srcset=\"https:\/\/www.campingkims.com\/wp-content\/uploads\/kims-20.webp 2048w, https:\/\/www.campingkims.com\/wp-content\/uploads\/kims-20-1024x768.webp 1024w, https:\/\/www.campingkims.com\/wp-content\/uploads\/kims-20-768x576.webp 768w, https:\/\/www.campingkims.com\/wp-content\/uploads\/kims-20-1536x1152.webp 1536w, https:\/\/www.campingkims.com\/wp-content\/uploads\/kims-20-512x384.webp 512w, https:\/\/www.campingkims.com\/wp-content\/uploads\/kims-20-256x192.webp 256w\" sizes=\"(max-width: 2048px) 100vw, 2048px\" \/><div class=\"wp-block-cover__inner-container is-layout-flow wp-block-cover-is-layout-flow\">\n<figure class=\"wp-block-image alignfull size-large animation--init--once slide-up is-style-no-margin waves\"><img loading=\"lazy\" decoding=\"async\" width=\"1700\" height=\"104\" src=\"http:\/\/www.campingkims.com\/wp-content\/uploads\/waves.svg\" alt=\"\" class=\"wp-image-926\"\/><\/figure>\n\n\n\n<div class=\"wp-block-group animation--init--once pop-up is-vertical is-content-justification-center is-layout-flex wp-container-core-group-is-layout-1 wp-block-group-is-layout-flex\">\n<h1 class=\"wp-block-heading has-text-align-center has-theme-white-color has-text-color\">Les Plages et leurs Environs <br>naturels exceptionnels<\/h1>\n\n\n\n<p class=\"has-text-align-center has-theme-white-color has-text-color has-roboto-slab-font-family has-h-5-font-size\" style=\"text-transform:uppercase\">Environnement naturel de Tamariu, Llafranc et Calella de Palafrugell<\/p>\n<\/div>\n<\/div><\/div>\n\n\n\n<div class=\"wp-block-columns alignwide are-vertically-aligned-bottom is-layout-flex wp-container-core-columns-is-layout-1 wp-block-columns-is-layout-flex\" style=\"margin-bottom:14vh\">\n<div class=\"wp-block-column is-vertically-aligned-bottom is-layout-flow wp-block-column-is-layout-flow\" style=\"flex-basis:55%\">\n<div class=\"wp-block-group animation--init--once slide-right is-vertical is-layout-flex wp-container-core-group-is-layout-2 wp-block-group-is-layout-flex\">\n<h2 class=\"wp-block-heading has-theme-dark-purple-color has-text-color\">Environnement naturel de Tamariu, Llafranc et Calella de Palafrugell<\/h2>\n\n\n\n<figure class=\"wp-block-image size-large is-resized wp-duotone-1ac6fe-fff-1\"><img loading=\"lazy\" decoding=\"async\" width=\"25\" height=\"9\" src=\"http:\/\/www.campingkims.com\/wp-content\/uploads\/ola-separadora.svg\" alt=\"\" class=\"wp-image-921\" style=\"width:70px\"\/><\/figure>\n<\/div>\n\n\n\n<p class=\"animation--init--once slide-right has-theme-purple-color has-text-color\">En pleine nature et situ\u00e9 dans l\u2019une des zones les plus privil\u00e9gi\u00e9es de la Costa Brava, sur la plage de Llafranc et \u00e0 proximit\u00e9 des criques de Calella de Palafrugell et Tamariu, le Kim\u2019s Camping propose \u00e0 ses clients des services de premi\u00e8re classe.<\/p>\n<\/div>\n\n\n\n<div class=\"wp-block-column is-vertically-aligned-bottom is-layout-flow wp-block-column-is-layout-flow\" style=\"flex-basis:45%\">\n<div class=\"wp-image-slider blue-shadow slider-center animation--init--once slide-left has-text-align-left aspect-ratio-1_1\">\n\n                                        \n                    <script>\n                        'use strict';\n\n                        document.addEventListener('DOMContentLoaded', function () {\n\n                            (function() {\n                                const blockSlide = new Splide( '#slide_344', {\n                                    type : 'loop',\n                                    perPage: 1,\n                                                                        \n                                    breakpoints: {\n                                        800: {\n                                            perPage: 1,\n                                                                                    },\n                                        450: {\n                                            perPage: 1,\n                                            \n                                        },\n                                    },\n                                    pagination: false,\n                                    arrows: true,\n                                    gap: 'var(--wp--style--block-gap)',\n                                    i18n: {\n                                        slideLabel: '0%s \/ 0%s',\n                                    }\n                                } );\n                                \n\n                                \n                                blockSlide.mount();\n                                                                \n\n                            })();\n                        })\n                    <\/script>\n\n                    <div class=\"slider-container\"><div class=\"splide galeria-slider galeria-columnas-1\" id=\"slide_344\"><div class=\"splide__track\"><div class=\"splide__list\"><div id=\"thumb-2020\" class=\"splide__slide\" data-counter=\"01\/09\"><div class=\"image-wrapper\"><img loading=\"lazy\" decoding=\"async\" width=\"2048\" height=\"1536\" src=\"https:\/\/www.campingkims.com\/wp-content\/uploads\/kims-22.webp\" class=\"attachment-gallery size-gallery\" alt=\"\" srcset=\"https:\/\/www.campingkims.com\/wp-content\/uploads\/kims-22.webp 2048w, https:\/\/www.campingkims.com\/wp-content\/uploads\/kims-22-1024x768.webp 1024w, https:\/\/www.campingkims.com\/wp-content\/uploads\/kims-22-768x576.webp 768w, https:\/\/www.campingkims.com\/wp-content\/uploads\/kims-22-1536x1152.webp 1536w, https:\/\/www.campingkims.com\/wp-content\/uploads\/kims-22-512x384.webp 512w, https:\/\/www.campingkims.com\/wp-content\/uploads\/kims-22-256x192.webp 256w\" sizes=\"(max-width: 2048px) 100vw, 2048px\" \/><\/div><\/div><div id=\"thumb-2026\" class=\"splide__slide\" data-counter=\"02\/09\"><div class=\"image-wrapper\"><img loading=\"lazy\" decoding=\"async\" width=\"570\" height=\"428\" src=\"https:\/\/www.campingkims.com\/wp-content\/uploads\/kims-23.webp\" class=\"attachment-gallery size-gallery\" alt=\"\" srcset=\"https:\/\/www.campingkims.com\/wp-content\/uploads\/kims-23.webp 570w, https:\/\/www.campingkims.com\/wp-content\/uploads\/kims-23-512x384.webp 512w, https:\/\/www.campingkims.com\/wp-content\/uploads\/kims-23-256x192.webp 256w\" sizes=\"(max-width: 570px) 100vw, 570px\" \/><\/div><\/div><div id=\"thumb-2578\" class=\"splide__slide\" data-counter=\"03\/09\"><div class=\"image-wrapper\"><img loading=\"lazy\" decoding=\"async\" width=\"1500\" height=\"1125\" src=\"https:\/\/www.campingkims.com\/wp-content\/uploads\/calella-de-palafrugell-camping-kims-llafranc-costa-brava-4.webp\" class=\"attachment-gallery size-gallery\" alt=\"\" srcset=\"https:\/\/www.campingkims.com\/wp-content\/uploads\/calella-de-palafrugell-camping-kims-llafranc-costa-brava-4.webp 1500w, https:\/\/www.campingkims.com\/wp-content\/uploads\/calella-de-palafrugell-camping-kims-llafranc-costa-brava-4-1024x768.webp 1024w, https:\/\/www.campingkims.com\/wp-content\/uploads\/calella-de-palafrugell-camping-kims-llafranc-costa-brava-4-768x576.webp 768w, https:\/\/www.campingkims.com\/wp-content\/uploads\/calella-de-palafrugell-camping-kims-llafranc-costa-brava-4-512x384.webp 512w, https:\/\/www.campingkims.com\/wp-content\/uploads\/calella-de-palafrugell-camping-kims-llafranc-costa-brava-4-256x192.webp 256w\" sizes=\"(max-width: 1500px) 100vw, 1500px\" \/><\/div><\/div><div id=\"thumb-2596\" class=\"splide__slide\" data-counter=\"04\/09\"><div class=\"image-wrapper\"><img loading=\"lazy\" decoding=\"async\" width=\"1500\" height=\"1125\" src=\"https:\/\/www.campingkims.com\/wp-content\/uploads\/llafranc-camping-kims-llafranc-costa-brava-1.webp\" class=\"attachment-gallery size-gallery\" alt=\"\" srcset=\"https:\/\/www.campingkims.com\/wp-content\/uploads\/llafranc-camping-kims-llafranc-costa-brava-1.webp 1500w, https:\/\/www.campingkims.com\/wp-content\/uploads\/llafranc-camping-kims-llafranc-costa-brava-1-1024x768.webp 1024w, https:\/\/www.campingkims.com\/wp-content\/uploads\/llafranc-camping-kims-llafranc-costa-brava-1-768x576.webp 768w, https:\/\/www.campingkims.com\/wp-content\/uploads\/llafranc-camping-kims-llafranc-costa-brava-1-512x384.webp 512w, https:\/\/www.campingkims.com\/wp-content\/uploads\/llafranc-camping-kims-llafranc-costa-brava-1-256x192.webp 256w\" sizes=\"(max-width: 1500px) 100vw, 1500px\" \/><\/div><\/div><div id=\"thumb-2602\" class=\"splide__slide\" data-counter=\"05\/09\"><div class=\"image-wrapper\"><img loading=\"lazy\" decoding=\"async\" width=\"1500\" height=\"1125\" src=\"https:\/\/www.campingkims.com\/wp-content\/uploads\/llafranc-camping-kims-llafranc-costa-brava-4.webp\" class=\"attachment-gallery size-gallery\" alt=\"\" srcset=\"https:\/\/www.campingkims.com\/wp-content\/uploads\/llafranc-camping-kims-llafranc-costa-brava-4.webp 1500w, https:\/\/www.campingkims.com\/wp-content\/uploads\/llafranc-camping-kims-llafranc-costa-brava-4-1024x768.webp 1024w, https:\/\/www.campingkims.com\/wp-content\/uploads\/llafranc-camping-kims-llafranc-costa-brava-4-768x576.webp 768w, https:\/\/www.campingkims.com\/wp-content\/uploads\/llafranc-camping-kims-llafranc-costa-brava-4-512x384.webp 512w, https:\/\/www.campingkims.com\/wp-content\/uploads\/llafranc-camping-kims-llafranc-costa-brava-4-256x192.webp 256w\" sizes=\"(max-width: 1500px) 100vw, 1500px\" \/><\/div><\/div><div id=\"thumb-2608\" class=\"splide__slide\" data-counter=\"06\/09\"><div class=\"image-wrapper\"><img loading=\"lazy\" decoding=\"async\" width=\"1500\" height=\"1125\" src=\"https:\/\/www.campingkims.com\/wp-content\/uploads\/llafranc-camping-kims-llafranc-costa-brava-5.webp\" class=\"attachment-gallery size-gallery\" alt=\"\" srcset=\"https:\/\/www.campingkims.com\/wp-content\/uploads\/llafranc-camping-kims-llafranc-costa-brava-5.webp 1500w, https:\/\/www.campingkims.com\/wp-content\/uploads\/llafranc-camping-kims-llafranc-costa-brava-5-1024x768.webp 1024w, https:\/\/www.campingkims.com\/wp-content\/uploads\/llafranc-camping-kims-llafranc-costa-brava-5-768x576.webp 768w, https:\/\/www.campingkims.com\/wp-content\/uploads\/llafranc-camping-kims-llafranc-costa-brava-5-512x384.webp 512w, https:\/\/www.campingkims.com\/wp-content\/uploads\/llafranc-camping-kims-llafranc-costa-brava-5-256x192.webp 256w\" sizes=\"(max-width: 1500px) 100vw, 1500px\" \/><\/div><\/div><div id=\"thumb-2614\" class=\"splide__slide\" data-counter=\"07\/09\"><div class=\"image-wrapper\"><img loading=\"lazy\" decoding=\"async\" width=\"1500\" height=\"1125\" src=\"https:\/\/www.campingkims.com\/wp-content\/uploads\/llafranc-camping-kims-llafranc-costa-brava-7.webp\" class=\"attachment-gallery size-gallery\" alt=\"\" srcset=\"https:\/\/www.campingkims.com\/wp-content\/uploads\/llafranc-camping-kims-llafranc-costa-brava-7.webp 1500w, https:\/\/www.campingkims.com\/wp-content\/uploads\/llafranc-camping-kims-llafranc-costa-brava-7-1024x768.webp 1024w, https:\/\/www.campingkims.com\/wp-content\/uploads\/llafranc-camping-kims-llafranc-costa-brava-7-768x576.webp 768w, https:\/\/www.campingkims.com\/wp-content\/uploads\/llafranc-camping-kims-llafranc-costa-brava-7-512x384.webp 512w, https:\/\/www.campingkims.com\/wp-content\/uploads\/llafranc-camping-kims-llafranc-costa-brava-7-256x192.webp 256w\" sizes=\"(max-width: 1500px) 100vw, 1500px\" \/><\/div><\/div><div id=\"thumb-2620\" class=\"splide__slide\" data-counter=\"08\/09\"><div class=\"image-wrapper\"><img loading=\"lazy\" decoding=\"async\" width=\"1500\" height=\"1125\" src=\"https:\/\/www.campingkims.com\/wp-content\/uploads\/tamariu-camping-kims-llafranc-costa-brava-1.webp\" class=\"attachment-gallery size-gallery\" alt=\"\" srcset=\"https:\/\/www.campingkims.com\/wp-content\/uploads\/tamariu-camping-kims-llafranc-costa-brava-1.webp 1500w, https:\/\/www.campingkims.com\/wp-content\/uploads\/tamariu-camping-kims-llafranc-costa-brava-1-1024x768.webp 1024w, https:\/\/www.campingkims.com\/wp-content\/uploads\/tamariu-camping-kims-llafranc-costa-brava-1-768x576.webp 768w, https:\/\/www.campingkims.com\/wp-content\/uploads\/tamariu-camping-kims-llafranc-costa-brava-1-512x384.webp 512w, https:\/\/www.campingkims.com\/wp-content\/uploads\/tamariu-camping-kims-llafranc-costa-brava-1-256x192.webp 256w\" sizes=\"(max-width: 1500px) 100vw, 1500px\" \/><\/div><\/div><div id=\"thumb-2626\" class=\"splide__slide\" data-counter=\"09\/09\"><div class=\"image-wrapper\"><img loading=\"lazy\" decoding=\"async\" width=\"1500\" height=\"1125\" src=\"https:\/\/www.campingkims.com\/wp-content\/uploads\/tamariu-camping-kims-llafranc-costa-brava-5.webp\" class=\"attachment-gallery size-gallery\" alt=\"\" srcset=\"https:\/\/www.campingkims.com\/wp-content\/uploads\/tamariu-camping-kims-llafranc-costa-brava-5.webp 1500w, https:\/\/www.campingkims.com\/wp-content\/uploads\/tamariu-camping-kims-llafranc-costa-brava-5-1024x768.webp 1024w, https:\/\/www.campingkims.com\/wp-content\/uploads\/tamariu-camping-kims-llafranc-costa-brava-5-768x576.webp 768w, https:\/\/www.campingkims.com\/wp-content\/uploads\/tamariu-camping-kims-llafranc-costa-brava-5-512x384.webp 512w, https:\/\/www.campingkims.com\/wp-content\/uploads\/tamariu-camping-kims-llafranc-costa-brava-5-256x192.webp 256w\" sizes=\"(max-width: 1500px) 100vw, 1500px\" \/><\/div><\/div><\/div><\/div><\/div><\/div>\n                    \n<\/div><\/div>\n<\/div>\n\n\n\n<div class=\"wp-block-cover alignfull is-light has-custom-content-position is-position-bottom-center booking-cover\" style=\"padding-bottom:0px;min-height:550px;aspect-ratio:unset;\"><span aria-hidden=\"true\" class=\"wp-block-cover__background has-background-dim-0 has-background-dim\"><\/span><img loading=\"lazy\" decoding=\"async\" width=\"2048\" height=\"1536\" class=\"wp-block-cover__image-background wp-image-895\" alt=\"\" src=\"http:\/\/www.campingkims.com\/wp-content\/uploads\/kims-21.webp\" data-object-fit=\"cover\" srcset=\"https:\/\/www.campingkims.com\/wp-content\/uploads\/kims-21.webp 2048w, https:\/\/www.campingkims.com\/wp-content\/uploads\/kims-21-1024x768.webp 1024w, https:\/\/www.campingkims.com\/wp-content\/uploads\/kims-21-768x576.webp 768w, https:\/\/www.campingkims.com\/wp-content\/uploads\/kims-21-1536x1152.webp 1536w, https:\/\/www.campingkims.com\/wp-content\/uploads\/kims-21-512x384.webp 512w, https:\/\/www.campingkims.com\/wp-content\/uploads\/kims-21-256x192.webp 256w\" sizes=\"(max-width: 2048px) 100vw, 2048px\" \/><div class=\"wp-block-cover__inner-container is-layout-flow wp-block-cover-is-layout-flow\">\n<div class=\"wp-block-group alignwide animation--init--once booking-container has-theme-orange-background-color has-background is-vertical is-content-justification-center is-layout-flex wp-container-core-group-is-layout-4 wp-block-group-is-layout-flex\" style=\"border-radius:2rem;margin-top:0px;margin-bottom:0px;padding-top:3rem;padding-right:3rem;padding-bottom:3rem;padding-left:3rem\">\n<div class=\"wp-block-group animation--init--once alignwide booking-title is-vertical is-content-justification-center is-layout-flex wp-container-core-group-is-layout-3 wp-block-group-is-layout-flex\">\n<p class=\"has-theme-dark-purple-color has-text-color has-roboto-slab-font-family has-h-6-font-size\">RESERVATION EN LIGNE<\/p>\n\n\n\n<h3 class=\"wp-block-heading has-text-align-center has-theme-white-color has-text-color has-h-4-font-size\">R\u00e9servez vos vacances sur la Costa Brava<\/h3>\n\n\n\n<figure class=\"wp-block-image size-large is-resized wp-duotone-221b40-221b40-2\"><img loading=\"lazy\" decoding=\"async\" width=\"25\" height=\"9\" src=\"http:\/\/www.campingkims.com\/wp-content\/uploads\/ola-separadora.svg\" alt=\"\" class=\"wp-image-921\" style=\"width:70px\"\/><\/figure>\n<\/div>\n\n\n<script>\n            document.addEventListener('DOMContentLoaded', function () {\n\n                var widget = new MasterWidget('widgetBookingContainer9136', {\n                    lang: 'fr',idProperty: '61',class: 'widget_columns',target: '_blank',dropdown: true,\n                    url: 'https:\/\/booking.campingkims.com'\n                });\n\n\n            });\n\n            <\/script><div id=\"widgetBookingContainer9136\"> <\/div>\n<\/div>\n<\/div><\/div>\n\n\n\n<div class=\"wp-block-group animation--init--once slide-right is-vertical is-content-justification-center is-layout-flex wp-container-core-group-is-layout-5 wp-block-group-is-layout-flex\">\n<h2 class=\"wp-block-heading has-text-align-center has-theme-dark-purple-color has-text-color\" style=\"margin-top:30vh\">Plages et criques de palafrugell et environs<\/h2>\n\n\n\n<figure class=\"wp-block-image aligncenter size-large is-resized wp-duotone-2bc3a7-2bc3a7-3\"><img loading=\"lazy\" decoding=\"async\" width=\"25\" height=\"9\" src=\"http:\/\/www.campingkims.com\/wp-content\/uploads\/ola-separadora.svg\" alt=\"\" class=\"wp-image-921\" style=\"width:70px\"\/><\/figure>\n<\/div>\n\n\n        <div class=\"wp-block-custom-grid alignwide has-text-align-left has-custom-margin block-grid-responsive\" style=\"margin-top:8vh;margin-bottom:10vh; --wp--style--block-desktop-column:4;--wp--style--block-tablet-column:2;--wp--style--block-mobile-column:2;\">\n\n                <div class=\"acf-innerblocks-container\">\n\n<figure class=\"wp-block-image size-full has-custom-border is-style-aspect-ratio-4_3 animation--init--once slide-up\"><a href=\"http:\/\/www.campingkims.com\/wp-content\/uploads\/llafranc-camping-kims-llafranc-costa-brava-8.webp\" class=\"image-link\"><img loading=\"lazy\" decoding=\"async\" width=\"1500\" height=\"1125\" src=\"http:\/\/www.campingkims.com\/wp-content\/uploads\/llafranc-camping-kims-llafranc-costa-brava-8.webp\" alt=\"\" class=\"wp-image-4530\" style=\"border-radius:0.25rem\" srcset=\"https:\/\/www.campingkims.com\/wp-content\/uploads\/llafranc-camping-kims-llafranc-costa-brava-8.webp 1500w, https:\/\/www.campingkims.com\/wp-content\/uploads\/llafranc-camping-kims-llafranc-costa-brava-8-1024x768.webp 1024w, https:\/\/www.campingkims.com\/wp-content\/uploads\/llafranc-camping-kims-llafranc-costa-brava-8-768x576.webp 768w, https:\/\/www.campingkims.com\/wp-content\/uploads\/llafranc-camping-kims-llafranc-costa-brava-8-512x384.webp 512w, https:\/\/www.campingkims.com\/wp-content\/uploads\/llafranc-camping-kims-llafranc-costa-brava-8-256x192.webp 256w\" sizes=\"(max-width: 1500px) 100vw, 1500px\" \/><\/a><figcaption class=\"wp-element-caption\"><strong><mark style=\"background-color:rgba(0, 0, 0, 0)\" class=\"has-inline-color has-theme-dark-purple-color\">Playa de Llafranc<\/mark><\/strong><\/figcaption><\/figure>\n\n\n\n<figure class=\"wp-block-image size-full has-custom-border is-style-aspect-ratio-4_3 animation--init--once slide-up\"><a href=\"http:\/\/www.campingkims.com\/wp-content\/uploads\/calella-de-palafrugell-camping-kims-llafranc-costa-brava-3.webp\" class=\"image-link\"><img loading=\"lazy\" decoding=\"async\" width=\"1500\" height=\"1125\" src=\"http:\/\/www.campingkims.com\/wp-content\/uploads\/calella-de-palafrugell-camping-kims-llafranc-costa-brava-3.webp\" alt=\"\" class=\"wp-image-1187\" style=\"border-radius:0.25rem\" srcset=\"https:\/\/www.campingkims.com\/wp-content\/uploads\/calella-de-palafrugell-camping-kims-llafranc-costa-brava-3.webp 1500w, https:\/\/www.campingkims.com\/wp-content\/uploads\/calella-de-palafrugell-camping-kims-llafranc-costa-brava-3-1024x768.webp 1024w, https:\/\/www.campingkims.com\/wp-content\/uploads\/calella-de-palafrugell-camping-kims-llafranc-costa-brava-3-768x576.webp 768w, https:\/\/www.campingkims.com\/wp-content\/uploads\/calella-de-palafrugell-camping-kims-llafranc-costa-brava-3-512x384.webp 512w, https:\/\/www.campingkims.com\/wp-content\/uploads\/calella-de-palafrugell-camping-kims-llafranc-costa-brava-3-256x192.webp 256w\" sizes=\"(max-width: 1500px) 100vw, 1500px\" \/><\/a><figcaption class=\"wp-element-caption\"><strong><mark style=\"background-color:rgba(0, 0, 0, 0)\" class=\"has-inline-color has-theme-dark-purple-color\">Playa del Canadell, entre Llafranc y Calella<\/mark><\/strong><\/figcaption><\/figure>\n\n\n\n<figure class=\"wp-block-image size-full has-custom-border is-style-aspect-ratio-4_3 animation--init--once slide-up\"><a href=\"http:\/\/www.campingkims.com\/wp-content\/uploads\/kims-20.webp\" class=\"image-link\"><img loading=\"lazy\" decoding=\"async\" width=\"2048\" height=\"1536\" src=\"http:\/\/www.campingkims.com\/wp-content\/uploads\/kims-20.webp\" alt=\"\" class=\"wp-image-894\" style=\"border-radius:0.25rem\" srcset=\"https:\/\/www.campingkims.com\/wp-content\/uploads\/kims-20.webp 2048w, https:\/\/www.campingkims.com\/wp-content\/uploads\/kims-20-1024x768.webp 1024w, https:\/\/www.campingkims.com\/wp-content\/uploads\/kims-20-768x576.webp 768w, https:\/\/www.campingkims.com\/wp-content\/uploads\/kims-20-1536x1152.webp 1536w, https:\/\/www.campingkims.com\/wp-content\/uploads\/kims-20-512x384.webp 512w, https:\/\/www.campingkims.com\/wp-content\/uploads\/kims-20-256x192.webp 256w\" sizes=\"(max-width: 2048px) 100vw, 2048px\" \/><\/a><figcaption class=\"wp-element-caption\"><strong><mark style=\"background-color:rgba(0, 0, 0, 0)\" class=\"has-inline-color has-theme-dark-purple-color\">Cala del Golfet \u2013 Calella de Palafrugell<\/mark><\/strong><\/figcaption><\/figure>\n\n\n\n<figure class=\"wp-block-image size-full has-custom-border is-style-aspect-ratio-4_3 animation--init--once slide-up\"><a href=\"http:\/\/www.campingkims.com\/wp-content\/uploads\/llafranc-camping-kims-llafranc-costa-brava-5.webp\" class=\"image-link\"><img loading=\"lazy\" decoding=\"async\" width=\"1500\" height=\"1125\" src=\"http:\/\/www.campingkims.com\/wp-content\/uploads\/llafranc-camping-kims-llafranc-costa-brava-5.webp\" alt=\"\" class=\"wp-image-1193\" style=\"border-radius:0.25rem\" srcset=\"https:\/\/www.campingkims.com\/wp-content\/uploads\/llafranc-camping-kims-llafranc-costa-brava-5.webp 1500w, https:\/\/www.campingkims.com\/wp-content\/uploads\/llafranc-camping-kims-llafranc-costa-brava-5-1024x768.webp 1024w, https:\/\/www.campingkims.com\/wp-content\/uploads\/llafranc-camping-kims-llafranc-costa-brava-5-768x576.webp 768w, https:\/\/www.campingkims.com\/wp-content\/uploads\/llafranc-camping-kims-llafranc-costa-brava-5-512x384.webp 512w, https:\/\/www.campingkims.com\/wp-content\/uploads\/llafranc-camping-kims-llafranc-costa-brava-5-256x192.webp 256w\" sizes=\"(max-width: 1500px) 100vw, 1500px\" \/><\/a><figcaption class=\"wp-element-caption\"><strong>Playa de Llafranc \u2013 Paseo mar\u00edtimo<\/strong><\/figcaption><\/figure>\n\n\n\n<figure class=\"wp-block-image size-full has-custom-border is-style-aspect-ratio-4_3 animation--init--once slide-up\"><a href=\"http:\/\/www.campingkims.com\/wp-content\/uploads\/kims-23.webp\" class=\"image-link\"><img loading=\"lazy\" decoding=\"async\" width=\"570\" height=\"428\" src=\"http:\/\/www.campingkims.com\/wp-content\/uploads\/kims-23.webp\" alt=\"\" class=\"wp-image-897\" style=\"border-radius:0.25rem\" srcset=\"https:\/\/www.campingkims.com\/wp-content\/uploads\/kims-23.webp 570w, https:\/\/www.campingkims.com\/wp-content\/uploads\/kims-23-512x384.webp 512w, https:\/\/www.campingkims.com\/wp-content\/uploads\/kims-23-256x192.webp 256w\" sizes=\"(max-width: 570px) 100vw, 570px\" \/><\/a><figcaption class=\"wp-element-caption\"><strong><mark style=\"background-color:rgba(0, 0, 0, 0)\" class=\"has-inline-color has-theme-dark-purple-color\">Cala de Sant Roc \u2013 Calella<\/mark><\/strong><\/figcaption><\/figure>\n\n\n\n<figure class=\"wp-block-image size-full has-custom-border is-style-aspect-ratio-4_3 animation--init--once slide-up\"><a href=\"http:\/\/www.campingkims.com\/wp-content\/uploads\/calella-de-palafrugell-camping-kims-llafranc-costa-brava-4.webp\" class=\"image-link\"><img loading=\"lazy\" decoding=\"async\" width=\"1500\" height=\"1125\" src=\"http:\/\/www.campingkims.com\/wp-content\/uploads\/calella-de-palafrugell-camping-kims-llafranc-costa-brava-4.webp\" alt=\"\" class=\"wp-image-1188\" style=\"border-radius:0.25rem\" srcset=\"https:\/\/www.campingkims.com\/wp-content\/uploads\/calella-de-palafrugell-camping-kims-llafranc-costa-brava-4.webp 1500w, https:\/\/www.campingkims.com\/wp-content\/uploads\/calella-de-palafrugell-camping-kims-llafranc-costa-brava-4-1024x768.webp 1024w, https:\/\/www.campingkims.com\/wp-content\/uploads\/calella-de-palafrugell-camping-kims-llafranc-costa-brava-4-768x576.webp 768w, https:\/\/www.campingkims.com\/wp-content\/uploads\/calella-de-palafrugell-camping-kims-llafranc-costa-brava-4-512x384.webp 512w, https:\/\/www.campingkims.com\/wp-content\/uploads\/calella-de-palafrugell-camping-kims-llafranc-costa-brava-4-256x192.webp 256w\" sizes=\"(max-width: 1500px) 100vw, 1500px\" \/><\/a><figcaption class=\"wp-element-caption\"><strong><mark style=\"background-color:rgba(0, 0, 0, 0)\" class=\"has-inline-color has-theme-dark-purple-color\">Port Pelegr\u00ed<\/mark><\/strong><\/figcaption><\/figure>\n\n\n\n<figure class=\"wp-block-image size-full has-custom-border is-style-aspect-ratio-4_3 animation--init--once slide-up\"><a href=\"http:\/\/www.campingkims.com\/wp-content\/uploads\/calella-de-palafrugell-camping-kims-llafranc-costa-brava-3.webp\" class=\"image-link\"><img loading=\"lazy\" decoding=\"async\" width=\"1500\" height=\"1125\" src=\"http:\/\/www.campingkims.com\/wp-content\/uploads\/calella-de-palafrugell-camping-kims-llafranc-costa-brava-3.webp\" alt=\"\" class=\"wp-image-1187\" style=\"border-radius:0.25rem\" srcset=\"https:\/\/www.campingkims.com\/wp-content\/uploads\/calella-de-palafrugell-camping-kims-llafranc-costa-brava-3.webp 1500w, https:\/\/www.campingkims.com\/wp-content\/uploads\/calella-de-palafrugell-camping-kims-llafranc-costa-brava-3-1024x768.webp 1024w, https:\/\/www.campingkims.com\/wp-content\/uploads\/calella-de-palafrugell-camping-kims-llafranc-costa-brava-3-768x576.webp 768w, https:\/\/www.campingkims.com\/wp-content\/uploads\/calella-de-palafrugell-camping-kims-llafranc-costa-brava-3-512x384.webp 512w, https:\/\/www.campingkims.com\/wp-content\/uploads\/calella-de-palafrugell-camping-kims-llafranc-costa-brava-3-256x192.webp 256w\" sizes=\"(max-width: 1500px) 100vw, 1500px\" \/><\/a><figcaption class=\"wp-element-caption\"><strong><mark style=\"background-color:rgba(0, 0, 0, 0)\" class=\"has-inline-color has-theme-dark-purple-color\">Calella de Palafrugell \u2013 Platja d\u2019en Calau<\/mark><\/strong><\/figcaption><\/figure>\n\n\n\n<figure class=\"wp-block-image size-full has-custom-border is-style-aspect-ratio-4_3 animation--init--once slide-up\"><a href=\"http:\/\/www.campingkims.com\/wp-content\/uploads\/tamariu-camping-kims-llafranc-costa-brava-5.webp\" class=\"image-link\"><img loading=\"lazy\" decoding=\"async\" width=\"1500\" height=\"1125\" src=\"http:\/\/www.campingkims.com\/wp-content\/uploads\/tamariu-camping-kims-llafranc-costa-brava-5.webp\" alt=\"\" class=\"wp-image-1196\" style=\"border-radius:0.25rem\" srcset=\"https:\/\/www.campingkims.com\/wp-content\/uploads\/tamariu-camping-kims-llafranc-costa-brava-5.webp 1500w, https:\/\/www.campingkims.com\/wp-content\/uploads\/tamariu-camping-kims-llafranc-costa-brava-5-1024x768.webp 1024w, https:\/\/www.campingkims.com\/wp-content\/uploads\/tamariu-camping-kims-llafranc-costa-brava-5-768x576.webp 768w, https:\/\/www.campingkims.com\/wp-content\/uploads\/tamariu-camping-kims-llafranc-costa-brava-5-512x384.webp 512w, https:\/\/www.campingkims.com\/wp-content\/uploads\/tamariu-camping-kims-llafranc-costa-brava-5-256x192.webp 256w\" sizes=\"(max-width: 1500px) 100vw, 1500px\" \/><\/a><figcaption class=\"wp-element-caption\"><strong><mark style=\"background-color:rgba(0, 0, 0, 0)\" class=\"has-inline-color has-theme-dark-purple-color\">Playa Tamariu<\/mark><\/strong><\/figcaption><\/figure>\n\n<\/div>\n<\/div>\n\n\n<div class=\"wp-block-group animation--init--once slide-right is-vertical is-content-justification-center is-layout-flex wp-container-core-group-is-layout-6 wp-block-group-is-layout-flex\">\n<h2 class=\"wp-block-heading has-text-align-center has-theme-dark-purple-color has-text-color\">Activit\u00e9s et lieux d&rsquo;int\u00e9r\u00eat<\/h2>\n\n\n\n<figure class=\"wp-block-image aligncenter size-large is-resized wp-duotone-ffb434-ffb434-4\"><img loading=\"lazy\" decoding=\"async\" width=\"25\" height=\"9\" src=\"http:\/\/www.campingkims.com\/wp-content\/uploads\/ola-separadora.svg\" alt=\"\" class=\"wp-image-921\" style=\"width:70px\"\/><\/figure>\n<\/div>\n\n\n        <div class=\"wp-block-custom-grid alignwide has-text-align-left has-custom-margin block-grid-responsive\" style=\"margin-top:8vh;margin-bottom:20vh; --wp--style--block-desktop-column:4;--wp--style--block-tablet-column:2;--wp--style--block-mobile-column:2;\">\n\n                <div class=\"acf-innerblocks-container\">\n\n<figure class=\"wp-block-image size-full has-custom-border is-style-aspect-ratio-4_3 animation--init--once slide-up\"><a href=\"http:\/\/www.campingkims.com\/wp-content\/uploads\/entorno-actividades-07.webp\" class=\"image-link\"><img loading=\"lazy\" decoding=\"async\" width=\"1024\" height=\"577\" src=\"http:\/\/www.campingkims.com\/wp-content\/uploads\/entorno-actividades-07.webp\" alt=\"\" class=\"wp-image-4552\" style=\"border-radius:0.25rem\" srcset=\"https:\/\/www.campingkims.com\/wp-content\/uploads\/entorno-actividades-07.webp 1024w, https:\/\/www.campingkims.com\/wp-content\/uploads\/entorno-actividades-07-768x433.webp 768w, https:\/\/www.campingkims.com\/wp-content\/uploads\/entorno-actividades-07-512x289.webp 512w, https:\/\/www.campingkims.com\/wp-content\/uploads\/entorno-actividades-07-256x144.webp 256w\" sizes=\"(max-width: 1024px) 100vw, 1024px\" \/><\/a><figcaption class=\"wp-element-caption\"><strong><mark style=\"background-color:rgba(0, 0, 0, 0)\" class=\"has-inline-color has-theme-dark-purple-color\">Randonn\u00e9e et cyclotourisme<\/mark><\/strong><br><a href=\"https:\/\/costabrava.org\/es\/que-hacer\/turismo-activo\/senderismo\/\" target=\"_blank\" rel=\"noreferrer noopener\">routes<\/a><\/figcaption><\/figure>\n\n\n\n<figure class=\"wp-block-image size-full has-custom-border is-style-aspect-ratio-4_3 animation--init--once slide-up\"><a href=\"http:\/\/www.campingkims.com\/wp-content\/uploads\/entorno-actividades-03.webp\" class=\"image-link\"><img loading=\"lazy\" decoding=\"async\" width=\"960\" height=\"720\" src=\"http:\/\/www.campingkims.com\/wp-content\/uploads\/entorno-actividades-03.webp\" alt=\"\" class=\"wp-image-4559\" style=\"border-radius:0.25rem\" srcset=\"https:\/\/www.campingkims.com\/wp-content\/uploads\/entorno-actividades-03.webp 960w, https:\/\/www.campingkims.com\/wp-content\/uploads\/entorno-actividades-03-768x576.webp 768w, https:\/\/www.campingkims.com\/wp-content\/uploads\/entorno-actividades-03-512x384.webp 512w, https:\/\/www.campingkims.com\/wp-content\/uploads\/entorno-actividades-03-256x192.webp 256w\" sizes=\"(max-width: 960px) 100vw, 960px\" \/><\/a><figcaption class=\"wp-element-caption\"><strong><mark style=\"background-color:rgba(0, 0, 0, 0)\" class=\"has-inline-color has-theme-dark-purple-color\">Caminos de Ronda &#8211; Routes<\/mark><\/strong><br><mark style=\"background-color:rgba(0, 0, 0, 0)\" class=\"has-inline-color has-theme-purple-color\">Caminos de Ronda Llafranc &#8211; Calella de Palafrugell &#8211; Tamariu<\/mark><br><a href=\"https:\/\/visitpalafrugell.cat\/es\/rutas\/\" target=\"_blank\" rel=\"noreferrer noopener\">routes<\/a><\/figcaption><\/figure>\n\n\n\n<figure class=\"wp-block-image size-full has-custom-border is-style-aspect-ratio-4_3 animation--init--once slide-up\"><a href=\"http:\/\/www.campingkims.com\/wp-content\/uploads\/entorno-actividades-06.webp\" class=\"image-link\"><img loading=\"lazy\" decoding=\"async\" width=\"650\" height=\"430\" src=\"http:\/\/www.campingkims.com\/wp-content\/uploads\/entorno-actividades-06.webp\" alt=\"\" class=\"wp-image-4566\" style=\"border-radius:0.25rem\" srcset=\"https:\/\/www.campingkims.com\/wp-content\/uploads\/entorno-actividades-06.webp 650w, https:\/\/www.campingkims.com\/wp-content\/uploads\/entorno-actividades-06-512x339.webp 512w, https:\/\/www.campingkims.com\/wp-content\/uploads\/entorno-actividades-06-256x169.webp 256w\" sizes=\"(max-width: 650px) 100vw, 650px\" \/><\/a><figcaption class=\"wp-element-caption\"><strong>Costa Brava Medieval<\/strong><br><mark style=\"background-color:rgba(0, 0, 0, 0)\" class=\"has-inline-color has-theme-purple-color\">Sur la Costa Brava, \u00e0 seulement 10 ou 20 minutes en voiture du Kim&rsquo;s Camping, se trouvent de magnifiques villages m\u00e9di\u00e9vaux que l&rsquo;on peut visiter.<\/mark><\/figcaption><\/figure>\n\n\n\n<figure class=\"wp-block-image size-full has-custom-border is-style-aspect-ratio-4_3 animation--init--once slide-up\"><a href=\"http:\/\/www.campingkims.com\/wp-content\/uploads\/entorno-actividades-08.webp\" class=\"image-link\"><img loading=\"lazy\" decoding=\"async\" width=\"1920\" height=\"1440\" src=\"http:\/\/www.campingkims.com\/wp-content\/uploads\/entorno-actividades-08.webp\" alt=\"\" class=\"wp-image-4573\" style=\"border-radius:0.25rem\" srcset=\"https:\/\/www.campingkims.com\/wp-content\/uploads\/entorno-actividades-08.webp 1920w, https:\/\/www.campingkims.com\/wp-content\/uploads\/entorno-actividades-08-1024x768.webp 1024w, https:\/\/www.campingkims.com\/wp-content\/uploads\/entorno-actividades-08-768x576.webp 768w, https:\/\/www.campingkims.com\/wp-content\/uploads\/entorno-actividades-08-1536x1152.webp 1536w, https:\/\/www.campingkims.com\/wp-content\/uploads\/entorno-actividades-08-512x384.webp 512w, https:\/\/www.campingkims.com\/wp-content\/uploads\/entorno-actividades-08-256x192.webp 256w\" sizes=\"(max-width: 1920px) 100vw, 1920px\" \/><\/a><figcaption class=\"wp-element-caption\"><strong><mark style=\"background-color:rgba(0, 0, 0, 0)\" class=\"has-inline-color has-theme-dark-purple-color\">Palafrugell<\/mark><\/strong><br><a href=\"https:\/\/visitpalafrugell.cat\/es\/\" target=\"_blank\" rel=\"noreferrer noopener\">visitpalafrugell<\/a><\/figcaption><\/figure>\n\n\n\n<figure class=\"wp-block-image size-full has-custom-border is-style-aspect-ratio-4_3 animation--init--once slide-up\"><a href=\"http:\/\/www.campingkims.com\/wp-content\/uploads\/entorno-actividades-02.webp\" class=\"image-link\"><img loading=\"lazy\" decoding=\"async\" width=\"650\" height=\"430\" src=\"http:\/\/www.campingkims.com\/wp-content\/uploads\/entorno-actividades-02.webp\" alt=\"\" class=\"wp-image-4580\" style=\"border-radius:0.25rem\" srcset=\"https:\/\/www.campingkims.com\/wp-content\/uploads\/entorno-actividades-02.webp 650w, https:\/\/www.campingkims.com\/wp-content\/uploads\/entorno-actividades-02-512x339.webp 512w, https:\/\/www.campingkims.com\/wp-content\/uploads\/entorno-actividades-02-256x169.webp 256w\" sizes=\"(max-width: 650px) 100vw, 650px\" \/><\/a><figcaption class=\"wp-element-caption\"><strong><mark style=\"background-color:rgba(0, 0, 0, 0)\" class=\"has-inline-color has-theme-dark-purple-color\">Begur<\/mark><\/strong><br><a href=\"https:\/\/visitbegur.cat\/es\/\" target=\"_blank\" rel=\"noreferrer noopener\">visitbegur<\/a><\/figcaption><\/figure>\n\n\n\n<figure class=\"wp-block-image size-full has-custom-border is-style-aspect-ratio-4_3 animation--init--once slide-up\"><a href=\"http:\/\/www.campingkims.com\/wp-content\/uploads\/entorno-actividades-05.webp\" class=\"image-link\"><img loading=\"lazy\" decoding=\"async\" width=\"800\" height=\"440\" src=\"http:\/\/www.campingkims.com\/wp-content\/uploads\/entorno-actividades-05.webp\" alt=\"\" class=\"wp-image-4587\" style=\"border-radius:0.25rem\" srcset=\"https:\/\/www.campingkims.com\/wp-content\/uploads\/entorno-actividades-05.webp 800w, https:\/\/www.campingkims.com\/wp-content\/uploads\/entorno-actividades-05-768x422.webp 768w, https:\/\/www.campingkims.com\/wp-content\/uploads\/entorno-actividades-05-512x282.webp 512w, https:\/\/www.campingkims.com\/wp-content\/uploads\/entorno-actividades-05-256x141.webp 256w\" sizes=\"(max-width: 800px) 100vw, 800px\" \/><\/a><figcaption class=\"wp-element-caption\"><strong><mark style=\"background-color:rgba(0, 0, 0, 0)\" class=\"has-inline-color has-theme-dark-purple-color\">Museo Dal\u00ed en Figueres<\/mark><\/strong><br><a href=\"https:\/\/www.salvador-dali.org\/es\/\" target=\"_blank\" rel=\"noreferrer noopener\">salvador-dali.org<\/a><\/figcaption><\/figure>\n\n\n\n<figure class=\"wp-block-image size-full has-custom-border is-style-aspect-ratio-4_3 animation--init--once slide-up\"><a href=\"http:\/\/www.campingkims.com\/wp-content\/uploads\/entorno-actividades-04.webp\" class=\"image-link\"><img loading=\"lazy\" decoding=\"async\" width=\"637\" height=\"369\" src=\"http:\/\/www.campingkims.com\/wp-content\/uploads\/entorno-actividades-04.webp\" alt=\"\" class=\"wp-image-4594\" style=\"border-radius:0.25rem\" srcset=\"https:\/\/www.campingkims.com\/wp-content\/uploads\/entorno-actividades-04.webp 637w, https:\/\/www.campingkims.com\/wp-content\/uploads\/entorno-actividades-04-512x297.webp 512w, https:\/\/www.campingkims.com\/wp-content\/uploads\/entorno-actividades-04-256x148.webp 256w\" sizes=\"(max-width: 637px) 100vw, 637px\" \/><\/a><figcaption class=\"wp-element-caption\"><strong><mark style=\"background-color:rgba(0, 0, 0, 0)\" class=\"has-inline-color has-theme-dark-purple-color\">Girona<\/mark><\/strong><\/figcaption><\/figure>\n\n\n\n<figure class=\"wp-block-image size-full has-custom-border is-style-aspect-ratio-4_3 animation--init--once slide-up\"><a href=\"http:\/\/www.campingkims.com\/wp-content\/uploads\/entorno-actividades-01.webp\" class=\"image-link\"><img loading=\"lazy\" decoding=\"async\" width=\"1920\" height=\"1275\" src=\"http:\/\/www.campingkims.com\/wp-content\/uploads\/entorno-actividades-01.webp\" alt=\"\" class=\"wp-image-4601\" style=\"border-radius:0.25rem\" srcset=\"https:\/\/www.campingkims.com\/wp-content\/uploads\/entorno-actividades-01.webp 1920w, https:\/\/www.campingkims.com\/wp-content\/uploads\/entorno-actividades-01-1024x680.webp 1024w, https:\/\/www.campingkims.com\/wp-content\/uploads\/entorno-actividades-01-768x510.webp 768w, https:\/\/www.campingkims.com\/wp-content\/uploads\/entorno-actividades-01-1536x1020.webp 1536w, https:\/\/www.campingkims.com\/wp-content\/uploads\/entorno-actividades-01-512x340.webp 512w, https:\/\/www.campingkims.com\/wp-content\/uploads\/entorno-actividades-01-256x170.webp 256w\" sizes=\"(max-width: 1920px) 100vw, 1920px\" \/><\/a><figcaption class=\"wp-element-caption\"><strong><mark style=\"background-color:rgba(0, 0, 0, 0)\" class=\"has-inline-color has-theme-dark-purple-color\">Barcelona<\/mark><\/strong><\/figcaption><\/figure>\n\n<\/div>\n<\/div>","protected":false},"excerpt":{"rendered":"<p>Environnement naturel de Tamariu, Llafranc et Calella de Palafrugell En pleine nature et situ\u00e9 dans l\u2019une des zones les plus privil\u00e9gi\u00e9es de la Costa Brava,&#8230;<\/p>\n","protected":false},"author":1,"featured_media":0,"parent":0,"menu_order":3,"comment_status":"closed","ping_status":"closed","template":"","meta":{"_acf_changed":false,"inline_featured_image":false,"footnotes":""},"class_list":["post-5688","page","type-page","status-publish","hentry"],"acf":[],"yoast_head":"<!-- This site is optimized with the Yoast SEO plugin v23.5 - https:\/\/yoast.com\/wordpress\/plugins\/seo\/ -->\n<title>Plages et Environnement - Camping Kim&#039;s Llafranc<\/title>\n<meta name=\"description\" content=\"Les Plages et leurs Environs naturels exceptionnels Environnement naturel de Tamariu, Llafranc et Calella de Palafrugell Environnement naturel de Tamariu,\" \/>\n<meta name=\"robots\" content=\"index, follow, max-snippet:-1, max-image-preview:large, max-video-preview:-1\" \/>\n<link rel=\"canonical\" href=\"https:\/\/www.campingkims.com\/fr\/plages-et-environnement\/\" \/>\n<meta property=\"og:locale\" content=\"fr_FR\" \/>\n<meta property=\"og:type\" content=\"article\" \/>\n<meta property=\"og:title\" content=\"Plages et Environnement - Camping Kim&#039;s Llafranc\" \/>\n<meta property=\"og:description\" content=\"Les Plages et leurs Environs naturels exceptionnels Environnement naturel de Tamariu, Llafranc et Calella de Palafrugell Environnement naturel de Tamariu,\" \/>\n<meta property=\"og:url\" content=\"https:\/\/www.campingkims.com\/fr\/plages-et-environnement\/\" \/>\n<meta property=\"og:site_name\" content=\"Camping Kim&#039;s Llafranc\" \/>\n<meta property=\"article:modified_time\" content=\"2025-04-02T09:40:43+00:00\" \/>\n<meta property=\"og:image\" content=\"http:\/\/www.campingkims.com\/wp-content\/uploads\/kims-20.webp\" \/>\n<meta name=\"twitter:card\" content=\"summary_large_image\" \/>\n<meta name=\"twitter:label1\" content=\"Dur\u00e9e de lecture estim\u00e9e\" \/>\n\t<meta name=\"twitter:data1\" content=\"11 minutes\" \/>\n<script type=\"application\/ld+json\" class=\"yoast-schema-graph\">{\"@context\":\"https:\/\/schema.org\",\"@graph\":[{\"@type\":\"WebPage\",\"@id\":\"https:\/\/www.campingkims.com\/fr\/plages-et-environnement\/\",\"url\":\"https:\/\/www.campingkims.com\/fr\/plages-et-environnement\/\",\"name\":\"Plages et Environnement - Camping Kim&#039;s Llafranc\",\"isPartOf\":{\"@id\":\"https:\/\/www.campingkims.com\/fr\/#website\"},\"primaryImageOfPage\":{\"@id\":\"https:\/\/www.campingkims.com\/fr\/plages-et-environnement\/#primaryimage\"},\"image\":{\"@id\":\"https:\/\/www.campingkims.com\/fr\/plages-et-environnement\/#primaryimage\"},\"thumbnailUrl\":\"http:\/\/www.campingkims.com\/wp-content\/uploads\/kims-20.webp\",\"datePublished\":\"2022-10-10T11:42:36+00:00\",\"dateModified\":\"2025-04-02T09:40:43+00:00\",\"description\":\"Les Plages et leurs Environs naturels exceptionnels Environnement naturel de Tamariu, Llafranc et Calella de Palafrugell Environnement naturel de Tamariu,\",\"breadcrumb\":{\"@id\":\"https:\/\/www.campingkims.com\/fr\/plages-et-environnement\/#breadcrumb\"},\"inLanguage\":\"fr-FR\",\"potentialAction\":[{\"@type\":\"ReadAction\",\"target\":[\"https:\/\/www.campingkims.com\/fr\/plages-et-environnement\/\"]}]},{\"@type\":\"ImageObject\",\"inLanguage\":\"fr-FR\",\"@id\":\"https:\/\/www.campingkims.com\/fr\/plages-et-environnement\/#primaryimage\",\"url\":\"http:\/\/www.campingkims.com\/wp-content\/uploads\/kims-20.webp\",\"contentUrl\":\"http:\/\/www.campingkims.com\/wp-content\/uploads\/kims-20.webp\"},{\"@type\":\"BreadcrumbList\",\"@id\":\"https:\/\/www.campingkims.com\/fr\/plages-et-environnement\/#breadcrumb\",\"itemListElement\":[{\"@type\":\"ListItem\",\"position\":1,\"name\":\"Portada\",\"item\":\"https:\/\/www.campingkims.com\/fr\/\"},{\"@type\":\"ListItem\",\"position\":2,\"name\":\"Plages et Environnement\"}]},{\"@type\":\"WebSite\",\"@id\":\"https:\/\/www.campingkims.com\/fr\/#website\",\"url\":\"https:\/\/www.campingkims.com\/fr\/\",\"name\":\"Camping Kim's Llafranc\",\"description\":\"Kim&#039;s Camping Caravaning &amp; Bungalow Park\",\"publisher\":{\"@id\":\"https:\/\/www.campingkims.com\/fr\/#organization\"},\"potentialAction\":[{\"@type\":\"SearchAction\",\"target\":{\"@type\":\"EntryPoint\",\"urlTemplate\":\"https:\/\/www.campingkims.com\/fr\/?s={search_term_string}\"},\"query-input\":{\"@type\":\"PropertyValueSpecification\",\"valueRequired\":true,\"valueName\":\"search_term_string\"}}],\"inLanguage\":\"fr-FR\"},{\"@type\":\"Organization\",\"@id\":\"https:\/\/www.campingkims.com\/fr\/#organization\",\"name\":\"Camping Kim's Llafranc\",\"url\":\"https:\/\/www.campingkims.com\/fr\/\",\"logo\":{\"@type\":\"ImageObject\",\"inLanguage\":\"fr-FR\",\"@id\":\"https:\/\/www.campingkims.com\/fr\/#\/schema\/logo\/image\/\",\"url\":\"https:\/\/www.campingkims.com\/wp-content\/uploads\/logo-camping-kims-llafranc-costa-brava.png\",\"contentUrl\":\"https:\/\/www.campingkims.com\/wp-content\/uploads\/logo-camping-kims-llafranc-costa-brava.png\",\"width\":537,\"height\":257,\"caption\":\"Camping Kim's Llafranc\"},\"image\":{\"@id\":\"https:\/\/www.campingkims.com\/fr\/#\/schema\/logo\/image\/\"}}]}<\/script>\n<!-- \/ Yoast SEO plugin. -->","yoast_head_json":{"title":"Plages et Environnement - Camping Kim&#039;s Llafranc","description":"Les Plages et leurs Environs naturels exceptionnels Environnement naturel de Tamariu, Llafranc et Calella de Palafrugell Environnement naturel de Tamariu,","robots":{"index":"index","follow":"follow","max-snippet":"max-snippet:-1","max-image-preview":"max-image-preview:large","max-video-preview":"max-video-preview:-1"},"canonical":"https:\/\/www.campingkims.com\/fr\/plages-et-environnement\/","og_locale":"fr_FR","og_type":"article","og_title":"Plages et Environnement - Camping Kim&#039;s Llafranc","og_description":"Les Plages et leurs Environs naturels exceptionnels Environnement naturel de Tamariu, Llafranc et Calella de Palafrugell Environnement naturel de Tamariu,","og_url":"https:\/\/www.campingkims.com\/fr\/plages-et-environnement\/","og_site_name":"Camping Kim&#039;s Llafranc","article_modified_time":"2025-04-02T09:40:43+00:00","og_image":[{"url":"http:\/\/www.campingkims.com\/wp-content\/uploads\/kims-20.webp"}],"twitter_card":"summary_large_image","twitter_misc":{"Dur\u00e9e de lecture estim\u00e9e":"11 minutes"},"schema":{"@context":"https:\/\/schema.org","@graph":[{"@type":"WebPage","@id":"https:\/\/www.campingkims.com\/fr\/plages-et-environnement\/","url":"https:\/\/www.campingkims.com\/fr\/plages-et-environnement\/","name":"Plages et Environnement - Camping Kim&#039;s Llafranc","isPartOf":{"@id":"https:\/\/www.campingkims.com\/fr\/#website"},"primaryImageOfPage":{"@id":"https:\/\/www.campingkims.com\/fr\/plages-et-environnement\/#primaryimage"},"image":{"@id":"https:\/\/www.campingkims.com\/fr\/plages-et-environnement\/#primaryimage"},"thumbnailUrl":"http:\/\/www.campingkims.com\/wp-content\/uploads\/kims-20.webp","datePublished":"2022-10-10T11:42:36+00:00","dateModified":"2025-04-02T09:40:43+00:00","description":"Les Plages et leurs Environs naturels exceptionnels Environnement naturel de Tamariu, Llafranc et Calella de Palafrugell Environnement naturel de Tamariu,","breadcrumb":{"@id":"https:\/\/www.campingkims.com\/fr\/plages-et-environnement\/#breadcrumb"},"inLanguage":"fr-FR","potentialAction":[{"@type":"ReadAction","target":["https:\/\/www.campingkims.com\/fr\/plages-et-environnement\/"]}]},{"@type":"ImageObject","inLanguage":"fr-FR","@id":"https:\/\/www.campingkims.com\/fr\/plages-et-environnement\/#primaryimage","url":"http:\/\/www.campingkims.com\/wp-content\/uploads\/kims-20.webp","contentUrl":"http:\/\/www.campingkims.com\/wp-content\/uploads\/kims-20.webp"},{"@type":"BreadcrumbList","@id":"https:\/\/www.campingkims.com\/fr\/plages-et-environnement\/#breadcrumb","itemListElement":[{"@type":"ListItem","position":1,"name":"Portada","item":"https:\/\/www.campingkims.com\/fr\/"},{"@type":"ListItem","position":2,"name":"Plages et Environnement"}]},{"@type":"WebSite","@id":"https:\/\/www.campingkims.com\/fr\/#website","url":"https:\/\/www.campingkims.com\/fr\/","name":"Camping Kim's Llafranc","description":"Kim&#039;s Camping Caravaning &amp; Bungalow Park","publisher":{"@id":"https:\/\/www.campingkims.com\/fr\/#organization"},"potentialAction":[{"@type":"SearchAction","target":{"@type":"EntryPoint","urlTemplate":"https:\/\/www.campingkims.com\/fr\/?s={search_term_string}"},"query-input":{"@type":"PropertyValueSpecification","valueRequired":true,"valueName":"search_term_string"}}],"inLanguage":"fr-FR"},{"@type":"Organization","@id":"https:\/\/www.campingkims.com\/fr\/#organization","name":"Camping Kim's Llafranc","url":"https:\/\/www.campingkims.com\/fr\/","logo":{"@type":"ImageObject","inLanguage":"fr-FR","@id":"https:\/\/www.campingkims.com\/fr\/#\/schema\/logo\/image\/","url":"https:\/\/www.campingkims.com\/wp-content\/uploads\/logo-camping-kims-llafranc-costa-brava.png","contentUrl":"https:\/\/www.campingkims.com\/wp-content\/uploads\/logo-camping-kims-llafranc-costa-brava.png","width":537,"height":257,"caption":"Camping Kim's Llafranc"},"image":{"@id":"https:\/\/www.campingkims.com\/fr\/#\/schema\/logo\/image\/"}}]}},"_links":{"self":[{"href":"https:\/\/www.campingkims.com\/fr\/wp-json\/wp\/v2\/pages\/5688"}],"collection":[{"href":"https:\/\/www.campingkims.com\/fr\/wp-json\/wp\/v2\/pages"}],"about":[{"href":"https:\/\/www.campingkims.com\/fr\/wp-json\/wp\/v2\/types\/page"}],"author":[{"embeddable":true,"href":"https:\/\/www.campingkims.com\/fr\/wp-json\/wp\/v2\/users\/1"}],"replies":[{"embeddable":true,"href":"https:\/\/www.campingkims.com\/fr\/wp-json\/wp\/v2\/comments?post=5688"}],"version-history":[{"count":4,"href":"https:\/\/www.campingkims.com\/fr\/wp-json\/wp\/v2\/pages\/5688\/revisions"}],"predecessor-version":[{"id":7758,"href":"https:\/\/www.campingkims.com\/fr\/wp-json\/wp\/v2\/pages\/5688\/revisions\/7758"}],"wp:attachment":[{"href":"https:\/\/www.campingkims.com\/fr\/wp-json\/wp\/v2\/media?parent=5688"}],"curies":[{"name":"wp","href":"https:\/\/api.w.org\/{rel}","templated":true}]}}