{"id":5984,"date":"2022-10-10T13:42:36","date_gmt":"2022-10-10T11:42:36","guid":{"rendered":"http:\/\/www.campingkims.com\/politica-privacidad\/"},"modified":"2023-08-18T16:45:28","modified_gmt":"2023-08-18T14:45:28","slug":"politique-confidentialite","status":"publish","type":"page","link":"https:\/\/www.campingkims.com\/fr\/politique-confidentialite\/","title":{"rendered":"Politique de confidentialit\u00e9"},"content":{"rendered":"\n<div class=\"wp-block-cover alignfull is-light cover-page animation--init--once is-style-no-margin\" style=\"margin-top:0px;margin-bottom:8vh;min-height:795px;aspect-ratio:unset;\"><span aria-hidden=\"true\" class=\"wp-block-cover__background has-background-dim-0 has-background-dim has-background-gradient has-theme-black-transparent-gradient-background\"><\/span><img loading=\"lazy\" decoding=\"async\" width=\"1920\" height=\"1280\" class=\"wp-block-cover__image-background wp-image-1225\" alt=\"\" src=\"http:\/\/www.campingkims.com\/wp-content\/uploads\/kids-club-08.webp\" data-object-fit=\"cover\" srcset=\"https:\/\/www.campingkims.com\/wp-content\/uploads\/kids-club-08.webp 1920w, https:\/\/www.campingkims.com\/wp-content\/uploads\/kids-club-08-1024x683.webp 1024w, https:\/\/www.campingkims.com\/wp-content\/uploads\/kids-club-08-768x512.webp 768w, https:\/\/www.campingkims.com\/wp-content\/uploads\/kids-club-08-1536x1024.webp 1536w, https:\/\/www.campingkims.com\/wp-content\/uploads\/kids-club-08-512x341.webp 512w, https:\/\/www.campingkims.com\/wp-content\/uploads\/kids-club-08-256x171.webp 256w\" sizes=\"(max-width: 1920px) 100vw, 1920px\" \/><div class=\"wp-block-cover__inner-container is-layout-flow wp-block-cover-is-layout-flow\">\n<figure class=\"wp-block-image alignfull size-large animation--init--once slide-up is-style-no-margin waves\"><img loading=\"lazy\" decoding=\"async\" width=\"1700\" height=\"102\" src=\"http:\/\/www.campingkims.com\/wp-content\/uploads\/waves-orange-1.svg\" alt=\"\" class=\"wp-image-3751\"\/><\/figure>\n\n\n\n<div class=\"wp-block-group animation--init--once pop-up is-vertical is-content-justification-center is-layout-flex wp-container-core-group-is-layout-1 wp-block-group-is-layout-flex\">\n<h1 class=\"wp-block-heading has-text-align-center has-theme-white-color has-text-color\">Politique de confidentialit\u00e9<\/h1>\n<\/div>\n<\/div><\/div>\n\n\n\n<div class=\"wp-block-group alignfull booking-section has-theme-orange-background-color has-background is-layout-constrained wp-block-group-is-layout-constrained\" style=\"margin-top:0px;margin-bottom:10vh\">\n<div class=\"wp-block-group alignwide animation--init--once booking-container has-theme-orange-background-color has-background is-vertical is-content-justification-center is-layout-flex wp-container-core-group-is-layout-3 wp-block-group-is-layout-flex\" style=\"border-radius:2rem;margin-top:0px;margin-bottom:0px;padding-top:3rem;padding-right:3rem;padding-bottom:3rem;padding-left:3rem\">\n<div class=\"wp-block-group animation--init--once alignwide booking-title is-vertical is-content-justification-center is-layout-flex wp-container-core-group-is-layout-2 wp-block-group-is-layout-flex\">\n<p class=\"has-theme-dark-purple-color has-text-color has-roboto-slab-font-family has-h-6-font-size\">RESERVATION EN LIGNE<\/p>\n\n\n\n<h3 class=\"wp-block-heading has-text-align-center has-theme-white-color has-text-color has-h-4-font-size\">R\u00e9servez vos vacances sur la Costa Brava<\/h3>\n\n\n\n<figure class=\"wp-block-image size-large is-resized wp-duotone-221b40-221b40-1\"><img loading=\"lazy\" decoding=\"async\" width=\"25\" height=\"9\" src=\"http:\/\/www.campingkims.com\/wp-content\/uploads\/ola-separadora.svg\" alt=\"\" class=\"wp-image-921\" style=\"width:70px\"\/><\/figure>\n<\/div>\n\n\n<script>\n            document.addEventListener('DOMContentLoaded', function () {\n\n                var widget = new MasterWidget('widgetBookingContainer8530', {\n                    lang: 'fr',idProperty: '61',class: 'widget_columns',target: '_blank',dropdown: true,\n                    url: 'https:\/\/booking.campingkims.com'\n                });\n\n\n            });\n\n            <\/script><div id=\"widgetBookingContainer8530\"> <\/div>\n<\/div>\n<\/div>\n\n\n\n<p><strong>Kim\u2019s Camping SL<\/strong>, en conformit\u00e9 avec le r\u00e8glement europ\u00e9en 679\/2016 sur la protection des donn\u00e9es, garantit la protection et la confidentialit\u00e9 des donn\u00e9es personnelles de toute nature fournies par nos clients, les \u00ab&nbsp;utilisateurs&nbsp;\u00bb, le web.<\/p>\n\n\n\n<h4 class=\"wp-block-heading\">Informations de base<\/h4>\n\n\n\n<p>En vertu de l\u2019article 13 du r\u00e8glement europ\u00e9en sur la protection des donn\u00e9es,<strong>Kim\u2019s Camping SL<\/strong>, en tant que responsable du traitement, vous informe des aspects pertinents suivants:<\/p>\n\n\n\n<figure class=\"wp-block-table\"><table><tbody><tr><td><strong>Gestionnaire de traitement<\/strong><\/td><td><strong>Le Kim\u2019s Camping SL, domicili\u00e9 \u00e0 Llafranc \u00e0 Font d\u2019en Xeco, 1 \u00e0 Llafranc, (Palafrugell, Girona \u2013 Spain)<\/strong><\/td><\/tr><tr><td><strong>Objet<\/strong><\/td><td>Les informations fournies par les personnes int\u00e9ress\u00e9es sont trait\u00e9es de mani\u00e8re \u00e0 g\u00e9rer la fourniture des informations demand\u00e9es et \u00e0 fournir aux parties int\u00e9ress\u00e9es des offres de produits et services d\u2019int\u00e9r\u00eat.Les donn\u00e9es fournies seront conserv\u00e9es tant qu\u2019une relation commerciale est maintenue et que sa suppression n\u2019est pas demand\u00e9e.<\/td><\/tr><tr><td><strong>Exercice des droits<\/strong><\/td><td>Allez \u00e0:&nbsp;<strong><u>info@campingkims.com<\/u><\/strong><\/td><\/tr><tr><td><strong>Retrait<\/strong><\/td><td>Gratuit<\/td><\/tr><tr><td><strong>Destinataires<\/strong><\/td><td>Aucune donn\u00e9e ne sera transf\u00e9r\u00e9e \u00e0 des tiers sauf obligation l\u00e9gale.<\/td><\/tr><tr><td><strong>Revendication<\/strong><\/td><td>Autorit\u00e9 de contr\u00f4le espagnole<\/td><\/tr><tr><td><strong>Informations compl\u00e9mentaires<\/strong><\/td><td>Vous pouvez consulter des informations suppl\u00e9mentaires et d\u00e9taill\u00e9es sur la protection des donn\u00e9es et la confidentialit\u00e9 sur<strong><u>www.campingkims.com\/fr\/legale\/<\/u><\/strong><\/td><\/tr><\/tbody><\/table><\/figure>\n\n\n\n<h4 class=\"wp-block-heading\">Informations compl\u00e9mentaires<\/h4>\n\n\n\n<p><strong>Kim\u2019s Camping SL<\/strong>&nbsp;est responsable du traitement des donn\u00e9es \u00e0 caract\u00e8re personnel qu\u2019il collecte et traite, en mettant \u00e0 disposition les moyens de communication suivants pour contacter:<\/p>\n\n\n\n<p><strong>Kim\u2019s Camping SL<\/strong>&nbsp;avec NIF&nbsp;<strong>B17083353<\/strong>&nbsp;avec adresse Font d\u2019en Xeco, n \u00b0 1 17211 Llafranc (Palafrugell, Girona) Espagne et adresse \u00e9lectronique:&nbsp;<a href=\"mailto:info@campingkims.com\">info@campingkims.com<\/a><\/p>\n\n\n\n<h4 class=\"wp-block-heading\">Port\u00e9e de la politique<\/h4>\n\n\n\n<p>Lorsque vous acc\u00e9dez \u00e0 et utilisez notre site Web&nbsp;<a href=\"https:\/\/staging.campingkims.com\/fr\/\">www.campingkims.com<\/a>, vous acceptez d\u2019accepter la pr\u00e9sente politique de confidentialit\u00e9, ainsi que les dispositions contenues dans les mentions l\u00e9gales et la politique en mati\u00e8re de cookies.<\/p>\n\n\n\n<p>Nous vous fournissons ces informations afin qu\u2019avant la documentation de vos donn\u00e9es personnelles, vous puissiez acc\u00e9der \u00e0 la Politique de confidentialit\u00e9 et \u00e0 toute autre information pertinente relative \u00e0 la protection des donn\u00e9es.<\/p>\n\n\n\n<p>De m\u00eame, cette politique sert \u00e0 fournir des informations suppl\u00e9mentaires de second niveau, des clauses informatives qui y sont redirig\u00e9es, \u00e0 cette fin.<\/p>\n\n\n\n<h4 class=\"wp-block-heading\">Objet du traitement<\/h4>\n\n\n\n<p>Le camping traitera les informations que vous nous avez fournies aux fins suivantes:<\/p>\n\n\n\n<ul class=\"wp-block-list\">\n<li>G\u00e9rez tout type de demande, suggestion ou demande concernant nos services professionnels que vous nous fournissez.<\/li>\n\n\n\n<li>Communications commerciales: traitement de vos donn\u00e9es afin de vous informer par e-mail des articles d\u2019int\u00e9r\u00eat et des informations g\u00e9n\u00e9rales sur nos services.<\/li>\n\n\n\n<li>Gestion administrative, comptable et fiscale.<\/li>\n\n\n\n<li>G\u00e9rez les donn\u00e9es fournies par les candidats \u00e0 un poste via Curriculum Vitae (CV), dans l\u2019optique du processus de s\u00e9lection. Vous autorisez express\u00e9ment le camping \u00e0 proc\u00e9der au traitement de vos donn\u00e9es dans le but indiqu\u00e9.<\/li>\n<\/ul>\n\n\n\n<p>Le Camping traitera vos donn\u00e9es et informations fournies pour les processus de s\u00e9lection avec la plus stricte confidentialit\u00e9, en adoptant les mesures techniques et organisationnelles n\u00e9cessaires pour \u00e9viter toute perte, utilisation abusive, alt\u00e9ration et\/ou acc\u00e8s non autoris\u00e9.<\/p>\n\n\n\n<h4 class=\"wp-block-heading\">Dur\u00e9e de conservation de vos donn\u00e9es<\/h4>\n\n\n\n<p>La p\u00e9riode de conservation des donn\u00e9es personnelles variera en fonction du service que vous pouvez obtenir pour embaucher ou fournir.<\/p>\n\n\n\n<p>Dans tous les cas, ce sera le minimum n\u00e9cessaire, pouvant \u00eatre maintenu en fonction des circonstances applicables dans chaque cas et de la l\u00e9gislation en vigueur.<\/p>\n\n\n\n<h4 class=\"wp-block-heading\">L\u00e9gitimation<\/h4>\n\n\n\n<p>La base l\u00e9gale pour le traitement des donn\u00e9es est le consentement des personnes int\u00e9ress\u00e9es pour le traitement et la gestion de toute demande d\u2019information ou de consultation \u00e0 propos de nos services professionnels, ainsi que pour l\u2019envoi de communications commerciales effectu\u00e9es par le Camping lorsque le traitement est n\u00e9cessaire \u00e0 l\u2019ex\u00e9cution d\u2019un contrat.<\/p>\n\n\n\n<h4 class=\"wp-block-heading\">Origine des donn\u00e9es<\/h4>\n\n\n\n<p>Toutes les donn\u00e9es personnelles que nous traitons sur notre site proviennent directement de la partie int\u00e9ress\u00e9e.<\/p>\n\n\n\n<h4 class=\"wp-block-heading\">Droits<\/h4>\n\n\n\n<p>Conform\u00e9ment aux r\u00e9glementations europ\u00e9ennes en mati\u00e8re de protection des donn\u00e9es, commun\u00e9ment appel\u00e9es GDPR, il vous informe des droits que vous poss\u00e9dez et qui sont affect\u00e9s des donn\u00e9es personnelles que nous collectons et traitons, y compris les droits suivants:<\/p>\n\n\n\n<ul class=\"wp-block-list\">\n<li>Vous avez le droit de retirer gratuitement et \u00e0 tout moment le consentement accord\u00e9 au traitement de vos donn\u00e9es personnelles.<\/li>\n\n\n\n<li>Vous avez reconnu le droit d\u2019acc\u00e8s \u00e0 vos donn\u00e9es personnelles ainsi que le droit de les rectifier.<\/li>\n\n\n\n<li>Vous avez le droit de vous opposer au traitement de vos donn\u00e9es personnelles, ainsi que le droit de suppression, appel\u00e9 commun\u00e9ment, le droit d\u2019\u00eatre oubli\u00e9. De m\u00eame, vous avez le droit de vous opposer au traitement des d\u00e9cisions individuelles automatis\u00e9es.<\/li>\n\n\n\n<li>Vous avez le droit d\u2019obtenir la limitation du traitement des donn\u00e9es \u00e0 caract\u00e8re personnel.<\/li>\n\n\n\n<li>Vous avez le droit de demander la portabilit\u00e9 de vos donn\u00e9es personnelles.<\/li>\n\n\n\n<li>Vous avez le droit de d\u00e9poser une plainte aupr\u00e8s de l\u2019autorit\u00e9 de contr\u00f4le de la protection des donn\u00e9es correspondante, l\u2019Agence espagnole de protection des donn\u00e9es (<a href=\"http:\/\/www.agpd.es\/\" rel=\"noreferrer noopener\" target=\"_blank\">www.agpd.es<\/a>).<\/li>\n<\/ul>\n\n\n\n<p>Les droits reconnus qui pr\u00e9c\u00e8dent peuvent \u00eatre exerc\u00e9s au moyen d\u2019une demande adress\u00e9e par courrier \u00e9lectronique&nbsp;info@campingkims.com&nbsp;ou par le moyen de contact que nous mettons \u00e0 votre disposition en indiquant dans l\u2019objet du message ou de la communication la r\u00e9f\u00e9rence: Droits GDPR. De m\u00eame, dans le cas o\u00f9 pour faire une telle demande, nous avons besoin d\u2019informations suppl\u00e9mentaires permettant de prouver l\u2019identit\u00e9 de la personne exer\u00e7ant des activit\u00e9s et li\u00e9es au traitement de donn\u00e9es \u00e0 caract\u00e8re personnel, il sera n\u00e9cessaire de fournir des informations suppl\u00e9mentaires ou documentaires prouvant l\u2019identit\u00e9 de la personne concern\u00e9e exercer le droit en question.<\/p>\n\n\n\n<h4 class=\"wp-block-heading\">Retrait<\/h4>\n\n\n\n<p>En vertu de la directive 2002\/58 \/ CE relative aux services de la soci\u00e9t\u00e9 de l\u2019information et \u00e0 la possibilit\u00e9 d\u2019envoyer des communications promotionnelles ou publicitaires par voie \u00e9lectronique, celle-ci incorpore ou facilite pour les destinataires desdits m\u00e9canismes de communication, simples et gratuites, se retirer de l\u2019autorisation donn\u00e9e pour l\u2019envoi, en se conformant pleinement aux r\u00e9glementations europ\u00e9ennes et nationales en la mati\u00e8re.<\/p>\n\n\n\n<h4 class=\"wp-block-heading\">Politique de cookies<\/h4>\n\n\n\n<p>Un \u00ab&nbsp;cookie&nbsp;\u00bb est un petit fichier qui est stock\u00e9 sur l\u2019ordinateur de l\u2019utilisateur et nous permet de le reconna\u00eetre. L\u2019ensemble de \u00ab&nbsp;cookies&nbsp;\u00bb nous aide \u00e0 am\u00e9liorer la qualit\u00e9 de notre site Web, nous permettant de contr\u00f4ler les pages que nos utilisateurs trouvent utiles et celles qui ne le sont pas.<\/p>\n\n\n\n<p>Les cookies sont essentiels au fonctionnement d\u2019Internet et offrent d\u2019innombrables avantages pour la fourniture de services interactifs, facilitant ainsi la navigation et la convivialit\u00e9 de notre site Web. N\u2019oubliez pas que les cookies ne peuvent pas endommager votre ordinateur et qu\u2019ils sont activ\u00e9s nous aident \u00e0 identifier et \u00e0 r\u00e9soudre les erreurs.<\/p>\n\n\n\n<h4 class=\"wp-block-heading\">Avis de violation de donn\u00e9es personnelles<\/h4>\n\n\n\n<p>Si vos donn\u00e9es sont compromises, le camping vous avertira, ainsi que les autorit\u00e9s de contr\u00f4le comp\u00e9tentes, par courrier \u00e9lectronique dans les 72 heures qui suivent, de l\u2019information sur l\u2019\u00e9tendue de la violation, les donn\u00e9es concern\u00e9es, l\u2019impact \u00e9ventuel sur le service et Le plan d\u2019action Camping avec les mesures n\u00e9cessaires pour prot\u00e9ger les donn\u00e9es et limiter les \u00e9ventuels effets n\u00e9gatifs sur les parties int\u00e9ress\u00e9es.<\/p>\n\n\n\n<p>La \u00ab&nbsp;violation de donn\u00e9es \u00e0 caract\u00e8re personnel&nbsp;\u00bb fait r\u00e9f\u00e9rence \u00e0 une violation de la s\u00e9curit\u00e9 entra\u00eenant la destruction, la perte, la modification, la divulgation non autoris\u00e9e ou l\u2019acc\u00e8s, accidentel ou ill\u00e9gal, \u00e0 des donn\u00e9es \u00e0 caract\u00e8re personnel transmises, stock\u00e9es ou trait\u00e9es en relation avec la fourniture du Service. .<\/p>\n\n\n\n<h4 class=\"wp-block-heading\">Doutes et modifications<\/h4>\n\n\n\n<p>Si vous avez des questions sur cette politique de confidentialit\u00e9, veuillez nous contacter en envoyant un courrier \u00e9lectronique \u00e0 l\u2019adresse info@campingkims.com.<\/p>\n","protected":false},"excerpt":{"rendered":"<p>Kim\u2019s Camping SL, en conformit\u00e9 avec le r\u00e8glement europ\u00e9en 679\/2016 sur la protection des donn\u00e9es, garantit la protection et la confidentialit\u00e9 des donn\u00e9es personnelles de&#8230;<\/p>\n","protected":false},"author":1,"featured_media":0,"parent":0,"menu_order":6,"comment_status":"closed","ping_status":"open","template":"","meta":{"_acf_changed":false,"inline_featured_image":false,"footnotes":""},"class_list":["post-5984","page","type-page","status-publish","hentry"],"acf":[],"yoast_head":"<!-- This site is optimized with the Yoast SEO plugin v23.5 - https:\/\/yoast.com\/wordpress\/plugins\/seo\/ -->\n<title>Politique de confidentialit\u00e9 - Camping Kim&#039;s Llafranc<\/title>\n<meta name=\"description\" content=\"Politique de confidentialit\u00e9 Kim\u2019s Camping SL, en conformit\u00e9 avec le r\u00e8glement europ\u00e9en 679\/2016 sur la protection des donn\u00e9es, garantit la protection et\" \/>\n<meta name=\"robots\" content=\"index, follow, max-snippet:-1, max-image-preview:large, max-video-preview:-1\" \/>\n<link rel=\"canonical\" href=\"https:\/\/www.campingkims.com\/fr\/politique-confidentialite\/\" \/>\n<meta property=\"og:locale\" content=\"fr_FR\" \/>\n<meta property=\"og:type\" content=\"article\" \/>\n<meta property=\"og:title\" content=\"Politique de confidentialit\u00e9 - Camping Kim&#039;s Llafranc\" \/>\n<meta property=\"og:description\" content=\"Politique de confidentialit\u00e9 Kim\u2019s Camping SL, en conformit\u00e9 avec le r\u00e8glement europ\u00e9en 679\/2016 sur la protection des donn\u00e9es, garantit la protection et\" \/>\n<meta property=\"og:url\" content=\"https:\/\/www.campingkims.com\/fr\/politique-confidentialite\/\" \/>\n<meta property=\"og:site_name\" content=\"Camping Kim&#039;s Llafranc\" \/>\n<meta property=\"article:modified_time\" content=\"2023-08-18T14:45:28+00:00\" \/>\n<meta property=\"og:image\" content=\"http:\/\/www.campingkims.com\/wp-content\/uploads\/kids-club-08.webp\" \/>\n<meta name=\"twitter:card\" content=\"summary_large_image\" \/>\n<meta name=\"twitter:label1\" content=\"Dur\u00e9e de lecture estim\u00e9e\" \/>\n\t<meta name=\"twitter:data1\" content=\"6 minutes\" \/>\n<script type=\"application\/ld+json\" class=\"yoast-schema-graph\">{\"@context\":\"https:\/\/schema.org\",\"@graph\":[{\"@type\":\"WebPage\",\"@id\":\"https:\/\/www.campingkims.com\/fr\/politique-confidentialite\/\",\"url\":\"https:\/\/www.campingkims.com\/fr\/politique-confidentialite\/\",\"name\":\"Politique de confidentialit\u00e9 - Camping Kim&#039;s Llafranc\",\"isPartOf\":{\"@id\":\"https:\/\/www.campingkims.com\/fr\/#website\"},\"primaryImageOfPage\":{\"@id\":\"https:\/\/www.campingkims.com\/fr\/politique-confidentialite\/#primaryimage\"},\"image\":{\"@id\":\"https:\/\/www.campingkims.com\/fr\/politique-confidentialite\/#primaryimage\"},\"thumbnailUrl\":\"http:\/\/www.campingkims.com\/wp-content\/uploads\/kids-club-08.webp\",\"datePublished\":\"2022-10-10T11:42:36+00:00\",\"dateModified\":\"2023-08-18T14:45:28+00:00\",\"description\":\"Politique de confidentialit\u00e9 Kim\u2019s Camping SL, en conformit\u00e9 avec le r\u00e8glement europ\u00e9en 679\/2016 sur la protection des donn\u00e9es, garantit la protection et\",\"breadcrumb\":{\"@id\":\"https:\/\/www.campingkims.com\/fr\/politique-confidentialite\/#breadcrumb\"},\"inLanguage\":\"fr-FR\",\"potentialAction\":[{\"@type\":\"ReadAction\",\"target\":[\"https:\/\/www.campingkims.com\/fr\/politique-confidentialite\/\"]}]},{\"@type\":\"ImageObject\",\"inLanguage\":\"fr-FR\",\"@id\":\"https:\/\/www.campingkims.com\/fr\/politique-confidentialite\/#primaryimage\",\"url\":\"http:\/\/www.campingkims.com\/wp-content\/uploads\/kids-club-08.webp\",\"contentUrl\":\"http:\/\/www.campingkims.com\/wp-content\/uploads\/kids-club-08.webp\"},{\"@type\":\"BreadcrumbList\",\"@id\":\"https:\/\/www.campingkims.com\/fr\/politique-confidentialite\/#breadcrumb\",\"itemListElement\":[{\"@type\":\"ListItem\",\"position\":1,\"name\":\"Portada\",\"item\":\"https:\/\/www.campingkims.com\/fr\/\"},{\"@type\":\"ListItem\",\"position\":2,\"name\":\"Politique de confidentialit\u00e9\"}]},{\"@type\":\"WebSite\",\"@id\":\"https:\/\/www.campingkims.com\/fr\/#website\",\"url\":\"https:\/\/www.campingkims.com\/fr\/\",\"name\":\"Camping Kim's Llafranc\",\"description\":\"Kim&#039;s Camping Caravaning &amp; Bungalow Park\",\"publisher\":{\"@id\":\"https:\/\/www.campingkims.com\/fr\/#organization\"},\"potentialAction\":[{\"@type\":\"SearchAction\",\"target\":{\"@type\":\"EntryPoint\",\"urlTemplate\":\"https:\/\/www.campingkims.com\/fr\/?s={search_term_string}\"},\"query-input\":{\"@type\":\"PropertyValueSpecification\",\"valueRequired\":true,\"valueName\":\"search_term_string\"}}],\"inLanguage\":\"fr-FR\"},{\"@type\":\"Organization\",\"@id\":\"https:\/\/www.campingkims.com\/fr\/#organization\",\"name\":\"Camping Kim's Llafranc\",\"url\":\"https:\/\/www.campingkims.com\/fr\/\",\"logo\":{\"@type\":\"ImageObject\",\"inLanguage\":\"fr-FR\",\"@id\":\"https:\/\/www.campingkims.com\/fr\/#\/schema\/logo\/image\/\",\"url\":\"https:\/\/www.campingkims.com\/wp-content\/uploads\/logo-camping-kims-llafranc-costa-brava.png\",\"contentUrl\":\"https:\/\/www.campingkims.com\/wp-content\/uploads\/logo-camping-kims-llafranc-costa-brava.png\",\"width\":537,\"height\":257,\"caption\":\"Camping Kim's Llafranc\"},\"image\":{\"@id\":\"https:\/\/www.campingkims.com\/fr\/#\/schema\/logo\/image\/\"}}]}<\/script>\n<!-- \/ Yoast SEO plugin. -->","yoast_head_json":{"title":"Politique de confidentialit\u00e9 - Camping Kim&#039;s Llafranc","description":"Politique de confidentialit\u00e9 Kim\u2019s Camping SL, en conformit\u00e9 avec le r\u00e8glement europ\u00e9en 679\/2016 sur la protection des donn\u00e9es, garantit la protection et","robots":{"index":"index","follow":"follow","max-snippet":"max-snippet:-1","max-image-preview":"max-image-preview:large","max-video-preview":"max-video-preview:-1"},"canonical":"https:\/\/www.campingkims.com\/fr\/politique-confidentialite\/","og_locale":"fr_FR","og_type":"article","og_title":"Politique de confidentialit\u00e9 - Camping Kim&#039;s Llafranc","og_description":"Politique de confidentialit\u00e9 Kim\u2019s Camping SL, en conformit\u00e9 avec le r\u00e8glement europ\u00e9en 679\/2016 sur la protection des donn\u00e9es, garantit la protection et","og_url":"https:\/\/www.campingkims.com\/fr\/politique-confidentialite\/","og_site_name":"Camping Kim&#039;s Llafranc","article_modified_time":"2023-08-18T14:45:28+00:00","og_image":[{"url":"http:\/\/www.campingkims.com\/wp-content\/uploads\/kids-club-08.webp"}],"twitter_card":"summary_large_image","twitter_misc":{"Dur\u00e9e de lecture estim\u00e9e":"6 minutes"},"schema":{"@context":"https:\/\/schema.org","@graph":[{"@type":"WebPage","@id":"https:\/\/www.campingkims.com\/fr\/politique-confidentialite\/","url":"https:\/\/www.campingkims.com\/fr\/politique-confidentialite\/","name":"Politique de confidentialit\u00e9 - Camping Kim&#039;s Llafranc","isPartOf":{"@id":"https:\/\/www.campingkims.com\/fr\/#website"},"primaryImageOfPage":{"@id":"https:\/\/www.campingkims.com\/fr\/politique-confidentialite\/#primaryimage"},"image":{"@id":"https:\/\/www.campingkims.com\/fr\/politique-confidentialite\/#primaryimage"},"thumbnailUrl":"http:\/\/www.campingkims.com\/wp-content\/uploads\/kids-club-08.webp","datePublished":"2022-10-10T11:42:36+00:00","dateModified":"2023-08-18T14:45:28+00:00","description":"Politique de confidentialit\u00e9 Kim\u2019s Camping SL, en conformit\u00e9 avec le r\u00e8glement europ\u00e9en 679\/2016 sur la protection des donn\u00e9es, garantit la protection et","breadcrumb":{"@id":"https:\/\/www.campingkims.com\/fr\/politique-confidentialite\/#breadcrumb"},"inLanguage":"fr-FR","potentialAction":[{"@type":"ReadAction","target":["https:\/\/www.campingkims.com\/fr\/politique-confidentialite\/"]}]},{"@type":"ImageObject","inLanguage":"fr-FR","@id":"https:\/\/www.campingkims.com\/fr\/politique-confidentialite\/#primaryimage","url":"http:\/\/www.campingkims.com\/wp-content\/uploads\/kids-club-08.webp","contentUrl":"http:\/\/www.campingkims.com\/wp-content\/uploads\/kids-club-08.webp"},{"@type":"BreadcrumbList","@id":"https:\/\/www.campingkims.com\/fr\/politique-confidentialite\/#breadcrumb","itemListElement":[{"@type":"ListItem","position":1,"name":"Portada","item":"https:\/\/www.campingkims.com\/fr\/"},{"@type":"ListItem","position":2,"name":"Politique de confidentialit\u00e9"}]},{"@type":"WebSite","@id":"https:\/\/www.campingkims.com\/fr\/#website","url":"https:\/\/www.campingkims.com\/fr\/","name":"Camping Kim's Llafranc","description":"Kim&#039;s Camping Caravaning &amp; Bungalow Park","publisher":{"@id":"https:\/\/www.campingkims.com\/fr\/#organization"},"potentialAction":[{"@type":"SearchAction","target":{"@type":"EntryPoint","urlTemplate":"https:\/\/www.campingkims.com\/fr\/?s={search_term_string}"},"query-input":{"@type":"PropertyValueSpecification","valueRequired":true,"valueName":"search_term_string"}}],"inLanguage":"fr-FR"},{"@type":"Organization","@id":"https:\/\/www.campingkims.com\/fr\/#organization","name":"Camping Kim's Llafranc","url":"https:\/\/www.campingkims.com\/fr\/","logo":{"@type":"ImageObject","inLanguage":"fr-FR","@id":"https:\/\/www.campingkims.com\/fr\/#\/schema\/logo\/image\/","url":"https:\/\/www.campingkims.com\/wp-content\/uploads\/logo-camping-kims-llafranc-costa-brava.png","contentUrl":"https:\/\/www.campingkims.com\/wp-content\/uploads\/logo-camping-kims-llafranc-costa-brava.png","width":537,"height":257,"caption":"Camping Kim's Llafranc"},"image":{"@id":"https:\/\/www.campingkims.com\/fr\/#\/schema\/logo\/image\/"}}]}},"_links":{"self":[{"href":"https:\/\/www.campingkims.com\/fr\/wp-json\/wp\/v2\/pages\/5984"}],"collection":[{"href":"https:\/\/www.campingkims.com\/fr\/wp-json\/wp\/v2\/pages"}],"about":[{"href":"https:\/\/www.campingkims.com\/fr\/wp-json\/wp\/v2\/types\/page"}],"author":[{"embeddable":true,"href":"https:\/\/www.campingkims.com\/fr\/wp-json\/wp\/v2\/users\/1"}],"replies":[{"embeddable":true,"href":"https:\/\/www.campingkims.com\/fr\/wp-json\/wp\/v2\/comments?post=5984"}],"version-history":[{"count":2,"href":"https:\/\/www.campingkims.com\/fr\/wp-json\/wp\/v2\/pages\/5984\/revisions"}],"predecessor-version":[{"id":5996,"href":"https:\/\/www.campingkims.com\/fr\/wp-json\/wp\/v2\/pages\/5984\/revisions\/5996"}],"wp:attachment":[{"href":"https:\/\/www.campingkims.com\/fr\/wp-json\/wp\/v2\/media?parent=5984"}],"curies":[{"name":"wp","href":"https:\/\/api.w.org\/{rel}","templated":true}]}}