{"id":6743,"date":"2023-08-21T16:02:03","date_gmt":"2023-08-21T14:02:03","guid":{"rendered":"https:\/\/www.campingkims.com\/faqs\/"},"modified":"2026-03-13T12:26:21","modified_gmt":"2026-03-13T11:26:21","slug":"faqs","status":"publish","type":"page","link":"https:\/\/www.campingkims.com\/fr\/faqs\/","title":{"rendered":"FAQ&rsquo;S"},"content":{"rendered":"\n<div class=\"wp-block-cover alignfull cover-page animation--init--once is-style-no-margin\" style=\"margin-top:0px;margin-bottom:8vh;min-height:795px;aspect-ratio:unset;\"><span aria-hidden=\"true\" class=\"wp-block-cover__background has-background-dim-0 has-background-dim has-background-gradient has-theme-black-transparent-gradient-background\"><\/span><img loading=\"lazy\" decoding=\"async\" width=\"2048\" height=\"1536\" class=\"wp-block-cover__image-background wp-image-3716\" alt=\"\" src=\"http:\/\/www.campingkims.com\/wp-content\/uploads\/serveis-19.webp\" data-object-fit=\"cover\" srcset=\"https:\/\/www.campingkims.com\/wp-content\/uploads\/serveis-19.webp 2048w, https:\/\/www.campingkims.com\/wp-content\/uploads\/serveis-19-1024x768.webp 1024w, https:\/\/www.campingkims.com\/wp-content\/uploads\/serveis-19-768x576.webp 768w, https:\/\/www.campingkims.com\/wp-content\/uploads\/serveis-19-1536x1152.webp 1536w, https:\/\/www.campingkims.com\/wp-content\/uploads\/serveis-19-512x384.webp 512w, https:\/\/www.campingkims.com\/wp-content\/uploads\/serveis-19-256x192.webp 256w\" sizes=\"(max-width: 2048px) 100vw, 2048px\" \/><div class=\"wp-block-cover__inner-container is-layout-flow wp-block-cover-is-layout-flow\">\n<figure class=\"wp-block-image alignfull size-large animation--init--once slide-up is-style-no-margin waves\"><img loading=\"lazy\" decoding=\"async\" width=\"1700\" height=\"102\" src=\"http:\/\/www.campingkims.com\/wp-content\/uploads\/waves-orange-1.svg\" alt=\"\" class=\"wp-image-3751\"\/><\/figure>\n\n\n\n<div class=\"wp-block-group animation--init--once pop-up is-vertical is-content-justification-center is-layout-flex wp-container-core-group-is-layout-1 wp-block-group-is-layout-flex\">\n<h1 class=\"wp-block-heading has-text-align-center\">FAQ&rsquo;S<\/h1>\n\n\n\n<p class=\"has-text-align-center has-roboto-slab-font-family has-h-5-font-size\" style=\"text-transform:uppercase\">QUESTIONS FR\u00c9QUEMMENT POS\u00c9ES<\/p>\n<\/div>\n<\/div><\/div>\n\n\n\n<div class=\"wp-block-group alignfull booking-section has-theme-orange-background-color has-background is-layout-constrained wp-block-group-is-layout-constrained\" style=\"margin-top:0px;margin-bottom:10vh\">\n<div class=\"wp-block-group alignwide animation--init--once booking-container has-theme-orange-background-color has-background is-vertical is-content-justification-center is-layout-flex wp-container-core-group-is-layout-3 wp-block-group-is-layout-flex\" style=\"border-radius:2rem;margin-top:0px;margin-bottom:0px;padding-top:3rem;padding-right:3rem;padding-bottom:3rem;padding-left:3rem\">\n<div class=\"wp-block-group animation--init--once alignwide booking-title is-vertical is-content-justification-center is-layout-flex wp-container-core-group-is-layout-2 wp-block-group-is-layout-flex\">\n<p class=\"has-theme-dark-purple-color has-text-color has-roboto-slab-font-family has-h-6-font-size\">RESERVATION EN LIGNE<\/p>\n\n\n\n<h3 class=\"wp-block-heading has-text-align-center has-theme-white-color has-text-color has-h-4-font-size\">R\u00e9servez vos vacances sur la Costa Brava<\/h3>\n\n\n\n<figure class=\"wp-block-image size-large is-resized wp-duotone-221b40-221b40-1\"><img loading=\"lazy\" decoding=\"async\" width=\"25\" height=\"9\" src=\"http:\/\/www.campingkims.com\/wp-content\/uploads\/ola-separadora.svg\" alt=\"\" class=\"wp-image-921\" style=\"width:70px\"\/><\/figure>\n<\/div>\n\n\n<script>\n            document.addEventListener('DOMContentLoaded', function () {\n\n                var widget = new MasterWidget('widgetBookingContainer7052', {\n                    lang: 'fr',idProperty: '61',class: 'widget_columns',target: '_blank',dropdown: true,\n                    url: 'https:\/\/booking.campingkims.com'\n                });\n\n\n            });\n\n            <\/script><div id=\"widgetBookingContainer7052\"> <\/div>\n<\/div>\n<\/div>\n\n\n\n<h2 class=\"wp-block-heading alignwide has-text-align-center has-h-5-font-size\">R\u00c9PONSES \u00c0 VOS QUESTIONS SUR LE CAMPING EN G\u00c9N\u00c9RAL<\/h2>\n\n\n\n<div class=\"wp-block-columns alignwide is-layout-flex wp-container-core-columns-is-layout-1 wp-block-columns-is-layout-flex\">\n<div class=\"wp-block-column is-layout-flow wp-block-column-is-layout-flow\">  \n<div class=\"wp-block-dropdown animation--init--once slide-up alignwide has-text-align-left align-content-top\" >  \n    <div class=\"dropdown-list-item\">\n        <input type=\"checkbox\" id=\"wp-block-dropdown-block_edbb1781976265845707c3c24a26805e\">\n        <label for=\"wp-block-dropdown-block_edbb1781976265845707c3c24a26805e\" class=\"dropdown-title\">\n                            <p>Quelle est l&rsquo;adresse du Camping? <\/p>\n                <i class=\"fa-solid fa-plus\"><\/i>\n                \n        <\/label>\n        <div class=\"dropdown-content\">\n            <div class=\"acf-innerblocks-container\">\n\n<p>Avinguda del Mar Km2 17211 LLAFRANC<\/p>\n\n<\/div>    \n        <\/div>\n    <\/div>\n<\/div>\n\n  \n<div class=\"wp-block-dropdown animation--init--once slide-up alignwide has-text-align-left align-content-top\" >  \n    <div class=\"dropdown-list-item\">\n        <input type=\"checkbox\" id=\"wp-block-dropdown-block_4aa64b50fed5a87b7e0ea87ee943d071\">\n        <label for=\"wp-block-dropdown-block_4aa64b50fed5a87b7e0ea87ee943d071\" class=\"dropdown-title\">\n                            <p>Et les coordonn\u00e9es GPS?<\/p>\n                <i class=\"fa-solid fa-plus\"><\/i>\n                \n        <\/label>\n        <div class=\"dropdown-content\">\n            <div class=\"acf-innerblocks-container\">\n\n<p>GPS: N 41\u00ba 53.55\u2019 6\u2019\u2019 \u2013 E 3\u00ba 11.08\u2019 09\u2019\u2019<\/p>\n\n<\/div>    \n        <\/div>\n    <\/div>\n<\/div>\n\n  \n<div class=\"wp-block-dropdown animation--init--once slide-up alignwide has-text-align-left align-content-top\" >  \n    <div class=\"dropdown-list-item\">\n        <input type=\"checkbox\" id=\"wp-block-dropdown-block_df962aba51e5985230361c7d3cfcdcab\">\n        <label for=\"wp-block-dropdown-block_df962aba51e5985230361c7d3cfcdcab\" class=\"dropdown-title\">\n                            <p>Quels sont les horaires de r\u00e9ception?<\/p>\n                <i class=\"fa-solid fa-plus\"><\/i>\n                \n        <\/label>\n        <div class=\"dropdown-content\">\n            <div class=\"acf-innerblocks-container\">\n\n<p>De 8h du matin \u00e0 10h du soir.<\/p>\n\n<\/div>    \n        <\/div>\n    <\/div>\n<\/div>\n\n  \n<div class=\"wp-block-dropdown animation--init--once slide-up alignwide has-text-align-left align-content-top\" >  \n    <div class=\"dropdown-list-item\">\n        <input type=\"checkbox\" id=\"wp-block-dropdown-block_65c043e5f213e6d5cffef4e9bc9b526a\">\n        <label for=\"wp-block-dropdown-block_65c043e5f213e6d5cffef4e9bc9b526a\" class=\"dropdown-title\">\n                            <p>Comment y arriver?<\/p>\n                <i class=\"fa-solid fa-plus\"><\/i>\n                \n        <\/label>\n        <div class=\"dropdown-content\">\n            <div class=\"acf-innerblocks-container\">\n\n<p><a href=\"https:\/\/visitpalafrugell.cat\/es\/que-encontrara\/como-llegar\/\" target=\"_blank\" rel=\"noreferrer noopener\">https:\/\/visitpalafrugell.cat\/es\/que-encontrara\/como-llegar\/<\/a><\/p>\n\n<\/div>    \n        <\/div>\n    <\/div>\n<\/div>\n\n  \n<div class=\"wp-block-dropdown alignwide has-text-align-left align-content-top\" >  \n    <div class=\"dropdown-list-item\">\n        <input type=\"checkbox\" id=\"wp-block-dropdown-block_08b82add45f7d3e0d7c5f10d354e6dd7\">\n        <label for=\"wp-block-dropdown-block_08b82add45f7d3e0d7c5f10d354e6dd7\" class=\"dropdown-title\">\n                            <p>De quoi ai-je besoin \u00e0 mon arriv\u00e9e au camping pour m&rsquo;enregistrer?<\/p>\n                <i class=\"fa-solid fa-plus\"><\/i>\n                \n        <\/label>\n        <div class=\"dropdown-content\">\n            <div class=\"acf-innerblocks-container\">\n\n<p>Pi\u00e8ce d&rsquo;identit\u00e9 ou Passeport de toutes les personnes qui s\u00e9journeront au camping. Tous les clients doivent \u00eatre inscrits au camping.<\/p>\n\n\n\n<p>Selon la l\u00e9gislation en vigueur, les personnes de plus de 14 ans ont l&rsquo;obligation de pr\u00e9senter leur pi\u00e8ce d&rsquo;identit\u00e9 ou leur passeport. Le permis de conduire n&rsquo;est pas valide comme preuve d&rsquo;identit\u00e9.<\/p>\n\n<\/div>    \n        <\/div>\n    <\/div>\n<\/div>\n\n  \n<div class=\"wp-block-dropdown alignwide has-text-align-left align-content-top\" >  \n    <div class=\"dropdown-list-item\">\n        <input type=\"checkbox\" id=\"wp-block-dropdown-block_68634bca2f170d62be13c3a8e9e92a15\">\n        <label for=\"wp-block-dropdown-block_68634bca2f170d62be13c3a8e9e92a15\" class=\"dropdown-title\">\n                            <p>Y a-t-il un \u00e2ge minimum pour acc\u00e9der au camping?<\/p>\n                <i class=\"fa-solid fa-plus\"><\/i>\n                \n        <\/label>\n        <div class=\"dropdown-content\">\n            <div class=\"acf-innerblocks-container\">\n\n<p>Ne pas pour acc\u00e9der au camping, mais l&rsquo;entr\u00e9e n&rsquo;est pas autoris\u00e9e aux mineurs de moins de 18 ans qui ne sont pas accompagn\u00e9s de leur p\u00e8re, m\u00e8re ou tuteur l\u00e9gal pendant toute la dur\u00e9e du s\u00e9jour.<\/p>\n\n\n\n<p>Pour s\u00e9journer au camping sans parents ou tuteurs l\u00e9gaux, l&rsquo;\u00e2ge minimum est de 21 ans.<\/p>\n\n\n\n<p>Toute r\u00e9servation ne respectant pas cette condition sera annul\u00e9e.<\/p>\n\n<\/div>    \n        <\/div>\n    <\/div>\n<\/div>\n\n  \n<div class=\"wp-block-dropdown alignwide has-text-align-left align-content-top\" >  \n    <div class=\"dropdown-list-item\">\n        <input type=\"checkbox\" id=\"wp-block-dropdown-block_1d2928a3dc9cba7d7631c0fa519172f9\">\n        <label for=\"wp-block-dropdown-block_1d2928a3dc9cba7d7631c0fa519172f9\" class=\"dropdown-title\">\n                            <p>Quand ouvrent les piscines?<\/p>\n                <i class=\"fa-solid fa-plus\"><\/i>\n                \n        <\/label>\n        <div class=\"dropdown-content\">\n            <div class=\"acf-innerblocks-container\">\n\n<p>Le jour m\u00eame de l&rsquo;ouverture du camping, toutes les installations sont ouvertes et accessibles.<\/p>\n\n\n\n<p>Le respect du r\u00e8glement ainsi que les consignes du ma\u00eetre-nageur est obligatoire.<\/p>\n\n\n\n<p>Seul l&rsquo;utilisation de maillots de bain traditionnels, bikinis, maillots de bain pour hommes ou shorts est autoris\u00e9e. Il est interdit de se baigner en tenue de ville ou avec Burkini.<\/p>\n\n<\/div>    \n        <\/div>\n    <\/div>\n<\/div>\n\n  \n<div class=\"wp-block-dropdown alignwide has-text-align-left align-content-top\" >  \n    <div class=\"dropdown-list-item\">\n        <input type=\"checkbox\" id=\"wp-block-dropdown-block_ac5afa8d87240cb29627ddb44135aab6\">\n        <label for=\"wp-block-dropdown-block_ac5afa8d87240cb29627ddb44135aab6\" class=\"dropdown-title\">\n                            <p>La piscine est-elle accessible aux personnes \u00e0 mobilit\u00e9 r\u00e9duite?<\/p>\n                <i class=\"fa-solid fa-plus\"><\/i>\n                \n        <\/label>\n        <div class=\"dropdown-content\">\n            <div class=\"acf-innerblocks-container\">\n\n<p>Oui, il y a des rampes d&rsquo;acc\u00e8s \u00e0 la piscine et un si\u00e8ge \u00e9l\u00e9vateur pour y entrer.<\/p>\n\n\n\n<p>Nous disposons \u00e9galement de toilettes adapt\u00e9es (dans le bloc n\u00b05)<\/p>\n\n<\/div>    \n        <\/div>\n    <\/div>\n<\/div>\n\n  \n<div class=\"wp-block-dropdown alignwide has-text-align-left align-content-top\" >  \n    <div class=\"dropdown-list-item\">\n        <input type=\"checkbox\" id=\"wp-block-dropdown-block_7663f4a21daedd0129e5c8ed30d5cc15\">\n        <label for=\"wp-block-dropdown-block_7663f4a21daedd0129e5c8ed30d5cc15\" class=\"dropdown-title\">\n                            <p>Quels sont les prix?<\/p>\n                <i class=\"fa-solid fa-plus\"><\/i>\n                \n        <\/label>\n        <div class=\"dropdown-content\">\n            <div class=\"acf-innerblocks-container\">\n\n<p>Vous pouvez consulter les tarifs sur notre site <a href=\"http:\/\/www.campingkims.com\">www.campingkims.com<\/a>  <\/p>\n\n\n\n<p>ou en effectuant une simulation de r\u00e9servation <a href=\"https:\/\/booking.campingkims.com\/search?lang=es\">https:\/\/booking.campingkims.com\/search?lang=fr<\/a><\/p>\n\n\n\n<p>Lors de la r\u00e9servation en ligne, vous pourrez voir le co\u00fbt d\u00e9taill\u00e9 du s\u00e9jour.<\/p>\n\n\n\n<p>Vous pouvez nous contacter \u00e9galement par email. <a href=\"mailto:info@campingkims.com\">info@campingkims.com<\/a><\/p>\n\n<\/div>    \n        <\/div>\n    <\/div>\n<\/div>\n\n  \n<div class=\"wp-block-dropdown alignwide has-text-align-left align-content-top\" >  \n    <div class=\"dropdown-list-item\">\n        <input type=\"checkbox\" id=\"wp-block-dropdown-block_700e012b8b77aa44f8c4c871cdc97c36\">\n        <label for=\"wp-block-dropdown-block_700e012b8b77aa44f8c4c871cdc97c36\" class=\"dropdown-title\">\n                            <p>Quelle est la distance du camping \u00e0 la plage?<\/p>\n                <i class=\"fa-solid fa-plus\"><\/i>\n                \n        <\/label>\n        <div class=\"dropdown-content\">\n            <div class=\"acf-innerblocks-container\">\n\n<p>De l&rsquo;entr\u00e9e du camping (Avenida del mar, Km2) \u00e0 la plage de Llafranc il y a environ 800 m\u00e8tres.<\/p>\n\n\n\n<p>On peut y aller facilement \u00e0 pied (environ 10 minutes) et un peu plus au retour le chemin est en mont\u00e9e.<\/p>\n\n\n\n<p>Il y a un service de bus r\u00e9gulier du camping \u00e0 Llafranc ou Calella de Palafrugell.<\/p>\n\n\n\n<p> <a href=\"http:\/\/www.moventia.net\">www.moventia.net<\/a> <a href=\"mailto:sarfa@moventia.net\">sarfa@moventia.net<\/a><\/p>\n\n\n\n<p>\u00c0 partir du mi-juillet, vous pourrez profiter du Julivia Bus,<\/p>\n\n\n\n<p>un itin\u00e9raire pour parcourir facilement les criques sans prendre la voiture, en profitant du paysage. <a href=\"https:\/\/visitpalafrugell.cat\/es\/propuestas\/primavera-verano\/julivia-bus-2\/\">https:\/\/visitpalafrugell.cat\/es\/propuestas\/primavera-verano\/julivia-bus-2\/<\/a><\/p>\n\n<\/div>    \n        <\/div>\n    <\/div>\n<\/div>\n\n  \n<div class=\"wp-block-dropdown alignwide has-text-align-left align-content-top\" >  \n    <div class=\"dropdown-list-item\">\n        <input type=\"checkbox\" id=\"wp-block-dropdown-block_e2a509b56d3cc9101ab37a7798b96c53\">\n        <label for=\"wp-block-dropdown-block_e2a509b56d3cc9101ab37a7798b96c53\" class=\"dropdown-title\">\n                            <p>Les chiens sont-ils autoris\u00e9s \u00e0 la plage?<\/p>\n                <i class=\"fa-solid fa-plus\"><\/i>\n                \n        <\/label>\n        <div class=\"dropdown-content\">\n            <div class=\"acf-innerblocks-container\">\n\n<p>Les chiens sont interdits sur les plages de Llafranc, Calella, Tamariu et ses environs.<\/p>\n\n<\/div>    \n        <\/div>\n    <\/div>\n<\/div>\n\n  \n<div class=\"wp-block-dropdown alignwide has-text-align-left align-content-top\" >  \n    <div class=\"dropdown-list-item\">\n        <input type=\"checkbox\" id=\"wp-block-dropdown-block_df889da59b20cbb82111040ed1c23479\">\n        <label for=\"wp-block-dropdown-block_df889da59b20cbb82111040ed1c23479\" class=\"dropdown-title\">\n                            <p>Les chiens sont-ils autoris\u00e9s au camping \/ Puis-je amener mon animal de compagnie ?<\/p>\n                <i class=\"fa-solid fa-plus\"><\/i>\n                \n        <\/label>\n        <div class=\"dropdown-content\">\n            <div class=\"acf-innerblocks-container\">\n\n<p>Les chiens sont admis uniquement sur les emplacements de camping contr\u00f4l\u00e9s \u00e0 tout moment et tenus en laisse en permanence.<\/p>\n\n\n\n<p>L\u2019animal ne doit jamais causer de g\u00eane aux autres clients.<\/p>\n\n\n\n<p>Ils doivent \u00eatre correctement document\u00e9s et vaccin\u00e9s.<\/p>\n\n\n\n<p>Nous n\u2019acceptons pas les races agressives ou potentiellement dangereuses.<\/p>\n\n\n\n<p><strong>Pour des raisons sanitaires<\/strong> Les chiens ou animaux de compagnie ne sont pas admis dans les installations du camping.<\/p>\n\n<\/div>    \n        <\/div>\n    <\/div>\n<\/div>\n\n  \n<div class=\"wp-block-dropdown alignwide has-text-align-left align-content-top\" >  \n    <div class=\"dropdown-list-item\">\n        <input type=\"checkbox\" id=\"wp-block-dropdown-block_493c4170ed5b8d2d8e449f62495ce6d8\">\n        <label for=\"wp-block-dropdown-block_493c4170ed5b8d2d8e449f62495ce6d8\" class=\"dropdown-title\">\n                            <p>Les barbecues sont-ils autoris\u00e9s?<\/p>\n                <i class=\"fa-solid fa-plus\"><\/i>\n                \n        <\/label>\n        <div class=\"dropdown-content\">\n            <div class=\"acf-innerblocks-container\">\n\n<p>SEUL LES BARBECUES \u00c0 GAZ SONT AUTORIS\u00c9S. Le reste est interdit.<\/p>\n\n\n\n<p>L&rsquo;utilisation de charbon ou de bois est totalement interdite, car nous sommes situ\u00e9s dans une zone de pin\u00e8de \u00e0 haut risque. Les r\u00e8gles sont tr\u00e8s strictes \u00e0 cet \u00e9gard.<\/p>\n\n<\/div>    \n        <\/div>\n    <\/div>\n<\/div><\/div>\n\n\n\n<div class=\"wp-block-column is-layout-flow wp-block-column-is-layout-flow\">  \n<div class=\"wp-block-dropdown alignwide has-text-align-left align-content-top\" >  \n    <div class=\"dropdown-list-item\">\n        <input type=\"checkbox\" id=\"wp-block-dropdown-block_84a69a6da301dcd395d051d4bccba33f\">\n        <label for=\"wp-block-dropdown-block_84a69a6da301dcd395d051d4bccba33f\" class=\"dropdown-title\">\n                            <p>Acceptez-vous des visites?<\/p>\n                <i class=\"fa-solid fa-plus\"><\/i>\n                \n        <\/label>\n        <div class=\"dropdown-content\">\n            <div class=\"acf-innerblocks-container\">\n\n<p>Oui. Les visiteurs doivent se rendre \u00e0 la r\u00e9ception pour s&rsquo;enregistrer avec leur pi\u00e8ce d&rsquo;identit\u00e9 ou passeport et payer le tarif adulte ou enfant correspondant. Le titulaire de la r\u00e9servation doit accompagner ses visiteurs lors de leur inscription.<\/p>\n\n<\/div>    \n        <\/div>\n    <\/div>\n<\/div>\n\n  \n<div class=\"wp-block-dropdown alignwide has-text-align-left align-content-top\" >  \n    <div class=\"dropdown-list-item\">\n        <input type=\"checkbox\" id=\"wp-block-dropdown-block_a743036c565fbe32a923bdaf38af6d33\">\n        <label for=\"wp-block-dropdown-block_a743036c565fbe32a923bdaf38af6d33\" class=\"dropdown-title\">\n                            <p>Y a-t-il des animations? <\/p>\n                <i class=\"fa-solid fa-plus\"><\/i>\n                \n        <\/label>\n        <div class=\"dropdown-content\">\n            <div class=\"acf-innerblocks-container\">\n\n<p>Oui, pendant les mois de juillet et ao\u00fbt il y a diff\u00e9rents types d&rsquo;activit\u00e9s et de spectacles, aussi bien pour les enfants que pour les adultes.<\/p>\n\n<\/div>    \n        <\/div>\n    <\/div>\n<\/div>\n\n  \n<div class=\"wp-block-dropdown alignwide has-text-align-left align-content-top\" >  \n    <div class=\"dropdown-list-item\">\n        <input type=\"checkbox\" id=\"wp-block-dropdown-block_5e9768f1f69c034265452aa666ac02f4\">\n        <label for=\"wp-block-dropdown-block_5e9768f1f69c034265452aa666ac02f4\" class=\"dropdown-title\">\n                            <p>Y a-t-il une sup\u00e9rette au camping?<\/p>\n                <i class=\"fa-solid fa-plus\"><\/i>\n                \n        <\/label>\n        <div class=\"dropdown-content\">\n            <div class=\"acf-innerblocks-container\">\n\n<p>Oui, nous avons une sup\u00e9rette o\u00f9 vous pourrez trouver tout ce dont vous avez besoin pour votre quotidien m\u00eame du pain frais et des viennoiseries.<\/p>\n\n<\/div>    \n        <\/div>\n    <\/div>\n<\/div>\n\n  \n<div class=\"wp-block-dropdown alignwide has-text-align-left align-content-top\" >  \n    <div class=\"dropdown-list-item\">\n        <input type=\"checkbox\" id=\"wp-block-dropdown-block_a0f059fe2bc00a8cfc0a644d38a1cabc\">\n        <label for=\"wp-block-dropdown-block_a0f059fe2bc00a8cfc0a644d38a1cabc\" class=\"dropdown-title\">\n                            <p>Y a-t-il un restaurant au camping? <\/p>\n                <i class=\"fa-solid fa-plus\"><\/i>\n                \n        <\/label>\n        <div class=\"dropdown-content\">\n            <div class=\"acf-innerblocks-container\">\n\n<p> Oui.<\/p>\n\n<\/div>    \n        <\/div>\n    <\/div>\n<\/div>\n\n  \n<div class=\"wp-block-dropdown alignwide has-text-align-left align-content-top\" >  \n    <div class=\"dropdown-list-item\">\n        <input type=\"checkbox\" id=\"wp-block-dropdown-block_0fa47ca48ac319e0f312c3e671def2f4\">\n        <label for=\"wp-block-dropdown-block_0fa47ca48ac319e0f312c3e671def2f4\" class=\"dropdown-title\">\n                            <p>Y a t-il des plats \u00e0 emporter?<\/p>\n                <i class=\"fa-solid fa-plus\"><\/i>\n                \n        <\/label>\n        <div class=\"dropdown-content\">\n            <div class=\"acf-innerblocks-container\">\n\n<p>Oui pendant les heures d\u2019ouverture de la cuisisne.<\/p>\n\n<\/div>    \n        <\/div>\n    <\/div>\n<\/div>\n\n  \n<div class=\"wp-block-dropdown alignwide has-text-align-left align-content-top\" >  \n    <div class=\"dropdown-list-item\">\n        <input type=\"checkbox\" id=\"wp-block-dropdown-block_3448729f85340a21a7b308fbbb9e4d35\">\n        <label for=\"wp-block-dropdown-block_3448729f85340a21a7b308fbbb9e4d35\" class=\"dropdown-title\">\n                            <p>Proposez-vous la demi-pension ou la pension compl\u00e8te?<\/p>\n                <i class=\"fa-solid fa-plus\"><\/i>\n                \n        <\/label>\n        <div class=\"dropdown-content\">\n            <div class=\"acf-innerblocks-container\">\n\n<p>NON<\/p>\n\n<\/div>    \n        <\/div>\n    <\/div>\n<\/div>\n\n  \n<div class=\"wp-block-dropdown alignwide has-text-align-left align-content-top\" >  \n    <div class=\"dropdown-list-item\">\n        <input type=\"checkbox\" id=\"wp-block-dropdown-block_766b4e4a3b49eb583e7acd6c9c79e096\">\n        <label for=\"wp-block-dropdown-block_766b4e4a3b49eb583e7acd6c9c79e096\" class=\"dropdown-title\">\n                            <p>Y a-t-il de la nourriture pour les c\u00e9liaques?<\/p>\n                <i class=\"fa-solid fa-plus\"><\/i>\n                \n        <\/label>\n        <div class=\"dropdown-content\">\n            <div class=\"acf-innerblocks-container\">\n\n<p>Nous n&rsquo;avons pas de menu sp\u00e9cifique mais il y a toujours des plats respectant toute intol\u00e9rance alimentaire.<\/p>\n\n<\/div>    \n        <\/div>\n    <\/div>\n<\/div>\n\n  \n<div class=\"wp-block-dropdown alignwide has-text-align-left align-content-top\" >  \n    <div class=\"dropdown-list-item\">\n        <input type=\"checkbox\" id=\"wp-block-dropdown-block_26bbcf06a169eb5c4c0cd990036358bb\">\n        <label for=\"wp-block-dropdown-block_26bbcf06a169eb5c4c0cd990036358bb\" class=\"dropdown-title\">\n                            <p>Y a-t-il une laverie? <\/p>\n                <i class=\"fa-solid fa-plus\"><\/i>\n                \n        <\/label>\n        <div class=\"dropdown-content\">\n            <div class=\"acf-innerblocks-container\">\n\n<p> Oui, il y a une laverie avec lave-linge et s\u00e8che-linge.<\/p>\n\n<\/div>    \n        <\/div>\n    <\/div>\n<\/div>\n\n  \n<div class=\"wp-block-dropdown alignwide has-text-align-left align-content-top\" >  \n    <div class=\"dropdown-list-item\">\n        <input type=\"checkbox\" id=\"wp-block-dropdown-block_520dba0d84af6f5ebebc2de283d2ecce\">\n        <label for=\"wp-block-dropdown-block_520dba0d84af6f5ebebc2de283d2ecce\" class=\"dropdown-title\">\n                            <p>Il y a une connexion Wi-Fi?<\/p>\n                <i class=\"fa-solid fa-plus\"><\/i>\n                \n        <\/label>\n        <div class=\"dropdown-content\">\n            <div class=\"acf-innerblocks-container\">\n\n<p> Oui, il y a une connexion wifi.<\/p>\n\n<\/div>    \n        <\/div>\n    <\/div>\n<\/div>\n\n  \n<div class=\"wp-block-dropdown alignwide has-text-align-left align-content-top\" >  \n    <div class=\"dropdown-list-item\">\n        <input type=\"checkbox\" id=\"wp-block-dropdown-block_7eddf074f2d3a6349d402f55e03651f9\">\n        <label for=\"wp-block-dropdown-block_7eddf074f2d3a6349d402f55e03651f9\" class=\"dropdown-title\">\n                            <p>Louez-vous des v\u00e9los?<\/p>\n                <i class=\"fa-solid fa-plus\"><\/i>\n                \n        <\/label>\n        <div class=\"dropdown-content\">\n            <div class=\"acf-innerblocks-container\">\n\n<p>Oui, nous louons des v\u00e9los au camping.<\/p>\n\n<\/div>    \n        <\/div>\n    <\/div>\n<\/div>\n\n  \n<div class=\"wp-block-dropdown alignwide has-text-align-left align-content-top\" >  \n    <div class=\"dropdown-list-item\">\n        <input type=\"checkbox\" id=\"wp-block-dropdown-block_04a459047d48f2836dd4d595ab4ef8ce\">\n        <label for=\"wp-block-dropdown-block_04a459047d48f2836dd4d595ab4ef8ce\" class=\"dropdown-title\">\n                            <p>Louez-vous des r\u00e9frig\u00e9rateurs au camping?<\/p>\n                <i class=\"fa-solid fa-plus\"><\/i>\n                \n        <\/label>\n        <div class=\"dropdown-content\">\n            <div class=\"acf-innerblocks-container\">\n\n<p>Nous ne les louons pas directement mais il y a une entreprise Rentit.es qui proposent ce service.<\/p>\n\n\n\n<p> Il faut r\u00e9server directement via leur site <a href=\"http:\/\/www.rentit.es\/\">www.rentit.es\/<\/a> <a href=\"https:\/\/www.rentit.es\/es\/\">https:\/\/www.rentit.es\/fr\/<\/a><\/p>\n\n<\/div>    \n        <\/div>\n    <\/div>\n<\/div>\n\n  \n<div class=\"wp-block-dropdown alignwide has-text-align-left align-content-top\" >  \n    <div class=\"dropdown-list-item\">\n        <input type=\"checkbox\" id=\"wp-block-dropdown-block_15cdffb49d07500325eaab139a5569ee\">\n        <label for=\"wp-block-dropdown-block_15cdffb49d07500325eaab139a5569ee\" class=\"dropdown-title\">\n                            <p>HEURES DE SILENCE<\/p>\n                <i class=\"fa-solid fa-plus\"><\/i>\n                \n        <\/label>\n        <div class=\"dropdown-content\">\n            <div class=\"acf-innerblocks-container\">\n\n<p>Entre 24h et 8 h du matin. . Nous vous demandons \u00e0 tous de respecter les horaires calmes de 24h \u00e0 8h. Nous vous demandons \u00e0 tous de respecter les horaires calmes de 24h \u00e0 8h.<\/p>\n\n<\/div>    \n        <\/div>\n    <\/div>\n<\/div>\n\n  \n<div class=\"wp-block-dropdown alignwide has-text-align-left align-content-top\" >  \n    <div class=\"dropdown-list-item\">\n        <input type=\"checkbox\" id=\"wp-block-dropdown-block_30788619c6f4a1f8fe3e975faf5cabaf\">\n        <label for=\"wp-block-dropdown-block_30788619c6f4a1f8fe3e975faf5cabaf\" class=\"dropdown-title\">\n                            <p>CIRCULATION DES V\u00c9HICULES<\/p>\n                <i class=\"fa-solid fa-plus\"><\/i>\n                \n        <\/label>\n        <div class=\"dropdown-content\">\n            <div class=\"acf-innerblocks-container\">\n\n<p>La vitesse maximale autoris\u00e9e est de 10 km\/h.<\/p>\n\n\n\n<p>La circulation est interdite dans le camping pendant les heures de silence (24h \u00e0 8h) (sauf urgences)<\/p>\n\n\n\n<p>Les barri\u00e8res d&rsquo;acc\u00e8s aux v\u00e9hicules sont ferm\u00e9es de 24h \u00e0 8h. Toute personne arrivant pendant cette p\u00e9riode devra laisser la voiture dans le parking ext\u00e9rieur. Vous pouvez cependant acc\u00e9der au camping \u00e0 pied, en faisant toujours attention \u00e0 ne pas faire de bruit pour ne pas d\u00e9ranger le repos des clients.<\/p>\n\n<\/div>    \n        <\/div>\n    <\/div>\n<\/div>\n\n  \n<div class=\"wp-block-dropdown alignwide has-text-align-left align-content-top\" >  \n    <div class=\"dropdown-list-item\">\n        <input type=\"checkbox\" id=\"wp-block-dropdown-block_fd62d313d38c33c08b98bc067e54c94e\">\n        <label for=\"wp-block-dropdown-block_fd62d313d38c33c08b98bc067e54c94e\" class=\"dropdown-title\">\n                            <p>STATIONNEMENT DES V\u00c9HICULES<\/p>\n                <i class=\"fa-solid fa-plus\"><\/i>\n                \n        <\/label>\n        <div class=\"dropdown-content\">\n            <div class=\"acf-innerblocks-container\">\n\n<p>Un seul v\u00e9hicule est autoris\u00e9 par parcelle\/logement, qui sera stationn\u00e9 \u00e0 l&rsquo;endroit indiqu\u00e9. Le v\u00e9hicule ne peut \u00eatre gar\u00e9 que sur la parcelle ou dans le parking autoris\u00e9.<\/p>\n\n\n\n<p>Le stationnement dans les rues, sur les parcelles inoccup\u00e9es ou g\u00eanant la circulation des autres v\u00e9hicules est strictement interdit. Si un v\u00e9hicule emp\u00eache d&rsquo;occuper un emplacement, le propri\u00e9taire du v\u00e9hicule sera tenu de payer int\u00e9gralement la nuit\u00e9e.<\/p>\n\n<\/div>    \n        <\/div>\n    <\/div>\n<\/div>\n\n  \n<div class=\"wp-block-dropdown alignwide has-text-align-left align-content-top\" >  \n    <div class=\"dropdown-list-item\">\n        <input type=\"checkbox\" id=\"wp-block-dropdown-block_a6e397e7bba584c2010dc7175937e1e0\">\n        <label for=\"wp-block-dropdown-block_a6e397e7bba584c2010dc7175937e1e0\" class=\"dropdown-title\">\n                            <p>V\u00c9LOS\/SCOOTERS<\/p>\n                <i class=\"fa-solid fa-plus\"><\/i>\n                \n        <\/label>\n        <div class=\"dropdown-content\">\n            <div class=\"acf-innerblocks-container\">\n\n<p>Les v\u00e9los, scooters et v\u00e9hicules similaires ne peuvent pas rouler \u00e0 plus de 10 km\/h, une vitesse mod\u00e9r\u00e9e pour ne pas d\u00e9ranger les pi\u00e9tons.<\/p>\n\n\n\n<p>La nuit vous devez disposer d&rsquo;un \u00e9clairage ad\u00e9quat pour circuler et \u00eatre bien identifi\u00e9 par les autres v\u00e9hicules.<\/p>\n\n\n\n<p>Ne laissez pas les v\u00e9los, scooters, etc. tra\u00eener sur le sol pouvant causer des soucis aux pi\u00e9tons et\/ou aux voitures.<\/p>\n\n\n\n<p>\u00c0 partir de 22h interdit de circuler dans le camping en v\u00e9lo et\/ou similaire.<\/p>\n\n\n\n<p class=\"has-theme-green-color has-text-color has-link-color wp-elements-786593cee18c1ad167d485a44b977a49\"><strong>LES TROTTINETTES \u00c9LECTRIQUES<\/strong> <strong>NE SONT PAS AUTORIS\u00c9ES<\/strong> DANS LE CAMPING EN RAISON D&rsquo;ACCIDENTS CAUS\u00c9S PAR MAUVAIS UTILISATION ET INCIVISME.<\/p>\n\n<\/div>    \n        <\/div>\n    <\/div>\n<\/div><\/div>\n<\/div>\n\n\n\n<div class=\"wp-block-columns alignwide is-layout-flex wp-container-core-columns-is-layout-2 wp-block-columns-is-layout-flex\">\n<div class=\"wp-block-column is-layout-flow wp-block-column-is-layout-flow\">\n<h3 class=\"wp-block-heading has-h-5-font-size\">R\u00c9PONSES \u00c0 VOS QUESTIONS SUR LES S\u00c9JOURS EN EMPLACEMENT CAMPING<\/h3>\n\n\n  \n<div class=\"wp-block-dropdown has-text-align-left align-content-top\" >  \n    <div class=\"dropdown-list-item\">\n        <input type=\"checkbox\" id=\"wp-block-dropdown-block_c54112e9314f06d123d765338fe860c6\">\n        <label for=\"wp-block-dropdown-block_c54112e9314f06d123d765338fe860c6\" class=\"dropdown-title\">\n                            <p>Faut-il r\u00e9server?<\/p>\n                <i class=\"fa-solid fa-plus\"><\/i>\n                \n        <\/label>\n        <div class=\"dropdown-content\">\n            <div class=\"acf-innerblocks-container\">\n\n<p>Oui, r\u00e9servations en ligne <a href=\"http:\/\/www.campingkims.com\">www.campingkims.com<\/a> <a href=\"https:\/\/booking.campingkims.com\/search?lang=es\">https:\/\/booking.campingkims.com\/search?lang=fr<\/a><\/p>\n\n\n\n<p>Lors de la r\u00e9servation en ligne, vous pouvez voir le co\u00fbt d\u00e9taill\u00e9 du s\u00e9jour, l&rsquo;enregistrement est beaucoup plus rapide et nous \u00e9vitons les foules \u00e0 la r\u00e9ception.<\/p>\n\n\n\n<p>En moyenne et haute saison nous demandons une caution de 60\u20ac par emplacement.<\/p>\n\n\n\n<p>D\u00e8s r\u00e9ception de la demande, nous vous enverrons une pr\u00e9-r\u00e9servation et comment proc\u00e9der pour confirmer la r\u00e9servation.<\/p>\n\n<\/div>    \n        <\/div>\n    <\/div>\n<\/div>\n\n  \n<div class=\"wp-block-dropdown has-text-align-left align-content-top\" >  \n    <div class=\"dropdown-list-item\">\n        <input type=\"checkbox\" id=\"wp-block-dropdown-block_79286e5afbc61be6a01ed52db7f05fc9\">\n        <label for=\"wp-block-dropdown-block_79286e5afbc61be6a01ed52db7f05fc9\" class=\"dropdown-title\">\n                            <p>Horaires d&rsquo;arriv\u00e9e et de d\u00e9part?<\/p>\n                <i class=\"fa-solid fa-plus\"><\/i>\n                \n        <\/label>\n        <div class=\"dropdown-content\">\n            <div class=\"acf-innerblocks-container\">\n\n<p>Les emplacements seront disponibles \u00e0 partir de 12h (midi) le jour de l&rsquo;arriv\u00e9e.<\/p>\n\n\n\n<p>Le d\u00e9part avant 12h (midi). Les s\u00e9jours sont calcul\u00e9s par nuit.<\/p>\n\n<\/div>    \n        <\/div>\n    <\/div>\n<\/div>\n\n  \n<div class=\"wp-block-dropdown has-text-align-left align-content-top\" >  \n    <div class=\"dropdown-list-item\">\n        <input type=\"checkbox\" id=\"wp-block-dropdown-block_bda443617d6271c7802a38f7c343d341\">\n        <label for=\"wp-block-dropdown-block_bda443617d6271c7802a38f7c343d341\" class=\"dropdown-title\">\n                            <p>Combien de personnes maximum sur un emplacement?<\/p>\n                <i class=\"fa-solid fa-plus\"><\/i>\n                \n        <\/label>\n        <div class=\"dropdown-content\">\n            <div class=\"acf-innerblocks-container\">\n\n<p>L&rsquo;occupation maximale par emplacement est de 5 personnes.<\/p>\n\n<\/div>    \n        <\/div>\n    <\/div>\n<\/div>\n\n  \n<div class=\"wp-block-dropdown has-text-align-left align-content-top\" >  \n    <div class=\"dropdown-list-item\">\n        <input type=\"checkbox\" id=\"wp-block-dropdown-block_a38ccc4f59c23838242600da2cfab2d4\">\n        <label for=\"wp-block-dropdown-block_a38ccc4f59c23838242600da2cfab2d4\" class=\"dropdown-title\">\n                            <p>Les parcelles ont-elles une prise d\u2019eau et un \u00e9coulement directs?<\/p>\n                <i class=\"fa-solid fa-plus\"><\/i>\n                \n        <\/label>\n        <div class=\"dropdown-content\">\n            <div class=\"acf-innerblocks-container\">\n\n<p>Non, nous avons des fontaines et des points d&rsquo;eau potable mais les parcelles n&rsquo;ont pas de prise d&rsquo;eau ni d&rsquo;\u00e9vacuation.<\/p>\n\n\n\n<p>Lavez les v\u00eatements et la vaisselle uniquement dans les endroits pr\u00e9vus \u00e0 cet effet dans les blocs sanitaires de chaque zone et non dans des sources d\u2019eau potable.<\/p>\n\n\n\n<p>Les blocs sanitaires disposent d&rsquo;eau chaude et froide (24\/7)<\/p>\n\n<\/div>    \n        <\/div>\n    <\/div>\n<\/div>\n\n  \n<div class=\"wp-block-dropdown has-text-align-left align-content-top\" >  \n    <div class=\"dropdown-list-item\">\n        <input type=\"checkbox\" id=\"wp-block-dropdown-block_978d4a3790999f7354e74f61fa744622\">\n        <label for=\"wp-block-dropdown-block_978d4a3790999f7354e74f61fa744622\" class=\"dropdown-title\">\n                            <p>Y a-t-il de l\u2019\u00e9lectricit\u00e9 sur les emplacements? Quel type de conexi\u00f3n y a-t-il sur les emplacements?<\/p>\n                <i class=\"fa-solid fa-plus\"><\/i>\n                \n        <\/label>\n        <div class=\"dropdown-content\">\n            <div class=\"acf-innerblocks-container\">\n\n<p>Tous nos emplacement ont une connexion \u00e9lectrique de 5 amp\u00e8res comprise 220 V \/1100 Watts.<span style=\"font-size: 10pt; font-family: Arial, sans-serif;\"><\/span><\/p>\n\n<\/div>    \n        <\/div>\n    <\/div>\n<\/div>\n\n  \n<div class=\"wp-block-dropdown has-text-align-left align-content-top\" >  \n    <div class=\"dropdown-list-item\">\n        <input type=\"checkbox\" id=\"wp-block-dropdown-block_0c170f4974c6049cbd63f1b6315d4b08\">\n        <label for=\"wp-block-dropdown-block_0c170f4974c6049cbd63f1b6315d4b08\" class=\"dropdown-title\">\n                            <p>Quel type de conexi\u00f3n y a-t-il sur les emplacements?<\/p>\n                <i class=\"fa-solid fa-plus\"><\/i>\n                \n        <\/label>\n        <div class=\"dropdown-content\">\n            <div class=\"acf-innerblocks-container\">\n\n<p>Les prises Schuko standar \u00e0 deux volets. PAS prises CEE triphas\u00e9e. Nous vous conseillons d\u2019apporter un adaptateur triphas\u00e9 europ\u00e9en CEE car le camping ne le fournit pas.<\/p>\n\n<\/div>    \n        <\/div>\n    <\/div>\n<\/div>\n\n  \n<div class=\"wp-block-dropdown has-text-align-left align-content-top\" >  \n    <div class=\"dropdown-list-item\">\n        <input type=\"checkbox\" id=\"wp-block-dropdown-block_b5fc1b757c0b7f6ed4bed700160e9881\">\n        <label for=\"wp-block-dropdown-block_b5fc1b757c0b7f6ed4bed700160e9881\" class=\"dropdown-title\">\n                            <p>Peut-on r\u00e9server une parcelle sp\u00e9cifique \/ un num\u00e9ro pr\u00e9cis d\u2019emplacement?<\/p>\n                <i class=\"fa-solid fa-plus\"><\/i>\n                \n        <\/label>\n        <div class=\"dropdown-content\">\n            <div class=\"acf-innerblocks-container\">\n\n<p>Nous ne r\u00e9servons jamais d&#8217;emplacements sp\u00e9cifiques.<\/p>\n\n\n\n<p>L&#8217;emplacement attribu\u00e9 d\u00e9pendra des emplacements libres le jour de l&rsquo;arriv\u00e9e. Cependant, si vous avez une pr\u00e9f\u00e9rence, vous pouvez la signaler lors de la r\u00e9servation et elle sera prise en compte mais nous ne pouvons pas garantir le num\u00e9ro d\u2019emplacement.<\/p>\n\n<\/div>    \n        <\/div>\n    <\/div>\n<\/div>\n\n  \n<div class=\"wp-block-dropdown has-text-align-left align-content-top\" >  \n    <div class=\"dropdown-list-item\">\n        <input type=\"checkbox\" id=\"wp-block-dropdown-block_7bd3631ac4ba5872dfbbebb5ed2ca7cc\">\n        <label for=\"wp-block-dropdown-block_7bd3631ac4ba5872dfbbebb5ed2ca7cc\" class=\"dropdown-title\">\n                            <p>Quelle est la taille des parcelles?<\/p>\n                <i class=\"fa-solid fa-plus\"><\/i>\n                \n        <\/label>\n        <div class=\"dropdown-content\">\n            <div class=\"acf-innerblocks-container\">\n\n<p> La plupart 70 m2 (7 m x 10 m) et certains de 100 m2.<\/p>\n\n<\/div>    \n        <\/div>\n    <\/div>\n<\/div>\n\n  \n<div class=\"wp-block-dropdown has-text-align-left align-content-top\" >  \n    <div class=\"dropdown-list-item\">\n        <input type=\"checkbox\" id=\"wp-block-dropdown-block_95aab2b732300668b8d0a1a345d5e33c\">\n        <label for=\"wp-block-dropdown-block_95aab2b732300668b8d0a1a345d5e33c\" class=\"dropdown-title\">\n                            <p>Les parcelles sont-elles ombrag\u00e9es?<\/p>\n                <i class=\"fa-solid fa-plus\"><\/i>\n                \n        <\/label>\n        <div class=\"dropdown-content\">\n            <div class=\"acf-innerblocks-container\">\n\n<p>Oui, la plupart de nos parcelles sont ombrag\u00e9es.<\/p>\n\n<\/div>    \n        <\/div>\n    <\/div>\n<\/div>\n\n  \n<div class=\"wp-block-dropdown has-text-align-left align-content-top\" >  \n    <div class=\"dropdown-list-item\">\n        <input type=\"checkbox\" id=\"wp-block-dropdown-block_5420a1426cbb0ce60891d8566463f29e\">\n        <label for=\"wp-block-dropdown-block_5420a1426cbb0ce60891d8566463f29e\" class=\"dropdown-title\">\n                            <p>Y a-t-il des pentes au camping?<\/p>\n                <i class=\"fa-solid fa-plus\"><\/i>\n                \n        <\/label>\n        <div class=\"dropdown-content\">\n            <div class=\"acf-innerblocks-container\">\n\n<p>La zone B&amp;C est compl\u00e8tement plate.<\/p>\n\n\n\n<p>La zone A est en pente, sur des terrasses id\u00e9ales pour les tentes, chariots ou les petits camping-cars.<\/p>\n\n<\/div>    \n        <\/div>\n    <\/div>\n<\/div>\n\n  \n<div class=\"wp-block-dropdown has-text-align-left align-content-top\" >  \n    <div class=\"dropdown-list-item\">\n        <input type=\"checkbox\" id=\"wp-block-dropdown-block_665ac76672c1b200d0cb8660e2e107e9\">\n        <label for=\"wp-block-dropdown-block_665ac76672c1b200d0cb8660e2e107e9\" class=\"dropdown-title\">\n                            <p>Quelle est la politique d\u2019annulation si je r\u00e9serve un emplacement?<\/p>\n                <i class=\"fa-solid fa-plus\"><\/i>\n                \n        <\/label>\n        <div class=\"dropdown-content\">\n            <div class=\"acf-innerblocks-container\">\n\n<p>Annulation 5 \u00e0 3 semaines avant le jour d&rsquo;arriv\u00e9e: R\u00e9tention de 60% de l&rsquo;acompte.<\/p>\n\n\n\n<p>Annulation 2 semaines avant le jour d&rsquo;arriv\u00e9e: R\u00e9tention de 100% de l&rsquo;acompte.<\/p>\n\n\n\n<p>(R\u00e9tention minimale pour frais d&rsquo;annulation 20,00\u20ac)<\/p>\n\n<\/div>    \n        <\/div>\n    <\/div>\n<\/div>\n\n  \n<div class=\"wp-block-dropdown has-text-align-left align-content-top\" >  \n    <div class=\"dropdown-list-item\">\n        <input type=\"checkbox\" id=\"wp-block-dropdown-block_066108df89eba491473cfeaaecd378aa\">\n        <label for=\"wp-block-dropdown-block_066108df89eba491473cfeaaecd378aa\" class=\"dropdown-title\">\n                            <p>Comment puis-je annuler une r\u00e9servation?<\/p>\n                <i class=\"fa-solid fa-plus\"><\/i>\n                \n        <\/label>\n        <div class=\"dropdown-content\">\n            <div class=\"acf-innerblocks-container\">\n\n<p>Les annulations toujours par email <a href=\"mailto:info@campingkims.com\">info@campingkims.com<\/a><\/p>\n\n\n\n<p>En fonction de la date d&rsquo;annulation, nous appliquerons les conditions de remboursement.<\/p>\n\n<\/div>    \n        <\/div>\n    <\/div>\n<\/div><\/div>\n\n\n\n<div class=\"wp-block-column is-layout-flow wp-block-column-is-layout-flow\">\n<h3 class=\"wp-block-heading has-h-5-font-size\">R\u00c9PONSES \u00c0 VOS QUESTIONS SUR LES S\u00c9JOURS EN LOGEMENTS<\/h3>\n\n\n  \n<div class=\"wp-block-dropdown has-text-align-left align-content-top\" >  \n    <div class=\"dropdown-list-item\">\n        <input type=\"checkbox\" id=\"wp-block-dropdown-block_155a9543bb0af812e17a96a67b393974\">\n        <label for=\"wp-block-dropdown-block_155a9543bb0af812e17a96a67b393974\" class=\"dropdown-title\">\n                            <p>Est-il n\u00e9cessaire de r\u00e9server un h\u00e9bergement?<\/p>\n                <i class=\"fa-solid fa-plus\"><\/i>\n                \n        <\/label>\n        <div class=\"dropdown-content\">\n            <div class=\"acf-innerblocks-container\">\n\n<p>Oui. .<\/p>\n\n\n\n<p>R\u00e9servations en ligne <a href=\"http:\/\/www.campingkims.com\">www.campingkims.com<\/a> <a href=\"https:\/\/booking.campingkims.com\/search?lang=es\">https:\/\/booking.campingkims.com\/search?lang=fr<\/a><\/p>\n\n\n\n<p>Lors de la r\u00e9servation en ligne, vous pouvez voir le co\u00fbt d\u00e9taill\u00e9 du s\u00e9jour.<\/p>\n\n\n\n<p>Nous demandons un versement de 40% du montant total du s\u00e9jour. Le reste du montant sera pay\u00e9 le jour de l&rsquo;arriv\u00e9e au camping.<\/p>\n\n\n\n<p>D\u00e8s r\u00e9ception de la demande, nous vous enverrons une pr\u00e9-r\u00e9servation et comment proc\u00e9der pour confirmer la r\u00e9servation.<\/p>\n\n<\/div>    \n        <\/div>\n    <\/div>\n<\/div>\n\n  \n<div class=\"wp-block-dropdown has-text-align-left align-content-top\" >  \n    <div class=\"dropdown-list-item\">\n        <input type=\"checkbox\" id=\"wp-block-dropdown-block_eba567acdd190c03fada90ef09e06180\">\n        <label for=\"wp-block-dropdown-block_eba567acdd190c03fada90ef09e06180\" class=\"dropdown-title\">\n                            <p>Demandez-vous un d\u00e9p\u00f4t de garantie?<\/p>\n                <i class=\"fa-solid fa-plus\"><\/i>\n                \n        <\/label>\n        <div class=\"dropdown-content\">\n            <div class=\"acf-innerblocks-container\">\n\n<p>130\u20ac pour dommages, d\u00e9g\u00e2ts ou pertes 50\u20ac de frais de m\u00e9nage pour le nettoyage si le logement n&rsquo;est pas rendu propre comme il a \u00e9t\u00e9 lou\u00e9 et 40\u20ac pour perte de la cl\u00e9 et du porte-cl\u00e9s.<\/p>\n\n\n\n<p>\u00c0 votre arriv\u00e9e, il vous sera demand\u00e9 de fournir un num\u00e9ro de carte de cr\u00e9dit pour \u00eatre utilis\u00e9 en cas de dommages survenus lors de votre s\u00e9jour. .<\/p>\n\n\n\n<p>Il y a une option pour le service de nettoyage final?<\/p>\n\n\n\n<p>vous pouvez opter pour un nettoyage final si vous pr\u00e9f\u00e9rez. Le co\u00fbt est de 50\u20ac.<\/p>\n\n<\/div>    \n        <\/div>\n    <\/div>\n<\/div>\n\n  \n<div class=\"wp-block-dropdown has-text-align-left align-content-top\" >  \n    <div class=\"dropdown-list-item\">\n        <input type=\"checkbox\" id=\"wp-block-dropdown-block_6eb3f956d1a71032932321ab1eed3c6b\">\n        <label for=\"wp-block-dropdown-block_6eb3f956d1a71032932321ab1eed3c6b\" class=\"dropdown-title\">\n                            <p>Quelle est la politique de paiement?<\/p>\n                <i class=\"fa-solid fa-plus\"><\/i>\n                \n        <\/label>\n        <div class=\"dropdown-content\">\n            <div class=\"acf-innerblocks-container\">\n\n<p>Une fois la r\u00e9servation est confirm\u00e9e avec le paiement de 40% du montant total, le 60% restant sera pay\u00e9 le jour de l\u2019arriv\u00e9e au camping.<\/p>\n\n<\/div>    \n        <\/div>\n    <\/div>\n<\/div>\n\n  \n<div class=\"wp-block-dropdown has-text-align-left align-content-top\" >  \n    <div class=\"dropdown-list-item\">\n        <input type=\"checkbox\" id=\"wp-block-dropdown-block_c5ff6ccfdd0ff88be571326659e0415f\">\n        <label for=\"wp-block-dropdown-block_c5ff6ccfdd0ff88be571326659e0415f\" class=\"dropdown-title\">\n                            <p>Quels sont les horaires d\u2019arriv\u00e9e et de d\u00e9part \u00e0 l\u2019h\u00e9bergement?<\/p>\n                <i class=\"fa-solid fa-plus\"><\/i>\n                \n        <\/label>\n        <div class=\"dropdown-content\">\n            <div class=\"acf-innerblocks-container\">\n\n<p>L&rsquo;heure d&rsquo;arriv\u00e9e \u00e0 partir de 16h00.<\/p>\n\n\n\n<p>Le d\u00e9part avant 11h.<\/p>\n\n<\/div>    \n        <\/div>\n    <\/div>\n<\/div>\n\n  \n<div class=\"wp-block-dropdown has-text-align-left align-content-top\" >  \n    <div class=\"dropdown-list-item\">\n        <input type=\"checkbox\" id=\"wp-block-dropdown-block_99e154abe0afbe9fd9005be432b1f1e4\">\n        <label for=\"wp-block-dropdown-block_99e154abe0afbe9fd9005be432b1f1e4\" class=\"dropdown-title\">\n                            <p>Je pr\u00e9vois d&rsquo;arriver apr\u00e8s 22h, que dois-je faire?<\/p>\n                <i class=\"fa-solid fa-plus\"><\/i>\n                \n        <\/label>\n        <div class=\"dropdown-content\">\n            <div class=\"acf-innerblocks-container\">\n\n<p>Pour toute arriv\u00e9e apr\u00e8s 22h veuillez nous en informer par t\u00e9l\u00e9phone ou par e-mail \u00e0 l&rsquo;avance. Nous laisserons vos cl\u00e9s pr\u00eates au gardien de nuit, \u00e0 qui vous devrez laisser vos documents (pi\u00e8ce d\u2019identit\u00e9 ou passeport) et il vous accompagnera jusqu&rsquo;\u00e0 votre logement. . Le lendemain matin, vous devez vous pr\u00e9senter \u00e0 la r\u00e9ception pour r\u00e9cup\u00e9rer les documents et vous enregistrer.<\/p>\n\n<\/div>    \n        <\/div>\n    <\/div>\n<\/div>\n\n  \n<div class=\"wp-block-dropdown has-text-align-left align-content-top\" >  \n    <div class=\"dropdown-list-item\">\n        <input type=\"checkbox\" id=\"wp-block-dropdown-block_2c8f69c656f9a76944ba4506337feaee\">\n        <label for=\"wp-block-dropdown-block_2c8f69c656f9a76944ba4506337feaee\" class=\"dropdown-title\">\n                            <p>Puis-je arriver avant l\u2019heure pr\u00e9vue?<\/p>\n                <i class=\"fa-solid fa-plus\"><\/i>\n                \n        <\/label>\n        <div class=\"dropdown-content\">\n            <div class=\"acf-innerblocks-container\">\n\n<p>L&rsquo;heure d&rsquo;arriv\u00e9e \u00e0 partir de 16h00. Toutefois, si vous souhaitez profiter de la journ\u00e9e, vous pouvez arriver plus t\u00f4t, vous enregistrer et utiliser les installations du camping, mais l&rsquo;h\u00e9bergement ne sera pas disponible avant 16 heures.<\/p>\n\n<\/div>    \n        <\/div>\n    <\/div>\n<\/div>\n\n  \n<div class=\"wp-block-dropdown has-text-align-left align-content-top\" >  \n    <div class=\"dropdown-list-item\">\n        <input type=\"checkbox\" id=\"wp-block-dropdown-block_0619873bba2de55c4cb4803f51b5c7f3\">\n        <label for=\"wp-block-dropdown-block_0619873bba2de55c4cb4803f51b5c7f3\" class=\"dropdown-title\">\n                            <p>Est-il possible de partir plus tard que l&rsquo;heure pr\u00e9vue? Un d\u00e9part tardif peut-il \u00eatre organis\u00e9?<\/p>\n                <i class=\"fa-solid fa-plus\"><\/i>\n                \n        <\/label>\n        <div class=\"dropdown-content\">\n            <div class=\"acf-innerblocks-container\">\n\n<p>L&rsquo;heure de d\u00e9part est avant 11h.<\/p>\n\n\n\n<p>En basse et moyenne saison nous pouvons \u00eatre plus flexibles et si votre logement n&rsquo;est pas occup\u00e9, il est possible d&rsquo;organiser un service de Late Check-Out et de quitter le logement vers 18h au plus tard.<\/p>\n\n\n\n<p>V\u00e9rifiez \u00e0 la r\u00e9ception les tarifs et les disponibilit\u00e9s le jour du d\u00e9part.<\/p>\n\n\n\n<p>En haute saison, nous ne proposons pas de service de d\u00e9part tardif.<\/p>\n\n<\/div>    \n        <\/div>\n    <\/div>\n<\/div>\n\n  \n<div class=\"wp-block-dropdown has-text-align-left align-content-top\" >  \n    <div class=\"dropdown-list-item\">\n        <input type=\"checkbox\" id=\"wp-block-dropdown-block_51750e20e4cda4b3856f86d587812255\">\n        <label for=\"wp-block-dropdown-block_51750e20e4cda4b3856f86d587812255\" class=\"dropdown-title\">\n                            <p>Quelle est la politique d\u2019annulation si je r\u00e9serve une cabine?<\/p>\n                <i class=\"fa-solid fa-plus\"><\/i>\n                \n        <\/label>\n        <div class=\"dropdown-content\">\n            <div class=\"acf-innerblocks-container\">\n\n<p>R\u00e9tention des d\u00e9p\u00f4ts:<\/p>\n\n\n\n<p>&#8211; 8 &#8211; 7 semaines avant le jour d&rsquo;arriv\u00e9e\u202630%<\/p>\n\n\n\n<p>&#8211; 6 semaines avant le jour d&rsquo;arriv\u00e9e\u202645%<\/p>\n\n\n\n<p>&#8211; 5 &#8211; 3 semaines avant le jour d&rsquo;arriv\u00e9e\u202660%<\/p>\n\n\n\n<p>&#8211; 2 semaines avant le jour d&rsquo;arriv\u00e9e\u2026100%<\/p>\n\n\n\n<p>(R\u00e9tention minimale pour frais d&rsquo;annulation 20,00\u20ac)<\/p>\n\n<\/div>    \n        <\/div>\n    <\/div>\n<\/div>\n\n  \n<div class=\"wp-block-dropdown has-text-align-left align-content-top\" >  \n    <div class=\"dropdown-list-item\">\n        <input type=\"checkbox\" id=\"wp-block-dropdown-block_066108df89eba491473cfeaaecd378aa\">\n        <label for=\"wp-block-dropdown-block_066108df89eba491473cfeaaecd378aa\" class=\"dropdown-title\">\n                            <p>Comment puis-je annuler une r\u00e9servation?<\/p>\n                <i class=\"fa-solid fa-plus\"><\/i>\n                \n        <\/label>\n        <div class=\"dropdown-content\">\n            <div class=\"acf-innerblocks-container\">\n\n<p>Les annulations toujours par email <a href=\"mailto:info@campingkims.com\">info@campingkims.com<\/a><\/p>\n\n\n\n<p>En fonction de la date d&rsquo;annulation, nous appliquerons les conditions de remboursement.<\/p>\n\n<\/div>    \n        <\/div>\n    <\/div>\n<\/div>\n\n  \n<div class=\"wp-block-dropdown has-text-align-left align-content-top\" >  \n    <div class=\"dropdown-list-item\">\n        <input type=\"checkbox\" id=\"wp-block-dropdown-block_5aef1d8fd99e5d2ce0f9a16d6908f36c\">\n        <label for=\"wp-block-dropdown-block_5aef1d8fd99e5d2ce0f9a16d6908f36c\" class=\"dropdown-title\">\n                            <p>Le logements sont-ils bien \u00e9quip\u00e9s?<\/p>\n                <i class=\"fa-solid fa-plus\"><\/i>\n                \n        <\/label>\n        <div class=\"dropdown-content\">\n            <div class=\"acf-innerblocks-container\">\n\n<p>Nos logements sont \u00e9quip\u00e9s de tous les ustensiles de cuisine n\u00e9cessaires, t\u00e9l\u00e9vision, climatisation ou ventilateurs, chauffage.<\/p>\n\n<\/div>    \n        <\/div>\n    <\/div>\n<\/div>\n\n  \n<div class=\"wp-block-dropdown has-text-align-left align-content-top\" >  \n    <div class=\"dropdown-list-item\">\n        <input type=\"checkbox\" id=\"wp-block-dropdown-block_c1b376e7f6bdea233589586a13a4d080\">\n        <label for=\"wp-block-dropdown-block_c1b376e7f6bdea233589586a13a4d080\" class=\"dropdown-title\">\n                            <p>Ont-ils des draps et des serviettes? <\/p>\n                <i class=\"fa-solid fa-plus\"><\/i>\n                \n        <\/label>\n        <div class=\"dropdown-content\">\n            <div class=\"acf-innerblocks-container\">\n\n<p>Oui. Linge de lit et serviettes (changement hebdomadaire).<\/p>\n\n\n\n<p>.<\/p>\n\n<\/div>    \n        <\/div>\n    <\/div>\n<\/div>\n\n  \n<div class=\"wp-block-dropdown has-text-align-left align-content-top\" >  \n    <div class=\"dropdown-list-item\">\n        <input type=\"checkbox\" id=\"wp-block-dropdown-block_5ec6e618ab275040b31387c5769c1337\">\n        <label for=\"wp-block-dropdown-block_5ec6e618ab275040b31387c5769c1337\" class=\"dropdown-title\">\n                            <p>Pouvons-nous ajouter une personne suppl\u00e9mentaire s&rsquo;il s&rsquo;agit d&rsquo;un b\u00e9b\u00e9 ou d&rsquo;un petit enfant si elle d\u00e9passe la capacit\u00e9 maximale du logement?<\/p>\n                <i class=\"fa-solid fa-plus\"><\/i>\n                \n        <\/label>\n        <div class=\"dropdown-content\">\n            <div class=\"acf-innerblocks-container\">\n\n<p>NON. Il est strictement interdit de d\u00e9passer la capacit\u00e9 maximale de l\u2019h\u00e9bergement.<\/p>\n\n<\/div>    \n        <\/div>\n    <\/div>\n<\/div>\n\n  \n<div class=\"wp-block-dropdown has-text-align-left align-content-top\" >  \n    <div class=\"dropdown-list-item\">\n        <input type=\"checkbox\" id=\"wp-block-dropdown-block_0756d6c0cc6a4dcf6a112e6d79c92e90\">\n        <label for=\"wp-block-dropdown-block_0756d6c0cc6a4dcf6a112e6d79c92e90\" class=\"dropdown-title\">\n                            <p>Pouvons-nous louer un lit b\u00e9b\u00e9 et une chaise haute?<\/p>\n                <i class=\"fa-solid fa-plus\"><\/i>\n                \n        <\/label>\n        <div class=\"dropdown-content\">\n            <div class=\"acf-innerblocks-container\">\n\n<p>Oui, en effectuant une r\u00e9servation en envoyant un email \u00e0 <a href=\"mailto:info@campingkims.com\">info@campingkims.com<\/a> Nous confirmerons \u00e9galement la r\u00e9servation par email.<\/p>\n\n<\/div>    \n        <\/div>\n    <\/div>\n<\/div>\n\n  \n<div class=\"wp-block-dropdown has-text-align-left align-content-top\" >  \n    <div class=\"dropdown-list-item\">\n        <input type=\"checkbox\" id=\"wp-block-dropdown-block_c8b8eb271fbd231d1f6f669f917230cb\">\n        <label for=\"wp-block-dropdown-block_c8b8eb271fbd231d1f6f669f917230cb\" class=\"dropdown-title\">\n                            <p>Que dois-je faire si je souhaite quitter le camping en dehors des heures de r\u00e9ception?<\/p>\n                <i class=\"fa-solid fa-plus\"><\/i>\n                \n        <\/label>\n        <div class=\"dropdown-content\">\n            <div class=\"acf-innerblocks-container\">\n\n<p>Si vous devez partir avant 8 heures, vous devrez passer par la r\u00e9ception un jour ou deux avant pour nous en informer.<\/p>\n\n\n\n<p>Vous devrez garer votre voiture \u00e0 l\u2019ext\u00e9rieur la veille, avant minuit.<\/p>\n\n\n\n<p>.<\/p>\n\n<\/div>    \n        <\/div>\n    <\/div>\n<\/div><\/div>\n<\/div>\n","protected":false},"excerpt":{"rendered":"<p>R\u00c9PONSES \u00c0 VOS QUESTIONS SUR LE CAMPING EN G\u00c9N\u00c9RAL R\u00c9PONSES \u00c0 VOS QUESTIONS SUR LES S\u00c9JOURS EN EMPLACEMENT CAMPING R\u00c9PONSES \u00c0 VOS QUESTIONS SUR LES&#8230;<\/p>\n","protected":false},"author":2,"featured_media":0,"parent":0,"menu_order":11,"comment_status":"closed","ping_status":"closed","template":"","meta":{"_acf_changed":false,"inline_featured_image":false,"footnotes":""},"class_list":["post-6743","page","type-page","status-publish","hentry"],"acf":[],"yoast_head":"<!-- This site is optimized with the Yoast SEO plugin v23.5 - https:\/\/yoast.com\/wordpress\/plugins\/seo\/ -->\n<title>FAQ&#039;S - Camping Kim&#039;s Llafranc<\/title>\n<meta name=\"description\" content=\"FAQ&#039;S QUESTIONS FR\u00c9QUEMMENT POS\u00c9ES R\u00c9PONSES \u00c0 VOS QUESTIONS SUR LE CAMPING EN G\u00c9N\u00c9RAL Avinguda del Mar Km2 17211 LLAFRANC GPS: N 41\u00ba 53.55\u2019 6\u2019\u2019 \u2013 E 3\u00ba\" \/>\n<meta name=\"robots\" content=\"index, follow, max-snippet:-1, max-image-preview:large, max-video-preview:-1\" \/>\n<link rel=\"canonical\" href=\"https:\/\/www.campingkims.com\/fr\/faqs\/\" \/>\n<meta property=\"og:locale\" content=\"fr_FR\" \/>\n<meta property=\"og:type\" content=\"article\" \/>\n<meta property=\"og:title\" content=\"FAQ&#039;S - Camping Kim&#039;s Llafranc\" \/>\n<meta property=\"og:description\" content=\"FAQ&#039;S QUESTIONS FR\u00c9QUEMMENT POS\u00c9ES R\u00c9PONSES \u00c0 VOS QUESTIONS SUR LE CAMPING EN G\u00c9N\u00c9RAL Avinguda del Mar Km2 17211 LLAFRANC GPS: N 41\u00ba 53.55\u2019 6\u2019\u2019 \u2013 E 3\u00ba\" \/>\n<meta property=\"og:url\" content=\"https:\/\/www.campingkims.com\/fr\/faqs\/\" \/>\n<meta property=\"og:site_name\" content=\"Camping Kim&#039;s Llafranc\" \/>\n<meta property=\"article:modified_time\" content=\"2026-03-13T11:26:21+00:00\" \/>\n<meta property=\"og:image\" content=\"http:\/\/www.campingkims.com\/wp-content\/uploads\/serveis-19.webp\" \/>\n<meta name=\"twitter:card\" content=\"summary_large_image\" \/>\n<meta name=\"twitter:label1\" content=\"Dur\u00e9e de lecture estim\u00e9e\" \/>\n\t<meta name=\"twitter:data1\" content=\"17 minutes\" \/>\n<script type=\"application\/ld+json\" class=\"yoast-schema-graph\">{\"@context\":\"https:\/\/schema.org\",\"@graph\":[{\"@type\":\"WebPage\",\"@id\":\"https:\/\/www.campingkims.com\/fr\/faqs\/\",\"url\":\"https:\/\/www.campingkims.com\/fr\/faqs\/\",\"name\":\"FAQ'S - Camping Kim&#039;s Llafranc\",\"isPartOf\":{\"@id\":\"https:\/\/www.campingkims.com\/fr\/#website\"},\"primaryImageOfPage\":{\"@id\":\"https:\/\/www.campingkims.com\/fr\/faqs\/#primaryimage\"},\"image\":{\"@id\":\"https:\/\/www.campingkims.com\/fr\/faqs\/#primaryimage\"},\"thumbnailUrl\":\"http:\/\/www.campingkims.com\/wp-content\/uploads\/serveis-19.webp\",\"datePublished\":\"2023-08-21T14:02:03+00:00\",\"dateModified\":\"2026-03-13T11:26:21+00:00\",\"description\":\"FAQ'S QUESTIONS FR\u00c9QUEMMENT POS\u00c9ES R\u00c9PONSES \u00c0 VOS QUESTIONS SUR LE CAMPING EN G\u00c9N\u00c9RAL Avinguda del Mar Km2 17211 LLAFRANC GPS: N 41\u00ba 53.55\u2019 6\u2019\u2019 \u2013 E 3\u00ba\",\"breadcrumb\":{\"@id\":\"https:\/\/www.campingkims.com\/fr\/faqs\/#breadcrumb\"},\"inLanguage\":\"fr-FR\",\"potentialAction\":[{\"@type\":\"ReadAction\",\"target\":[\"https:\/\/www.campingkims.com\/fr\/faqs\/\"]}]},{\"@type\":\"ImageObject\",\"inLanguage\":\"fr-FR\",\"@id\":\"https:\/\/www.campingkims.com\/fr\/faqs\/#primaryimage\",\"url\":\"http:\/\/www.campingkims.com\/wp-content\/uploads\/serveis-19.webp\",\"contentUrl\":\"http:\/\/www.campingkims.com\/wp-content\/uploads\/serveis-19.webp\"},{\"@type\":\"BreadcrumbList\",\"@id\":\"https:\/\/www.campingkims.com\/fr\/faqs\/#breadcrumb\",\"itemListElement\":[{\"@type\":\"ListItem\",\"position\":1,\"name\":\"Portada\",\"item\":\"https:\/\/www.campingkims.com\/fr\/\"},{\"@type\":\"ListItem\",\"position\":2,\"name\":\"FAQ&#8217;S\"}]},{\"@type\":\"WebSite\",\"@id\":\"https:\/\/www.campingkims.com\/fr\/#website\",\"url\":\"https:\/\/www.campingkims.com\/fr\/\",\"name\":\"Camping Kim's Llafranc\",\"description\":\"Kim&#039;s Camping Caravaning &amp; Bungalow Park\",\"publisher\":{\"@id\":\"https:\/\/www.campingkims.com\/fr\/#organization\"},\"potentialAction\":[{\"@type\":\"SearchAction\",\"target\":{\"@type\":\"EntryPoint\",\"urlTemplate\":\"https:\/\/www.campingkims.com\/fr\/?s={search_term_string}\"},\"query-input\":{\"@type\":\"PropertyValueSpecification\",\"valueRequired\":true,\"valueName\":\"search_term_string\"}}],\"inLanguage\":\"fr-FR\"},{\"@type\":\"Organization\",\"@id\":\"https:\/\/www.campingkims.com\/fr\/#organization\",\"name\":\"Camping Kim's Llafranc\",\"url\":\"https:\/\/www.campingkims.com\/fr\/\",\"logo\":{\"@type\":\"ImageObject\",\"inLanguage\":\"fr-FR\",\"@id\":\"https:\/\/www.campingkims.com\/fr\/#\/schema\/logo\/image\/\",\"url\":\"https:\/\/www.campingkims.com\/wp-content\/uploads\/logo-camping-kims-llafranc-costa-brava.png\",\"contentUrl\":\"https:\/\/www.campingkims.com\/wp-content\/uploads\/logo-camping-kims-llafranc-costa-brava.png\",\"width\":537,\"height\":257,\"caption\":\"Camping Kim's Llafranc\"},\"image\":{\"@id\":\"https:\/\/www.campingkims.com\/fr\/#\/schema\/logo\/image\/\"}}]}<\/script>\n<!-- \/ Yoast SEO plugin. -->","yoast_head_json":{"title":"FAQ'S - Camping Kim&#039;s Llafranc","description":"FAQ'S QUESTIONS FR\u00c9QUEMMENT POS\u00c9ES R\u00c9PONSES \u00c0 VOS QUESTIONS SUR LE CAMPING EN G\u00c9N\u00c9RAL Avinguda del Mar Km2 17211 LLAFRANC GPS: N 41\u00ba 53.55\u2019 6\u2019\u2019 \u2013 E 3\u00ba","robots":{"index":"index","follow":"follow","max-snippet":"max-snippet:-1","max-image-preview":"max-image-preview:large","max-video-preview":"max-video-preview:-1"},"canonical":"https:\/\/www.campingkims.com\/fr\/faqs\/","og_locale":"fr_FR","og_type":"article","og_title":"FAQ'S - Camping Kim&#039;s Llafranc","og_description":"FAQ'S QUESTIONS FR\u00c9QUEMMENT POS\u00c9ES R\u00c9PONSES \u00c0 VOS QUESTIONS SUR LE CAMPING EN G\u00c9N\u00c9RAL Avinguda del Mar Km2 17211 LLAFRANC GPS: N 41\u00ba 53.55\u2019 6\u2019\u2019 \u2013 E 3\u00ba","og_url":"https:\/\/www.campingkims.com\/fr\/faqs\/","og_site_name":"Camping Kim&#039;s Llafranc","article_modified_time":"2026-03-13T11:26:21+00:00","og_image":[{"url":"http:\/\/www.campingkims.com\/wp-content\/uploads\/serveis-19.webp"}],"twitter_card":"summary_large_image","twitter_misc":{"Dur\u00e9e de lecture estim\u00e9e":"17 minutes"},"schema":{"@context":"https:\/\/schema.org","@graph":[{"@type":"WebPage","@id":"https:\/\/www.campingkims.com\/fr\/faqs\/","url":"https:\/\/www.campingkims.com\/fr\/faqs\/","name":"FAQ'S - Camping Kim&#039;s Llafranc","isPartOf":{"@id":"https:\/\/www.campingkims.com\/fr\/#website"},"primaryImageOfPage":{"@id":"https:\/\/www.campingkims.com\/fr\/faqs\/#primaryimage"},"image":{"@id":"https:\/\/www.campingkims.com\/fr\/faqs\/#primaryimage"},"thumbnailUrl":"http:\/\/www.campingkims.com\/wp-content\/uploads\/serveis-19.webp","datePublished":"2023-08-21T14:02:03+00:00","dateModified":"2026-03-13T11:26:21+00:00","description":"FAQ'S QUESTIONS FR\u00c9QUEMMENT POS\u00c9ES R\u00c9PONSES \u00c0 VOS QUESTIONS SUR LE CAMPING EN G\u00c9N\u00c9RAL Avinguda del Mar Km2 17211 LLAFRANC GPS: N 41\u00ba 53.55\u2019 6\u2019\u2019 \u2013 E 3\u00ba","breadcrumb":{"@id":"https:\/\/www.campingkims.com\/fr\/faqs\/#breadcrumb"},"inLanguage":"fr-FR","potentialAction":[{"@type":"ReadAction","target":["https:\/\/www.campingkims.com\/fr\/faqs\/"]}]},{"@type":"ImageObject","inLanguage":"fr-FR","@id":"https:\/\/www.campingkims.com\/fr\/faqs\/#primaryimage","url":"http:\/\/www.campingkims.com\/wp-content\/uploads\/serveis-19.webp","contentUrl":"http:\/\/www.campingkims.com\/wp-content\/uploads\/serveis-19.webp"},{"@type":"BreadcrumbList","@id":"https:\/\/www.campingkims.com\/fr\/faqs\/#breadcrumb","itemListElement":[{"@type":"ListItem","position":1,"name":"Portada","item":"https:\/\/www.campingkims.com\/fr\/"},{"@type":"ListItem","position":2,"name":"FAQ&#8217;S"}]},{"@type":"WebSite","@id":"https:\/\/www.campingkims.com\/fr\/#website","url":"https:\/\/www.campingkims.com\/fr\/","name":"Camping Kim's Llafranc","description":"Kim&#039;s Camping Caravaning &amp; Bungalow Park","publisher":{"@id":"https:\/\/www.campingkims.com\/fr\/#organization"},"potentialAction":[{"@type":"SearchAction","target":{"@type":"EntryPoint","urlTemplate":"https:\/\/www.campingkims.com\/fr\/?s={search_term_string}"},"query-input":{"@type":"PropertyValueSpecification","valueRequired":true,"valueName":"search_term_string"}}],"inLanguage":"fr-FR"},{"@type":"Organization","@id":"https:\/\/www.campingkims.com\/fr\/#organization","name":"Camping Kim's Llafranc","url":"https:\/\/www.campingkims.com\/fr\/","logo":{"@type":"ImageObject","inLanguage":"fr-FR","@id":"https:\/\/www.campingkims.com\/fr\/#\/schema\/logo\/image\/","url":"https:\/\/www.campingkims.com\/wp-content\/uploads\/logo-camping-kims-llafranc-costa-brava.png","contentUrl":"https:\/\/www.campingkims.com\/wp-content\/uploads\/logo-camping-kims-llafranc-costa-brava.png","width":537,"height":257,"caption":"Camping Kim's Llafranc"},"image":{"@id":"https:\/\/www.campingkims.com\/fr\/#\/schema\/logo\/image\/"}}]}},"_links":{"self":[{"href":"https:\/\/www.campingkims.com\/fr\/wp-json\/wp\/v2\/pages\/6743"}],"collection":[{"href":"https:\/\/www.campingkims.com\/fr\/wp-json\/wp\/v2\/pages"}],"about":[{"href":"https:\/\/www.campingkims.com\/fr\/wp-json\/wp\/v2\/types\/page"}],"author":[{"embeddable":true,"href":"https:\/\/www.campingkims.com\/fr\/wp-json\/wp\/v2\/users\/2"}],"replies":[{"embeddable":true,"href":"https:\/\/www.campingkims.com\/fr\/wp-json\/wp\/v2\/comments?post=6743"}],"version-history":[{"count":9,"href":"https:\/\/www.campingkims.com\/fr\/wp-json\/wp\/v2\/pages\/6743\/revisions"}],"predecessor-version":[{"id":9514,"href":"https:\/\/www.campingkims.com\/fr\/wp-json\/wp\/v2\/pages\/6743\/revisions\/9514"}],"wp:attachment":[{"href":"https:\/\/www.campingkims.com\/fr\/wp-json\/wp\/v2\/media?parent=6743"}],"curies":[{"name":"wp","href":"https:\/\/api.w.org\/{rel}","templated":true}]}}