{"id":7619,"date":"2025-08-28T12:51:57","date_gmt":"2025-08-28T10:51:57","guid":{"rendered":"https:\/\/www.campingkims.com\/?page_id=7619"},"modified":"2026-03-13T16:36:05","modified_gmt":"2026-03-13T15:36:05","slug":"mistral","status":"publish","type":"page","link":"https:\/\/www.campingkims.com\/fr\/hebergement\/mobilehome\/mistral\/","title":{"rendered":"Mistral"},"content":{"rendered":"\n<div class=\"wp-block-cover alignfull cover-page animation--init--once is-style-no-margin\" style=\"margin-top:0px;margin-bottom:8vh;min-height:795px;aspect-ratio:unset;\"><span aria-hidden=\"true\" class=\"wp-block-cover__background has-background-dim-0 has-background-dim has-background-gradient has-theme-black-transparent-gradient-background\" style=\"background-color:#5d5348\"><\/span><img loading=\"lazy\" decoding=\"async\" width=\"1920\" height=\"1242\" class=\"wp-block-cover__image-background wp-image-8065\" alt=\"\" src=\"https:\/\/www.campingkims.com\/wp-content\/uploads\/mostral-top.webp\" data-object-fit=\"cover\" srcset=\"https:\/\/www.campingkims.com\/wp-content\/uploads\/mostral-top.webp 1920w, https:\/\/www.campingkims.com\/wp-content\/uploads\/mostral-top-1024x662.webp 1024w, https:\/\/www.campingkims.com\/wp-content\/uploads\/mostral-top-768x497.webp 768w, https:\/\/www.campingkims.com\/wp-content\/uploads\/mostral-top-1536x994.webp 1536w, https:\/\/www.campingkims.com\/wp-content\/uploads\/mostral-top-512x331.webp 512w, https:\/\/www.campingkims.com\/wp-content\/uploads\/mostral-top-256x166.webp 256w\" sizes=\"(max-width: 1920px) 100vw, 1920px\" \/><div class=\"wp-block-cover__inner-container is-layout-flow wp-block-cover-is-layout-flow\">\n<figure class=\"wp-block-image alignfull size-large animation--init--once slide-up is-style-no-margin waves wp-duotone-ecf8fb-ecf8fb-1\"><img loading=\"lazy\" decoding=\"async\" width=\"1700\" height=\"104\" src=\"http:\/\/www.campingkims.com\/wp-content\/uploads\/waves.svg\" alt=\"\" class=\"wp-image-926\"\/><\/figure>\n<\/div><\/div>\n\n<div class=\"wp-block-group alignfull booking-group has-theme-soft-blue-background-color has-background is-vertical is-content-justification-center is-layout-flex wp-container-core-group-is-layout-5 wp-block-group-is-layout-flex\" style=\"margin-top:0px;margin-bottom:35vh;padding-bottom:0px\">\n<div class=\"wp-block-group animation--init--once slide-up is-vertical is-content-justification-center is-layout-flex wp-container-core-group-is-layout-1 wp-block-group-is-layout-flex\" style=\"margin-bottom:8vh\">\n<figure class=\"wp-block-image size-large is-resized wp-duotone-1ac6fe-1ac6fe-2\"><img loading=\"lazy\" decoding=\"async\" width=\"25\" height=\"25\" src=\"http:\/\/www.campingkims.com\/wp-content\/uploads\/mobilhome.svg\" alt=\"\" class=\"wp-image-1131\" style=\"width:60px;height:60px\"\/><\/figure>\n\n\n\n<h2 class=\"wp-block-heading has-text-align-center has-theme-dark-purple-color has-text-color\">Mistral<\/h2>\n\n\n\n<p class=\"has-theme-blue-color has-text-color has-roboto-slab-font-family has-h-6-font-size\">Mobile-home 6 personnes<\/p>\n\n\n\n<figure class=\"wp-block-image size-large is-resized wp-duotone-1ac6fe-fff-3\"><img loading=\"lazy\" decoding=\"async\" width=\"25\" height=\"9\" src=\"http:\/\/www.campingkims.com\/wp-content\/uploads\/ola-separadora.svg\" alt=\"\" class=\"wp-image-921\" style=\"width:70px;height:undefinedpx\"\/><\/figure>\n<\/div>\n\n\n        <div class=\"wp-block-custom-grid square-icon-row has-text-align-left has-custom-margin block-grid-responsive\" style=\"margin-bottom:240px; --wp--style--block-desktop-column:5;--wp--style--block-tablet-column:2;--wp--style--block-mobile-column:2;\">\n\n                <div class=\"acf-innerblocks-container\">\n\n<figure class=\"wp-block-image size-large is-resized is-style-no-margin animation--init--once slide-up wp-duotone-1ac6fe-1ac6fe-4\"><img loading=\"lazy\" decoding=\"async\" width=\"25\" height=\"25\" src=\"http:\/\/www.campingkims.com\/wp-content\/uploads\/familia-1.svg\" alt=\"\" class=\"wp-image-1343\" style=\"width:60px;height:60px\"\/><figcaption class=\"wp-element-caption\">\n          <strong>6 personnes<\/strong>\n        <\/figcaption><\/figure>\n\n\n\n<figure class=\"wp-block-image size-large is-resized is-style-no-margin animation--init--once slide-up delay-1 wp-duotone-1ac6fe-1ac6fe-5\"><img loading=\"lazy\" decoding=\"async\" width=\"25\" height=\"25\" src=\"http:\/\/www.campingkims.com\/wp-content\/uploads\/habitacion-1.svg\" alt=\"\" class=\"wp-image-1344\" style=\"width:60px;height:60px\"\/><figcaption class=\"wp-element-caption\">\n          <strong>3 chambres<\/strong>\n        <\/figcaption><\/figure>\n\n\n\n<figure class=\"wp-block-image size-large is-resized is-style-no-margin animation--init--once slide-up delay-2 wp-duotone-1ac6fe-1ac6fe-6\"><img loading=\"lazy\" decoding=\"async\" width=\"25\" height=\"25\" src=\"http:\/\/www.campingkims.com\/wp-content\/uploads\/terraza-1.svg\" alt=\"\" class=\"wp-image-1345\" style=\"width:60px;height:60px\"\/><figcaption class=\"wp-element-caption\">\n          <strong>Terrasse<\/strong>\n        <\/figcaption><\/figure>\n\n\n\n<figure class=\"wp-block-image size-large is-resized is-style-no-margin animation--init--once slide-up delay-3 wp-duotone-1ac6fe-1ac6fe-7\"><img loading=\"lazy\" decoding=\"async\" width=\"25\" height=\"25\" src=\"http:\/\/www.campingkims.com\/wp-content\/uploads\/parking-1.svg\" alt=\"\" class=\"wp-image-1346\" style=\"width:60px;height:60px\"\/><figcaption class=\"wp-element-caption\">\n          <strong>Parking<\/strong>\n        <\/figcaption><\/figure>\n\n\n\n<figure class=\"wp-block-image size-large is-resized is-style-no-margin animation--init--once slide-up delay-4 wp-duotone-1ac6fe-1ac6fe-8\"><img loading=\"lazy\" decoding=\"async\" width=\"25\" height=\"25\" src=\"http:\/\/www.campingkims.com\/wp-content\/uploads\/prohibido-mascotas-1.svg\" alt=\"\" class=\"wp-image-1347\" style=\"width:60px;height:undefinedpx\"\/><figcaption class=\"wp-element-caption\">\n          <strong>Animaux<br\/>pas admis<\/strong>\n        <\/figcaption><\/figure>\n\n<\/div>\n<\/div>\n\n\n<div class=\"wp-block-group alignfull booking-wrapper is-layout-constrained wp-block-group-is-layout-constrained\">\n<div class=\"wp-block-group alignwide animation--init--once slide-up booking-container has-theme-orange-background-color has-background is-vertical is-content-justification-center is-layout-flex wp-container-core-group-is-layout-3 wp-block-group-is-layout-flex\" style=\"border-radius:2rem;margin-top:0px;margin-bottom:0px;padding-top:3rem;padding-right:3rem;padding-bottom:3rem;padding-left:3rem\">\n<div class=\"wp-block-group animation--init--once alignwide booking-title is-vertical is-content-justification-center is-layout-flex wp-container-core-group-is-layout-2 wp-block-group-is-layout-flex\">\n<p class=\"has-theme-dark-purple-color has-text-color has-roboto-slab-font-family has-h-6-font-size\">RESERVATION EN LIGNE<\/p>\n\n\n\n<h4 class=\"wp-block-heading has-text-align-center has-theme-white-color has-text-color has-h-4-font-size\">R\u00e9servez vos vacances sur la Costa Brava<\/h4>\n\n\n\n<figure class=\"wp-block-image size-large is-resized wp-duotone-221b40-221b40-9\"><img loading=\"lazy\" decoding=\"async\" width=\"25\" height=\"9\" src=\"http:\/\/www.campingkims.com\/wp-content\/uploads\/ola-separadora.svg\" alt=\"\" class=\"wp-image-921\" style=\"width:70px;height:undefinedpx\"\/><\/figure>\n<\/div>\n\n\n<script>\n            document.addEventListener('DOMContentLoaded', function () {\n\n                var widget = new MasterWidget('widgetBookingContainer496', {\n                    lang: 'fr',idProperty: '61',class: 'widget_columns',categoryIds: [26],target: '_blank',dropdown: true,\n                    url: 'https:\/\/booking.campingkims.com'\n                });\n\n\n            });\n\n            <\/script><div id=\"widgetBookingContainer496\"> <\/div>\n<\/div>\n<\/div>\n<\/div>\n\n<div class=\"wp-block-columns alignwide are-vertically-aligned-bottom is-layout-flex wp-container-core-columns-is-layout-1 wp-block-columns-is-layout-flex\" style=\"margin-bottom:10vh\">\n<div class=\"wp-block-column is-vertically-aligned-bottom is-layout-flow wp-block-column-is-layout-flow\" style=\"flex-basis:40%\">\n<div class=\"wp-block-group animation--init--once slide-right is-vertical is-layout-flex wp-container-core-group-is-layout-6 wp-block-group-is-layout-flex\">\n<h3 class=\"wp-block-heading has-theme-dark-purple-color has-text-color has-h-4-font-size\">Mobil-home d\u2019une superficie de 40m<sup>2<\/sup><br\/><mark style=\"background-color:rgba(0, 0, 0, 0)\" class=\"has-inline-color has-theme-blue-color\">(5 personnes maximum)<\/mark><\/h3>\n\n\n\n<figure class=\"wp-block-image size-large is-resized wp-duotone-1ac6fe-fff-10\"><img loading=\"lazy\" decoding=\"async\" width=\"25\" height=\"9\" src=\"http:\/\/www.campingkims.com\/wp-content\/uploads\/ola-separadora.svg\" alt=\"\" class=\"wp-image-921\" style=\"width:70px;height:undefinedpx\"\/><\/figure>\n<\/div>\n\n\n\n<ul class=\"wp-block-list styled-list has-theme-purple-color has-text-color\">\n<li class=\"animation--init--once slide-right\">3 chambres : 1 chambre-suite avec lit double et salle de bain et 2 chambres avec deux lits simples.<\/li>\n\n\n\n<li class=\"animation--init--once slide-right\">Salle \u00e0 manger avec canap\u00e9, TV et cuisine bien \u00e9quip\u00e9e.<\/li>\n\n\n\n<li class=\"animation--init--once slide-right\">Chauffage, Climatisation<\/li>\n\n\n\n<li class=\"animation--init--once slide-right\">Salle de bain avec douche, lavabo et WC.<\/li>\n\n\n\n<li class=\"animation--init--once slide-right\">Terrasse avec pergola.<\/li>\n\n\n\n<li class=\"animation--init--once slide-right\">Parking pour la voiture \u00e0 c\u00f4t\u00e9 du bungalow.<\/li>\n\n\n\n<li>H\u00e9bergement \u00e0 proximit\u00e9 de la piscine, du bar-restaurant et du supermarch\u00e9.<\/li>\n\n\n\n<li>Linge de lit, 1 serviette de toilette et 1 serviette de douche par personne et torchons de cuisine inclus. Changement hebdomadaire.<\/li>\n<\/ul>\n<\/div>\n\n\n\n<div class=\"wp-block-column is-vertically-aligned-bottom is-layout-flow wp-block-column-is-layout-flow\" style=\"flex-basis:60%\">\n<div class=\"wp-image-slider slider-right animation--init--once slide-left has-text-align-left aspect-ratio-3_2\">\n\n                                        \n                    <script>\n                        'use strict';\n\n                        document.addEventListener('DOMContentLoaded', function () {\n\n                            (function() {\n                                const blockSlide = new Splide( '#slide_139', {\n                                    type : 'loop',\n                                    perPage: 1,\n                                                                        \n                                    breakpoints: {\n                                        800: {\n                                            perPage: 1,\n                                                                                    },\n                                        450: {\n                                            perPage: 1,\n                                            \n                                        },\n                                    },\n                                    pagination: false,\n                                    arrows: true,\n                                    gap: 'var(--wp--style--block-gap)',\n                                    i18n: {\n                                        slideLabel: '0%s \/ 0%s',\n                                    }\n                                } );\n                                \n\n                                \n                                blockSlide.mount();\n                                                                \n\n                            })();\n                        })\n                    <\/script>\n\n                    <div class=\"slider-container\"><div class=\"splide galeria-slider galeria-columnas-1\" id=\"slide_139\"><div class=\"splide__track\"><div class=\"splide__list\"><a href=\"https:\/\/www.campingkims.com\/wp-content\/uploads\/mistral-001.webp\" id=\"thumb-8146\" class=\"splide__slide image-link\" data-gallery=\"slide_139\"  data-counter=\"01\/11\" alt=\" \" class=\"image-link\"><div class=\"image-wrapper\"><img loading=\"lazy\" decoding=\"async\" width=\"768\" height=\"1024\" src=\"https:\/\/www.campingkims.com\/wp-content\/uploads\/mistral-001-768x1024.webp\" class=\"attachment-gallery-medium size-gallery-medium\" alt=\"\" srcset=\"https:\/\/www.campingkims.com\/wp-content\/uploads\/mistral-001-768x1024.webp 768w, https:\/\/www.campingkims.com\/wp-content\/uploads\/mistral-001-384x512.webp 384w, https:\/\/www.campingkims.com\/wp-content\/uploads\/mistral-001-192x256.webp 192w, https:\/\/www.campingkims.com\/wp-content\/uploads\/mistral-001.webp 1024w\" sizes=\"(max-width: 768px) 100vw, 768px\" \/><\/div><\/a><a href=\"https:\/\/www.campingkims.com\/wp-content\/uploads\/mistral-002.webp\" id=\"thumb-8139\" class=\"splide__slide image-link\" data-gallery=\"slide_139\"  data-counter=\"02\/11\" alt=\" \" class=\"image-link\"><div class=\"image-wrapper\"><img loading=\"lazy\" decoding=\"async\" width=\"768\" height=\"1024\" src=\"https:\/\/www.campingkims.com\/wp-content\/uploads\/mistral-002-768x1024.webp\" class=\"attachment-gallery-medium size-gallery-medium\" alt=\"\" srcset=\"https:\/\/www.campingkims.com\/wp-content\/uploads\/mistral-002-768x1024.webp 768w, https:\/\/www.campingkims.com\/wp-content\/uploads\/mistral-002-384x512.webp 384w, https:\/\/www.campingkims.com\/wp-content\/uploads\/mistral-002-192x256.webp 192w, https:\/\/www.campingkims.com\/wp-content\/uploads\/mistral-002.webp 1024w\" sizes=\"(max-width: 768px) 100vw, 768px\" \/><\/div><\/a><a href=\"https:\/\/www.campingkims.com\/wp-content\/uploads\/mistral-003.webp\" id=\"thumb-8132\" class=\"splide__slide image-link\" data-gallery=\"slide_139\"  data-counter=\"03\/11\" alt=\" \" class=\"image-link\"><div class=\"image-wrapper\"><img loading=\"lazy\" decoding=\"async\" width=\"768\" height=\"1024\" src=\"https:\/\/www.campingkims.com\/wp-content\/uploads\/mistral-003-768x1024.webp\" class=\"attachment-gallery-medium size-gallery-medium\" alt=\"\" srcset=\"https:\/\/www.campingkims.com\/wp-content\/uploads\/mistral-003-768x1024.webp 768w, https:\/\/www.campingkims.com\/wp-content\/uploads\/mistral-003-384x512.webp 384w, https:\/\/www.campingkims.com\/wp-content\/uploads\/mistral-003-192x256.webp 192w, https:\/\/www.campingkims.com\/wp-content\/uploads\/mistral-003.webp 1024w\" sizes=\"(max-width: 768px) 100vw, 768px\" \/><\/div><\/a><a href=\"https:\/\/www.campingkims.com\/wp-content\/uploads\/mistral-004.webp\" id=\"thumb-8125\" class=\"splide__slide image-link\" data-gallery=\"slide_139\"  data-counter=\"04\/11\" alt=\" \" class=\"image-link\"><div class=\"image-wrapper\"><img loading=\"lazy\" decoding=\"async\" width=\"768\" height=\"1024\" src=\"https:\/\/www.campingkims.com\/wp-content\/uploads\/mistral-004-768x1024.webp\" class=\"attachment-gallery-medium size-gallery-medium\" alt=\"\" srcset=\"https:\/\/www.campingkims.com\/wp-content\/uploads\/mistral-004-768x1024.webp 768w, https:\/\/www.campingkims.com\/wp-content\/uploads\/mistral-004-384x512.webp 384w, https:\/\/www.campingkims.com\/wp-content\/uploads\/mistral-004-192x256.webp 192w, https:\/\/www.campingkims.com\/wp-content\/uploads\/mistral-004.webp 1024w\" sizes=\"(max-width: 768px) 100vw, 768px\" \/><\/div><\/a><a href=\"https:\/\/www.campingkims.com\/wp-content\/uploads\/mistral-005.webp\" id=\"thumb-8118\" class=\"splide__slide image-link\" data-gallery=\"slide_139\"  data-counter=\"05\/11\" alt=\" \" class=\"image-link\"><div class=\"image-wrapper\"><img loading=\"lazy\" decoding=\"async\" width=\"1024\" height=\"768\" src=\"https:\/\/www.campingkims.com\/wp-content\/uploads\/mistral-005.webp\" class=\"attachment-gallery-medium size-gallery-medium\" alt=\"\" srcset=\"https:\/\/www.campingkims.com\/wp-content\/uploads\/mistral-005.webp 1024w, https:\/\/www.campingkims.com\/wp-content\/uploads\/mistral-005-768x576.webp 768w, https:\/\/www.campingkims.com\/wp-content\/uploads\/mistral-005-512x384.webp 512w, https:\/\/www.campingkims.com\/wp-content\/uploads\/mistral-005-256x192.webp 256w\" sizes=\"(max-width: 1024px) 100vw, 1024px\" \/><\/div><\/a><a href=\"https:\/\/www.campingkims.com\/wp-content\/uploads\/mistral-006.webp\" id=\"thumb-8111\" class=\"splide__slide image-link\" data-gallery=\"slide_139\"  data-counter=\"06\/11\" alt=\" \" class=\"image-link\"><div class=\"image-wrapper\"><img loading=\"lazy\" decoding=\"async\" width=\"768\" height=\"1024\" src=\"https:\/\/www.campingkims.com\/wp-content\/uploads\/mistral-006-768x1024.webp\" class=\"attachment-gallery-medium size-gallery-medium\" alt=\"\" srcset=\"https:\/\/www.campingkims.com\/wp-content\/uploads\/mistral-006-768x1024.webp 768w, https:\/\/www.campingkims.com\/wp-content\/uploads\/mistral-006-384x512.webp 384w, https:\/\/www.campingkims.com\/wp-content\/uploads\/mistral-006-192x256.webp 192w, https:\/\/www.campingkims.com\/wp-content\/uploads\/mistral-006.webp 1024w\" sizes=\"(max-width: 768px) 100vw, 768px\" \/><\/div><\/a><a href=\"https:\/\/www.campingkims.com\/wp-content\/uploads\/mistral-007.webp\" id=\"thumb-8104\" class=\"splide__slide image-link\" data-gallery=\"slide_139\"  data-counter=\"07\/11\" alt=\" \" class=\"image-link\"><div class=\"image-wrapper\"><img loading=\"lazy\" decoding=\"async\" width=\"683\" height=\"1024\" src=\"https:\/\/www.campingkims.com\/wp-content\/uploads\/mistral-007-683x1024.webp\" class=\"attachment-gallery-medium size-gallery-medium\" alt=\"\" srcset=\"https:\/\/www.campingkims.com\/wp-content\/uploads\/mistral-007-683x1024.webp 683w, https:\/\/www.campingkims.com\/wp-content\/uploads\/mistral-007-768x1152.webp 768w, https:\/\/www.campingkims.com\/wp-content\/uploads\/mistral-007-341x512.webp 341w, https:\/\/www.campingkims.com\/wp-content\/uploads\/mistral-007-171x256.webp 171w, https:\/\/www.campingkims.com\/wp-content\/uploads\/mistral-007.webp 1024w\" sizes=\"(max-width: 683px) 100vw, 683px\" \/><\/div><\/a><a href=\"https:\/\/www.campingkims.com\/wp-content\/uploads\/mistral-008.webp\" id=\"thumb-8097\" class=\"splide__slide image-link\" data-gallery=\"slide_139\"  data-counter=\"08\/11\" alt=\" \" class=\"image-link\"><div class=\"image-wrapper\"><img loading=\"lazy\" decoding=\"async\" width=\"683\" height=\"1024\" src=\"https:\/\/www.campingkims.com\/wp-content\/uploads\/mistral-008-683x1024.webp\" class=\"attachment-gallery-medium size-gallery-medium\" alt=\"\" srcset=\"https:\/\/www.campingkims.com\/wp-content\/uploads\/mistral-008-683x1024.webp 683w, https:\/\/www.campingkims.com\/wp-content\/uploads\/mistral-008-768x1152.webp 768w, https:\/\/www.campingkims.com\/wp-content\/uploads\/mistral-008-341x512.webp 341w, https:\/\/www.campingkims.com\/wp-content\/uploads\/mistral-008-171x256.webp 171w, https:\/\/www.campingkims.com\/wp-content\/uploads\/mistral-008.webp 1024w\" sizes=\"(max-width: 683px) 100vw, 683px\" \/><\/div><\/a><a href=\"https:\/\/www.campingkims.com\/wp-content\/uploads\/mistral-009.webp\" id=\"thumb-8090\" class=\"splide__slide image-link\" data-gallery=\"slide_139\"  data-counter=\"09\/11\" alt=\" \" class=\"image-link\"><div class=\"image-wrapper\"><img loading=\"lazy\" decoding=\"async\" width=\"768\" height=\"1024\" src=\"https:\/\/www.campingkims.com\/wp-content\/uploads\/mistral-009-768x1024.webp\" class=\"attachment-gallery-medium size-gallery-medium\" alt=\"\" srcset=\"https:\/\/www.campingkims.com\/wp-content\/uploads\/mistral-009-768x1024.webp 768w, https:\/\/www.campingkims.com\/wp-content\/uploads\/mistral-009-384x512.webp 384w, https:\/\/www.campingkims.com\/wp-content\/uploads\/mistral-009-192x256.webp 192w, https:\/\/www.campingkims.com\/wp-content\/uploads\/mistral-009.webp 1024w\" sizes=\"(max-width: 768px) 100vw, 768px\" \/><\/div><\/a><a href=\"https:\/\/www.campingkims.com\/wp-content\/uploads\/mistral-010.webp\" id=\"thumb-8083\" class=\"splide__slide image-link\" data-gallery=\"slide_139\"  data-counter=\"10\/11\" alt=\" \" class=\"image-link\"><div class=\"image-wrapper\"><img loading=\"lazy\" decoding=\"async\" width=\"768\" height=\"1024\" src=\"https:\/\/www.campingkims.com\/wp-content\/uploads\/mistral-010-768x1024.webp\" class=\"attachment-gallery-medium size-gallery-medium\" alt=\"\" srcset=\"https:\/\/www.campingkims.com\/wp-content\/uploads\/mistral-010-768x1024.webp 768w, https:\/\/www.campingkims.com\/wp-content\/uploads\/mistral-010-384x512.webp 384w, https:\/\/www.campingkims.com\/wp-content\/uploads\/mistral-010-192x256.webp 192w, https:\/\/www.campingkims.com\/wp-content\/uploads\/mistral-010.webp 1024w\" sizes=\"(max-width: 768px) 100vw, 768px\" \/><\/div><\/a><a href=\"https:\/\/www.campingkims.com\/wp-content\/uploads\/mh-mistral.webp\" id=\"thumb-7608\" class=\"splide__slide image-link\" data-gallery=\"slide_139\"  data-counter=\"11\/11\" alt=\" \" class=\"image-link\"><div class=\"image-wrapper\"><img loading=\"lazy\" decoding=\"async\" width=\"1024\" height=\"490\" src=\"https:\/\/www.campingkims.com\/wp-content\/uploads\/mh-mistral-1024x490.webp\" class=\"attachment-gallery-medium size-gallery-medium\" alt=\"\" srcset=\"https:\/\/www.campingkims.com\/wp-content\/uploads\/mh-mistral-1024x490.webp 1024w, https:\/\/www.campingkims.com\/wp-content\/uploads\/mh-mistral-768x368.webp 768w, https:\/\/www.campingkims.com\/wp-content\/uploads\/mh-mistral-512x245.webp 512w, https:\/\/www.campingkims.com\/wp-content\/uploads\/mh-mistral-256x123.webp 256w, https:\/\/www.campingkims.com\/wp-content\/uploads\/mh-mistral.webp 1299w\" sizes=\"(max-width: 1024px) 100vw, 1024px\" \/><\/div><\/a><\/div><\/div><\/div><\/div>\n                    \n<\/div><\/div>\n<\/div>\n\n<div class=\"wp-block-buttons buttons-direction is-content-justification-center is-layout-flex wp-container-core-buttons-is-layout-1 wp-block-buttons-is-layout-flex\" style=\"margin-bottom:14vh\">\n<div class=\"wp-block-button has-custom-width wp-block-button__width-50 animation--init--once slide-up delay-1 invert-icon\" style=\"text-transform:uppercase\"><a class=\"wp-block-button__link has-theme-green-background-color has-background wp-element-button\" href=\"https:\/\/www.campingkims.com\/wp-content\/uploads\/planell-a4-mobile-homes-mistral-web.webp\" style=\"border-radius:0.25rem\" target=\"_blank\" rel=\"noreferrer noopener\" class=\"image-link\">\n          <img loading=\"lazy\" decoding=\"async\" width=\"25\" height=\"24\" class=\"wp-image-1472\" style=\"width: 25px;\" src=\"http:\/\/www.campingkims.com\/wp-content\/uploads\/mapa-camping.svg\" alt=\"\"\/>\n          <strong>Carte<\/strong>\n        <\/a><\/div>\n<\/div>\n\n<div class=\"wp-block-auto-tabs accommodation-tabs alignfull has-custom-margin animation--init--once\" style=\"margin-bottom:14vh;\" data-selector=\"h3\">\n  <div class=\"acf-innerblocks-container\">\n\n<div class=\"wp-block-group auto-tabs-wrapper is-layout-flow wp-block-group-is-layout-flow\">\n<p class=\"has-text-align-center\"><strong>Aqu\u00ed se mostrar\u00e1n las pesta\u00f1as.<\/strong><br> El primer <strong>h3<\/strong> de cada contenido se usar\u00e1 como t\u00edtulo de su pesta\u00f1a. Puedes cambiarlo por otro tag o una clase en el panel lateral<\/p>\n<\/div>\n\n\n\n<div class=\"wp-block-group auto-content-wrapper has-theme-soft-blue-background-color has-background is-layout-flow wp-block-group-is-layout-flow\">\n<div class=\"wp-block-group is-layout-flow wp-block-group-is-layout-flow\">\n<h3 class=\"wp-block-heading has-text-align-center\">Inventaire<\/h3>\n\n\n\n<div class=\"wp-block-group inventari-section background-color-color-1 is-layout-constrained wp-container-core-group-is-layout-8 wp-block-group-is-layout-constrained\" style=\"padding-top:var(--wp--preset--spacing--40);padding-right:var(--wp--preset--spacing--30);padding-bottom:var(--wp--preset--spacing--40);padding-left:var(--wp--preset--spacing--30)\">\n<h4 class=\"wp-block-heading heading has-icon has-icon-kitchen-pot\">Cuisine<\/h4>\n\n\n\n<div class=\"wp-block-columns is-layout-flex wp-container-core-columns-is-layout-2 wp-block-columns-is-layout-flex\">\n<div class=\"wp-block-column is-layout-flow wp-block-column-is-layout-flow\">\n<h5 class=\"wp-block-heading heading\">Ustensiles de cuisine<\/h5>\n\n\n\n<ul class=\"wp-block-list styled-list\">\n<li>Presse agrume (x1)<\/li>\n\n\n\n<li>Ecumoire (x1)<\/li>\n\n\n\n<li>Spatule (x1)<\/li>\n\n\n\n<li>\u00c9gouttoir (x1)<\/li>\n\n\n\n<li>Louche (x1)<\/li>\n\n\n\n<li>Tamis (x1)<\/li>\n\n\n\n<li>Couteau Pain (x1)<\/li>\n\n\n\n<li>Ouvre bo\u00eete (x1)<\/li>\n\n\n\n<li>Plateau (x1)<\/li>\n\n\n\n<li>Ciseaux (x1)<\/li>\n\n\n\n<li>Tirebouchon (x1)<\/li>\n\n\n\n<li>Tranchoir (x1)<\/li>\n\n\n\n<li>Pince grill (x1)<\/li>\n<\/ul>\n<\/div>\n\n\n\n<div class=\"wp-block-column is-layout-flow wp-block-column-is-layout-flow\">\n<h5 class=\"wp-block-heading heading\">Casseroles et po\u00eales<\/h5>\n\n\n\n<ul class=\"wp-block-list styled-list\">\n<li>Po\u00eales (x2)<\/li>\n\n\n\n<li>Casserole (x1)<\/li>\n\n\n\n<li>Marmites (x2)<\/li>\n<\/ul>\n<\/div>\n\n\n\n<div class=\"wp-block-column is-layout-flow wp-block-column-is-layout-flow\">\n<h5 class=\"wp-block-heading heading\">Petits appareils \u00e9lectrom\u00e9nagers<\/h5>\n\n\n\n<ul class=\"wp-block-list styled-list\">\n<li>Micro-ondes (x1)<\/li>\n\n\n\n<li>M\u00e9langeur (x1)<\/li>\n\n\n\n<li>Grille-pain (x1)<\/li>\n\n\n\n<li>Caffeti\u00e8re (x1)<\/li>\n<\/ul>\n<\/div>\n<\/div>\n<\/div>\n\n\n\n<div class=\"wp-block-group inventari-section background-color-color-2 is-layout-constrained wp-container-core-group-is-layout-9 wp-block-group-is-layout-constrained\" style=\"padding-top:var(--wp--preset--spacing--40);padding-right:var(--wp--preset--spacing--30);padding-bottom:var(--wp--preset--spacing--40);padding-left:var(--wp--preset--spacing--30)\">\n<h4 class=\"wp-block-heading heading has-icon has-icon-plate\">Salle \u00e0 manger<\/h4>\n\n\n\n<div class=\"wp-block-columns is-layout-flex wp-container-core-columns-is-layout-3 wp-block-columns-is-layout-flex\">\n<div class=\"wp-block-column is-layout-flow wp-block-column-is-layout-flow\">\n<h5 class=\"wp-block-heading heading\">Vaisselle<\/h5>\n\n\n\n<ul class=\"wp-block-list styled-list\">\n<li>Assiettes (x6)<\/li>\n\n\n\n<li>Assiettes soupe (x6)<\/li>\n\n\n\n<li>Assiettes dessert (x6)<\/li>\n\n\n\n<li>Assiettes \u00e0 caf\u00e9 (x6)<\/li>\n\n\n\n<li>Tasses caf\u00e8 lait (x6)<\/li>\n\n\n\n<li>Bols (x6)<\/li>\n\n\n\n<li>Verres vin (x6)<\/li>\n\n\n\n<li>Verres Eau (x6)<\/li>\n\n\n\n<li>Carafe \u00e0 eau (x1)<\/li>\n<\/ul>\n<\/div>\n\n\n\n<div class=\"wp-block-column is-layout-flow wp-block-column-is-layout-flow\">\n<h5 class=\"wp-block-heading heading\">Couvert<\/h5>\n\n\n\n<ul class=\"wp-block-list styled-list\">\n<li>Couteaux (x6)<\/li>\n\n\n\n<li>Fourchettes (x6)<\/li>\n\n\n\n<li>Cuill\u00e8res \u00e0 soupe (x6)<\/li>\n\n\n\n<li>Cuill\u00e8res dessert (x6)<\/li>\n<\/ul>\n<\/div>\n\n\n\n<div class=\"wp-block-column is-layout-flow wp-block-column-is-layout-flow\">\n<h5 class=\"wp-block-heading heading\">Textile<\/h5>\n\n\n\n<ul class=\"wp-block-list styled-list\">\n<li>Hule Nappe (x1)<\/li>\n\n\n\n<li>Torchons&nbsp;cuisine (x3)<\/li>\n<\/ul>\n<\/div>\n<\/div>\n<\/div>\n\n\n\n<div class=\"wp-block-group inventari-section background-color-color-3 is-layout-constrained wp-container-core-group-is-layout-10 wp-block-group-is-layout-constrained\" style=\"padding-top:var(--wp--preset--spacing--40);padding-right:var(--wp--preset--spacing--30);padding-bottom:var(--wp--preset--spacing--40);padding-left:var(--wp--preset--spacing--30)\">\n<h4 class=\"wp-block-heading heading has-icon has-icon-clean\">Nettoyage<\/h4>\n\n\n\n<div class=\"wp-block-columns is-layout-flex wp-container-core-columns-is-layout-4 wp-block-columns-is-layout-flex\">\n<div class=\"wp-block-column is-layout-flow wp-block-column-is-layout-flow\">\n<h5 class=\"wp-block-heading heading\">G\u00e9n\u00e9ral<\/h5>\n\n\n\n<ul class=\"wp-block-list styled-list\">\n<li>Poubelle (x1)<\/li>\n\n\n\n<li>Balai (x1)<\/li>\n\n\n\n<li>Pelle (x1)<\/li>\n\n\n\n<li>Balai-Serpill\u00e8re (x1)<\/li>\n\n\n\n<li>Seau \u00e0 r\u00e9curer (x1)<\/li>\n<\/ul>\n<\/div>\n\n\n\n<div class=\"wp-block-column is-layout-flow wp-block-column-is-layout-flow\">\n<h5 class=\"wp-block-heading heading\">Salle de bain<\/h5>\n\n\n\n<ul class=\"wp-block-list styled-list\">\n<li>Brosse WC (x1)<\/li>\n\n\n\n<li>Tapis Salle Bain (x1)<\/li>\n\n\n\n<li>Poubelle bain (x1)<\/li>\n<\/ul>\n<\/div>\n<\/div>\n<\/div>\n\n\n\n<div class=\"wp-block-group inventari-section background-color-color-4 is-layout-constrained wp-container-core-group-is-layout-11 wp-block-group-is-layout-constrained\" style=\"padding-top:var(--wp--preset--spacing--40);padding-right:var(--wp--preset--spacing--30);padding-bottom:var(--wp--preset--spacing--40);padding-left:var(--wp--preset--spacing--30)\">\n<h4 class=\"wp-block-heading heading has-icon has-icon-cama-doble\">Chambre \u00e0 coucher<\/h4>\n\n\n\n<div class=\"wp-block-columns is-layout-flex wp-container-core-columns-is-layout-5 wp-block-columns-is-layout-flex\">\n<div class=\"wp-block-column is-layout-flow wp-block-column-is-layout-flow\">\n<h5 class=\"wp-block-heading heading\">Linge de lit et linge de bain<\/h5>\n\n\n\n<ul class=\"wp-block-list styled-list\">\n<li>Couvre-lit (x5)<\/li>\n\n\n\n<li>Couvertures (x5)<\/li>\n\n\n\n<li>Coussins (x6)<\/li>\n\n\n\n<li>Serviette douche (x6)<\/li>\n\n\n\n<li>Serviette toilette (x6)<\/li>\n<\/ul>\n<\/div>\n\n\n\n<div class=\"wp-block-column is-layout-flow wp-block-column-is-layout-flow\">\n<h5 class=\"wp-block-heading heading\">Autres<\/h5>\n\n\n\n<ul class=\"wp-block-list styled-list\">\n<li>Fer (x1)<\/li>\n\n\n\n<li>Planche repasser (x1)<\/li>\n\n\n\n<li>\u00c9tendoir \u00e0 linge (x1)<\/li>\n<\/ul>\n<\/div>\n<\/div>\n<\/div>\n\n\n\n<div class=\"wp-block-group inventari-section background-color-color-1 is-layout-constrained wp-container-core-group-is-layout-12 wp-block-group-is-layout-constrained\" style=\"padding-top:var(--wp--preset--spacing--40);padding-right:var(--wp--preset--spacing--30);padding-bottom:var(--wp--preset--spacing--40);padding-left:var(--wp--preset--spacing--30)\">\n<h4 class=\"wp-block-heading heading has-icon has-icon-television\">Salon<\/h4>\n\n\n\n<div class=\"wp-block-columns is-layout-flex wp-container-core-columns-is-layout-6 wp-block-columns-is-layout-flex\">\n<div class=\"wp-block-column is-layout-flow wp-block-column-is-layout-flow\">\n<h5 class=\"wp-block-heading heading\">\u00c9lectronique<\/h5>\n\n\n\n<ul class=\"wp-block-list styled-list\">\n<li>T\u00e9l\u00e9viseur + T\u00e9l\u00e9commande (x1)<\/li>\n<\/ul>\n<\/div>\n\n\n\n<div class=\"wp-block-column is-layout-flow wp-block-column-is-layout-flow\">\n<h5 class=\"wp-block-heading heading\">Autres<\/h5>\n\n\n\n<ul class=\"wp-block-list styled-list\">\n<li>Cendrier (x1)<\/li>\n<\/ul>\n<\/div>\n<\/div>\n<\/div>\n<\/div>\n\n\n\n<div class=\"wp-block-group is-layout-flow wp-block-group-is-layout-flow\">\n<h3 class=\"wp-block-heading has-text-align-center\">Informations<\/h3>\n\n\n\n<ul class=\"wp-block-list styled-list has-theme-purple-color has-text-color\">\n<li><strong>Prix en euros (EUR \u20ac).<\/strong><br>10% de TVA inclus. En cas de variation officielle de la TVA, les prix peuvent varier.<\/li>\n\n\n\n<li><strong>Taxe de s\u00e9jour non incluse:<\/strong> 0,66\u20ac\/nuit par personne (+17 ans) pour un maximum de 7 nuits.<\/li>\n\n\n\n<li><strong>Arriv\u00e9e:<\/strong> Le logement sera disponible \u00e0 partir de<strong>\u00a016h.<\/strong><\/li>\n\n\n\n<li><strong>Depart:<\/strong> Le logement doit \u00eatre lib\u00e9r\u00e9 avant\u00a0<strong>11h.<\/strong><\/li>\n\n\n\n<li><strong>Late Checkout<\/strong><br>Pendant les saisons basse et moyenne, vous pourrez quitter votre h\u00e9bergement plus tard (late checkout), jusqu&rsquo;\u00e0 17h00. Sous r\u00e9serve de disponibilit\u00e9 et apr\u00e8s consultation pr\u00e9alable de la r\u00e9ception<\/li>\n<\/ul>\n<\/div>\n\n\n\n<div class=\"wp-block-group is-layout-flow wp-block-group-is-layout-flow\">\n<h3 class=\"wp-block-heading has-text-align-center\">Conditions<\/h3>\n\n\n\n<ul class=\"wp-block-list styled-list has-theme-purple-color has-text-color\">\n<li>La r\u00e9servation sera prise en compte apr\u00e8s r\u00e9ception de l&rsquo;acompte (40% du montant total)<\/li>\n\n\n\n<li>Le reste du loyer doit \u00eatre r\u00e9gl\u00e9 le jour de l&rsquo;arriv\u00e9e avec une caution (ou caution) qui sera vers\u00e9e au moment de l&rsquo;entr\u00e9e (130\u20ac pour les casses, les pertes, etc. + 50\u20ac pour le nettoyage) qui sera rendu au d\u00e9part si tout est correct.<\/li>\n\n\n\n<li>\u00c0 l&rsquo;arriv\u00e9e, il vous sera demand\u00e9 de fournir un num\u00e9ro de carte de cr\u00e8dit. Pour \u00eatre utilis\u00e9e uniquement en cas de dommages survenus pendant votre s\u00e9jour.<\/li>\n\n\n\n<li>Le logement sera laiss\u00e9 propre et r\u00e9cup\u00e9r\u00e9 \u00e0 la livraison.<\/li>\n<\/ul>\n<\/div>\n\n\n\n<div class=\"wp-block-group is-layout-flow wp-block-group-is-layout-flow\">\n<div class=\"wp-block-group inventari-section has-theme-grey-background-color has-background is-layout-constrained wp-block-group-is-layout-constrained\">\n<h3 class=\"wp-block-heading has-text-align-center\">R\u00e8glements<\/h3>\n\n\n\n<div class=\"wp-block-columns is-layout-flex wp-container-core-columns-is-layout-7 wp-block-columns-is-layout-flex\">\n<div class=\"wp-block-column is-layout-flow wp-block-column-is-layout-flow\">\n<p class=\"styled-list\"><strong><u>JOUR D\u2019ARRIV\u00c9E <\/u><\/strong><\/p>\n\n\n\n<ul class=\"wp-block-list styled-list\">\n<li>Le logement sera disponible \u00e0 partir de<strong> 16h.<\/strong><\/li>\n\n\n\n<li>En p\u00e9riode d&rsquo;occupation maximale, l&rsquo;entr\u00e9e au logement peut \u00eatre retard\u00e9e.<\/li>\n\n\n\n<li><strong>A votre arriv\u00e9e, <\/strong>stationnez- vous sur le parking ext\u00e9rieur et venez vous inscrire \u00e0 l\u2019accueil situ\u00e9 apr\u00e8s les barri\u00e8res.<\/li>\n\n\n\n<li><strong>Inscription:<\/strong> Toutes les personnes occupant le logement doivent apporter leur Carte Nationale d&rsquo;identit\u00e9 ou leur Passeport. Selon la nouvelle l\u00e9gislation, les personnes \u00e0 partir de 14 ans ont l\u2019obligation de pr\u00e9senter leur Carte Nationale d&rsquo;identit\u00e9&nbsp;ou leur passeport.<\/li>\n\n\n\n<li><strong>Le permis de conduire n&rsquo;est pas valable comme pi\u00e8ce d\u2019identit\u00e9.<\/strong><\/li>\n\n\n\n<li>Il est interdit d&rsquo;introduire des personnes non enregistr\u00e9es dans le camping.<\/li>\n\n\n\n<li><strong>Mineurs: <\/strong>L&rsquo;entr\u00e9e n&rsquo;est pas autoris\u00e9e aux mineurs de moins de 18 ans non accompagn\u00e9s de leur p\u00e8re, m\u00e8re ou tuteur l\u00e9gal.<\/li>\n\n\n\n<li><strong>Capacit\u00e9 maximale de personnes <\/strong><\/li>\n\n\n\n<li>Il est totalement interdit de d\u00e9passer le nombre d\u2019occupants pr\u00e9vu pour le type d\u2019h\u00e9bergement r\u00e9serv\u00e9.<\/li>\n\n\n\n<li>Un b\u00e9b\u00e9 ou un enfant est consid\u00e9r\u00e9 comme un occupant.<\/li>\n\n\n\n<li><strong>Paiement <\/strong>Le logement est pay\u00e9 \u00e0 l\u2019arriv\u00e9e par carte (Visa, Maestro ou Mastercard) ou en esp\u00e8ces.<\/li>\n\n\n\n<li><strong>Limite de paiement en esp\u00e8ces en Espagne.<\/strong><\/li>\n\n\n\n<li>Nous ne pouvons pas accepter les paiements en esp\u00e8ces d\u2019un montant sup\u00e9rieur \u00e0 <strong>1. 000 Euros<\/strong><\/li>\n\n\n\n<li>Pas de paiement partiel non plus si le total de la facture d\u00e9passe 1 000 euros.<\/li>\n\n\n\n<li><strong>Attention: <\/strong>Aucun ch\u00e8que est accept\u00e9 (pas de ch\u00e8ques personnels, ch\u00e8ques d&rsquo;entreprises, ch\u00e8ques vacances ou camping-cheques)<\/li>\n\n\n\n<li><strong>D\u00e9p\u00f4ts de garantie <\/strong>au moment de l\u2019entr\u00e9e \u00e0 la r\u00e9ception:<\/li>\n\n\n\n<li><strong>180 Euro: 130 Euros<\/strong> pour dommages et<strong> 5<\/strong><strong>0 Euros<\/strong> pour le nettoyage n\u00e9cessaire. <strong>40\u20ac<\/strong> pour perte de cl\u00e9.<\/li>\n\n\n\n<li>Il vous sera demand\u00e9 de fournir un num\u00e9ro de carte de cr\u00e8dit qui sera utilis\u00e9e uniquement en cas de dommages survenus pendant votre s\u00e9jour.<\/li>\n\n\n\n<li><strong>Communication \u00e0 la r\u00e9ception:<\/strong>&nbsp;Si \u00e0 l&rsquo;arriv\u00e9e vous remarquez quelque chose qui ne fonctionne pas il faut le communiquer imm\u00e9diatement \u00e0 la r\u00e9ception.<\/li>\n<\/ul>\n<\/div>\n\n\n\n<div class=\"wp-block-column is-layout-flow wp-block-column-is-layout-flow\">\n<p class=\"styled-list\"><strong><span style=\"text-decoration: underline;\">JOUR DE D\u00c9PART<\/span><\/strong><\/p>\n\n\n\n<ul class=\"wp-block-list styled-list\">\n<li>Le logement doit \u00eatre lib\u00e9r\u00e9 avant <strong>11h. <\/strong><\/li>\n\n\n\n<li><strong>Au d\u00e9part<\/strong><\/li>\n\n\n\n<li>Le logement sera rendu propre et sans dommages comme il a \u00e9t\u00e9 lou\u00e9.<\/li>\n\n\n\n<li><strong>D\u00e9part tardif<\/strong> (18h maximum en basse et moyenne saison) avec co\u00fbt suppl\u00e9mentaire et en fonction des disponibilit\u00e9s.<\/li>\n\n\n\n<li><strong>Mat\u00e9riel oubli\u00e9 \/ abandonn\u00e9.<\/strong><\/li>\n\n\n\n<li>Tout mat\u00e9riel ou objet restant dans un logement apr\u00e8s l\u2019heure de d\u00e9part pr\u00e9vue sera consid\u00e9r\u00e9 comme abandonn\u00e9.<\/li>\n\n\n\n<li>Le camping d\u00e9cline toute responsabilit\u00e9.<\/li>\n<\/ul>\n\n\n\n<p class=\"styled-list\"><strong><span style=\"text-decoration: underline;\">R\u00c8GLES G\u00c9N\u00c9RALES<\/span><\/strong><\/p>\n\n\n\n<ul class=\"wp-block-list styled-list\">\n<li><strong>Animaux domestiques<\/strong> ne sont pas admis.<\/li>\n\n\n\n<li><strong>Barbecues: <\/strong>Il est interdit de faire du feu (bois ou charbon). Seuls les barbecues \u00e0 gaz sont autoris\u00e9s.<\/li>\n\n\n\n<li><strong>Visites<\/strong><strong>:<\/strong> Il faut r\u00e9gler le tarif visiteur \u00e0 l\u2019entr\u00e9e du camping. <strong>Horaires de visite:<\/strong> de 10h \u00e0 19h.<\/li>\n\n\n\n<li><strong>Piscine: <\/strong>Le strict respect des consignes du ma\u00eetre-nageur ainsi que du r\u00e8glement de la piscine, affich\u00e9 \u00e0 l\u2019entr\u00e9e&nbsp; de la&nbsp; piscine, est obligatoire.<\/li>\n\n\n\n<li><strong>Espace non fumeur:<\/strong> Il est interdit de fumer dans toutes les installations du camping, y compris les piscines.<\/li>\n\n\n\n<li><strong>Bruit:<\/strong> Respectez vos voisins. Le niveau de bruit ne doit pas g\u00eaner des autres clients.<\/li>\n\n\n\n<li><strong>Civisme:<\/strong> Le vandalisme, l&rsquo;agression, l&rsquo;ivresse et le vol sont interdits en toutes circonstances. Les personnes impliqu\u00e9es devront quitter les lieux sans possibilit\u00e9 de r\u00e9mun\u00e9ration.<\/li>\n\n\n\n<li><strong>Perte ou vol: <\/strong>La direction d\u00e9cline toute responsabilit\u00e9.<\/li>\n\n\n\n<li><strong>V\u00e9hicules:<\/strong> Il est permis un seul v\u00e9hicle par logement qui doit \u00eatre gar\u00e9 sur la place assign\u00e9e au logement.<\/li>\n\n\n\n<li><strong>Circulation des v\u00e9hicules : <\/strong>La vitesse maximale autoris\u00e9e est de 10 km\/h.<\/li>\n\n\n\n<li><strong>V\u00e9los, rollers, etc. <\/strong>La nuit, un \u00e9clairage ad\u00e9quat est n\u00e9cessaire pour circuler et \u00eatre bien rep\u00e9r\u00e9 par les autres v\u00e9hicules.<\/li>\n\n\n\n<li><strong>Les trottinettes el\u00e8ctriques ne sont pas autoris\u00e9es.<\/strong><\/li>\n\n\n\n<li><strong>Heures de silence: <\/strong>de minuit \u00e0 8h. La circulation des vehicles est interdite <strong>(sauf en cas d\u2019urgence) <\/strong><\/li>\n\n\n\n<li>La barri\u00e8re est ferm\u00e9e de minuit \u00e0 8h. Toute personne qui arrive pendant cette p\u00e9riode doit laisser sa voiture sur le parking ext\u00e9rieur gard\u00e9 de nuit.<\/li>\n<\/ul>\n<\/div>\n<\/div>\n<\/div>\n<\/div>\n\n\n\n<div class=\"wp-block-group is-layout-flow wp-block-group-is-layout-flow\">\n<h3 class=\"wp-block-heading has-text-align-center\">Annulation<\/h3>\n\n\n\n<ul class=\"wp-block-list styled-list has-theme-purple-color has-text-color\">\n<li>8 -7 semaines avant le jour d&rsquo;arriv\u00e9e 30% R\u00e9tention.<\/li>\n\n\n\n<li>6 semaines avant le jour d&rsquo;arriv\u00e9e 45% R\u00e9tention.<\/li>\n\n\n\n<li>5 &#8211; 3 semaines avant le jour d&rsquo;arriv\u00e9e 60% R\u00e9tention.<\/li>\n\n\n\n<li>2 semaines avant le jour d&rsquo;arriv\u00e9e 100% R\u00e9tention.<\/li>\n\n\n\n<li><strong>Frais d&rsquo;annulation minimum: 20,00 \u20ac<\/strong><\/li>\n<\/ul>\n<\/div>\n<\/div>\n\n<\/div><\/div>\n<div class=\"wp-block-group animation--init--once slide-up is-vertical is-content-justification-center is-layout-flex wp-container-core-group-is-layout-20 wp-block-group-is-layout-flex\">\n<h2 class=\"wp-block-heading has-theme-dark-purple-color has-text-color\">Prix et promotions<\/h2>\n\n\n\n<figure class=\"wp-block-image size-large is-resized wp-duotone-1ac6fe-fff-11\"><img loading=\"lazy\" decoding=\"async\" width=\"25\" height=\"9\" src=\"http:\/\/www.campingkims.com\/wp-content\/uploads\/ola-separadora.svg\" alt=\"\" class=\"wp-image-921\" style=\"width:70px;height:undefinedpx\"\/><\/figure>\n<\/div>\n\n<div class=\"wp-block-columns alignwide price-columns is-layout-flex wp-container-core-columns-is-layout-13 wp-block-columns-is-layout-flex\" style=\"margin-bottom:4vh\">\n<div class=\"wp-block-column is-layout-flow wp-block-column-is-layout-flow\" style=\"flex-basis:50%\">\n<figure class=\"wp-block-image size-large is-resized is-style-icon-row animation--init--once slide-right price-icon wp-duotone-1ac6fe-1ac6fe-12\"><img loading=\"lazy\" decoding=\"async\" width=\"25\" height=\"25\" src=\"http:\/\/www.campingkims.com\/wp-content\/uploads\/luna.svg\" alt=\"\" class=\"wp-image-1485\" style=\"width:32px;height:32px\"\/><figcaption class=\"wp-element-caption\">\n          <strong>Prix par nuit<\/strong>\n        <\/figcaption><\/figure>\n\n\n\n<div class=\"wp-block-columns are-vertically-aligned-center is-not-stacked-on-mobile animation--init--once slide-right price-card has-theme-white-color has-theme-blue-background-color has-text-color has-background is-layout-flex wp-container-core-columns-is-layout-8 wp-block-columns-is-layout-flex\" style=\"border-radius:4px\">\n<div class=\"wp-block-column is-vertically-aligned-center is-layout-flow wp-block-column-is-layout-flow\" style=\"border-right-color:var(--wp--preset--color--theme-white);border-right-width:1px;padding-top:1rem;padding-right:1rem;padding-bottom:1rem;padding-left:1rem;flex-basis:60%\">\n<p class=\"large-font has-h-2-font-size\">\n          <em>\n            <strong>123<sup>,00 \u20ac<\/sup><\/strong>\n          <\/em>\n        <\/p>\n\n\n\n<p class=\"has-roboto-slab-font-family has-text-small-font-size\" style=\"text-transform:uppercase\">\n          <strong>BASSE SAISON<\/strong>\n        <\/p>\n<\/div>\n\n\n\n<div class=\"wp-block-column is-vertically-aligned-center is-layout-flow wp-block-column-is-layout-flow\" style=\"padding-top:1rem;padding-right:1rem;padding-bottom:1rem;padding-left:1rem;flex-basis:40%\">\n<p><strong>30\/04 &#8211; 31\/05\n14\/09 &#8211; 27\/09<\/strong><\/p>\n<\/div>\n<\/div>\n\n\n\n<div class=\"wp-block-columns are-vertically-aligned-center is-not-stacked-on-mobile animation--init--once slide-right price-card has-theme-white-color has-text-color has-background is-layout-flex wp-container-core-columns-is-layout-9 wp-block-columns-is-layout-flex\" style=\"border-radius:4px;background-color:#0d71ce\">\n<div class=\"wp-block-column is-vertically-aligned-center is-layout-flow wp-block-column-is-layout-flow\" style=\"border-right-color:var(--wp--preset--color--theme-white);border-right-width:1px;padding-top:1rem;padding-right:1rem;padding-bottom:1rem;padding-left:1rem;flex-basis:60%\">\n<p class=\"large-font has-h-2-font-size\">\n          <em>\n            <strong>156<sup>,00 \u20ac<\/sup><\/strong>\n          <\/em>\n        <\/p>\n\n\n\n<p class=\"has-roboto-slab-font-family has-text-small-font-size\" style=\"text-transform:uppercase\">\n          <strong>MOYENNE SAISON<\/strong>\n        <\/p>\n<\/div>\n\n\n\n<div class=\"wp-block-column is-vertically-aligned-center is-layout-flow wp-block-column-is-layout-flow\" style=\"padding-top:1rem;padding-right:1rem;padding-bottom:1rem;padding-left:1rem;flex-basis:40%\">\n<p><strong>01\/06 \u2013 16\/07 <br>24\/08 \u2013 13\/09<\/strong><\/p>\n<\/div>\n<\/div>\n\n\n\n<div class=\"wp-block-columns are-vertically-aligned-center is-not-stacked-on-mobile animation--init--once slide-right price-card has-theme-white-color has-text-color has-background is-layout-flex wp-container-core-columns-is-layout-10 wp-block-columns-is-layout-flex\" style=\"border-radius:4px;background-color:#221b40\">\n<div class=\"wp-block-column is-vertically-aligned-center is-layout-flow wp-block-column-is-layout-flow\" style=\"border-right-color:var(--wp--preset--color--theme-white);border-right-width:1px;padding-top:1rem;padding-right:1rem;padding-bottom:1rem;padding-left:1rem;flex-basis:60%\">\n<p class=\"large-font has-h-2-font-size\">\n          <em>\n            <strong>200<sup>,00 \u20ac<\/sup><\/strong>\n          <\/em>\n        <\/p>\n\n\n\n<p class=\"has-roboto-slab-font-family has-text-small-font-size\" style=\"text-transform:uppercase\">\n          <strong>HAUTE SAISON<\/strong>\n        <\/p>\n<\/div>\n\n\n\n<div class=\"wp-block-column is-vertically-aligned-center is-layout-flow wp-block-column-is-layout-flow\" style=\"padding-top:1rem;padding-right:1rem;padding-bottom:1rem;padding-left:1rem;flex-basis:40%\">\n<p><strong>17\/07-23\/08<\/strong><\/p>\n<\/div>\n<\/div>\n\n\n\n<p class=\"animation--init--once slide-right has-theme-purple-color has-text-color has-text-small-font-size\">* TVA inclus<br\/>* Taxe de s\u00e9jour non incluse: 0,66\u20ac\/nuit par personne (+17 ans) pour un maximum de 7 nuits.<\/p>\n<\/div>\n\n\n\n<div class=\"wp-block-column is-layout-flow wp-block-column-is-layout-flow\" style=\"flex-basis:50%\">\n<figure class=\"wp-block-image size-large is-resized is-style-icon-row animation--init--once slide-left discount-icon wp-duotone-ffb434-ffb434-13\"><img loading=\"lazy\" decoding=\"async\" width=\"25\" height=\"25\" src=\"http:\/\/www.campingkims.com\/wp-content\/uploads\/descuento.svg\" alt=\"\" class=\"wp-image-1492\" style=\"width:32px;height:32px\"\/><figcaption class=\"wp-element-caption\"><strong>Offres<\/strong><\/figcaption><\/figure>\n\n<div class=\"wp-block-columns are-vertically-aligned-center is-not-stacked-on-mobile animation--init--once slide-left price-card has-theme-white-color has-theme-orange-background-color has-text-color has-background is-layout-flex wp-container-core-columns-is-layout-11 wp-block-columns-is-layout-flex\" style=\"border-radius:4px\">\n<div class=\"wp-block-column is-vertically-aligned-center is-layout-flow wp-block-column-is-layout-flow\" style=\"border-right-color:var(--wp--preset--color--theme-white);border-right-width:1px;padding-top:1rem;padding-right:1rem;padding-bottom:1rem;padding-left:1rem;flex-basis:50%\">\n<p class=\"large-font has-h-2-font-size\"><em><strong>-20%<\/strong><\/em><\/p>\n\n\n\n<p class=\"has-roboto-slab-font-family has-text-small-font-size\"><strong><strong>BASSE ET MOYENNE SAISON<\/strong><\/strong><\/p>\n<\/div>\n\n\n\n<div class=\"wp-block-column is-vertically-aligned-center is-layout-flow wp-block-column-is-layout-flow\" style=\"padding-top:1rem;padding-right:1rem;padding-bottom:1rem;padding-left:1rem;flex-basis:50%\">\n<p><strong>30\/04 \u2013 16\/07<br>24\/08 \u2013 27\/09<\/strong><\/p>\n<\/div>\n<\/div>\n\n<div class=\"wp-block-columns are-vertically-aligned-center is-not-stacked-on-mobile animation--init--once slide-left price-card has-theme-white-color has-theme-green-background-color has-text-color has-background is-layout-flex wp-container-core-columns-is-layout-12 wp-block-columns-is-layout-flex\" style=\"border-radius:4px\">\n<div class=\"wp-block-column is-vertically-aligned-center is-layout-flow wp-block-column-is-layout-flow\" style=\"border-right-color:var(--wp--preset--color--theme-white);border-right-width:1px;padding-top:1rem;padding-right:1rem;padding-bottom:1rem;padding-left:1rem;flex-basis:50%\">\n<p class=\"large-font has-h-2-font-size\"><em><strong>-5%<\/strong><\/em><\/p>\n\n\n\n<p class=\"has-roboto-slab-font-family has-text-small-font-size\" style=\"text-transform:uppercase\">HAUTE SAISON<\/p>\n<\/div>\n\n\n\n<div class=\"wp-block-column is-vertically-aligned-center is-layout-flow wp-block-column-is-layout-flow\" style=\"padding-top:1rem;padding-right:1rem;padding-bottom:1rem;padding-left:1rem;flex-basis:50%\">\n<p><strong>17\/07 &#8211; 23\/08<\/strong><\/p>\n<\/div>\n<\/div>\n\n<p class=\"animation--init--once slide-left has-theme-purple-color has-text-color has-text-small-font-size\">* S\u00e9jours \u00e0 partir de 7 nuits.<br\/>* Remises non cumulatives, d\u00e9j\u00e0 appliqu\u00e9es lors de la r\u00e9servation<\/p>\n<\/div>\n<\/div>\n\n<div class=\"wp-block-buttons alignwide animation--init--once slide-up is-content-justification-center is-layout-flex wp-container-core-buttons-is-layout-2 wp-block-buttons-is-layout-flex\" style=\"margin-bottom:8vh\">\n<div class=\"wp-block-button invert-icon\"><a class=\"wp-block-button__link has-theme-green-background-color has-background wp-element-button\" href=\"https:\/\/booking.campingkims.com\/search?categoryIds=10&amp;lang=fr\" style=\"border-radius:8px\" target=\"_blank\" rel=\"noreferrer noopener\">\n          <img loading=\"lazy\" decoding=\"async\" width=\"25\" height=\"24\" class=\"wp-image-1321\" style=\"width: 25px;\" src=\"http:\/\/www.campingkims.com\/wp-content\/uploads\/reservar.svg\" alt=\"\"\/>\n          <strong>VOIR LES DISPONIBILIT\u00c9S<\/strong>\n        <\/a><\/div>\n<\/div>\n\n<div class=\"wp-block-group alignfull other-accommodations-container animation--init--once has-theme-blue-background-color has-background is-layout-constrained wp-block-group-is-layout-constrained\">\n<div class=\"wp-block-group alignwide animation--init--once slide-right is-vertical is-content-justification-left is-layout-flex wp-container-core-group-is-layout-21 wp-block-group-is-layout-flex\">\n<p class=\"has-text-align-left has-theme-white-color has-text-color has-roboto-slab-font-family has-h-6-font-size\" style=\"text-transform:uppercase\">H\u00c9BERGEMENT<\/p>\n\n\n\n<h2 class=\"wp-block-heading has-text-align-left has-theme-dark-purple-color has-text-color has-h-3-font-size\">Autres Mobil-homes<\/h2>\n\n\n\n<figure class=\"wp-block-image size-large is-resized wp-duotone-fff-fff-14\"><img loading=\"lazy\" decoding=\"async\" width=\"25\" height=\"9\" src=\"http:\/\/www.campingkims.com\/wp-content\/uploads\/ola-separadora.svg\" alt=\"\" class=\"wp-image-921\" style=\"width:70px;height:undefinedpx\"\/><\/figure>\n<\/div>\n\n\n\n<p class=\"alignwide animation--init--once slide-right has-theme-dark-purple-color has-text-color\" style=\"margin-bottom:4vh\">Mobil-homes situ\u00e9s au sein du camping d&rsquo;une capacit\u00e9 de 2 \u00e0 8 personnes. Enti\u00e8rement \u00e9quip\u00e9 et r\u00e9nov\u00e9.<\/p>\n\n\n        <div class=\"wp-block-locations-block alignwide has-text-align-left has-custom-margin\" style=\"margin-bottom:14vh;\">\n\n            <section class=\"splide\" id=\"slide_224\">\n            <div class=\"splide__track\">\n                <ul class=\"splide__list\">\n                                    <li class=\"animation--init--once slide-up splide__slide\">\n                        <a class=\"location-card\" href=\"https:\/\/www.campingkims.com\/fr\/hebergement\/mobilehome\/sun-roller\/\">\n                            <img decoding=\"async\" src=\"https:\/\/www.campingkims.com\/wp-content\/uploads\/bungalow-sun-roller-01.webp\">\n                        <\/a>\n                        <div class=\"info-container\">\n                            <a href=\"https:\/\/www.campingkims.com\/fr\/hebergement\/mobilehome\/sun-roller\/\">\n                                <strong>Sun-Roller<\/strong>\n                            <\/a>    \n                            <p><em><strong>x 5 Personnes<\/strong><\/em><\/italic><\/p>\n                        <\/div>\n                    <\/li>\n                                    <li class=\"animation--init--once slide-up splide__slide\">\n                        <a class=\"location-card\" href=\"https:\/\/www.campingkims.com\/fr\/hebergement\/mobilehome\/suite-clam\/\">\n                            <img decoding=\"async\" src=\"https:\/\/www.campingkims.com\/wp-content\/uploads\/mh-clam-001.webp\">\n                        <\/a>\n                        <div class=\"info-container\">\n                            <a href=\"https:\/\/www.campingkims.com\/fr\/hebergement\/mobilehome\/suite-clam\/\">\n                                <strong>Suite Clam<\/strong>\n                            <\/a>    \n                            <p><em><strong>x 2 Personnes<\/strong><\/em><\/italic><\/p>\n                        <\/div>\n                    <\/li>\n                                    <li class=\"animation--init--once slide-up splide__slide\">\n                        <a class=\"location-card\" href=\"https:\/\/www.campingkims.com\/fr\/hebergement\/mobilehome\/brisa\/\">\n                            <img decoding=\"async\" src=\"https:\/\/www.campingkims.com\/wp-content\/uploads\/brisa-001.webp\">\n                        <\/a>\n                        <div class=\"info-container\">\n                            <a href=\"https:\/\/www.campingkims.com\/fr\/hebergement\/mobilehome\/brisa\/\">\n                                <strong>Brisa<\/strong>\n                            <\/a>    \n                            <p><em><strong>x 8 Personnes<\/strong><\/em><\/italic><\/p>\n                        <\/div>\n                    <\/li>\n                                <\/ul>\n            <\/div>\n        <\/section>  \n    <\/div>\n<\/div>\n","protected":false},"excerpt":{"rendered":"<p>Mistral Mobile-home 6 personnes RESERVATION EN LIGNE R\u00e9servez vos vacances sur la Costa Brava Mobil-home d\u2019une superficie de 40m2(5 personnes maximum) Prix et promotions 123,00&#8230;<\/p>\n","protected":false},"author":2,"featured_media":8146,"parent":5635,"menu_order":1,"comment_status":"closed","ping_status":"closed","template":"","meta":{"_acf_changed":false,"inline_featured_image":false,"footnotes":""},"class_list":["post-7619","page","type-page","status-publish","has-post-thumbnail","hentry"],"acf":[],"yoast_head":"<!-- This site is optimized with the Yoast SEO plugin v23.5 - https:\/\/yoast.com\/wordpress\/plugins\/seo\/ -->\n<title>Mistral - Camping Kim&#039;s Llafranc<\/title>\n<meta name=\"description\" content=\"Mistral Mobile-home 6 personnes 6 personnes 3 chambres Terrasse Parking Animauxpas admis RESERVATION EN LIGNE R\u00e9servez vos vacances sur la Costa Brava\" \/>\n<meta name=\"robots\" content=\"index, follow, max-snippet:-1, max-image-preview:large, max-video-preview:-1\" \/>\n<link rel=\"canonical\" href=\"https:\/\/www.campingkims.com\/fr\/hebergement\/mobilehome\/mistral\/\" \/>\n<meta property=\"og:locale\" content=\"fr_FR\" \/>\n<meta property=\"og:type\" content=\"article\" \/>\n<meta property=\"og:title\" content=\"Mistral - Camping Kim&#039;s Llafranc\" \/>\n<meta property=\"og:description\" content=\"Mistral Mobile-home 6 personnes 6 personnes 3 chambres Terrasse Parking Animauxpas admis RESERVATION EN LIGNE R\u00e9servez vos vacances sur la Costa Brava\" \/>\n<meta property=\"og:url\" content=\"https:\/\/www.campingkims.com\/fr\/hebergement\/mobilehome\/mistral\/\" \/>\n<meta property=\"og:site_name\" content=\"Camping Kim&#039;s Llafranc\" \/>\n<meta property=\"article:modified_time\" content=\"2026-03-13T15:36:05+00:00\" \/>\n<meta property=\"og:image\" content=\"https:\/\/www.campingkims.com\/wp-content\/uploads\/mistral-001.webp\" \/>\n\t<meta property=\"og:image:width\" content=\"1024\" \/>\n\t<meta property=\"og:image:height\" content=\"1365\" \/>\n\t<meta property=\"og:image:type\" content=\"image\/webp\" \/>\n<meta name=\"twitter:card\" content=\"summary_large_image\" \/>\n<meta name=\"twitter:label1\" content=\"Dur\u00e9e de lecture estim\u00e9e\" \/>\n\t<meta name=\"twitter:data1\" content=\"27 minutes\" \/>\n<script type=\"application\/ld+json\" class=\"yoast-schema-graph\">{\"@context\":\"https:\/\/schema.org\",\"@graph\":[{\"@type\":\"WebPage\",\"@id\":\"https:\/\/www.campingkims.com\/fr\/hebergement\/mobilehome\/mistral\/\",\"url\":\"https:\/\/www.campingkims.com\/fr\/hebergement\/mobilehome\/mistral\/\",\"name\":\"Mistral - Camping Kim&#039;s Llafranc\",\"isPartOf\":{\"@id\":\"https:\/\/www.campingkims.com\/fr\/#website\"},\"primaryImageOfPage\":{\"@id\":\"https:\/\/www.campingkims.com\/fr\/hebergement\/mobilehome\/mistral\/#primaryimage\"},\"image\":{\"@id\":\"https:\/\/www.campingkims.com\/fr\/hebergement\/mobilehome\/mistral\/#primaryimage\"},\"thumbnailUrl\":\"https:\/\/www.campingkims.com\/wp-content\/uploads\/mistral-001.webp\",\"datePublished\":\"2025-08-28T10:51:57+00:00\",\"dateModified\":\"2026-03-13T15:36:05+00:00\",\"description\":\"Mistral Mobile-home 6 personnes 6 personnes 3 chambres Terrasse Parking Animauxpas admis RESERVATION EN LIGNE R\u00e9servez vos vacances sur la Costa Brava\",\"breadcrumb\":{\"@id\":\"https:\/\/www.campingkims.com\/fr\/hebergement\/mobilehome\/mistral\/#breadcrumb\"},\"inLanguage\":\"fr-FR\",\"potentialAction\":[{\"@type\":\"ReadAction\",\"target\":[\"https:\/\/www.campingkims.com\/fr\/hebergement\/mobilehome\/mistral\/\"]}]},{\"@type\":\"ImageObject\",\"inLanguage\":\"fr-FR\",\"@id\":\"https:\/\/www.campingkims.com\/fr\/hebergement\/mobilehome\/mistral\/#primaryimage\",\"url\":\"https:\/\/www.campingkims.com\/wp-content\/uploads\/mistral-001.webp\",\"contentUrl\":\"https:\/\/www.campingkims.com\/wp-content\/uploads\/mistral-001.webp\",\"width\":1024,\"height\":1365},{\"@type\":\"BreadcrumbList\",\"@id\":\"https:\/\/www.campingkims.com\/fr\/hebergement\/mobilehome\/mistral\/#breadcrumb\",\"itemListElement\":[{\"@type\":\"ListItem\",\"position\":1,\"name\":\"Portada\",\"item\":\"https:\/\/www.campingkims.com\/fr\/\"},{\"@type\":\"ListItem\",\"position\":2,\"name\":\"H\u00e9bergement\",\"item\":\"https:\/\/www.campingkims.com\/fr\/hebergement\/\"},{\"@type\":\"ListItem\",\"position\":3,\"name\":\"Mobilehome\",\"item\":\"https:\/\/www.campingkims.com\/fr\/hebergement\/mobilehome\/\"},{\"@type\":\"ListItem\",\"position\":4,\"name\":\"Mistral\"}]},{\"@type\":\"WebSite\",\"@id\":\"https:\/\/www.campingkims.com\/fr\/#website\",\"url\":\"https:\/\/www.campingkims.com\/fr\/\",\"name\":\"Camping Kim's Llafranc\",\"description\":\"Kim&#039;s Camping Caravaning &amp; Bungalow Park\",\"publisher\":{\"@id\":\"https:\/\/www.campingkims.com\/fr\/#organization\"},\"potentialAction\":[{\"@type\":\"SearchAction\",\"target\":{\"@type\":\"EntryPoint\",\"urlTemplate\":\"https:\/\/www.campingkims.com\/fr\/?s={search_term_string}\"},\"query-input\":{\"@type\":\"PropertyValueSpecification\",\"valueRequired\":true,\"valueName\":\"search_term_string\"}}],\"inLanguage\":\"fr-FR\"},{\"@type\":\"Organization\",\"@id\":\"https:\/\/www.campingkims.com\/fr\/#organization\",\"name\":\"Camping Kim's Llafranc\",\"url\":\"https:\/\/www.campingkims.com\/fr\/\",\"logo\":{\"@type\":\"ImageObject\",\"inLanguage\":\"fr-FR\",\"@id\":\"https:\/\/www.campingkims.com\/fr\/#\/schema\/logo\/image\/\",\"url\":\"https:\/\/www.campingkims.com\/wp-content\/uploads\/logo-camping-kims-llafranc-costa-brava.png\",\"contentUrl\":\"https:\/\/www.campingkims.com\/wp-content\/uploads\/logo-camping-kims-llafranc-costa-brava.png\",\"width\":537,\"height\":257,\"caption\":\"Camping Kim's Llafranc\"},\"image\":{\"@id\":\"https:\/\/www.campingkims.com\/fr\/#\/schema\/logo\/image\/\"}}]}<\/script>\n<!-- \/ Yoast SEO plugin. -->","yoast_head_json":{"title":"Mistral - Camping Kim&#039;s Llafranc","description":"Mistral Mobile-home 6 personnes 6 personnes 3 chambres Terrasse Parking Animauxpas admis RESERVATION EN LIGNE R\u00e9servez vos vacances sur la Costa Brava","robots":{"index":"index","follow":"follow","max-snippet":"max-snippet:-1","max-image-preview":"max-image-preview:large","max-video-preview":"max-video-preview:-1"},"canonical":"https:\/\/www.campingkims.com\/fr\/hebergement\/mobilehome\/mistral\/","og_locale":"fr_FR","og_type":"article","og_title":"Mistral - Camping Kim&#039;s Llafranc","og_description":"Mistral Mobile-home 6 personnes 6 personnes 3 chambres Terrasse Parking Animauxpas admis RESERVATION EN LIGNE R\u00e9servez vos vacances sur la Costa Brava","og_url":"https:\/\/www.campingkims.com\/fr\/hebergement\/mobilehome\/mistral\/","og_site_name":"Camping Kim&#039;s Llafranc","article_modified_time":"2026-03-13T15:36:05+00:00","og_image":[{"width":1024,"height":1365,"url":"https:\/\/www.campingkims.com\/wp-content\/uploads\/mistral-001.webp","type":"image\/webp"}],"twitter_card":"summary_large_image","twitter_misc":{"Dur\u00e9e de lecture estim\u00e9e":"27 minutes"},"schema":{"@context":"https:\/\/schema.org","@graph":[{"@type":"WebPage","@id":"https:\/\/www.campingkims.com\/fr\/hebergement\/mobilehome\/mistral\/","url":"https:\/\/www.campingkims.com\/fr\/hebergement\/mobilehome\/mistral\/","name":"Mistral - Camping Kim&#039;s Llafranc","isPartOf":{"@id":"https:\/\/www.campingkims.com\/fr\/#website"},"primaryImageOfPage":{"@id":"https:\/\/www.campingkims.com\/fr\/hebergement\/mobilehome\/mistral\/#primaryimage"},"image":{"@id":"https:\/\/www.campingkims.com\/fr\/hebergement\/mobilehome\/mistral\/#primaryimage"},"thumbnailUrl":"https:\/\/www.campingkims.com\/wp-content\/uploads\/mistral-001.webp","datePublished":"2025-08-28T10:51:57+00:00","dateModified":"2026-03-13T15:36:05+00:00","description":"Mistral Mobile-home 6 personnes 6 personnes 3 chambres Terrasse Parking Animauxpas admis RESERVATION EN LIGNE R\u00e9servez vos vacances sur la Costa Brava","breadcrumb":{"@id":"https:\/\/www.campingkims.com\/fr\/hebergement\/mobilehome\/mistral\/#breadcrumb"},"inLanguage":"fr-FR","potentialAction":[{"@type":"ReadAction","target":["https:\/\/www.campingkims.com\/fr\/hebergement\/mobilehome\/mistral\/"]}]},{"@type":"ImageObject","inLanguage":"fr-FR","@id":"https:\/\/www.campingkims.com\/fr\/hebergement\/mobilehome\/mistral\/#primaryimage","url":"https:\/\/www.campingkims.com\/wp-content\/uploads\/mistral-001.webp","contentUrl":"https:\/\/www.campingkims.com\/wp-content\/uploads\/mistral-001.webp","width":1024,"height":1365},{"@type":"BreadcrumbList","@id":"https:\/\/www.campingkims.com\/fr\/hebergement\/mobilehome\/mistral\/#breadcrumb","itemListElement":[{"@type":"ListItem","position":1,"name":"Portada","item":"https:\/\/www.campingkims.com\/fr\/"},{"@type":"ListItem","position":2,"name":"H\u00e9bergement","item":"https:\/\/www.campingkims.com\/fr\/hebergement\/"},{"@type":"ListItem","position":3,"name":"Mobilehome","item":"https:\/\/www.campingkims.com\/fr\/hebergement\/mobilehome\/"},{"@type":"ListItem","position":4,"name":"Mistral"}]},{"@type":"WebSite","@id":"https:\/\/www.campingkims.com\/fr\/#website","url":"https:\/\/www.campingkims.com\/fr\/","name":"Camping Kim's Llafranc","description":"Kim&#039;s Camping Caravaning &amp; Bungalow Park","publisher":{"@id":"https:\/\/www.campingkims.com\/fr\/#organization"},"potentialAction":[{"@type":"SearchAction","target":{"@type":"EntryPoint","urlTemplate":"https:\/\/www.campingkims.com\/fr\/?s={search_term_string}"},"query-input":{"@type":"PropertyValueSpecification","valueRequired":true,"valueName":"search_term_string"}}],"inLanguage":"fr-FR"},{"@type":"Organization","@id":"https:\/\/www.campingkims.com\/fr\/#organization","name":"Camping Kim's Llafranc","url":"https:\/\/www.campingkims.com\/fr\/","logo":{"@type":"ImageObject","inLanguage":"fr-FR","@id":"https:\/\/www.campingkims.com\/fr\/#\/schema\/logo\/image\/","url":"https:\/\/www.campingkims.com\/wp-content\/uploads\/logo-camping-kims-llafranc-costa-brava.png","contentUrl":"https:\/\/www.campingkims.com\/wp-content\/uploads\/logo-camping-kims-llafranc-costa-brava.png","width":537,"height":257,"caption":"Camping Kim's Llafranc"},"image":{"@id":"https:\/\/www.campingkims.com\/fr\/#\/schema\/logo\/image\/"}}]}},"_links":{"self":[{"href":"https:\/\/www.campingkims.com\/fr\/wp-json\/wp\/v2\/pages\/7619"}],"collection":[{"href":"https:\/\/www.campingkims.com\/fr\/wp-json\/wp\/v2\/pages"}],"about":[{"href":"https:\/\/www.campingkims.com\/fr\/wp-json\/wp\/v2\/types\/page"}],"author":[{"embeddable":true,"href":"https:\/\/www.campingkims.com\/fr\/wp-json\/wp\/v2\/users\/2"}],"replies":[{"embeddable":true,"href":"https:\/\/www.campingkims.com\/fr\/wp-json\/wp\/v2\/comments?post=7619"}],"version-history":[{"count":8,"href":"https:\/\/www.campingkims.com\/fr\/wp-json\/wp\/v2\/pages\/7619\/revisions"}],"predecessor-version":[{"id":9643,"href":"https:\/\/www.campingkims.com\/fr\/wp-json\/wp\/v2\/pages\/7619\/revisions\/9643"}],"up":[{"embeddable":true,"href":"https:\/\/www.campingkims.com\/fr\/wp-json\/wp\/v2\/pages\/5635"}],"wp:featuredmedia":[{"embeddable":true,"href":"https:\/\/www.campingkims.com\/fr\/wp-json\/wp\/v2\/media\/8146"}],"wp:attachment":[{"href":"https:\/\/www.campingkims.com\/fr\/wp-json\/wp\/v2\/media?parent=7619"}],"curies":[{"name":"wp","href":"https:\/\/api.w.org\/{rel}","templated":true}]}}