{"id":5033,"date":"2023-07-13T09:19:13","date_gmt":"2023-07-13T07:19:13","guid":{"rendered":"http:\/\/www.campingkims.com\/prezzi-e-promozioni\/prezzi-camping\/"},"modified":"2026-03-02T15:33:51","modified_gmt":"2026-03-02T14:33:51","slug":"prezzi-camping","status":"publish","type":"page","link":"https:\/\/www.campingkims.com\/it\/prezzi-e-promozioni\/prezzi-camping\/","title":{"rendered":"Prezzi Camping"},"content":{"rendered":"\n<div class=\"wp-block-group alignfull cover-page booking-article has-theme-orange-background-color has-background is-layout-constrained wp-block-group-is-layout-constrained\" style=\"margin-top:0px;margin-bottom:10vh\">\n<div class=\"wp-block-group alignwide animation--init--once pop-up is-vertical is-content-justification-center is-layout-flex wp-container-core-group-is-layout-1 wp-block-group-is-layout-flex\">\n<h1 class=\"wp-block-heading alignwide has-text-align-center has-theme-white-color has-text-color\">Prezzi e Offerte Camping<\/h1>\n\n\n\n<p class=\"has-text-align-center has-theme-white-color has-text-color has-roboto-slab-font-family has-h-5-font-size\" style=\"text-transform:uppercase\">2026<\/p>\n<\/div>\n\n\n\n<div class=\"wp-block-group alignwide animation--init--once booking-container has-theme-orange-background-color has-background is-vertical is-content-justification-center is-layout-flex wp-container-core-group-is-layout-3 wp-block-group-is-layout-flex\" style=\"border-radius:2rem;margin-top:0px;margin-bottom:0px;padding-top:3rem;padding-right:3rem;padding-bottom:3rem;padding-left:3rem\">\n<div class=\"wp-block-group animation--init--once alignwide booking-title is-vertical is-content-justification-center is-layout-flex wp-container-core-group-is-layout-2 wp-block-group-is-layout-flex\">\n<p class=\"has-theme-dark-purple-color has-text-color has-roboto-slab-font-family has-h-6-font-size\">PRENOTAZIONE ONLINE<\/p>\n\n\n\n<h4 class=\"wp-block-heading has-text-align-center has-theme-white-color has-text-color has-h-4-font-size\">Prenota le tue vacanze sulla Costa Brava<\/h4>\n\n\n\n<figure class=\"wp-block-image size-large is-resized wp-duotone-221b40-221b40-1\"><img decoding=\"async\" src=\"http:\/\/www.campingkims.com\/wp-content\/uploads\/ola-separadora.svg\" alt=\"\" class=\"wp-image-921\" width=\"70\"\/><\/figure>\n<\/div>\n\n\n<script>\n            document.addEventListener('DOMContentLoaded', function () {\n\n                var widget = new MasterWidget('widgetBookingContainer9234', {\n                    lang: 'it',idProperty: '61',class: 'widget_columns',categoryIds: [1],target: '_blank',dropdown: true,\n                    url: 'https:\/\/booking.campingkims.com'\n                });\n\n\n            });\n\n            <\/script><div id=\"widgetBookingContainer9234\"> <\/div>\n<\/div>\n<\/div>\n\n<div class=\"wp-block-group alignwide is-layout-constrained wp-block-group-is-layout-constrained\" style=\"margin-bottom:8vh\">\n<h2 class=\"wp-block-heading has-text-align-center animation--init--once slide-up has-theme-dark-purple-color has-text-color has-link-color wp-elements-ec480ab7ab5b70ef450ddfc93d62296f\">Forfait Maggio<\/h2>\n\n\n\n<div class=\"wp-block-columns animation--init--once slide-up is-layout-flex wp-container-core-columns-is-layout-1 wp-block-columns-is-layout-flex\">\n<div class=\"wp-block-column has-theme-grey-background-color has-background is-layout-flow wp-block-column-is-layout-flow\">\n<p class=\"has-text-align-center has-theme-dark-purple-color has-text-color has-link-color has-h-6-font-size wp-elements-9e1e95a0c651ff588fd34165f2626034\"><strong>7 Notti<\/strong><\/p>\n\n\n\n<div class=\"wp-block-group is-vertical is-content-justification-center is-layout-flex wp-container-core-group-is-layout-5 wp-block-group-is-layout-flex\">\n<p class=\"has-theme-purple-color has-text-color has-link-color has-h-4-font-size wp-elements-22c16878c6342e1eed4cd07717c2f1a8\"><strong>189\u20ac<\/strong><\/p>\n\n\n\n<p class=\"has-text-align-left has-theme-purple-color has-text-color has-link-color has-h-6-font-size wp-elements-fcd26f4729319862a1b26dc6bb741496\"><strong>27\u20ac\/notte<\/strong><\/p>\n<\/div>\n<\/div>\n\n\n\n<div class=\"wp-block-column has-theme-grey-background-color has-background is-layout-flow wp-block-column-is-layout-flow\">\n<p class=\"has-text-align-center has-theme-dark-purple-color has-text-color has-link-color has-h-6-font-size wp-elements-4dbf470cb4fa46c0621317d165cfed7c\"><strong>14 Notti <\/strong><\/p>\n\n\n\n<div class=\"wp-block-group is-vertical is-content-justification-center is-layout-flex wp-container-core-group-is-layout-6 wp-block-group-is-layout-flex\">\n<p class=\"has-theme-purple-color has-text-color has-link-color has-h-4-font-size wp-elements-646af933ed3c847ca849617bdaaa237b\"><strong>350\u20ac<\/strong><\/p>\n\n\n\n<p class=\"has-text-align-left has-theme-purple-color has-text-color has-link-color has-h-6-font-size wp-elements-7833f034311e8ec34e2ff286d1919ffd\"><strong>25\u20ac\/notte<\/strong><\/p>\n<\/div>\n<\/div>\n\n\n\n<div class=\"wp-block-column has-theme-grey-background-color has-background is-layout-flow wp-block-column-is-layout-flow\">\n<p class=\"has-text-align-center has-theme-dark-purple-color has-text-color has-link-color has-h-6-font-size wp-elements-2299f79746bbef02da77cedd2db3351f\"><strong>21 Notti <\/strong><\/p>\n\n\n\n<div class=\"wp-block-group is-vertical is-content-justification-center is-layout-flex wp-container-core-group-is-layout-7 wp-block-group-is-layout-flex\">\n<p class=\"has-theme-purple-color has-text-color has-link-color has-h-4-font-size wp-elements-6ec8db418e4152f30a3019f6e7b05f63\"><strong>462\u20ac<\/strong><\/p>\n\n\n\n<p class=\"has-text-align-left has-theme-purple-color has-text-color has-link-color has-h-6-font-size wp-elements-1a9d6073eb585e43390fcd34a4ca63e9\"><strong>22\u20ac\/notte<\/strong><\/p>\n<\/div>\n<\/div>\n\n\n\n<div class=\"wp-block-column has-theme-grey-background-color has-background is-layout-flow wp-block-column-is-layout-flow\">\n<p class=\"has-text-align-center has-theme-dark-purple-color has-text-color has-link-color has-h-6-font-size wp-elements-a98b12e641c61b5f858462820967cc31\"><strong>30 Notti <\/strong><\/p>\n\n\n\n<div class=\"wp-block-group is-vertical is-content-justification-center is-layout-flex wp-container-core-group-is-layout-8 wp-block-group-is-layout-flex\">\n<p class=\"has-theme-purple-color has-text-color has-link-color has-h-4-font-size wp-elements-fd259460769b90c489822f0340419101\"><strong>570\u20ac<\/strong><\/p>\n\n\n\n<p class=\"has-text-align-left has-theme-purple-color has-text-color has-link-color has-h-6-font-size wp-elements-28e3a8fcf7e55fad79ed207354a2c894\"><strong>19\u20ac\/notte<\/strong><\/p>\n<\/div>\n<\/div>\n<\/div>\n\n\n\n<p class=\"has-text-align-center animation--init--once slide-up has-h-5-font-size\">Piazzola + 2 persone<\/p>\n\n\n\n<p class=\"has-text-align-center animation--init--once slide-up has-text-small-font-size\">Prezzi per notte. 10% IVA inclusa.<br\/>Tassa di soggiorno non inclusa: 0,66 \u20ac a notte per persona (+17 anni) per un massimo di 7 notti.<\/p>\n<\/div>\n\n<h2 class=\"wp-block-heading alignwide animation--init--once slide-right has-theme-dark-purple-color has-text-color\">Prezzi piazzole<\/h2>\n\n<div class=\"wp-block-group alignfull camping-table-container is-layout-constrained wp-block-group-is-layout-constrained\">\n<figure class=\"wp-block-table alignwide styled-table camping-table is-style-stripes animation--init--once slide-up\" style=\"margin-bottom:10vh\"><table><thead><tr><th>Prezzo a notte<\/th><th class=\"has-text-align-center\" data-align=\"center\">Adulto<\/th><th class=\"has-text-align-center\" data-align=\"center\">Bambino (3 \u2013 10 a.)<\/th><th class=\"has-text-align-center\" data-align=\"center\">Piazzola<\/th><th class=\"has-text-align-center\" data-align=\"center\">Visita adulto<\/th><th class=\"has-text-align-center\" data-align=\"center\">Visita bambino<\/th><\/tr><\/thead><tbody><tr><td><strong>30\/04 &#8211; 31\/05 | 14\/09 &#8211; 27\/09<\/strong><br>BASSA STAGIONE<\/td><td class=\"has-text-align-center\" data-align=\"center\"><strong>6<sup>&#8217;50\u20ac<\/sup><\/strong><\/td><td class=\"has-text-align-center\" data-align=\"center\"><strong>3<sup>,20\u20ac<\/sup><\/strong><\/td><td class=\"has-text-align-center\" data-align=\"center\"><strong>14<sup>,00\u20ac<\/sup><\/strong><\/td><td class=\"has-text-align-center\" data-align=\"center\"><strong>8<sup>,00\u20ac<\/sup><\/strong><\/td><td class=\"has-text-align-center\" data-align=\"center\"><strong>5<sup>,00\u20ac<\/sup><\/strong><\/td><\/tr><tr><td><strong>01\/06 &#8211; 21\/06 | 01\/09 &#8211; 13\/09 <\/strong><br>MEDIA STAGIONE 1<\/td><td class=\"has-text-align-center\" data-align=\"center\"><strong>8<sup>&#8217;50\u20ac<\/sup><\/strong><\/td><td class=\"has-text-align-center\" data-align=\"center\"><strong>4<sup>,80\u20ac<\/sup><\/strong><\/td><td class=\"has-text-align-center\" data-align=\"center\"><strong>17<sup>,00\u20ac<\/sup><\/strong><\/td><td class=\"has-text-align-center\" data-align=\"center\"><strong>10<sup>,00\u20ac<\/sup><\/strong><\/td><td class=\"has-text-align-center\" data-align=\"center\"><strong>6<sup>,00\u20ac<\/sup><\/strong><\/td><\/tr><tr><td><strong>22\/06 &#8211; 16\/07 | 24\/08 &#8211; 31\/08<\/strong><br>MEDIA STAGIONE 2<\/td><td class=\"has-text-align-center\" data-align=\"center\"><strong>9<sup>&#8217;50\u20ac<\/sup><\/strong><\/td><td class=\"has-text-align-center\" data-align=\"center\"><strong>5<sup>&#8217;80\u20ac<\/sup><\/strong><\/td><td class=\"has-text-align-center\" data-align=\"center\"><strong>29<sup>&#8217;00\u20ac<\/sup><\/strong><\/td><td class=\"has-text-align-center\" data-align=\"center\"><strong>11<sup>&#8217;00\u20ac<\/sup><\/strong><\/td><td class=\"has-text-align-center\" data-align=\"center\"><strong>8<sup>&#8217;00\u20ac<\/sup><\/strong><\/td><\/tr><tr><td><strong>17\/07 &#8211; 23\/08<\/strong><br>ALTA STAGIONE<\/td><td class=\"has-text-align-center\" data-align=\"center\"><strong>10<sup>,90\u20ac<\/sup><\/strong><\/td><td class=\"has-text-align-center\" data-align=\"center\"><strong>6<sup>,40\u20ac<\/sup><\/strong><\/td><td class=\"has-text-align-center\" data-align=\"center\"><strong>45<sup>,20\u20ac<\/sup><\/strong><\/td><td class=\"has-text-align-center\" data-align=\"center\"><strong>12<sup>,00\u20ac<\/sup><\/strong><\/td><td class=\"has-text-align-center\" data-align=\"center\"><strong>9<sup>,00\u20ac<\/sup><\/strong><\/td><\/tr><\/tbody><\/table><\/figure>\n<\/div>\n\n<div class=\"wp-block-auto-tabs accommodation-tabs alignfull has-custom-margin animation--init--once\" style=\"margin-bottom:14vh;\" data-selector=\"h3\">\n  <div class=\"acf-innerblocks-container\">\n\n<div class=\"wp-block-group auto-tabs-wrapper is-layout-flow wp-block-group-is-layout-flow\">\n<p class=\"has-text-align-center\"><strong>Aqu\u00ed se mostrar\u00e1n las pesta\u00f1as.<\/strong><br\/> El primer <strong>h3<\/strong> de cada contenido se usar\u00e1 como t\u00edtulo de su pesta\u00f1a. Puedes cambiarlo por otro tag o una clase en el panel lateral<\/p>\n<\/div>\n\n\n\n<div class=\"wp-block-group auto-content-wrapper has-theme-soft-blue-background-color has-background is-layout-flow wp-block-group-is-layout-flow\">\n<div class=\"wp-block-group is-layout-flow wp-block-group-is-layout-flow\">\n<h3 class=\"wp-block-heading has-text-align-center\">Informazioni<\/h3>\n\n\n\n<ul class=\"styled-list has-theme-purple-color has-text-color wp-block-list\">\n<li><strong>Prezzi in euro (Euro \u20ac).<\/strong><br\/>IVA 10% inclusa. In caso di variazione ufficiale dell&#8217;IVA, i prezzi possono variare.<\/li>\n\n\n\n<li><strong>Tassa di soggiorno non inclusa:<\/strong> \u20ac 0,66\/notte a persona (+17 anni) per un massimo di 7 notti.<\/li>\n\n\n\n<li><strong>Arrivo:<\/strong> Le piazzole saranno disponibili dalle ore 12:00.<\/li>\n\n\n\n<li><strong>Partenza:<\/strong> Le piazzole devono essere libere entro le 12:00<\/li>\n\n\n\n<li><\/li>\n<\/ul>\n<\/div>\n\n\n\n<div class=\"wp-block-group is-layout-flow wp-block-group-is-layout-flow\">\n<h3 class=\"wp-block-heading has-text-align-center\">Condizioni<\/h3>\n\n\n\n<ul class=\"styled-list has-theme-purple-color has-text-color wp-block-list\">\n<li>L&#8217;importo richiesto per la prenotazione \u00e8 di 60 \u20ac a piazzola. Tale importo verr\u00e0 detratto dall&#8217;importo totale della fattura del soggiorno.<\/li>\n\n\n\n<li>Questo pagamento non concede alcun diritto di scegliere un numero di pacco specifico. Una volta ricevuto il pagamento e il segnale, la prenotazione sar\u00e0 confermata.<\/li>\n\n\n\n<li>ANNULLAMENTO\n<ul class=\"wp-block-list\">\n<li>Cancellazione 5 &#8211; 3 settimane prima del giorno di arrivo: Sospensione del 60% de la caparra.<\/li>\n\n\n\n<li>Cancellazione 2 settimane prima del giorno di arrivo: Sospensione del 100% de de la caparra.<\/li>\n\n\n\n<li>(Spese di annullamento minime: 35\u20ac.)<\/li>\n<\/ul>\n<\/li>\n<\/ul>\n<\/div>\n<\/div>\n\n<\/div><\/div>\n<figure class=\"wp-block-image size-large is-style-icon-row animation--init--once slide-left discount-icon wp-duotone-ffb434-ffb434-2\"><img loading=\"lazy\" decoding=\"async\" width=\"25\" height=\"25\" src=\"http:\/\/www.campingkims.com\/wp-content\/uploads\/descuento.svg\" alt=\"\" class=\"wp-image-1492\"\/><figcaption class=\"wp-element-caption\"><strong>Offerte piazzole camping<\/strong><\/figcaption><\/figure>\n\n\n\n<div class=\"wp-block-columns alignwide is-layout-flex wp-container-core-columns-is-layout-2 wp-block-columns-is-layout-flex\">\n<div class=\"wp-block-column price-col animation--init--once slide-up has-theme-white-color has-theme-orange-background-color has-text-color has-background is-layout-flow wp-block-column-is-layout-flow\">\n<p class=\"large-font has-h-2-font-size\" style=\"margin-bottom:0px\"><strong><em>10% + 7 notti<\/em><\/strong><\/p>\n\n\n\n<p class=\"large-font has-h-2-font-size\" style=\"margin-top:0px\"><em><strong>13% + 14 notti<\/strong><\/em><\/p>\n\n\n\n<p class=\"large-font has-h-2-font-size\" style=\"margin-top:0px\"><strong><em>15% + 20 notti<\/em><\/strong><\/p>\n\n\n\n<p class=\"large-font has-h-2-font-size\" style=\"margin-top:0px\"><strong><em>20% + 30 notti<\/em><\/strong><\/p>\n\n\n\n<p class=\"is-style-default has-roboto-slab-font-family has-text-small-font-size\" style=\"margin-top:0px;text-transform:uppercase\"><strong><strong>30\/04 \u2013 16\/07 \u00a0|\u00a024\/08 \u2013 27\/09<\/strong><\/strong><\/p>\n\n\n\n<p class=\"is-style-default has-roboto-slab-font-family has-text-small-font-size\" style=\"margin-top:0px;text-transform:uppercase\"><strong>BASSA E MEDIA STAGIONE<\/strong><\/p>\n\n\n\n<p class=\"is-style-default\" style=\"margin-top:0px\">1 piazzola + 2 persone + auto + presa elettrica<\/p>\n<\/div>\n\n\n\n<div class=\"wp-block-column price-col animation--init--once slide-up delay-1 has-theme-white-color has-theme-blue-background-color has-text-color has-background is-layout-flow wp-block-column-is-layout-flow\">\n<p class=\"large-font has-h-2-font-size\"><strong><em>5% + 7 notti<\/em><\/strong><\/p>\n\n\n\n<p class=\"is-style-default has-roboto-slab-font-family has-text-small-font-size\" style=\"margin-top:0px;text-transform:uppercase\"><strong>17\/07-23\/08<\/strong><\/p>\n\n\n\n<p class=\"is-style-default has-roboto-slab-font-family has-text-small-font-size\" style=\"margin-top:0px;text-transform:uppercase\"><strong>ALTA STAGIONE<\/strong><\/p>\n\n\n\n<p class=\"is-style-default\" style=\"margin-top:0px\">1 piazzola + 2 persone + auto + presa elettrica<\/p>\n<\/div>\n<\/div>\n\n\n\n<p class=\"animation--init--once slide-left alignwide has-theme-purple-color has-text-color has-text-small-font-size\" style=\"margin-bottom:10vh\">* Soggiorni a partire da 7 notti<br>* Sconti non cumulabili, gi\u00e0 applicati al momento della prenotazione<\/p>\n\n<div class=\"wp-block-buttons animation--init--once slide-up is-content-justification-center is-layout-flex wp-container-core-buttons-is-layout-1 wp-block-buttons-is-layout-flex\" style=\"margin-bottom:18vh\">\n<div class=\"wp-block-button invert-icon\"><a class=\"wp-block-button__link has-theme-green-background-color has-background wp-element-button\" href=\"https:\/\/booking.campingkims.com\/search?categoryIds=1&amp;lang=es\" style=\"border-radius:8px\" target=\"_blank\" rel=\"noreferrer noopener\"><img loading=\"lazy\" decoding=\"async\" width=\"25\" height=\"24\" class=\"wp-image-1321\" style=\"width: 25px;\" src=\"http:\/\/www.campingkims.com\/wp-content\/uploads\/reservar.svg\" alt=\"\"\/><strong>MOSTRA DISPONIBILIT\u00c0<\/strong><\/a><\/div>\n<\/div>\n","protected":false},"excerpt":{"rendered":"<p>Prezzi e Offerte Camping 2026 Forfait Maggio 7 Notti 189\u20ac 27\u20ac\/notte 14 Notti 350\u20ac 25\u20ac\/notte 21 Notti 462\u20ac 22\u20ac\/notte 30 Notti 570\u20ac 19\u20ac\/notte Piazzola +&#8230;<\/p>\n","protected":false},"author":2,"featured_media":0,"parent":5004,"menu_order":0,"comment_status":"closed","ping_status":"closed","template":"","meta":{"_acf_changed":false,"inline_featured_image":false,"footnotes":""},"class_list":["post-5033","page","type-page","status-publish","hentry"],"acf":[],"yoast_head":"<!-- This site is optimized with the Yoast SEO plugin v23.5 - https:\/\/yoast.com\/wordpress\/plugins\/seo\/ -->\n<title>Prezzi Camping - Camping Kim&#039;s Llafranc<\/title>\n<meta name=\"description\" content=\"Prezzi e Offerte Camping 2026 Forfait Maggio 7 Notti 189\u20ac 27\u20ac\/notte 14 Notti 350\u20ac 25\u20ac\/notte 21 Notti 462\u20ac 22\u20ac\/notte 30 Notti 570\u20ac 19\u20ac\/notte Piazzola + 2\" \/>\n<meta name=\"robots\" content=\"index, follow, max-snippet:-1, max-image-preview:large, max-video-preview:-1\" \/>\n<link rel=\"canonical\" href=\"https:\/\/www.campingkims.com\/it\/prezzi-e-promozioni\/prezzi-camping\/\" \/>\n<meta property=\"og:locale\" content=\"it_IT\" \/>\n<meta property=\"og:type\" content=\"article\" \/>\n<meta property=\"og:title\" content=\"Prezzi Camping - Camping Kim&#039;s Llafranc\" \/>\n<meta property=\"og:description\" content=\"Prezzi e Offerte Camping 2026 Forfait Maggio 7 Notti 189\u20ac 27\u20ac\/notte 14 Notti 350\u20ac 25\u20ac\/notte 21 Notti 462\u20ac 22\u20ac\/notte 30 Notti 570\u20ac 19\u20ac\/notte Piazzola + 2\" \/>\n<meta property=\"og:url\" content=\"https:\/\/www.campingkims.com\/it\/prezzi-e-promozioni\/prezzi-camping\/\" \/>\n<meta property=\"og:site_name\" content=\"Camping Kim&#039;s Llafranc\" \/>\n<meta property=\"article:modified_time\" content=\"2026-03-02T14:33:51+00:00\" \/>\n<meta property=\"og:image\" content=\"http:\/\/www.campingkims.com\/wp-content\/uploads\/reservar.svg\" \/>\n<meta name=\"twitter:card\" content=\"summary_large_image\" \/>\n<script type=\"application\/ld+json\" class=\"yoast-schema-graph\">{\"@context\":\"https:\/\/schema.org\",\"@graph\":[{\"@type\":\"WebPage\",\"@id\":\"https:\/\/www.campingkims.com\/it\/prezzi-e-promozioni\/prezzi-camping\/\",\"url\":\"https:\/\/www.campingkims.com\/it\/prezzi-e-promozioni\/prezzi-camping\/\",\"name\":\"Prezzi Camping - Camping Kim&#039;s Llafranc\",\"isPartOf\":{\"@id\":\"https:\/\/www.campingkims.com\/it\/#website\"},\"primaryImageOfPage\":{\"@id\":\"https:\/\/www.campingkims.com\/it\/prezzi-e-promozioni\/prezzi-camping\/#primaryimage\"},\"image\":{\"@id\":\"https:\/\/www.campingkims.com\/it\/prezzi-e-promozioni\/prezzi-camping\/#primaryimage\"},\"thumbnailUrl\":\"http:\/\/www.campingkims.com\/wp-content\/uploads\/reservar.svg\",\"datePublished\":\"2023-07-13T07:19:13+00:00\",\"dateModified\":\"2026-03-02T14:33:51+00:00\",\"description\":\"Prezzi e Offerte Camping 2026 Forfait Maggio 7 Notti 189\u20ac 27\u20ac\/notte 14 Notti 350\u20ac 25\u20ac\/notte 21 Notti 462\u20ac 22\u20ac\/notte 30 Notti 570\u20ac 19\u20ac\/notte Piazzola + 2\",\"breadcrumb\":{\"@id\":\"https:\/\/www.campingkims.com\/it\/prezzi-e-promozioni\/prezzi-camping\/#breadcrumb\"},\"inLanguage\":\"it-IT\",\"potentialAction\":[{\"@type\":\"ReadAction\",\"target\":[\"https:\/\/www.campingkims.com\/it\/prezzi-e-promozioni\/prezzi-camping\/\"]}]},{\"@type\":\"ImageObject\",\"inLanguage\":\"it-IT\",\"@id\":\"https:\/\/www.campingkims.com\/it\/prezzi-e-promozioni\/prezzi-camping\/#primaryimage\",\"url\":\"http:\/\/www.campingkims.com\/wp-content\/uploads\/reservar.svg\",\"contentUrl\":\"http:\/\/www.campingkims.com\/wp-content\/uploads\/reservar.svg\"},{\"@type\":\"BreadcrumbList\",\"@id\":\"https:\/\/www.campingkims.com\/it\/prezzi-e-promozioni\/prezzi-camping\/#breadcrumb\",\"itemListElement\":[{\"@type\":\"ListItem\",\"position\":1,\"name\":\"Portada\",\"item\":\"https:\/\/www.campingkims.com\/it\/\"},{\"@type\":\"ListItem\",\"position\":2,\"name\":\"Prezzi e promozioni\",\"item\":\"https:\/\/www.campingkims.com\/it\/prezzi-e-promozioni\/\"},{\"@type\":\"ListItem\",\"position\":3,\"name\":\"Prezzi Camping\"}]},{\"@type\":\"WebSite\",\"@id\":\"https:\/\/www.campingkims.com\/it\/#website\",\"url\":\"https:\/\/www.campingkims.com\/it\/\",\"name\":\"Camping Kim's Llafranc\",\"description\":\"Kim&#039;s Camping Caravaning &amp; Bungalow Park\",\"publisher\":{\"@id\":\"https:\/\/www.campingkims.com\/it\/#organization\"},\"potentialAction\":[{\"@type\":\"SearchAction\",\"target\":{\"@type\":\"EntryPoint\",\"urlTemplate\":\"https:\/\/www.campingkims.com\/it\/?s={search_term_string}\"},\"query-input\":{\"@type\":\"PropertyValueSpecification\",\"valueRequired\":true,\"valueName\":\"search_term_string\"}}],\"inLanguage\":\"it-IT\"},{\"@type\":\"Organization\",\"@id\":\"https:\/\/www.campingkims.com\/it\/#organization\",\"name\":\"Camping Kim's Llafranc\",\"url\":\"https:\/\/www.campingkims.com\/it\/\",\"logo\":{\"@type\":\"ImageObject\",\"inLanguage\":\"it-IT\",\"@id\":\"https:\/\/www.campingkims.com\/it\/#\/schema\/logo\/image\/\",\"url\":\"https:\/\/www.campingkims.com\/wp-content\/uploads\/logo-camping-kims-llafranc-costa-brava.png\",\"contentUrl\":\"https:\/\/www.campingkims.com\/wp-content\/uploads\/logo-camping-kims-llafranc-costa-brava.png\",\"width\":537,\"height\":257,\"caption\":\"Camping Kim's Llafranc\"},\"image\":{\"@id\":\"https:\/\/www.campingkims.com\/it\/#\/schema\/logo\/image\/\"}}]}<\/script>\n<!-- \/ Yoast SEO plugin. -->","yoast_head_json":{"title":"Prezzi Camping - Camping Kim&#039;s Llafranc","description":"Prezzi e Offerte Camping 2026 Forfait Maggio 7 Notti 189\u20ac 27\u20ac\/notte 14 Notti 350\u20ac 25\u20ac\/notte 21 Notti 462\u20ac 22\u20ac\/notte 30 Notti 570\u20ac 19\u20ac\/notte Piazzola + 2","robots":{"index":"index","follow":"follow","max-snippet":"max-snippet:-1","max-image-preview":"max-image-preview:large","max-video-preview":"max-video-preview:-1"},"canonical":"https:\/\/www.campingkims.com\/it\/prezzi-e-promozioni\/prezzi-camping\/","og_locale":"it_IT","og_type":"article","og_title":"Prezzi Camping - Camping Kim&#039;s Llafranc","og_description":"Prezzi e Offerte Camping 2026 Forfait Maggio 7 Notti 189\u20ac 27\u20ac\/notte 14 Notti 350\u20ac 25\u20ac\/notte 21 Notti 462\u20ac 22\u20ac\/notte 30 Notti 570\u20ac 19\u20ac\/notte Piazzola + 2","og_url":"https:\/\/www.campingkims.com\/it\/prezzi-e-promozioni\/prezzi-camping\/","og_site_name":"Camping Kim&#039;s Llafranc","article_modified_time":"2026-03-02T14:33:51+00:00","og_image":[{"url":"http:\/\/www.campingkims.com\/wp-content\/uploads\/reservar.svg"}],"twitter_card":"summary_large_image","schema":{"@context":"https:\/\/schema.org","@graph":[{"@type":"WebPage","@id":"https:\/\/www.campingkims.com\/it\/prezzi-e-promozioni\/prezzi-camping\/","url":"https:\/\/www.campingkims.com\/it\/prezzi-e-promozioni\/prezzi-camping\/","name":"Prezzi Camping - Camping Kim&#039;s Llafranc","isPartOf":{"@id":"https:\/\/www.campingkims.com\/it\/#website"},"primaryImageOfPage":{"@id":"https:\/\/www.campingkims.com\/it\/prezzi-e-promozioni\/prezzi-camping\/#primaryimage"},"image":{"@id":"https:\/\/www.campingkims.com\/it\/prezzi-e-promozioni\/prezzi-camping\/#primaryimage"},"thumbnailUrl":"http:\/\/www.campingkims.com\/wp-content\/uploads\/reservar.svg","datePublished":"2023-07-13T07:19:13+00:00","dateModified":"2026-03-02T14:33:51+00:00","description":"Prezzi e Offerte Camping 2026 Forfait Maggio 7 Notti 189\u20ac 27\u20ac\/notte 14 Notti 350\u20ac 25\u20ac\/notte 21 Notti 462\u20ac 22\u20ac\/notte 30 Notti 570\u20ac 19\u20ac\/notte Piazzola + 2","breadcrumb":{"@id":"https:\/\/www.campingkims.com\/it\/prezzi-e-promozioni\/prezzi-camping\/#breadcrumb"},"inLanguage":"it-IT","potentialAction":[{"@type":"ReadAction","target":["https:\/\/www.campingkims.com\/it\/prezzi-e-promozioni\/prezzi-camping\/"]}]},{"@type":"ImageObject","inLanguage":"it-IT","@id":"https:\/\/www.campingkims.com\/it\/prezzi-e-promozioni\/prezzi-camping\/#primaryimage","url":"http:\/\/www.campingkims.com\/wp-content\/uploads\/reservar.svg","contentUrl":"http:\/\/www.campingkims.com\/wp-content\/uploads\/reservar.svg"},{"@type":"BreadcrumbList","@id":"https:\/\/www.campingkims.com\/it\/prezzi-e-promozioni\/prezzi-camping\/#breadcrumb","itemListElement":[{"@type":"ListItem","position":1,"name":"Portada","item":"https:\/\/www.campingkims.com\/it\/"},{"@type":"ListItem","position":2,"name":"Prezzi e promozioni","item":"https:\/\/www.campingkims.com\/it\/prezzi-e-promozioni\/"},{"@type":"ListItem","position":3,"name":"Prezzi Camping"}]},{"@type":"WebSite","@id":"https:\/\/www.campingkims.com\/it\/#website","url":"https:\/\/www.campingkims.com\/it\/","name":"Camping Kim's Llafranc","description":"Kim&#039;s Camping Caravaning &amp; Bungalow Park","publisher":{"@id":"https:\/\/www.campingkims.com\/it\/#organization"},"potentialAction":[{"@type":"SearchAction","target":{"@type":"EntryPoint","urlTemplate":"https:\/\/www.campingkims.com\/it\/?s={search_term_string}"},"query-input":{"@type":"PropertyValueSpecification","valueRequired":true,"valueName":"search_term_string"}}],"inLanguage":"it-IT"},{"@type":"Organization","@id":"https:\/\/www.campingkims.com\/it\/#organization","name":"Camping Kim's Llafranc","url":"https:\/\/www.campingkims.com\/it\/","logo":{"@type":"ImageObject","inLanguage":"it-IT","@id":"https:\/\/www.campingkims.com\/it\/#\/schema\/logo\/image\/","url":"https:\/\/www.campingkims.com\/wp-content\/uploads\/logo-camping-kims-llafranc-costa-brava.png","contentUrl":"https:\/\/www.campingkims.com\/wp-content\/uploads\/logo-camping-kims-llafranc-costa-brava.png","width":537,"height":257,"caption":"Camping Kim's Llafranc"},"image":{"@id":"https:\/\/www.campingkims.com\/it\/#\/schema\/logo\/image\/"}}]}},"_links":{"self":[{"href":"https:\/\/www.campingkims.com\/it\/wp-json\/wp\/v2\/pages\/5033"}],"collection":[{"href":"https:\/\/www.campingkims.com\/it\/wp-json\/wp\/v2\/pages"}],"about":[{"href":"https:\/\/www.campingkims.com\/it\/wp-json\/wp\/v2\/types\/page"}],"author":[{"embeddable":true,"href":"https:\/\/www.campingkims.com\/it\/wp-json\/wp\/v2\/users\/2"}],"replies":[{"embeddable":true,"href":"https:\/\/www.campingkims.com\/it\/wp-json\/wp\/v2\/comments?post=5033"}],"version-history":[{"count":14,"href":"https:\/\/www.campingkims.com\/it\/wp-json\/wp\/v2\/pages\/5033\/revisions"}],"predecessor-version":[{"id":9473,"href":"https:\/\/www.campingkims.com\/it\/wp-json\/wp\/v2\/pages\/5033\/revisions\/9473"}],"up":[{"embeddable":true,"href":"https:\/\/www.campingkims.com\/it\/wp-json\/wp\/v2\/pages\/5004"}],"wp:attachment":[{"href":"https:\/\/www.campingkims.com\/it\/wp-json\/wp\/v2\/media?parent=5033"}],"curies":[{"name":"wp","href":"https:\/\/api.w.org\/{rel}","templated":true}]}}