{"id":5822,"date":"2022-10-10T13:42:36","date_gmt":"2022-10-10T11:42:36","guid":{"rendered":"http:\/\/www.campingkims.com\/alloggi\/studios\/b\/"},"modified":"2026-03-16T16:08:11","modified_gmt":"2026-03-16T15:08:11","slug":"b","status":"publish","type":"page","link":"https:\/\/www.campingkims.com\/it\/alloggi\/studios\/b\/","title":{"rendered":"B"},"content":{"rendered":"\n<div class=\"wp-block-cover alignfull is-light cover-page animation--init--once is-style-no-margin\" style=\"margin-top:0px;margin-bottom:8vh;min-height:795px;aspect-ratio:unset;\"><span aria-hidden=\"true\" class=\"wp-block-cover__background has-background-dim-0 has-background-dim has-background-gradient has-theme-black-transparent-gradient-background\"><\/span><img loading=\"lazy\" decoding=\"async\" width=\"1920\" height=\"1280\" class=\"wp-block-cover__image-background wp-image-6443\" alt=\"\" src=\"https:\/\/www.campingkims.com\/wp-content\/uploads\/edtudio-b1-sala-terraza.webp\" data-object-fit=\"cover\" srcset=\"https:\/\/www.campingkims.com\/wp-content\/uploads\/edtudio-b1-sala-terraza.webp 1920w, https:\/\/www.campingkims.com\/wp-content\/uploads\/edtudio-b1-sala-terraza-1024x683.webp 1024w, https:\/\/www.campingkims.com\/wp-content\/uploads\/edtudio-b1-sala-terraza-768x512.webp 768w, https:\/\/www.campingkims.com\/wp-content\/uploads\/edtudio-b1-sala-terraza-1536x1024.webp 1536w, https:\/\/www.campingkims.com\/wp-content\/uploads\/edtudio-b1-sala-terraza-512x341.webp 512w, https:\/\/www.campingkims.com\/wp-content\/uploads\/edtudio-b1-sala-terraza-256x171.webp 256w\" sizes=\"(max-width: 1920px) 100vw, 1920px\" \/><div class=\"wp-block-cover__inner-container is-layout-flow wp-block-cover-is-layout-flow\">\n<figure class=\"wp-block-image alignfull size-large animation--init--once slide-up is-style-no-margin waves wp-duotone-ecf8fb-ecf8fb-1\"><img loading=\"lazy\" decoding=\"async\" width=\"1700\" height=\"104\" src=\"http:\/\/www.campingkims.com\/wp-content\/uploads\/waves.svg\" alt=\"\" class=\"wp-image-926\"\/><\/figure>\n<\/div><\/div>\n\n\n\n<div class=\"wp-block-group alignfull booking-group has-theme-soft-blue-background-color has-background is-vertical is-content-justification-center is-layout-flex wp-container-core-group-is-layout-5 wp-block-group-is-layout-flex\" style=\"margin-top:0px;margin-bottom:35vh;padding-bottom:0px\">\n<div class=\"wp-block-group animation--init--once slide-up is-vertical is-content-justification-center is-layout-flex wp-container-core-group-is-layout-1 wp-block-group-is-layout-flex\" style=\"margin-bottom:8vh\">\n<figure class=\"wp-block-image size-large is-resized wp-duotone-1ac6fe-1ac6fe-2\"><img loading=\"lazy\" decoding=\"async\" width=\"25\" height=\"25\" src=\"http:\/\/www.campingkims.com\/wp-content\/uploads\/estudio.svg\" alt=\"\" class=\"wp-image-1084\" style=\"width:60px;height:undefinedpx\"\/><\/figure>\n\n\n\n<h2 class=\"wp-block-heading has-text-align-center has-theme-dark-purple-color has-text-color\">Studio B<\/h2>\n\n\n\n<p class=\"has-theme-blue-color has-text-color has-roboto-slab-font-family has-h-6-font-size\">Accogliente studio 32m2 + Terrasse<\/p>\n\n\n\n<figure class=\"wp-block-image size-large is-resized wp-duotone-1ac6fe-fff-3\"><img loading=\"lazy\" decoding=\"async\" width=\"25\" height=\"9\" src=\"http:\/\/www.campingkims.com\/wp-content\/uploads\/ola-separadora.svg\" alt=\"\" class=\"wp-image-921\" style=\"width:70px;height:undefinedpx\"\/><\/figure>\n<\/div>\n\n\n        <div class=\"wp-block-custom-grid square-icon-row has-text-align-left has-custom-margin block-grid-responsive\" style=\"margin-bottom:240px; --wp--style--block-desktop-column:5;--wp--style--block-tablet-column:2;--wp--style--block-mobile-column:2;\">\n\n                <div class=\"acf-innerblocks-container\">\n\n<figure class=\"wp-block-image size-large is-resized is-style-no-margin animation--init--once slide-up wp-duotone-1ac6fe-1ac6fe-4\"><img loading=\"lazy\" decoding=\"async\" width=\"25\" height=\"25\" src=\"http:\/\/www.campingkims.com\/wp-content\/uploads\/familia-1.svg\" alt=\"\" class=\"wp-image-1343\" style=\"width:60px;height:60px\"\/><figcaption class=\"wp-element-caption\">\n          <strong>2 persone<\/strong>\n        <\/figcaption><\/figure>\n\n\n\n<figure class=\"wp-block-image size-large is-resized is-style-no-margin animation--init--once slide-up delay-1 wp-duotone-1ac6fe-1ac6fe-5\"><img loading=\"lazy\" decoding=\"async\" width=\"25\" height=\"25\" src=\"http:\/\/www.campingkims.com\/wp-content\/uploads\/habitacion-1.svg\" alt=\"\" class=\"wp-image-1344\" style=\"width:60px;height:60px\"\/><figcaption class=\"wp-element-caption\">\n          <strong>1 camera<\/strong>\n        <\/figcaption><\/figure>\n\n\n\n<figure class=\"wp-block-image size-large is-resized is-style-no-margin animation--init--once slide-up delay-2 wp-duotone-1ac6fe-1ac6fe-6\"><img loading=\"lazy\" decoding=\"async\" width=\"25\" height=\"25\" src=\"http:\/\/www.campingkims.com\/wp-content\/uploads\/terraza-1.svg\" alt=\"\" class=\"wp-image-1345\" style=\"width:60px;height:60px\"\/><figcaption class=\"wp-element-caption\">\n          <strong>Terrazza<\/strong>\n        <\/figcaption><\/figure>\n\n\n\n<figure class=\"wp-block-image size-large is-resized is-style-no-margin animation--init--once slide-up delay-3 wp-duotone-1ac6fe-1ac6fe-7\"><img loading=\"lazy\" decoding=\"async\" width=\"25\" height=\"25\" src=\"http:\/\/www.campingkims.com\/wp-content\/uploads\/parking-1.svg\" alt=\"\" class=\"wp-image-1346\" style=\"width:60px;height:60px\"\/><figcaption class=\"wp-element-caption\">\n          <strong>Parking<\/strong>\n        <\/figcaption><\/figure>\n\n\n\n<figure class=\"wp-block-image size-large is-resized is-style-no-margin animation--init--once slide-up delay-4 wp-duotone-1ac6fe-1ac6fe-8\"><img loading=\"lazy\" decoding=\"async\" width=\"25\" height=\"25\" src=\"http:\/\/www.campingkims.com\/wp-content\/uploads\/prohibido-mascotas-1.svg\" alt=\"\" class=\"wp-image-1347\" style=\"width:60px;height:undefinedpx\"\/><figcaption class=\"wp-element-caption\">\n          <strong>Animali<br>non ammesso<\/strong>\n        <\/figcaption><\/figure>\n\n<\/div>\n<\/div>\n\n\n<div class=\"wp-block-group alignfull booking-wrapper is-layout-constrained wp-block-group-is-layout-constrained\">\n<div class=\"wp-block-group alignwide animation--init--once slide-up booking-container has-theme-orange-background-color has-background is-vertical is-content-justification-center is-layout-flex wp-container-core-group-is-layout-3 wp-block-group-is-layout-flex\" style=\"border-radius:2rem;margin-top:0px;margin-bottom:0px;padding-top:3rem;padding-right:3rem;padding-bottom:3rem;padding-left:3rem\">\n<div class=\"wp-block-group animation--init--once alignwide booking-title is-vertical is-content-justification-center is-layout-flex wp-container-core-group-is-layout-2 wp-block-group-is-layout-flex\">\n<p class=\"has-theme-dark-purple-color has-text-color has-roboto-slab-font-family has-h-6-font-size\">PRENOTAZIONE ONLINE<\/p>\n\n\n\n<h4 class=\"wp-block-heading has-text-align-center has-theme-white-color has-text-color has-h-4-font-size\">Prenota le tue vacanze sulla Costa Brava<\/h4>\n\n\n\n<figure class=\"wp-block-image size-large is-resized wp-duotone-221b40-221b40-9\"><img loading=\"lazy\" decoding=\"async\" width=\"25\" height=\"9\" src=\"http:\/\/www.campingkims.com\/wp-content\/uploads\/ola-separadora.svg\" alt=\"\" class=\"wp-image-921\" style=\"width:70px;height:undefinedpx\"\/><\/figure>\n<\/div>\n\n\n<script>\n            document.addEventListener('DOMContentLoaded', function () {\n\n                var widget = new MasterWidget('widgetBookingContainer9524', {\n                    lang: 'it',idProperty: '61',class: 'widget_columns',categoryIds: [17],target: '_blank',dropdown: true,\n                    url: 'https:\/\/booking.campingkims.com'\n                });\n\n\n            });\n\n            <\/script><div id=\"widgetBookingContainer9524\"> <\/div>\n<\/div>\n<\/div>\n<\/div>\n\n\n\n<div class=\"wp-block-columns alignwide are-vertically-aligned-bottom is-layout-flex wp-container-core-columns-is-layout-1 wp-block-columns-is-layout-flex\" style=\"margin-bottom:10vh\">\n<div class=\"wp-block-column is-vertically-aligned-bottom is-layout-flow wp-block-column-is-layout-flow\" style=\"flex-basis:40%\">\n<div class=\"wp-block-group animation--init--once slide-right is-vertical is-layout-flex wp-container-core-group-is-layout-6 wp-block-group-is-layout-flex\">\n<h3 class=\"wp-block-heading has-theme-dark-purple-color has-text-color has-h-4-font-size\">Costruzione appartamento-studio<br><mark style=\"background-color:rgba(0, 0, 0, 0)\" class=\"has-inline-color has-theme-blue-color\">(massimo 2 persone)<\/mark><\/h3>\n\n\n\n<figure class=\"wp-block-image size-large is-resized wp-duotone-1ac6fe-fff-10\"><img loading=\"lazy\" decoding=\"async\" width=\"25\" height=\"9\" src=\"http:\/\/www.campingkims.com\/wp-content\/uploads\/ola-separadora.svg\" alt=\"\" class=\"wp-image-921\" style=\"width:70px;height:undefinedpx\"\/><\/figure>\n<\/div>\n\n\n\n<ul class=\"wp-block-list styled-list has-theme-purple-color has-text-color\">\n<li class=\"animation--init--once slide-right\">Soggiorno-pranzo con divano e cucina ben attrezzata.<\/li>\n\n\n\n<li>1 Camera : 2 letti singoli<\/li>\n\n\n\n<li>Stanza da bagno con lavabo, doccia e w.c.<\/li>\n\n\n\n<li>Ventilatori \/ Riscaldamento centralizzato<\/li>\n\n\n\n<li>Terrazza&nbsp;privata&nbsp;con tenda&nbsp;sedie e tavolo.Parcheggio.<\/li>\n\n\n\n<li>Incluso Biancheria da letto,&nbsp;coperte, un asciugamano piccolo e un asciugamano doccia per persona e&nbsp; strofinacci da cucina&nbsp;con cambio settimanale.<\/li>\n\n\n\n<li class=\"animation--init--once slide-right\">Studio B si trova in una zona tranquilla e ombreggiata inmerso nel verde<\/li>\n<\/ul>\n<\/div>\n\n\n\n<div class=\"wp-block-column is-vertically-aligned-bottom is-layout-flow wp-block-column-is-layout-flow\" style=\"flex-basis:60%\">\n<div class=\"wp-image-slider slider-right animation--init--once slide-left has-text-align-left aspect-ratio-3_2\">\n\n                                        \n                    <script>\n                        'use strict';\n\n                        document.addEventListener('DOMContentLoaded', function () {\n\n                            (function() {\n                                const blockSlide = new Splide( '#slide_247', {\n                                    type : 'loop',\n                                    perPage: 1,\n                                                                        \n                                    breakpoints: {\n                                        800: {\n                                            perPage: 1,\n                                                                                    },\n                                        450: {\n                                            perPage: 1,\n                                            \n                                        },\n                                    },\n                                    pagination: false,\n                                    arrows: true,\n                                    gap: 'var(--wp--style--block-gap)',\n                                    i18n: {\n                                        slideLabel: '0%s \/ 0%s',\n                                    }\n                                } );\n                                \n\n                                \n                                blockSlide.mount();\n                                                                \n\n                            })();\n                        })\n                    <\/script>\n\n                    <div class=\"slider-container\"><div class=\"splide galeria-slider galeria-columnas-1\" id=\"slide_247\"><div class=\"splide__track\"><div class=\"splide__list\"><div id=\"thumb-6471\" class=\"splide__slide\" data-counter=\"01\/06\"><div class=\"image-wrapper\"><img loading=\"lazy\" decoding=\"async\" width=\"512\" height=\"341\" src=\"https:\/\/www.campingkims.com\/wp-content\/uploads\/edtudio-b1-salon-512x341.webp\" class=\"attachment-gallery-small size-gallery-small\" alt=\"\" srcset=\"https:\/\/www.campingkims.com\/wp-content\/uploads\/edtudio-b1-salon-512x341.webp 512w, https:\/\/www.campingkims.com\/wp-content\/uploads\/edtudio-b1-salon-1024x683.webp 1024w, https:\/\/www.campingkims.com\/wp-content\/uploads\/edtudio-b1-salon-768x512.webp 768w, https:\/\/www.campingkims.com\/wp-content\/uploads\/edtudio-b1-salon-1536x1024.webp 1536w, https:\/\/www.campingkims.com\/wp-content\/uploads\/edtudio-b1-salon-256x171.webp 256w, https:\/\/www.campingkims.com\/wp-content\/uploads\/edtudio-b1-salon.webp 1920w\" sizes=\"(max-width: 512px) 100vw, 512px\" \/><\/div><\/div><div id=\"thumb-6478\" class=\"splide__slide\" data-counter=\"02\/06\"><div class=\"image-wrapper\"><img loading=\"lazy\" decoding=\"async\" width=\"512\" height=\"341\" src=\"https:\/\/www.campingkims.com\/wp-content\/uploads\/edtudio-b1-salno-cocina-512x341.webp\" class=\"attachment-gallery-small size-gallery-small\" alt=\"\" srcset=\"https:\/\/www.campingkims.com\/wp-content\/uploads\/edtudio-b1-salno-cocina-512x341.webp 512w, https:\/\/www.campingkims.com\/wp-content\/uploads\/edtudio-b1-salno-cocina-1024x683.webp 1024w, https:\/\/www.campingkims.com\/wp-content\/uploads\/edtudio-b1-salno-cocina-768x512.webp 768w, https:\/\/www.campingkims.com\/wp-content\/uploads\/edtudio-b1-salno-cocina-1536x1024.webp 1536w, https:\/\/www.campingkims.com\/wp-content\/uploads\/edtudio-b1-salno-cocina-256x171.webp 256w, https:\/\/www.campingkims.com\/wp-content\/uploads\/edtudio-b1-salno-cocina.webp 1920w\" sizes=\"(max-width: 512px) 100vw, 512px\" \/><\/div><\/div><div id=\"thumb-6449\" class=\"splide__slide\" data-counter=\"03\/06\"><div class=\"image-wrapper\"><img loading=\"lazy\" decoding=\"async\" width=\"512\" height=\"341\" src=\"https:\/\/www.campingkims.com\/wp-content\/uploads\/edtudio-b1-sala-terraza-512x341.webp\" class=\"attachment-gallery-small size-gallery-small\" alt=\"\" srcset=\"https:\/\/www.campingkims.com\/wp-content\/uploads\/edtudio-b1-sala-terraza-512x341.webp 512w, https:\/\/www.campingkims.com\/wp-content\/uploads\/edtudio-b1-sala-terraza-1024x683.webp 1024w, https:\/\/www.campingkims.com\/wp-content\/uploads\/edtudio-b1-sala-terraza-768x512.webp 768w, https:\/\/www.campingkims.com\/wp-content\/uploads\/edtudio-b1-sala-terraza-1536x1024.webp 1536w, https:\/\/www.campingkims.com\/wp-content\/uploads\/edtudio-b1-sala-terraza-256x171.webp 256w, https:\/\/www.campingkims.com\/wp-content\/uploads\/edtudio-b1-sala-terraza.webp 1920w\" sizes=\"(max-width: 512px) 100vw, 512px\" \/><\/div><\/div><div id=\"thumb-6456\" class=\"splide__slide\" data-counter=\"04\/06\"><div class=\"image-wrapper\"><img loading=\"lazy\" decoding=\"async\" width=\"512\" height=\"341\" src=\"https:\/\/www.campingkims.com\/wp-content\/uploads\/edtudio-b1-habitacion-2-camas-512x341.webp\" class=\"attachment-gallery-small size-gallery-small\" alt=\"\" srcset=\"https:\/\/www.campingkims.com\/wp-content\/uploads\/edtudio-b1-habitacion-2-camas-512x341.webp 512w, https:\/\/www.campingkims.com\/wp-content\/uploads\/edtudio-b1-habitacion-2-camas-1024x683.webp 1024w, https:\/\/www.campingkims.com\/wp-content\/uploads\/edtudio-b1-habitacion-2-camas-768x512.webp 768w, https:\/\/www.campingkims.com\/wp-content\/uploads\/edtudio-b1-habitacion-2-camas-1536x1024.webp 1536w, https:\/\/www.campingkims.com\/wp-content\/uploads\/edtudio-b1-habitacion-2-camas-256x171.webp 256w, https:\/\/www.campingkims.com\/wp-content\/uploads\/edtudio-b1-habitacion-2-camas.webp 1920w\" sizes=\"(max-width: 512px) 100vw, 512px\" \/><\/div><\/div><div id=\"thumb-6464\" class=\"splide__slide\" data-counter=\"05\/06\"><div class=\"image-wrapper\"><img loading=\"lazy\" decoding=\"async\" width=\"512\" height=\"341\" src=\"https:\/\/www.campingkims.com\/wp-content\/uploads\/edtudio-b1-banyo-512x341.webp\" class=\"attachment-gallery-small size-gallery-small\" alt=\"\" srcset=\"https:\/\/www.campingkims.com\/wp-content\/uploads\/edtudio-b1-banyo-512x341.webp 512w, https:\/\/www.campingkims.com\/wp-content\/uploads\/edtudio-b1-banyo-1024x683.webp 1024w, https:\/\/www.campingkims.com\/wp-content\/uploads\/edtudio-b1-banyo-768x512.webp 768w, https:\/\/www.campingkims.com\/wp-content\/uploads\/edtudio-b1-banyo-1536x1024.webp 1536w, https:\/\/www.campingkims.com\/wp-content\/uploads\/edtudio-b1-banyo-256x171.webp 256w, https:\/\/www.campingkims.com\/wp-content\/uploads\/edtudio-b1-banyo.webp 1920w\" sizes=\"(max-width: 512px) 100vw, 512px\" \/><\/div><\/div><div id=\"thumb-6485\" class=\"splide__slide\" data-counter=\"06\/06\"><div class=\"image-wrapper\"><img loading=\"lazy\" decoding=\"async\" width=\"512\" height=\"341\" src=\"https:\/\/www.campingkims.com\/wp-content\/uploads\/edtudio-b1-terraza-512x341.webp\" class=\"attachment-gallery-small size-gallery-small\" alt=\"\" srcset=\"https:\/\/www.campingkims.com\/wp-content\/uploads\/edtudio-b1-terraza-512x341.webp 512w, https:\/\/www.campingkims.com\/wp-content\/uploads\/edtudio-b1-terraza-1024x683.webp 1024w, https:\/\/www.campingkims.com\/wp-content\/uploads\/edtudio-b1-terraza-768x512.webp 768w, https:\/\/www.campingkims.com\/wp-content\/uploads\/edtudio-b1-terraza-1536x1024.webp 1536w, https:\/\/www.campingkims.com\/wp-content\/uploads\/edtudio-b1-terraza-256x171.webp 256w, https:\/\/www.campingkims.com\/wp-content\/uploads\/edtudio-b1-terraza.webp 1920w\" sizes=\"(max-width: 512px) 100vw, 512px\" \/><\/div><\/div><\/div><\/div><\/div><\/div>\n                    \n<\/div><\/div>\n<\/div>\n\n\n\n<div class=\"wp-block-buttons buttons-direction is-content-justification-center is-layout-flex wp-container-core-buttons-is-layout-1 wp-block-buttons-is-layout-flex\" style=\"margin-bottom:14vh\">\n<div class=\"wp-block-button has-custom-width wp-block-button__width-50 animation--init--once slide-up delay-1 invert-icon\" style=\"text-transform:uppercase\"><a class=\"wp-block-button__link has-theme-green-background-color has-background wp-element-button\" href=\"http:\/\/www.campingkims.com\/wp-content\/uploads\/planell-estudi-b-web.webp\" style=\"border-radius:0.25rem\" target=\"_blank\" rel=\"noreferrer noopener\" class=\"image-link\">\n          <img loading=\"lazy\" decoding=\"async\" width=\"25\" height=\"24\" class=\"wp-image-1472\" style=\"width: 25px;\" src=\"http:\/\/www.campingkims.com\/wp-content\/uploads\/mapa-camping.svg\" alt=\"\">\n          <strong>Mappa<\/strong>\n        <\/a><\/div>\n<\/div>\n\n\n\n<div class=\"wp-block-auto-tabs accommodation-tabs alignfull has-custom-margin animation--init--once\" style=\"margin-bottom:14vh;\" data-selector=\"h3\">\n  <div class=\"acf-innerblocks-container\">\n\n<div class=\"wp-block-group auto-tabs-wrapper is-layout-flow wp-block-group-is-layout-flow\">\n<p class=\"has-text-align-center\"><strong>Aqu\u00ed se mostrar\u00e1n las pesta\u00f1as.<\/strong><br> El primer <strong>h3<\/strong> de cada contenido se usar\u00e1 como t\u00edtulo de su pesta\u00f1a. Puedes cambiarlo por otro tag o una clase en el panel lateral<\/p>\n<\/div>\n\n\n\n<div class=\"wp-block-group auto-content-wrapper has-theme-soft-blue-background-color has-background is-layout-flow wp-block-group-is-layout-flow\">\n<div class=\"wp-block-group is-layout-flow wp-block-group-is-layout-flow\">\n<h3 class=\"wp-block-heading has-text-align-center\">Inventario<\/h3>\n\n\n\n<div class=\"wp-block-group inventari-section background-color-color-1 is-layout-constrained wp-container-core-group-is-layout-8 wp-block-group-is-layout-constrained\" style=\"padding-top:var(--wp--preset--spacing--40);padding-right:var(--wp--preset--spacing--30);padding-bottom:var(--wp--preset--spacing--40);padding-left:var(--wp--preset--spacing--30)\">\n<h4 class=\"wp-block-heading heading has-icon has-icon-kitchen-pot\">Cucina<\/h4>\n\n\n\n<div class=\"wp-block-columns is-layout-flex wp-container-core-columns-is-layout-2 wp-block-columns-is-layout-flex\">\n<div class=\"wp-block-column is-layout-flow wp-block-column-is-layout-flow\">\n<h5 class=\"wp-block-heading heading\">Utensili da cucina<\/h5>\n\n\n\n<ul class=\"wp-block-list styled-list\">\n<li>Spremitrice (x1)<\/li>\n\n\n\n<li>Schiumaiola (x1)<\/li>\n\n\n\n<li>Spatola (x1)<\/li>\n\n\n\n<li>Scolapasta (x1)<\/li>\n\n\n\n<li>Mestolo (x1)<\/li>\n\n\n\n<li>Colino (x1)<\/li>\n\n\n\n<li>Coltello da pane (x1)<\/li>\n\n\n\n<li>Apriscatola (x1)<\/li>\n\n\n\n<li>Vassoio (x1)<\/li>\n\n\n\n<li>Forbici (x1)<\/li>\n\n\n\n<li>Cavatappi (x1)<\/li>\n\n\n\n<li>Tagliere (x1)<\/li>\n\n\n\n<li>Pinzette griglia (x1)<\/li>\n<\/ul>\n<\/div>\n\n\n\n<div class=\"wp-block-column is-layout-flow wp-block-column-is-layout-flow\">\n<h5 class=\"wp-block-heading heading\">Pentole e padelle<\/h5>\n\n\n\n<ul class=\"wp-block-list styled-list\">\n<li>Padelle (x2)<\/li>\n\n\n\n<li>Tegame (x1)<\/li>\n\n\n\n<li>Pentola (x1)<\/li>\n<\/ul>\n<\/div>\n\n\n\n<div class=\"wp-block-column is-layout-flow wp-block-column-is-layout-flow\">\n<h5 class=\"wp-block-heading heading\">Piccoli elettrodomestici<\/h5>\n\n\n\n<ul class=\"wp-block-list styled-list\">\n<li>Microonde (x1)<\/li>\n\n\n\n<li>Frullatore (x1)<\/li>\n\n\n\n<li>Tostapane (x1)<\/li>\n\n\n\n<li>Caffettiera (x1)<\/li>\n<\/ul>\n<\/div>\n<\/div>\n<\/div>\n\n\n\n<div class=\"wp-block-group inventari-section background-color-color-2 is-layout-constrained wp-container-core-group-is-layout-9 wp-block-group-is-layout-constrained\" style=\"padding-top:var(--wp--preset--spacing--40);padding-right:var(--wp--preset--spacing--30);padding-bottom:var(--wp--preset--spacing--40);padding-left:var(--wp--preset--spacing--30)\">\n<h4 class=\"wp-block-heading heading has-icon has-icon-plate\">Sala da pranzo<\/h4>\n\n\n\n<div class=\"wp-block-columns is-layout-flex wp-container-core-columns-is-layout-3 wp-block-columns-is-layout-flex\">\n<div class=\"wp-block-column is-layout-flow wp-block-column-is-layout-flow\">\n<h5 class=\"wp-block-heading heading\">Stoviglie<\/h5>\n\n\n\n<ul class=\"wp-block-list styled-list\">\n<li>Piatti Piani (x2)<\/li>\n\n\n\n<li>Piatti Fondi (x2)<\/li>\n\n\n\n<li>Piatti Dessert (x2)<\/li>\n\n\n\n<li>Piatti caff\u00e8 (x2)<\/li>\n\n\n\n<li>Tazze caff\u00e8 latte (x2)<\/li>\n\n\n\n<li>Ciotole (x2)<\/li>\n\n\n\n<li>Bicchieri vino (x2)<\/li>\n\n\n\n<li>Bicchieri acqua (x2)<\/li>\n\n\n\n<li>Brocca d&#8217;acqua (x1)<\/li>\n<\/ul>\n<\/div>\n\n\n\n<div class=\"wp-block-column is-layout-flow wp-block-column-is-layout-flow\">\n<h5 class=\"wp-block-heading heading\">Coperto<\/h5>\n\n\n\n<ul class=\"wp-block-list styled-list\">\n<li>Coltelli (x2)<\/li>\n\n\n\n<li>Forchette (x2)<\/li>\n\n\n\n<li>Cucchiai (x2)<\/li>\n\n\n\n<li>Cucchiaini (x2)<\/li>\n<\/ul>\n<\/div>\n\n\n\n<div class=\"wp-block-column is-layout-flow wp-block-column-is-layout-flow\">\n<h5 class=\"wp-block-heading heading\">Tessile<\/h5>\n\n\n\n<ul class=\"wp-block-list styled-list\">\n<li>Tovaglia (x1)<\/li>\n\n\n\n<li>Strofinacci cucina (x3)<\/li>\n<\/ul>\n<\/div>\n<\/div>\n<\/div>\n\n\n\n<div class=\"wp-block-group inventari-section background-color-color-3 is-layout-constrained wp-container-core-group-is-layout-10 wp-block-group-is-layout-constrained\" style=\"padding-top:var(--wp--preset--spacing--40);padding-right:var(--wp--preset--spacing--30);padding-bottom:var(--wp--preset--spacing--40);padding-left:var(--wp--preset--spacing--30)\">\n<h4 class=\"wp-block-heading heading has-icon has-icon-clean\">Pulizia<\/h4>\n\n\n\n<div class=\"wp-block-columns is-layout-flex wp-container-core-columns-is-layout-4 wp-block-columns-is-layout-flex\">\n<div class=\"wp-block-column is-layout-flow wp-block-column-is-layout-flow\">\n<h5 class=\"wp-block-heading heading\">Generale<\/h5>\n\n\n\n<ul class=\"wp-block-list styled-list\">\n<li>Secchio spazzatura (x1)<\/li>\n\n\n\n<li>Scopa (x1)<\/li>\n\n\n\n<li>Paletta spazzatura (x1)<\/li>\n\n\n\n<li>Mocio (x1)<\/li>\n\n\n\n<li>Secchio mocio (x1)<\/li>\n<\/ul>\n<\/div>\n\n\n\n<div class=\"wp-block-column is-layout-flow wp-block-column-is-layout-flow\">\n<h5 class=\"wp-block-heading heading\">Bagno<\/h5>\n\n\n\n<ul class=\"wp-block-list styled-list\">\n<li>Scopino WC (x1)<\/li>\n\n\n\n<li>Tappeto bagno (x1)<\/li>\n\n\n\n<li>Secchio bagno (x1)<\/li>\n<\/ul>\n<\/div>\n<\/div>\n<\/div>\n\n\n\n<div class=\"wp-block-group inventari-section background-color-color-4 is-layout-constrained wp-container-core-group-is-layout-11 wp-block-group-is-layout-constrained\" style=\"padding-top:var(--wp--preset--spacing--40);padding-right:var(--wp--preset--spacing--30);padding-bottom:var(--wp--preset--spacing--40);padding-left:var(--wp--preset--spacing--30)\">\n<h4 class=\"wp-block-heading heading has-icon has-icon-cama-doble\">Camera da letto<\/h4>\n\n\n\n<div class=\"wp-block-columns is-layout-flex wp-container-core-columns-is-layout-5 wp-block-columns-is-layout-flex\">\n<div class=\"wp-block-column is-layout-flow wp-block-column-is-layout-flow\">\n<h5 class=\"wp-block-heading heading\">Biancheria da letto e da bagno<\/h5>\n\n\n\n<ul class=\"wp-block-list styled-list\">\n<li>Copriletto (x2)<\/li>\n\n\n\n<li>Copertine (x2)<\/li>\n\n\n\n<li>Cuscini (x2)<\/li>\n\n\n\n<li>Telo da doccia (x2)<\/li>\n\n\n\n<li>Asciugamani (x2)<\/li>\n<\/ul>\n<\/div>\n\n\n\n<div class=\"wp-block-column is-layout-flow wp-block-column-is-layout-flow\">\n<h5 class=\"wp-block-heading heading\">Altri<\/h5>\n\n\n\n<ul class=\"wp-block-list styled-list\">\n<li>Ferro (x1)<\/li>\n\n\n\n<li>Asse da stiro (x1)<\/li>\n\n\n\n<li>Stendino (x1)<\/li>\n<\/ul>\n<\/div>\n<\/div>\n<\/div>\n\n\n\n<div class=\"wp-block-group inventari-section background-color-color-1 is-layout-constrained wp-container-core-group-is-layout-12 wp-block-group-is-layout-constrained\" style=\"padding-top:var(--wp--preset--spacing--40);padding-right:var(--wp--preset--spacing--30);padding-bottom:var(--wp--preset--spacing--40);padding-left:var(--wp--preset--spacing--30)\">\n<h4 class=\"wp-block-heading heading has-icon has-icon-television\">Soggiorno<\/h4>\n\n\n\n<div class=\"wp-block-columns is-layout-flex wp-container-core-columns-is-layout-6 wp-block-columns-is-layout-flex\">\n<div class=\"wp-block-column is-layout-flow wp-block-column-is-layout-flow\">\n<h5 class=\"wp-block-heading heading\">Elettronica<\/h5>\n\n\n\n<ul class=\"wp-block-list styled-list\">\n<li>TV + telecomando (x1)<\/li>\n<\/ul>\n<\/div>\n\n\n\n<div class=\"wp-block-column is-layout-flow wp-block-column-is-layout-flow\">\n<h5 class=\"wp-block-heading heading\">Altri<\/h5>\n\n\n\n<ul class=\"wp-block-list styled-list\">\n<li>Portacenere (x1)<\/li>\n<\/ul>\n<\/div>\n<\/div>\n<\/div>\n<\/div>\n\n\n\n<div class=\"wp-block-group is-layout-flow wp-block-group-is-layout-flow\">\n<h3 class=\"wp-block-heading has-text-align-center\">Informazioni<\/h3>\n\n\n\n<ul class=\"wp-block-list styled-list has-theme-purple-color has-text-color\">\n<li><strong>Prezzi in euro (Euro \u20ac).<\/strong><br>IVA 10% inclusa. In caso di variazione ufficiale dell&#8217;IVA, i prezzi possono variare.<\/li>\n\n\n\n<li><strong>Tassa di soggiorno non inclusa:<\/strong> \u20ac 0,66\/notte a persona (+17 anni) per un massimo di 7 notti.<\/li>\n\n\n\n<li><strong>Arrivo:<\/strong> Gli alloggi saranno disponibili dalle 16:00 ore.<\/li>\n\n\n\n<li><strong>Partenza:<\/strong> Gli alloggi devono essere liberi prima di 11\u00a0:00 ore.<\/li>\n<\/ul>\n<\/div>\n\n\n\n<div class=\"wp-block-group is-layout-flow wp-block-group-is-layout-flow\">\n<h3 class=\"wp-block-heading has-text-align-center\">Condizioni<\/h3>\n\n\n\n<ul class=\"wp-block-list styled-list has-theme-purple-color has-text-color\">\n<li>La prenotazione sar\u00e0 confermata al ricevimento del deposito (40% dell&#8217;importo totale dell&#8217;affitto).<\/li>\n\n\n\n<li>Il saldo dovr\u00e0 essere versato all&#8217;arrivo, insieme a un deposito cauzionale (130 \u20ac per danni, perdite, ecc.) e a un supplemento per le spese di pulizia di 50 \u20ac. Il deposito verr\u00e0 restituito alla partenza, previa verifica delle condizioni dell&#8217;alloggio.<\/li>\n\n\n\n<li>All&#8217;arrivo, vi chiederemo il numero di carta di credito. Questo verr\u00e0 utilizzato esclusivamente per coprire eventuali danni.<\/li>\n\n\n\n<li>L&#8217;alloggio deve essere lasciato pulito e in ordine, cos\u00ec come \u00e8 stato consegnato.<\/li>\n<\/ul>\n<\/div>\n\n\n\n<div class=\"wp-block-group is-layout-flow wp-block-group-is-layout-flow\">\n<div class=\"wp-block-group inventari-section has-theme-grey-background-color has-background is-layout-constrained wp-block-group-is-layout-constrained\">\n<h3 class=\"wp-block-heading has-text-align-center\">Regolamenti<\/h3>\n\n\n\n<div class=\"wp-block-columns is-layout-flex wp-container-core-columns-is-layout-7 wp-block-columns-is-layout-flex\">\n<div class=\"wp-block-column is-layout-flow wp-block-column-is-layout-flow\">\n<p class=\"styled-list\"><strong><u>GIORNO DI ARRIVO<\/u><\/strong><\/p>\n\n\n\n<ul class=\"wp-block-list styled-list\">\n<li>L&#8217;alloggio sar\u00e0 disponibile dalle 16:00 ore.<\/li>\n\n\n\n<li>Nei periodi di alta stagione, l&#8217;orario di check-in potrebbe subire ritardi<\/li>\n\n\n\n<li><strong>Al vostro arrivo,<\/strong> si prega di parcheggiare nel parcheggio esterno riservato esclusivamente per i nostri clienti e poi andare alla reception per il check-in.&nbsp; Bisogna registrarsi prima di entrare nel campeggio con l\u2019auto.&nbsp;<\/li>\n\n\n\n<li>La reception si trova dopo le barriere.<\/li>\n\n\n\n<li><strong>Capienza massima di persone<\/strong><\/li>\n\n\n\n<li>Il numero massimo di persone per alloggio, non pu\u00f2 eccedere il numero massimo di posti letto.<\/li>\n\n\n\n<li>Un neonato o un bambino sono considerati occupanti.<\/li>\n\n\n\n<li><strong>Minorenni: <\/strong>I minori di 18 anni devono essere accompagnati dei genitori o da adulti<\/li>\n\n\n\n<li><strong>Registrazione:<\/strong> All\u2019arrivo il cliente dovr\u00e0 fornire il documento d\u2019identit\u00e0. \u00c8 obbligatoria la registrazione di ogni singola persona con la loro carta d\u2019identit\u00e0 o il passaporto.<\/li>\n\n\n\n<li><strong>La patente di guida non \u00e8 un documento d&#8217;identit\u00e0 valido. <\/strong><\/li>\n\n\n\n<li><strong>Pagamento:<\/strong> Il saldo dell\u2019alloggio sar\u00e0 versato all\u2019arrivo <strong>in contanti o con carta di credito (Visa, Maestro o Mastercard).<\/strong><\/li>\n\n\n\n<li><strong>Legge antifrode \/<\/strong> Limite di pagamento in contanti.Non accettiamo pagamenti in contanti per importi totali superiori a 1.000 euro.Non accettiamo inoltre pagamenti parziali se il totale supera i 1.000 euro.<br><br><strong><u>DEPOSITO CAUZIONALE AL MOMENTO DEL CHECK IN:<\/u><\/strong><\/li>\n\n\n\n<li><strong>180 Euro<\/strong> (<strong>130 Euro<\/strong> in concetto di rotture, danni, perdite, ecc e <strong>50 Euro<\/strong> come spese di pulizia se l&#8217;alloggio non \u00e8 lasciato pulito e ordinato nello stesso modo in cui \u00e8 stato trovato) <strong>40 Euro<\/strong> per la perdita della chiave.<\/li>\n\n\n\n<li>All&#8217;arrivo vi verr\u00e0 chiesto di fornire un numero di carta di credito. Sar\u00e0 trattenuto solo per essere utilizzato in caso di danni occorsi durante il soggiorno.<\/li>\n\n\n\n<li><strong>Comunicare alla reception:<\/strong> Se all&#8217;ingresso all&#8217;alloggio si denota qualcosa che non \u00e8 di vostro gradimento, dovete comunicarlo immediatamente.<\/li>\n<\/ul>\n<\/div>\n\n\n\n<div class=\"wp-block-column is-layout-flow wp-block-column-is-layout-flow\">\n<p class=\"styled-list\"><strong><span style=\"text-decoration: underline;\">GIORNO DI PARTENZA <\/span><\/strong><\/p>\n\n\n\n<ul class=\"wp-block-list styled-list\">\n<li>Gli alloggi devono essere lberi prima di 11&nbsp;:00 ore.<\/li>\n\n\n\n<li><strong>Check-out Posticipato<\/strong><\/li>\n\n\n\n<li>Durante la bassa e la media stagione,<strong> <\/strong>fino alle 18:00 ore soggetti a disponibilit\u00e0. Costo aggiuntivo.<\/li>\n\n\n\n<li><strong>Oggetti dimenticati \/ Abbandonati.<\/strong><\/li>\n\n\n\n<li>Qualsiasi oggetto lasciato nell&#8217;alloggio dopo l&#8217;orario di check-out previsto sar\u00e0 considerato abbandonato.<\/li>\n\n\n\n<li>Il personale del campeggio provveder\u00e0 alla sua rimozione senza assumersi alcuna responsabilit\u00e0.<\/li>\n<\/ul>\n\n\n\n<p class=\"styled-list\"><strong><span style=\"text-decoration: underline;\">REGOLE GENERALI<\/span><\/strong><\/p>\n\n\n\n<ul class=\"wp-block-list styled-list\">\n<li><strong>Barbecue:<\/strong> Assolutamente vietati bbq a carbone\/legna per pericolo incendi. Solo barbecue a gas sono ammessi.<\/li>\n\n\n\n<li><strong>Animali domestici:<\/strong> Severamente vietati. Gli animali da compagnia non sono ammessi.<\/li>\n\n\n\n<li><strong>Visite giornaliere:<\/strong> Gli ospiti in visita giornaliere possono accedere esclusivamente a piedi, previa consegna alla Reception di un documento d\u2019identit\u00e0 e del pagamento della tariffa. Non sono autorizzati a pernottare in alloggi.&nbsp;<\/li>\n\n\n\n<li><strong>Piscina:<\/strong> \u00c8 obbligatorio rispettare le istruzioni del bagnino e il regolamento della piscina esposto all&#8217;ingresso.<\/li>\n\n\n\n<li>Sono ammessi solo costumi da bagno tradizionali, bikini e costumi da bagno da uomo.<\/li>\n\n\n\n<li><strong>TV Radio:<\/strong> Vietato usare apparechi radio, TV, ecc&#8230;con volume eccessivamente alto per non disturbare gli altri campeggiatori. Si prega moderazione del volume.<\/li>\n\n\n\n<li><strong>Furti, Perdite:<\/strong> La Direzione declina ogni responsabilit\u00e0.<\/li>\n\n\n\n<li><strong>Parcheggio dei veicoli e circolazione:<\/strong> \u00c8 ammessa una sola auto\/motocicletta per unit\u00e0 abitativa che dovr\u00e0 essere parcheggiata nelle aree indicate e non dovr\u00e0 circolare durante le ore del silenzio.<\/li>\n\n\n\n<li>I veicoli non possono circolare a una velocit\u00e0 mai superiore ai 10 km \/ h all&#8217;interno del campeggio per la sicurezza di tutti.<\/li>\n\n\n\n<li><strong>Biciclette\/monopattini e veicoli simili<\/strong> non possono superare i 10 km\/h.<\/li>\n\n\n\n<li>Di notte, \u00e8 necessario fornire un&#8217;illuminazione adeguata e un&#8217;identificazione chiara.<\/li>\n\n\n\n<li><strong>I monopattini elettrici non sono ammessi.<\/strong><\/li>\n\n\n\n<li><strong>Rispetto del silenzio:<\/strong> Dalle ore 24:00 alle ore 08:00.tempo di riposare.Si prega di non disturbare l\u2019altro.<\/li>\n\n\n\n<li>Nel rispetto del riposo delle persone, sono vietati i rumori che possono disturbare il riposo degli ospiti.<\/li>\n\n\n\n<li><strong>Traffico veicolare:<\/strong> Vietata la circolazione di auto, moto e scooter dalle ore 24:00 alle ore 8:00.<\/li>\n\n\n\n<li><strong>(tranne per le emergenze) <\/strong><\/li>\n\n\n\n<li>La sbarra chiude da mezzanotte alle 8:00. Chiunque arrivi in \u200b\u200bquesto orario \u00e8 tenuto a lasciare la propria auto\/moto nel parcheggio esterno.<\/li>\n<\/ul>\n<\/div>\n<\/div>\n<\/div>\n<\/div>\n\n\n\n<div class=\"wp-block-group is-layout-flow wp-block-group-is-layout-flow\">\n<h3 class=\"wp-block-heading has-text-align-center\">Cancellazione<\/h3>\n\n\n\n<ul class=\"wp-block-list styled-list has-theme-purple-color has-text-color\">\n<li>8-7 settimane prima del giorno d\u2019arrivo: 30% de caparra<\/li>\n\n\n\n<li>6 settimane prima del giorno d\u2019arrivo:&nbsp;&nbsp;&nbsp; 45% de caparra<\/li>\n\n\n\n<li>5-3 settimane prima del giorno d\u2019arrivo: 60% de caparra<\/li>\n\n\n\n<li>2 settimane prima del giorno d\u2019arrivo:&nbsp;&nbsp; 100% de caparra<\/li>\n\n\n\n<li><strong>Restituzione del deposito de caparra: 20,00 \u20ac<\/strong><\/li>\n<\/ul>\n<\/div>\n<\/div>\n\n<\/div><\/div>\n\n\n<div class=\"wp-block-group animation--init--once slide-up is-vertical is-content-justification-center is-layout-flex wp-container-core-group-is-layout-20 wp-block-group-is-layout-flex\">\n<h2 class=\"wp-block-heading has-theme-dark-purple-color has-text-color\">Prezzi e Promozioni<\/h2>\n\n\n\n<figure class=\"wp-block-image size-large is-resized wp-duotone-1ac6fe-fff-11\"><img loading=\"lazy\" decoding=\"async\" width=\"25\" height=\"9\" src=\"http:\/\/www.campingkims.com\/wp-content\/uploads\/ola-separadora.svg\" alt=\"\" class=\"wp-image-921\" style=\"width:70px;height:undefinedpx\"\/><\/figure>\n<\/div>\n\n\n\n<div class=\"wp-block-columns alignwide price-columns is-layout-flex wp-container-core-columns-is-layout-13 wp-block-columns-is-layout-flex\" style=\"margin-bottom:4vh\">\n<div class=\"wp-block-column is-layout-flow wp-block-column-is-layout-flow\" style=\"flex-basis:50%\">\n<figure class=\"wp-block-image size-large is-resized is-style-icon-row animation--init--once slide-right price-icon wp-duotone-1ac6fe-1ac6fe-12\"><img loading=\"lazy\" decoding=\"async\" width=\"25\" height=\"25\" src=\"http:\/\/www.campingkims.com\/wp-content\/uploads\/luna.svg\" alt=\"\" class=\"wp-image-1485\" style=\"width:32px;height:32px\"\/><figcaption class=\"wp-element-caption\">\n          <strong>Prezzo a notte<\/strong>\n        <\/figcaption><\/figure>\n\n\n\n<div class=\"wp-block-columns are-vertically-aligned-center is-not-stacked-on-mobile animation--init--once slide-right price-card has-theme-white-color has-theme-blue-background-color has-text-color has-background is-layout-flex wp-container-core-columns-is-layout-8 wp-block-columns-is-layout-flex\" style=\"border-radius:4px\">\n<div class=\"wp-block-column is-vertically-aligned-center is-layout-flow wp-block-column-is-layout-flow\" style=\"border-right-color:var(--wp--preset--color--theme-white);border-right-width:1px;padding-top:1rem;padding-right:1rem;padding-bottom:1rem;padding-left:1rem;flex-basis:60%\">\n<p class=\"large-font has-h-2-font-size\"><em><br>            <strong>55<sup>,00 \u20ac<\/sup><\/strong><br>          <\/em><\/p>\n\n\n\n<p class=\"has-roboto-slab-font-family has-text-small-font-size\">\n          <strong>BASSA STAGIONE<\/strong>\n        <\/p>\n<\/div>\n\n\n\n<div class=\"wp-block-column is-vertically-aligned-center is-layout-flow wp-block-column-is-layout-flow\" style=\"padding-top:1rem;padding-right:1rem;padding-bottom:1rem;padding-left:1rem;flex-basis:40%\">\n<p><strong>30\/04 &#8211; 31\/05\n14\/09 &#8211; 27\/09<\/strong><\/p>\n<\/div>\n<\/div>\n\n\n\n<div class=\"wp-block-columns are-vertically-aligned-center is-not-stacked-on-mobile animation--init--once slide-right price-card has-theme-white-color has-text-color has-background is-layout-flex wp-container-core-columns-is-layout-9 wp-block-columns-is-layout-flex\" style=\"border-radius:4px;background-color:#0d71ce\">\n<div class=\"wp-block-column is-vertically-aligned-center is-layout-flow wp-block-column-is-layout-flow\" style=\"border-right-color:var(--wp--preset--color--theme-white);border-right-width:1px;padding-top:1rem;padding-right:1rem;padding-bottom:1rem;padding-left:1rem;flex-basis:60%\">\n<p class=\"large-font has-h-2-font-size\"><em><br>            <strong>77<sup>,00 \u20ac<\/sup><\/strong><br>          <\/em><\/p>\n\n\n\n<p class=\"has-roboto-slab-font-family has-text-small-font-size\" style=\"text-transform:uppercase\">\n          <strong>MEDIA STAGIONE<\/strong>\n        <\/p>\n<\/div>\n\n\n\n<div class=\"wp-block-column is-vertically-aligned-center is-layout-flow wp-block-column-is-layout-flow\" style=\"padding-top:1rem;padding-right:1rem;padding-bottom:1rem;padding-left:1rem;flex-basis:40%\">\n<p><strong>01\/06 \u2013 16\/07 <br>24\/08 \u2013 13\/09<\/strong><\/p>\n<\/div>\n<\/div>\n\n\n\n<div class=\"wp-block-columns are-vertically-aligned-center is-not-stacked-on-mobile animation--init--once slide-right price-card has-theme-white-color has-text-color has-background is-layout-flex wp-container-core-columns-is-layout-10 wp-block-columns-is-layout-flex\" style=\"border-radius:4px;background-color:#221b40\">\n<div class=\"wp-block-column is-vertically-aligned-center is-layout-flow wp-block-column-is-layout-flow\" style=\"border-right-color:var(--wp--preset--color--theme-white);border-right-width:1px;padding-top:1rem;padding-right:1rem;padding-bottom:1rem;padding-left:1rem;flex-basis:60%\">\n<p class=\"large-font has-h-2-font-size\"><em><br>            <strong>109<sup>,00 \u20ac<\/sup><\/strong><br>          <\/em><\/p>\n\n\n\n<p class=\"has-roboto-slab-font-family has-text-small-font-size\">\n          <strong>ALTA STAGIONE<\/strong>\n        <\/p>\n<\/div>\n\n\n\n<div class=\"wp-block-column is-vertically-aligned-center is-layout-flow wp-block-column-is-layout-flow\" style=\"padding-top:1rem;padding-right:1rem;padding-bottom:1rem;padding-left:1rem;flex-basis:40%\">\n<p><strong>17\/07-23\/08<\/strong><\/p>\n<\/div>\n<\/div>\n\n\n\n<p class=\"animation--init--once slide-right has-theme-purple-color has-text-color has-text-small-font-size\">* IVA inclusa.<br>* Tassa di soggiorno non inclusa: \u20ac 0,66\/notte a persona (+17 anni) per un massimo di 7 notti.<\/p>\n<\/div>\n\n\n\n<div class=\"wp-block-column is-layout-flow wp-block-column-is-layout-flow\" style=\"flex-basis:50%\">\n<figure class=\"wp-block-image size-large is-resized is-style-icon-row animation--init--once slide-left discount-icon wp-duotone-ffb434-ffb434-13\"><img loading=\"lazy\" decoding=\"async\" width=\"25\" height=\"25\" src=\"http:\/\/www.campingkims.com\/wp-content\/uploads\/descuento.svg\" alt=\"\" class=\"wp-image-1492\" style=\"width:32px;height:32px\"\/><figcaption class=\"wp-element-caption\"><strong>Sconto<\/strong><\/figcaption><\/figure>\n\n<div class=\"wp-block-columns are-vertically-aligned-center is-not-stacked-on-mobile animation--init--once slide-left price-card has-theme-white-color has-theme-orange-background-color has-text-color has-background is-layout-flex wp-container-core-columns-is-layout-11 wp-block-columns-is-layout-flex\" style=\"border-radius:4px\">\n<div class=\"wp-block-column is-vertically-aligned-center is-layout-flow wp-block-column-is-layout-flow\" style=\"border-right-color:var(--wp--preset--color--theme-white);border-right-width:1px;padding-top:1rem;padding-right:1rem;padding-bottom:1rem;padding-left:1rem;flex-basis:50%\">\n<p class=\"large-font has-h-2-font-size\"><em><strong>-20%<\/strong><\/em><\/p>\n\n\n\n<p class=\"has-roboto-slab-font-family has-text-small-font-size\"><strong><strong>BASSA E MEDIA STAGIONE<\/strong><\/strong><\/p>\n<\/div>\n\n\n\n<div class=\"wp-block-column is-vertically-aligned-center is-layout-flow wp-block-column-is-layout-flow\" style=\"padding-top:1rem;padding-right:1rem;padding-bottom:1rem;padding-left:1rem;flex-basis:50%\">\n<p><strong>30\/04 \u2013 16\/07<br>24\/08 \u2013 27\/09<\/strong><\/p>\n<\/div>\n<\/div>\n\n<div class=\"wp-block-columns are-vertically-aligned-center is-not-stacked-on-mobile animation--init--once slide-left price-card has-theme-white-color has-theme-green-background-color has-text-color has-background is-layout-flex wp-container-core-columns-is-layout-12 wp-block-columns-is-layout-flex\" style=\"border-radius:4px\">\n<div class=\"wp-block-column is-vertically-aligned-center is-layout-flow wp-block-column-is-layout-flow\" style=\"border-right-color:var(--wp--preset--color--theme-white);border-right-width:1px;padding-top:1rem;padding-right:1rem;padding-bottom:1rem;padding-left:1rem;flex-basis:50%\">\n<p class=\"large-font has-h-2-font-size\"><em><strong>-5%<\/strong><\/em><\/p>\n\n\n\n<p class=\"has-roboto-slab-font-family has-text-small-font-size\" style=\"text-transform:uppercase\">ALTA STAGIONE<\/p>\n<\/div>\n\n\n\n<div class=\"wp-block-column is-vertically-aligned-center is-layout-flow wp-block-column-is-layout-flow\" style=\"padding-top:1rem;padding-right:1rem;padding-bottom:1rem;padding-left:1rem;flex-basis:50%\">\n<p><strong>17\/07 &#8211; 23\/08<\/strong><\/p>\n<\/div>\n<\/div>\n\n<p class=\"animation--init--once slide-left has-theme-purple-color has-text-color has-text-small-font-size\">* Soggiorni a partire da 7 notti<br\/>* Sconti non cumulabili, gi\u00e0 applicati al momento della prenotazione<\/p>\n<\/div>\n<\/div>\n\n\n\n<div class=\"wp-block-buttons alignwide animation--init--once slide-up is-content-justification-center is-layout-flex wp-container-core-buttons-is-layout-2 wp-block-buttons-is-layout-flex\" style=\"margin-bottom:18vh\"><\/div>\n\n\n\n<div class=\"wp-block-group alignfull other-accommodations-container animation--init--once has-theme-blue-background-color has-background is-layout-constrained wp-block-group-is-layout-constrained\">\n<div class=\"wp-block-group alignwide animation--init--once slide-right is-vertical is-content-justification-left is-layout-flex wp-container-core-group-is-layout-21 wp-block-group-is-layout-flex\">\n<p class=\"has-text-align-left has-theme-white-color has-text-color has-roboto-slab-font-family has-h-6-font-size\" style=\"text-transform:uppercase\">TROVA LA TUA SISTEMAZIONE<\/p>\n\n\n\n<h2 class=\"wp-block-heading has-text-align-left has-theme-dark-purple-color has-text-color has-h-3-font-size\">Studios<\/h2>\n\n\n\n<figure class=\"wp-block-image size-large is-resized wp-duotone-fff-fff-14\"><img loading=\"lazy\" decoding=\"async\" width=\"25\" height=\"9\" src=\"http:\/\/www.campingkims.com\/wp-content\/uploads\/ola-separadora.svg\" alt=\"\" class=\"wp-image-921\" style=\"width:70px;height:undefinedpx\"\/><\/figure>\n<\/div>\n\n\n\n<p class=\"alignwide animation--init--once slide-right has-theme-dark-purple-color has-text-color\" style=\"margin-bottom:4vh\">Confortevoli monolocali per 2 persone completamente attrezzati, con terrazza e parcheggio proprio.<\/p>\n\n\n        <div class=\"wp-block-locations-block alignwide has-text-align-left has-custom-margin\" style=\"margin-bottom:14vh;\">\n\n            <section class=\"splide\" id=\"slide_404\">\n            <div class=\"splide__track\">\n                <ul class=\"splide__list\">\n                                    <li class=\"animation--init--once slide-up splide__slide\">\n                        <a class=\"location-card\" href=\"https:\/\/www.campingkims.com\/it\/alloggi\/studios\/a\/\">\n                            <img decoding=\"async\" src=\"https:\/\/www.campingkims.com\/wp-content\/uploads\/estudios-a-03.webp\">\n                        <\/a>\n                        <div class=\"info-container\">\n                            <a href=\"https:\/\/www.campingkims.com\/it\/alloggi\/studios\/a\/\">\n                                <strong>A<\/strong>\n                            <\/a>    \n                            <p><em><strong>x 2 Persone<\/strong><\/em><\/italic><\/p>\n                        <\/div>\n                    <\/li>\n                                <\/ul>\n            <\/div>\n        <\/section>  \n    <\/div>\n<\/div>\n\n\n\n<p><\/p>\n","protected":false},"excerpt":{"rendered":"<p>Studio B Accogliente studio 32m2 + Terrasse PRENOTAZIONE ONLINE Prenota le tue vacanze sulla Costa Brava Costruzione appartamento-studio(massimo 2 persone) Prezzi e Promozioni 55,00 \u20ac&#8230;<\/p>\n","protected":false},"author":2,"featured_media":6456,"parent":5814,"menu_order":1,"comment_status":"closed","ping_status":"closed","template":"","meta":{"_acf_changed":false,"inline_featured_image":false,"footnotes":""},"class_list":["post-5822","page","type-page","status-publish","has-post-thumbnail","hentry"],"acf":[],"yoast_head":"<!-- This site is optimized with the Yoast SEO plugin v23.5 - https:\/\/yoast.com\/wordpress\/plugins\/seo\/ -->\n<title>B - Camping Kim&#039;s Llafranc<\/title>\n<meta name=\"description\" content=\"Studio B Accogliente studio 32m2 + Terrasse 2 persone 1 camera Terrazza Parking Animalinon ammesso PRENOTAZIONE ONLINE Prenota le tue vacanze sulla Costa\" \/>\n<meta name=\"robots\" content=\"index, follow, max-snippet:-1, max-image-preview:large, max-video-preview:-1\" \/>\n<link rel=\"canonical\" href=\"https:\/\/www.campingkims.com\/it\/alloggi\/studios\/b\/\" \/>\n<meta property=\"og:locale\" content=\"it_IT\" \/>\n<meta property=\"og:type\" content=\"article\" \/>\n<meta property=\"og:title\" content=\"B - Camping Kim&#039;s Llafranc\" \/>\n<meta property=\"og:description\" content=\"Studio B Accogliente studio 32m2 + Terrasse 2 persone 1 camera Terrazza Parking Animalinon ammesso PRENOTAZIONE ONLINE Prenota le tue vacanze sulla Costa\" \/>\n<meta property=\"og:url\" content=\"https:\/\/www.campingkims.com\/it\/alloggi\/studios\/b\/\" \/>\n<meta property=\"og:site_name\" content=\"Camping Kim&#039;s Llafranc\" \/>\n<meta property=\"article:modified_time\" content=\"2026-03-16T15:08:11+00:00\" \/>\n<meta property=\"og:image\" content=\"https:\/\/www.campingkims.com\/wp-content\/uploads\/edtudio-b1-habitacion-2-camas.webp\" \/>\n\t<meta property=\"og:image:width\" content=\"1920\" \/>\n\t<meta property=\"og:image:height\" content=\"1280\" \/>\n\t<meta property=\"og:image:type\" content=\"image\/webp\" \/>\n<meta name=\"twitter:card\" content=\"summary_large_image\" \/>\n<meta name=\"twitter:label1\" content=\"Tempo di lettura stimato\" \/>\n\t<meta name=\"twitter:data1\" content=\"24 minuti\" \/>\n<script type=\"application\/ld+json\" class=\"yoast-schema-graph\">{\"@context\":\"https:\/\/schema.org\",\"@graph\":[{\"@type\":\"WebPage\",\"@id\":\"https:\/\/www.campingkims.com\/it\/alloggi\/studios\/b\/\",\"url\":\"https:\/\/www.campingkims.com\/it\/alloggi\/studios\/b\/\",\"name\":\"B - Camping Kim&#039;s Llafranc\",\"isPartOf\":{\"@id\":\"https:\/\/www.campingkims.com\/it\/#website\"},\"primaryImageOfPage\":{\"@id\":\"https:\/\/www.campingkims.com\/it\/alloggi\/studios\/b\/#primaryimage\"},\"image\":{\"@id\":\"https:\/\/www.campingkims.com\/it\/alloggi\/studios\/b\/#primaryimage\"},\"thumbnailUrl\":\"https:\/\/www.campingkims.com\/wp-content\/uploads\/edtudio-b1-habitacion-2-camas.webp\",\"datePublished\":\"2022-10-10T11:42:36+00:00\",\"dateModified\":\"2026-03-16T15:08:11+00:00\",\"description\":\"Studio B Accogliente studio 32m2 + Terrasse 2 persone 1 camera Terrazza Parking Animalinon ammesso PRENOTAZIONE ONLINE Prenota le tue vacanze sulla Costa\",\"breadcrumb\":{\"@id\":\"https:\/\/www.campingkims.com\/it\/alloggi\/studios\/b\/#breadcrumb\"},\"inLanguage\":\"it-IT\",\"potentialAction\":[{\"@type\":\"ReadAction\",\"target\":[\"https:\/\/www.campingkims.com\/it\/alloggi\/studios\/b\/\"]}]},{\"@type\":\"ImageObject\",\"inLanguage\":\"it-IT\",\"@id\":\"https:\/\/www.campingkims.com\/it\/alloggi\/studios\/b\/#primaryimage\",\"url\":\"https:\/\/www.campingkims.com\/wp-content\/uploads\/edtudio-b1-habitacion-2-camas.webp\",\"contentUrl\":\"https:\/\/www.campingkims.com\/wp-content\/uploads\/edtudio-b1-habitacion-2-camas.webp\",\"width\":1920,\"height\":1280},{\"@type\":\"BreadcrumbList\",\"@id\":\"https:\/\/www.campingkims.com\/it\/alloggi\/studios\/b\/#breadcrumb\",\"itemListElement\":[{\"@type\":\"ListItem\",\"position\":1,\"name\":\"Portada\",\"item\":\"https:\/\/www.campingkims.com\/it\/\"},{\"@type\":\"ListItem\",\"position\":2,\"name\":\"Alloggi\",\"item\":\"https:\/\/www.campingkims.com\/it\/alloggi\/\"},{\"@type\":\"ListItem\",\"position\":3,\"name\":\"Studios\",\"item\":\"https:\/\/www.campingkims.com\/it\/alloggi\/studios\/\"},{\"@type\":\"ListItem\",\"position\":4,\"name\":\"B\"}]},{\"@type\":\"WebSite\",\"@id\":\"https:\/\/www.campingkims.com\/it\/#website\",\"url\":\"https:\/\/www.campingkims.com\/it\/\",\"name\":\"Camping Kim's Llafranc\",\"description\":\"Kim&#039;s Camping Caravaning &amp; Bungalow Park\",\"publisher\":{\"@id\":\"https:\/\/www.campingkims.com\/it\/#organization\"},\"potentialAction\":[{\"@type\":\"SearchAction\",\"target\":{\"@type\":\"EntryPoint\",\"urlTemplate\":\"https:\/\/www.campingkims.com\/it\/?s={search_term_string}\"},\"query-input\":{\"@type\":\"PropertyValueSpecification\",\"valueRequired\":true,\"valueName\":\"search_term_string\"}}],\"inLanguage\":\"it-IT\"},{\"@type\":\"Organization\",\"@id\":\"https:\/\/www.campingkims.com\/it\/#organization\",\"name\":\"Camping Kim's Llafranc\",\"url\":\"https:\/\/www.campingkims.com\/it\/\",\"logo\":{\"@type\":\"ImageObject\",\"inLanguage\":\"it-IT\",\"@id\":\"https:\/\/www.campingkims.com\/it\/#\/schema\/logo\/image\/\",\"url\":\"https:\/\/www.campingkims.com\/wp-content\/uploads\/logo-camping-kims-llafranc-costa-brava.png\",\"contentUrl\":\"https:\/\/www.campingkims.com\/wp-content\/uploads\/logo-camping-kims-llafranc-costa-brava.png\",\"width\":537,\"height\":257,\"caption\":\"Camping Kim's Llafranc\"},\"image\":{\"@id\":\"https:\/\/www.campingkims.com\/it\/#\/schema\/logo\/image\/\"}}]}<\/script>\n<!-- \/ Yoast SEO plugin. -->","yoast_head_json":{"title":"B - Camping Kim&#039;s Llafranc","description":"Studio B Accogliente studio 32m2 + Terrasse 2 persone 1 camera Terrazza Parking Animalinon ammesso PRENOTAZIONE ONLINE Prenota le tue vacanze sulla Costa","robots":{"index":"index","follow":"follow","max-snippet":"max-snippet:-1","max-image-preview":"max-image-preview:large","max-video-preview":"max-video-preview:-1"},"canonical":"https:\/\/www.campingkims.com\/it\/alloggi\/studios\/b\/","og_locale":"it_IT","og_type":"article","og_title":"B - Camping Kim&#039;s Llafranc","og_description":"Studio B Accogliente studio 32m2 + Terrasse 2 persone 1 camera Terrazza Parking Animalinon ammesso PRENOTAZIONE ONLINE Prenota le tue vacanze sulla Costa","og_url":"https:\/\/www.campingkims.com\/it\/alloggi\/studios\/b\/","og_site_name":"Camping Kim&#039;s Llafranc","article_modified_time":"2026-03-16T15:08:11+00:00","og_image":[{"width":1920,"height":1280,"url":"https:\/\/www.campingkims.com\/wp-content\/uploads\/edtudio-b1-habitacion-2-camas.webp","type":"image\/webp"}],"twitter_card":"summary_large_image","twitter_misc":{"Tempo di lettura stimato":"24 minuti"},"schema":{"@context":"https:\/\/schema.org","@graph":[{"@type":"WebPage","@id":"https:\/\/www.campingkims.com\/it\/alloggi\/studios\/b\/","url":"https:\/\/www.campingkims.com\/it\/alloggi\/studios\/b\/","name":"B - Camping Kim&#039;s Llafranc","isPartOf":{"@id":"https:\/\/www.campingkims.com\/it\/#website"},"primaryImageOfPage":{"@id":"https:\/\/www.campingkims.com\/it\/alloggi\/studios\/b\/#primaryimage"},"image":{"@id":"https:\/\/www.campingkims.com\/it\/alloggi\/studios\/b\/#primaryimage"},"thumbnailUrl":"https:\/\/www.campingkims.com\/wp-content\/uploads\/edtudio-b1-habitacion-2-camas.webp","datePublished":"2022-10-10T11:42:36+00:00","dateModified":"2026-03-16T15:08:11+00:00","description":"Studio B Accogliente studio 32m2 + Terrasse 2 persone 1 camera Terrazza Parking Animalinon ammesso PRENOTAZIONE ONLINE Prenota le tue vacanze sulla Costa","breadcrumb":{"@id":"https:\/\/www.campingkims.com\/it\/alloggi\/studios\/b\/#breadcrumb"},"inLanguage":"it-IT","potentialAction":[{"@type":"ReadAction","target":["https:\/\/www.campingkims.com\/it\/alloggi\/studios\/b\/"]}]},{"@type":"ImageObject","inLanguage":"it-IT","@id":"https:\/\/www.campingkims.com\/it\/alloggi\/studios\/b\/#primaryimage","url":"https:\/\/www.campingkims.com\/wp-content\/uploads\/edtudio-b1-habitacion-2-camas.webp","contentUrl":"https:\/\/www.campingkims.com\/wp-content\/uploads\/edtudio-b1-habitacion-2-camas.webp","width":1920,"height":1280},{"@type":"BreadcrumbList","@id":"https:\/\/www.campingkims.com\/it\/alloggi\/studios\/b\/#breadcrumb","itemListElement":[{"@type":"ListItem","position":1,"name":"Portada","item":"https:\/\/www.campingkims.com\/it\/"},{"@type":"ListItem","position":2,"name":"Alloggi","item":"https:\/\/www.campingkims.com\/it\/alloggi\/"},{"@type":"ListItem","position":3,"name":"Studios","item":"https:\/\/www.campingkims.com\/it\/alloggi\/studios\/"},{"@type":"ListItem","position":4,"name":"B"}]},{"@type":"WebSite","@id":"https:\/\/www.campingkims.com\/it\/#website","url":"https:\/\/www.campingkims.com\/it\/","name":"Camping Kim's Llafranc","description":"Kim&#039;s Camping Caravaning &amp; Bungalow Park","publisher":{"@id":"https:\/\/www.campingkims.com\/it\/#organization"},"potentialAction":[{"@type":"SearchAction","target":{"@type":"EntryPoint","urlTemplate":"https:\/\/www.campingkims.com\/it\/?s={search_term_string}"},"query-input":{"@type":"PropertyValueSpecification","valueRequired":true,"valueName":"search_term_string"}}],"inLanguage":"it-IT"},{"@type":"Organization","@id":"https:\/\/www.campingkims.com\/it\/#organization","name":"Camping Kim's Llafranc","url":"https:\/\/www.campingkims.com\/it\/","logo":{"@type":"ImageObject","inLanguage":"it-IT","@id":"https:\/\/www.campingkims.com\/it\/#\/schema\/logo\/image\/","url":"https:\/\/www.campingkims.com\/wp-content\/uploads\/logo-camping-kims-llafranc-costa-brava.png","contentUrl":"https:\/\/www.campingkims.com\/wp-content\/uploads\/logo-camping-kims-llafranc-costa-brava.png","width":537,"height":257,"caption":"Camping Kim's Llafranc"},"image":{"@id":"https:\/\/www.campingkims.com\/it\/#\/schema\/logo\/image\/"}}]}},"_links":{"self":[{"href":"https:\/\/www.campingkims.com\/it\/wp-json\/wp\/v2\/pages\/5822"}],"collection":[{"href":"https:\/\/www.campingkims.com\/it\/wp-json\/wp\/v2\/pages"}],"about":[{"href":"https:\/\/www.campingkims.com\/it\/wp-json\/wp\/v2\/types\/page"}],"author":[{"embeddable":true,"href":"https:\/\/www.campingkims.com\/it\/wp-json\/wp\/v2\/users\/2"}],"replies":[{"embeddable":true,"href":"https:\/\/www.campingkims.com\/it\/wp-json\/wp\/v2\/comments?post=5822"}],"version-history":[{"count":14,"href":"https:\/\/www.campingkims.com\/it\/wp-json\/wp\/v2\/pages\/5822\/revisions"}],"predecessor-version":[{"id":9759,"href":"https:\/\/www.campingkims.com\/it\/wp-json\/wp\/v2\/pages\/5822\/revisions\/9759"}],"up":[{"embeddable":true,"href":"https:\/\/www.campingkims.com\/it\/wp-json\/wp\/v2\/pages\/5814"}],"wp:featuredmedia":[{"embeddable":true,"href":"https:\/\/www.campingkims.com\/it\/wp-json\/wp\/v2\/media\/6456"}],"wp:attachment":[{"href":"https:\/\/www.campingkims.com\/it\/wp-json\/wp\/v2\/media?parent=5822"}],"curies":[{"name":"wp","href":"https:\/\/api.w.org\/{rel}","templated":true}]}}