{"id":5025,"date":"2023-07-13T09:19:13","date_gmt":"2023-07-13T07:19:13","guid":{"rendered":"http:\/\/www.campingkims.com\/tarieven-en-aanbiedingen\/camping-prijzen\/"},"modified":"2026-03-02T15:34:43","modified_gmt":"2026-03-02T14:34:43","slug":"camping-prijzen","status":"publish","type":"page","link":"https:\/\/www.campingkims.com\/nl\/tarieven-en-aanbiedingen\/camping-prijzen\/","title":{"rendered":"Camping prijzen"},"content":{"rendered":"\n<div class=\"wp-block-group alignfull cover-page booking-article has-theme-orange-background-color has-background is-layout-constrained wp-block-group-is-layout-constrained\" style=\"margin-top:0px;margin-bottom:10vh\">\n<div class=\"wp-block-group alignwide animation--init--once pop-up is-vertical is-content-justification-center is-layout-flex wp-container-core-group-is-layout-1 wp-block-group-is-layout-flex\">\n<h1 class=\"wp-block-heading alignwide has-text-align-center has-theme-white-color has-text-color\">Prijs en Aanbiedingen<\/h1>\n\n\n\n<p class=\"has-text-align-center has-theme-white-color has-text-color has-roboto-slab-font-family has-h-5-font-size\" style=\"text-transform:uppercase\">2026<\/p>\n<\/div>\n\n\n\n<div class=\"wp-block-group alignwide animation--init--once booking-container has-theme-orange-background-color has-background is-vertical is-content-justification-center is-layout-flex wp-container-core-group-is-layout-3 wp-block-group-is-layout-flex\" style=\"border-radius:2rem;margin-top:0px;margin-bottom:0px;padding-top:3rem;padding-right:3rem;padding-bottom:3rem;padding-left:3rem\">\n<div class=\"wp-block-group animation--init--once alignwide booking-title is-vertical is-content-justification-center is-layout-flex wp-container-core-group-is-layout-2 wp-block-group-is-layout-flex\">\n<p class=\"has-theme-dark-purple-color has-text-color has-roboto-slab-font-family has-h-6-font-size\">ONLINE BOEKEN<\/p>\n\n\n\n<h4 class=\"wp-block-heading has-text-align-center has-theme-white-color has-text-color has-h-4-font-size\">Boek uw vakantie aan de Costa Brava<\/h4>\n\n\n\n<figure class=\"wp-block-image size-large is-resized wp-duotone-221b40-221b40-1\"><img decoding=\"async\" src=\"http:\/\/www.campingkims.com\/wp-content\/uploads\/ola-separadora.svg\" alt=\"\" class=\"wp-image-921\" width=\"70\"\/><\/figure>\n<\/div>\n\n\n<script>\n            document.addEventListener('DOMContentLoaded', function () {\n\n                var widget = new MasterWidget('widgetBookingContainer2430', {\n                    lang: 'nl',idProperty: '61',class: 'widget_columns',categoryIds: [1],target: '_blank',dropdown: true,\n                    url: 'https:\/\/booking.campingkims.com'\n                });\n\n\n            });\n\n            <\/script><div id=\"widgetBookingContainer2430\"> <\/div>\n<\/div>\n<\/div>\n\n<div class=\"wp-block-group alignwide is-layout-constrained wp-block-group-is-layout-constrained\" style=\"margin-bottom:8vh\">\n<h2 class=\"wp-block-heading has-text-align-center animation--init--once slide-up has-theme-dark-purple-color has-text-color has-link-color wp-elements-6bbc2210567b1ee9af39f3226ed2319a\">Forfait Mei<\/h2>\n\n\n\n<div class=\"wp-block-columns animation--init--once slide-up is-layout-flex wp-container-core-columns-is-layout-1 wp-block-columns-is-layout-flex\">\n<div class=\"wp-block-column has-theme-grey-background-color has-background is-layout-flow wp-block-column-is-layout-flow\">\n<p class=\"has-text-align-center has-theme-dark-purple-color has-text-color has-link-color has-h-6-font-size wp-elements-2b31d24084e930abb9d2dd44ef8cfdd1\"><strong>7 Nachten<\/strong><\/p>\n\n\n\n<div class=\"wp-block-group is-vertical is-content-justification-center is-layout-flex wp-container-core-group-is-layout-5 wp-block-group-is-layout-flex\">\n<p class=\"has-theme-purple-color has-text-color has-link-color has-h-4-font-size wp-elements-22c16878c6342e1eed4cd07717c2f1a8\"><strong>189\u20ac<\/strong><\/p>\n\n\n\n<p class=\"has-text-align-left has-theme-purple-color has-text-color has-link-color has-h-6-font-size wp-elements-694947cb7cb7d7ef05ba0cf52e1c6171\"><strong>27\u20ac\/nacht<\/strong><\/p>\n<\/div>\n<\/div>\n\n\n\n<div class=\"wp-block-column has-theme-grey-background-color has-background is-layout-flow wp-block-column-is-layout-flow\">\n<p class=\"has-text-align-center has-theme-dark-purple-color has-text-color has-link-color has-h-6-font-size wp-elements-6810e35eb101ca52027d74b0ab5ff336\"><strong>14 Nachten <\/strong><\/p>\n\n\n\n<div class=\"wp-block-group is-vertical is-content-justification-center is-layout-flex wp-container-core-group-is-layout-6 wp-block-group-is-layout-flex\">\n<p class=\"has-theme-purple-color has-text-color has-link-color has-h-4-font-size wp-elements-646af933ed3c847ca849617bdaaa237b\"><strong>350\u20ac<\/strong><\/p>\n\n\n\n<p class=\"has-text-align-left has-theme-purple-color has-text-color has-link-color has-h-6-font-size wp-elements-f3714884c6385d0c9ebd05805ccee0d9\"><strong>25\u20ac\/nacht<\/strong><\/p>\n<\/div>\n<\/div>\n\n\n\n<div class=\"wp-block-column has-theme-grey-background-color has-background is-layout-flow wp-block-column-is-layout-flow\">\n<p class=\"has-text-align-center has-theme-dark-purple-color has-text-color has-link-color has-h-6-font-size wp-elements-9cc2b808db19c23764faf99d07ee6922\"><strong>21 Nachten <\/strong><\/p>\n\n\n\n<div class=\"wp-block-group is-vertical is-content-justification-center is-layout-flex wp-container-core-group-is-layout-7 wp-block-group-is-layout-flex\">\n<p class=\"has-theme-purple-color has-text-color has-link-color has-h-4-font-size wp-elements-6ec8db418e4152f30a3019f6e7b05f63\"><strong>462\u20ac<\/strong><\/p>\n\n\n\n<p class=\"has-text-align-left has-theme-purple-color has-text-color has-link-color has-h-6-font-size wp-elements-e5bdf51c0b4ef675fee35cb27b98a8be\"><strong>22\u20ac\/nacht<\/strong><\/p>\n<\/div>\n<\/div>\n\n\n\n<div class=\"wp-block-column has-theme-grey-background-color has-background is-layout-flow wp-block-column-is-layout-flow\">\n<p class=\"has-text-align-center has-theme-dark-purple-color has-text-color has-link-color has-h-6-font-size wp-elements-67ae225e1008cb33196980a5b301731c\"><strong>30 Nachten <\/strong><\/p>\n\n\n\n<div class=\"wp-block-group is-vertical is-content-justification-center is-layout-flex wp-container-core-group-is-layout-8 wp-block-group-is-layout-flex\">\n<p class=\"has-theme-purple-color has-text-color has-link-color has-h-4-font-size wp-elements-fd259460769b90c489822f0340419101\"><strong>570\u20ac<\/strong><\/p>\n\n\n\n<p class=\"has-text-align-left has-theme-purple-color has-text-color has-link-color has-h-6-font-size wp-elements-abeadc6f1c10121cf110a9dc2ed2c5a9\"><strong>19\u20ac\/nacht<\/strong><\/p>\n<\/div>\n<\/div>\n<\/div>\n\n\n\n<p class=\"has-text-align-center animation--init--once slide-up has-h-5-font-size\">Plaats + 2 personen<\/p>\n\n\n\n<p class=\"has-text-align-center animation--init--once slide-up has-text-small-font-size\">Prijzen zijn per nacht. 10% btw inbegrepen.<br\/>Toeristenbelasting niet inbegrepen: \u20ac 0,66 per persoon (17 jaar en ouder) per nacht, voor een maximum van 7 nachten. <\/p>\n<\/div>\n\n<h2 class=\"wp-block-heading alignwide animation--init--once slide-right has-theme-dark-purple-color has-text-color\">Prijs van staanplaatsen<\/h2>\n\n<div class=\"wp-block-group alignfull camping-table-container is-layout-constrained wp-block-group-is-layout-constrained\">\n<figure class=\"wp-block-table alignwide styled-table camping-table is-style-stripes animation--init--once slide-up\" style=\"margin-bottom:10vh\"><table><thead><tr><th>Prijs per nacht<\/th><th class=\"has-text-align-center\" data-align=\"center\">Volwassen<\/th><th class=\"has-text-align-center\" data-align=\"center\">Kind (3 \u2013 10 y.)<\/th><th class=\"has-text-align-center\" data-align=\"center\">Pitch<\/th><th class=\"has-text-align-center\" data-align=\"center\">Visit volwassen<\/th><th class=\"has-text-align-center\" data-align=\"center\">Visit kind<\/th><\/tr><\/thead><tbody><tr><td><strong>30\/04 &#8211; 31\/05<\/strong> | <strong>14\/09 &#8211; 27\/09<\/strong><br>LAAGSEIZOEN<\/td><td class=\"has-text-align-center\" data-align=\"center\"><strong>6<sup>&#8217;50\u20ac<\/sup><\/strong><\/td><td class=\"has-text-align-center\" data-align=\"center\"><strong>3<sup>,20\u20ac<\/sup><\/strong><\/td><td class=\"has-text-align-center\" data-align=\"center\"><strong>14<sup>,00\u20ac<\/sup><\/strong><\/td><td class=\"has-text-align-center\" data-align=\"center\"><strong>8<sup>,00\u20ac<\/sup><\/strong><\/td><td class=\"has-text-align-center\" data-align=\"center\"><strong>5<sup>,00\u20ac<\/sup><\/strong><\/td><\/tr><tr><td><strong>01\/06 &#8211; 21\/06 | 01\/09 &#8211; 13\/09 <\/strong><br>MIDDENSEIZOEN 1<\/td><td class=\"has-text-align-center\" data-align=\"center\"><strong>8<sup>&#8217;50\u20ac<\/sup><\/strong><\/td><td class=\"has-text-align-center\" data-align=\"center\"><strong>4<sup>,80\u20ac<\/sup><\/strong><\/td><td class=\"has-text-align-center\" data-align=\"center\"><strong>17<sup>,00\u20ac<\/sup><\/strong><\/td><td class=\"has-text-align-center\" data-align=\"center\"><strong>10<sup>,00\u20ac<\/sup><\/strong><\/td><td class=\"has-text-align-center\" data-align=\"center\"><strong>6<sup>,00\u20ac<\/sup><\/strong><\/td><\/tr><tr><td><strong>22\/06 &#8211; 16\/07 | 24\/08 &#8211; 31\/08<\/strong><br>MIDDENSEIZOEN 2<\/td><td class=\"has-text-align-center\" data-align=\"center\"><strong>9<sup>&#8217;50\u20ac<\/sup><\/strong><\/td><td class=\"has-text-align-center\" data-align=\"center\"><strong>5<sup>&#8217;80\u20ac<\/sup><\/strong><\/td><td class=\"has-text-align-center\" data-align=\"center\"><strong>29<sup>&#8217;00\u20ac<\/sup><\/strong><\/td><td class=\"has-text-align-center\" data-align=\"center\"><strong>11<sup>&#8217;00\u20ac<\/sup><\/strong><\/td><td class=\"has-text-align-center\" data-align=\"center\"><strong>8<sup>&#8217;00\u20ac<\/sup><\/strong><\/td><\/tr><tr><td><strong>17\/07 &#8211; 23\/08<\/strong><br>HOOGSEIZOEN<\/td><td class=\"has-text-align-center\" data-align=\"center\"><strong>10<sup>,90\u20ac<\/sup><\/strong><\/td><td class=\"has-text-align-center\" data-align=\"center\"><strong>6<sup>,40\u20ac<\/sup><\/strong><\/td><td class=\"has-text-align-center\" data-align=\"center\"><strong>45<sup>,20\u20ac<\/sup><\/strong><\/td><td class=\"has-text-align-center\" data-align=\"center\"><strong>12<sup>,00\u20ac<\/sup><\/strong><\/td><td class=\"has-text-align-center\" data-align=\"center\"><strong>9<sup>,00\u20ac<\/sup><\/strong><\/td><\/tr><\/tbody><\/table><\/figure>\n<\/div>\n\n<div class=\"wp-block-auto-tabs accommodation-tabs alignfull has-custom-margin animation--init--once\" style=\"margin-bottom:14vh;\" data-selector=\"h3\">\n  <div class=\"acf-innerblocks-container\">\n\n<div class=\"wp-block-group auto-tabs-wrapper is-layout-flow wp-block-group-is-layout-flow\">\n<p class=\"has-text-align-center\"><strong>Aqu\u00ed se mostrar\u00e1n las pesta\u00f1as.<\/strong><br\/> El primer <strong>h3<\/strong> de cada contenido se usar\u00e1 como t\u00edtulo de su pesta\u00f1a. Puedes cambiarlo por otro tag o una clase en el panel lateral<\/p>\n<\/div>\n\n\n\n<div class=\"wp-block-group auto-content-wrapper has-theme-soft-blue-background-color has-background is-layout-flow wp-block-group-is-layout-flow\">\n<div class=\"wp-block-group is-layout-flow wp-block-group-is-layout-flow\">\n<h3 class=\"wp-block-heading has-text-align-center\">Informatie<\/h3>\n\n\n\n<ul class=\"styled-list has-theme-purple-color has-text-color wp-block-list\">\n<li><strong>Prijzen in euro&#8217;s (EUR \u20ac).<\/strong><br\/>10% BTW inbegrepen. In het geval van offici\u00eble btw-verschillen kunnen de prijzen vari\u00ebren.<\/li>\n\n\n\n<li><strong>Toeristenbelasting niet inbegrepen:<\/strong> \u20ac 0,66\/nacht per persoon (+17 jaar) voor een maximum van 7 nachten.<\/li>\n\n\n\n<li><strong>Aankomst:<\/strong> de staanplaatsen zijn beschikbaar vanaf 12.00 uur.<\/li>\n\n\n\n<li><strong>Vertrek:<\/strong> de staanplaatsen moeten voor 12.00 uur worden ontruimd.<\/li>\n\n\n\n<li><\/li>\n<\/ul>\n<\/div>\n\n\n\n<div class=\"wp-block-group is-layout-flow wp-block-group-is-layout-flow\">\n<h3 class=\"wp-block-heading has-text-align-center\">Voorwaarden<\/h3>\n\n\n\n<ul class=\"styled-list has-theme-purple-color has-text-color wp-block-list\">\n<li>Het reserveringsbedrag is \u20ac60 per pakket. Dit bedrag wordt afgetrokken van het totale factuurbedrag voor uw verblijf.<\/li>\n\n\n\n<li>Deze betaling verleent geen enkel recht om een \u200b\u200bspecifiek perceelnummer te kiezen. Zodra de betaling en het signaal zijn ontvangen, wordt de reservering bevestigd.<\/li>\n\n\n\n<li>ANNULERINGSBELEID\n<ul class=\"wp-block-list\">\n<li>Annulering 5 tot 3 weken voor aankomst: Retentie van 60% van de vooruitbetaling.<\/li>\n\n\n\n<li>Annulering 2 weken voor aankomst: Retentie van 100% van de vooruitbetaling.<\/li>\n\n\n\n<li>(Minimale retentie voor annuleringskosten: door internationale overdracht 35\u20ac)<\/li>\n<\/ul>\n<\/li>\n<\/ul>\n<\/div>\n<\/div>\n\n<\/div><\/div>\n<figure class=\"wp-block-image size-large is-style-icon-row animation--init--once slide-left discount-icon wp-duotone-ffb434-ffb434-2\"><img loading=\"lazy\" decoding=\"async\" width=\"25\" height=\"25\" src=\"http:\/\/www.campingkims.com\/wp-content\/uploads\/descuento.svg\" alt=\"\" class=\"wp-image-1492\"\/><figcaption class=\"wp-element-caption\"><strong>Staanplaatsen aanbiedingen<\/strong><\/figcaption><\/figure>\n\n\n\n<div class=\"wp-block-columns alignwide is-layout-flex wp-container-core-columns-is-layout-2 wp-block-columns-is-layout-flex\">\n<div class=\"wp-block-column price-col animation--init--once slide-up has-theme-white-color has-theme-orange-background-color has-text-color has-background is-layout-flow wp-block-column-is-layout-flow\">\n<p class=\"large-font has-h-2-font-size\" style=\"margin-bottom:0px\"><strong><em>10% + 7 nachten<\/em><\/strong><\/p>\n\n\n\n<p class=\"large-font has-h-2-font-size\" style=\"margin-top:0px\"><em><strong>13% + 14 nachten<\/strong><\/em><\/p>\n\n\n\n<p class=\"large-font has-h-2-font-size\" style=\"margin-top:0px\"><strong><em>15% + 20 nachten<\/em><\/strong><\/p>\n\n\n\n<p class=\"large-font has-h-2-font-size\" style=\"margin-top:0px\"><strong><em>20% + 30 nachten<\/em><\/strong><\/p>\n\n\n\n<p class=\"is-style-default has-roboto-slab-font-family has-text-small-font-size\" style=\"margin-top:0px;text-transform:uppercase\"><strong><strong>30\/04 \u2013 16\/07 \u00a0|\u00a024\/08 \u2013 27\/09<\/strong><\/strong><\/p>\n\n\n\n<p class=\"is-style-default has-roboto-slab-font-family has-text-small-font-size\" style=\"margin-top:0px;text-transform:uppercase\"><strong>LAAGSEIZOEN EN MIDDENSEIZOEN<\/strong><\/p>\n\n\n\n<p class=\"is-style-default\" style=\"margin-top:0px\">1 kampeerplaats + 2 personen + auto + power outlet<\/p>\n<\/div>\n\n\n\n<div class=\"wp-block-column price-col animation--init--once slide-up delay-1 has-theme-white-color has-theme-blue-background-color has-text-color has-background is-layout-flow wp-block-column-is-layout-flow\">\n<p class=\"large-font has-h-2-font-size\"><strong><em>5% + 7 nachten<\/em><\/strong><\/p>\n\n\n\n<p class=\"is-style-default has-roboto-slab-font-family has-text-small-font-size\" style=\"margin-top:0px;text-transform:uppercase\"><strong>17\/07-23\/08<\/strong><\/p>\n\n\n\n<p class=\"is-style-default has-roboto-slab-font-family has-text-small-font-size\" style=\"margin-top:0px;text-transform:uppercase\"><strong>HOOGSEIZOEN<\/strong><\/p>\n\n\n\n<p class=\"is-style-default\" style=\"margin-top:0px\">1 kampeerplaats + 2 personen + auto + power outlet<\/p>\n<\/div>\n<\/div>\n\n\n\n<p class=\"animation--init--once slide-left alignwide has-theme-purple-color has-text-color has-text-small-font-size\" style=\"margin-bottom:10vh\">* Korting blijft vanaf 7 nachten<br>* Niet-accumulatieve kortingen, reeds toegepast bij het maken van de reservering<\/p>\n\n<div class=\"wp-block-buttons animation--init--once slide-up is-content-justification-center is-layout-flex wp-container-core-buttons-is-layout-1 wp-block-buttons-is-layout-flex\" style=\"margin-bottom:18vh\">\n<div class=\"wp-block-button invert-icon\"><a class=\"wp-block-button__link has-theme-green-background-color has-background wp-element-button\" href=\"https:\/\/booking.campingkims.com\/search?categoryIds=1&amp;lang=es\" style=\"border-radius:8px\" target=\"_blank\" rel=\"noreferrer noopener\"><img loading=\"lazy\" decoding=\"async\" width=\"25\" height=\"24\" class=\"wp-image-1321\" style=\"width: 25px;\" src=\"http:\/\/www.campingkims.com\/wp-content\/uploads\/reservar.svg\" alt=\"\"\/><strong>DE BESCHIKBAARHEID WEERGEVEN<\/strong><\/a><\/div>\n<\/div>\n","protected":false},"excerpt":{"rendered":"<p>Prijs en Aanbiedingen 2026 Forfait Mei 7 Nachten 189\u20ac 27\u20ac\/nacht 14 Nachten 350\u20ac 25\u20ac\/nacht 21 Nachten 462\u20ac 22\u20ac\/nacht 30 Nachten 570\u20ac 19\u20ac\/nacht Plaats + 2&#8230;<\/p>\n","protected":false},"author":2,"featured_media":0,"parent":5002,"menu_order":0,"comment_status":"closed","ping_status":"closed","template":"","meta":{"_acf_changed":false,"inline_featured_image":false,"footnotes":""},"class_list":["post-5025","page","type-page","status-publish","hentry"],"acf":[],"yoast_head":"<!-- This site is optimized with the Yoast SEO plugin v23.5 - https:\/\/yoast.com\/wordpress\/plugins\/seo\/ -->\n<title>Camping prijzen - Camping Kim&#039;s Llafranc<\/title>\n<meta name=\"description\" content=\"Prijs en Aanbiedingen 2026 Forfait Mei 7 Nachten 189\u20ac 27\u20ac\/nacht 14 Nachten 350\u20ac 25\u20ac\/nacht 21 Nachten 462\u20ac 22\u20ac\/nacht 30 Nachten 570\u20ac 19\u20ac\/nacht Plaats + 2\" \/>\n<meta name=\"robots\" content=\"index, follow, max-snippet:-1, max-image-preview:large, max-video-preview:-1\" \/>\n<link rel=\"canonical\" href=\"https:\/\/www.campingkims.com\/nl\/tarieven-en-aanbiedingen\/camping-prijzen\/\" \/>\n<meta property=\"og:locale\" content=\"nl_NL\" \/>\n<meta property=\"og:type\" content=\"article\" \/>\n<meta property=\"og:title\" content=\"Camping prijzen - Camping Kim&#039;s Llafranc\" \/>\n<meta property=\"og:description\" content=\"Prijs en Aanbiedingen 2026 Forfait Mei 7 Nachten 189\u20ac 27\u20ac\/nacht 14 Nachten 350\u20ac 25\u20ac\/nacht 21 Nachten 462\u20ac 22\u20ac\/nacht 30 Nachten 570\u20ac 19\u20ac\/nacht Plaats + 2\" \/>\n<meta property=\"og:url\" content=\"https:\/\/www.campingkims.com\/nl\/tarieven-en-aanbiedingen\/camping-prijzen\/\" \/>\n<meta property=\"og:site_name\" content=\"Camping Kim&#039;s Llafranc\" \/>\n<meta property=\"article:modified_time\" content=\"2026-03-02T14:34:43+00:00\" \/>\n<meta property=\"og:image\" content=\"http:\/\/www.campingkims.com\/wp-content\/uploads\/reservar.svg\" \/>\n<meta name=\"twitter:card\" content=\"summary_large_image\" \/>\n<meta name=\"twitter:label1\" content=\"Geschatte leestijd\" \/>\n\t<meta name=\"twitter:data1\" content=\"3 minuten\" \/>\n<script type=\"application\/ld+json\" class=\"yoast-schema-graph\">{\"@context\":\"https:\/\/schema.org\",\"@graph\":[{\"@type\":\"WebPage\",\"@id\":\"https:\/\/www.campingkims.com\/nl\/tarieven-en-aanbiedingen\/camping-prijzen\/\",\"url\":\"https:\/\/www.campingkims.com\/nl\/tarieven-en-aanbiedingen\/camping-prijzen\/\",\"name\":\"Camping prijzen - Camping Kim&#039;s Llafranc\",\"isPartOf\":{\"@id\":\"https:\/\/www.campingkims.com\/nl\/#website\"},\"primaryImageOfPage\":{\"@id\":\"https:\/\/www.campingkims.com\/nl\/tarieven-en-aanbiedingen\/camping-prijzen\/#primaryimage\"},\"image\":{\"@id\":\"https:\/\/www.campingkims.com\/nl\/tarieven-en-aanbiedingen\/camping-prijzen\/#primaryimage\"},\"thumbnailUrl\":\"http:\/\/www.campingkims.com\/wp-content\/uploads\/reservar.svg\",\"datePublished\":\"2023-07-13T07:19:13+00:00\",\"dateModified\":\"2026-03-02T14:34:43+00:00\",\"description\":\"Prijs en Aanbiedingen 2026 Forfait Mei 7 Nachten 189\u20ac 27\u20ac\/nacht 14 Nachten 350\u20ac 25\u20ac\/nacht 21 Nachten 462\u20ac 22\u20ac\/nacht 30 Nachten 570\u20ac 19\u20ac\/nacht Plaats + 2\",\"breadcrumb\":{\"@id\":\"https:\/\/www.campingkims.com\/nl\/tarieven-en-aanbiedingen\/camping-prijzen\/#breadcrumb\"},\"inLanguage\":\"nl-NL\",\"potentialAction\":[{\"@type\":\"ReadAction\",\"target\":[\"https:\/\/www.campingkims.com\/nl\/tarieven-en-aanbiedingen\/camping-prijzen\/\"]}]},{\"@type\":\"ImageObject\",\"inLanguage\":\"nl-NL\",\"@id\":\"https:\/\/www.campingkims.com\/nl\/tarieven-en-aanbiedingen\/camping-prijzen\/#primaryimage\",\"url\":\"http:\/\/www.campingkims.com\/wp-content\/uploads\/reservar.svg\",\"contentUrl\":\"http:\/\/www.campingkims.com\/wp-content\/uploads\/reservar.svg\"},{\"@type\":\"BreadcrumbList\",\"@id\":\"https:\/\/www.campingkims.com\/nl\/tarieven-en-aanbiedingen\/camping-prijzen\/#breadcrumb\",\"itemListElement\":[{\"@type\":\"ListItem\",\"position\":1,\"name\":\"Portada\",\"item\":\"https:\/\/www.campingkims.com\/nl\/\"},{\"@type\":\"ListItem\",\"position\":2,\"name\":\"Tarieven en aanbiedingen\",\"item\":\"https:\/\/www.campingkims.com\/nl\/tarieven-en-aanbiedingen\/\"},{\"@type\":\"ListItem\",\"position\":3,\"name\":\"Camping prijzen\"}]},{\"@type\":\"WebSite\",\"@id\":\"https:\/\/www.campingkims.com\/nl\/#website\",\"url\":\"https:\/\/www.campingkims.com\/nl\/\",\"name\":\"Camping Kim's Llafranc\",\"description\":\"Kim&#039;s Camping Caravaning &amp; Bungalow Park\",\"publisher\":{\"@id\":\"https:\/\/www.campingkims.com\/nl\/#organization\"},\"potentialAction\":[{\"@type\":\"SearchAction\",\"target\":{\"@type\":\"EntryPoint\",\"urlTemplate\":\"https:\/\/www.campingkims.com\/nl\/?s={search_term_string}\"},\"query-input\":{\"@type\":\"PropertyValueSpecification\",\"valueRequired\":true,\"valueName\":\"search_term_string\"}}],\"inLanguage\":\"nl-NL\"},{\"@type\":\"Organization\",\"@id\":\"https:\/\/www.campingkims.com\/nl\/#organization\",\"name\":\"Camping Kim's Llafranc\",\"url\":\"https:\/\/www.campingkims.com\/nl\/\",\"logo\":{\"@type\":\"ImageObject\",\"inLanguage\":\"nl-NL\",\"@id\":\"https:\/\/www.campingkims.com\/nl\/#\/schema\/logo\/image\/\",\"url\":\"https:\/\/www.campingkims.com\/wp-content\/uploads\/logo-camping-kims-llafranc-costa-brava.png\",\"contentUrl\":\"https:\/\/www.campingkims.com\/wp-content\/uploads\/logo-camping-kims-llafranc-costa-brava.png\",\"width\":537,\"height\":257,\"caption\":\"Camping Kim's Llafranc\"},\"image\":{\"@id\":\"https:\/\/www.campingkims.com\/nl\/#\/schema\/logo\/image\/\"}}]}<\/script>\n<!-- \/ Yoast SEO plugin. -->","yoast_head_json":{"title":"Camping prijzen - Camping Kim&#039;s Llafranc","description":"Prijs en Aanbiedingen 2026 Forfait Mei 7 Nachten 189\u20ac 27\u20ac\/nacht 14 Nachten 350\u20ac 25\u20ac\/nacht 21 Nachten 462\u20ac 22\u20ac\/nacht 30 Nachten 570\u20ac 19\u20ac\/nacht Plaats + 2","robots":{"index":"index","follow":"follow","max-snippet":"max-snippet:-1","max-image-preview":"max-image-preview:large","max-video-preview":"max-video-preview:-1"},"canonical":"https:\/\/www.campingkims.com\/nl\/tarieven-en-aanbiedingen\/camping-prijzen\/","og_locale":"nl_NL","og_type":"article","og_title":"Camping prijzen - Camping Kim&#039;s Llafranc","og_description":"Prijs en Aanbiedingen 2026 Forfait Mei 7 Nachten 189\u20ac 27\u20ac\/nacht 14 Nachten 350\u20ac 25\u20ac\/nacht 21 Nachten 462\u20ac 22\u20ac\/nacht 30 Nachten 570\u20ac 19\u20ac\/nacht Plaats + 2","og_url":"https:\/\/www.campingkims.com\/nl\/tarieven-en-aanbiedingen\/camping-prijzen\/","og_site_name":"Camping Kim&#039;s Llafranc","article_modified_time":"2026-03-02T14:34:43+00:00","og_image":[{"url":"http:\/\/www.campingkims.com\/wp-content\/uploads\/reservar.svg"}],"twitter_card":"summary_large_image","twitter_misc":{"Geschatte leestijd":"3 minuten"},"schema":{"@context":"https:\/\/schema.org","@graph":[{"@type":"WebPage","@id":"https:\/\/www.campingkims.com\/nl\/tarieven-en-aanbiedingen\/camping-prijzen\/","url":"https:\/\/www.campingkims.com\/nl\/tarieven-en-aanbiedingen\/camping-prijzen\/","name":"Camping prijzen - Camping Kim&#039;s Llafranc","isPartOf":{"@id":"https:\/\/www.campingkims.com\/nl\/#website"},"primaryImageOfPage":{"@id":"https:\/\/www.campingkims.com\/nl\/tarieven-en-aanbiedingen\/camping-prijzen\/#primaryimage"},"image":{"@id":"https:\/\/www.campingkims.com\/nl\/tarieven-en-aanbiedingen\/camping-prijzen\/#primaryimage"},"thumbnailUrl":"http:\/\/www.campingkims.com\/wp-content\/uploads\/reservar.svg","datePublished":"2023-07-13T07:19:13+00:00","dateModified":"2026-03-02T14:34:43+00:00","description":"Prijs en Aanbiedingen 2026 Forfait Mei 7 Nachten 189\u20ac 27\u20ac\/nacht 14 Nachten 350\u20ac 25\u20ac\/nacht 21 Nachten 462\u20ac 22\u20ac\/nacht 30 Nachten 570\u20ac 19\u20ac\/nacht Plaats + 2","breadcrumb":{"@id":"https:\/\/www.campingkims.com\/nl\/tarieven-en-aanbiedingen\/camping-prijzen\/#breadcrumb"},"inLanguage":"nl-NL","potentialAction":[{"@type":"ReadAction","target":["https:\/\/www.campingkims.com\/nl\/tarieven-en-aanbiedingen\/camping-prijzen\/"]}]},{"@type":"ImageObject","inLanguage":"nl-NL","@id":"https:\/\/www.campingkims.com\/nl\/tarieven-en-aanbiedingen\/camping-prijzen\/#primaryimage","url":"http:\/\/www.campingkims.com\/wp-content\/uploads\/reservar.svg","contentUrl":"http:\/\/www.campingkims.com\/wp-content\/uploads\/reservar.svg"},{"@type":"BreadcrumbList","@id":"https:\/\/www.campingkims.com\/nl\/tarieven-en-aanbiedingen\/camping-prijzen\/#breadcrumb","itemListElement":[{"@type":"ListItem","position":1,"name":"Portada","item":"https:\/\/www.campingkims.com\/nl\/"},{"@type":"ListItem","position":2,"name":"Tarieven en aanbiedingen","item":"https:\/\/www.campingkims.com\/nl\/tarieven-en-aanbiedingen\/"},{"@type":"ListItem","position":3,"name":"Camping prijzen"}]},{"@type":"WebSite","@id":"https:\/\/www.campingkims.com\/nl\/#website","url":"https:\/\/www.campingkims.com\/nl\/","name":"Camping Kim's Llafranc","description":"Kim&#039;s Camping Caravaning &amp; Bungalow Park","publisher":{"@id":"https:\/\/www.campingkims.com\/nl\/#organization"},"potentialAction":[{"@type":"SearchAction","target":{"@type":"EntryPoint","urlTemplate":"https:\/\/www.campingkims.com\/nl\/?s={search_term_string}"},"query-input":{"@type":"PropertyValueSpecification","valueRequired":true,"valueName":"search_term_string"}}],"inLanguage":"nl-NL"},{"@type":"Organization","@id":"https:\/\/www.campingkims.com\/nl\/#organization","name":"Camping Kim's Llafranc","url":"https:\/\/www.campingkims.com\/nl\/","logo":{"@type":"ImageObject","inLanguage":"nl-NL","@id":"https:\/\/www.campingkims.com\/nl\/#\/schema\/logo\/image\/","url":"https:\/\/www.campingkims.com\/wp-content\/uploads\/logo-camping-kims-llafranc-costa-brava.png","contentUrl":"https:\/\/www.campingkims.com\/wp-content\/uploads\/logo-camping-kims-llafranc-costa-brava.png","width":537,"height":257,"caption":"Camping Kim's Llafranc"},"image":{"@id":"https:\/\/www.campingkims.com\/nl\/#\/schema\/logo\/image\/"}}]}},"_links":{"self":[{"href":"https:\/\/www.campingkims.com\/nl\/wp-json\/wp\/v2\/pages\/5025"}],"collection":[{"href":"https:\/\/www.campingkims.com\/nl\/wp-json\/wp\/v2\/pages"}],"about":[{"href":"https:\/\/www.campingkims.com\/nl\/wp-json\/wp\/v2\/types\/page"}],"author":[{"embeddable":true,"href":"https:\/\/www.campingkims.com\/nl\/wp-json\/wp\/v2\/users\/2"}],"replies":[{"embeddable":true,"href":"https:\/\/www.campingkims.com\/nl\/wp-json\/wp\/v2\/comments?post=5025"}],"version-history":[{"count":14,"href":"https:\/\/www.campingkims.com\/nl\/wp-json\/wp\/v2\/pages\/5025\/revisions"}],"predecessor-version":[{"id":9475,"href":"https:\/\/www.campingkims.com\/nl\/wp-json\/wp\/v2\/pages\/5025\/revisions\/9475"}],"up":[{"embeddable":true,"href":"https:\/\/www.campingkims.com\/nl\/wp-json\/wp\/v2\/pages\/5002"}],"wp:attachment":[{"href":"https:\/\/www.campingkims.com\/nl\/wp-json\/wp\/v2\/media?parent=5025"}],"curies":[{"name":"wp","href":"https:\/\/api.w.org\/{rel}","templated":true}]}}