{"id":5042,"date":"2023-07-13T10:36:52","date_gmt":"2023-07-13T08:36:52","guid":{"rendered":"http:\/\/www.campingkims.com\/tarieven-en-aanbiedingen\/accommodatie-prijen\/"},"modified":"2025-10-21T17:23:17","modified_gmt":"2025-10-21T15:23:17","slug":"accommodatie-prijen","status":"publish","type":"page","link":"https:\/\/www.campingkims.com\/nl\/tarieven-en-aanbiedingen\/accommodatie-prijen\/","title":{"rendered":"Accommodatie Prijen"},"content":{"rendered":"\n<div class=\"wp-block-group alignfull cover-page booking-article has-theme-orange-background-color has-background is-layout-constrained wp-block-group-is-layout-constrained\" style=\"margin-top:0px;margin-bottom:10vh\">\n<div class=\"wp-block-group alignwide animation--init--once pop-up is-vertical is-content-justification-center is-layout-flex wp-container-core-group-is-layout-1 wp-block-group-is-layout-flex\">\n<h1 class=\"wp-block-heading alignwide has-text-align-center has-theme-white-color has-text-color\">Accommodatie Prijen \/ Aanbiedingen<\/h1>\n\n\n\n<p class=\"has-text-align-center has-theme-white-color has-text-color has-roboto-slab-font-family has-h-5-font-size\" style=\"text-transform:uppercase\">2026<\/p>\n<\/div>\n\n\n\n<div class=\"wp-block-group alignwide animation--init--once booking-container has-theme-orange-background-color has-background is-vertical is-content-justification-center is-layout-flex wp-container-core-group-is-layout-3 wp-block-group-is-layout-flex\" style=\"border-radius:2rem;margin-top:0px;margin-bottom:0px;padding-top:3rem;padding-right:3rem;padding-bottom:3rem;padding-left:3rem\">\n<div class=\"wp-block-group animation--init--once alignwide booking-title is-vertical is-content-justification-center is-layout-flex wp-container-core-group-is-layout-2 wp-block-group-is-layout-flex\">\n<p class=\"has-theme-dark-purple-color has-text-color has-roboto-slab-font-family has-h-6-font-size\">ONLINE BOEKEN<\/p>\n\n\n\n<h4 class=\"wp-block-heading has-text-align-center has-theme-white-color has-text-color has-h-4-font-size\">Boek uw vakantie aan de Costa Brava<\/h4>\n\n\n\n<figure class=\"wp-block-image size-large is-resized wp-duotone-221b40-221b40-1\"><img loading=\"lazy\" decoding=\"async\" width=\"25\" height=\"9\" src=\"http:\/\/www.campingkims.com\/wp-content\/uploads\/ola-separadora.svg\" alt=\"\" class=\"wp-image-921\" style=\"width:70px;height:undefinedpx\"\/><\/figure>\n<\/div>\n\n\n<script>\n            document.addEventListener('DOMContentLoaded', function () {\n\n                var widget = new MasterWidget('widgetBookingContainer5401', {\n                    lang: 'nl',idProperty: '61',class: 'widget_columns',categoryIds: [2,5,7,8,9,10,11,12,13,14,15,16,17,18,21,22,23],target: '_blank',dropdown: true,\n                    url: 'https:\/\/booking.campingkims.com'\n                });\n\n\n            });\n\n            <\/script><div id=\"widgetBookingContainer5401\"> <\/div>\n<\/div>\n<\/div>\n\n\n\n<h2 class=\"wp-block-heading alignwide animation--init--once slide-right has-theme-dark-purple-color has-text-color\">Accommodatie Prijen<\/h2>\n\n\n\n<div class=\"wp-block-group alignfull accommodation-table-container is-layout-constrained wp-block-group-is-layout-constrained\">\n<figure class=\"wp-block-table alignwide accommodation-table styled-table is-style-stripes animation--init--once slide-up\" style=\"margin-bottom:10vh\"><table><thead><tr><th>Prijs per nacht<\/th><th class=\"has-text-align-center\" data-align=\"center\">Bungalow Sun-Roller (4 p.)<\/th><th class=\"has-text-align-center\" data-align=\"center\">Bungalow Mediterran\u00e9e (4 p.)<\/th><th class=\"has-text-align-center\" data-align=\"center\">Bungalow Bravo (4 p.)<\/th><th class=\"has-text-align-center\" data-align=\"center\">Bungalow Caprice (4 p.)<\/th><th class=\"has-text-align-center\" data-align=\"center\">Bungalow Garb\u00ed (6 p.)<\/th><th class=\"has-text-align-center\" data-align=\"center\">Mobile-Home Sun-Roller (5 p.)<\/th><th class=\"has-text-align-center\" data-align=\"center\"><strong>Mobile-Home Mistral (6 p.)<\/strong><\/th><th class=\"has-text-align-center\" data-align=\"center\"><strong>Mobile-Home Brisa (8 p.)<\/strong><\/th><th class=\"has-text-align-center\" data-align=\"center\"><strong>Mobile-Home Clam (2 p.)<\/strong><\/th><th class=\"has-text-align-center\" data-align=\"center\">Appartement C3 (4 p.)<\/th><th class=\"has-text-align-center\" data-align=\"center\">Appartement Villa Marieta (4 p.)<\/th><th class=\"has-text-align-center\" data-align=\"center\">Appartement Villa Anita (6 p.)<\/th><th class=\"has-text-align-center\" data-align=\"center\">Appartement Villa Carmen (8 p.)<\/th><th class=\"has-text-align-center\" data-align=\"center\">Studio A4 A5 A6 (2 p.)<\/th><th class=\"has-text-align-center\" data-align=\"center\">Studio B1 (2 p.)<\/th><th class=\"has-text-align-center\" data-align=\"center\">Chalet Villa Kima (6 pers.)<\/th><th class=\"has-text-align-center\" data-align=\"center\">Chalet Villa Coral (8 pers.)<\/th><\/tr><\/thead><tbody><tr><td><strong>30\/04 &#8211; 31\/05 <br>14\/09 &#8211; 27\/09<\/strong><br>LAAGSEIZOEN<\/td><td class=\"has-text-align-center\" data-align=\"center\"><strong>65<sup>&#8217;00\u20ac<\/sup><\/strong><\/td><td class=\"has-text-align-center\" data-align=\"center\"><strong>75<sup>,00\u20ac<\/sup><\/strong><\/td><td class=\"has-text-align-center\" data-align=\"center\"><strong>87<sup>,00\u20ac<\/sup><\/strong><\/td><td class=\"has-text-align-center\" data-align=\"center\"><strong>102<sup>,00\u20ac<\/sup><\/strong><\/td><td class=\"has-text-align-center\" data-align=\"center\"><strong>107<sup>,00\u20ac<\/sup><\/strong><\/td><td class=\"has-text-align-center\" data-align=\"center\"><strong>80<sup>,00\u20ac<\/sup><\/strong><\/td><td class=\"has-text-align-center\" data-align=\"center\"><strong>123<sup>,00\u20ac<\/sup><\/strong><\/td><td class=\"has-text-align-center\" data-align=\"center\"><strong>130<sup>,00\u20ac<\/sup><\/strong><\/td><td class=\"has-text-align-center\" data-align=\"center\"><strong>60<sup>,50\u20ac<\/sup><\/strong><\/td><td class=\"has-text-align-center\" data-align=\"center\"><strong>81<sup>,00\u20ac<\/sup><\/strong><\/td><td class=\"has-text-align-center\" data-align=\"center\"><strong>84<sup>,00\u20ac<\/sup><\/strong><\/td><td class=\"has-text-align-center\" data-align=\"center\"><strong>91<sup>,50\u20ac<\/sup><\/strong><\/td><td class=\"has-text-align-center\" data-align=\"center\"><strong>102<sup>,00\u20ac<\/sup><\/strong><\/td><td class=\"has-text-align-center\" data-align=\"center\"><strong>45<sup>,50\u20ac<\/sup><\/strong><\/td><td class=\"has-text-align-center\" data-align=\"center\"><strong>55<sup>,00\u20ac<\/sup><\/strong><\/td><td class=\"has-text-align-center\" data-align=\"center\"><strong>130<sup>,00\u20ac<\/sup><\/strong><\/td><td class=\"has-text-align-center\" data-align=\"center\"><strong>140<sup>,00\u20ac<\/sup><\/strong><\/td><\/tr><tr><td><strong>01\/06 &#8211; 16\/07 <br>24\/08 &#8211; 13\/09<\/strong><br>MIDDENSEIZOEN<\/td><td class=\"has-text-align-center\" data-align=\"center\"><strong>91<sup>&#8217;50\u20ac<\/sup><\/strong><\/td><td class=\"has-text-align-center\" data-align=\"center\"><strong>102<sup>,00\u20ac<\/sup><\/strong><\/td><td class=\"has-text-align-center\" data-align=\"center\"><strong>118<sup>,00\u20ac<\/sup><\/strong><\/td><td class=\"has-text-align-center\" data-align=\"center\"><strong>129<sup>,00\u20ac<\/sup><\/strong><\/td><td class=\"has-text-align-center\" data-align=\"center\"><strong>140<sup>,00\u20ac<\/sup><\/strong><\/td><td class=\"has-text-align-center\" data-align=\"center\"><strong>108<sup>,00\u20ac<\/sup><\/strong><\/td><td class=\"has-text-align-center\" data-align=\"center\"><strong>156<sup>,00\u20ac<\/sup><\/strong><\/td><td class=\"has-text-align-center\" data-align=\"center\"><strong>162<sup>,00\u20ac<\/sup><\/strong><\/td><td class=\"has-text-align-center\" data-align=\"center\"><strong>82<sup>,00\u20ac<\/sup><\/strong><\/td><td class=\"has-text-align-center\" data-align=\"center\"><strong>100<sup>,00\u20ac<\/sup><\/strong><\/td><td class=\"has-text-align-center\" data-align=\"center\"><strong>102<sup>,00\u20ac<\/sup><\/strong><\/td><td class=\"has-text-align-center\" data-align=\"center\"><strong>118<sup>,50\u20ac<\/sup><\/strong><\/td><td class=\"has-text-align-center\" data-align=\"center\"><strong>129<sup>,00\u20ac<\/sup><\/strong><\/td><td class=\"has-text-align-center\" data-align=\"center\"><strong>65<sup>,50\u20ac<\/sup><\/strong><\/td><td class=\"has-text-align-center\" data-align=\"center\"><strong>77<sup>,00\u20ac<\/sup><\/strong><\/td><td class=\"has-text-align-center\" data-align=\"center\"><strong>160<sup>,00\u20ac<\/sup><\/strong><\/td><td class=\"has-text-align-center\" data-align=\"center\"><strong>177<sup>,50\u20ac<\/sup><\/strong><\/td><\/tr><tr><td><strong>17\/07 &#8211; 23\/08<\/strong><br>HOOGSEIZOEN<\/td><td class=\"has-text-align-center\" data-align=\"center\"><strong>138<sup>,00\u20ac<\/sup><\/strong><\/td><td class=\"has-text-align-center\" data-align=\"center\"><strong>154<sup>,00\u20ac<\/sup><\/strong><\/td><td class=\"has-text-align-center\" data-align=\"center\"><strong>169<sup>,00\u20ac<\/sup><\/strong><\/td><td class=\"has-text-align-center\" data-align=\"center\"><strong>184<sup>,00\u20ac<\/sup><\/strong><\/td><td class=\"has-text-align-center\" data-align=\"center\"><strong>189<sup>,00\u20ac<\/sup><\/strong><\/td><td class=\"has-text-align-center\" data-align=\"center\"><strong>161<sup>,00\u20ac<\/sup><\/strong><\/td><td class=\"has-text-align-center\" data-align=\"center\"><strong>200<sup>,00\u20ac<\/sup><\/strong><\/td><td class=\"has-text-align-center\" data-align=\"center\"><strong>107<sup>,00\u20ac<\/sup><\/strong><\/td><td class=\"has-text-align-center\" data-align=\"center\"><strong>114<sup>,00\u20ac<\/sup><\/strong><\/td><td class=\"has-text-align-center\" data-align=\"center\"><strong>164<sup>,00\u20ac<\/sup><\/strong><\/td><td class=\"has-text-align-center\" data-align=\"center\"><strong>167<sup>,00\u20ac<\/sup><\/strong><\/td><td class=\"has-text-align-center\" data-align=\"center\"><strong>180<sup>,00\u20ac<\/sup><\/strong><\/td><td class=\"has-text-align-center\" data-align=\"center\"><strong>188<sup>,00\u20ac<\/sup><\/strong><\/td><td class=\"has-text-align-center\" data-align=\"center\"><strong>86<sup>,00\u20ac<\/sup><\/strong><\/td><td class=\"has-text-align-center\" data-align=\"center\"><strong>109<sup>,00\u20ac<\/sup><\/strong><\/td><td class=\"has-text-align-center\" data-align=\"center\"><strong>220<sup>,00\u20ac<\/sup><\/strong><\/td><td class=\"has-text-align-center\" data-align=\"center\"><strong>242<sup>,00\u20ac<\/sup><\/strong><\/td><\/tr><\/tbody><\/table><\/figure>\n<\/div>\n\n\n\n<div class=\"wp-block-auto-tabs accommodation-tabs alignfull has-custom-margin animation--init--once\" style=\"margin-bottom:14vh;\" data-selector=\"h3\">\n  <div class=\"acf-innerblocks-container\">\n\n<div class=\"wp-block-group auto-tabs-wrapper is-layout-flow wp-block-group-is-layout-flow\">\n<p class=\"has-text-align-center\"><strong>Aqu\u00ed se mostrar\u00e1n las pesta\u00f1as.<\/strong><br\/> El primer <strong>h3<\/strong> de cada contenido se usar\u00e1 como t\u00edtulo de su pesta\u00f1a. Puedes cambiarlo por otro tag o una clase en el panel lateral<\/p>\n<\/div>\n\n\n\n<div class=\"wp-block-group auto-content-wrapper has-theme-soft-blue-background-color has-background is-layout-flow wp-block-group-is-layout-flow\">\n<div class=\"wp-block-group is-layout-flow wp-block-group-is-layout-flow\">\n<h3 class=\"wp-block-heading has-text-align-center\">Informatie<\/h3>\n\n\n\n<ul class=\"styled-list has-theme-purple-color has-text-color wp-block-list\">\n<li><strong>Prijzen in euro&#8217;s (EUR \u20ac).<\/strong><br\/>10% BTW inbegrepen. In het geval van offici\u00eble btw-verschillen kunnen de prijzen vari\u00ebren.<\/li>\n\n\n\n<li><strong>Toeristenbelasting niet inbegrepen:<\/strong> \u20ac 0,66\/nacht per persoon (+17 jaar) voor een maximum van 7 nachten.<\/li>\n\n\n\n<li><strong>Aankomstdag:<\/strong> accommodaties zijn beschikbaar na 16.00 uur.<\/li>\n\n\n\n<li><strong>Verblijfdag:<\/strong> accommodaties moeten v\u00f3\u00f3r 11.00 uur verlaten zijn.<\/li>\n\n\n\n<li><strong>Late Checkout<\/strong><br\/>Tijdens het laag- en middenseizoen kunt u de accommodatie later verlaten (late checkout), max. tot 17.00 uur. Afhankelijk van beschikbaarheid; na overleg met de receptie.<\/li>\n<\/ul>\n<\/div>\n\n\n\n<div class=\"wp-block-group is-layout-flow wp-block-group-is-layout-flow\">\n<h3 class=\"wp-block-heading has-text-align-center\">Voorwaarden<\/h3>\n\n\n\n<ul class=\"styled-list has-theme-purple-color has-text-color wp-block-list\">\n<li>De RESERVERING is definitief na ontvangst van het bijbehorende betalings- en signaal (40% van het totaal gecontracteerd).<\/li>\n\n\n\n<li>De rest van de totale huursom zal worden betaald op de dag van aankomst, samen met een aanbetaling (\u20ac 130 voor pauzes, verliezen, enz. + \u20ac 50 voor het schoonmaken) die zal worden teruggegeven op de dag van vertrek als alles correct is.<\/li>\n\n\n\n<li>Upon arrival you will be asked to provide a credit card number. It will be held only to be used in case of damages occurred during your stay.<\/li>\n\n\n\n<li>The accommodation will be left clean and picked up as delivered.<\/li>\n<\/ul>\n<\/div>\n\n\n\n<div class=\"wp-block-group is-layout-flow wp-block-group-is-layout-flow\">\n<h3 class=\"wp-block-heading has-text-align-center\">Cancellation<\/h3>\n\n\n\n<ul class=\"styled-list has-theme-purple-color has-text-color wp-block-list\">\n<li>8 &#8211; 7 weeks before the day of arrival: Withholding of 30% from the deposit .<\/li>\n\n\n\n<li>6 weeks before the day of arrival: Withholding of 45% from the deposit .<\/li>\n\n\n\n<li>5 \u2013 3 weeks before the day of arrival: Withholding of 60 % from the deposit .<\/li>\n\n\n\n<li>2 weeks before the day of arrival: Withholding 100% from the deposit ,<\/li>\n\n\n\n<li><strong>Minimum cancellation charges: 35\u20ac<\/strong><\/li>\n<\/ul>\n<\/div>\n<\/div>\n\n<\/div><\/div>\n\n\n<figure class=\"wp-block-image size-large is-style-icon-row animation--init--once slide-left discount-icon wp-duotone-ffb434-ffb434-2\"><img loading=\"lazy\" decoding=\"async\" width=\"25\" height=\"25\" src=\"http:\/\/www.campingkims.com\/wp-content\/uploads\/descuento.svg\" alt=\"\" class=\"wp-image-1492\"\/><figcaption class=\"wp-element-caption\"><strong><mark style=\"background-color:rgba(0, 0, 0, 0)\" class=\"has-inline-color has-theme-dark-purple-color\">Accommodatie aanbiedingen<\/mark><\/strong><\/figcaption><\/figure>\n\n\n\n<div class=\"wp-block-columns alignwide is-layout-flex wp-container-core-columns-is-layout-1 wp-block-columns-is-layout-flex\">\n<div class=\"wp-block-column price-col animation--init--once slide-up has-theme-white-color has-theme-orange-background-color has-text-color has-background is-layout-flow wp-block-column-is-layout-flow\">\n<p class=\"large-font has-h-2-font-size\"><em><strong>20%<\/strong><\/em><\/p>\n\n\n\n<p class=\"is-style-default has-roboto-slab-font-family has-text-small-font-size\" style=\"margin-top:0px;text-transform:uppercase\"><strong><strong>30\/04 \u2013 16\/07 \/ 24\/08 \u2013 27\/09<\/strong><\/strong><\/p>\n\n\n\n<p class=\"is-style-default has-roboto-slab-font-family has-text-small-font-size\" style=\"margin-top:0px;text-transform:uppercase\"><strong>LAAGSEIZOEN EN MIDDENSEIZOEN<\/strong><\/p>\n<\/div>\n\n\n\n<div class=\"wp-block-column price-col animation--init--once slide-up delay-1 has-theme-white-color has-theme-blue-background-color has-text-color has-background is-layout-flow wp-block-column-is-layout-flow\">\n<p class=\"large-font has-h-2-font-size\"><em><strong>5%<\/strong><\/em><\/p>\n\n\n\n<p class=\"is-style-default has-roboto-slab-font-family has-text-small-font-size\" style=\"margin-top:0px;text-transform:uppercase\"><strong>17\/07- 23\/08<\/strong><\/p>\n\n\n\n<p class=\"is-style-default has-roboto-slab-font-family has-text-small-font-size\" style=\"margin-top:0px;text-transform:uppercase\"><strong>HOOGSEIZOEN<\/strong><\/p>\n<\/div>\n<\/div>\n\n\n\n<p class=\"animation--init--once slide-left alignwide has-theme-purple-color has-text-color has-text-small-font-size\" style=\"margin-bottom:10vh\">* Korting blijft vanaf 7 nachten<br>* Niet-accumulatieve kortingen, reeds toegepast bij het maken van de reservering<\/p>\n\n\n\n<div class=\"wp-block-buttons animation--init--once slide-up is-content-justification-center is-layout-flex wp-container-core-buttons-is-layout-1 wp-block-buttons-is-layout-flex\" style=\"margin-bottom:18vh\">\n<div class=\"wp-block-button invert-icon\"><a class=\"wp-block-button__link has-theme-green-background-color has-background wp-element-button\" href=\"https:\/\/booking.campingkims.com\/search?categoryIds=2,5,7,8,9,10,11,12,13,14,15,16,17,18,21,22,23&amp;lang=nl\" style=\"border-radius:8px\" target=\"_blank\" rel=\"noreferrer noopener\"><img loading=\"lazy\" decoding=\"async\" width=\"25\" height=\"24\" class=\"wp-image-1321\" style=\"width: 25px;\" src=\"http:\/\/www.campingkims.com\/wp-content\/uploads\/reservar.svg\" alt=\"\"><strong>DE BESCHIKBAARHEID WEERGEVEN<\/strong><\/a><\/div>\n<\/div>\n","protected":false},"excerpt":{"rendered":"<p>Accommodatie Prijen \/ Aanbiedingen 2026 ONLINE BOEKEN Boek uw vakantie aan de Costa Brava Accommodatie Prijen Prijs per nacht Bungalow Sun-Roller (4 p.) Bungalow Mediterran\u00e9e&#8230;<\/p>\n","protected":false},"author":1,"featured_media":0,"parent":5002,"menu_order":1,"comment_status":"closed","ping_status":"closed","template":"","meta":{"_acf_changed":false,"inline_featured_image":false,"footnotes":""},"class_list":["post-5042","page","type-page","status-publish","hentry"],"acf":[],"yoast_head":"<!-- This site is optimized with the Yoast SEO plugin v23.5 - https:\/\/yoast.com\/wordpress\/plugins\/seo\/ -->\n<title>Accommodatie Prijen - Camping Kim&#039;s Llafranc<\/title>\n<meta name=\"description\" content=\"Accommodatie Prijen \/ Aanbiedingen 2026 ONLINE BOEKEN Boek uw vakantie aan de Costa Brava Accommodatie Prijen Prijs per nachtBungalow Sun-Roller (4\" \/>\n<meta name=\"robots\" content=\"index, follow, max-snippet:-1, max-image-preview:large, max-video-preview:-1\" \/>\n<link rel=\"canonical\" href=\"https:\/\/www.campingkims.com\/nl\/tarieven-en-aanbiedingen\/accommodatie-prijen\/\" \/>\n<meta property=\"og:locale\" content=\"nl_NL\" \/>\n<meta property=\"og:type\" content=\"article\" \/>\n<meta property=\"og:title\" content=\"Accommodatie Prijen - Camping Kim&#039;s Llafranc\" \/>\n<meta property=\"og:description\" content=\"Accommodatie Prijen \/ Aanbiedingen 2026 ONLINE BOEKEN Boek uw vakantie aan de Costa Brava Accommodatie Prijen Prijs per nachtBungalow Sun-Roller (4\" \/>\n<meta property=\"og:url\" content=\"https:\/\/www.campingkims.com\/nl\/tarieven-en-aanbiedingen\/accommodatie-prijen\/\" \/>\n<meta property=\"og:site_name\" content=\"Camping Kim&#039;s Llafranc\" \/>\n<meta property=\"article:modified_time\" content=\"2025-10-21T15:23:17+00:00\" \/>\n<meta property=\"og:image\" content=\"http:\/\/www.campingkims.com\/wp-content\/uploads\/ola-separadora.svg\" \/>\n<meta name=\"twitter:card\" content=\"summary_large_image\" \/>\n<meta name=\"twitter:label1\" content=\"Geschatte leestijd\" \/>\n\t<meta name=\"twitter:data1\" content=\"4 minuten\" \/>\n<script type=\"application\/ld+json\" class=\"yoast-schema-graph\">{\"@context\":\"https:\/\/schema.org\",\"@graph\":[{\"@type\":\"WebPage\",\"@id\":\"https:\/\/www.campingkims.com\/nl\/tarieven-en-aanbiedingen\/accommodatie-prijen\/\",\"url\":\"https:\/\/www.campingkims.com\/nl\/tarieven-en-aanbiedingen\/accommodatie-prijen\/\",\"name\":\"Accommodatie Prijen - Camping Kim&#039;s Llafranc\",\"isPartOf\":{\"@id\":\"https:\/\/www.campingkims.com\/nl\/#website\"},\"primaryImageOfPage\":{\"@id\":\"https:\/\/www.campingkims.com\/nl\/tarieven-en-aanbiedingen\/accommodatie-prijen\/#primaryimage\"},\"image\":{\"@id\":\"https:\/\/www.campingkims.com\/nl\/tarieven-en-aanbiedingen\/accommodatie-prijen\/#primaryimage\"},\"thumbnailUrl\":\"http:\/\/www.campingkims.com\/wp-content\/uploads\/ola-separadora.svg\",\"datePublished\":\"2023-07-13T08:36:52+00:00\",\"dateModified\":\"2025-10-21T15:23:17+00:00\",\"description\":\"Accommodatie Prijen \/ Aanbiedingen 2026 ONLINE BOEKEN Boek uw vakantie aan de Costa Brava Accommodatie Prijen Prijs per nachtBungalow Sun-Roller (4\",\"breadcrumb\":{\"@id\":\"https:\/\/www.campingkims.com\/nl\/tarieven-en-aanbiedingen\/accommodatie-prijen\/#breadcrumb\"},\"inLanguage\":\"nl-NL\",\"potentialAction\":[{\"@type\":\"ReadAction\",\"target\":[\"https:\/\/www.campingkims.com\/nl\/tarieven-en-aanbiedingen\/accommodatie-prijen\/\"]}]},{\"@type\":\"ImageObject\",\"inLanguage\":\"nl-NL\",\"@id\":\"https:\/\/www.campingkims.com\/nl\/tarieven-en-aanbiedingen\/accommodatie-prijen\/#primaryimage\",\"url\":\"http:\/\/www.campingkims.com\/wp-content\/uploads\/ola-separadora.svg\",\"contentUrl\":\"http:\/\/www.campingkims.com\/wp-content\/uploads\/ola-separadora.svg\"},{\"@type\":\"BreadcrumbList\",\"@id\":\"https:\/\/www.campingkims.com\/nl\/tarieven-en-aanbiedingen\/accommodatie-prijen\/#breadcrumb\",\"itemListElement\":[{\"@type\":\"ListItem\",\"position\":1,\"name\":\"Portada\",\"item\":\"https:\/\/www.campingkims.com\/nl\/\"},{\"@type\":\"ListItem\",\"position\":2,\"name\":\"Tarieven en aanbiedingen\",\"item\":\"https:\/\/www.campingkims.com\/nl\/tarieven-en-aanbiedingen\/\"},{\"@type\":\"ListItem\",\"position\":3,\"name\":\"Accommodatie Prijen\"}]},{\"@type\":\"WebSite\",\"@id\":\"https:\/\/www.campingkims.com\/nl\/#website\",\"url\":\"https:\/\/www.campingkims.com\/nl\/\",\"name\":\"Camping Kim's Llafranc\",\"description\":\"Kim&#039;s Camping Caravaning &amp; Bungalow Park\",\"publisher\":{\"@id\":\"https:\/\/www.campingkims.com\/nl\/#organization\"},\"potentialAction\":[{\"@type\":\"SearchAction\",\"target\":{\"@type\":\"EntryPoint\",\"urlTemplate\":\"https:\/\/www.campingkims.com\/nl\/?s={search_term_string}\"},\"query-input\":{\"@type\":\"PropertyValueSpecification\",\"valueRequired\":true,\"valueName\":\"search_term_string\"}}],\"inLanguage\":\"nl-NL\"},{\"@type\":\"Organization\",\"@id\":\"https:\/\/www.campingkims.com\/nl\/#organization\",\"name\":\"Camping Kim's Llafranc\",\"url\":\"https:\/\/www.campingkims.com\/nl\/\",\"logo\":{\"@type\":\"ImageObject\",\"inLanguage\":\"nl-NL\",\"@id\":\"https:\/\/www.campingkims.com\/nl\/#\/schema\/logo\/image\/\",\"url\":\"https:\/\/www.campingkims.com\/wp-content\/uploads\/logo-camping-kims-llafranc-costa-brava.png\",\"contentUrl\":\"https:\/\/www.campingkims.com\/wp-content\/uploads\/logo-camping-kims-llafranc-costa-brava.png\",\"width\":537,\"height\":257,\"caption\":\"Camping Kim's Llafranc\"},\"image\":{\"@id\":\"https:\/\/www.campingkims.com\/nl\/#\/schema\/logo\/image\/\"}}]}<\/script>\n<!-- \/ Yoast SEO plugin. -->","yoast_head_json":{"title":"Accommodatie Prijen - Camping Kim&#039;s Llafranc","description":"Accommodatie Prijen \/ Aanbiedingen 2026 ONLINE BOEKEN Boek uw vakantie aan de Costa Brava Accommodatie Prijen Prijs per nachtBungalow Sun-Roller (4","robots":{"index":"index","follow":"follow","max-snippet":"max-snippet:-1","max-image-preview":"max-image-preview:large","max-video-preview":"max-video-preview:-1"},"canonical":"https:\/\/www.campingkims.com\/nl\/tarieven-en-aanbiedingen\/accommodatie-prijen\/","og_locale":"nl_NL","og_type":"article","og_title":"Accommodatie Prijen - Camping Kim&#039;s Llafranc","og_description":"Accommodatie Prijen \/ Aanbiedingen 2026 ONLINE BOEKEN Boek uw vakantie aan de Costa Brava Accommodatie Prijen Prijs per nachtBungalow Sun-Roller (4","og_url":"https:\/\/www.campingkims.com\/nl\/tarieven-en-aanbiedingen\/accommodatie-prijen\/","og_site_name":"Camping Kim&#039;s Llafranc","article_modified_time":"2025-10-21T15:23:17+00:00","og_image":[{"url":"http:\/\/www.campingkims.com\/wp-content\/uploads\/ola-separadora.svg"}],"twitter_card":"summary_large_image","twitter_misc":{"Geschatte leestijd":"4 minuten"},"schema":{"@context":"https:\/\/schema.org","@graph":[{"@type":"WebPage","@id":"https:\/\/www.campingkims.com\/nl\/tarieven-en-aanbiedingen\/accommodatie-prijen\/","url":"https:\/\/www.campingkims.com\/nl\/tarieven-en-aanbiedingen\/accommodatie-prijen\/","name":"Accommodatie Prijen - Camping Kim&#039;s Llafranc","isPartOf":{"@id":"https:\/\/www.campingkims.com\/nl\/#website"},"primaryImageOfPage":{"@id":"https:\/\/www.campingkims.com\/nl\/tarieven-en-aanbiedingen\/accommodatie-prijen\/#primaryimage"},"image":{"@id":"https:\/\/www.campingkims.com\/nl\/tarieven-en-aanbiedingen\/accommodatie-prijen\/#primaryimage"},"thumbnailUrl":"http:\/\/www.campingkims.com\/wp-content\/uploads\/ola-separadora.svg","datePublished":"2023-07-13T08:36:52+00:00","dateModified":"2025-10-21T15:23:17+00:00","description":"Accommodatie Prijen \/ Aanbiedingen 2026 ONLINE BOEKEN Boek uw vakantie aan de Costa Brava Accommodatie Prijen Prijs per nachtBungalow Sun-Roller (4","breadcrumb":{"@id":"https:\/\/www.campingkims.com\/nl\/tarieven-en-aanbiedingen\/accommodatie-prijen\/#breadcrumb"},"inLanguage":"nl-NL","potentialAction":[{"@type":"ReadAction","target":["https:\/\/www.campingkims.com\/nl\/tarieven-en-aanbiedingen\/accommodatie-prijen\/"]}]},{"@type":"ImageObject","inLanguage":"nl-NL","@id":"https:\/\/www.campingkims.com\/nl\/tarieven-en-aanbiedingen\/accommodatie-prijen\/#primaryimage","url":"http:\/\/www.campingkims.com\/wp-content\/uploads\/ola-separadora.svg","contentUrl":"http:\/\/www.campingkims.com\/wp-content\/uploads\/ola-separadora.svg"},{"@type":"BreadcrumbList","@id":"https:\/\/www.campingkims.com\/nl\/tarieven-en-aanbiedingen\/accommodatie-prijen\/#breadcrumb","itemListElement":[{"@type":"ListItem","position":1,"name":"Portada","item":"https:\/\/www.campingkims.com\/nl\/"},{"@type":"ListItem","position":2,"name":"Tarieven en aanbiedingen","item":"https:\/\/www.campingkims.com\/nl\/tarieven-en-aanbiedingen\/"},{"@type":"ListItem","position":3,"name":"Accommodatie Prijen"}]},{"@type":"WebSite","@id":"https:\/\/www.campingkims.com\/nl\/#website","url":"https:\/\/www.campingkims.com\/nl\/","name":"Camping Kim's Llafranc","description":"Kim&#039;s Camping Caravaning &amp; Bungalow Park","publisher":{"@id":"https:\/\/www.campingkims.com\/nl\/#organization"},"potentialAction":[{"@type":"SearchAction","target":{"@type":"EntryPoint","urlTemplate":"https:\/\/www.campingkims.com\/nl\/?s={search_term_string}"},"query-input":{"@type":"PropertyValueSpecification","valueRequired":true,"valueName":"search_term_string"}}],"inLanguage":"nl-NL"},{"@type":"Organization","@id":"https:\/\/www.campingkims.com\/nl\/#organization","name":"Camping Kim's Llafranc","url":"https:\/\/www.campingkims.com\/nl\/","logo":{"@type":"ImageObject","inLanguage":"nl-NL","@id":"https:\/\/www.campingkims.com\/nl\/#\/schema\/logo\/image\/","url":"https:\/\/www.campingkims.com\/wp-content\/uploads\/logo-camping-kims-llafranc-costa-brava.png","contentUrl":"https:\/\/www.campingkims.com\/wp-content\/uploads\/logo-camping-kims-llafranc-costa-brava.png","width":537,"height":257,"caption":"Camping Kim's Llafranc"},"image":{"@id":"https:\/\/www.campingkims.com\/nl\/#\/schema\/logo\/image\/"}}]}},"_links":{"self":[{"href":"https:\/\/www.campingkims.com\/nl\/wp-json\/wp\/v2\/pages\/5042"}],"collection":[{"href":"https:\/\/www.campingkims.com\/nl\/wp-json\/wp\/v2\/pages"}],"about":[{"href":"https:\/\/www.campingkims.com\/nl\/wp-json\/wp\/v2\/types\/page"}],"author":[{"embeddable":true,"href":"https:\/\/www.campingkims.com\/nl\/wp-json\/wp\/v2\/users\/1"}],"replies":[{"embeddable":true,"href":"https:\/\/www.campingkims.com\/nl\/wp-json\/wp\/v2\/comments?post=5042"}],"version-history":[{"count":13,"href":"https:\/\/www.campingkims.com\/nl\/wp-json\/wp\/v2\/pages\/5042\/revisions"}],"predecessor-version":[{"id":8516,"href":"https:\/\/www.campingkims.com\/nl\/wp-json\/wp\/v2\/pages\/5042\/revisions\/8516"}],"up":[{"embeddable":true,"href":"https:\/\/www.campingkims.com\/nl\/wp-json\/wp\/v2\/pages\/5002"}],"wp:attachment":[{"href":"https:\/\/www.campingkims.com\/nl\/wp-json\/wp\/v2\/media?parent=5042"}],"curies":[{"name":"wp","href":"https:\/\/api.w.org\/{rel}","templated":true}]}}