{"id":5067,"date":"2023-07-10T13:41:22","date_gmt":"2023-07-10T11:41:22","guid":{"rendered":"http:\/\/www.campingkims.com\/accommodaties\/"},"modified":"2025-08-28T13:14:25","modified_gmt":"2025-08-28T11:14:25","slug":"accommodaties","status":"publish","type":"page","link":"https:\/\/www.campingkims.com\/nl\/accommodaties\/","title":{"rendered":"Accommodaties"},"content":{"rendered":"\n<div class=\"wp-block-cover alignfull is-light cover-page animation--init--once is-style-no-margin\" style=\"margin-top:0px;margin-bottom:0vh;min-height:795px;aspect-ratio:unset;\"><span aria-hidden=\"true\" class=\"wp-block-cover__background has-background-dim-0 has-background-dim has-background-gradient has-theme-black-transparent-gradient-background\"><\/span><img loading=\"lazy\" decoding=\"async\" width=\"1920\" height=\"1280\" class=\"wp-block-cover__image-background wp-image-1387\" alt=\"\" src=\"http:\/\/www.campingkims.com\/wp-content\/uploads\/villa-anita-03.webp\" data-object-fit=\"cover\" srcset=\"https:\/\/www.campingkims.com\/wp-content\/uploads\/villa-anita-03.webp 1920w, https:\/\/www.campingkims.com\/wp-content\/uploads\/villa-anita-03-1024x683.webp 1024w, https:\/\/www.campingkims.com\/wp-content\/uploads\/villa-anita-03-768x512.webp 768w, https:\/\/www.campingkims.com\/wp-content\/uploads\/villa-anita-03-1536x1024.webp 1536w, https:\/\/www.campingkims.com\/wp-content\/uploads\/villa-anita-03-512x341.webp 512w, https:\/\/www.campingkims.com\/wp-content\/uploads\/villa-anita-03-256x171.webp 256w\" sizes=\"(max-width: 1920px) 100vw, 1920px\" \/><div class=\"wp-block-cover__inner-container is-layout-flow wp-block-cover-is-layout-flow\">\n<figure class=\"wp-block-image alignfull size-large animation--init--once slide-up is-style-no-margin waves wp-duotone-ecf8fb-ecf8fb-1\"><img loading=\"lazy\" decoding=\"async\" width=\"1700\" height=\"104\" src=\"http:\/\/www.campingkims.com\/wp-content\/uploads\/waves.svg\" alt=\"\" class=\"wp-image-926\"\/><\/figure>\n<\/div><\/div>\n\n\n\n<div class=\"wp-block-group alignfull booking-group booking-module animation--init--once has-theme-soft-blue-background-color has-background is-layout-constrained wp-block-group-is-layout-constrained\" style=\"margin-top:0px;margin-bottom:35vh\">\n<div class=\"wp-block-group animation--init--once slide-up is-vertical is-content-justification-center is-layout-flex wp-container-core-group-is-layout-1 wp-block-group-is-layout-flex\" style=\"margin-bottom:10vh\">\n<h1 class=\"wp-block-heading has-text-align-center has-theme-dark-purple-color has-text-color has-h-2-font-size\">Accommodaties<\/h1>\n\n\n\n<p class=\"has-theme-dark-purple-color has-text-color has-roboto-slab-font-family has-h-5-font-size\" style=\"text-transform:uppercase\"><strong>Verblijf op Camping Kim\u2019s, kom op vakantie naar het hart van de Costa Brava<\/strong><\/p>\n\n\n\n<figure class=\"wp-block-image size-large is-resized wp-duotone-1ac6fe-fff-2\"><img loading=\"lazy\" decoding=\"async\" width=\"25\" height=\"9\" src=\"http:\/\/www.campingkims.com\/wp-content\/uploads\/ola-separadora.svg\" alt=\"\" class=\"wp-image-921\" style=\"width:70px;height:undefinedpx\"\/><\/figure>\n<\/div>\n\n\n\n<div class=\"wp-block-columns alignwide are-vertically-aligned-center is-layout-flex wp-container-core-columns-is-layout-1 wp-block-columns-is-layout-flex\" style=\"margin-bottom:240px\">\n<div class=\"wp-block-column is-vertically-aligned-center is-layout-flow wp-block-column-is-layout-flow\" style=\"flex-basis:40%\">\n<figure class=\"wp-block-image size-full has-custom-border animation--init--once slide-right dots-shadow is-style-aspect-ratio-1_1\"><img loading=\"lazy\" decoding=\"async\" width=\"1920\" height=\"1280\" src=\"http:\/\/www.campingkims.com\/wp-content\/uploads\/bungalow-caprice-08.webp\" alt=\"\" class=\"wp-image-1707\" style=\"border-radius:2rem\" srcset=\"https:\/\/www.campingkims.com\/wp-content\/uploads\/bungalow-caprice-08.webp 1920w, https:\/\/www.campingkims.com\/wp-content\/uploads\/bungalow-caprice-08-1024x683.webp 1024w, https:\/\/www.campingkims.com\/wp-content\/uploads\/bungalow-caprice-08-768x512.webp 768w, https:\/\/www.campingkims.com\/wp-content\/uploads\/bungalow-caprice-08-1536x1024.webp 1536w, https:\/\/www.campingkims.com\/wp-content\/uploads\/bungalow-caprice-08-512x341.webp 512w, https:\/\/www.campingkims.com\/wp-content\/uploads\/bungalow-caprice-08-256x171.webp 256w\" sizes=\"(max-width: 1920px) 100vw, 1920px\" \/><\/figure><\/div>\n\n\n\n<div class=\"wp-block-column is-vertically-aligned-center is-layout-flow wp-block-column-is-layout-flow\" style=\"flex-basis:60%\">\n<p class=\"animation--init--once slide-left has-theme-purple-color has-text-color\">Dit is een ideale plek om op vakantie te komen en de vele hoekjes van de Costa Brava te ontdekken. <strong>Kim&#8217;s Camping<\/strong> is de basis voor uw avonturen en ervaringen: <strong>bungalows, appartementen, villa&#8217;s, chalets, studio&#8217;s en stacaravans<\/strong> ten dienste van uw beste groeps-, familie- of koppelvakanties. Naast de grote <strong>plaatsen<\/strong> voor tent, caravan en camper!<\/p>\n\n\n\n<p class=\"animation--init--once slide-left has-theme-purple-color has-text-color\">Mis het niet! Er zijn veel Costa Brava en Empord\u00e0 binnen handbereik. Profiteer van weekenden en incidentele uitjes om in Llafranc te verblijven tegen zeer aantrekkelijke prijzen. Kwaliteitsaccommodatie voor een goede prijs, onthoud dat u het in het laag- en middenseizoen gemakkelijker heeft!<\/p>\n<\/div>\n<\/div>\n\n\n\n<div class=\"wp-block-group alignwide animation--init--once booking-container has-theme-orange-background-color has-background is-vertical is-content-justification-center is-layout-flex wp-container-core-group-is-layout-3 wp-block-group-is-layout-flex\" style=\"border-radius:2rem;margin-top:0px;margin-bottom:0px;padding-top:3rem;padding-right:3rem;padding-bottom:3rem;padding-left:3rem\">\n<div class=\"wp-block-group animation--init--once alignwide booking-title is-vertical is-content-justification-center is-layout-flex wp-container-core-group-is-layout-2 wp-block-group-is-layout-flex\">\n<p class=\"has-theme-dark-purple-color has-text-color has-roboto-slab-font-family has-h-6-font-size\">ONLINE BOEKEN<\/p>\n\n\n\n<h3 class=\"wp-block-heading has-text-align-center has-theme-white-color has-text-color has-h-4-font-size\">Boek uw vakantie aan de Costa Brava<\/h3>\n\n\n\n<figure class=\"wp-block-image size-large is-resized wp-duotone-221b40-221b40-3\"><img loading=\"lazy\" decoding=\"async\" width=\"25\" height=\"9\" src=\"http:\/\/www.campingkims.com\/wp-content\/uploads\/ola-separadora.svg\" alt=\"\" class=\"wp-image-921\" style=\"width:70px\"\/><\/figure>\n<\/div>\n\n\n<script>\n            document.addEventListener('DOMContentLoaded', function () {\n\n                var widget = new MasterWidget('widgetBookingContainer2706', {\n                    lang: 'nl',idProperty: '61',class: 'widget_columns',target: '_blank',dropdown: true,\n                    url: 'https:\/\/booking.campingkims.com'\n                });\n\n\n            });\n\n            <\/script><div id=\"widgetBookingContainer2706\"> <\/div>\n<\/div>\n<\/div>\n\n\n\n<h2 class=\"wp-block-heading alignwide has-text-align-left animation--init--once slide-right has-theme-dark-purple-color has-text-color\">Bungalows<\/h2>\n\n\n\n<p class=\"alignwide animation--init--once slide-right has-theme-purple-color has-text-color\">Bungalows in der N\u00e4he des Pools und Kampingdienstleistungen f\u00fcr 4-7 Personen: ideal f\u00fcr Familien oder Freunde.<\/p>\n\n\n        <div class=\"wp-block-locations-block alignwide has-text-align-left has-custom-margin\" style=\"margin-bottom:10vh;\">\n\n            <section class=\"splide\" id=\"slide_289\">\n            <div class=\"splide__track\">\n                <ul class=\"splide__list\">\n                                    <li class=\"animation--init--once slide-up splide__slide\">\n                        <a class=\"location-card\" href=\"https:\/\/www.campingkims.com\/nl\/accommodaties\/bungalows\/sun-roller\/\">\n                            <img decoding=\"async\" src=\"https:\/\/www.campingkims.com\/wp-content\/uploads\/bungalow-sun-roller-07.webp\">\n                        <\/a>\n                        <div class=\"info-container\">\n                            <a href=\"https:\/\/www.campingkims.com\/nl\/accommodaties\/bungalows\/sun-roller\/\">\n                                <strong>Sun-Roller<\/strong>\n                            <\/a>    \n                            <p><em><strong>x 4 Personen<\/strong><\/em><\/italic><\/p>\n                        <\/div>\n                    <\/li>\n                                    <li class=\"animation--init--once slide-up splide__slide\">\n                        <a class=\"location-card\" href=\"https:\/\/www.campingkims.com\/nl\/accommodaties\/bungalows\/mediterranee\/\">\n                            <img decoding=\"async\" src=\"https:\/\/www.campingkims.com\/wp-content\/uploads\/bungalow-mediterranee-06.webp\">\n                        <\/a>\n                        <div class=\"info-container\">\n                            <a href=\"https:\/\/www.campingkims.com\/nl\/accommodaties\/bungalows\/mediterranee\/\">\n                                <strong>Mediterran\u00e9e<\/strong>\n                            <\/a>    \n                            <p><em><strong>x 4 Personen<\/strong><\/em><\/italic><\/p>\n                        <\/div>\n                    <\/li>\n                                    <li class=\"animation--init--once slide-up splide__slide\">\n                        <a class=\"location-card\" href=\"https:\/\/www.campingkims.com\/nl\/accommodaties\/bungalows\/bravo\/\">\n                            <img decoding=\"async\" src=\"https:\/\/www.campingkims.com\/wp-content\/uploads\/bungalow-bravo-07.webp\">\n                        <\/a>\n                        <div class=\"info-container\">\n                            <a href=\"https:\/\/www.campingkims.com\/nl\/accommodaties\/bungalows\/bravo\/\">\n                                <strong>Bravo<\/strong>\n                            <\/a>    \n                            <p><em><strong>x 4 Personen<\/strong><\/em><\/italic><\/p>\n                        <\/div>\n                    <\/li>\n                                    <li class=\"animation--init--once slide-up splide__slide\">\n                        <a class=\"location-card\" href=\"https:\/\/www.campingkims.com\/nl\/accommodaties\/bungalows\/caprice\/\">\n                            <img decoding=\"async\" src=\"https:\/\/www.campingkims.com\/wp-content\/uploads\/bungalow-caprice-08.webp\">\n                        <\/a>\n                        <div class=\"info-container\">\n                            <a href=\"https:\/\/www.campingkims.com\/nl\/accommodaties\/bungalows\/caprice\/\">\n                                <strong>Caprice<\/strong>\n                            <\/a>    \n                            <p><em><strong>x 4 Personen<\/strong><\/em><\/italic><\/p>\n                        <\/div>\n                    <\/li>\n                                    <li class=\"animation--init--once slide-up splide__slide\">\n                        <a class=\"location-card\" href=\"https:\/\/www.campingkims.com\/nl\/accommodaties\/bungalows\/garbi\/\">\n                            <img decoding=\"async\" src=\"https:\/\/www.campingkims.com\/wp-content\/uploads\/bungalow-garbi-01.webp\">\n                        <\/a>\n                        <div class=\"info-container\">\n                            <a href=\"https:\/\/www.campingkims.com\/nl\/accommodaties\/bungalows\/garbi\/\">\n                                <strong>Garb\u00ed<\/strong>\n                            <\/a>    \n                            <p><em><strong>x 6 Personen<\/strong><\/em><\/italic><\/p>\n                        <\/div>\n                    <\/li>\n                                    <li class=\"animation--init--once slide-up splide__slide\">\n                        <a class=\"location-card\" href=\"https:\/\/www.campingkims.com\/nl\/accommodaties\/bungalows\/garbi-pmr\/\">\n                            <img decoding=\"async\" src=\"https:\/\/www.campingkims.com\/wp-content\/uploads\/bungalow-garbi-01.webp\">\n                        <\/a>\n                        <div class=\"info-container\">\n                            <a href=\"https:\/\/www.campingkims.com\/nl\/accommodaties\/bungalows\/garbi-pmr\/\">\n                                <strong>Garb\u00ed PMR<\/strong>\n                            <\/a>    \n                            <p><em><strong>x 6 Personen<\/strong><\/em><\/italic><\/p>\n                        <\/div>\n                    <\/li>\n                                <\/ul>\n            <\/div>\n        <\/section>  \n    <\/div>\n\n\n\n<h2 class=\"wp-block-heading alignwide has-text-align-left animation--init--once slide-right has-theme-dark-purple-color has-text-color\">Appartements<\/h2>\n\n\n\n<p class=\"alignwide animation--init--once slide-right has-theme-purple-color has-text-color\">Die Appartements befinden innerhalb des Kampingplatzes bieten Unterkunft f\u00fcr 4 bis 8 Personen. Komplett ausgestattet und renoviert.<\/p>\n\n\n        <div class=\"wp-block-locations-block alignwide has-text-align-left has-custom-margin\" style=\"margin-bottom:10vh;\">\n\n            <section class=\"splide\" id=\"slide_508\">\n            <div class=\"splide__track\">\n                <ul class=\"splide__list\">\n                                    <li class=\"animation--init--once slide-up splide__slide\">\n                        <a class=\"location-card\" href=\"https:\/\/www.campingkims.com\/nl\/accommodaties\/appartements\/c3\/\">\n                            <img decoding=\"async\" src=\"https:\/\/www.campingkims.com\/wp-content\/uploads\/c-3-01.webp\">\n                        <\/a>\n                        <div class=\"info-container\">\n                            <a href=\"https:\/\/www.campingkims.com\/nl\/accommodaties\/appartements\/c3\/\">\n                                <strong>C3<\/strong>\n                            <\/a>    \n                            <p><em><strong>x 4 Personen<\/strong><\/em><\/italic><\/p>\n                        <\/div>\n                    <\/li>\n                                    <li class=\"animation--init--once slide-up splide__slide\">\n                        <a class=\"location-card\" href=\"https:\/\/www.campingkims.com\/nl\/accommodaties\/appartements\/villa-marieta\/\">\n                            <img decoding=\"async\" src=\"https:\/\/www.campingkims.com\/wp-content\/uploads\/villa-marieta-03.webp\">\n                        <\/a>\n                        <div class=\"info-container\">\n                            <a href=\"https:\/\/www.campingkims.com\/nl\/accommodaties\/appartements\/villa-marieta\/\">\n                                <strong>Villa Marieta<\/strong>\n                            <\/a>    \n                            <p><em><strong>x 4 Personen<\/strong><\/em><\/italic><\/p>\n                        <\/div>\n                    <\/li>\n                                    <li class=\"animation--init--once slide-up splide__slide\">\n                        <a class=\"location-card\" href=\"https:\/\/www.campingkims.com\/nl\/accommodaties\/appartements\/villa-anita\/\">\n                            <img decoding=\"async\" src=\"https:\/\/www.campingkims.com\/wp-content\/uploads\/villa-anita-08.webp\">\n                        <\/a>\n                        <div class=\"info-container\">\n                            <a href=\"https:\/\/www.campingkims.com\/nl\/accommodaties\/appartements\/villa-anita\/\">\n                                <strong>Villa Anita<\/strong>\n                            <\/a>    \n                            <p><em><strong>x 6 Personen<\/strong><\/em><\/italic><\/p>\n                        <\/div>\n                    <\/li>\n                                    <li class=\"animation--init--once slide-up splide__slide\">\n                        <a class=\"location-card\" href=\"https:\/\/www.campingkims.com\/nl\/accommodaties\/appartements\/villa-carmen\/\">\n                            <img decoding=\"async\" src=\"https:\/\/www.campingkims.com\/wp-content\/uploads\/villa-carmen-06.webp\">\n                        <\/a>\n                        <div class=\"info-container\">\n                            <a href=\"https:\/\/www.campingkims.com\/nl\/accommodaties\/appartements\/villa-carmen\/\">\n                                <strong>Villa Carmen<\/strong>\n                            <\/a>    \n                            <p><em><strong>x 8 Personen<\/strong><\/em><\/italic><\/p>\n                        <\/div>\n                    <\/li>\n                                <\/ul>\n            <\/div>\n        <\/section>  \n    <\/div>\n\n\n\n<h2 class=\"wp-block-heading alignwide has-text-align-left animation--init--once slide-right has-theme-dark-purple-color has-text-color\">Studios<\/h2>\n\n\n\n<p class=\"alignwide animation--init--once slide-right has-theme-purple-color has-text-color\">Komfortable Studios f\u00fcr 2 und 4 Personen, komplett ausgestattet, mit Terrasse und Parkplatz daneben.<\/p>\n\n\n        <div class=\"wp-block-locations-block alignwide has-text-align-left has-custom-margin\" style=\"margin-bottom:10vh;\">\n\n            <section class=\"splide\" id=\"slide_577\">\n            <div class=\"splide__track\">\n                <ul class=\"splide__list\">\n                                    <li class=\"animation--init--once slide-up splide__slide\">\n                        <a class=\"location-card\" href=\"https:\/\/www.campingkims.com\/nl\/accommodaties\/studios\/a\/\">\n                            <img decoding=\"async\" src=\"https:\/\/www.campingkims.com\/wp-content\/uploads\/estudios-a-03.webp\">\n                        <\/a>\n                        <div class=\"info-container\">\n                            <a href=\"https:\/\/www.campingkims.com\/nl\/accommodaties\/studios\/a\/\">\n                                <strong>A<\/strong>\n                            <\/a>    \n                            <p><em><strong>x 2 Personen<\/strong><\/em><\/italic><\/p>\n                        <\/div>\n                    <\/li>\n                                    <li class=\"animation--init--once slide-up splide__slide\">\n                        <a class=\"location-card\" href=\"https:\/\/www.campingkims.com\/nl\/accommodaties\/studios\/b\/\">\n                            <img decoding=\"async\" src=\"https:\/\/www.campingkims.com\/wp-content\/uploads\/edtudio-b1-habitacion-2-camas.webp\">\n                        <\/a>\n                        <div class=\"info-container\">\n                            <a href=\"https:\/\/www.campingkims.com\/nl\/accommodaties\/studios\/b\/\">\n                                <strong>B<\/strong>\n                            <\/a>    \n                            <p><em><strong>x 2 Personen<\/strong><\/em><\/italic><\/p>\n                        <\/div>\n                    <\/li>\n                                <\/ul>\n            <\/div>\n        <\/section>  \n    <\/div>\n\n\n\n<h2 class=\"wp-block-heading alignwide has-text-align-left animation--init--once slide-right has-theme-dark-purple-color has-text-color\">Chalets<\/h2>\n\n\n\n<p class=\"alignwide animation--init--once slide-right has-theme-purple-color has-text-color\">Gro\u00dfe Chalets bis zu 8 Personen, ideal f\u00fcr Treffen mit Freunden oder Familie.<\/p>\n\n\n        <div class=\"wp-block-locations-block alignwide has-text-align-left has-custom-margin\" style=\"margin-bottom:10vh;\">\n\n            <section class=\"splide\" id=\"slide_125\">\n            <div class=\"splide__track\">\n                <ul class=\"splide__list\">\n                                    <li class=\"animation--init--once slide-up splide__slide\">\n                        <a class=\"location-card\" href=\"https:\/\/www.campingkims.com\/nl\/accommodaties\/chalets\/villa-kima\/\">\n                            <img decoding=\"async\" src=\"https:\/\/www.campingkims.com\/wp-content\/uploads\/chalet-villa-kima-01.webp\">\n                        <\/a>\n                        <div class=\"info-container\">\n                            <a href=\"https:\/\/www.campingkims.com\/nl\/accommodaties\/chalets\/villa-kima\/\">\n                                <strong>Villa Kima<\/strong>\n                            <\/a>    \n                            <p><em><strong>x 6 Personen<\/strong><\/em><\/italic><\/p>\n                        <\/div>\n                    <\/li>\n                                    <li class=\"animation--init--once slide-up splide__slide\">\n                        <a class=\"location-card\" href=\"https:\/\/www.campingkims.com\/nl\/accommodaties\/chalets\/villa-coral\/\">\n                            <img decoding=\"async\" src=\"https:\/\/www.campingkims.com\/wp-content\/uploads\/bungalow-coral-09.webp\">\n                        <\/a>\n                        <div class=\"info-container\">\n                            <a href=\"https:\/\/www.campingkims.com\/nl\/accommodaties\/chalets\/villa-coral\/\">\n                                <strong>Villa Coral<\/strong>\n                            <\/a>    \n                            <p><em><strong>x 8 Personen<\/strong><\/em><\/italic><\/p>\n                        <\/div>\n                    <\/li>\n                                <\/ul>\n            <\/div>\n        <\/section>  \n    <\/div>\n\n\n\n<h2 class=\"wp-block-heading alignwide has-text-align-left animation--init--once slide-right has-theme-dark-purple-color has-text-color\">Mobilheime<\/h2>\n\n\n\n<p class=\"alignwide animation--init--once slide-right has-theme-purple-color has-text-color\">Gelegen nabij het zwembad en andere diensten. Accommodaties uitgerust met een capaciteit van 4 tot 8 personen.<\/p>\n\n\n        <div class=\"wp-block-locations-block alignwide has-text-align-left has-custom-margin\" style=\"margin-bottom:10vh;\">\n\n            <section class=\"splide\" id=\"slide_433\">\n            <div class=\"splide__track\">\n                <ul class=\"splide__list\">\n                                    <li class=\"animation--init--once slide-up splide__slide\">\n                        <a class=\"location-card\" href=\"https:\/\/www.campingkims.com\/nl\/accommodaties\/mobilehome\/sun-roller\/\">\n                            <img decoding=\"async\" src=\"https:\/\/www.campingkims.com\/wp-content\/uploads\/bungalow-sun-roller-01.webp\">\n                        <\/a>\n                        <div class=\"info-container\">\n                            <a href=\"https:\/\/www.campingkims.com\/nl\/accommodaties\/mobilehome\/sun-roller\/\">\n                                <strong>Sun-Roller<\/strong>\n                            <\/a>    \n                            <p><em><strong>x 5 Personen<\/strong><\/em><\/italic><\/p>\n                        <\/div>\n                    <\/li>\n                                    <li class=\"animation--init--once slide-up splide__slide\">\n                        <a class=\"location-card\" href=\"https:\/\/www.campingkims.com\/nl\/accommodaties\/mobilehome\/suite-clam\/\">\n                            <img decoding=\"async\" src=\"https:\/\/www.campingkims.com\/wp-content\/uploads\/mh-clam-001.webp\">\n                        <\/a>\n                        <div class=\"info-container\">\n                            <a href=\"https:\/\/www.campingkims.com\/nl\/accommodaties\/mobilehome\/suite-clam\/\">\n                                <strong>Suite Clam<\/strong>\n                            <\/a>    \n                            <p><em><strong>x 2 Personen<\/strong><\/em><\/italic><\/p>\n                        <\/div>\n                    <\/li>\n                                    <li class=\"animation--init--once slide-up splide__slide\">\n                        <a class=\"location-card\" href=\"https:\/\/www.campingkims.com\/nl\/accommodaties\/mobilehome\/mistral\/\">\n                            <img decoding=\"async\" src=\"https:\/\/www.campingkims.com\/wp-content\/uploads\/mistral-001.webp\">\n                        <\/a>\n                        <div class=\"info-container\">\n                            <a href=\"https:\/\/www.campingkims.com\/nl\/accommodaties\/mobilehome\/mistral\/\">\n                                <strong>Mistral<\/strong>\n                            <\/a>    \n                            <p><em><strong>x 6 Personen<\/strong><\/em><\/italic><\/p>\n                        <\/div>\n                    <\/li>\n                                    <li class=\"animation--init--once slide-up splide__slide\">\n                        <a class=\"location-card\" href=\"https:\/\/www.campingkims.com\/nl\/accommodaties\/mobilehome\/brisa\/\">\n                            <img decoding=\"async\" src=\"https:\/\/www.campingkims.com\/wp-content\/uploads\/brisa-001.webp\">\n                        <\/a>\n                        <div class=\"info-container\">\n                            <a href=\"https:\/\/www.campingkims.com\/nl\/accommodaties\/mobilehome\/brisa\/\">\n                                <strong>Brisa<\/strong>\n                            <\/a>    \n                            <p><em><strong>x 8 Personen<\/strong><\/em><\/italic><\/p>\n                        <\/div>\n                    <\/li>\n                                <\/ul>\n            <\/div>\n        <\/section>  \n    <\/div>\n\n\n\n<h2 class=\"wp-block-heading alignwide has-text-align-left animation--init--once slide-left has-theme-dark-purple-color has-text-color\">Camping<\/h2>\n\n\n\n<p class=\"alignwide animation--init--once slide-left has-theme-purple-color has-text-color\">Wij bieden staanplatsen van 70 m2 tot 100 m2 met elektrische aansluiting van 220V en 6-10A in een groot dennenbos en omgeven door de natuur.<\/p>\n\n\n        <div class=\"wp-block-locations-block alignwide has-text-align-left has-custom-margin\" style=\"margin-bottom:10vh;\">\n\n            <section class=\"splide\" id=\"slide_475\">\n            <div class=\"splide__track\">\n                <ul class=\"splide__list\">\n                                    <li class=\"animation--init--once slide-up splide__slide\">\n                        <a class=\"location-card\" href=\"https:\/\/www.campingkims.com\/nl\/accommodaties\/camping\/staanplaats\/\">\n                            <img decoding=\"async\" src=\"https:\/\/www.campingkims.com\/wp-content\/uploads\/parcelas-01.webp\">\n                        <\/a>\n                        <div class=\"info-container\">\n                            <a href=\"https:\/\/www.campingkims.com\/nl\/accommodaties\/camping\/staanplaats\/\">\n                                <strong>Staanplaats<\/strong>\n                            <\/a>    \n                            <p><em><strong>x 4\/5 Personen<\/strong><\/em><\/italic><\/p>\n                        <\/div>\n                    <\/li>\n                                <\/ul>\n            <\/div>\n        <\/section>  \n    <\/div>\n\n\n\n<div style=\"height:100px\" aria-hidden=\"true\" class=\"wp-block-spacer\"><\/div>\n\n\n\n<div class=\"wp-block-columns alignwide is-layout-flex wp-container-core-columns-is-layout-2 wp-block-columns-is-layout-flex\">\n<div class=\"wp-block-column is-layout-flow wp-block-column-is-layout-flow\"><\/div>\n\n\n\n<div class=\"wp-block-column is-layout-flow wp-block-column-is-layout-flow\"><\/div>\n<\/div>\n","protected":false},"excerpt":{"rendered":"<p>Accommodaties Verblijf op Camping Kim\u2019s, kom op vakantie naar het hart van de Costa Brava Bungalows Bungalows in der N\u00e4he des Pools und Kampingdienstleistungen f\u00fcr&#8230;<\/p>\n","protected":false},"author":2,"featured_media":0,"parent":0,"menu_order":1,"comment_status":"closed","ping_status":"closed","template":"","meta":{"_acf_changed":false,"inline_featured_image":false,"footnotes":""},"class_list":["post-5067","page","type-page","status-publish","hentry"],"acf":[],"yoast_head":"<!-- This site is optimized with the Yoast SEO plugin v23.5 - https:\/\/yoast.com\/wordpress\/plugins\/seo\/ -->\n<title>Accommodaties - Camping Kim&#039;s Llafranc<\/title>\n<meta name=\"description\" content=\"Accommodaties Verblijf op Camping Kim\u2019s, kom op vakantie naar het hart van de Costa Brava Bungalows Bungalows in der N\u00e4he des Pools und\" \/>\n<meta name=\"robots\" content=\"index, follow, max-snippet:-1, max-image-preview:large, max-video-preview:-1\" \/>\n<link rel=\"canonical\" href=\"https:\/\/www.campingkims.com\/nl\/accommodaties\/\" \/>\n<meta property=\"og:locale\" content=\"nl_NL\" \/>\n<meta property=\"og:type\" content=\"article\" \/>\n<meta property=\"og:title\" content=\"Accommodaties - Camping Kim&#039;s Llafranc\" \/>\n<meta property=\"og:description\" content=\"Accommodaties Verblijf op Camping Kim\u2019s, kom op vakantie naar het hart van de Costa Brava Bungalows Bungalows in der N\u00e4he des Pools und\" \/>\n<meta property=\"og:url\" content=\"https:\/\/www.campingkims.com\/nl\/accommodaties\/\" \/>\n<meta property=\"og:site_name\" content=\"Camping Kim&#039;s Llafranc\" \/>\n<meta property=\"article:modified_time\" content=\"2025-08-28T11:14:25+00:00\" \/>\n<meta property=\"og:image\" content=\"http:\/\/www.campingkims.com\/wp-content\/uploads\/villa-anita-03.webp\" \/>\n<meta name=\"twitter:card\" content=\"summary_large_image\" \/>\n<meta name=\"twitter:label1\" content=\"Geschatte leestijd\" \/>\n\t<meta name=\"twitter:data1\" content=\"4 minuten\" \/>\n<script type=\"application\/ld+json\" class=\"yoast-schema-graph\">{\"@context\":\"https:\/\/schema.org\",\"@graph\":[{\"@type\":\"WebPage\",\"@id\":\"https:\/\/www.campingkims.com\/nl\/accommodaties\/\",\"url\":\"https:\/\/www.campingkims.com\/nl\/accommodaties\/\",\"name\":\"Accommodaties - Camping Kim&#039;s Llafranc\",\"isPartOf\":{\"@id\":\"https:\/\/www.campingkims.com\/nl\/#website\"},\"primaryImageOfPage\":{\"@id\":\"https:\/\/www.campingkims.com\/nl\/accommodaties\/#primaryimage\"},\"image\":{\"@id\":\"https:\/\/www.campingkims.com\/nl\/accommodaties\/#primaryimage\"},\"thumbnailUrl\":\"http:\/\/www.campingkims.com\/wp-content\/uploads\/villa-anita-03.webp\",\"datePublished\":\"2023-07-10T11:41:22+00:00\",\"dateModified\":\"2025-08-28T11:14:25+00:00\",\"description\":\"Accommodaties Verblijf op Camping Kim\u2019s, kom op vakantie naar het hart van de Costa Brava Bungalows Bungalows in der N\u00e4he des Pools und\",\"breadcrumb\":{\"@id\":\"https:\/\/www.campingkims.com\/nl\/accommodaties\/#breadcrumb\"},\"inLanguage\":\"nl-NL\",\"potentialAction\":[{\"@type\":\"ReadAction\",\"target\":[\"https:\/\/www.campingkims.com\/nl\/accommodaties\/\"]}]},{\"@type\":\"ImageObject\",\"inLanguage\":\"nl-NL\",\"@id\":\"https:\/\/www.campingkims.com\/nl\/accommodaties\/#primaryimage\",\"url\":\"http:\/\/www.campingkims.com\/wp-content\/uploads\/villa-anita-03.webp\",\"contentUrl\":\"http:\/\/www.campingkims.com\/wp-content\/uploads\/villa-anita-03.webp\"},{\"@type\":\"BreadcrumbList\",\"@id\":\"https:\/\/www.campingkims.com\/nl\/accommodaties\/#breadcrumb\",\"itemListElement\":[{\"@type\":\"ListItem\",\"position\":1,\"name\":\"Portada\",\"item\":\"https:\/\/www.campingkims.com\/nl\/\"},{\"@type\":\"ListItem\",\"position\":2,\"name\":\"Accommodaties\"}]},{\"@type\":\"WebSite\",\"@id\":\"https:\/\/www.campingkims.com\/nl\/#website\",\"url\":\"https:\/\/www.campingkims.com\/nl\/\",\"name\":\"Camping Kim's Llafranc\",\"description\":\"Kim&#039;s Camping Caravaning &amp; Bungalow Park\",\"publisher\":{\"@id\":\"https:\/\/www.campingkims.com\/nl\/#organization\"},\"potentialAction\":[{\"@type\":\"SearchAction\",\"target\":{\"@type\":\"EntryPoint\",\"urlTemplate\":\"https:\/\/www.campingkims.com\/nl\/?s={search_term_string}\"},\"query-input\":{\"@type\":\"PropertyValueSpecification\",\"valueRequired\":true,\"valueName\":\"search_term_string\"}}],\"inLanguage\":\"nl-NL\"},{\"@type\":\"Organization\",\"@id\":\"https:\/\/www.campingkims.com\/nl\/#organization\",\"name\":\"Camping Kim's Llafranc\",\"url\":\"https:\/\/www.campingkims.com\/nl\/\",\"logo\":{\"@type\":\"ImageObject\",\"inLanguage\":\"nl-NL\",\"@id\":\"https:\/\/www.campingkims.com\/nl\/#\/schema\/logo\/image\/\",\"url\":\"https:\/\/www.campingkims.com\/wp-content\/uploads\/logo-camping-kims-llafranc-costa-brava.png\",\"contentUrl\":\"https:\/\/www.campingkims.com\/wp-content\/uploads\/logo-camping-kims-llafranc-costa-brava.png\",\"width\":537,\"height\":257,\"caption\":\"Camping Kim's Llafranc\"},\"image\":{\"@id\":\"https:\/\/www.campingkims.com\/nl\/#\/schema\/logo\/image\/\"}}]}<\/script>\n<!-- \/ Yoast SEO plugin. -->","yoast_head_json":{"title":"Accommodaties - Camping Kim&#039;s Llafranc","description":"Accommodaties Verblijf op Camping Kim\u2019s, kom op vakantie naar het hart van de Costa Brava Bungalows Bungalows in der N\u00e4he des Pools und","robots":{"index":"index","follow":"follow","max-snippet":"max-snippet:-1","max-image-preview":"max-image-preview:large","max-video-preview":"max-video-preview:-1"},"canonical":"https:\/\/www.campingkims.com\/nl\/accommodaties\/","og_locale":"nl_NL","og_type":"article","og_title":"Accommodaties - Camping Kim&#039;s Llafranc","og_description":"Accommodaties Verblijf op Camping Kim\u2019s, kom op vakantie naar het hart van de Costa Brava Bungalows Bungalows in der N\u00e4he des Pools und","og_url":"https:\/\/www.campingkims.com\/nl\/accommodaties\/","og_site_name":"Camping Kim&#039;s Llafranc","article_modified_time":"2025-08-28T11:14:25+00:00","og_image":[{"url":"http:\/\/www.campingkims.com\/wp-content\/uploads\/villa-anita-03.webp"}],"twitter_card":"summary_large_image","twitter_misc":{"Geschatte leestijd":"4 minuten"},"schema":{"@context":"https:\/\/schema.org","@graph":[{"@type":"WebPage","@id":"https:\/\/www.campingkims.com\/nl\/accommodaties\/","url":"https:\/\/www.campingkims.com\/nl\/accommodaties\/","name":"Accommodaties - Camping Kim&#039;s Llafranc","isPartOf":{"@id":"https:\/\/www.campingkims.com\/nl\/#website"},"primaryImageOfPage":{"@id":"https:\/\/www.campingkims.com\/nl\/accommodaties\/#primaryimage"},"image":{"@id":"https:\/\/www.campingkims.com\/nl\/accommodaties\/#primaryimage"},"thumbnailUrl":"http:\/\/www.campingkims.com\/wp-content\/uploads\/villa-anita-03.webp","datePublished":"2023-07-10T11:41:22+00:00","dateModified":"2025-08-28T11:14:25+00:00","description":"Accommodaties Verblijf op Camping Kim\u2019s, kom op vakantie naar het hart van de Costa Brava Bungalows Bungalows in der N\u00e4he des Pools und","breadcrumb":{"@id":"https:\/\/www.campingkims.com\/nl\/accommodaties\/#breadcrumb"},"inLanguage":"nl-NL","potentialAction":[{"@type":"ReadAction","target":["https:\/\/www.campingkims.com\/nl\/accommodaties\/"]}]},{"@type":"ImageObject","inLanguage":"nl-NL","@id":"https:\/\/www.campingkims.com\/nl\/accommodaties\/#primaryimage","url":"http:\/\/www.campingkims.com\/wp-content\/uploads\/villa-anita-03.webp","contentUrl":"http:\/\/www.campingkims.com\/wp-content\/uploads\/villa-anita-03.webp"},{"@type":"BreadcrumbList","@id":"https:\/\/www.campingkims.com\/nl\/accommodaties\/#breadcrumb","itemListElement":[{"@type":"ListItem","position":1,"name":"Portada","item":"https:\/\/www.campingkims.com\/nl\/"},{"@type":"ListItem","position":2,"name":"Accommodaties"}]},{"@type":"WebSite","@id":"https:\/\/www.campingkims.com\/nl\/#website","url":"https:\/\/www.campingkims.com\/nl\/","name":"Camping Kim's Llafranc","description":"Kim&#039;s Camping Caravaning &amp; Bungalow Park","publisher":{"@id":"https:\/\/www.campingkims.com\/nl\/#organization"},"potentialAction":[{"@type":"SearchAction","target":{"@type":"EntryPoint","urlTemplate":"https:\/\/www.campingkims.com\/nl\/?s={search_term_string}"},"query-input":{"@type":"PropertyValueSpecification","valueRequired":true,"valueName":"search_term_string"}}],"inLanguage":"nl-NL"},{"@type":"Organization","@id":"https:\/\/www.campingkims.com\/nl\/#organization","name":"Camping Kim's Llafranc","url":"https:\/\/www.campingkims.com\/nl\/","logo":{"@type":"ImageObject","inLanguage":"nl-NL","@id":"https:\/\/www.campingkims.com\/nl\/#\/schema\/logo\/image\/","url":"https:\/\/www.campingkims.com\/wp-content\/uploads\/logo-camping-kims-llafranc-costa-brava.png","contentUrl":"https:\/\/www.campingkims.com\/wp-content\/uploads\/logo-camping-kims-llafranc-costa-brava.png","width":537,"height":257,"caption":"Camping Kim's Llafranc"},"image":{"@id":"https:\/\/www.campingkims.com\/nl\/#\/schema\/logo\/image\/"}}]}},"_links":{"self":[{"href":"https:\/\/www.campingkims.com\/nl\/wp-json\/wp\/v2\/pages\/5067"}],"collection":[{"href":"https:\/\/www.campingkims.com\/nl\/wp-json\/wp\/v2\/pages"}],"about":[{"href":"https:\/\/www.campingkims.com\/nl\/wp-json\/wp\/v2\/types\/page"}],"author":[{"embeddable":true,"href":"https:\/\/www.campingkims.com\/nl\/wp-json\/wp\/v2\/users\/2"}],"replies":[{"embeddable":true,"href":"https:\/\/www.campingkims.com\/nl\/wp-json\/wp\/v2\/comments?post=5067"}],"version-history":[{"count":5,"href":"https:\/\/www.campingkims.com\/nl\/wp-json\/wp\/v2\/pages\/5067\/revisions"}],"predecessor-version":[{"id":8164,"href":"https:\/\/www.campingkims.com\/nl\/wp-json\/wp\/v2\/pages\/5067\/revisions\/8164"}],"wp:attachment":[{"href":"https:\/\/www.campingkims.com\/nl\/wp-json\/wp\/v2\/media?parent=5067"}],"curies":[{"name":"wp","href":"https:\/\/api.w.org\/{rel}","templated":true}]}}