{"id":5433,"date":"2023-07-10T10:32:36","date_gmt":"2023-07-10T08:32:36","guid":{"rendered":"http:\/\/www.campingkims.com\/accommodaties\/bungalows\/garbi\/"},"modified":"2026-03-13T16:16:40","modified_gmt":"2026-03-13T15:16:40","slug":"garbi","status":"publish","type":"page","link":"https:\/\/www.campingkims.com\/nl\/accommodaties\/bungalows\/garbi\/","title":{"rendered":"Garb\u00ed"},"content":{"rendered":"\n<div class=\"wp-block-cover alignfull is-light cover-page animation--init--once is-style-no-margin\" style=\"margin-top:0px;margin-bottom:8vh;min-height:795px;aspect-ratio:unset;\"><span aria-hidden=\"true\" class=\"wp-block-cover__background has-background-dim-0 has-background-dim has-background-gradient has-theme-black-transparent-gradient-background\"><\/span><img loading=\"lazy\" decoding=\"async\" width=\"1200\" height=\"800\" class=\"wp-block-cover__image-background wp-image-4960\" alt=\"\" src=\"http:\/\/www.campingkims.com\/wp-content\/uploads\/kims-garbi.webp\" data-object-fit=\"cover\" srcset=\"https:\/\/www.campingkims.com\/wp-content\/uploads\/kims-garbi.webp 1200w, https:\/\/www.campingkims.com\/wp-content\/uploads\/kims-garbi-1024x683.webp 1024w, https:\/\/www.campingkims.com\/wp-content\/uploads\/kims-garbi-768x512.webp 768w, https:\/\/www.campingkims.com\/wp-content\/uploads\/kims-garbi-512x341.webp 512w, https:\/\/www.campingkims.com\/wp-content\/uploads\/kims-garbi-256x171.webp 256w\" sizes=\"(max-width: 1200px) 100vw, 1200px\" \/><div class=\"wp-block-cover__inner-container is-layout-flow wp-block-cover-is-layout-flow\">\n<figure class=\"wp-block-image alignfull size-large animation--init--once slide-up is-style-no-margin waves wp-duotone-ecf8fb-ecf8fb-1\"><img loading=\"lazy\" decoding=\"async\" width=\"1700\" height=\"104\" src=\"http:\/\/www.campingkims.com\/wp-content\/uploads\/waves.svg\" alt=\"\" class=\"wp-image-926\"\/><\/figure>\n<\/div><\/div>\n\n<div class=\"wp-block-group alignfull booking-group has-theme-soft-blue-background-color has-background is-vertical is-content-justification-center is-layout-flex wp-container-core-group-is-layout-5 wp-block-group-is-layout-flex\" style=\"margin-top:0px;margin-bottom:35vh;padding-bottom:0px\">\n<div class=\"wp-block-group animation--init--once slide-up is-vertical is-content-justification-center is-layout-flex wp-container-core-group-is-layout-1 wp-block-group-is-layout-flex\" style=\"margin-bottom:8vh\">\n<figure class=\"wp-block-image size-large is-resized wp-duotone-1ac6fe-1ac6fe-2\"><img loading=\"lazy\" decoding=\"async\" width=\"25\" height=\"25\" src=\"http:\/\/www.campingkims.com\/wp-content\/uploads\/bungalow.svg\" alt=\"\" class=\"wp-image-1113\" style=\"width:60px;height:undefinedpx\"\/><\/figure>\n\n\n\n<h1 class=\"wp-block-heading has-text-align-center has-theme-dark-purple-color has-text-color has-h-2-font-size\">Garb\u00ed<\/h1>\n\n\n\n<p class=\"has-theme-blue-color has-text-color has-roboto-slab-font-family has-h-6-font-size\">Bungalow 6 personen<\/p>\n\n\n\n<figure class=\"wp-block-image size-large is-resized wp-duotone-1ac6fe-fff-3\"><img loading=\"lazy\" decoding=\"async\" width=\"25\" height=\"9\" src=\"http:\/\/www.campingkims.com\/wp-content\/uploads\/ola-separadora.svg\" alt=\"\" class=\"wp-image-921\" style=\"width:70px;height:undefinedpx\"\/><\/figure>\n<\/div>\n\n\n        <div class=\"wp-block-custom-grid square-icon-row has-text-align-left has-custom-margin block-grid-responsive\" style=\"margin-bottom:240px; --wp--style--block-desktop-column:5;--wp--style--block-tablet-column:2;--wp--style--block-mobile-column:2;\">\n\n                <div class=\"acf-innerblocks-container\">\n\n<figure class=\"wp-block-image size-large is-resized is-style-no-margin animation--init--once slide-up wp-duotone-1ac6fe-1ac6fe-4\"><img loading=\"lazy\" decoding=\"async\" width=\"25\" height=\"25\" src=\"http:\/\/www.campingkims.com\/wp-content\/uploads\/familia-1.svg\" alt=\"\" class=\"wp-image-1343\" style=\"width:60px;height:60px\"\/><figcaption class=\"wp-element-caption\">\n          <strong>6 personen<\/strong>\n        <\/figcaption><\/figure>\n\n\n\n<figure class=\"wp-block-image size-large is-resized is-style-no-margin animation--init--once slide-up delay-1 wp-duotone-1ac6fe-1ac6fe-5\"><img loading=\"lazy\" decoding=\"async\" width=\"25\" height=\"25\" src=\"http:\/\/www.campingkims.com\/wp-content\/uploads\/habitacion-1.svg\" alt=\"\" class=\"wp-image-1344\" style=\"width:60px;height:60px\"\/><figcaption class=\"wp-element-caption\">\n          <strong>3 slaapkamers<\/strong>\n        <\/figcaption><\/figure>\n\n\n\n<figure class=\"wp-block-image size-large is-resized is-style-no-margin animation--init--once slide-up delay-2 wp-duotone-1ac6fe-1ac6fe-6\"><img loading=\"lazy\" decoding=\"async\" width=\"25\" height=\"25\" src=\"http:\/\/www.campingkims.com\/wp-content\/uploads\/terraza-1.svg\" alt=\"\" class=\"wp-image-1345\" style=\"width:60px;height:60px\"\/><figcaption class=\"wp-element-caption\">\n          <strong>Terras<\/strong>\n        <\/figcaption><\/figure>\n\n\n\n<figure class=\"wp-block-image size-large is-resized is-style-no-margin animation--init--once slide-up delay-3 wp-duotone-1ac6fe-1ac6fe-7\"><img loading=\"lazy\" decoding=\"async\" width=\"25\" height=\"25\" src=\"http:\/\/www.campingkims.com\/wp-content\/uploads\/parking-1.svg\" alt=\"\" class=\"wp-image-1346\" style=\"width:60px;height:60px\"\/><figcaption class=\"wp-element-caption\">\n          <strong>Parking<\/strong>\n        <\/figcaption><\/figure>\n\n\n\n<figure class=\"wp-block-image size-large is-resized is-style-no-margin animation--init--once slide-up delay-4 wp-duotone-1ac6fe-1ac6fe-8\"><img loading=\"lazy\" decoding=\"async\" width=\"25\" height=\"25\" src=\"http:\/\/www.campingkims.com\/wp-content\/uploads\/prohibido-mascotas-1.svg\" alt=\"\" class=\"wp-image-1347\" style=\"width:60px;height:undefinedpx\"\/><figcaption class=\"wp-element-caption\">\n          <strong>Dieren<br\/>niet toegelaten<\/strong>\n        <\/figcaption><\/figure>\n\n<\/div>\n<\/div>\n\n\n<div class=\"wp-block-group alignfull booking-wrapper is-layout-constrained wp-block-group-is-layout-constrained\">\n<div class=\"wp-block-group alignwide animation--init--once slide-up booking-container has-theme-orange-background-color has-background is-vertical is-content-justification-center is-layout-flex wp-container-core-group-is-layout-3 wp-block-group-is-layout-flex\" style=\"border-radius:2rem;margin-top:0px;margin-bottom:0px;padding-top:3rem;padding-right:3rem;padding-bottom:3rem;padding-left:3rem\">\n<div class=\"wp-block-group animation--init--once alignwide booking-title is-vertical is-content-justification-center is-layout-flex wp-container-core-group-is-layout-2 wp-block-group-is-layout-flex\">\n<p class=\"has-theme-dark-purple-color has-text-color has-roboto-slab-font-family has-h-6-font-size\">ONLINE BOEKEN<\/p>\n\n\n\n<h4 class=\"wp-block-heading has-text-align-center has-theme-white-color has-text-color has-h-4-font-size\">Boek uw vakantie aan de Costa Brava<\/h4>\n\n\n\n<figure class=\"wp-block-image size-large is-resized wp-duotone-221b40-221b40-9\"><img loading=\"lazy\" decoding=\"async\" width=\"25\" height=\"9\" src=\"http:\/\/www.campingkims.com\/wp-content\/uploads\/ola-separadora.svg\" alt=\"\" class=\"wp-image-921\" style=\"width:70px;height:undefinedpx\"\/><\/figure>\n<\/div>\n\n\n<script>\n            document.addEventListener('DOMContentLoaded', function () {\n\n                var widget = new MasterWidget('widgetBookingContainer259', {\n                    lang: 'nl',idProperty: '61',class: 'widget_columns',categoryIds: [8],target: '_blank',dropdown: true,\n                    url: 'https:\/\/booking.campingkims.com'\n                });\n\n\n            });\n\n            <\/script><div id=\"widgetBookingContainer259\"> <\/div>\n<\/div>\n<\/div>\n<\/div>\n\n<div class=\"wp-block-columns alignwide are-vertically-aligned-bottom is-layout-flex wp-container-core-columns-is-layout-1 wp-block-columns-is-layout-flex\" style=\"margin-bottom:10vh\">\n<div class=\"wp-block-column is-vertically-aligned-bottom is-layout-flow wp-block-column-is-layout-flow\" style=\"flex-basis:40%\">\n<div class=\"wp-block-group animation--init--once slide-right is-vertical is-layout-flex wp-container-core-group-is-layout-6 wp-block-group-is-layout-flex\">\n<h3 class=\"wp-block-heading has-theme-dark-purple-color has-text-color has-h-4-font-size\">Bungalow met een oppervlakte van 34 m<sup>2<\/sup><br\/><mark style=\"background-color:rgba(0, 0, 0, 0)\" class=\"has-inline-color has-theme-blue-color\">(maximaal 6 personen)<\/mark><\/h3>\n\n\n\n<figure class=\"wp-block-image size-large is-resized wp-duotone-1ac6fe-fff-10\"><img loading=\"lazy\" decoding=\"async\" width=\"25\" height=\"9\" src=\"http:\/\/www.campingkims.com\/wp-content\/uploads\/ola-separadora.svg\" alt=\"\" class=\"wp-image-921\" style=\"width:70px;height:undefinedpx\"\/><\/figure>\n<\/div>\n\n\n\n<ul class=\"wp-block-list styled-list has-theme-purple-color has-text-color\">\n<li class=\"animation--init--once slide-right\">Ze hebben 3 slaapkamers: 2 met twee eenpersoonsbedden en de andere met een tweepersoonsbed.<\/li>\n\n\n\n<li class=\"animation--init--once slide-right\">Eetkamer met een bank en een goed uitgeruste keuken en een koelkast.<\/li>\n\n\n\n<li class=\"animation--init--once slide-right\">Verwarming, ligbad met douche, wastafel en toilet.<\/li>\n\n\n\n<li>Beddengoed, 1 handdoek en 1 douchedoek per persoon en theedoeken inbegrepen. Wekelijkse wissel.<\/li>\n\n\n\n<li class=\"animation--init--once slide-right\">Het heeft een eigen overdekt terras met een tafel en stoelen.<\/li>\n\n\n\n<li class=\"animation--init--once slide-right\">Parkeerplaats voor de auto naast de bungalow.<\/li>\n<\/ul>\n<\/div>\n\n\n\n<div class=\"wp-block-column is-vertically-aligned-bottom is-layout-flow wp-block-column-is-layout-flow\" style=\"flex-basis:60%\">\n<div class=\"wp-image-slider slider-right animation--init--once slide-left has-text-align-left aspect-ratio-3_2\">\n\n                                        \n                    <script>\n                        'use strict';\n\n                        document.addEventListener('DOMContentLoaded', function () {\n\n                            (function() {\n                                const blockSlide = new Splide( '#slide_641', {\n                                    type : 'loop',\n                                    perPage: 1,\n                                                                        \n                                    breakpoints: {\n                                        800: {\n                                            perPage: 1,\n                                                                                    },\n                                        450: {\n                                            perPage: 1,\n                                            \n                                        },\n                                    },\n                                    pagination: false,\n                                    arrows: true,\n                                    gap: 'var(--wp--style--block-gap)',\n                                    i18n: {\n                                        slideLabel: '0%s \/ 0%s',\n                                    }\n                                } );\n                                \n\n                                \n                                blockSlide.mount();\n                                                                \n\n                            })();\n                        })\n                    <\/script>\n\n                    <div class=\"slider-container\"><div class=\"splide galeria-slider galeria-columnas-1\" id=\"slide_641\"><div class=\"splide__track\"><div class=\"splide__list\"><div id=\"thumb-3290\" class=\"splide__slide\" data-counter=\"01\/06\"><div class=\"image-wrapper\"><img loading=\"lazy\" decoding=\"async\" width=\"700\" height=\"467\" src=\"https:\/\/www.campingkims.com\/wp-content\/uploads\/bungalow-garbi-07.webp\" class=\"attachment-gallery-medium size-gallery-medium\" alt=\"\" srcset=\"https:\/\/www.campingkims.com\/wp-content\/uploads\/bungalow-garbi-07.webp 700w, https:\/\/www.campingkims.com\/wp-content\/uploads\/bungalow-garbi-07-512x342.webp 512w, https:\/\/www.campingkims.com\/wp-content\/uploads\/bungalow-garbi-07-256x171.webp 256w\" sizes=\"(max-width: 700px) 100vw, 700px\" \/><\/div><\/div><div id=\"thumb-3284\" class=\"splide__slide\" data-counter=\"02\/06\"><div class=\"image-wrapper\"><img loading=\"lazy\" decoding=\"async\" width=\"700\" height=\"466\" src=\"https:\/\/www.campingkims.com\/wp-content\/uploads\/bungalow-garbi-06.webp\" class=\"attachment-gallery-medium size-gallery-medium\" alt=\"\" srcset=\"https:\/\/www.campingkims.com\/wp-content\/uploads\/bungalow-garbi-06.webp 700w, https:\/\/www.campingkims.com\/wp-content\/uploads\/bungalow-garbi-06-512x341.webp 512w, https:\/\/www.campingkims.com\/wp-content\/uploads\/bungalow-garbi-06-256x170.webp 256w\" sizes=\"(max-width: 700px) 100vw, 700px\" \/><\/div><\/div><div id=\"thumb-3278\" class=\"splide__slide\" data-counter=\"03\/06\"><div class=\"image-wrapper\"><img loading=\"lazy\" decoding=\"async\" width=\"700\" height=\"466\" src=\"https:\/\/www.campingkims.com\/wp-content\/uploads\/bungalow-garbi-05.webp\" class=\"attachment-gallery-medium size-gallery-medium\" alt=\"\" srcset=\"https:\/\/www.campingkims.com\/wp-content\/uploads\/bungalow-garbi-05.webp 700w, https:\/\/www.campingkims.com\/wp-content\/uploads\/bungalow-garbi-05-512x341.webp 512w, https:\/\/www.campingkims.com\/wp-content\/uploads\/bungalow-garbi-05-256x170.webp 256w\" sizes=\"(max-width: 700px) 100vw, 700px\" \/><\/div><\/div><div id=\"thumb-3272\" class=\"splide__slide\" data-counter=\"04\/06\"><div class=\"image-wrapper\"><img loading=\"lazy\" decoding=\"async\" width=\"700\" height=\"466\" src=\"https:\/\/www.campingkims.com\/wp-content\/uploads\/bungalow-garbi-04.webp\" class=\"attachment-gallery-medium size-gallery-medium\" alt=\"\" srcset=\"https:\/\/www.campingkims.com\/wp-content\/uploads\/bungalow-garbi-04.webp 700w, https:\/\/www.campingkims.com\/wp-content\/uploads\/bungalow-garbi-04-512x341.webp 512w, https:\/\/www.campingkims.com\/wp-content\/uploads\/bungalow-garbi-04-256x170.webp 256w\" sizes=\"(max-width: 700px) 100vw, 700px\" \/><\/div><\/div><div id=\"thumb-3266\" class=\"splide__slide\" data-counter=\"05\/06\"><div class=\"image-wrapper\"><img loading=\"lazy\" decoding=\"async\" width=\"700\" height=\"466\" src=\"https:\/\/www.campingkims.com\/wp-content\/uploads\/bungalow-garbi-03.webp\" class=\"attachment-gallery-medium size-gallery-medium\" alt=\"\" srcset=\"https:\/\/www.campingkims.com\/wp-content\/uploads\/bungalow-garbi-03.webp 700w, https:\/\/www.campingkims.com\/wp-content\/uploads\/bungalow-garbi-03-512x341.webp 512w, https:\/\/www.campingkims.com\/wp-content\/uploads\/bungalow-garbi-03-256x170.webp 256w\" sizes=\"(max-width: 700px) 100vw, 700px\" \/><\/div><\/div><div id=\"thumb-3260\" class=\"splide__slide\" data-counter=\"06\/06\"><div class=\"image-wrapper\"><img loading=\"lazy\" decoding=\"async\" width=\"1024\" height=\"683\" src=\"https:\/\/www.campingkims.com\/wp-content\/uploads\/bungalow-garbi-02-1024x683.webp\" class=\"attachment-gallery-medium size-gallery-medium\" alt=\"\" srcset=\"https:\/\/www.campingkims.com\/wp-content\/uploads\/bungalow-garbi-02-1024x683.webp 1024w, https:\/\/www.campingkims.com\/wp-content\/uploads\/bungalow-garbi-02-768x512.webp 768w, https:\/\/www.campingkims.com\/wp-content\/uploads\/bungalow-garbi-02-1536x1024.webp 1536w, https:\/\/www.campingkims.com\/wp-content\/uploads\/bungalow-garbi-02-512x341.webp 512w, https:\/\/www.campingkims.com\/wp-content\/uploads\/bungalow-garbi-02-256x171.webp 256w, https:\/\/www.campingkims.com\/wp-content\/uploads\/bungalow-garbi-02.webp 1920w\" sizes=\"(max-width: 1024px) 100vw, 1024px\" \/><\/div><\/div><\/div><\/div><\/div><\/div>\n                    \n<\/div><\/div>\n<\/div>\n\n<div class=\"wp-block-buttons buttons-direction is-content-justification-center is-layout-flex wp-container-core-buttons-is-layout-1 wp-block-buttons-is-layout-flex\" style=\"margin-bottom:14vh\">\n<div class=\"wp-block-button has-custom-width wp-block-button__width-50 animation--init--once slide-up delay-1 invert-icon\" style=\"text-transform:uppercase\"><a class=\"wp-block-button__link has-theme-green-background-color has-background wp-element-button\" href=\"https:\/\/www.campingkims.com\/wp-content\/uploads\/planell-a4-bung-garbi-web.webp\" style=\"border-radius:0.25rem\" target=\"_blank\" rel=\"noreferrer noopener\" class=\"image-link\">\n          <img loading=\"lazy\" decoding=\"async\" width=\"25\" height=\"24\" class=\"wp-image-1472\" style=\"width: 25px;\" src=\"http:\/\/www.campingkims.com\/wp-content\/uploads\/mapa-camping.svg\" alt=\"\"\/>\n          <strong>Plaats<\/strong>\n        <\/a><\/div>\n<\/div>\n\n<div class=\"wp-block-auto-tabs accommodation-tabs alignfull has-custom-margin animation--init--once\" style=\"margin-bottom:14vh;\" data-selector=\"h3\">\n  <div class=\"acf-innerblocks-container\">\n\n<div class=\"wp-block-group auto-tabs-wrapper is-layout-flow wp-block-group-is-layout-flow\">\n<p class=\"has-text-align-center\"><strong>Aqu\u00ed se mostrar\u00e1n las pesta\u00f1as.<\/strong><br> El primer <strong>h3<\/strong> de cada contenido se usar\u00e1 como t\u00edtulo de su pesta\u00f1a. Puedes cambiarlo por otro tag o una clase en el panel lateral<\/p>\n<\/div>\n\n\n\n<div class=\"wp-block-group auto-content-wrapper has-theme-soft-blue-background-color has-background is-layout-flow wp-block-group-is-layout-flow\">\n<div class=\"wp-block-group is-layout-flow wp-block-group-is-layout-flow\">\n<h3 class=\"wp-block-heading has-text-align-center\">Inventaris<\/h3>\n\n\n\n<div class=\"wp-block-group inventari-section background-color-color-1 is-layout-constrained wp-container-core-group-is-layout-8 wp-block-group-is-layout-constrained\" style=\"padding-top:var(--wp--preset--spacing--40);padding-right:var(--wp--preset--spacing--30);padding-bottom:var(--wp--preset--spacing--40);padding-left:var(--wp--preset--spacing--30)\">\n<h4 class=\"wp-block-heading heading has-icon has-icon-kitchen-pot\">Keuken<\/h4>\n\n\n\n<div class=\"wp-block-columns is-layout-flex wp-container-core-columns-is-layout-2 wp-block-columns-is-layout-flex\">\n<div class=\"wp-block-column is-layout-flow wp-block-column-is-layout-flow\">\n<h5 class=\"wp-block-heading heading\">Keukengerei<\/h5>\n\n\n\n<ul class=\"wp-block-list styled-list\">\n<li>Citruspers (x1)<\/li>\n\n\n\n<li>Schuimspaan (x1)<\/li>\n\n\n\n<li>Spatel (x1)<\/li>\n\n\n\n<li>Zeef (x1)<\/li>\n\n\n\n<li>Soeplepel (x1)<\/li>\n\n\n\n<li>Zeef (x1)<\/li>\n\n\n\n<li>Broodmes (x1)<\/li>\n\n\n\n<li>Bilkopener (x1)<\/li>\n\n\n\n<li>Dienblad (x1)<\/li>\n\n\n\n<li>Keukenschaar (x1)<\/li>\n\n\n\n<li>Kurkentrekker (x1)<\/li>\n\n\n\n<li>Snijbord (x1)<\/li>\n\n\n\n<li>Vleestang (x1)<\/li>\n<\/ul>\n<\/div>\n\n\n\n<div class=\"wp-block-column is-layout-flow wp-block-column-is-layout-flow\">\n<h5 class=\"wp-block-heading heading\">Potten en pannen<\/h5>\n\n\n\n<ul class=\"wp-block-list styled-list\">\n<li>Koekenpannen (x2)<\/li>\n\n\n\n<li>Steelpan (x1)<\/li>\n\n\n\n<li>Kookpannen (x2)<\/li>\n<\/ul>\n<\/div>\n\n\n\n<div class=\"wp-block-column is-layout-flow wp-block-column-is-layout-flow\">\n<h5 class=\"wp-block-heading heading\">Kleine huishoudelijke apparaten<\/h5>\n\n\n\n<ul class=\"wp-block-list styled-list\">\n<li>Magnetron (x1)<\/li>\n\n\n\n<li>Staafmixer (x1)<\/li>\n\n\n\n<li>Broodrooster (x1)<\/li>\n\n\n\n<li>Koffieepot (x1)<\/li>\n<\/ul>\n<\/div>\n<\/div>\n<\/div>\n\n\n\n<div class=\"wp-block-group inventari-section background-color-color-2 is-layout-constrained wp-container-core-group-is-layout-9 wp-block-group-is-layout-constrained\" style=\"padding-top:var(--wp--preset--spacing--40);padding-right:var(--wp--preset--spacing--30);padding-bottom:var(--wp--preset--spacing--40);padding-left:var(--wp--preset--spacing--30)\">\n<h4 class=\"wp-block-heading heading has-icon has-icon-plate\">Eetkamer<\/h4>\n\n\n\n<div class=\"wp-block-columns is-layout-flex wp-container-core-columns-is-layout-3 wp-block-columns-is-layout-flex\">\n<div class=\"wp-block-column is-layout-flow wp-block-column-is-layout-flow\">\n<h5 class=\"wp-block-heading heading\">Serviesgoed<\/h5>\n\n\n\n<ul class=\"wp-block-list styled-list\">\n<li>Platte borden (x6)<\/li>\n\n\n\n<li>Diepe borden (x6)<\/li>\n\n\n\n<li>Ontbijtbordjes (x6)<\/li>\n\n\n\n<li>Schoteltjez (x6)<\/li>\n\n\n\n<li>Ontbijtkopjes (x6)<\/li>\n\n\n\n<li>Ontbijtkommen (x6)<\/li>\n\n\n\n<li>Wijnglazen (x6)<\/li>\n\n\n\n<li>Glazen (grote) (x6)<\/li>\n\n\n\n<li>Waterkan (x1)<\/li>\n<\/ul>\n<\/div>\n\n\n\n<div class=\"wp-block-column is-layout-flow wp-block-column-is-layout-flow\">\n<h5 class=\"wp-block-heading heading\">Overdekt<\/h5>\n\n\n\n<ul class=\"wp-block-list styled-list\">\n<li>Messen (x6)<\/li>\n\n\n\n<li>Vorken (x6)<\/li>\n\n\n\n<li>Lepels (x6)<\/li>\n\n\n\n<li>Lepeltjes (x6)<\/li>\n<\/ul>\n<\/div>\n\n\n\n<div class=\"wp-block-column is-layout-flow wp-block-column-is-layout-flow\">\n<h5 class=\"wp-block-heading heading\">Textiel<\/h5>\n\n\n\n<ul class=\"wp-block-list styled-list\">\n<li>Tafelkleed (x1)<\/li>\n\n\n\n<li>Keukenhanddoeken (x3)<\/li>\n<\/ul>\n<\/div>\n<\/div>\n<\/div>\n\n\n\n<div class=\"wp-block-group inventari-section background-color-color-3 is-layout-constrained wp-container-core-group-is-layout-10 wp-block-group-is-layout-constrained\" style=\"padding-top:var(--wp--preset--spacing--40);padding-right:var(--wp--preset--spacing--30);padding-bottom:var(--wp--preset--spacing--40);padding-left:var(--wp--preset--spacing--30)\">\n<h4 class=\"wp-block-heading heading has-icon has-icon-clean\">Schoonmaak<\/h4>\n\n\n\n<div class=\"wp-block-columns is-layout-flex wp-container-core-columns-is-layout-4 wp-block-columns-is-layout-flex\">\n<div class=\"wp-block-column is-layout-flow wp-block-column-is-layout-flow\">\n<h5 class=\"wp-block-heading heading\">Algemeen<\/h5>\n\n\n\n<ul class=\"wp-block-list styled-list\">\n<li>Vuilnisemmer (x1)<\/li>\n\n\n\n<li>Veger (x1)<\/li>\n\n\n\n<li>Veegblik (x1)<\/li>\n\n\n\n<li>Zwabber (x1)<\/li>\n\n\n\n<li>Reinigingsemmer (x1)<\/li>\n<\/ul>\n<\/div>\n\n\n\n<div class=\"wp-block-column is-layout-flow wp-block-column-is-layout-flow\">\n<h5 class=\"wp-block-heading heading\">Badkamer<\/h5>\n\n\n\n<ul class=\"wp-block-list styled-list\">\n<li>Toiletborstel (x1)<\/li>\n\n\n\n<li>Badmat (x1)<\/li>\n\n\n\n<li>Badkamer emmer (x1)<\/li>\n<\/ul>\n<\/div>\n<\/div>\n<\/div>\n\n\n\n<div class=\"wp-block-group inventari-section background-color-color-4 is-layout-constrained wp-container-core-group-is-layout-11 wp-block-group-is-layout-constrained\" style=\"padding-top:var(--wp--preset--spacing--40);padding-right:var(--wp--preset--spacing--30);padding-bottom:var(--wp--preset--spacing--40);padding-left:var(--wp--preset--spacing--30)\">\n<h4 class=\"wp-block-heading heading has-icon has-icon-cama-doble\">Slaapkamer<\/h4>\n\n\n\n<div class=\"wp-block-columns is-layout-flex wp-container-core-columns-is-layout-5 wp-block-columns-is-layout-flex\">\n<div class=\"wp-block-column is-layout-flow wp-block-column-is-layout-flow\">\n<h5 class=\"wp-block-heading heading\">Beddengoed en badlinnen<\/h5>\n\n\n\n<ul class=\"wp-block-list styled-list\">\n<li>Beddesprei (x5)<\/li>\n\n\n\n<li>Decken (x5)<\/li>\n\n\n\n<li>Kussens (x6)<\/li>\n\n\n\n<li>Badhanddoek (x6)<\/li>\n\n\n\n<li>Handdoeken (x6)<\/li>\n<\/ul>\n<\/div>\n\n\n\n<div class=\"wp-block-column is-layout-flow wp-block-column-is-layout-flow\">\n<h5 class=\"wp-block-heading heading\">Anderen<\/h5>\n\n\n\n<ul class=\"wp-block-list styled-list\">\n<li>B\u00fcgeleisen (x1)<\/li>\n\n\n\n<li>Strijkplank (x1)<\/li>\n\n\n\n<li>W\u00e4schest\u00e4nder (x1)<\/li>\n<\/ul>\n<\/div>\n<\/div>\n<\/div>\n\n\n\n<div class=\"wp-block-group inventari-section background-color-color-1 is-layout-constrained wp-container-core-group-is-layout-12 wp-block-group-is-layout-constrained\" style=\"padding-top:var(--wp--preset--spacing--40);padding-right:var(--wp--preset--spacing--30);padding-bottom:var(--wp--preset--spacing--40);padding-left:var(--wp--preset--spacing--30)\">\n<h4 class=\"wp-block-heading heading has-icon has-icon-television\">Woonkamer<\/h4>\n\n\n\n<div class=\"wp-block-columns is-layout-flex wp-container-core-columns-is-layout-6 wp-block-columns-is-layout-flex\">\n<div class=\"wp-block-column is-layout-flow wp-block-column-is-layout-flow\">\n<h5 class=\"wp-block-heading heading\">Elektronica<\/h5>\n\n\n\n<ul class=\"wp-block-list styled-list\">\n<li>TV + toestel Afstandsbediening (x1)<\/li>\n<\/ul>\n<\/div>\n\n\n\n<div class=\"wp-block-column is-layout-flow wp-block-column-is-layout-flow\">\n<h5 class=\"wp-block-heading heading\">Anderen<\/h5>\n\n\n\n<ul class=\"wp-block-list styled-list\">\n<li>Asbakje (x1)<\/li>\n<\/ul>\n<\/div>\n<\/div>\n<\/div>\n<\/div>\n\n\n\n<div class=\"wp-block-group is-layout-flow wp-block-group-is-layout-flow\">\n<h3 class=\"wp-block-heading has-text-align-center\">Informatie<\/h3>\n\n\n\n<ul class=\"wp-block-list styled-list has-theme-purple-color has-text-color\">\n<li><strong>Prijzen in euro&#8217;s (EUR \u20ac).<\/strong><br>10% BTW inbegrepen. In het geval van offici\u00eble btw-verschillen kunnen de prijzen vari\u00ebren.<\/li>\n\n\n\n<li><strong>Toeristenbelasting niet inbegrepen:<\/strong> \u20ac 0,66\/nacht per persoon (+17 jaar) voor een maximum van 7 nachten.<\/li>\n\n\n\n<li><strong>Aankomstdag:<\/strong> accommodaties zijn beschikbaar na 16.00 uur.<\/li>\n\n\n\n<li><strong>Verblijfdag:<\/strong> accommodaties moeten v\u00f3\u00f3r 11.00 uur verlaten zijn.<\/li>\n\n\n\n<li><strong>Late Checkout<\/strong><br>Tijdens het laag- en middenseizoen kunt u de accommodatie later verlaten (late checkout), max. tot 17.00 uur. Afhankelijk van beschikbaarheid; na overleg met de receptie.<\/li>\n<\/ul>\n<\/div>\n\n\n\n<div class=\"wp-block-group is-layout-flow wp-block-group-is-layout-flow\">\n<h3 class=\"wp-block-heading has-text-align-center\">Voorwaarden<\/h3>\n\n\n\n<ul class=\"wp-block-list styled-list has-theme-purple-color has-text-color\">\n<li>De RESERVERING is definitief na ontvangst van het bijbehorende betalings- en signaal (40% van het totaal gecontracteerd).<\/li>\n\n\n\n<li>De rest van de totale huursom zal worden betaald op de dag van aankomst, samen met een aanbetaling (\u20ac 130 voor pauzes, verliezen, enz. + \u20ac 50 voor het schoonmaken) die zal worden teruggegeven op de dag van vertrek als alles correct is.<\/li>\n\n\n\n<li>Upon arrival you will be asked to provide a credit card number. It will be held only to be used in case of damages occurred during your stay.<\/li>\n\n\n\n<li>The accommodation will be left clean and picked up as delivered.<\/li>\n<\/ul>\n<\/div>\n\n\n\n<div class=\"wp-block-group is-layout-flow wp-block-group-is-layout-flow\">\n<div class=\"wp-block-group inventari-section has-theme-grey-background-color has-background is-layout-constrained wp-block-group-is-layout-constrained\">\n<h3 class=\"wp-block-heading has-text-align-center\">Regelgeving<\/h3>\n\n\n\n<div class=\"wp-block-columns is-layout-flex wp-container-core-columns-is-layout-7 wp-block-columns-is-layout-flex\">\n<div class=\"wp-block-column is-layout-flow wp-block-column-is-layout-flow\">\n<p class=\"styled-list\"><strong><u>AANKOMSTTIJD<\/u><\/strong><\/p>\n\n\n\n<ul class=\"wp-block-list styled-list\">\n<li>Vanaf 16:00 Uur.<\/li>\n\n\n\n<li>Bij maximale bezetting kan de toegang tot de accommodatie vertraagd zijn.<\/li>\n\n\n\n<li><strong>BIJ AANKOMST<\/strong> parkeert u op de buitenparkeerplaats die exclusief voor onze gasten is gereserveerd en meldt u zich vervolgens bij de receptie om in te checken.<\/li>\n\n\n\n<li><strong>Registreren:<\/strong> U dient zich te registreren voordat u met de auto de camping oprijdt.<\/li>\n\n\n\n<li>Elke persoon die de camping wenst te betreden of toegang wenst tot de installaties, moet zich vooraf persoonlijk aanmelden bij de receptie.<\/li>\n\n\n\n<li>Identiteitsbewijs of paspoort is vereist voor iedereen die de accommodatie gebruikt. Volgens de huidige wetgeving zijn personen vanaf 14 jaar verplicht hun identiteitsbewijs of paspoort te tonen.<\/li>\n\n\n\n<li><strong>Maximale capaciteit van personen<\/strong><\/li>\n\n\n\n<li>Is het ten strengste verboden om het aantal personen dat is voorzien voor het geboekte type accommodatie te overschrijden. Een baby of kind telt mee als een heel persoon.<\/li>\n\n\n\n<li><strong>Rijbewijs is niet geldig als identificatie.<\/strong><\/li>\n\n\n\n<li>Het is verboden om ongeregistreerde personen mee te nemen naar de camping.<\/li>\n\n\n\n<li><strong>Minderjarigen:<\/strong> Personen jonger dan 18 jaar die niet worden begeleid door een volwassene, worden niet toegelaten.<\/li>\n\n\n\n<li><strong>Betaling:<\/strong> De rest van de huursom zal worden betaald bij aankomst, met een kaart (Visa, Maestro of Mastercard) of contant. samen met een aanbetaling&nbsp;<\/li>\n\n\n\n<li><strong>Limieten voor contante betalingen in Spanje.<\/strong><\/li>\n\n\n\n<li>Contante betalingen boven de 1.000 euro zijn verboden.<\/li>\n\n\n\n<li>Gedeeltelijke betalingen zijn ook niet mogelijk als het totale factuurbedrag hoger is dan 1.000 euro.<\/li>\n\n\n\n<li><strong>Borg die betaald wordt aankonst:<\/strong><\/li>\n\n\n\n<li>(<strong>180 \u20ac<\/strong> voor breuk, verliezen, etc\u2026 en <strong>50 \u20ac<\/strong> schoonmaakkosten) <strong>40 \u20ac <\/strong>Verloren sleutel.<\/li>\n\n\n\n<li>U wordt gevraagd een creditcardnummer op te geven.<\/li>\n\n\n\n<li>Deze borg wordt alleen in rekening gebracht in geval van schade die tijdens uw verblijf is ontstaan.<\/li>\n\n\n\n<li><strong>Iets mis bij aankomst:<\/strong> Als u bij aankomst merkt dat er iets niet werkt, dient u dit direct te melden bij de receptie.<\/li>\n<\/ul>\n<\/div>\n\n\n\n<div class=\"wp-block-column is-layout-flow wp-block-column-is-layout-flow\">\n<p class=\"styled-list\"><strong><span style=\"text-decoration: underline;\">VERTREKTIJD<\/span><\/strong><\/p>\n\n\n\n<ul class=\"wp-block-list styled-list\">\n<li>Uiterlijk 11:00 Uur.<\/li>\n\n\n\n<li><strong>Bij vertrek:<\/strong> De accommodatie wordt schoon en in optimale staat achtergelaten zoals u deze aantrof.<\/li>\n\n\n\n<li><strong>Laat Uitchecken:<\/strong> maximaal 18.00 uur in het laag- en middenseizoen, afhankelijk van beschikbaarheid.<\/li>\n\n\n\n<li>Tegen een toeslag.<\/li>\n\n\n\n<li><strong>Achtergelaten<\/strong><\/li>\n\n\n\n<li>Vergeten of achtergelaten spullen die na het uitchecken in de accommodatie worden aangetroffen, worden als achtergelaten beschouwd.Het personeel verwijdert deze zonder aansprakelijkheid voor verlies of schade.<\/li>\n<\/ul>\n\n\n\n<p class=\"styled-list\"><strong><span style=\"text-decoration: underline;\">ALGEMENE REGELS<\/span><\/strong><\/p>\n\n\n\n<ul class=\"wp-block-list styled-list\">\n<li><strong>Barbecuen:<\/strong> alleen gasbarbecue is toegestaan. Geen houtskool geen houten barbecues.<\/li>\n\n\n\n<li><strong>Huisdieren:<\/strong> Huisdieren zijn niet toegestaan.<\/li>\n\n\n\n<li><strong>Bezoekers:<\/strong> Mogen niet in de bungalows overnachten en rekenen het bezoek bij de receptie af.<\/li>\n\n\n\n<li>Bezoektijden: 10.00 tot 19.00 uur.<\/li>\n\n\n\n<li><strong>Zwembad:<\/strong> De instructies van de badmeester en het zwembadreglement, die bij de ingang zijn opgehangen, dienen te worden opgevolgd.<\/li>\n\n\n\n<li><strong>Geluid:<\/strong> TV, radio&#8230; Het volume van de TV, radio, enz. stelt u af voor uw genot en niet voor uw buren. Het geluid mag niet buiten de bungalow te horen zijn.<\/li>\n\n\n\n<li><strong>Verloren of gestolen eigendom:<\/strong> Het management neemt geen enkele verantwoordelijkheid.<\/li>\n\n\n\n<li>Vandalisme, agressie, dronkenschap of diefstal zijn onder geen enkele omstandigheid toegestaan.<\/li>\n\n\n\n<li>Betrokkenen dienen de faciliteiten te verlaten zonder enige vorm van vergoeding.<\/li>\n\n\n\n<li><strong>Voertuigen:<\/strong> Per accommodatie is er 1 voertuig toegestaan op de parkeergelegenheid bij uw bungalow. Maximum snelheid op de camping is 10 km\/hr.<\/li>\n\n\n\n<li><strong>Elektrische scooters zijn verboden<\/strong><\/li>\n\n\n\n<li><strong>Stilte:<\/strong> Het moet STIL zijn hours tussen 00:00hrs en 8hrs a.m. Respecteer andere gasten slaaptijd.<\/li>\n\n\n\n<li>Het is niet toegestaan om de camping te betreden met voertuig tussen 00:00hrs en 08:00hrs.<\/li>\n\n\n\n<li>(<strong>Behalve in geval van nood)<\/strong> De poort is gesloten van middernacht tot 8:00 uur. Iedereen die in deze periode arriveert, dient zijn\/haar auto\/motor op de buitenparkeerplaats te parkeren, die &#8217;s nachts wordt bewaakt.<\/li>\n<\/ul>\n<\/div>\n<\/div>\n<\/div>\n<\/div>\n\n\n\n<div class=\"wp-block-group is-layout-flow wp-block-group-is-layout-flow\">\n<h3 class=\"wp-block-heading has-text-align-center\">Cancellation<\/h3>\n\n\n\n<ul class=\"wp-block-list styled-list has-theme-purple-color has-text-color\">\n<li>8 tot 7 weken voor uw aankomst, houden wij 30% van de aanbetaling.<\/li>\n\n\n\n<li>6 weken voor uw aankomst, houden wij 45% van de aanbetaling.<\/li>\n\n\n\n<li>5 tot 3 weken voor uw aankomst, houden wij 60% van de aanbetaling.<\/li>\n\n\n\n<li>2 weken voor uw aankomst, houden wij 100% van de aanbetaling.<\/li>\n\n\n\n<li><strong>Minimum anulerings onkosten zijn: 20 \u20ac.<\/strong><\/li>\n<\/ul>\n<\/div>\n<\/div>\n\n<\/div><\/div>\n<div class=\"wp-block-group animation--init--once slide-up is-vertical is-content-justification-center is-layout-flex wp-container-core-group-is-layout-20 wp-block-group-is-layout-flex\">\n<h2 class=\"wp-block-heading has-theme-dark-purple-color has-text-color\">Tarieven en Aanbiendingen<\/h2>\n\n\n\n<figure class=\"wp-block-image size-large is-resized wp-duotone-1ac6fe-fff-11\"><img loading=\"lazy\" decoding=\"async\" width=\"25\" height=\"9\" src=\"http:\/\/www.campingkims.com\/wp-content\/uploads\/ola-separadora.svg\" alt=\"\" class=\"wp-image-921\" style=\"width:70px;height:undefinedpx\"\/><\/figure>\n<\/div>\n\n<div class=\"wp-block-columns alignwide price-columns is-layout-flex wp-container-core-columns-is-layout-13 wp-block-columns-is-layout-flex\" style=\"margin-bottom:4vh\">\n<div class=\"wp-block-column is-layout-flow wp-block-column-is-layout-flow\" style=\"flex-basis:50%\">\n<figure class=\"wp-block-image size-large is-resized is-style-icon-row animation--init--once slide-right price-icon wp-duotone-1ac6fe-1ac6fe-12\"><img loading=\"lazy\" decoding=\"async\" width=\"25\" height=\"25\" src=\"http:\/\/www.campingkims.com\/wp-content\/uploads\/luna.svg\" alt=\"\" class=\"wp-image-1485\" style=\"width:32px;height:32px\"\/><figcaption class=\"wp-element-caption\">\n          <strong>Prijs per nacht<\/strong>\n        <\/figcaption><\/figure>\n\n\n\n<div class=\"wp-block-columns are-vertically-aligned-center is-not-stacked-on-mobile animation--init--once slide-right price-card has-theme-white-color has-theme-blue-background-color has-text-color has-background is-layout-flex wp-container-core-columns-is-layout-8 wp-block-columns-is-layout-flex\" style=\"border-radius:4px\">\n<div class=\"wp-block-column is-vertically-aligned-center is-layout-flow wp-block-column-is-layout-flow\" style=\"border-right-color:var(--wp--preset--color--theme-white);border-right-width:1px;padding-top:1rem;padding-right:1rem;padding-bottom:1rem;padding-left:1rem;flex-basis:60%\">\n<p class=\"large-font has-h-2-font-size\">\n          <em>\n            <strong>107<sup>,00 \u20ac<\/sup><\/strong>\n          <\/em>\n        <\/p>\n\n\n\n<p class=\"has-roboto-slab-font-family has-text-small-font-size\" style=\"text-transform:uppercase\">\n          <strong>LAAGSEIZOEN<\/strong>\n        <\/p>\n<\/div>\n\n\n\n<div class=\"wp-block-column is-vertically-aligned-center is-layout-flow wp-block-column-is-layout-flow\" style=\"padding-top:1rem;padding-right:1rem;padding-bottom:1rem;padding-left:1rem;flex-basis:40%\">\n<p><strong>30\/04 &#8211; 31\/05\n14\/09 &#8211; 27\/09<\/strong><\/p>\n<\/div>\n<\/div>\n\n\n\n<div class=\"wp-block-columns are-vertically-aligned-center is-not-stacked-on-mobile animation--init--once slide-right price-card has-theme-white-color has-text-color has-background is-layout-flex wp-container-core-columns-is-layout-9 wp-block-columns-is-layout-flex\" style=\"border-radius:4px;background-color:#0d71ce\">\n<div class=\"wp-block-column is-vertically-aligned-center is-layout-flow wp-block-column-is-layout-flow\" style=\"border-right-color:var(--wp--preset--color--theme-white);border-right-width:1px;padding-top:1rem;padding-right:1rem;padding-bottom:1rem;padding-left:1rem;flex-basis:60%\">\n<p class=\"large-font has-h-2-font-size\">\n          <em>\n            <strong>140<sup>,00 \u20ac<\/sup><\/strong>\n          <\/em>\n        <\/p>\n\n\n\n<p class=\"has-roboto-slab-font-family has-text-small-font-size\" style=\"text-transform:uppercase\">\n          <strong>MIDDENSEIZOEN<\/strong>\n        <\/p>\n<\/div>\n\n\n\n<div class=\"wp-block-column is-vertically-aligned-center is-layout-flow wp-block-column-is-layout-flow\" style=\"padding-top:1rem;padding-right:1rem;padding-bottom:1rem;padding-left:1rem;flex-basis:40%\">\n<p><strong>01\/06 \u2013 16\/07 <br>24\/08 \u2013 13\/09<\/strong><\/p>\n<\/div>\n<\/div>\n\n\n\n<div class=\"wp-block-columns are-vertically-aligned-center is-not-stacked-on-mobile animation--init--once slide-right price-card has-theme-white-color has-text-color has-background is-layout-flex wp-container-core-columns-is-layout-10 wp-block-columns-is-layout-flex\" style=\"border-radius:4px;background-color:#221b40\">\n<div class=\"wp-block-column is-vertically-aligned-center is-layout-flow wp-block-column-is-layout-flow\" style=\"border-right-color:var(--wp--preset--color--theme-white);border-right-width:1px;padding-top:1rem;padding-right:1rem;padding-bottom:1rem;padding-left:1rem;flex-basis:60%\">\n<p class=\"large-font has-h-2-font-size\">\n          <em>\n            <strong>189<sup>,00 \u20ac<\/sup><\/strong>\n          <\/em>\n        <\/p>\n\n\n\n<p class=\"has-roboto-slab-font-family has-text-small-font-size\" style=\"text-transform:uppercase\">\n          <strong>HOOGSEIZOEN<\/strong>\n        <\/p>\n<\/div>\n\n\n\n<div class=\"wp-block-column is-vertically-aligned-center is-layout-flow wp-block-column-is-layout-flow\" style=\"padding-top:1rem;padding-right:1rem;padding-bottom:1rem;padding-left:1rem;flex-basis:40%\">\n<p><strong>17\/07-23\/08<\/strong><\/p>\n<\/div>\n<\/div>\n\n\n\n<p class=\"animation--init--once slide-right has-theme-purple-color has-text-color has-text-small-font-size\">* BTW inbegrepen.<br\/>* Toeristenbelasting niet inbegrepen: \u20ac 0,66\/nacht per persoon (+17 jaar) voor een maximum van 7 nachten.<\/p>\n<\/div>\n\n\n\n<div class=\"wp-block-column is-layout-flow wp-block-column-is-layout-flow\" style=\"flex-basis:50%\">\n<figure class=\"wp-block-image size-large is-resized is-style-icon-row animation--init--once slide-left discount-icon wp-duotone-ffb434-ffb434-13\"><img loading=\"lazy\" decoding=\"async\" width=\"25\" height=\"25\" src=\"http:\/\/www.campingkims.com\/wp-content\/uploads\/descuento.svg\" alt=\"\" class=\"wp-image-1492\" style=\"width:32px;height:32px\"\/><figcaption class=\"wp-element-caption\"><strong>Aanbiedingen<\/strong><\/figcaption><\/figure>\n\n<div class=\"wp-block-columns are-vertically-aligned-center is-not-stacked-on-mobile animation--init--once slide-left price-card has-theme-white-color has-theme-orange-background-color has-text-color has-background is-layout-flex wp-container-core-columns-is-layout-11 wp-block-columns-is-layout-flex\" style=\"border-radius:4px\">\n<div class=\"wp-block-column is-vertically-aligned-center is-layout-flow wp-block-column-is-layout-flow\" style=\"border-right-color:var(--wp--preset--color--theme-white);border-right-width:1px;padding-top:1rem;padding-right:1rem;padding-bottom:1rem;padding-left:1rem;flex-basis:50%\">\n<p class=\"large-font has-h-2-font-size\"><em><strong>-20%<\/strong><\/em><\/p>\n\n\n\n<p class=\"has-roboto-slab-font-family has-text-small-font-size\"><strong><strong>LAAGSEIZOEN EN MIDDENSEIZOEN<\/strong><\/strong><\/p>\n<\/div>\n\n\n\n<div class=\"wp-block-column is-vertically-aligned-center is-layout-flow wp-block-column-is-layout-flow\" style=\"padding-top:1rem;padding-right:1rem;padding-bottom:1rem;padding-left:1rem;flex-basis:50%\">\n<p><strong>30\/04 \u2013 16\/07<br>24\/08 \u2013 27\/09<\/strong><\/p>\n<\/div>\n<\/div>\n\n<div class=\"wp-block-columns are-vertically-aligned-center is-not-stacked-on-mobile animation--init--once slide-left price-card has-theme-white-color has-theme-green-background-color has-text-color has-background is-layout-flex wp-container-core-columns-is-layout-12 wp-block-columns-is-layout-flex\" style=\"border-radius:4px\">\n<div class=\"wp-block-column is-vertically-aligned-center is-layout-flow wp-block-column-is-layout-flow\" style=\"border-right-color:var(--wp--preset--color--theme-white);border-right-width:1px;padding-top:1rem;padding-right:1rem;padding-bottom:1rem;padding-left:1rem;flex-basis:50%\">\n<p class=\"large-font has-h-2-font-size\"><em><strong>-5%<\/strong><\/em><\/p>\n\n\n\n<p class=\"has-roboto-slab-font-family has-text-small-font-size\" style=\"text-transform:uppercase\">HOOGSEIZOEN<\/p>\n<\/div>\n\n\n\n<div class=\"wp-block-column is-vertically-aligned-center is-layout-flow wp-block-column-is-layout-flow\" style=\"padding-top:1rem;padding-right:1rem;padding-bottom:1rem;padding-left:1rem;flex-basis:50%\">\n<p><strong>17\/07 &#8211; 23\/08<\/strong><\/p>\n<\/div>\n<\/div>\n\n<p class=\"animation--init--once slide-left has-theme-purple-color has-text-color has-text-small-font-size\">* Korting blijft vanaf 7 nachten<br\/>* Niet-accumulatieve kortingen, reeds toegepast bij het maken van de reservering<\/p>\n<\/div>\n<\/div>\n\n<div class=\"wp-block-buttons alignwide animation--init--once slide-up is-content-justification-center is-layout-flex wp-container-core-buttons-is-layout-2 wp-block-buttons-is-layout-flex\" style=\"margin-bottom:8vh\">\n<div class=\"wp-block-button invert-icon\"><a class=\"wp-block-button__link has-theme-green-background-color has-background wp-element-button\" href=\"https:\/\/booking.campingkims.com\/search?categoryIds=8&amp;lang=nl\" style=\"border-radius:8px\" target=\"_blank\" rel=\"noreferrer noopener\">\n          <img loading=\"lazy\" decoding=\"async\" width=\"25\" height=\"24\" class=\"wp-image-1321\" style=\"width: 25px;\" src=\"http:\/\/www.campingkims.com\/wp-content\/uploads\/reservar.svg\" alt=\"\"\/>\n          <strong>DE BESCHIKBAARHEID WEERGEVEN<\/strong>\n        <\/a><\/div>\n<\/div>\n\n<div class=\"wp-block-group alignfull other-accommodations-container animation--init--once has-background is-layout-constrained wp-block-group-is-layout-constrained\" style=\"background-color:#4acaff\">\n<div class=\"wp-block-group alignwide animation--init--once slide-right is-vertical is-content-justification-left is-layout-flex wp-container-core-group-is-layout-21 wp-block-group-is-layout-flex\">\n<p class=\"has-text-align-left has-theme-white-color has-text-color has-roboto-slab-font-family has-h-6-font-size\" style=\"text-transform:uppercase\">ACCOMODATIES<\/p>\n\n\n\n<h2 class=\"wp-block-heading has-text-align-left has-theme-dark-purple-color has-text-color has-h-3-font-size\">Bungalows<\/h2>\n\n\n\n<figure class=\"wp-block-image size-large is-resized wp-duotone-fff-fff-14\"><img loading=\"lazy\" decoding=\"async\" width=\"25\" height=\"9\" src=\"http:\/\/www.campingkims.com\/wp-content\/uploads\/ola-separadora.svg\" alt=\"\" class=\"wp-image-921\" style=\"width:70px;height:undefinedpx\"\/><\/figure>\n<\/div>\n\n\n\n<p class=\"alignwide animation--init--once slide-right has-theme-dark-purple-color has-text-color\" style=\"margin-bottom:4vh\">Bungalows in der N\u00e4he des Pools und Kampingdienstleistungen f\u00fcr 4-6 Personen: ideal f\u00fcr Familien oder Freunde. Komplett ausgestattet und renoviert.<\/p>\n\n\n        <div class=\"wp-block-locations-block alignwide has-text-align-left has-custom-margin\" style=\"margin-bottom:14vh;\">\n\n            <section class=\"splide\" id=\"slide_289\">\n            <div class=\"splide__track\">\n                <ul class=\"splide__list\">\n                                    <li class=\"animation--init--once slide-up splide__slide\">\n                        <a class=\"location-card\" href=\"https:\/\/www.campingkims.com\/nl\/accommodaties\/bungalows\/sun-roller\/\">\n                            <img decoding=\"async\" src=\"https:\/\/www.campingkims.com\/wp-content\/uploads\/bungalow-sun-roller-07.webp\">\n                        <\/a>\n                        <div class=\"info-container\">\n                            <a href=\"https:\/\/www.campingkims.com\/nl\/accommodaties\/bungalows\/sun-roller\/\">\n                                <strong>Sun-Roller<\/strong>\n                            <\/a>    \n                            <p><em><strong>x 4 Personen<\/strong><\/em><\/italic><\/p>\n                        <\/div>\n                    <\/li>\n                                    <li class=\"animation--init--once slide-up splide__slide\">\n                        <a class=\"location-card\" href=\"https:\/\/www.campingkims.com\/nl\/accommodaties\/bungalows\/mediterranee\/\">\n                            <img decoding=\"async\" src=\"https:\/\/www.campingkims.com\/wp-content\/uploads\/bungalow-mediterranee-06.webp\">\n                        <\/a>\n                        <div class=\"info-container\">\n                            <a href=\"https:\/\/www.campingkims.com\/nl\/accommodaties\/bungalows\/mediterranee\/\">\n                                <strong>Mediterran\u00e9e<\/strong>\n                            <\/a>    \n                            <p><em><strong>x 4 Personen<\/strong><\/em><\/italic><\/p>\n                        <\/div>\n                    <\/li>\n                                    <li class=\"animation--init--once slide-up splide__slide\">\n                        <a class=\"location-card\" href=\"https:\/\/www.campingkims.com\/nl\/accommodaties\/bungalows\/bravo\/\">\n                            <img decoding=\"async\" src=\"https:\/\/www.campingkims.com\/wp-content\/uploads\/bungalow-bravo-07.webp\">\n                        <\/a>\n                        <div class=\"info-container\">\n                            <a href=\"https:\/\/www.campingkims.com\/nl\/accommodaties\/bungalows\/bravo\/\">\n                                <strong>Bravo<\/strong>\n                            <\/a>    \n                            <p><em><strong>x 4 Personen<\/strong><\/em><\/italic><\/p>\n                        <\/div>\n                    <\/li>\n                                    <li class=\"animation--init--once slide-up splide__slide\">\n                        <a class=\"location-card\" href=\"https:\/\/www.campingkims.com\/nl\/accommodaties\/bungalows\/caprice\/\">\n                            <img decoding=\"async\" src=\"https:\/\/www.campingkims.com\/wp-content\/uploads\/bungalow-caprice-08.webp\">\n                        <\/a>\n                        <div class=\"info-container\">\n                            <a href=\"https:\/\/www.campingkims.com\/nl\/accommodaties\/bungalows\/caprice\/\">\n                                <strong>Caprice<\/strong>\n                            <\/a>    \n                            <p><em><strong>x 4 Personen<\/strong><\/em><\/italic><\/p>\n                        <\/div>\n                    <\/li>\n                                    <li class=\"animation--init--once slide-up splide__slide\">\n                        <a class=\"location-card\" href=\"https:\/\/www.campingkims.com\/nl\/accommodaties\/bungalows\/garbi-pmr\/\">\n                            <img decoding=\"async\" src=\"https:\/\/www.campingkims.com\/wp-content\/uploads\/bungalow-garbi-01.webp\">\n                        <\/a>\n                        <div class=\"info-container\">\n                            <a href=\"https:\/\/www.campingkims.com\/nl\/accommodaties\/bungalows\/garbi-pmr\/\">\n                                <strong>Garb\u00ed PMR<\/strong>\n                            <\/a>    \n                            <p><em><strong>x 6 Personen<\/strong><\/em><\/italic><\/p>\n                        <\/div>\n                    <\/li>\n                                <\/ul>\n            <\/div>\n        <\/section>  \n    <\/div>\n<\/div>\n","protected":false},"excerpt":{"rendered":"<p>Garb\u00ed Bungalow 6 personen ONLINE BOEKEN Boek uw vakantie aan de Costa Brava Bungalow met een oppervlakte van 34 m2(maximaal 6 personen) Tarieven en Aanbiendingen&#8230;<\/p>\n","protected":false},"author":2,"featured_media":3254,"parent":5082,"menu_order":4,"comment_status":"closed","ping_status":"closed","template":"","meta":{"_acf_changed":false,"inline_featured_image":false,"footnotes":""},"class_list":["post-5433","page","type-page","status-publish","has-post-thumbnail","hentry"],"acf":[],"yoast_head":"<!-- This site is optimized with the Yoast SEO plugin v23.5 - https:\/\/yoast.com\/wordpress\/plugins\/seo\/ -->\n<title>Garb\u00ed - Camping Kim&#039;s Llafranc<\/title>\n<meta name=\"description\" content=\"Garb\u00ed Bungalow 6 personen 6 personen 3 slaapkamers Terras Parking Dierenniet toegelaten ONLINE BOEKEN Boek uw vakantie aan de Costa Brava Bungalow met een\" \/>\n<meta name=\"robots\" content=\"index, follow, max-snippet:-1, max-image-preview:large, max-video-preview:-1\" \/>\n<link rel=\"canonical\" href=\"https:\/\/www.campingkims.com\/nl\/accommodaties\/bungalows\/garbi\/\" \/>\n<meta property=\"og:locale\" content=\"nl_NL\" \/>\n<meta property=\"og:type\" content=\"article\" \/>\n<meta property=\"og:title\" content=\"Garb\u00ed - Camping Kim&#039;s Llafranc\" \/>\n<meta property=\"og:description\" content=\"Garb\u00ed Bungalow 6 personen 6 personen 3 slaapkamers Terras Parking Dierenniet toegelaten ONLINE BOEKEN Boek uw vakantie aan de Costa Brava Bungalow met een\" \/>\n<meta property=\"og:url\" content=\"https:\/\/www.campingkims.com\/nl\/accommodaties\/bungalows\/garbi\/\" \/>\n<meta property=\"og:site_name\" content=\"Camping Kim&#039;s Llafranc\" \/>\n<meta property=\"article:modified_time\" content=\"2026-03-13T15:16:40+00:00\" \/>\n<meta property=\"og:image\" content=\"https:\/\/www.campingkims.com\/wp-content\/uploads\/bungalow-garbi-01.webp\" \/>\n\t<meta property=\"og:image:width\" content=\"700\" \/>\n\t<meta property=\"og:image:height\" content=\"467\" \/>\n\t<meta property=\"og:image:type\" content=\"image\/webp\" \/>\n<meta name=\"twitter:card\" content=\"summary_large_image\" \/>\n<meta name=\"twitter:label1\" content=\"Geschatte leestijd\" \/>\n\t<meta name=\"twitter:data1\" content=\"25 minuten\" \/>\n<script type=\"application\/ld+json\" class=\"yoast-schema-graph\">{\"@context\":\"https:\/\/schema.org\",\"@graph\":[{\"@type\":\"WebPage\",\"@id\":\"https:\/\/www.campingkims.com\/nl\/accommodaties\/bungalows\/garbi\/\",\"url\":\"https:\/\/www.campingkims.com\/nl\/accommodaties\/bungalows\/garbi\/\",\"name\":\"Garb\u00ed - Camping Kim&#039;s Llafranc\",\"isPartOf\":{\"@id\":\"https:\/\/www.campingkims.com\/nl\/#website\"},\"primaryImageOfPage\":{\"@id\":\"https:\/\/www.campingkims.com\/nl\/accommodaties\/bungalows\/garbi\/#primaryimage\"},\"image\":{\"@id\":\"https:\/\/www.campingkims.com\/nl\/accommodaties\/bungalows\/garbi\/#primaryimage\"},\"thumbnailUrl\":\"https:\/\/www.campingkims.com\/wp-content\/uploads\/bungalow-garbi-01.webp\",\"datePublished\":\"2023-07-10T08:32:36+00:00\",\"dateModified\":\"2026-03-13T15:16:40+00:00\",\"description\":\"Garb\u00ed Bungalow 6 personen 6 personen 3 slaapkamers Terras Parking Dierenniet toegelaten ONLINE BOEKEN Boek uw vakantie aan de Costa Brava Bungalow met een\",\"breadcrumb\":{\"@id\":\"https:\/\/www.campingkims.com\/nl\/accommodaties\/bungalows\/garbi\/#breadcrumb\"},\"inLanguage\":\"nl-NL\",\"potentialAction\":[{\"@type\":\"ReadAction\",\"target\":[\"https:\/\/www.campingkims.com\/nl\/accommodaties\/bungalows\/garbi\/\"]}]},{\"@type\":\"ImageObject\",\"inLanguage\":\"nl-NL\",\"@id\":\"https:\/\/www.campingkims.com\/nl\/accommodaties\/bungalows\/garbi\/#primaryimage\",\"url\":\"https:\/\/www.campingkims.com\/wp-content\/uploads\/bungalow-garbi-01.webp\",\"contentUrl\":\"https:\/\/www.campingkims.com\/wp-content\/uploads\/bungalow-garbi-01.webp\",\"width\":700,\"height\":467},{\"@type\":\"BreadcrumbList\",\"@id\":\"https:\/\/www.campingkims.com\/nl\/accommodaties\/bungalows\/garbi\/#breadcrumb\",\"itemListElement\":[{\"@type\":\"ListItem\",\"position\":1,\"name\":\"Portada\",\"item\":\"https:\/\/www.campingkims.com\/nl\/\"},{\"@type\":\"ListItem\",\"position\":2,\"name\":\"Accommodaties\",\"item\":\"https:\/\/www.campingkims.com\/nl\/accommodaties\/\"},{\"@type\":\"ListItem\",\"position\":3,\"name\":\"Bungalows\",\"item\":\"https:\/\/www.campingkims.com\/nl\/accommodaties\/bungalows\/\"},{\"@type\":\"ListItem\",\"position\":4,\"name\":\"Garb\u00ed\"}]},{\"@type\":\"WebSite\",\"@id\":\"https:\/\/www.campingkims.com\/nl\/#website\",\"url\":\"https:\/\/www.campingkims.com\/nl\/\",\"name\":\"Camping Kim's Llafranc\",\"description\":\"Kim&#039;s Camping Caravaning &amp; Bungalow Park\",\"publisher\":{\"@id\":\"https:\/\/www.campingkims.com\/nl\/#organization\"},\"potentialAction\":[{\"@type\":\"SearchAction\",\"target\":{\"@type\":\"EntryPoint\",\"urlTemplate\":\"https:\/\/www.campingkims.com\/nl\/?s={search_term_string}\"},\"query-input\":{\"@type\":\"PropertyValueSpecification\",\"valueRequired\":true,\"valueName\":\"search_term_string\"}}],\"inLanguage\":\"nl-NL\"},{\"@type\":\"Organization\",\"@id\":\"https:\/\/www.campingkims.com\/nl\/#organization\",\"name\":\"Camping Kim's Llafranc\",\"url\":\"https:\/\/www.campingkims.com\/nl\/\",\"logo\":{\"@type\":\"ImageObject\",\"inLanguage\":\"nl-NL\",\"@id\":\"https:\/\/www.campingkims.com\/nl\/#\/schema\/logo\/image\/\",\"url\":\"https:\/\/www.campingkims.com\/wp-content\/uploads\/logo-camping-kims-llafranc-costa-brava.png\",\"contentUrl\":\"https:\/\/www.campingkims.com\/wp-content\/uploads\/logo-camping-kims-llafranc-costa-brava.png\",\"width\":537,\"height\":257,\"caption\":\"Camping Kim's Llafranc\"},\"image\":{\"@id\":\"https:\/\/www.campingkims.com\/nl\/#\/schema\/logo\/image\/\"}}]}<\/script>\n<!-- \/ Yoast SEO plugin. -->","yoast_head_json":{"title":"Garb\u00ed - Camping Kim&#039;s Llafranc","description":"Garb\u00ed Bungalow 6 personen 6 personen 3 slaapkamers Terras Parking Dierenniet toegelaten ONLINE BOEKEN Boek uw vakantie aan de Costa Brava Bungalow met een","robots":{"index":"index","follow":"follow","max-snippet":"max-snippet:-1","max-image-preview":"max-image-preview:large","max-video-preview":"max-video-preview:-1"},"canonical":"https:\/\/www.campingkims.com\/nl\/accommodaties\/bungalows\/garbi\/","og_locale":"nl_NL","og_type":"article","og_title":"Garb\u00ed - Camping Kim&#039;s Llafranc","og_description":"Garb\u00ed Bungalow 6 personen 6 personen 3 slaapkamers Terras Parking Dierenniet toegelaten ONLINE BOEKEN Boek uw vakantie aan de Costa Brava Bungalow met een","og_url":"https:\/\/www.campingkims.com\/nl\/accommodaties\/bungalows\/garbi\/","og_site_name":"Camping Kim&#039;s Llafranc","article_modified_time":"2026-03-13T15:16:40+00:00","og_image":[{"width":700,"height":467,"url":"https:\/\/www.campingkims.com\/wp-content\/uploads\/bungalow-garbi-01.webp","type":"image\/webp"}],"twitter_card":"summary_large_image","twitter_misc":{"Geschatte leestijd":"25 minuten"},"schema":{"@context":"https:\/\/schema.org","@graph":[{"@type":"WebPage","@id":"https:\/\/www.campingkims.com\/nl\/accommodaties\/bungalows\/garbi\/","url":"https:\/\/www.campingkims.com\/nl\/accommodaties\/bungalows\/garbi\/","name":"Garb\u00ed - Camping Kim&#039;s Llafranc","isPartOf":{"@id":"https:\/\/www.campingkims.com\/nl\/#website"},"primaryImageOfPage":{"@id":"https:\/\/www.campingkims.com\/nl\/accommodaties\/bungalows\/garbi\/#primaryimage"},"image":{"@id":"https:\/\/www.campingkims.com\/nl\/accommodaties\/bungalows\/garbi\/#primaryimage"},"thumbnailUrl":"https:\/\/www.campingkims.com\/wp-content\/uploads\/bungalow-garbi-01.webp","datePublished":"2023-07-10T08:32:36+00:00","dateModified":"2026-03-13T15:16:40+00:00","description":"Garb\u00ed Bungalow 6 personen 6 personen 3 slaapkamers Terras Parking Dierenniet toegelaten ONLINE BOEKEN Boek uw vakantie aan de Costa Brava Bungalow met een","breadcrumb":{"@id":"https:\/\/www.campingkims.com\/nl\/accommodaties\/bungalows\/garbi\/#breadcrumb"},"inLanguage":"nl-NL","potentialAction":[{"@type":"ReadAction","target":["https:\/\/www.campingkims.com\/nl\/accommodaties\/bungalows\/garbi\/"]}]},{"@type":"ImageObject","inLanguage":"nl-NL","@id":"https:\/\/www.campingkims.com\/nl\/accommodaties\/bungalows\/garbi\/#primaryimage","url":"https:\/\/www.campingkims.com\/wp-content\/uploads\/bungalow-garbi-01.webp","contentUrl":"https:\/\/www.campingkims.com\/wp-content\/uploads\/bungalow-garbi-01.webp","width":700,"height":467},{"@type":"BreadcrumbList","@id":"https:\/\/www.campingkims.com\/nl\/accommodaties\/bungalows\/garbi\/#breadcrumb","itemListElement":[{"@type":"ListItem","position":1,"name":"Portada","item":"https:\/\/www.campingkims.com\/nl\/"},{"@type":"ListItem","position":2,"name":"Accommodaties","item":"https:\/\/www.campingkims.com\/nl\/accommodaties\/"},{"@type":"ListItem","position":3,"name":"Bungalows","item":"https:\/\/www.campingkims.com\/nl\/accommodaties\/bungalows\/"},{"@type":"ListItem","position":4,"name":"Garb\u00ed"}]},{"@type":"WebSite","@id":"https:\/\/www.campingkims.com\/nl\/#website","url":"https:\/\/www.campingkims.com\/nl\/","name":"Camping Kim's Llafranc","description":"Kim&#039;s Camping Caravaning &amp; Bungalow Park","publisher":{"@id":"https:\/\/www.campingkims.com\/nl\/#organization"},"potentialAction":[{"@type":"SearchAction","target":{"@type":"EntryPoint","urlTemplate":"https:\/\/www.campingkims.com\/nl\/?s={search_term_string}"},"query-input":{"@type":"PropertyValueSpecification","valueRequired":true,"valueName":"search_term_string"}}],"inLanguage":"nl-NL"},{"@type":"Organization","@id":"https:\/\/www.campingkims.com\/nl\/#organization","name":"Camping Kim's Llafranc","url":"https:\/\/www.campingkims.com\/nl\/","logo":{"@type":"ImageObject","inLanguage":"nl-NL","@id":"https:\/\/www.campingkims.com\/nl\/#\/schema\/logo\/image\/","url":"https:\/\/www.campingkims.com\/wp-content\/uploads\/logo-camping-kims-llafranc-costa-brava.png","contentUrl":"https:\/\/www.campingkims.com\/wp-content\/uploads\/logo-camping-kims-llafranc-costa-brava.png","width":537,"height":257,"caption":"Camping Kim's Llafranc"},"image":{"@id":"https:\/\/www.campingkims.com\/nl\/#\/schema\/logo\/image\/"}}]}},"_links":{"self":[{"href":"https:\/\/www.campingkims.com\/nl\/wp-json\/wp\/v2\/pages\/5433"}],"collection":[{"href":"https:\/\/www.campingkims.com\/nl\/wp-json\/wp\/v2\/pages"}],"about":[{"href":"https:\/\/www.campingkims.com\/nl\/wp-json\/wp\/v2\/types\/page"}],"author":[{"embeddable":true,"href":"https:\/\/www.campingkims.com\/nl\/wp-json\/wp\/v2\/users\/2"}],"replies":[{"embeddable":true,"href":"https:\/\/www.campingkims.com\/nl\/wp-json\/wp\/v2\/comments?post=5433"}],"version-history":[{"count":12,"href":"https:\/\/www.campingkims.com\/nl\/wp-json\/wp\/v2\/pages\/5433\/revisions"}],"predecessor-version":[{"id":9601,"href":"https:\/\/www.campingkims.com\/nl\/wp-json\/wp\/v2\/pages\/5433\/revisions\/9601"}],"up":[{"embeddable":true,"href":"https:\/\/www.campingkims.com\/nl\/wp-json\/wp\/v2\/pages\/5082"}],"wp:featuredmedia":[{"embeddable":true,"href":"https:\/\/www.campingkims.com\/nl\/wp-json\/wp\/v2\/media\/3254"}],"wp:attachment":[{"href":"https:\/\/www.campingkims.com\/nl\/wp-json\/wp\/v2\/media?parent=5433"}],"curies":[{"name":"wp","href":"https:\/\/api.w.org\/{rel}","templated":true}]}}