{"id":5514,"date":"2023-07-13T17:01:42","date_gmt":"2023-07-13T15:01:42","guid":{"rendered":"http:\/\/www.campingkims.com\/reserveringsvoorwaarden\/"},"modified":"2023-08-16T09:49:30","modified_gmt":"2023-08-16T07:49:30","slug":"reserveringsvoorwaarden","status":"publish","type":"page","link":"https:\/\/www.campingkims.com\/nl\/reserveringsvoorwaarden\/","title":{"rendered":"Reserveringsvoorwaarden"},"content":{"rendered":"\n<div class=\"wp-block-cover alignfull cover-page animation--init--once is-style-no-margin\" style=\"margin-top:0px;margin-bottom:8vh;min-height:795px;aspect-ratio:unset;\"><span aria-hidden=\"true\" class=\"wp-block-cover__background has-background-dim-0 has-background-dim has-background-gradient has-theme-black-transparent-gradient-background\"><\/span><img loading=\"lazy\" decoding=\"async\" width=\"1920\" height=\"1280\" class=\"wp-block-cover__image-background wp-image-1820\" alt=\"\" src=\"http:\/\/www.campingkims.com\/wp-content\/uploads\/parcelas-02.webp\" data-object-fit=\"cover\" srcset=\"https:\/\/www.campingkims.com\/wp-content\/uploads\/parcelas-02.webp 1920w, https:\/\/www.campingkims.com\/wp-content\/uploads\/parcelas-02-1024x683.webp 1024w, https:\/\/www.campingkims.com\/wp-content\/uploads\/parcelas-02-768x512.webp 768w, https:\/\/www.campingkims.com\/wp-content\/uploads\/parcelas-02-1536x1024.webp 1536w, https:\/\/www.campingkims.com\/wp-content\/uploads\/parcelas-02-512x341.webp 512w, https:\/\/www.campingkims.com\/wp-content\/uploads\/parcelas-02-256x171.webp 256w\" sizes=\"(max-width: 1920px) 100vw, 1920px\" \/><div class=\"wp-block-cover__inner-container is-layout-flow wp-block-cover-is-layout-flow\">\n<figure class=\"wp-block-image alignfull size-large animation--init--once slide-up is-style-no-margin waves\"><img loading=\"lazy\" decoding=\"async\" width=\"1700\" height=\"102\" src=\"http:\/\/www.campingkims.com\/wp-content\/uploads\/waves-orange-1.svg\" alt=\"\" class=\"wp-image-3751\"\/><\/figure>\n\n\n<div class=\"wp-block-group animation--init--once pop-up is-vertical is-content-justification-center is-layout-flex wp-container-core-group-is-layout-1 wp-block-group-is-layout-flex\">\n<h1 class=\"wp-block-heading has-text-align-center has-theme-white-color has-text-color\">Reserveringsvoorwaarden<\/h1>\n\n\n\n<p class=\"has-text-align-center has-theme-white-color has-text-color has-roboto-slab-font-family has-h-5-font-size\" style=\"text-transform:uppercase\">Annuleringsvoorwaarden<\/p>\n<\/div>\n<\/div><\/div>\n\n<div class=\"wp-block-group alignfull booking-section has-theme-orange-background-color has-background is-layout-constrained wp-block-group-is-layout-constrained\" style=\"margin-top:0px;margin-bottom:10vh\">\n<div class=\"wp-block-group alignwide animation--init--once booking-container has-theme-orange-background-color has-background is-vertical is-content-justification-center is-layout-flex wp-container-core-group-is-layout-3 wp-block-group-is-layout-flex\" style=\"border-radius:2rem;margin-top:0px;margin-bottom:0px;padding-top:3rem;padding-right:3rem;padding-bottom:3rem;padding-left:3rem\">\n<div class=\"wp-block-group animation--init--once alignwide booking-title is-vertical is-content-justification-center is-layout-flex wp-container-core-group-is-layout-2 wp-block-group-is-layout-flex\">\n<p class=\"has-theme-dark-purple-color has-text-color has-roboto-slab-font-family has-h-6-font-size\">ONLINE BOEKEN<\/p>\n\n\n\n<h3 class=\"wp-block-heading has-text-align-center has-theme-white-color has-text-color has-h-4-font-size\">Boek uw vakantie aan de Costa Brava<\/h3>\n\n\n\n<figure class=\"wp-block-image size-large is-resized wp-duotone-221b40-221b40-1\"><img loading=\"lazy\" decoding=\"async\" width=\"25\" height=\"9\" src=\"http:\/\/www.campingkims.com\/wp-content\/uploads\/ola-separadora.svg\" alt=\"\" class=\"wp-image-921\" style=\"width:70px\"\/><\/figure>\n<\/div>\n\n\n<script>\n            document.addEventListener('DOMContentLoaded', function () {\n\n                var widget = new MasterWidget('widgetBookingContainer8975', {\n                    lang: 'nl',idProperty: '61',class: 'widget_columns',target: '_blank',dropdown: true,\n                    url: 'https:\/\/booking.campingkims.com'\n                });\n\n\n            });\n\n            <\/script><div id=\"widgetBookingContainer8975\"> <\/div>\n<\/div>\n<\/div>\n\n<h2 class=\"wp-block-heading has-text-align-center has-theme-purple-color has-text-color\">Accommodaties<\/h2>\n\n<div class=\"wp-block-auto-tabs accommodation-tabs alignfull has-custom-margin animation--init--once\" style=\"margin-bottom:14vh;\" data-selector=\"h3\">\n  <div class=\"acf-innerblocks-container\">\n\n<div class=\"wp-block-group auto-tabs-wrapper is-layout-flow wp-block-group-is-layout-flow\">\n<p class=\"has-text-align-center\"><strong>Aqu\u00ed se mostrar\u00e1n las pesta\u00f1as.<\/strong><br\/> El primer <strong>h3<\/strong> de cada contenido se usar\u00e1 como t\u00edtulo de su pesta\u00f1a. Puedes cambiarlo por otro tag o una clase en el panel lateral<\/p>\n<\/div>\n\n\n\n<div class=\"wp-block-group auto-content-wrapper has-theme-soft-blue-background-color has-background is-layout-flow wp-block-group-is-layout-flow\">\n<div class=\"wp-block-group is-layout-flow wp-block-group-is-layout-flow\">\n<h3 class=\"wp-block-heading has-text-align-center\">Informatie<\/h3>\n\n\n\n<ul class=\"styled-list has-theme-purple-color has-text-color wp-block-list\">\n<li><strong>Prijzen in euro&#8217;s (EUR \u20ac).<\/strong><br\/>10% BTW inbegrepen. In het geval van offici\u00eble btw-verschillen kunnen de prijzen vari\u00ebren.<\/li>\n\n\n\n<li><strong>Toeristenbelasting niet inbegrepen:<\/strong> \u20ac 0,66\/nacht per persoon (+17 jaar) voor een maximum van 7 nachten.<\/li>\n\n\n\n<li><strong>Aankomstdag:<\/strong> accommodaties zijn beschikbaar na 16.00 uur.<\/li>\n\n\n\n<li><strong>Verblijfdag:<\/strong> accommodaties moeten v\u00f3\u00f3r 11.00 uur verlaten zijn.<\/li>\n\n\n\n<li><strong>Late Checkout<\/strong><br\/>Tijdens het laag- en middenseizoen kunt u de accommodatie later verlaten (late checkout), max. tot 17.00 uur. Afhankelijk van beschikbaarheid; na overleg met de receptie.<\/li>\n<\/ul>\n<\/div>\n\n\n\n<div class=\"wp-block-group is-layout-flow wp-block-group-is-layout-flow\">\n<h3 class=\"wp-block-heading has-text-align-center\">Voorwaarden<\/h3>\n\n\n\n<ul class=\"styled-list has-theme-purple-color has-text-color wp-block-list\">\n<li>De RESERVERING is definitief na ontvangst van het bijbehorende betalings- en signaal (40% van het totaal gecontracteerd).<\/li>\n\n\n\n<li>De rest van de totale huursom zal worden betaald op de dag van aankomst, samen met een aanbetaling (\u20ac 130 voor pauzes, verliezen, enz. + \u20ac 50 voor het schoonmaken) die zal worden teruggegeven op de dag van vertrek als alles correct is.<\/li>\n\n\n\n<li>Upon arrival you will be asked to provide a credit card number. It will be held only to be used in case of damages occurred during your stay.<\/li>\n\n\n\n<li>The accommodation will be left clean and picked up as delivered.<\/li>\n<\/ul>\n<\/div>\n\n\n\n<div class=\"wp-block-group is-layout-flow wp-block-group-is-layout-flow\">\n<h3 class=\"wp-block-heading has-text-align-center\">Cancellation<\/h3>\n\n\n\n<ul class=\"styled-list has-theme-purple-color has-text-color wp-block-list\">\n<li>8 &#8211; 7 weeks before the day of arrival: Withholding of 30% from the deposit .<\/li>\n\n\n\n<li>6 weeks before the day of arrival: Withholding of 45% from the deposit .<\/li>\n\n\n\n<li>5 \u2013 3 weeks before the day of arrival: Withholding of 60 % from the deposit .<\/li>\n\n\n\n<li>2 weeks before the day of arrival: Withholding 100% from the deposit ,<\/li>\n\n\n\n<li><strong>Minimum cancellation charges: 35\u20ac<\/strong><\/li>\n<\/ul>\n<\/div>\n<\/div>\n\n<\/div><\/div>\n<h2 class=\"wp-block-heading has-text-align-center has-theme-purple-color has-text-color\">Camping<\/h2>\n\n<div class=\"wp-block-auto-tabs accommodation-tabs alignfull has-custom-margin animation--init--once\" style=\"margin-bottom:14vh;\" data-selector=\"h3\">\n  <div class=\"acf-innerblocks-container\">\n\n<div class=\"wp-block-group auto-tabs-wrapper is-layout-flow wp-block-group-is-layout-flow\">\n<p class=\"has-text-align-center\"><strong>Aqu\u00ed se mostrar\u00e1n las pesta\u00f1as.<\/strong><br\/> El primer <strong>h3<\/strong> de cada contenido se usar\u00e1 como t\u00edtulo de su pesta\u00f1a. Puedes cambiarlo por otro tag o una clase en el panel lateral<\/p>\n<\/div>\n\n\n\n<div class=\"wp-block-group auto-content-wrapper has-theme-soft-blue-background-color has-background is-layout-flow wp-block-group-is-layout-flow\">\n<div class=\"wp-block-group is-layout-flow wp-block-group-is-layout-flow\">\n<h3 class=\"wp-block-heading has-text-align-center\">Informatie<\/h3>\n\n\n\n<ul class=\"styled-list has-theme-purple-color has-text-color wp-block-list\">\n<li><strong>Prijzen in euro&#8217;s (EUR \u20ac).<\/strong><br\/>10% BTW inbegrepen. In het geval van offici\u00eble btw-verschillen kunnen de prijzen vari\u00ebren.<\/li>\n\n\n\n<li><strong>Toeristenbelasting niet inbegrepen:<\/strong> \u20ac 0,66\/nacht per persoon (+17 jaar) voor een maximum van 7 nachten.<\/li>\n\n\n\n<li><strong>Aankomst:<\/strong> de staanplaatsen zijn beschikbaar vanaf 12.00 uur.<\/li>\n\n\n\n<li><strong>Vertrek:<\/strong> de staanplaatsen moeten voor 12.00 uur worden ontruimd.<\/li>\n\n\n\n<li><\/li>\n<\/ul>\n<\/div>\n\n\n\n<div class=\"wp-block-group is-layout-flow wp-block-group-is-layout-flow\">\n<h3 class=\"wp-block-heading has-text-align-center\">Voorwaarden<\/h3>\n\n\n\n<ul class=\"styled-list has-theme-purple-color has-text-color wp-block-list\">\n<li>Het reserveringsbedrag is \u20ac60 per pakket. Dit bedrag wordt afgetrokken van het totale factuurbedrag voor uw verblijf.<\/li>\n\n\n\n<li>Deze betaling verleent geen enkel recht om een \u200b\u200bspecifiek perceelnummer te kiezen. Zodra de betaling en het signaal zijn ontvangen, wordt de reservering bevestigd.<\/li>\n\n\n\n<li>ANNULERINGSBELEID\n<ul class=\"wp-block-list\">\n<li>Annulering 5 tot 3 weken voor aankomst: Retentie van 60% van de vooruitbetaling.<\/li>\n\n\n\n<li>Annulering 2 weken voor aankomst: Retentie van 100% van de vooruitbetaling.<\/li>\n\n\n\n<li>(Minimale retentie voor annuleringskosten: door internationale overdracht 35\u20ac)<\/li>\n<\/ul>\n<\/li>\n<\/ul>\n<\/div>\n<\/div>\n\n<\/div><\/div>\n<p><\/p>\n","protected":false},"excerpt":{"rendered":"<p>Accommodaties Camping<\/p>\n","protected":false},"author":1,"featured_media":0,"parent":0,"menu_order":8,"comment_status":"closed","ping_status":"open","template":"","meta":{"_acf_changed":false,"inline_featured_image":false,"footnotes":""},"class_list":["post-5514","page","type-page","status-publish","hentry"],"acf":[],"yoast_head":"<!-- This site is optimized with the Yoast SEO plugin v23.5 - https:\/\/yoast.com\/wordpress\/plugins\/seo\/ -->\n<title>Reserveringsvoorwaarden - Camping Kim&#039;s Llafranc<\/title>\n<meta name=\"description\" content=\"Reserveringsvoorwaarden  Annuleringsvoorwaarden   Accommodaties Camping\" \/>\n<meta name=\"robots\" content=\"index, follow, max-snippet:-1, max-image-preview:large, max-video-preview:-1\" \/>\n<link rel=\"canonical\" href=\"https:\/\/www.campingkims.com\/nl\/reserveringsvoorwaarden\/\" \/>\n<meta property=\"og:locale\" content=\"nl_NL\" \/>\n<meta property=\"og:type\" content=\"article\" \/>\n<meta property=\"og:title\" content=\"Reserveringsvoorwaarden - Camping Kim&#039;s Llafranc\" \/>\n<meta property=\"og:description\" content=\"Reserveringsvoorwaarden  Annuleringsvoorwaarden   Accommodaties Camping\" \/>\n<meta property=\"og:url\" content=\"https:\/\/www.campingkims.com\/nl\/reserveringsvoorwaarden\/\" \/>\n<meta property=\"og:site_name\" content=\"Camping Kim&#039;s Llafranc\" \/>\n<meta property=\"article:modified_time\" content=\"2023-08-16T07:49:30+00:00\" \/>\n<meta property=\"og:image\" content=\"http:\/\/www.campingkims.com\/wp-content\/uploads\/parcelas-02.webp\" \/>\n<meta name=\"twitter:card\" content=\"summary_large_image\" \/>\n<script type=\"application\/ld+json\" class=\"yoast-schema-graph\">{\"@context\":\"https:\/\/schema.org\",\"@graph\":[{\"@type\":\"WebPage\",\"@id\":\"https:\/\/www.campingkims.com\/nl\/reserveringsvoorwaarden\/\",\"url\":\"https:\/\/www.campingkims.com\/nl\/reserveringsvoorwaarden\/\",\"name\":\"Reserveringsvoorwaarden - Camping Kim&#039;s Llafranc\",\"isPartOf\":{\"@id\":\"https:\/\/www.campingkims.com\/nl\/#website\"},\"primaryImageOfPage\":{\"@id\":\"https:\/\/www.campingkims.com\/nl\/reserveringsvoorwaarden\/#primaryimage\"},\"image\":{\"@id\":\"https:\/\/www.campingkims.com\/nl\/reserveringsvoorwaarden\/#primaryimage\"},\"thumbnailUrl\":\"http:\/\/www.campingkims.com\/wp-content\/uploads\/parcelas-02.webp\",\"datePublished\":\"2023-07-13T15:01:42+00:00\",\"dateModified\":\"2023-08-16T07:49:30+00:00\",\"description\":\"Reserveringsvoorwaarden Annuleringsvoorwaarden Accommodaties Camping\",\"breadcrumb\":{\"@id\":\"https:\/\/www.campingkims.com\/nl\/reserveringsvoorwaarden\/#breadcrumb\"},\"inLanguage\":\"nl-NL\",\"potentialAction\":[{\"@type\":\"ReadAction\",\"target\":[\"https:\/\/www.campingkims.com\/nl\/reserveringsvoorwaarden\/\"]}]},{\"@type\":\"ImageObject\",\"inLanguage\":\"nl-NL\",\"@id\":\"https:\/\/www.campingkims.com\/nl\/reserveringsvoorwaarden\/#primaryimage\",\"url\":\"http:\/\/www.campingkims.com\/wp-content\/uploads\/parcelas-02.webp\",\"contentUrl\":\"http:\/\/www.campingkims.com\/wp-content\/uploads\/parcelas-02.webp\"},{\"@type\":\"BreadcrumbList\",\"@id\":\"https:\/\/www.campingkims.com\/nl\/reserveringsvoorwaarden\/#breadcrumb\",\"itemListElement\":[{\"@type\":\"ListItem\",\"position\":1,\"name\":\"Portada\",\"item\":\"https:\/\/www.campingkims.com\/nl\/\"},{\"@type\":\"ListItem\",\"position\":2,\"name\":\"Reserveringsvoorwaarden\"}]},{\"@type\":\"WebSite\",\"@id\":\"https:\/\/www.campingkims.com\/nl\/#website\",\"url\":\"https:\/\/www.campingkims.com\/nl\/\",\"name\":\"Camping Kim's Llafranc\",\"description\":\"Kim&#039;s Camping Caravaning &amp; Bungalow Park\",\"publisher\":{\"@id\":\"https:\/\/www.campingkims.com\/nl\/#organization\"},\"potentialAction\":[{\"@type\":\"SearchAction\",\"target\":{\"@type\":\"EntryPoint\",\"urlTemplate\":\"https:\/\/www.campingkims.com\/nl\/?s={search_term_string}\"},\"query-input\":{\"@type\":\"PropertyValueSpecification\",\"valueRequired\":true,\"valueName\":\"search_term_string\"}}],\"inLanguage\":\"nl-NL\"},{\"@type\":\"Organization\",\"@id\":\"https:\/\/www.campingkims.com\/nl\/#organization\",\"name\":\"Camping Kim's Llafranc\",\"url\":\"https:\/\/www.campingkims.com\/nl\/\",\"logo\":{\"@type\":\"ImageObject\",\"inLanguage\":\"nl-NL\",\"@id\":\"https:\/\/www.campingkims.com\/nl\/#\/schema\/logo\/image\/\",\"url\":\"https:\/\/www.campingkims.com\/wp-content\/uploads\/logo-camping-kims-llafranc-costa-brava.png\",\"contentUrl\":\"https:\/\/www.campingkims.com\/wp-content\/uploads\/logo-camping-kims-llafranc-costa-brava.png\",\"width\":537,\"height\":257,\"caption\":\"Camping Kim's Llafranc\"},\"image\":{\"@id\":\"https:\/\/www.campingkims.com\/nl\/#\/schema\/logo\/image\/\"}}]}<\/script>\n<!-- \/ Yoast SEO plugin. -->","yoast_head_json":{"title":"Reserveringsvoorwaarden - Camping Kim&#039;s Llafranc","description":"Reserveringsvoorwaarden  Annuleringsvoorwaarden   Accommodaties Camping","robots":{"index":"index","follow":"follow","max-snippet":"max-snippet:-1","max-image-preview":"max-image-preview:large","max-video-preview":"max-video-preview:-1"},"canonical":"https:\/\/www.campingkims.com\/nl\/reserveringsvoorwaarden\/","og_locale":"nl_NL","og_type":"article","og_title":"Reserveringsvoorwaarden - Camping Kim&#039;s Llafranc","og_description":"Reserveringsvoorwaarden  Annuleringsvoorwaarden   Accommodaties Camping","og_url":"https:\/\/www.campingkims.com\/nl\/reserveringsvoorwaarden\/","og_site_name":"Camping Kim&#039;s Llafranc","article_modified_time":"2023-08-16T07:49:30+00:00","og_image":[{"url":"http:\/\/www.campingkims.com\/wp-content\/uploads\/parcelas-02.webp"}],"twitter_card":"summary_large_image","schema":{"@context":"https:\/\/schema.org","@graph":[{"@type":"WebPage","@id":"https:\/\/www.campingkims.com\/nl\/reserveringsvoorwaarden\/","url":"https:\/\/www.campingkims.com\/nl\/reserveringsvoorwaarden\/","name":"Reserveringsvoorwaarden - Camping Kim&#039;s Llafranc","isPartOf":{"@id":"https:\/\/www.campingkims.com\/nl\/#website"},"primaryImageOfPage":{"@id":"https:\/\/www.campingkims.com\/nl\/reserveringsvoorwaarden\/#primaryimage"},"image":{"@id":"https:\/\/www.campingkims.com\/nl\/reserveringsvoorwaarden\/#primaryimage"},"thumbnailUrl":"http:\/\/www.campingkims.com\/wp-content\/uploads\/parcelas-02.webp","datePublished":"2023-07-13T15:01:42+00:00","dateModified":"2023-08-16T07:49:30+00:00","description":"Reserveringsvoorwaarden Annuleringsvoorwaarden Accommodaties Camping","breadcrumb":{"@id":"https:\/\/www.campingkims.com\/nl\/reserveringsvoorwaarden\/#breadcrumb"},"inLanguage":"nl-NL","potentialAction":[{"@type":"ReadAction","target":["https:\/\/www.campingkims.com\/nl\/reserveringsvoorwaarden\/"]}]},{"@type":"ImageObject","inLanguage":"nl-NL","@id":"https:\/\/www.campingkims.com\/nl\/reserveringsvoorwaarden\/#primaryimage","url":"http:\/\/www.campingkims.com\/wp-content\/uploads\/parcelas-02.webp","contentUrl":"http:\/\/www.campingkims.com\/wp-content\/uploads\/parcelas-02.webp"},{"@type":"BreadcrumbList","@id":"https:\/\/www.campingkims.com\/nl\/reserveringsvoorwaarden\/#breadcrumb","itemListElement":[{"@type":"ListItem","position":1,"name":"Portada","item":"https:\/\/www.campingkims.com\/nl\/"},{"@type":"ListItem","position":2,"name":"Reserveringsvoorwaarden"}]},{"@type":"WebSite","@id":"https:\/\/www.campingkims.com\/nl\/#website","url":"https:\/\/www.campingkims.com\/nl\/","name":"Camping Kim's Llafranc","description":"Kim&#039;s Camping Caravaning &amp; Bungalow Park","publisher":{"@id":"https:\/\/www.campingkims.com\/nl\/#organization"},"potentialAction":[{"@type":"SearchAction","target":{"@type":"EntryPoint","urlTemplate":"https:\/\/www.campingkims.com\/nl\/?s={search_term_string}"},"query-input":{"@type":"PropertyValueSpecification","valueRequired":true,"valueName":"search_term_string"}}],"inLanguage":"nl-NL"},{"@type":"Organization","@id":"https:\/\/www.campingkims.com\/nl\/#organization","name":"Camping Kim's Llafranc","url":"https:\/\/www.campingkims.com\/nl\/","logo":{"@type":"ImageObject","inLanguage":"nl-NL","@id":"https:\/\/www.campingkims.com\/nl\/#\/schema\/logo\/image\/","url":"https:\/\/www.campingkims.com\/wp-content\/uploads\/logo-camping-kims-llafranc-costa-brava.png","contentUrl":"https:\/\/www.campingkims.com\/wp-content\/uploads\/logo-camping-kims-llafranc-costa-brava.png","width":537,"height":257,"caption":"Camping Kim's Llafranc"},"image":{"@id":"https:\/\/www.campingkims.com\/nl\/#\/schema\/logo\/image\/"}}]}},"_links":{"self":[{"href":"https:\/\/www.campingkims.com\/nl\/wp-json\/wp\/v2\/pages\/5514"}],"collection":[{"href":"https:\/\/www.campingkims.com\/nl\/wp-json\/wp\/v2\/pages"}],"about":[{"href":"https:\/\/www.campingkims.com\/nl\/wp-json\/wp\/v2\/types\/page"}],"author":[{"embeddable":true,"href":"https:\/\/www.campingkims.com\/nl\/wp-json\/wp\/v2\/users\/1"}],"replies":[{"embeddable":true,"href":"https:\/\/www.campingkims.com\/nl\/wp-json\/wp\/v2\/comments?post=5514"}],"version-history":[{"count":1,"href":"https:\/\/www.campingkims.com\/nl\/wp-json\/wp\/v2\/pages\/5514\/revisions"}],"predecessor-version":[{"id":5515,"href":"https:\/\/www.campingkims.com\/nl\/wp-json\/wp\/v2\/pages\/5514\/revisions\/5515"}],"wp:attachment":[{"href":"https:\/\/www.campingkims.com\/nl\/wp-json\/wp\/v2\/media?parent=5514"}],"curies":[{"name":"wp","href":"https:\/\/api.w.org\/{rel}","templated":true}]}}