{"id":5519,"date":"2022-10-10T15:48:01","date_gmt":"2022-10-10T13:48:01","guid":{"rendered":"http:\/\/www.campingkims.com\/home\/"},"modified":"2025-12-19T15:34:55","modified_gmt":"2025-12-19T14:34:55","slug":"home","status":"publish","type":"page","link":"https:\/\/www.campingkims.com\/nl\/","title":{"rendered":"Home"},"content":{"rendered":"\n<div class=\"wp-block-cover alignfull is-light cover-page animation--init--once\" style=\"margin-top:0px;margin-bottom:8vh;min-height:855px;aspect-ratio:unset;\"><span aria-hidden=\"true\" class=\"wp-block-cover__background has-background-dim-20 has-background-dim wp-block-cover__gradient-background has-background-gradient has-theme-black-transparent-gradient-background\"><\/span><img loading=\"lazy\" decoding=\"async\" width=\"2048\" height=\"1536\" class=\"wp-block-cover__image-background wp-image-899\" alt=\"\" src=\"http:\/\/www.campingkims.com\/wp-content\/uploads\/kims-25.webp\" data-object-fit=\"cover\" srcset=\"https:\/\/www.campingkims.com\/wp-content\/uploads\/kims-25.webp 2048w, https:\/\/www.campingkims.com\/wp-content\/uploads\/kims-25-1024x768.webp 1024w, https:\/\/www.campingkims.com\/wp-content\/uploads\/kims-25-768x576.webp 768w, https:\/\/www.campingkims.com\/wp-content\/uploads\/kims-25-1536x1152.webp 1536w, https:\/\/www.campingkims.com\/wp-content\/uploads\/kims-25-512x384.webp 512w, https:\/\/www.campingkims.com\/wp-content\/uploads\/kims-25-256x192.webp 256w\" sizes=\"(max-width: 2048px) 100vw, 2048px\" \/><div class=\"wp-block-cover__inner-container is-layout-flow wp-block-cover-is-layout-flow\">\n<div class=\"wp-block-group animation--init--once pop-up is-vertical is-content-justification-center is-layout-flex wp-container-core-group-is-layout-1 wp-block-group-is-layout-flex\">\n<h1 class=\"wp-block-heading has-text-align-center has-theme-white-color has-text-color\">Kim\u2019s Camping<\/h1>\n\n\n\n<p class=\"has-text-align-center has-theme-white-color has-text-color has-roboto-slab-font-family has-h-5-font-size\" style=\"text-transform:uppercase\">MOOIE MOMENTEN BEGINNEN HIER<\/p>\n\n\n\n<p class=\"has-text-align-center has-theme-white-color has-text-color has-roboto-slab-font-family has-h-6-font-size\" style=\"text-transform:uppercase\">Geopend van&nbsp;30 \/ 04 \/ 2026&nbsp;tot &nbsp;27 \/ 09 \/ 2026<\/p>\n\n\n\n<figure class=\"wp-block-image aligncenter size-large is-resized wp-duotone-1ac6fe-1ac6fe-1\"><img loading=\"lazy\" decoding=\"async\" width=\"25\" height=\"9\" src=\"http:\/\/www.campingkims.com\/wp-content\/uploads\/ola-separadora.svg\" alt=\"\" class=\"wp-image-921\" style=\"width:85px;height:undefinedpx\"\/><\/figure>\n<\/div>\n\n\n\n<figure class=\"wp-block-image alignfull size-large animation--init--once slide-up is-style-no-margin waves\"><img loading=\"lazy\" decoding=\"async\" width=\"1700\" height=\"104\" src=\"http:\/\/www.campingkims.com\/wp-content\/uploads\/waves.svg\" alt=\"\" class=\"wp-image-926\"\/><\/figure>\n<\/div><\/div>\n\n\n\n<div class=\"wp-block-columns alignwide are-vertically-aligned-center is-layout-flex wp-container-core-columns-is-layout-1 wp-block-columns-is-layout-flex\" style=\"margin-bottom:10vh\">\n<div class=\"wp-block-column is-vertically-aligned-center is-layout-flow wp-block-column-is-layout-flow\">\n<div class=\"wp-block-group animation--init--once slide-right is-vertical is-layout-flex wp-container-core-group-is-layout-2 wp-block-group-is-layout-flex\">\n<p class=\"has-theme-blue-color has-text-color has-roboto-slab-font-family has-h-6-font-size\">WELKOM IN LLAFRANC<\/p>\n\n\n\n<h2 class=\"wp-block-heading has-theme-dark-purple-color has-text-color\">Een familie-ervaring in het <br>hart van de Costa Brava<\/h2>\n\n\n\n<figure class=\"wp-block-image size-large is-resized wp-duotone-1ac6fe-fff-2\"><img loading=\"lazy\" decoding=\"async\" width=\"25\" height=\"9\" src=\"http:\/\/www.campingkims.com\/wp-content\/uploads\/ola-separadora.svg\" alt=\"\" class=\"wp-image-921\" style=\"width:70px;height:undefinedpx\"\/><\/figure>\n<\/div>\n\n\n\n<p class=\"animation--init--once slide-right has-theme-purple-color has-text-color\">Midden in de natuur en gelegen in een van de meest bevoorrechte gebieden van de Costa Brava, op het strand van Llafranc en naast de baaien van Calella de Palafrugell en Tamariu.<br><br>Zwembaden en waterspeeltuin \u201cSplash Pad\u201d, caf\u00e9-bar en restaurant, wasserij, kinderclub, animatie voor het hele gezin, speelkamer, supermarkt en sportterrein.<\/p>\n<\/div>\n\n\n\n<div class=\"wp-block-column is-vertically-aligned-center is-layout-flow wp-block-column-is-layout-flow\">\n<figure class=\"wp-block-image aligncenter size-full has-custom-border animation--init--once slide-left is-style-aspect-ratio-3_4 blue-shadow dots-shadow\"><img loading=\"lazy\" decoding=\"async\" width=\"598\" height=\"900\" src=\"http:\/\/www.campingkims.com\/wp-content\/uploads\/kims-19.webp\" alt=\"\" class=\"wp-image-893\" style=\"border-radius:2rem\" srcset=\"https:\/\/www.campingkims.com\/wp-content\/uploads\/kims-19.webp 598w, https:\/\/www.campingkims.com\/wp-content\/uploads\/kims-19-340x512.webp 340w, https:\/\/www.campingkims.com\/wp-content\/uploads\/kims-19-170x256.webp 170w\" sizes=\"(max-width: 598px) 100vw, 598px\" \/><\/figure>\n<\/div>\n<\/div>\n\n\n\n<div class=\"wp-block-cover alignfull is-light has-custom-content-position is-position-bottom-center booking-cover\" style=\"padding-bottom:0px;min-height:550px;aspect-ratio:unset;\"><span aria-hidden=\"true\" class=\"wp-block-cover__background has-background-dim-0 has-background-dim\"><\/span><img loading=\"lazy\" decoding=\"async\" width=\"1920\" height=\"1280\" class=\"wp-block-cover__image-background wp-image-1385\" alt=\"\" src=\"http:\/\/www.campingkims.com\/wp-content\/uploads\/villa-anita-01.webp\" data-object-fit=\"cover\" srcset=\"https:\/\/www.campingkims.com\/wp-content\/uploads\/villa-anita-01.webp 1920w, https:\/\/www.campingkims.com\/wp-content\/uploads\/villa-anita-01-1024x683.webp 1024w, https:\/\/www.campingkims.com\/wp-content\/uploads\/villa-anita-01-768x512.webp 768w, https:\/\/www.campingkims.com\/wp-content\/uploads\/villa-anita-01-1536x1024.webp 1536w, https:\/\/www.campingkims.com\/wp-content\/uploads\/villa-anita-01-512x341.webp 512w, https:\/\/www.campingkims.com\/wp-content\/uploads\/villa-anita-01-256x171.webp 256w\" sizes=\"(max-width: 1920px) 100vw, 1920px\" \/><div class=\"wp-block-cover__inner-container is-layout-flow wp-block-cover-is-layout-flow\">\n<div class=\"wp-block-group alignwide animation--init--once booking-container has-theme-orange-background-color has-background is-vertical is-content-justification-center is-layout-flex wp-container-core-group-is-layout-4 wp-block-group-is-layout-flex\" style=\"border-radius:2rem;margin-top:0px;margin-bottom:0px;padding-top:3rem;padding-right:3rem;padding-bottom:3rem;padding-left:3rem\">\n<div class=\"wp-block-group animation--init--once alignwide booking-title is-vertical is-content-justification-center is-layout-flex wp-container-core-group-is-layout-3 wp-block-group-is-layout-flex\">\n<p class=\"has-theme-dark-purple-color has-text-color has-roboto-slab-font-family has-h-6-font-size\">ONLINE BOEKEN<\/p>\n\n\n\n<h3 class=\"wp-block-heading has-text-align-center has-theme-white-color has-text-color has-h-4-font-size\">Boek uw vakantie aan de Costa Brava<\/h3>\n\n\n\n<figure class=\"wp-block-image size-large is-resized wp-duotone-221b40-221b40-3\"><img loading=\"lazy\" decoding=\"async\" width=\"25\" height=\"9\" src=\"http:\/\/www.campingkims.com\/wp-content\/uploads\/ola-separadora.svg\" alt=\"\" class=\"wp-image-921\" style=\"width:70px\"\/><\/figure>\n<\/div>\n\n\n<script>\n            document.addEventListener('DOMContentLoaded', function () {\n\n                var widget = new MasterWidget('widgetBookingContainer6443', {\n                    lang: 'nl',idProperty: '61',class: 'widget_columns',target: '_blank',dropdown: true,\n                    url: 'https:\/\/booking.campingkims.com'\n                });\n\n\n            });\n\n            <\/script><div id=\"widgetBookingContainer6443\"> <\/div>\n<\/div>\n<\/div><\/div>\n\n\n\n<div class=\"wp-block-group alignwide animation--init--once slide-up is-vertical is-content-justification-center is-layout-flex wp-container-core-group-is-layout-5 wp-block-group-is-layout-flex\" style=\"margin-top:30vh\">\n<p class=\"has-theme-blue-color has-text-color has-roboto-slab-font-family has-h-6-font-size\">VIND JOUW ACCOMMODATIE<\/p>\n\n\n\n<h3 class=\"wp-block-heading has-text-align-center has-theme-dark-purple-color has-text-color\">Accommodaties<\/h3>\n\n\n\n<figure class=\"wp-block-image size-large is-resized wp-duotone-1ac6fe-1ac6fe-4\"><img loading=\"lazy\" decoding=\"async\" width=\"25\" height=\"9\" src=\"http:\/\/www.campingkims.com\/wp-content\/uploads\/ola-separadora.svg\" alt=\"\" class=\"wp-image-921\" style=\"width:70px;height:undefinedpx\"\/><\/figure>\n<\/div>\n\n\n\n<p class=\"has-text-align-center alignwide animation--init--once slide-right has-theme-dark-purple-color has-text-color\" style=\"margin-bottom:8vh\">Kim\u2019s Camping biedt haar klanten eerste klas diensten, met grote schaduwrijke percelen en een breed scala aan accommodaties, van studio\u2019s voor 2 personen tot een chalet voor 8 personen.<\/p>\n\n\n\n<div class=\"wp-block-auto-tabs home-tabs alignfull has-custom-margin animation--init--once\" style=\"margin-bottom:10vh;\" data-selector=\"h3\">\n  <div class=\"acf-innerblocks-container\">\n\n<div class=\"wp-block-group auto-tabs-wrapper is-layout-flow wp-block-group-is-layout-flow\">\n<p class=\"has-text-align-center\"><strong>Aqu\u00ed se mostrar\u00e1n las pesta\u00f1as.<\/strong><br> El primer <strong>h3<\/strong> de cada contenido se usar\u00e1 como t\u00edtulo de su pesta\u00f1a. Puedes cambiarlo por otro tag o una clase en el panel lateral<\/p>\n<\/div>\n\n\n\n<div class=\"wp-block-group auto-content-wrapper is-layout-flow wp-block-group-is-layout-flow\">\n<div class=\"wp-block-group has-theme-soft-blue-background-color has-background is-layout-flow wp-block-group-is-layout-flow\" style=\"border-top-color:var(--wp--preset--color--theme-blue);border-top-width:8px;margin-top:2rem;margin-bottom:2rem\">\n<div class=\"wp-block-columns are-vertically-aligned-center is-layout-flex wp-container-core-columns-is-layout-2 wp-block-columns-is-layout-flex\" style=\"margin-top:2rem;margin-bottom:3rem\">\n<div class=\"wp-block-column is-vertically-aligned-center is-layout-flow wp-block-column-is-layout-flow\">\n<div class=\"wp-block-group animation--init slide-right is-vertical is-layout-flex wp-container-core-group-is-layout-7 wp-block-group-is-layout-flex\">\n<figure class=\"wp-block-image size-large is-resized wp-duotone-1ac6fe-1ac6fe-5\"><img loading=\"lazy\" decoding=\"async\" width=\"25\" height=\"25\" src=\"http:\/\/www.campingkims.com\/wp-content\/uploads\/parcelas-icon.svg\" alt=\"\" class=\"wp-image-1018\" style=\"width:60px;height:60px\"\/><\/figure>\n\n\n\n<h3 class=\"wp-block-heading has-text-align-center\">Staanplaats<\/h3>\n\n\n\n<figure class=\"wp-block-image size-large is-resized wp-duotone-1ac6fe-1ac6fe-6\"><img loading=\"lazy\" decoding=\"async\" width=\"25\" height=\"9\" src=\"http:\/\/www.campingkims.com\/wp-content\/uploads\/ola-separadora.svg\" alt=\"\" class=\"wp-image-921\" style=\"width:70px;height:undefinedpx\"\/><\/figure>\n<\/div>\n\n\n\n<p class=\"has-text-align-left animation--init slide-right has-link-color wp-elements-d2562fc44cf9313c766669011fab162c\">Staanplaatsen midden in een groot dennenbos en zeer dicht bij de baaien van <a href=\"http:\/\/www.campingkims.com\/entorno-y-playas\/\">Llafranc en Calella de Palafrugell<\/a>.<\/p>\n\n\n\n<div class=\"wp-block-buttons animation--init slide-right is-layout-flex wp-block-buttons-is-layout-flex\">\n<div class=\"wp-block-button invert-icon\"><a class=\"wp-block-button__link has-theme-blue-background-color has-background wp-element-button\" href=\"http:\/\/www.campingkims.com\/alojamientos\/camping\/parcelas\/\" style=\"border-radius:0.25rem\"><img loading=\"lazy\" decoding=\"async\" width=\"24\" height=\"24\" class=\"wp-image-1043\" style=\"width: 24px;\" src=\"http:\/\/www.campingkims.com\/wp-content\/uploads\/more.svg\" alt=\"\"><strong>STAANPLATSEN<\/strong><\/a><\/div>\n\n\n\n<div class=\"wp-block-button is-style-outline is-style-outline--4531fbac0118484c75e792d35f26aa94\"><a class=\"wp-block-button__link has-theme-blue-color has-text-color wp-element-button\" href=\"https:\/\/booking.campingkims.com\/search?categoryIds=1&amp;lang=es\" style=\"border-radius:0.25rem\" target=\"_blank\" rel=\"noreferrer noopener\"><img loading=\"lazy\" decoding=\"async\" width=\"24\" height=\"24\" class=\"wp-image-1041\" style=\"width: 24px;\" src=\"http:\/\/www.campingkims.com\/wp-content\/uploads\/btn-reservar.svg\" alt=\"\"><strong>BOEKINGEN<\/strong><\/a><\/div>\n<\/div>\n<\/div>\n\n\n\n<div class=\"wp-block-column is-vertically-aligned-center is-layout-flow wp-block-column-is-layout-flow\">\n<figure class=\"wp-block-image size-full has-custom-border is-style-aspect-ratio-1_1 blue-shadow animation--init slide-left\"><img loading=\"lazy\" decoding=\"async\" width=\"1920\" height=\"1280\" src=\"http:\/\/www.campingkims.com\/wp-content\/uploads\/parcelas-01.webp\" alt=\"\" class=\"wp-image-1819\" style=\"border-radius:2rem\" srcset=\"https:\/\/www.campingkims.com\/wp-content\/uploads\/parcelas-01.webp 1920w, https:\/\/www.campingkims.com\/wp-content\/uploads\/parcelas-01-1024x683.webp 1024w, https:\/\/www.campingkims.com\/wp-content\/uploads\/parcelas-01-768x512.webp 768w, https:\/\/www.campingkims.com\/wp-content\/uploads\/parcelas-01-1536x1024.webp 1536w, https:\/\/www.campingkims.com\/wp-content\/uploads\/parcelas-01-512x341.webp 512w, https:\/\/www.campingkims.com\/wp-content\/uploads\/parcelas-01-256x171.webp 256w\" sizes=\"(max-width: 1920px) 100vw, 1920px\" \/><\/figure>\n<\/div>\n<\/div>\n<\/div>\n\n\n\n<div class=\"wp-block-group has-theme-soft-blue-background-color has-background is-layout-flow wp-block-group-is-layout-flow\" style=\"border-top-color:var(--wp--preset--color--theme-blue);border-top-width:8px;margin-top:2rem;margin-bottom:2rem\">\n<div class=\"wp-block-columns are-vertically-aligned-center is-layout-flex wp-container-core-columns-is-layout-3 wp-block-columns-is-layout-flex\" style=\"margin-top:2rem;margin-bottom:3rem\">\n<div class=\"wp-block-column is-vertically-aligned-center is-layout-flow wp-block-column-is-layout-flow\">\n<div class=\"wp-block-group animation--init slide-right is-vertical is-layout-flex wp-container-core-group-is-layout-9 wp-block-group-is-layout-flex\">\n<figure class=\"wp-block-image size-large is-resized wp-duotone-1ac6fe-1ac6fe-7\"><img loading=\"lazy\" decoding=\"async\" width=\"25\" height=\"25\" src=\"http:\/\/www.campingkims.com\/wp-content\/uploads\/estudio.svg\" alt=\"\" class=\"wp-image-1084\" style=\"width:60px;height:60px\"\/><\/figure>\n\n\n\n<h3 class=\"wp-block-heading has-text-align-center\">Studios<\/h3>\n\n\n\n<figure class=\"wp-block-image size-large is-resized wp-duotone-1ac6fe-1ac6fe-8\"><img loading=\"lazy\" decoding=\"async\" width=\"25\" height=\"9\" src=\"http:\/\/www.campingkims.com\/wp-content\/uploads\/ola-separadora.svg\" alt=\"\" class=\"wp-image-921\" style=\"width:70px;height:undefinedpx\"\/><\/figure>\n<\/div>\n\n\n\n<p class=\"has-text-align-left animation--init slide-right has-link-color wp-elements-235fee2cd946908f9db60b632728d429\">Komfortable Studios f\u00fcr 2 und 4 Personen, komplett ausgestattet, mit Terrasse und Parkplatz daneben.<\/p>\n\n\n\n<div class=\"wp-block-buttons animation--init slide-right is-layout-flex wp-block-buttons-is-layout-flex\">\n<div class=\"wp-block-button invert-icon\"><a class=\"wp-block-button__link has-theme-blue-background-color has-background wp-element-button\" href=\"http:\/\/www.campingkims.com\/alojamientos\/estudios\/\" style=\"border-radius:0.25rem\"><img loading=\"lazy\" decoding=\"async\" width=\"24\" height=\"24\" class=\"wp-image-1043\" style=\"width: 24px;\" src=\"http:\/\/www.campingkims.com\/wp-content\/uploads\/more.svg\" alt=\"\"><strong>STUDIOS<\/strong><\/a><\/div>\n\n\n\n<div class=\"wp-block-button is-style-outline is-style-outline--b3bfccd8c3fa3a784ee656b53de8bd5b\"><a class=\"wp-block-button__link has-theme-blue-color has-text-color wp-element-button\" href=\"https:\/\/booking.campingkims.com\/search?categoryIds=17,18,21,22&amp;lang=es\" style=\"border-radius:0.25rem\" target=\"_blank\" rel=\"noreferrer noopener\"><img loading=\"lazy\" decoding=\"async\" width=\"24\" height=\"24\" class=\"wp-image-1041\" style=\"width: 24px;\" src=\"http:\/\/www.campingkims.com\/wp-content\/uploads\/btn-reservar.svg\" alt=\"\"><strong>BOEKINGEN<\/strong><\/a><\/div>\n<\/div>\n<\/div>\n\n\n\n<div class=\"wp-block-column is-vertically-aligned-center is-layout-flow wp-block-column-is-layout-flow\">\n<figure class=\"wp-block-image size-full has-custom-border animation--init slide-left is-style-aspect-ratio-1_1 blue-shadow\"><img loading=\"lazy\" decoding=\"async\" width=\"1920\" height=\"1280\" src=\"http:\/\/www.campingkims.com\/wp-content\/uploads\/estudios-a-03.webp\" alt=\"\" class=\"wp-image-1090\" style=\"border-radius:2rem\" srcset=\"https:\/\/www.campingkims.com\/wp-content\/uploads\/estudios-a-03.webp 1920w, https:\/\/www.campingkims.com\/wp-content\/uploads\/estudios-a-03-1024x683.webp 1024w, https:\/\/www.campingkims.com\/wp-content\/uploads\/estudios-a-03-768x512.webp 768w, https:\/\/www.campingkims.com\/wp-content\/uploads\/estudios-a-03-1536x1024.webp 1536w, https:\/\/www.campingkims.com\/wp-content\/uploads\/estudios-a-03-512x341.webp 512w, https:\/\/www.campingkims.com\/wp-content\/uploads\/estudios-a-03-256x171.webp 256w\" sizes=\"(max-width: 1920px) 100vw, 1920px\" \/><\/figure>\n<\/div>\n<\/div>\n<\/div>\n\n\n\n<div class=\"wp-block-group has-theme-soft-blue-background-color has-background is-layout-flow wp-block-group-is-layout-flow\" style=\"border-top-color:var(--wp--preset--color--theme-blue);border-top-width:8px;padding-top:2rem;padding-right:2rem;padding-bottom:2rem;padding-left:2rem\">\n<div class=\"wp-block-columns are-vertically-aligned-center is-layout-flex wp-container-core-columns-is-layout-4 wp-block-columns-is-layout-flex\" style=\"margin-top:2rem;margin-bottom:3rem\">\n<div class=\"wp-block-column is-vertically-aligned-center is-layout-flow wp-block-column-is-layout-flow\">\n<div class=\"wp-block-group animation--init slide-right is-vertical is-layout-flex wp-container-core-group-is-layout-11 wp-block-group-is-layout-flex\">\n<figure class=\"wp-block-image size-large is-resized\"><img loading=\"lazy\" decoding=\"async\" width=\"60\" height=\"61\" src=\"http:\/\/www.campingkims.com\/wp-content\/uploads\/apartamento.svg\" alt=\"\" class=\"wp-image-1097\" style=\"width:60px;height:60px\"\/><\/figure>\n\n\n\n<h3 class=\"wp-block-heading has-text-align-center\">Appartements<\/h3>\n\n\n\n<figure class=\"wp-block-image size-large is-resized wp-duotone-1ac6fe-1ac6fe-9\"><img loading=\"lazy\" decoding=\"async\" width=\"25\" height=\"9\" src=\"http:\/\/www.campingkims.com\/wp-content\/uploads\/ola-separadora.svg\" alt=\"\" class=\"wp-image-921\" style=\"width:70px;height:undefinedpx\"\/><\/figure>\n<\/div>\n\n\n\n<p class=\"has-text-align-left animation--init slide-right has-link-color wp-elements-f9f7f88e52133a7a7550516aae587d66\">Appartementen op de camping met een capaciteit van 4 tot 8 personen. Komplett ausgestattet und renoviert.<\/p>\n\n\n\n<div class=\"wp-block-buttons animation--init slide-right is-layout-flex wp-block-buttons-is-layout-flex\">\n<div class=\"wp-block-button invert-icon\"><a class=\"wp-block-button__link has-theme-blue-background-color has-background wp-element-button\" href=\"http:\/\/www.campingkims.com\/alojamientos\/apartamentos\/\" style=\"border-radius:0.25rem\"><img loading=\"lazy\" decoding=\"async\" width=\"24\" height=\"24\" class=\"wp-image-1043\" style=\"width: 24px;\" src=\"http:\/\/www.campingkims.com\/wp-content\/uploads\/more.svg\" alt=\"\"><strong>APPARTAMENTEN<\/strong><\/a><\/div>\n\n\n\n<div class=\"wp-block-button is-style-outline is-style-outline--0ad601bc5567809759d177cfc8f5520c\"><a class=\"wp-block-button__link has-theme-blue-color has-text-color wp-element-button\" href=\"https:\/\/booking.campingkims.com\/search?categoryIds=13,14,15,16&amp;lang=es\" style=\"border-radius:0.25rem\" target=\"_blank\" rel=\"noreferrer noopener\"><img loading=\"lazy\" decoding=\"async\" width=\"24\" height=\"24\" class=\"wp-image-1041\" style=\"width: 24px;\" src=\"http:\/\/www.campingkims.com\/wp-content\/uploads\/btn-reservar.svg\" alt=\"\"><strong>BOEKINGEN<\/strong><\/a><\/div>\n<\/div>\n<\/div>\n\n\n\n<div class=\"wp-block-column is-vertically-aligned-center is-layout-flow wp-block-column-is-layout-flow\">\n<figure class=\"wp-block-image size-full has-custom-border is-style-aspect-ratio-1_1 blue-shadow animation--init slide-left\"><img loading=\"lazy\" decoding=\"async\" width=\"1920\" height=\"1280\" src=\"http:\/\/www.campingkims.com\/wp-content\/uploads\/villa-anita-01.webp\" alt=\"\" class=\"wp-image-1385\" style=\"border-radius:2rem\" srcset=\"https:\/\/www.campingkims.com\/wp-content\/uploads\/villa-anita-01.webp 1920w, https:\/\/www.campingkims.com\/wp-content\/uploads\/villa-anita-01-1024x683.webp 1024w, https:\/\/www.campingkims.com\/wp-content\/uploads\/villa-anita-01-768x512.webp 768w, https:\/\/www.campingkims.com\/wp-content\/uploads\/villa-anita-01-1536x1024.webp 1536w, https:\/\/www.campingkims.com\/wp-content\/uploads\/villa-anita-01-512x341.webp 512w, https:\/\/www.campingkims.com\/wp-content\/uploads\/villa-anita-01-256x171.webp 256w\" sizes=\"(max-width: 1920px) 100vw, 1920px\" \/><\/figure>\n<\/div>\n<\/div>\n<\/div>\n\n\n\n<div class=\"wp-block-group has-theme-soft-blue-background-color has-background is-layout-flow wp-block-group-is-layout-flow\" style=\"border-top-color:var(--wp--preset--color--theme-blue);border-top-width:8px;margin-top:2rem;margin-bottom:2rem\">\n<div class=\"wp-block-columns are-vertically-aligned-center is-layout-flex wp-container-core-columns-is-layout-5 wp-block-columns-is-layout-flex\" style=\"margin-top:2rem;margin-bottom:3rem\">\n<div class=\"wp-block-column is-vertically-aligned-center is-layout-flow wp-block-column-is-layout-flow\">\n<div class=\"wp-block-group animation--init slide-right is-vertical is-layout-flex wp-container-core-group-is-layout-13 wp-block-group-is-layout-flex\">\n<figure class=\"wp-block-image size-large is-resized\"><img loading=\"lazy\" decoding=\"async\" width=\"60\" height=\"61\" src=\"http:\/\/www.campingkims.com\/wp-content\/uploads\/apartamento.svg\" alt=\"\" class=\"wp-image-1097\" style=\"width:60px;height:60px\"\/><\/figure>\n\n\n\n<h3 class=\"wp-block-heading has-text-align-center\">Chalets<\/h3>\n\n\n\n<figure class=\"wp-block-image size-large is-resized wp-duotone-1ac6fe-1ac6fe-10\"><img loading=\"lazy\" decoding=\"async\" width=\"25\" height=\"9\" src=\"http:\/\/www.campingkims.com\/wp-content\/uploads\/ola-separadora.svg\" alt=\"\" class=\"wp-image-921\" style=\"width:70px;height:undefinedpx\"\/><\/figure>\n<\/div>\n\n\n\n<p class=\"has-text-align-left animation--init slide-right has-link-color wp-elements-01bdcfafdeb1be58cab2bea06f2c8ea6\">Gro\u00dfe Chalets bis zu 8 Personen, ideal f\u00fcr Treffen mit Freunden oder Familie.<\/p>\n\n\n\n<div class=\"wp-block-buttons animation--init slide-right is-layout-flex wp-block-buttons-is-layout-flex\">\n<div class=\"wp-block-button invert-icon\"><a class=\"wp-block-button__link has-theme-blue-background-color has-background wp-element-button\" href=\"http:\/\/www.campingkims.com\/alojamientos\/chalets\/\" style=\"border-radius:0.25rem\"><img loading=\"lazy\" decoding=\"async\" width=\"24\" height=\"24\" class=\"wp-image-1043\" style=\"width: 24px;\" src=\"http:\/\/www.campingkims.com\/wp-content\/uploads\/more.svg\" alt=\"\"><strong>CHALETS<\/strong><\/a><\/div>\n\n\n\n<div class=\"wp-block-button is-style-outline is-style-outline--792f95d038075d0d34e02522c77a2b7c\"><a class=\"wp-block-button__link has-theme-blue-color has-text-color wp-element-button\" href=\"https:\/\/booking.campingkims.com\/search?categoryIds=11,12&amp;lang=es\" style=\"border-radius:0.25rem\" target=\"_blank\" rel=\"noreferrer noopener\"><img loading=\"lazy\" decoding=\"async\" width=\"24\" height=\"24\" class=\"wp-image-1041\" style=\"width: 24px;\" src=\"http:\/\/www.campingkims.com\/wp-content\/uploads\/btn-reservar.svg\" alt=\"\"><strong>BOEKINGEN<\/strong><\/a><\/div>\n<\/div>\n<\/div>\n\n\n\n<div class=\"wp-block-column is-vertically-aligned-center is-layout-flow wp-block-column-is-layout-flow\">\n<figure class=\"wp-block-image size-full has-custom-border is-style-aspect-ratio-1_1 blue-shadow animation--init slide-left\"><img loading=\"lazy\" decoding=\"async\" width=\"1920\" height=\"1280\" src=\"http:\/\/www.campingkims.com\/wp-content\/uploads\/chalet-villa-kima-01.webp\" alt=\"\" class=\"wp-image-1101\" style=\"border-radius:2rem\" srcset=\"https:\/\/www.campingkims.com\/wp-content\/uploads\/chalet-villa-kima-01.webp 1920w, https:\/\/www.campingkims.com\/wp-content\/uploads\/chalet-villa-kima-01-1024x683.webp 1024w, https:\/\/www.campingkims.com\/wp-content\/uploads\/chalet-villa-kima-01-768x512.webp 768w, https:\/\/www.campingkims.com\/wp-content\/uploads\/chalet-villa-kima-01-1536x1024.webp 1536w, https:\/\/www.campingkims.com\/wp-content\/uploads\/chalet-villa-kima-01-512x341.webp 512w, https:\/\/www.campingkims.com\/wp-content\/uploads\/chalet-villa-kima-01-256x171.webp 256w\" sizes=\"(max-width: 1920px) 100vw, 1920px\" \/><\/figure>\n<\/div>\n<\/div>\n<\/div>\n\n\n\n<div class=\"wp-block-group has-theme-soft-blue-background-color has-background is-layout-flow wp-container-core-group-is-layout-16 wp-block-group-is-layout-flow\" style=\"border-top-color:var(--wp--preset--color--theme-blue);border-top-width:8px\">\n<div class=\"wp-block-columns are-vertically-aligned-center is-layout-flex wp-container-core-columns-is-layout-6 wp-block-columns-is-layout-flex\" style=\"margin-top:2rem;margin-bottom:3rem\">\n<div class=\"wp-block-column is-vertically-aligned-center is-layout-flow wp-block-column-is-layout-flow\">\n<div class=\"wp-block-group animation--init slide-right is-vertical is-layout-flex wp-container-core-group-is-layout-15 wp-block-group-is-layout-flex\">\n<figure class=\"wp-block-image size-large is-resized wp-duotone-1ac6fe-1ac6fe-11\"><img loading=\"lazy\" decoding=\"async\" width=\"25\" height=\"25\" src=\"http:\/\/www.campingkims.com\/wp-content\/uploads\/bungalow.svg\" alt=\"\" class=\"wp-image-1113\" style=\"width:60px;height:60px\"\/><\/figure>\n\n\n\n<h3 class=\"wp-block-heading has-text-align-center\">Bungalows<\/h3>\n\n\n\n<figure class=\"wp-block-image size-large is-resized wp-duotone-1ac6fe-1ac6fe-12\"><img loading=\"lazy\" decoding=\"async\" width=\"25\" height=\"9\" src=\"http:\/\/www.campingkims.com\/wp-content\/uploads\/ola-separadora.svg\" alt=\"\" class=\"wp-image-921\" style=\"width:70px;height:undefinedpx\"\/><\/figure>\n<\/div>\n\n\n\n<p class=\"has-text-align-left animation--init slide-right has-link-color wp-elements-bb068f306d751e91fdde9caf2756ab4a\">Bungalows in der N\u00e4he des Pools und Kampingdienstleistungen f\u00fcr 4-7 Personen: ideal f\u00fcr Familien oder Freunde.<\/p>\n\n\n\n<div class=\"wp-block-buttons animation--init slide-right is-layout-flex wp-block-buttons-is-layout-flex\">\n<div class=\"wp-block-button invert-icon\"><a class=\"wp-block-button__link has-theme-blue-background-color has-background wp-element-button\" href=\"http:\/\/www.campingkims.com\/alojamientos\/bungalows\/\" style=\"border-radius:0.25rem\"><img loading=\"lazy\" decoding=\"async\" width=\"24\" height=\"24\" class=\"wp-image-1043\" style=\"width: 24px;\" src=\"http:\/\/www.campingkims.com\/wp-content\/uploads\/more.svg\" alt=\"\"><strong>BUNGALOWS<\/strong><\/a><\/div>\n\n\n\n<div class=\"wp-block-button is-style-outline is-style-outline--e94cc0113be63dd568d3209ecc4cca1d\"><a class=\"wp-block-button__link has-theme-blue-color has-text-color wp-element-button\" href=\"https:\/\/booking.campingkims.com\/search?categoryIds=2,5,7,8,9&amp;lang=es\" style=\"border-radius:0.25rem\" target=\"_blank\" rel=\"noreferrer noopener\"><img loading=\"lazy\" decoding=\"async\" width=\"24\" height=\"24\" class=\"wp-image-1041\" style=\"width: 24px;\" src=\"http:\/\/www.campingkims.com\/wp-content\/uploads\/btn-reservar.svg\" alt=\"\"><strong>BOEKINGEN<\/strong><\/a><\/div>\n<\/div>\n<\/div>\n\n\n\n<div class=\"wp-block-column is-vertically-aligned-center is-layout-flow wp-block-column-is-layout-flow\">\n<figure class=\"wp-block-image size-full has-custom-border is-style-aspect-ratio-1_1 blue-shadow animation--init slide-left\"><img loading=\"lazy\" decoding=\"async\" width=\"1920\" height=\"1280\" src=\"http:\/\/www.campingkims.com\/wp-content\/uploads\/bungalows-02.webp\" alt=\"\" class=\"wp-image-1115\" style=\"border-radius:2rem\" srcset=\"https:\/\/www.campingkims.com\/wp-content\/uploads\/bungalows-02.webp 1920w, https:\/\/www.campingkims.com\/wp-content\/uploads\/bungalows-02-1024x683.webp 1024w, https:\/\/www.campingkims.com\/wp-content\/uploads\/bungalows-02-768x512.webp 768w, https:\/\/www.campingkims.com\/wp-content\/uploads\/bungalows-02-1536x1024.webp 1536w, https:\/\/www.campingkims.com\/wp-content\/uploads\/bungalows-02-512x341.webp 512w, https:\/\/www.campingkims.com\/wp-content\/uploads\/bungalows-02-256x171.webp 256w\" sizes=\"(max-width: 1920px) 100vw, 1920px\" \/><\/figure>\n<\/div>\n<\/div>\n<\/div>\n\n\n\n<div class=\"wp-block-group has-theme-soft-blue-background-color has-background is-layout-flow wp-block-group-is-layout-flow\" style=\"border-top-color:var(--wp--preset--color--theme-blue);border-top-width:8px;margin-top:2rem;margin-bottom:2rem\">\n<div class=\"wp-block-columns are-vertically-aligned-center is-layout-flex wp-container-core-columns-is-layout-7 wp-block-columns-is-layout-flex\" style=\"margin-top:2rem;margin-bottom:3rem\">\n<div class=\"wp-block-column is-vertically-aligned-center is-layout-flow wp-block-column-is-layout-flow\">\n<div class=\"wp-block-group animation--init slide-right is-vertical is-layout-flex wp-container-core-group-is-layout-17 wp-block-group-is-layout-flex\">\n<figure class=\"wp-block-image size-large is-resized wp-duotone-1ac6fe-1ac6fe-13\"><img loading=\"lazy\" decoding=\"async\" width=\"25\" height=\"25\" src=\"http:\/\/www.campingkims.com\/wp-content\/uploads\/mobilhome.svg\" alt=\"\" class=\"wp-image-1131\" style=\"width:60px;height:undefinedpx\"\/><\/figure>\n\n\n\n<h3 class=\"wp-block-heading has-text-align-center\">Mobilhomes<\/h3>\n\n\n\n<figure class=\"wp-block-image size-large is-resized wp-duotone-1ac6fe-1ac6fe-14\"><img loading=\"lazy\" decoding=\"async\" width=\"25\" height=\"9\" src=\"http:\/\/www.campingkims.com\/wp-content\/uploads\/ola-separadora.svg\" alt=\"\" class=\"wp-image-921\" style=\"width:70px;height:undefinedpx\"\/><\/figure>\n<\/div>\n\n\n\n<p class=\"has-text-align-left animation--init slide-right has-link-color wp-elements-87f70274b0cbcf9584be94e7cc7d289d\">Gelegen nabij het zwembad en andere diensten. Accommodaties uitgerust met een capaciteit van 4 tot 7 personen.<\/p>\n\n\n\n<div class=\"wp-block-buttons animation--init slide-right is-layout-flex wp-block-buttons-is-layout-flex\">\n<div class=\"wp-block-button invert-icon\"><a class=\"wp-block-button__link has-theme-blue-background-color has-background wp-element-button\" href=\"http:\/\/www.campingkims.com\/alojamientos\/mobile-home\/\" style=\"border-radius:0.25rem\"><img loading=\"lazy\" decoding=\"async\" width=\"24\" height=\"24\" class=\"wp-image-1043\" style=\"width: 24px;\" src=\"http:\/\/www.campingkims.com\/wp-content\/uploads\/more.svg\" alt=\"\"><strong>MOBILHOMES<\/strong><\/a><\/div>\n\n\n\n<div class=\"wp-block-button is-style-outline is-style-outline--9a2ec2c065519ef2a4efdbe451e9747b\"><a class=\"wp-block-button__link has-theme-blue-color has-text-color wp-element-button\" href=\"https:\/\/booking.campingkims.com\/search?categoryIds=10&amp;lang=es\" style=\"border-radius:0.25rem\" target=\"_blank\" rel=\"noreferrer noopener\"><img loading=\"lazy\" decoding=\"async\" width=\"24\" height=\"24\" class=\"wp-image-1041\" style=\"width: 24px;\" src=\"http:\/\/www.campingkims.com\/wp-content\/uploads\/btn-reservar.svg\" alt=\"\"><strong>BOEKINGEN<\/strong><\/a><\/div>\n<\/div>\n<\/div>\n\n\n\n<div class=\"wp-block-column is-vertically-aligned-center is-layout-flow wp-block-column-is-layout-flow\">\n<figure class=\"wp-block-image size-full has-custom-border is-style-aspect-ratio-1_1 blue-shadow animation--init slide-left\"><img loading=\"lazy\" decoding=\"async\" width=\"1920\" height=\"1280\" src=\"http:\/\/www.campingkims.com\/wp-content\/uploads\/mobil-homes-02.webp\" alt=\"\" class=\"wp-image-1134\" style=\"border-radius:2rem\" srcset=\"https:\/\/www.campingkims.com\/wp-content\/uploads\/mobil-homes-02.webp 1920w, https:\/\/www.campingkims.com\/wp-content\/uploads\/mobil-homes-02-1024x683.webp 1024w, https:\/\/www.campingkims.com\/wp-content\/uploads\/mobil-homes-02-768x512.webp 768w, https:\/\/www.campingkims.com\/wp-content\/uploads\/mobil-homes-02-1536x1024.webp 1536w, https:\/\/www.campingkims.com\/wp-content\/uploads\/mobil-homes-02-512x341.webp 512w, https:\/\/www.campingkims.com\/wp-content\/uploads\/mobil-homes-02-256x171.webp 256w\" sizes=\"(max-width: 1920px) 100vw, 1920px\" \/><\/figure>\n<\/div>\n<\/div>\n<\/div>\n<\/div>\n\n<\/div><\/div>\n\n\n<div class=\"wp-block-columns alignwide is-layout-flex wp-container-core-columns-is-layout-8 wp-block-columns-is-layout-flex\" style=\"margin-bottom:10vh\">\n<div class=\"wp-block-column is-layout-flow wp-block-column-is-layout-flow\">\n<figure class=\"wp-block-image size-full has-custom-border is-style-aspect-ratio-3_2 animation--init--once slide-right\"><a href=\"http:\/\/www.campingkims.com\/servicios\/\"><img loading=\"lazy\" decoding=\"async\" width=\"1920\" height=\"1280\" src=\"http:\/\/www.campingkims.com\/wp-content\/uploads\/piscina-08.webp\" alt=\"\" class=\"wp-image-1152\" style=\"border-radius:1rem\" srcset=\"https:\/\/www.campingkims.com\/wp-content\/uploads\/piscina-08.webp 1920w, https:\/\/www.campingkims.com\/wp-content\/uploads\/piscina-08-1024x683.webp 1024w, https:\/\/www.campingkims.com\/wp-content\/uploads\/piscina-08-768x512.webp 768w, https:\/\/www.campingkims.com\/wp-content\/uploads\/piscina-08-1536x1024.webp 1536w, https:\/\/www.campingkims.com\/wp-content\/uploads\/piscina-08-512x341.webp 512w, https:\/\/www.campingkims.com\/wp-content\/uploads\/piscina-08-256x171.webp 256w\" sizes=\"(max-width: 1920px) 100vw, 1920px\" \/><\/a><\/figure>\n\n\n\n<h3 class=\"wp-block-heading animation--init--once slide-right has-theme-dark-purple-color has-text-color\">Diensten en faciliteiten<\/h3>\n\n\n\n<p class=\"animation--init--once slide-right has-theme-purple-color has-text-color\">Het hele seizoen door zijn er uitvoeringen, installaties en activiteiten die op alle leeftijden zijn gericht, met de achtergrond van onze natuurlijke omgeving, recreatiegebieden of het gezellige zwembad.<\/p>\n\n\n\n<div class=\"wp-block-group is-nowrap is-layout-flex wp-container-core-group-is-layout-20 wp-block-group-is-layout-flex\" style=\"margin-bottom:2rem\">\n<figure class=\"wp-block-image size-large is-resized animation--init--once slide-up wp-duotone-2bc3a7-2bc3a7-15\"><img loading=\"lazy\" decoding=\"async\" width=\"25\" height=\"25\" src=\"http:\/\/www.campingkims.com\/wp-content\/uploads\/piscina.svg\" alt=\"\" class=\"wp-image-1179\" style=\"width:32px;height:32px\"\/><\/figure>\n\n\n\n<figure class=\"wp-block-image size-large is-resized animation--init--once slide-up delay-1 wp-duotone-2bc3a7-2bc3a7-16\"><img loading=\"lazy\" decoding=\"async\" width=\"25\" height=\"25\" src=\"http:\/\/www.campingkims.com\/wp-content\/uploads\/animacion.svg\" alt=\"\" class=\"wp-image-1175\" style=\"width:32px;height:32px\"\/><\/figure>\n\n\n\n<figure class=\"wp-block-image size-large is-resized animation--init--once slide-up delay-2 wp-duotone-2bc3a7-2bc3a7-17\"><img loading=\"lazy\" decoding=\"async\" width=\"25\" height=\"25\" src=\"http:\/\/www.campingkims.com\/wp-content\/uploads\/carrito-de-compras.svg\" alt=\"\" class=\"wp-image-1177\" style=\"width:32px;height:32px\"\/><\/figure>\n\n\n\n<figure class=\"wp-block-image size-large is-resized animation--init--once slide-up delay-3 wp-duotone-2bc3a7-2bc3a7-18\"><img loading=\"lazy\" decoding=\"async\" width=\"25\" height=\"24\" src=\"http:\/\/www.campingkims.com\/wp-content\/uploads\/taza-de-cafe.svg\" alt=\"\" class=\"wp-image-1182\" style=\"width:32px;height:32px\"\/><\/figure>\n<\/div>\n<\/div>\n\n\n\n<div class=\"wp-block-column is-layout-flow wp-block-column-is-layout-flow\">\n<figure class=\"wp-block-image size-full has-custom-border is-style-aspect-ratio-3_2 animation--init--once slide-left\"><a href=\"http:\/\/www.campingkims.com\/entorno-y-playas\/\"><img decoding=\"async\" src=\"http:\/\/www.campingkims.com\/wp-content\/uploads\/calella-de-palafrugell-camping-kims-llafranc-costa-brava-1-1.webp\" alt=\"\" class=\"wp-image-1198\" style=\"border-radius:1rem\"\/><\/a><\/figure>\n\n\n\n<h3 class=\"wp-block-heading animation--init--once slide-left has-theme-dark-purple-color has-text-color\">Omgeving en Strand<\/h3>\n\n\n\n<p class=\"animation--init--once slide-left has-theme-purple-color has-text-color\">Midden in de natuur en gelegen in een van de meest bevoorrechte gebieden van de Costa Brava, op het strand van Llafranc en naast de baaien van Calella de Palafrugell en Tamariu.<\/p>\n\n\n\n<div class=\"wp-block-group is-nowrap is-layout-flex wp-container-core-group-is-layout-21 wp-block-group-is-layout-flex\" style=\"margin-bottom:2rem\">\n<figure class=\"wp-block-image size-large is-resized animation--init--once slide-up delay-3 wp-duotone-1ac6fe-1ac6fe-19\"><img loading=\"lazy\" decoding=\"async\" width=\"25\" height=\"25\" src=\"http:\/\/www.campingkims.com\/wp-content\/uploads\/playa.svg\" alt=\"\" class=\"wp-image-1180\" style=\"width:32px;height:32px\"\/><\/figure>\n\n\n\n<figure class=\"wp-block-image size-large is-resized animation--init--once slide-up delay-2 wp-duotone-1ac6fe-1ac6fe-20\"><img loading=\"lazy\" decoding=\"async\" width=\"25\" height=\"25\" src=\"http:\/\/www.campingkims.com\/wp-content\/uploads\/bicicleta.svg\" alt=\"\" class=\"wp-image-1176\" style=\"width:32px;height:32px\"\/><\/figure>\n\n\n\n<figure class=\"wp-block-image size-large is-resized animation--init--once slide-up delay-1 wp-duotone-1ac6fe-fff-21\"><img loading=\"lazy\" decoding=\"async\" width=\"25\" height=\"25\" src=\"http:\/\/www.campingkims.com\/wp-content\/uploads\/iglesia.svg\" alt=\"\" class=\"wp-image-1178\" style=\"width:32px;height:32px\"\/><\/figure>\n\n\n\n<figure class=\"wp-block-image size-large is-resized animation--init--once slide-up wp-duotone-1ac6fe-1ac6fe-22\"><img loading=\"lazy\" decoding=\"async\" width=\"25\" height=\"25\" src=\"http:\/\/www.campingkims.com\/wp-content\/uploads\/senderismo.svg\" alt=\"\" class=\"wp-image-1181\" style=\"width:32px;height:32px\"\/><\/figure>\n<\/div>\n<\/div>\n<\/div>\n\n\n\n<div class=\"wp-block-group alignwide animation--init--once slide-right is-vertical is-content-justification-left is-layout-flex wp-container-core-group-is-layout-22 wp-block-group-is-layout-flex\" style=\"margin-bottom:8vh\">\n<p class=\"has-theme-orange-color has-text-color has-roboto-slab-font-family has-h-6-font-size\">Beoordelingen Kim\u2019s Camping<\/p>\n\n\n\n<h3 class=\"wp-block-heading has-text-align-center has-theme-dark-purple-color has-text-color\">Onze klanten zeggen<\/h3>\n\n\n\n<figure class=\"wp-block-image size-large is-resized wp-duotone-ffb434-ffb434-23\"><img loading=\"lazy\" decoding=\"async\" width=\"25\" height=\"9\" src=\"http:\/\/www.campingkims.com\/wp-content\/uploads\/ola-separadora.svg\" alt=\"\" class=\"wp-image-921\" style=\"width:70px;height:undefinedpx\"\/><\/figure>\n<\/div>\n\n\n\n<div class=\"wp-block-group alignfull reviews-block animation--init--once has-theme-orange-background-color has-background is-layout-constrained wp-block-group-is-layout-constrained\" style=\"margin-bottom:0px;padding-top:3rem;padding-bottom:13rem\">\n<div class=\"wp-block-columns alignwide is-layout-flex wp-container-core-columns-is-layout-9 wp-block-columns-is-layout-flex\">\n<div class=\"wp-block-column is-layout-flow wp-block-column-is-layout-flow\" style=\"flex-basis:80%\">\n<div class=\"wp-block-slider animation--init--once slide-right delay-1\">\n    <div class=\"block-slider-splide splide\" id=\"block_slide_5117\">\n        <div class=\"splide__track\">\n                <div class=\"acf-innerblocks-container\">\n\n<div class=\"wp-block-group has-theme-white-color has-theme-white-background-color has-text-color has-background is-layout-flow wp-block-group-is-layout-flow\" style=\"border-radius:1rem;padding-top:2rem;padding-right:2rem;padding-bottom:2rem;padding-left:2rem\">\n<figure class=\"wp-block-image size-large wp-duotone-ffb434-fff-24\"><img loading=\"lazy\" decoding=\"async\" width=\"102\" height=\"19\" src=\"http:\/\/www.campingkims.com\/wp-content\/uploads\/five-stars.svg\" alt=\"\" class=\"wp-image-1215\"\/><\/figure>\n\n\n\n<p class=\"has-theme-dark-purple-color has-text-color has-h-6-font-size\"><strong><em>\u201cWij komen hier vanaf jongs af aan. De camping heeft kampeerplaatsen maar ook chalets, wij kwamen met de vouwwagen. De camping ligt ongeveer 15 minuten van het strand vandaan maar dat lopen wij altijd, het is te doen met de strand spullen. Er zit een groot zwembad bij de camping met kinderbad. Ik vind het wel een plek om terug te komen, ook omdat het eigelijk niet veel veranderd is in al die jaren\u201d<\/em><\/strong><\/p>\n\n\n\n<p class=\"has-theme-dark-purple-color has-text-color\"><strong><mark style=\"background-color:rgba(0, 0, 0, 0)\" class=\"has-inline-color has-theme-orange-color\">Tommy de Rooy<\/mark><\/strong> | Google<\/p>\n<\/div>\n\n\n\n<div class=\"wp-block-group has-theme-white-color has-theme-white-background-color has-text-color has-background is-layout-flow wp-block-group-is-layout-flow\" style=\"border-radius:1rem;padding-top:2rem;padding-right:2rem;padding-bottom:2rem;padding-left:2rem\">\n<figure class=\"wp-block-image size-large wp-duotone-ffb434-fff-25\"><img loading=\"lazy\" decoding=\"async\" width=\"102\" height=\"19\" src=\"http:\/\/www.campingkims.com\/wp-content\/uploads\/five-stars.svg\" alt=\"\" class=\"wp-image-1215\"\/><\/figure>\n\n\n\n<p class=\"has-theme-dark-purple-color has-text-color has-h-6-font-size\"><strong><em>\u201cHartelijke en vrolijke ontvangst. Bij binnenkomst lijkt de camping een plek met vergane glorie door de vervallen vaste caravans die de tand des tijds amper hebben doorstaan! Maar na enig zoeken ruime plek met uitzicht! Sanitair m\u2019n gebouw 5 superschoon!\u201d<\/em><\/strong><\/p>\n\n\n\n<p class=\"has-theme-dark-purple-color has-text-color\"><strong><mark style=\"background-color:rgba(0, 0, 0, 0)\" class=\"has-inline-color has-theme-orange-color\">Georgine Splinter<\/mark><\/strong> | Google<\/p>\n<\/div>\n\n\n\n<div class=\"wp-block-group has-theme-white-color has-theme-white-background-color has-text-color has-background is-layout-flow wp-block-group-is-layout-flow\" style=\"border-radius:1rem;padding-top:2rem;padding-right:2rem;padding-bottom:2rem;padding-left:2rem\">\n<figure class=\"wp-block-image size-large wp-duotone-ffb434-fff-26\"><img loading=\"lazy\" decoding=\"async\" width=\"102\" height=\"19\" src=\"http:\/\/www.campingkims.com\/wp-content\/uploads\/five-stars.svg\" alt=\"\" class=\"wp-image-1215\"\/><\/figure>\n\n\n\n<p class=\"has-theme-dark-purple-color has-text-color has-h-6-font-size\"><strong><em>\u201cPrima familie camping. T\/m half juli redelijk rustig.\u201d<\/em><\/strong><\/p>\n\n\n\n<p class=\"has-theme-dark-purple-color has-text-color\"><strong><mark style=\"background-color:rgba(0, 0, 0, 0)\" class=\"has-inline-color has-theme-orange-color\">Jack Deserno<\/mark><\/strong> | Google<\/p>\n<\/div>\n\n\n\n<div class=\"wp-block-group has-theme-white-color has-theme-white-background-color has-text-color has-background is-layout-flow wp-block-group-is-layout-flow\" style=\"border-radius:1rem;padding-top:2rem;padding-right:2rem;padding-bottom:2rem;padding-left:2rem\">\n<figure class=\"wp-block-image size-large wp-duotone-ffb434-fff-27\"><img loading=\"lazy\" decoding=\"async\" width=\"102\" height=\"19\" src=\"http:\/\/www.campingkims.com\/wp-content\/uploads\/five-stars.svg\" alt=\"\" class=\"wp-image-1215\"\/><\/figure>\n\n\n\n<p class=\"has-theme-dark-purple-color has-text-color has-h-6-font-size\"><strong><em>\u201cFijne camping met prachtig verwarmd zwembad. Leuke waterspeelplaats voor de kleintjes. Gezellige bar en mogelijkheid om basic te eten of hapjes te bestellen. Mooie ruime kampeerplaatsen in vakken of ook wat meer natuurlijk in het bos. Tevens ook chalets en kampeercaravans mogelijk te huren. Zeer vriendelijk en behulpzaam personeel. 15 min lopen van het strand af.\u201d<\/em><\/strong><\/p>\n\n\n\n<p class=\"has-theme-dark-purple-color has-text-color\"><strong><mark style=\"background-color:rgba(0, 0, 0, 0)\" class=\"has-inline-color has-theme-orange-color\">Marie-Louise Kemperman<\/mark><\/strong> | Google<\/p>\n<\/div>\n\n<\/div>        <\/div>\n    <\/div>\n<\/div>\n    <script>\n        'use strict';\n\n        document.addEventListener('DOMContentLoaded', function () {\n\n            (function() {\n                const blockSlide = new Splide( '#block_slide_5117', {\n                    type : 'loop',\n                    perPage: 2,\n                                        \n                    breakpoints: {\n                        800: {\n                            perPage: 1,\n                                                    },\n                        450: {\n                            perPage: 1,\n                            \n                        },\n                    },\n                    pagination: false,\n                    arrows: true,\n                    gap: 'var(--wp--style--block-gap)',\n                    i18n: {\n                        slideLabel: '%s \/ %s',\n                    },\n                } );\n                \n                blockSlide.mount();\n            })();\n        })\n    <\/script>\n<\/div>\n\n\n\n<div class=\"wp-block-column is-layout-flow wp-block-column-is-layout-flow\" style=\"flex-basis:20%\">\n<figure class=\"wp-block-image size-full has-custom-border image-review animation--init--once slide-left delay-2 is-style-aspect-ratio-3_4\"><img loading=\"lazy\" decoding=\"async\" width=\"2048\" height=\"1365\" src=\"http:\/\/www.campingkims.com\/wp-content\/uploads\/kids-club-04.webp\" alt=\"\" class=\"wp-image-1221\" style=\"border-top-left-radius:1rem\" srcset=\"https:\/\/www.campingkims.com\/wp-content\/uploads\/kids-club-04.webp 2048w, https:\/\/www.campingkims.com\/wp-content\/uploads\/kids-club-04-1024x683.webp 1024w, https:\/\/www.campingkims.com\/wp-content\/uploads\/kids-club-04-768x512.webp 768w, https:\/\/www.campingkims.com\/wp-content\/uploads\/kids-club-04-1536x1024.webp 1536w, https:\/\/www.campingkims.com\/wp-content\/uploads\/kids-club-04-512x341.webp 512w, https:\/\/www.campingkims.com\/wp-content\/uploads\/kids-club-04-256x171.webp 256w\" sizes=\"(max-width: 2048px) 100vw, 2048px\" \/><\/figure>\n<\/div>\n<\/div>\n<\/div>\n","protected":false},"excerpt":{"rendered":"<p>WELKOM IN LLAFRANC Een familie-ervaring in het hart van de Costa Brava Midden in de natuur en gelegen in een van de meest bevoorrechte gebieden&#8230;<\/p>\n","protected":false},"author":1,"featured_media":0,"parent":0,"menu_order":0,"comment_status":"closed","ping_status":"closed","template":"","meta":{"_acf_changed":false,"inline_featured_image":false,"footnotes":""},"class_list":["post-5519","page","type-page","status-publish","hentry"],"acf":[],"yoast_head":"<!-- This site is optimized with the Yoast SEO plugin v23.5 - https:\/\/yoast.com\/wordpress\/plugins\/seo\/ -->\n<title>Camping Kim&#039;s Llafranc - Kim&#039;s Camping Caravaning &amp; Bungalow Park<\/title>\n<meta name=\"description\" content=\"Camping Kim&#039;s Llafranc en Costa Brava centro, bungalows, apartamentos y amplias parcelas para caravana, autocaravana y tienda en Palafrugell.\" \/>\n<meta name=\"robots\" content=\"index, follow, max-snippet:-1, max-image-preview:large, max-video-preview:-1\" \/>\n<link rel=\"canonical\" href=\"https:\/\/www.campingkims.com\/nl\/\" \/>\n<meta property=\"og:locale\" content=\"nl_NL\" \/>\n<meta property=\"og:type\" content=\"article\" \/>\n<meta property=\"og:title\" content=\"Camping Kim&#039;s Llafranc - Kim&#039;s Camping Caravaning &amp; Bungalow Park\" \/>\n<meta property=\"og:description\" content=\"Camping Kim&#039;s Llafranc en Costa Brava centro, bungalows, apartamentos y amplias parcelas para caravana, autocaravana y tienda en Palafrugell.\" \/>\n<meta property=\"og:url\" content=\"https:\/\/www.campingkims.com\/nl\/\" \/>\n<meta property=\"og:site_name\" content=\"Camping Kim&#039;s Llafranc\" \/>\n<meta property=\"article:modified_time\" content=\"2025-12-19T14:34:55+00:00\" \/>\n<meta property=\"og:image\" content=\"http:\/\/www.campingkims.com\/wp-content\/uploads\/kims-25.webp\" \/>\n<meta name=\"twitter:card\" content=\"summary_large_image\" \/>\n<meta name=\"twitter:label1\" content=\"Geschatte leestijd\" \/>\n\t<meta name=\"twitter:data1\" content=\"34 minuten\" \/>\n<script type=\"application\/ld+json\" class=\"yoast-schema-graph\">{\"@context\":\"https:\/\/schema.org\",\"@graph\":[{\"@type\":\"WebPage\",\"@id\":\"https:\/\/www.campingkims.com\/nl\/\",\"url\":\"https:\/\/www.campingkims.com\/nl\/\",\"name\":\"Camping Kim&#039;s Llafranc - Kim&#039;s Camping Caravaning &amp; Bungalow Park\",\"isPartOf\":{\"@id\":\"https:\/\/www.campingkims.com\/nl\/#website\"},\"primaryImageOfPage\":{\"@id\":\"https:\/\/www.campingkims.com\/nl\/#primaryimage\"},\"image\":{\"@id\":\"https:\/\/www.campingkims.com\/nl\/#primaryimage\"},\"thumbnailUrl\":\"http:\/\/www.campingkims.com\/wp-content\/uploads\/kims-25.webp\",\"datePublished\":\"2022-10-10T13:48:01+00:00\",\"dateModified\":\"2025-12-19T14:34:55+00:00\",\"description\":\"Camping Kim's Llafranc en Costa Brava centro, bungalows, apartamentos y amplias parcelas para caravana, autocaravana y tienda en Palafrugell.\",\"breadcrumb\":{\"@id\":\"https:\/\/www.campingkims.com\/nl\/#breadcrumb\"},\"inLanguage\":\"nl-NL\",\"potentialAction\":[{\"@type\":\"ReadAction\",\"target\":[\"https:\/\/www.campingkims.com\/nl\/\"]}]},{\"@type\":\"ImageObject\",\"inLanguage\":\"nl-NL\",\"@id\":\"https:\/\/www.campingkims.com\/nl\/#primaryimage\",\"url\":\"http:\/\/www.campingkims.com\/wp-content\/uploads\/kims-25.webp\",\"contentUrl\":\"http:\/\/www.campingkims.com\/wp-content\/uploads\/kims-25.webp\"},{\"@type\":\"BreadcrumbList\",\"@id\":\"https:\/\/www.campingkims.com\/nl\/#breadcrumb\",\"itemListElement\":[{\"@type\":\"ListItem\",\"position\":1,\"name\":\"Portada\",\"item\":\"https:\/\/www.campingkims.com\/nl\/\"},{\"@type\":\"ListItem\",\"position\":2,\"name\":\"Home\"}]},{\"@type\":\"WebSite\",\"@id\":\"https:\/\/www.campingkims.com\/nl\/#website\",\"url\":\"https:\/\/www.campingkims.com\/nl\/\",\"name\":\"Camping Kim's Llafranc\",\"description\":\"Kim&#039;s Camping Caravaning &amp; Bungalow Park\",\"publisher\":{\"@id\":\"https:\/\/www.campingkims.com\/nl\/#organization\"},\"potentialAction\":[{\"@type\":\"SearchAction\",\"target\":{\"@type\":\"EntryPoint\",\"urlTemplate\":\"https:\/\/www.campingkims.com\/nl\/?s={search_term_string}\"},\"query-input\":{\"@type\":\"PropertyValueSpecification\",\"valueRequired\":true,\"valueName\":\"search_term_string\"}}],\"inLanguage\":\"nl-NL\"},{\"@type\":\"Organization\",\"@id\":\"https:\/\/www.campingkims.com\/nl\/#organization\",\"name\":\"Camping Kim's Llafranc\",\"url\":\"https:\/\/www.campingkims.com\/nl\/\",\"logo\":{\"@type\":\"ImageObject\",\"inLanguage\":\"nl-NL\",\"@id\":\"https:\/\/www.campingkims.com\/nl\/#\/schema\/logo\/image\/\",\"url\":\"https:\/\/www.campingkims.com\/wp-content\/uploads\/logo-camping-kims-llafranc-costa-brava.png\",\"contentUrl\":\"https:\/\/www.campingkims.com\/wp-content\/uploads\/logo-camping-kims-llafranc-costa-brava.png\",\"width\":537,\"height\":257,\"caption\":\"Camping Kim's Llafranc\"},\"image\":{\"@id\":\"https:\/\/www.campingkims.com\/nl\/#\/schema\/logo\/image\/\"}}]}<\/script>\n<!-- \/ Yoast SEO plugin. -->","yoast_head_json":{"title":"Camping Kim&#039;s Llafranc - Kim&#039;s Camping Caravaning &amp; Bungalow Park","description":"Camping Kim's Llafranc en Costa Brava centro, bungalows, apartamentos y amplias parcelas para caravana, autocaravana y tienda en Palafrugell.","robots":{"index":"index","follow":"follow","max-snippet":"max-snippet:-1","max-image-preview":"max-image-preview:large","max-video-preview":"max-video-preview:-1"},"canonical":"https:\/\/www.campingkims.com\/nl\/","og_locale":"nl_NL","og_type":"article","og_title":"Camping Kim&#039;s Llafranc - Kim&#039;s Camping Caravaning &amp; Bungalow Park","og_description":"Camping Kim's Llafranc en Costa Brava centro, bungalows, apartamentos y amplias parcelas para caravana, autocaravana y tienda en Palafrugell.","og_url":"https:\/\/www.campingkims.com\/nl\/","og_site_name":"Camping Kim&#039;s Llafranc","article_modified_time":"2025-12-19T14:34:55+00:00","og_image":[{"url":"http:\/\/www.campingkims.com\/wp-content\/uploads\/kims-25.webp"}],"twitter_card":"summary_large_image","twitter_misc":{"Geschatte leestijd":"34 minuten"},"schema":{"@context":"https:\/\/schema.org","@graph":[{"@type":"WebPage","@id":"https:\/\/www.campingkims.com\/nl\/","url":"https:\/\/www.campingkims.com\/nl\/","name":"Camping Kim&#039;s Llafranc - Kim&#039;s Camping Caravaning &amp; Bungalow Park","isPartOf":{"@id":"https:\/\/www.campingkims.com\/nl\/#website"},"primaryImageOfPage":{"@id":"https:\/\/www.campingkims.com\/nl\/#primaryimage"},"image":{"@id":"https:\/\/www.campingkims.com\/nl\/#primaryimage"},"thumbnailUrl":"http:\/\/www.campingkims.com\/wp-content\/uploads\/kims-25.webp","datePublished":"2022-10-10T13:48:01+00:00","dateModified":"2025-12-19T14:34:55+00:00","description":"Camping Kim's Llafranc en Costa Brava centro, bungalows, apartamentos y amplias parcelas para caravana, autocaravana y tienda en Palafrugell.","breadcrumb":{"@id":"https:\/\/www.campingkims.com\/nl\/#breadcrumb"},"inLanguage":"nl-NL","potentialAction":[{"@type":"ReadAction","target":["https:\/\/www.campingkims.com\/nl\/"]}]},{"@type":"ImageObject","inLanguage":"nl-NL","@id":"https:\/\/www.campingkims.com\/nl\/#primaryimage","url":"http:\/\/www.campingkims.com\/wp-content\/uploads\/kims-25.webp","contentUrl":"http:\/\/www.campingkims.com\/wp-content\/uploads\/kims-25.webp"},{"@type":"BreadcrumbList","@id":"https:\/\/www.campingkims.com\/nl\/#breadcrumb","itemListElement":[{"@type":"ListItem","position":1,"name":"Portada","item":"https:\/\/www.campingkims.com\/nl\/"},{"@type":"ListItem","position":2,"name":"Home"}]},{"@type":"WebSite","@id":"https:\/\/www.campingkims.com\/nl\/#website","url":"https:\/\/www.campingkims.com\/nl\/","name":"Camping Kim's Llafranc","description":"Kim&#039;s Camping Caravaning &amp; Bungalow Park","publisher":{"@id":"https:\/\/www.campingkims.com\/nl\/#organization"},"potentialAction":[{"@type":"SearchAction","target":{"@type":"EntryPoint","urlTemplate":"https:\/\/www.campingkims.com\/nl\/?s={search_term_string}"},"query-input":{"@type":"PropertyValueSpecification","valueRequired":true,"valueName":"search_term_string"}}],"inLanguage":"nl-NL"},{"@type":"Organization","@id":"https:\/\/www.campingkims.com\/nl\/#organization","name":"Camping Kim's Llafranc","url":"https:\/\/www.campingkims.com\/nl\/","logo":{"@type":"ImageObject","inLanguage":"nl-NL","@id":"https:\/\/www.campingkims.com\/nl\/#\/schema\/logo\/image\/","url":"https:\/\/www.campingkims.com\/wp-content\/uploads\/logo-camping-kims-llafranc-costa-brava.png","contentUrl":"https:\/\/www.campingkims.com\/wp-content\/uploads\/logo-camping-kims-llafranc-costa-brava.png","width":537,"height":257,"caption":"Camping Kim's Llafranc"},"image":{"@id":"https:\/\/www.campingkims.com\/nl\/#\/schema\/logo\/image\/"}}]}},"_links":{"self":[{"href":"https:\/\/www.campingkims.com\/nl\/wp-json\/wp\/v2\/pages\/5519"}],"collection":[{"href":"https:\/\/www.campingkims.com\/nl\/wp-json\/wp\/v2\/pages"}],"about":[{"href":"https:\/\/www.campingkims.com\/nl\/wp-json\/wp\/v2\/types\/page"}],"author":[{"embeddable":true,"href":"https:\/\/www.campingkims.com\/nl\/wp-json\/wp\/v2\/users\/1"}],"replies":[{"embeddable":true,"href":"https:\/\/www.campingkims.com\/nl\/wp-json\/wp\/v2\/comments?post=5519"}],"version-history":[{"count":8,"href":"https:\/\/www.campingkims.com\/nl\/wp-json\/wp\/v2\/pages\/5519\/revisions"}],"predecessor-version":[{"id":9430,"href":"https:\/\/www.campingkims.com\/nl\/wp-json\/wp\/v2\/pages\/5519\/revisions\/9430"}],"wp:attachment":[{"href":"https:\/\/www.campingkims.com\/nl\/wp-json\/wp\/v2\/media?parent=5519"}],"curies":[{"name":"wp","href":"https:\/\/api.w.org\/{rel}","templated":true}]}}