{"id":9436,"date":"2023-08-21T16:02:03","date_gmt":"2023-08-21T14:02:03","guid":{"rendered":"https:\/\/www.campingkims.com\/faqs\/"},"modified":"2026-03-13T13:37:10","modified_gmt":"2026-03-13T12:37:10","slug":"faqs","status":"publish","type":"page","link":"https:\/\/www.campingkims.com\/nl\/faqs\/","title":{"rendered":"FAQ&#8217;S"},"content":{"rendered":"\n<div class=\"wp-block-cover alignfull cover-page animation--init--once is-style-no-margin\" style=\"margin-top:0px;margin-bottom:8vh;min-height:795px;aspect-ratio:unset;\"><span aria-hidden=\"true\" class=\"wp-block-cover__background has-background-dim-0 has-background-dim has-background-gradient has-theme-black-transparent-gradient-background\"><\/span><img loading=\"lazy\" decoding=\"async\" width=\"2048\" height=\"1536\" class=\"wp-block-cover__image-background wp-image-3716\" alt=\"\" src=\"http:\/\/www.campingkims.com\/wp-content\/uploads\/serveis-19.webp\" data-object-fit=\"cover\" srcset=\"https:\/\/www.campingkims.com\/wp-content\/uploads\/serveis-19.webp 2048w, https:\/\/www.campingkims.com\/wp-content\/uploads\/serveis-19-1024x768.webp 1024w, https:\/\/www.campingkims.com\/wp-content\/uploads\/serveis-19-768x576.webp 768w, https:\/\/www.campingkims.com\/wp-content\/uploads\/serveis-19-1536x1152.webp 1536w, https:\/\/www.campingkims.com\/wp-content\/uploads\/serveis-19-512x384.webp 512w, https:\/\/www.campingkims.com\/wp-content\/uploads\/serveis-19-256x192.webp 256w\" sizes=\"(max-width: 2048px) 100vw, 2048px\" \/><div class=\"wp-block-cover__inner-container is-layout-flow wp-block-cover-is-layout-flow\">\n<figure class=\"wp-block-image alignfull size-large animation--init--once slide-up is-style-no-margin waves\"><img loading=\"lazy\" decoding=\"async\" width=\"1700\" height=\"102\" src=\"http:\/\/www.campingkims.com\/wp-content\/uploads\/waves-orange-1.svg\" alt=\"\" class=\"wp-image-3751\"\/><\/figure>\n\n\n\n<div class=\"wp-block-group animation--init--once pop-up is-vertical is-content-justification-center is-layout-flex wp-container-core-group-is-layout-1 wp-block-group-is-layout-flex\">\n<h1 class=\"wp-block-heading has-text-align-center\">FAQ&#8217;S<\/h1>\n\n\n\n<p class=\"has-text-align-center has-roboto-slab-font-family has-h-5-font-size\" style=\"text-transform:uppercase\">Veelgestelde vragen<\/p>\n<\/div>\n<\/div><\/div>\n\n\n\n<div class=\"wp-block-group alignfull booking-section has-theme-orange-background-color has-background is-layout-constrained wp-block-group-is-layout-constrained\" style=\"margin-top:0px;margin-bottom:10vh\">\n<div class=\"wp-block-group alignwide animation--init--once booking-container has-theme-orange-background-color has-background is-vertical is-content-justification-center is-layout-flex wp-container-core-group-is-layout-3 wp-block-group-is-layout-flex\" style=\"border-radius:2rem;margin-top:0px;margin-bottom:0px;padding-top:3rem;padding-right:3rem;padding-bottom:3rem;padding-left:3rem\">\n<div class=\"wp-block-group animation--init--once alignwide booking-title is-vertical is-content-justification-center is-layout-flex wp-container-core-group-is-layout-2 wp-block-group-is-layout-flex\">\n<p class=\"has-theme-dark-purple-color has-text-color has-roboto-slab-font-family has-h-6-font-size\">ONLINE BOEKEN<\/p>\n\n\n\n<h3 class=\"wp-block-heading has-text-align-center has-theme-white-color has-text-color has-h-4-font-size\">Boek uw vakantie aan de Costa Brava<\/h3>\n\n\n\n<figure class=\"wp-block-image size-large is-resized wp-duotone-221b40-221b40-1\"><img loading=\"lazy\" decoding=\"async\" width=\"25\" height=\"9\" src=\"http:\/\/www.campingkims.com\/wp-content\/uploads\/ola-separadora.svg\" alt=\"\" class=\"wp-image-921\" style=\"width:70px\"\/><\/figure>\n<\/div>\n\n\n<script>\n            document.addEventListener('DOMContentLoaded', function () {\n\n                var widget = new MasterWidget('widgetBookingContainer455', {\n                    lang: 'nl',idProperty: '61',class: 'widget_columns',target: '_blank',dropdown: true,\n                    url: 'https:\/\/booking.campingkims.com'\n                });\n\n\n            });\n\n            <\/script><div id=\"widgetBookingContainer455\"> <\/div>\n<\/div>\n<\/div>\n\n\n\n<h2 class=\"wp-block-heading alignwide has-text-align-center has-h-5-font-size\">ANTWOORDEN OP UW VRAGEN OVER KAMPEREN<\/h2>\n\n\n\n<div class=\"wp-block-columns alignwide is-layout-flex wp-container-core-columns-is-layout-1 wp-block-columns-is-layout-flex\">\n<div class=\"wp-block-column is-layout-flow wp-block-column-is-layout-flow\">  \n<div class=\"wp-block-dropdown animation--init--once slide-up alignwide has-text-align-left align-content-top\" >  \n    <div class=\"dropdown-list-item\">\n        <input type=\"checkbox\" id=\"wp-block-dropdown-block_cfba39ccf6eebf7e13ae33d666f19069\">\n        <label for=\"wp-block-dropdown-block_cfba39ccf6eebf7e13ae33d666f19069\" class=\"dropdown-title\">\n                            <p>Wat is het adres van de camping?<\/p>\n                <i class=\"fa-solid fa-plus\"><\/i>\n                \n        <\/label>\n        <div class=\"dropdown-content\">\n            <div class=\"acf-innerblocks-container\">\n\n<p>Avinguda del Mar Km2 17211 LLAFRANC<\/p>\n\n<\/div>    \n        <\/div>\n    <\/div>\n<\/div>\n\n  \n<div class=\"wp-block-dropdown animation--init--once slide-up alignwide has-text-align-left align-content-top\" >  \n    <div class=\"dropdown-list-item\">\n        <input type=\"checkbox\" id=\"wp-block-dropdown-block_eb3300298ee1dccbfc8c486ca211ed4a\">\n        <label for=\"wp-block-dropdown-block_eb3300298ee1dccbfc8c486ca211ed4a\" class=\"dropdown-title\">\n                            <p>De GPS-co\u00f6rdinaten?<\/p>\n                <i class=\"fa-solid fa-plus\"><\/i>\n                \n        <\/label>\n        <div class=\"dropdown-content\">\n            <div class=\"acf-innerblocks-container\">\n\n<p>GPS: N 41\u00ba 53.55\u2019 6\u2019\u2019 \u2013 E 3\u00ba 11.08\u2019 09\u2019\u2019<\/p>\n\n<\/div>    \n        <\/div>\n    <\/div>\n<\/div>\n\n  \n<div class=\"wp-block-dropdown animation--init--once slide-up alignwide has-text-align-left align-content-top\" >  \n    <div class=\"dropdown-list-item\">\n        <input type=\"checkbox\" id=\"wp-block-dropdown-block_b86200182e5deddf121a1316b08461df\">\n        <label for=\"wp-block-dropdown-block_b86200182e5deddf121a1316b08461df\" class=\"dropdown-title\">\n                            <p>De openingstijden van de receptie?<\/p>\n                <i class=\"fa-solid fa-plus\"><\/i>\n                \n        <\/label>\n        <div class=\"dropdown-content\">\n            <div class=\"acf-innerblocks-container\">\n\n<p>Van 8:00 tot 22:00 uur.<\/p>\n\n<\/div>    \n        <\/div>\n    <\/div>\n<\/div>\n\n  \n<div class=\"wp-block-dropdown animation--init--once slide-up alignwide has-text-align-left align-content-top\" >  \n    <div class=\"dropdown-list-item\">\n        <input type=\"checkbox\" id=\"wp-block-dropdown-block_92c27dd269f53c4bcfc9c42ed351c4bb\">\n        <label for=\"wp-block-dropdown-block_92c27dd269f53c4bcfc9c42ed351c4bb\" class=\"dropdown-title\">\n                            <p>Hoe kom ik bij de camping?<\/p>\n                <i class=\"fa-solid fa-plus\"><\/i>\n                \n        <\/label>\n        <div class=\"dropdown-content\">\n            <div class=\"acf-innerblocks-container\">\n\n<p><a href=\"https:\/\/visitpalafrugell.cat\/es\/que-encontrara\/como-llegar\/\" target=\"_blank\" rel=\"noreferrer noopener\">https:\/\/visitpalafrugell.cat\/en\/<\/a><\/p>\n\n<\/div>    \n        <\/div>\n    <\/div>\n<\/div>\n\n  \n<div class=\"wp-block-dropdown alignwide has-text-align-left align-content-top\" >  \n    <div class=\"dropdown-list-item\">\n        <input type=\"checkbox\" id=\"wp-block-dropdown-block_0e9dcf95c28043fdb31ad74db19d1e1f\">\n        <label for=\"wp-block-dropdown-block_0e9dcf95c28043fdb31ad74db19d1e1f\" class=\"dropdown-title\">\n                            <p>Wat heb ik nodig om in te checken op de camping?<\/p>\n                <i class=\"fa-solid fa-plus\"><\/i>\n                \n        <\/label>\n        <div class=\"dropdown-content\">\n            <div class=\"acf-innerblocks-container\">\n\n<p>Bij aankomst hebben we de identiteitskaart of het paspoort nodig van iedereen die op de camping verblijft.<\/p>\n\n\n\n<p>Een rijbewijs geldt niet als identiteitsbewijs.<\/p>\n\n<\/div>    \n        <\/div>\n    <\/div>\n<\/div>\n\n  \n<div class=\"wp-block-dropdown alignwide has-text-align-left align-content-top\" >  \n    <div class=\"dropdown-list-item\">\n        <input type=\"checkbox\" id=\"wp-block-dropdown-block_e7e32052ace641b5e9d8b1ead1263db5\">\n        <label for=\"wp-block-dropdown-block_e7e32052ace641b5e9d8b1ead1263db5\" class=\"dropdown-title\">\n                            <p>Is er een minimumleeftijd voor toegang tot de camping?<\/p>\n                <i class=\"fa-solid fa-plus\"><\/i>\n                \n        <\/label>\n        <div class=\"dropdown-content\">\n            <div class=\"acf-innerblocks-container\">\n\n<p>Er is geen minimumleeftijd voor toegang tot de camping, maar minderjarigen onder de 18 jaar hebben GEEN toegang tenzij ze gedurende hun hele verblijf worden begeleid door een ouder of wettelijke voogd.<\/p>\n\n<\/div>    \n        <\/div>\n    <\/div>\n<\/div>\n\n  \n<div class=\"wp-block-dropdown alignwide has-text-align-left align-content-top\" >  \n    <div class=\"dropdown-list-item\">\n        <input type=\"checkbox\" id=\"wp-block-dropdown-block_6e73f920c99d5e36fbd1f983036415e5\">\n        <label for=\"wp-block-dropdown-block_6e73f920c99d5e36fbd1f983036415e5\" class=\"dropdown-title\">\n                            <p>Wanneer gaan de zwembaden open?<\/p>\n                <i class=\"fa-solid fa-plus\"><\/i>\n                \n        <\/label>\n        <div class=\"dropdown-content\">\n            <div class=\"acf-innerblocks-container\">\n\n<p>Alle faciliteiten zijn open en toegankelijk op dezelfde dag dat de camping opent.<\/p>\n\n\n\n<p>Alleen traditionele zwemkleding, bikini&#8217;s, zwembroeken voor heren of zwemshorts zijn toegestaan. Zwemmen in gewone kleding of een burkini is verboden.<\/p>\n\n<\/div>    \n        <\/div>\n    <\/div>\n<\/div>\n\n  \n<div class=\"wp-block-dropdown alignwide has-text-align-left align-content-top\" >  \n    <div class=\"dropdown-list-item\">\n        <input type=\"checkbox\" id=\"wp-block-dropdown-block_9130809ac2e114a896f0f2f7c5e7e6c2\">\n        <label for=\"wp-block-dropdown-block_9130809ac2e114a896f0f2f7c5e7e6c2\" class=\"dropdown-title\">\n                            <p>Is het zwembad toegankelijk voor mensen met een beperkte mobiliteit?<\/p>\n                <i class=\"fa-solid fa-plus\"><\/i>\n                \n        <\/label>\n        <div class=\"dropdown-content\">\n            <div class=\"acf-innerblocks-container\">\n\n<p>Ja, er zijn hellingbanen naar het zwembad en een zwembadlift.<\/p>\n\n\n\n<p>We hebben ook een toegankelijk toilet (in gebouw nr. 5).<\/p>\n\n<\/div>    \n        <\/div>\n    <\/div>\n<\/div>\n\n  \n<div class=\"wp-block-dropdown alignwide has-text-align-left align-content-top\" >  \n    <div class=\"dropdown-list-item\">\n        <input type=\"checkbox\" id=\"wp-block-dropdown-block_6bdc1b0027067b6f59bb779eeb7bf5fb\">\n        <label for=\"wp-block-dropdown-block_6bdc1b0027067b6f59bb779eeb7bf5fb\" class=\"dropdown-title\">\n                            <p>Wat zijn de prijzen?<\/p>\n                <i class=\"fa-solid fa-plus\"><\/i>\n                \n        <\/label>\n        <div class=\"dropdown-content\">\n            <div class=\"acf-innerblocks-container\">\n\n<p>U kunt de prijzen bekijken op onze website <a href=\"http:\/\/www.campingkims.com\">www.campingkims.com<\/a><\/p>\n\n<\/div>    \n        <\/div>\n    <\/div>\n<\/div>\n\n  \n<div class=\"wp-block-dropdown alignwide has-text-align-left align-content-top\" >  \n    <div class=\"dropdown-list-item\">\n        <input type=\"checkbox\" id=\"wp-block-dropdown-block_30cda271f321c33f3475839e2b63399f\">\n        <label for=\"wp-block-dropdown-block_30cda271f321c33f3475839e2b63399f\" class=\"dropdown-title\">\n                            <p>Hoe ver is het naar het strand?<\/p>\n                <i class=\"fa-solid fa-plus\"><\/i>\n                \n        <\/label>\n        <div class=\"dropdown-content\">\n            <div class=\"acf-innerblocks-container\">\n\n<p>Vanaf de ingang van de camping (Avenida del Mar, km 2) naar het strand van Llafranc is het ongeveer 800 meter.<\/p>\n\n\n\n<p>Je kunt er gemakkelijk heen lopen (ongeveer 10 minuten)<\/p>\n\n<\/div>    \n        <\/div>\n    <\/div>\n<\/div>\n\n  \n<div class=\"wp-block-dropdown alignwide has-text-align-left align-content-top\" >  \n    <div class=\"dropdown-list-item\">\n        <input type=\"checkbox\" id=\"wp-block-dropdown-block_55441b3464996ac1f5de61de1110a49a\">\n        <label for=\"wp-block-dropdown-block_55441b3464996ac1f5de61de1110a49a\" class=\"dropdown-title\">\n                            <p>Zijn honden toegestaan op de stranden?<\/p>\n                <i class=\"fa-solid fa-plus\"><\/i>\n                \n        <\/label>\n        <div class=\"dropdown-content\">\n            <div class=\"acf-innerblocks-container\">\n\n<p>Nee, honden zijn niet toegestaan \u200b\u200bop de stranden van Llafranc, Calella, Tamariu of de omliggende gebieden.<\/p>\n\n<\/div>    \n        <\/div>\n    <\/div>\n<\/div>\n\n  \n<div class=\"wp-block-dropdown alignwide has-text-align-left align-content-top\" >  \n    <div class=\"dropdown-list-item\">\n        <input type=\"checkbox\" id=\"wp-block-dropdown-block_f01e58a256f1ae9880e54f8c83ee7606\">\n        <label for=\"wp-block-dropdown-block_f01e58a256f1ae9880e54f8c83ee7606\" class=\"dropdown-title\">\n                            <p>Zijn honden toegestaan op de camping? Mag ik mijn huisdier meenemen?<\/p>\n                <i class=\"fa-solid fa-plus\"><\/i>\n                \n        <\/label>\n        <div class=\"dropdown-content\">\n            <div class=\"acf-innerblocks-container\">\n\n<p>Honden zijn alleen toegestaan \u200b\u200bop de staanplaatsen. We accepteren geen agressieve of gevaarlijke rassen.<\/p>\n\n\n\n<p>Bepaalde rassen moeten op de camping een muilkorf dragen.<\/p>\n\n\n\n<p>Ze moeten te allen tijde aangelijnd zijn en onder toezicht staan \u200b\u200bvan een volwassene.<\/p>\n\n\n\n<p>Het dier mag niet alleen op de staanplaats of in een ander gedeelte van de camping worden achtergelaten om andere kampeerders niet te storen.<\/p>\n\n\n\n<p>Huisdieren zijn onder geen enkele omstandigheid toegestaan, zowel binnen als buiten de accommodaties. Het is ook verboden om ze in de auto achter te laten.<\/p>\n\n<\/div>    \n        <\/div>\n    <\/div>\n<\/div>\n\n  \n<div class=\"wp-block-dropdown alignwide has-text-align-left align-content-top\" >  \n    <div class=\"dropdown-list-item\">\n        <input type=\"checkbox\" id=\"wp-block-dropdown-block_fb1063030283036fd41c2701e28fe8d0\">\n        <label for=\"wp-block-dropdown-block_fb1063030283036fd41c2701e28fe8d0\" class=\"dropdown-title\">\n                            <p>Zijn barbecues toegestaan?<\/p>\n                <i class=\"fa-solid fa-plus\"><\/i>\n                \n        <\/label>\n        <div class=\"dropdown-content\">\n            <div class=\"acf-innerblocks-container\">\n\n<p>Alleen gasbarbecues zijn toegestaan. Alle andere soorten zijn verboden.<\/p>\n\n<\/div>    \n        <\/div>\n    <\/div>\n<\/div><\/div>\n\n\n\n<div class=\"wp-block-column is-layout-flow wp-block-column-is-layout-flow\">  \n<div class=\"wp-block-dropdown alignwide has-text-align-left align-content-top\" >  \n    <div class=\"dropdown-list-item\">\n        <input type=\"checkbox\" id=\"wp-block-dropdown-block_153081d0fb17757e9d2abba47bd86e8a\">\n        <label for=\"wp-block-dropdown-block_153081d0fb17757e9d2abba47bd86e8a\" class=\"dropdown-title\">\n                            <p>Zijn bezoekers toegestaan?<\/p>\n                <i class=\"fa-solid fa-plus\"><\/i>\n                \n        <\/label>\n        <div class=\"dropdown-content\">\n            <div class=\"acf-innerblocks-container\">\n\n<p>Ja. Bezoekers dienen zich bij de receptie te melden met hun identiteitsbewijs of paspoort en de toepasselijke kosten te betalen. De eigenaar van de kavel of accommodatie dient de bezoekers te begeleiden bij het inchecken.<\/p>\n\n<\/div>    \n        <\/div>\n    <\/div>\n<\/div>\n\n  \n<div class=\"wp-block-dropdown alignwide has-text-align-left align-content-top\" >  \n    <div class=\"dropdown-list-item\">\n        <input type=\"checkbox\" id=\"wp-block-dropdown-block_6a5be447b09f01d05e6bc55b131b7142\">\n        <label for=\"wp-block-dropdown-block_6a5be447b09f01d05e6bc55b131b7142\" class=\"dropdown-title\">\n                            <p>Is er entertainment?<\/p>\n                <i class=\"fa-solid fa-plus\"><\/i>\n                \n        <\/label>\n        <div class=\"dropdown-content\">\n            <div class=\"acf-innerblocks-container\">\n\n<p>Ja, in juli en augustus zijn er diverse activiteiten en voorstellingen voor zowel kinderen als volwassenen.<\/p>\n\n<\/div>    \n        <\/div>\n    <\/div>\n<\/div>\n\n  \n<div class=\"wp-block-dropdown alignwide has-text-align-left align-content-top\" >  \n    <div class=\"dropdown-list-item\">\n        <input type=\"checkbox\" id=\"wp-block-dropdown-block_800c78cba4c5e65ab0d4f2554190d5ea\">\n        <label for=\"wp-block-dropdown-block_800c78cba4c5e65ab0d4f2554190d5ea\" class=\"dropdown-title\">\n                            <p>Is er een supermarkt op de camping?<\/p>\n                <i class=\"fa-solid fa-plus\"><\/i>\n                \n        <\/label>\n        <div class=\"dropdown-content\">\n            <div class=\"acf-innerblocks-container\">\n\n<p>Ja, we hebben een kleine supermarkt waar je van alles kunt vinden wat je nodig hebt voor je dagelijkse boodschappen.<\/p>\n\n<\/div>    \n        <\/div>\n    <\/div>\n<\/div>\n\n  \n<div class=\"wp-block-dropdown alignwide has-text-align-left align-content-top\" >  \n    <div class=\"dropdown-list-item\">\n        <input type=\"checkbox\" id=\"wp-block-dropdown-block_743936c9a966384acdd794a9c320cca1\">\n        <label for=\"wp-block-dropdown-block_743936c9a966384acdd794a9c320cca1\" class=\"dropdown-title\">\n                            <p>Is er een restaurant op de camping?<\/p>\n                <i class=\"fa-solid fa-plus\"><\/i>\n                \n        <\/label>\n        <div class=\"dropdown-content\">\n            <div class=\"acf-innerblocks-container\">\n\n<p>\u00a0Ja<\/p>\n\n<\/div>    \n        <\/div>\n    <\/div>\n<\/div>\n\n  \n<div class=\"wp-block-dropdown alignwide has-text-align-left align-content-top\" >  \n    <div class=\"dropdown-list-item\">\n        <input type=\"checkbox\" id=\"wp-block-dropdown-block_16eaf41cbe08c05c08aae8f22d6b8789\">\n        <label for=\"wp-block-dropdown-block_16eaf41cbe08c05c08aae8f22d6b8789\" class=\"dropdown-title\">\n                            <p>Biedt u afhaalmaaltijden aan?<\/p>\n                <i class=\"fa-solid fa-plus\"><\/i>\n                \n        <\/label>\n        <div class=\"dropdown-content\">\n            <div class=\"acf-innerblocks-container\">\n\n<p>Ja, tijdens de openingstijden van de keuken.<\/p>\n\n<\/div>    \n        <\/div>\n    <\/div>\n<\/div>\n\n  \n<div class=\"wp-block-dropdown alignwide has-text-align-left align-content-top\" >  \n    <div class=\"dropdown-list-item\">\n        <input type=\"checkbox\" id=\"wp-block-dropdown-block_0e772c8777d8e60abf4706020e8a9e50\">\n        <label for=\"wp-block-dropdown-block_0e772c8777d8e60abf4706020e8a9e50\" class=\"dropdown-title\">\n                            <p>Biedt u halfpension of volpension aan?<\/p>\n                <i class=\"fa-solid fa-plus\"><\/i>\n                \n        <\/label>\n        <div class=\"dropdown-content\">\n            <div class=\"acf-innerblocks-container\">\n\n<p>Nee<\/p>\n\n<\/div>    \n        <\/div>\n    <\/div>\n<\/div>\n\n  \n<div class=\"wp-block-dropdown alignwide has-text-align-left align-content-top\" >  \n    <div class=\"dropdown-list-item\">\n        <input type=\"checkbox\" id=\"wp-block-dropdown-block_c5ae5fdcc48bf43445a848e3712ad05b\">\n        <label for=\"wp-block-dropdown-block_c5ae5fdcc48bf43445a848e3712ad05b\" class=\"dropdown-title\">\n                            <p>Heeft u glutenvrije opties?<\/p>\n                <i class=\"fa-solid fa-plus\"><\/i>\n                \n        <\/label>\n        <div class=\"dropdown-content\">\n            <div class=\"acf-innerblocks-container\">\n\n<p>We hebben geen specifiek glutenvrij menu, maar we hebben wel gerechten die geschikt zijn voor mensen met verschillende voedselintoleranties.<\/p>\n\n<\/div>    \n        <\/div>\n    <\/div>\n<\/div>\n\n  \n<div class=\"wp-block-dropdown alignwide has-text-align-left align-content-top\" >  \n    <div class=\"dropdown-list-item\">\n        <input type=\"checkbox\" id=\"wp-block-dropdown-block_06fb37e8b2f6a68c95d03e55145ec4b6\">\n        <label for=\"wp-block-dropdown-block_06fb37e8b2f6a68c95d03e55145ec4b6\" class=\"dropdown-title\">\n                            <p>Is er een wasserette?<\/p>\n                <i class=\"fa-solid fa-plus\"><\/i>\n                \n        <\/label>\n        <div class=\"dropdown-content\">\n            <div class=\"acf-innerblocks-container\">\n\n<p>Ja, de camping beschikt over een wasserette met wasmachines en drogers.<\/p>\n\n<\/div>    \n        <\/div>\n    <\/div>\n<\/div>\n\n  \n<div class=\"wp-block-dropdown alignwide has-text-align-left align-content-top\" >  \n    <div class=\"dropdown-list-item\">\n        <input type=\"checkbox\" id=\"wp-block-dropdown-block_fadb073c1a6e9aad2cf2bc2a34689fc4\">\n        <label for=\"wp-block-dropdown-block_fadb073c1a6e9aad2cf2bc2a34689fc4\" class=\"dropdown-title\">\n                            <p>Is er wifi?<\/p>\n                <i class=\"fa-solid fa-plus\"><\/i>\n                \n        <\/label>\n        <div class=\"dropdown-content\">\n            <div class=\"acf-innerblocks-container\">\n\n<p>Ja, er is wifi.<\/p>\n\n<\/div>    \n        <\/div>\n    <\/div>\n<\/div>\n\n  \n<div class=\"wp-block-dropdown alignwide has-text-align-left align-content-top\" >  \n    <div class=\"dropdown-list-item\">\n        <input type=\"checkbox\" id=\"wp-block-dropdown-block_29f67f84afffecaf805b6297c3b0287f\">\n        <label for=\"wp-block-dropdown-block_29f67f84afffecaf805b6297c3b0287f\" class=\"dropdown-title\">\n                            <p>Verhuurt u fietsen?<\/p>\n                <i class=\"fa-solid fa-plus\"><\/i>\n                \n        <\/label>\n        <div class=\"dropdown-content\">\n            <div class=\"acf-innerblocks-container\">\n\n<p>Ja, we verhuren fietsen op de camping.<\/p>\n\n<\/div>    \n        <\/div>\n    <\/div>\n<\/div>\n\n  \n<div class=\"wp-block-dropdown alignwide has-text-align-left align-content-top\" >  \n    <div class=\"dropdown-list-item\">\n        <input type=\"checkbox\" id=\"wp-block-dropdown-block_d8b3385100284297bac06d89f9d60071\">\n        <label for=\"wp-block-dropdown-block_d8b3385100284297bac06d89f9d60071\" class=\"dropdown-title\">\n                            <p>Verhuur je koelkasten op de camping?<\/p>\n                <i class=\"fa-solid fa-plus\"><\/i>\n                \n        <\/label>\n        <div class=\"dropdown-content\">\n            <div class=\"acf-innerblocks-container\">\n\n<p>Wij verhuren ze niet zelf, maar er is een bedrijf genaamd Rentit.es dat deze service aanbiedt.<\/p>\n\n\n\n<p>Je moet rechtstreeks via hun website boeken: www.rentit.es\/ <a href=\"https:\/\/www.rentit.es\/es\/\">https:\/\/www.rentit.es\/es\/<\/a><\/p>\n\n<\/div>    \n        <\/div>\n    <\/div>\n<\/div>\n\n  \n<div class=\"wp-block-dropdown alignwide has-text-align-left align-content-top\" >  \n    <div class=\"dropdown-list-item\">\n        <input type=\"checkbox\" id=\"wp-block-dropdown-block_9e524b0811a470b749446995e252e832\">\n        <label for=\"wp-block-dropdown-block_9e524b0811a470b749446995e252e832\" class=\"dropdown-title\">\n                            <p>STILTE-UREN<\/p>\n                <i class=\"fa-solid fa-plus\"><\/i>\n                \n        <\/label>\n        <div class=\"dropdown-content\">\n            <div class=\"acf-innerblocks-container\">\n\n<p>Van middernacht tot 8:00 uur &#8217;s ochtends gelden de rust-uren. Gasten worden verzocht geen lawaai te maken of hun stem te verheffen om andere kampeerders niet te storen.<\/p>\n\n\n\n<p>Alle gasten die op de camping verblijven, moeten tijdens hun vakantie kunnen rusten. Wij vragen iedereen de rust-uren van middernacht tot 8:00 uur &#8217;s ochtends te respecteren.<\/p>\n\n<\/div>    \n        <\/div>\n    <\/div>\n<\/div>\n\n  \n<div class=\"wp-block-dropdown alignwide has-text-align-left align-content-top\" >  \n    <div class=\"dropdown-list-item\">\n        <input type=\"checkbox\" id=\"wp-block-dropdown-block_039f5f1b787996b1cdbc7e27fce737a8\">\n        <label for=\"wp-block-dropdown-block_039f5f1b787996b1cdbc7e27fce737a8\" class=\"dropdown-title\">\n                            <p>AUTOVERKEER<\/p>\n                <i class=\"fa-solid fa-plus\"><\/i>\n                \n        <\/label>\n        <div class=\"dropdown-content\">\n            <div class=\"acf-innerblocks-container\">\n\n<p>De maximumsnelheid is 10 km\/u.<\/p>\n\n\n\n<p>Autoverkeer is verboden op de camping tijdens de rusturen (middernacht tot 8.00 uur) (behalve in noodgevallen).<\/p>\n\n\n\n<p>De slagbomen voor voertuigen zijn gesloten van middernacht tot 8.00 uur. Iedereen die in deze periode arriveert, dient zijn of haar auto op de parkeerplaats buiten te parkeren. Toegang tot de camping te voet is echter wel toegestaan, mits er geen lawaai wordt gemaakt om andere gasten niet te storen.<\/p>\n\n<\/div>    \n        <\/div>\n    <\/div>\n<\/div>\n\n  \n<div class=\"wp-block-dropdown alignwide has-text-align-left align-content-top\" >  \n    <div class=\"dropdown-list-item\">\n        <input type=\"checkbox\" id=\"wp-block-dropdown-block_87a6c56b491392e4b6a6bad3b4847068\">\n        <label for=\"wp-block-dropdown-block_87a6c56b491392e4b6a6bad3b4847068\" class=\"dropdown-title\">\n                            <p>PARKEREN<\/p>\n                <i class=\"fa-solid fa-plus\"><\/i>\n                \n        <\/label>\n        <div class=\"dropdown-content\">\n            <div class=\"acf-innerblocks-container\">\n\n<p>Per kampeerplaats\/accommodatie is slechts \u00e9\u00e9n voertuig toegestaan. Dit voertuig moet geparkeerd worden op de daarvoor bestemde parkeerplaats. Voertuigen mogen alleen op de kampeerplaats zelf of op de daarvoor bestemde parkeerplaats geparkeerd worden.<\/p>\n\n\n\n<p>Parkeren op straat, op onbezette kampeerplaatsen of op een andere manier die de doorstroming van het verkeer belemmert, is ten strengste verboden. Indien een voertuig de toegang tot een kampeerplaats blokkeert, is de eigenaar verplicht de volledige overnachtingskosten te betalen.<\/p>\n\n<\/div>    \n        <\/div>\n    <\/div>\n<\/div>\n\n  \n<div class=\"wp-block-dropdown alignwide has-text-align-left align-content-top\" >  \n    <div class=\"dropdown-list-item\">\n        <input type=\"checkbox\" id=\"wp-block-dropdown-block_4db8672728c08299e84c618790c25262\">\n        <label for=\"wp-block-dropdown-block_4db8672728c08299e84c618790c25262\" class=\"dropdown-title\">\n                            <p>FIETSEN\/SCOOTERS<\/p>\n                <i class=\"fa-solid fa-plus\"><\/i>\n                \n        <\/label>\n        <div class=\"dropdown-content\">\n            <div class=\"acf-innerblocks-container\">\n\n<p>Fietsen, scooters en soortgelijke voertuigen mogen niet sneller rijden dan 10 km\/u.<\/p>\n\n\n\n<p>Fietsen en\/of het gebruik van soortgelijke voertuigen is verboden op de camping tussen 22:00 en 08:00 uur.<\/p>\n\n\n\n<p>Elektrische scooters zijn niet toegestaan \u200b\u200bop de camping vanwege ongevallen veroorzaakt door verkeerd gebruik en opzettelijk wangedrag.<\/p>\n\n<\/div>    \n        <\/div>\n    <\/div>\n<\/div><\/div>\n<\/div>\n\n\n\n<div class=\"wp-block-columns alignwide is-layout-flex wp-container-core-columns-is-layout-2 wp-block-columns-is-layout-flex\">\n<div class=\"wp-block-column is-layout-flow wp-block-column-is-layout-flow\">\n<h3 class=\"wp-block-heading has-h-5-font-size\">ANTWOORDEN OP UW VRAGEN OVER KAMPEERPLAATSEN.<\/h3>\n\n\n  \n<div class=\"wp-block-dropdown has-text-align-left align-content-top\" >  \n    <div class=\"dropdown-list-item\">\n        <input type=\"checkbox\" id=\"wp-block-dropdown-block_444914a2d258573d3307c8640aca65d0\">\n        <label for=\"wp-block-dropdown-block_444914a2d258573d3307c8640aca65d0\" class=\"dropdown-title\">\n                            <p>Is het nodig om een plaats te reserveren?<\/p>\n                <i class=\"fa-solid fa-plus\"><\/i>\n                \n        <\/label>\n        <div class=\"dropdown-content\">\n            <div class=\"acf-innerblocks-container\">\n\n<p>Ja, u kunt online boeken via <a href=\"http:\/\/www.campingkims.com\">www.campingkims.com<\/a><\/p>\n\n<\/div>    \n        <\/div>\n    <\/div>\n<\/div>\n\n  \n<div class=\"wp-block-dropdown has-text-align-left align-content-top\" >  \n    <div class=\"dropdown-list-item\">\n        <input type=\"checkbox\" id=\"wp-block-dropdown-block_ec1f6969cd5d8734d86d88e580ecfaa0\">\n        <label for=\"wp-block-dropdown-block_ec1f6969cd5d8734d86d88e580ecfaa0\" class=\"dropdown-title\">\n                            <p>Wat zijn de in- en uitchecktijden voor de kampeerplaats?<\/p>\n                <i class=\"fa-solid fa-plus\"><\/i>\n                \n        <\/label>\n        <div class=\"dropdown-content\">\n            <div class=\"acf-innerblocks-container\">\n\n<p>Inchecken kan vanaf 12.00 uur.<\/p>\n\n\n\n<p>Uitchecken dient v\u00f3\u00f3r 12.00 uur te gebeuren. De tarieven worden per nacht berekend.<\/p>\n\n<\/div>    \n        <\/div>\n    <\/div>\n<\/div>\n\n  \n<div class=\"wp-block-dropdown has-text-align-left align-content-top\" >  \n    <div class=\"dropdown-list-item\">\n        <input type=\"checkbox\" id=\"wp-block-dropdown-block_17f32edba5e0e6eebddfc2ff475a3418\">\n        <label for=\"wp-block-dropdown-block_17f32edba5e0e6eebddfc2ff475a3418\" class=\"dropdown-title\">\n                            <p>Hoeveel mensen mogen er op \u00e9\u00e9n plaats zijn?<\/p>\n                <i class=\"fa-solid fa-plus\"><\/i>\n                \n        <\/label>\n        <div class=\"dropdown-content\">\n            <div class=\"acf-innerblocks-container\">\n\n<p>Het maximale aantal mensen per plaats is 5.<\/p>\n\n<\/div>    \n        <\/div>\n    <\/div>\n<\/div>\n\n  \n<div class=\"wp-block-dropdown has-text-align-left align-content-top\" >  \n    <div class=\"dropdown-list-item\">\n        <input type=\"checkbox\" id=\"wp-block-dropdown-block_543e97c4cd160b6a4f87d8790ae64b6e\">\n        <label for=\"wp-block-dropdown-block_543e97c4cd160b6a4f87d8790ae64b6e\" class=\"dropdown-title\">\n                            <p>Hebben de staanplaatsen directe toegang tot water?<\/p>\n                <i class=\"fa-solid fa-plus\"><\/i>\n                \n        <\/label>\n        <div class=\"dropdown-content\">\n            <div class=\"acf-innerblocks-container\">\n\n<p>Nee, er zijn fonteinen en waterpunten verspreid over de camping, maar deze mogen in geen geval gebruikt worden voor het wassen van kleding of afwas.<\/p>\n\n\n\n<p>In de daarvoor bestemde sanitaire gebouwen bevinden zich wastafels. De sanitaire gebouwen beschikken over warm en koud water (24 uur per dag) en speciale afvalbakken voor chemische toiletten; het is ten strengste verboden om de inhoud hiervan elders te lozen.<\/p>\n\n<\/div>    \n        <\/div>\n    <\/div>\n<\/div>\n\n  \n<div class=\"wp-block-dropdown has-text-align-left align-content-top\" >  \n    <div class=\"dropdown-list-item\">\n        <input type=\"checkbox\" id=\"wp-block-dropdown-block_7dcf482d8ed3d9e57ad592d8a331c5b7\">\n        <label for=\"wp-block-dropdown-block_7dcf482d8ed3d9e57ad592d8a331c5b7\" class=\"dropdown-title\">\n                            <p>Welke elektrische aansluitingen zijn er beschikbaar? Wat is de stroomvoorziening op de staanplaatsen?<\/p>\n                <i class=\"fa-solid fa-plus\"><\/i>\n                \n        <\/label>\n        <div class=\"dropdown-content\">\n            <div class=\"acf-innerblocks-container\">\n\n<p>De stroomvoorziening op de camping is 220V, meestal 5 Amp\u00e8re, 1100 Watt.<span style=\"font-size: 10pt; font-family: Arial, sans-serif;\"><\/span><\/p>\n\n<\/div>    \n        <\/div>\n    <\/div>\n<\/div>\n\n  \n<div class=\"wp-block-dropdown has-text-align-left align-content-top\" >  \n    <div class=\"dropdown-list-item\">\n        <input type=\"checkbox\" id=\"wp-block-dropdown-block_7563bf60a91fa652ddeb85ed64d2f1fa\">\n        <label for=\"wp-block-dropdown-block_7563bf60a91fa652ddeb85ed64d2f1fa\" class=\"dropdown-title\">\n                            <p>Welke stekkers worden er gebruikt?<\/p>\n                <i class=\"fa-solid fa-plus\"><\/i>\n                \n        <\/label>\n        <div class=\"dropdown-content\">\n            <div class=\"acf-innerblocks-container\">\n\n<p>De stekkers zijn standaard tweepolige stekkers. We raden aan om een \u200b\u200bEuropese CEE-adapter mee te nemen, aangezien de camping deze niet verstrekt.<\/p>\n\n<\/div>    \n        <\/div>\n    <\/div>\n<\/div>\n\n  \n<div class=\"wp-block-dropdown has-text-align-left align-content-top\" >  \n    <div class=\"dropdown-list-item\">\n        <input type=\"checkbox\" id=\"wp-block-dropdown-block_3effb17713bd06cb37e2ae72c5ef2682\">\n        <label for=\"wp-block-dropdown-block_3effb17713bd06cb37e2ae72c5ef2682\" class=\"dropdown-title\">\n                            <p>Kan ik een specifieke kampeerplek reserveren?<\/p>\n                <i class=\"fa-solid fa-plus\"><\/i>\n                \n        <\/label>\n        <div class=\"dropdown-content\">\n            <div class=\"acf-innerblocks-container\">\n\n<p>Wij reserveren nooit specifieke kampeerplekken.<\/p>\n\n<\/div>    \n        <\/div>\n    <\/div>\n<\/div>\n\n  \n<div class=\"wp-block-dropdown has-text-align-left align-content-top\" >  \n    <div class=\"dropdown-list-item\">\n        <input type=\"checkbox\" id=\"wp-block-dropdown-block_07d218ead7505d3c8a28d400f79fd59b\">\n        <label for=\"wp-block-dropdown-block_07d218ead7505d3c8a28d400f79fd59b\" class=\"dropdown-title\">\n                            <p>Wat zijn de afmetingen van de percelen?<\/p>\n                <i class=\"fa-solid fa-plus\"><\/i>\n                \n        <\/label>\n        <div class=\"dropdown-content\">\n            <div class=\"acf-innerblocks-container\">\n\n<p>De overgrote meerderheid is 70 m\u00b2 (7 m x 10 m), en sommige zijn 100 m\u00b2.<\/p>\n\n<\/div>    \n        <\/div>\n    <\/div>\n<\/div>\n\n  \n<div class=\"wp-block-dropdown has-text-align-left align-content-top\" >  \n    <div class=\"dropdown-list-item\">\n        <input type=\"checkbox\" id=\"wp-block-dropdown-block_2fb6544f0edb75767f07610b78cc5377\">\n        <label for=\"wp-block-dropdown-block_2fb6544f0edb75767f07610b78cc5377\" class=\"dropdown-title\">\n                            <p>Zijn de percelen gearceerd?<\/p>\n                <i class=\"fa-solid fa-plus\"><\/i>\n                \n        <\/label>\n        <div class=\"dropdown-content\">\n            <div class=\"acf-innerblocks-container\">\n\n<p>Ja, de meeste van onze percelen zijn gearceerd.<\/p>\n\n<\/div>    \n        <\/div>\n    <\/div>\n<\/div>\n\n  \n<div class=\"wp-block-dropdown has-text-align-left align-content-top\" >  \n    <div class=\"dropdown-list-item\">\n        <input type=\"checkbox\" id=\"wp-block-dropdown-block_792e73375184ce352bc993c91d7f01af\">\n        <label for=\"wp-block-dropdown-block_792e73375184ce352bc993c91d7f01af\" class=\"dropdown-title\">\n                            <p>Zijn er hellingen op de camping?<\/p>\n                <i class=\"fa-solid fa-plus\"><\/i>\n                \n        <\/label>\n        <div class=\"dropdown-content\">\n            <div class=\"acf-innerblocks-container\">\n\n<p>Zone B en C zijn volledig vlak.<\/p>\n\n\n\n<p>Zone A heeft een helling; het is een terrasvormig gebied, ideaal voor tenten of kleine campers.<\/p>\n\n<\/div>    \n        <\/div>\n    <\/div>\n<\/div>\n\n  \n<div class=\"wp-block-dropdown has-text-align-left align-content-top\" >  \n    <div class=\"dropdown-list-item\">\n        <input type=\"checkbox\" id=\"wp-block-dropdown-block_0fac88a5d87b4efa63a955e5f633a0c3\">\n        <label for=\"wp-block-dropdown-block_0fac88a5d87b4efa63a955e5f633a0c3\" class=\"dropdown-title\">\n                            <p>Wat zijn de annuleringsvoorwaarden als ik een kampeerplaats reserveer?<\/p>\n                <i class=\"fa-solid fa-plus\"><\/i>\n                \n        <\/label>\n        <div class=\"dropdown-content\">\n            <div class=\"acf-innerblocks-container\">\n\n<p>Annulering 5 tot 3 weken voor aankomst: 60% van de aanbetaling wordt ingehouden.<\/p>\n\n\n\n<p>Annulering 2 weken voor aankomst: 100% van de aanbetaling wordt ingehouden.<\/p>\n\n\n\n<p>(Minimale annuleringskosten: \u20ac 20,00)<\/p>\n\n<\/div>    \n        <\/div>\n    <\/div>\n<\/div>\n\n  \n<div class=\"wp-block-dropdown has-text-align-left align-content-top\" >  \n    <div class=\"dropdown-list-item\">\n        <input type=\"checkbox\" id=\"wp-block-dropdown-block_7eb3bf48d92a000ed4559819a64fef96\">\n        <label for=\"wp-block-dropdown-block_7eb3bf48d92a000ed4559819a64fef96\" class=\"dropdown-title\">\n                            <p>Hoe kan ik een reservering annuleren?<\/p>\n                <i class=\"fa-solid fa-plus\"><\/i>\n                \n        <\/label>\n        <div class=\"dropdown-content\">\n            <div class=\"acf-innerblocks-container\">\n\n<p>Annuleringen moeten altijd schriftelijk worden ingediend via <a href=\"mailto:info@campingkims.com\">info@campingkims.com<\/a>.<\/p>\n\n\n\n<p>Het restitutiebeleid is afhankelijk van de annuleringsdatum.<\/p>\n\n<\/div>    \n        <\/div>\n    <\/div>\n<\/div><\/div>\n\n\n\n<div class=\"wp-block-column is-layout-flow wp-block-column-is-layout-flow\">\n<h3 class=\"wp-block-heading has-h-5-font-size\">ANTWOORDEN OP UW VRAGEN OVER KAMPEREN IN ACCOMMODATIES<\/h3>\n\n\n  \n<div class=\"wp-block-dropdown has-text-align-left align-content-top\" >  \n    <div class=\"dropdown-list-item\">\n        <input type=\"checkbox\" id=\"wp-block-dropdown-block_52aec6debe90f60a7e5c1d1e521b86f5\">\n        <label for=\"wp-block-dropdown-block_52aec6debe90f60a7e5c1d1e521b86f5\" class=\"dropdown-title\">\n                            <p>Is het nodig om accommodatie te reserveren?<\/p>\n                <i class=\"fa-solid fa-plus\"><\/i>\n                \n        <\/label>\n        <div class=\"dropdown-content\">\n            <div class=\"acf-innerblocks-container\">\n\n<p>Ja, altijd. Reserveren is verplicht.<\/p>\n\n\n\n<p>Reserveer online via <a href=\"http:\/\/www.campingkims.com\">www.campingkims.com<\/a><\/p>\n\n<\/div>    \n        <\/div>\n    <\/div>\n<\/div>\n\n  \n<div class=\"wp-block-dropdown has-text-align-left align-content-top\" >  \n    <div class=\"dropdown-list-item\">\n        <input type=\"checkbox\" id=\"wp-block-dropdown-block_d212ca28baaff4b98cdd3268f848dd75\">\n        <label for=\"wp-block-dropdown-block_d212ca28baaff4b98cdd3268f848dd75\" class=\"dropdown-title\">\n                            <p>Is er een borgsom vereist?<\/p>\n                <i class=\"fa-solid fa-plus\"><\/i>\n                \n        <\/label>\n        <div class=\"dropdown-content\">\n            <div class=\"acf-innerblocks-container\">\n\n<p>\u20ac130 voor eventuele schade of gebreken, \u20ac50 voor de schoonmaak als de accommodatie niet schoon en netjes wordt achtergelaten zoals bij aankomst, en \u20ac40 voor verloren sleutels en sleutelhangers.<\/p>\n\n\n\n<p>Bij aankomst vragen wij u om uw creditcardnummer te verstrekken. Dit nummer wordt uitsluitend gebruikt om eventuele schade of ontbrekende spullen in uw accommodatie tijdens uw verblijf te vergoeden. Wij belasten uw kaart niet op onze camping; wij bewaren alleen het kaartnummer.<\/p>\n\n\n\n<p>Aan het einde van uw verblijf, wanneer wij de accommodatie samen met u controleren, zullen wij geen bedrag van uw kaart afschrijven als alles schoon, netjes en in goede staat is en er niets ontbreekt.<\/p>\n\n\n\n<p>U kunt ervoor kiezen om een \u200b\u200beindschoonmaakservice aan te vragen voor \u20ac50.<\/p>\n\n<\/div>    \n        <\/div>\n    <\/div>\n<\/div>\n\n  \n<div class=\"wp-block-dropdown has-text-align-left align-content-top\" >  \n    <div class=\"dropdown-list-item\">\n        <input type=\"checkbox\" id=\"wp-block-dropdown-block_d3536932294bc580c88ff491614dc66c\">\n        <label for=\"wp-block-dropdown-block_d3536932294bc580c88ff491614dc66c\" class=\"dropdown-title\">\n                            <p>Wat is het betalingsbeleid?<\/p>\n                <i class=\"fa-solid fa-plus\"><\/i>\n                \n        <\/label>\n        <div class=\"dropdown-content\">\n            <div class=\"acf-innerblocks-container\">\n\n<p>Na bevestiging van de reservering met een aanbetaling van 40%, dient de resterende 60% bij aankomst te worden voldaan.<\/p>\n\n<\/div>    \n        <\/div>\n    <\/div>\n<\/div>\n\n  \n<div class=\"wp-block-dropdown has-text-align-left align-content-top\" >  \n    <div class=\"dropdown-list-item\">\n        <input type=\"checkbox\" id=\"wp-block-dropdown-block_699a392f06f2d8b1f4668d278f6563d6\">\n        <label for=\"wp-block-dropdown-block_699a392f06f2d8b1f4668d278f6563d6\" class=\"dropdown-title\">\n                            <p>Wat zijn de in en uitchecktijden?<\/p>\n                <i class=\"fa-solid fa-plus\"><\/i>\n                \n        <\/label>\n        <div class=\"dropdown-content\">\n            <div class=\"acf-innerblocks-container\">\n\n<p>Inchecken kan vanaf 16:00 uur.<\/p>\n\n\n\n<p>Uitchecken kan v\u00f3\u00f3r 11:00 uur.<\/p>\n\n<\/div>    \n        <\/div>\n    <\/div>\n<\/div>\n\n  \n<div class=\"wp-block-dropdown has-text-align-left align-content-top\" >  \n    <div class=\"dropdown-list-item\">\n        <input type=\"checkbox\" id=\"wp-block-dropdown-block_c935ff1f388af671c53de39e141e1ef5\">\n        <label for=\"wp-block-dropdown-block_c935ff1f388af671c53de39e141e1ef5\" class=\"dropdown-title\">\n                            <p>Ik ben van plan na 22:00 uur aan te komen, wat moet ik doen?<\/p>\n                <i class=\"fa-solid fa-plus\"><\/i>\n                \n        <\/label>\n        <div class=\"dropdown-content\">\n            <div class=\"acf-innerblocks-container\">\n\n<p>Voor aankomsten na 22:00 uur verzoeken wij u ons vooraf telefonisch of per e-mail op de hoogte te stellen. Wij zullen de sleutels achterlaten bij de nachtwaker, aan wie u uw documenten dient te overhandigen. Hij zal u vervolgens naar uw accommodatie begeleiden. De volgende ochtend kunt u zich bij de receptie melden om uw documenten op te halen en in te checken.<\/p>\n\n<\/div>    \n        <\/div>\n    <\/div>\n<\/div>\n\n  \n<div class=\"wp-block-dropdown has-text-align-left align-content-top\" >  \n    <div class=\"dropdown-list-item\">\n        <input type=\"checkbox\" id=\"wp-block-dropdown-block_130b06a2bef949f4ddf53c883c4b9f3f\">\n        <label for=\"wp-block-dropdown-block_130b06a2bef949f4ddf53c883c4b9f3f\" class=\"dropdown-title\">\n                            <p>Is het mogelijk om v\u00f3\u00f3r de geplande inchecktijd bij de accommodatie aan te komen?<\/p>\n                <i class=\"fa-solid fa-plus\"><\/i>\n                \n        <\/label>\n        <div class=\"dropdown-content\">\n            <div class=\"acf-innerblocks-container\">\n\n<p>De inchecktijd is vanaf 16:00 uur. Als u echter optimaal van de dag wilt genieten, kunt u eerder aankomen, inchecken en gebruikmaken van de faciliteiten van de camping. Uw accommodatie is dan wel beschikbaar vanaf 16:00 uur.<\/p>\n\n<\/div>    \n        <\/div>\n    <\/div>\n<\/div>\n\n  \n<div class=\"wp-block-dropdown has-text-align-left align-content-top\" >  \n    <div class=\"dropdown-list-item\">\n        <input type=\"checkbox\" id=\"wp-block-dropdown-block_18da7a9b4bcd7cd55e6887b98477646f\">\n        <label for=\"wp-block-dropdown-block_18da7a9b4bcd7cd55e6887b98477646f\" class=\"dropdown-title\">\n                            <p>Is het mogelijk om later uit te checken dan de geplande inchecktijd? Is een late uitcheck mogelijk?<\/p>\n                <i class=\"fa-solid fa-plus\"><\/i>\n                \n        <\/label>\n        <div class=\"dropdown-content\">\n            <div class=\"acf-innerblocks-container\">\n\n<p>De uitchecktijd is v\u00f3\u00f3r 11:00 uur.<\/p>\n\n\n\n<p>Tijdens het laag en middenseizoen kunnen we flexibeler zijn. Als uw accommodatie niet opnieuw wordt geboekt, kunt u een late uitcheck boeken en tot uiterlijk 18:00 uur blijven.<\/p>\n\n\n\n<p>Informeer bij de receptie naar de tarieven en beschikbaarheid op uw vertrekdag.<\/p>\n\n\n\n<p>Tijdens het hoogseizoen bieden we geen late uitcheckservice aan.<\/p>\n\n<\/div>    \n        <\/div>\n    <\/div>\n<\/div>\n\n  \n<div class=\"wp-block-dropdown has-text-align-left align-content-top\" >  \n    <div class=\"dropdown-list-item\">\n        <input type=\"checkbox\" id=\"wp-block-dropdown-block_72b6bbd676aacbd7f99451c04163f703\">\n        <label for=\"wp-block-dropdown-block_72b6bbd676aacbd7f99451c04163f703\" class=\"dropdown-title\">\n                            <p>Wat zijn de annuleringsvoorwaarden als ik een accommodatie boek?<\/p>\n                <i class=\"fa-solid fa-plus\"><\/i>\n                \n        <\/label>\n        <div class=\"dropdown-content\">\n            <div class=\"acf-innerblocks-container\">\n\n<p>Inhouding aanbetaling:<\/p>\n\n\n\n<p>\u2013 8\u20137 weken voor aankomst\u202630%<\/p>\n\n\n\n<p>\u2013 6 weken voor aankomst\u202645%<\/p>\n\n\n\n<p>\u2013 5\u20133 weken voor aankomst\u202660%<\/p>\n\n\n\n<p>\u2013 2 weken voor aankomst\u2026100%<\/p>\n\n\n\n<p>(Minimale inhouding bij annulering: 20,00\u20ac)<\/p>\n\n<\/div>    \n        <\/div>\n    <\/div>\n<\/div>\n\n  \n<div class=\"wp-block-dropdown has-text-align-left align-content-top\" >  \n    <div class=\"dropdown-list-item\">\n        <input type=\"checkbox\" id=\"wp-block-dropdown-block_7eb3bf48d92a000ed4559819a64fef96\">\n        <label for=\"wp-block-dropdown-block_7eb3bf48d92a000ed4559819a64fef96\" class=\"dropdown-title\">\n                            <p>Hoe kan ik een reservering annuleren?<\/p>\n                <i class=\"fa-solid fa-plus\"><\/i>\n                \n        <\/label>\n        <div class=\"dropdown-content\">\n            <div class=\"acf-innerblocks-container\">\n\n<p>Annuleringen moeten altijd schriftelijk worden ingediend via info@campingkims.com.<\/p>\n\n\n\n<p>Het restitutiebeleid is afhankelijk van de annuleringsdatum.<\/p>\n\n<\/div>    \n        <\/div>\n    <\/div>\n<\/div>\n\n  \n<div class=\"wp-block-dropdown has-text-align-left align-content-top\" >  \n    <div class=\"dropdown-list-item\">\n        <input type=\"checkbox\" id=\"wp-block-dropdown-block_7960978110a8116668f4a7944d69e3d1\">\n        <label for=\"wp-block-dropdown-block_7960978110a8116668f4a7944d69e3d1\" class=\"dropdown-title\">\n                            <p>Wat is er inbegrepen bij de accommodatie?<\/p>\n                <i class=\"fa-solid fa-plus\"><\/i>\n                \n        <\/label>\n        <div class=\"dropdown-content\">\n            <div class=\"acf-innerblocks-container\">\n\n<p>Onze accommodaties zijn voorzien van alle benodigde keukenbenodigdheden, een televisie, airconditioning of ventilatoren en verwarming.<\/p>\n\n<\/div>    \n        <\/div>\n    <\/div>\n<\/div>\n\n  \n<div class=\"wp-block-dropdown has-text-align-left align-content-top\" >  \n    <div class=\"dropdown-list-item\">\n        <input type=\"checkbox\" id=\"wp-block-dropdown-block_c45abb9727028f56d321beb14be7f0eb\">\n        <label for=\"wp-block-dropdown-block_c45abb9727028f56d321beb14be7f0eb\" class=\"dropdown-title\">\n                            <p>Zijn lakens en handdoeken inbegrepen?<\/p>\n                <i class=\"fa-solid fa-plus\"><\/i>\n                \n        <\/label>\n        <div class=\"dropdown-content\">\n            <div class=\"acf-innerblocks-container\">\n\n<p>Ja. Beddengoed en handdoeken zijn aanwezig (worden wekelijks verschoond).<\/p>\n\n<\/div>    \n        <\/div>\n    <\/div>\n<\/div>\n\n  \n<div class=\"wp-block-dropdown has-text-align-left align-content-top\" >  \n    <div class=\"dropdown-list-item\">\n        <input type=\"checkbox\" id=\"wp-block-dropdown-block_3c79a5fc3f65361af7ee56bcbbd0f88f\">\n        <label for=\"wp-block-dropdown-block_3c79a5fc3f65361af7ee56bcbbd0f88f\" class=\"dropdown-title\">\n                            <p>Mogen we nog een persoon meenemen, zelfs een baby, als we daarmee het maximale aantal personen in de accommodatie overschrijden?<\/p>\n                <i class=\"fa-solid fa-plus\"><\/i>\n                \n        <\/label>\n        <div class=\"dropdown-content\">\n            <div class=\"acf-innerblocks-container\">\n\n<p>NEE. Het overschrijden van het maximale aantal personen in de accommodatie is ten strengste verboden.<\/p>\n\n<\/div>    \n        <\/div>\n    <\/div>\n<\/div>\n\n  \n<div class=\"wp-block-dropdown has-text-align-left align-content-top\" >  \n    <div class=\"dropdown-list-item\">\n        <input type=\"checkbox\" id=\"wp-block-dropdown-block_4d1313fd23fc99c0a8ee658eb59db5f7\">\n        <label for=\"wp-block-dropdown-block_4d1313fd23fc99c0a8ee658eb59db5f7\" class=\"dropdown-title\">\n                            <p>Kan ik een kinderbedje en een kinderstoel huren?<\/p>\n                <i class=\"fa-solid fa-plus\"><\/i>\n                \n        <\/label>\n        <div class=\"dropdown-content\">\n            <div class=\"acf-innerblocks-container\">\n\n<p>Ja, u dient hiervoor te reserveren door een e-mail te sturen naar <a href=\"mailto:info@campingkims.com\">info@campingkims.com<\/a>.<\/p>\n\n\n\n<p>Wij bevestigen uw reservering vervolgens per e-mail.<\/p>\n\n<\/div>    \n        <\/div>\n    <\/div>\n<\/div>\n\n  \n<div class=\"wp-block-dropdown has-text-align-left align-content-top\" >  \n    <div class=\"dropdown-list-item\">\n        <input type=\"checkbox\" id=\"wp-block-dropdown-block_4d6c8082b7a39a37bbd157fe4e503191\">\n        <label for=\"wp-block-dropdown-block_4d6c8082b7a39a37bbd157fe4e503191\" class=\"dropdown-title\">\n                            <p>Wat moet ik doen als ik buiten de openingstijden van de receptie wil uitchecken?<\/p>\n                <i class=\"fa-solid fa-plus\"><\/i>\n                \n        <\/label>\n        <div class=\"dropdown-content\">\n            <div class=\"acf-innerblocks-container\">\n\n<p>Gelieve de receptie van tevoren te informeren als u v\u00f3\u00f3r 8:00 uur &#8217;s ochtends wilt vertrekken.<\/p>\n\n\n\n<p>Onze receptionisten zullen u de nodige instructies geven.<\/p>\n\n\n\n<p>Houd er rekening mee dat u niet met de auto kunt vertrekken v\u00f3\u00f3r 8:00 uur &#8217;s ochtends. Als u eerder wilt vertrekken, dient u uw auto de dag ervoor, v\u00f3\u00f3r middernacht, buiten te parkeren.<\/p>\n\n<\/div>    \n        <\/div>\n    <\/div>\n<\/div><\/div>\n<\/div>\n","protected":false},"excerpt":{"rendered":"<p>ANTWOORDEN OP UW VRAGEN OVER KAMPEREN ANTWOORDEN OP UW VRAGEN OVER KAMPEERPLAATSEN. ANTWOORDEN OP UW VRAGEN OVER KAMPEREN IN ACCOMMODATIES<\/p>\n","protected":false},"author":2,"featured_media":0,"parent":0,"menu_order":11,"comment_status":"closed","ping_status":"closed","template":"","meta":{"_acf_changed":false,"inline_featured_image":false,"footnotes":""},"class_list":["post-9436","page","type-page","status-publish","hentry"],"acf":[],"yoast_head":"<!-- This site is optimized with the Yoast SEO plugin v23.5 - https:\/\/yoast.com\/wordpress\/plugins\/seo\/ -->\n<title>FAQ&#039;S - Camping Kim&#039;s Llafranc<\/title>\n<meta name=\"description\" content=\"FAQ&#039;S Veelgestelde vragen ANTWOORDEN OP UW VRAGEN OVER KAMPEREN Avinguda del Mar Km2 17211 LLAFRANC GPS: N 41\u00ba 53.55\u2019 6\u2019\u2019 \u2013 E 3\u00ba 11.08\u2019 09\u2019\u2019 Van 8:00 tot\" \/>\n<meta name=\"robots\" content=\"index, follow, max-snippet:-1, max-image-preview:large, max-video-preview:-1\" \/>\n<link rel=\"canonical\" href=\"https:\/\/www.campingkims.com\/nl\/faqs\/\" \/>\n<meta property=\"og:locale\" content=\"nl_NL\" \/>\n<meta property=\"og:type\" content=\"article\" \/>\n<meta property=\"og:title\" content=\"FAQ&#039;S - Camping Kim&#039;s Llafranc\" \/>\n<meta property=\"og:description\" content=\"FAQ&#039;S Veelgestelde vragen ANTWOORDEN OP UW VRAGEN OVER KAMPEREN Avinguda del Mar Km2 17211 LLAFRANC GPS: N 41\u00ba 53.55\u2019 6\u2019\u2019 \u2013 E 3\u00ba 11.08\u2019 09\u2019\u2019 Van 8:00 tot\" \/>\n<meta property=\"og:url\" content=\"https:\/\/www.campingkims.com\/nl\/faqs\/\" \/>\n<meta property=\"og:site_name\" content=\"Camping Kim&#039;s Llafranc\" \/>\n<meta property=\"article:modified_time\" content=\"2026-03-13T12:37:10+00:00\" \/>\n<meta property=\"og:image\" content=\"http:\/\/www.campingkims.com\/wp-content\/uploads\/serveis-19.webp\" \/>\n<meta name=\"twitter:card\" content=\"summary_large_image\" \/>\n<meta name=\"twitter:label1\" content=\"Geschatte leestijd\" \/>\n\t<meta name=\"twitter:data1\" content=\"14 minuten\" \/>\n<script type=\"application\/ld+json\" class=\"yoast-schema-graph\">{\"@context\":\"https:\/\/schema.org\",\"@graph\":[{\"@type\":\"WebPage\",\"@id\":\"https:\/\/www.campingkims.com\/nl\/faqs\/\",\"url\":\"https:\/\/www.campingkims.com\/nl\/faqs\/\",\"name\":\"FAQ'S - Camping Kim&#039;s Llafranc\",\"isPartOf\":{\"@id\":\"https:\/\/www.campingkims.com\/nl\/#website\"},\"primaryImageOfPage\":{\"@id\":\"https:\/\/www.campingkims.com\/nl\/faqs\/#primaryimage\"},\"image\":{\"@id\":\"https:\/\/www.campingkims.com\/nl\/faqs\/#primaryimage\"},\"thumbnailUrl\":\"http:\/\/www.campingkims.com\/wp-content\/uploads\/serveis-19.webp\",\"datePublished\":\"2023-08-21T14:02:03+00:00\",\"dateModified\":\"2026-03-13T12:37:10+00:00\",\"description\":\"FAQ'S Veelgestelde vragen ANTWOORDEN OP UW VRAGEN OVER KAMPEREN Avinguda del Mar Km2 17211 LLAFRANC GPS: N 41\u00ba 53.55\u2019 6\u2019\u2019 \u2013 E 3\u00ba 11.08\u2019 09\u2019\u2019 Van 8:00 tot\",\"breadcrumb\":{\"@id\":\"https:\/\/www.campingkims.com\/nl\/faqs\/#breadcrumb\"},\"inLanguage\":\"nl-NL\",\"potentialAction\":[{\"@type\":\"ReadAction\",\"target\":[\"https:\/\/www.campingkims.com\/nl\/faqs\/\"]}]},{\"@type\":\"ImageObject\",\"inLanguage\":\"nl-NL\",\"@id\":\"https:\/\/www.campingkims.com\/nl\/faqs\/#primaryimage\",\"url\":\"http:\/\/www.campingkims.com\/wp-content\/uploads\/serveis-19.webp\",\"contentUrl\":\"http:\/\/www.campingkims.com\/wp-content\/uploads\/serveis-19.webp\"},{\"@type\":\"BreadcrumbList\",\"@id\":\"https:\/\/www.campingkims.com\/nl\/faqs\/#breadcrumb\",\"itemListElement\":[{\"@type\":\"ListItem\",\"position\":1,\"name\":\"Portada\",\"item\":\"https:\/\/www.campingkims.com\/nl\/\"},{\"@type\":\"ListItem\",\"position\":2,\"name\":\"FAQ&#8217;S\"}]},{\"@type\":\"WebSite\",\"@id\":\"https:\/\/www.campingkims.com\/nl\/#website\",\"url\":\"https:\/\/www.campingkims.com\/nl\/\",\"name\":\"Camping Kim's Llafranc\",\"description\":\"Kim&#039;s Camping Caravaning &amp; Bungalow Park\",\"publisher\":{\"@id\":\"https:\/\/www.campingkims.com\/nl\/#organization\"},\"potentialAction\":[{\"@type\":\"SearchAction\",\"target\":{\"@type\":\"EntryPoint\",\"urlTemplate\":\"https:\/\/www.campingkims.com\/nl\/?s={search_term_string}\"},\"query-input\":{\"@type\":\"PropertyValueSpecification\",\"valueRequired\":true,\"valueName\":\"search_term_string\"}}],\"inLanguage\":\"nl-NL\"},{\"@type\":\"Organization\",\"@id\":\"https:\/\/www.campingkims.com\/nl\/#organization\",\"name\":\"Camping Kim's Llafranc\",\"url\":\"https:\/\/www.campingkims.com\/nl\/\",\"logo\":{\"@type\":\"ImageObject\",\"inLanguage\":\"nl-NL\",\"@id\":\"https:\/\/www.campingkims.com\/nl\/#\/schema\/logo\/image\/\",\"url\":\"https:\/\/www.campingkims.com\/wp-content\/uploads\/logo-camping-kims-llafranc-costa-brava.png\",\"contentUrl\":\"https:\/\/www.campingkims.com\/wp-content\/uploads\/logo-camping-kims-llafranc-costa-brava.png\",\"width\":537,\"height\":257,\"caption\":\"Camping Kim's Llafranc\"},\"image\":{\"@id\":\"https:\/\/www.campingkims.com\/nl\/#\/schema\/logo\/image\/\"}}]}<\/script>\n<!-- \/ Yoast SEO plugin. -->","yoast_head_json":{"title":"FAQ'S - Camping Kim&#039;s Llafranc","description":"FAQ'S Veelgestelde vragen ANTWOORDEN OP UW VRAGEN OVER KAMPEREN Avinguda del Mar Km2 17211 LLAFRANC GPS: N 41\u00ba 53.55\u2019 6\u2019\u2019 \u2013 E 3\u00ba 11.08\u2019 09\u2019\u2019 Van 8:00 tot","robots":{"index":"index","follow":"follow","max-snippet":"max-snippet:-1","max-image-preview":"max-image-preview:large","max-video-preview":"max-video-preview:-1"},"canonical":"https:\/\/www.campingkims.com\/nl\/faqs\/","og_locale":"nl_NL","og_type":"article","og_title":"FAQ'S - Camping Kim&#039;s Llafranc","og_description":"FAQ'S Veelgestelde vragen ANTWOORDEN OP UW VRAGEN OVER KAMPEREN Avinguda del Mar Km2 17211 LLAFRANC GPS: N 41\u00ba 53.55\u2019 6\u2019\u2019 \u2013 E 3\u00ba 11.08\u2019 09\u2019\u2019 Van 8:00 tot","og_url":"https:\/\/www.campingkims.com\/nl\/faqs\/","og_site_name":"Camping Kim&#039;s Llafranc","article_modified_time":"2026-03-13T12:37:10+00:00","og_image":[{"url":"http:\/\/www.campingkims.com\/wp-content\/uploads\/serveis-19.webp"}],"twitter_card":"summary_large_image","twitter_misc":{"Geschatte leestijd":"14 minuten"},"schema":{"@context":"https:\/\/schema.org","@graph":[{"@type":"WebPage","@id":"https:\/\/www.campingkims.com\/nl\/faqs\/","url":"https:\/\/www.campingkims.com\/nl\/faqs\/","name":"FAQ'S - Camping Kim&#039;s Llafranc","isPartOf":{"@id":"https:\/\/www.campingkims.com\/nl\/#website"},"primaryImageOfPage":{"@id":"https:\/\/www.campingkims.com\/nl\/faqs\/#primaryimage"},"image":{"@id":"https:\/\/www.campingkims.com\/nl\/faqs\/#primaryimage"},"thumbnailUrl":"http:\/\/www.campingkims.com\/wp-content\/uploads\/serveis-19.webp","datePublished":"2023-08-21T14:02:03+00:00","dateModified":"2026-03-13T12:37:10+00:00","description":"FAQ'S Veelgestelde vragen ANTWOORDEN OP UW VRAGEN OVER KAMPEREN Avinguda del Mar Km2 17211 LLAFRANC GPS: N 41\u00ba 53.55\u2019 6\u2019\u2019 \u2013 E 3\u00ba 11.08\u2019 09\u2019\u2019 Van 8:00 tot","breadcrumb":{"@id":"https:\/\/www.campingkims.com\/nl\/faqs\/#breadcrumb"},"inLanguage":"nl-NL","potentialAction":[{"@type":"ReadAction","target":["https:\/\/www.campingkims.com\/nl\/faqs\/"]}]},{"@type":"ImageObject","inLanguage":"nl-NL","@id":"https:\/\/www.campingkims.com\/nl\/faqs\/#primaryimage","url":"http:\/\/www.campingkims.com\/wp-content\/uploads\/serveis-19.webp","contentUrl":"http:\/\/www.campingkims.com\/wp-content\/uploads\/serveis-19.webp"},{"@type":"BreadcrumbList","@id":"https:\/\/www.campingkims.com\/nl\/faqs\/#breadcrumb","itemListElement":[{"@type":"ListItem","position":1,"name":"Portada","item":"https:\/\/www.campingkims.com\/nl\/"},{"@type":"ListItem","position":2,"name":"FAQ&#8217;S"}]},{"@type":"WebSite","@id":"https:\/\/www.campingkims.com\/nl\/#website","url":"https:\/\/www.campingkims.com\/nl\/","name":"Camping Kim's Llafranc","description":"Kim&#039;s Camping Caravaning &amp; Bungalow Park","publisher":{"@id":"https:\/\/www.campingkims.com\/nl\/#organization"},"potentialAction":[{"@type":"SearchAction","target":{"@type":"EntryPoint","urlTemplate":"https:\/\/www.campingkims.com\/nl\/?s={search_term_string}"},"query-input":{"@type":"PropertyValueSpecification","valueRequired":true,"valueName":"search_term_string"}}],"inLanguage":"nl-NL"},{"@type":"Organization","@id":"https:\/\/www.campingkims.com\/nl\/#organization","name":"Camping Kim's Llafranc","url":"https:\/\/www.campingkims.com\/nl\/","logo":{"@type":"ImageObject","inLanguage":"nl-NL","@id":"https:\/\/www.campingkims.com\/nl\/#\/schema\/logo\/image\/","url":"https:\/\/www.campingkims.com\/wp-content\/uploads\/logo-camping-kims-llafranc-costa-brava.png","contentUrl":"https:\/\/www.campingkims.com\/wp-content\/uploads\/logo-camping-kims-llafranc-costa-brava.png","width":537,"height":257,"caption":"Camping Kim's Llafranc"},"image":{"@id":"https:\/\/www.campingkims.com\/nl\/#\/schema\/logo\/image\/"}}]}},"_links":{"self":[{"href":"https:\/\/www.campingkims.com\/nl\/wp-json\/wp\/v2\/pages\/9436"}],"collection":[{"href":"https:\/\/www.campingkims.com\/nl\/wp-json\/wp\/v2\/pages"}],"about":[{"href":"https:\/\/www.campingkims.com\/nl\/wp-json\/wp\/v2\/types\/page"}],"author":[{"embeddable":true,"href":"https:\/\/www.campingkims.com\/nl\/wp-json\/wp\/v2\/users\/2"}],"replies":[{"embeddable":true,"href":"https:\/\/www.campingkims.com\/nl\/wp-json\/wp\/v2\/comments?post=9436"}],"version-history":[{"count":5,"href":"https:\/\/www.campingkims.com\/nl\/wp-json\/wp\/v2\/pages\/9436\/revisions"}],"predecessor-version":[{"id":9526,"href":"https:\/\/www.campingkims.com\/nl\/wp-json\/wp\/v2\/pages\/9436\/revisions\/9526"}],"wp:attachment":[{"href":"https:\/\/www.campingkims.com\/nl\/wp-json\/wp\/v2\/media?parent=9436"}],"curies":[{"name":"wp","href":"https:\/\/api.w.org\/{rel}","templated":true}]}}